{"id":37275,"date":"2026-08-17T22:10:00","date_gmt":"2026-08-17T20:10:00","guid":{"rendered":"https:\/\/marcinkrokowski.com\/portfolio\/rcl-jubilaeum-gesetzgebungsreferendariat\/"},"modified":"2026-08-17T22:10:00","modified_gmt":"2026-08-17T20:10:00","slug":"rcl-jubilaeum-gesetzgebungsreferendariat","status":"publish","type":"portfolio","link":"https:\/\/marcinkrokowski.com\/de\/portfolio\/rcl-jubilaeum-gesetzgebungsreferendariat\/","title":{"rendered":"Fotobericht von einer Konferenz: 30-j\u00e4hriges Jubil\u00e4um des Gesetzgebungsreferendariats im RCL"},"content":{"rendered":"\n<div class=\"wp-block-stackable-columns stk-block-columns stk-block stk-cf7cd54 stk-block-background\" data-block-id=\"cf7cd54\" data-block-type=\"core\" data-block-type=\"core\"><style>.stk-cf7cd54 {background-color:var(--bg-secondary) !important;border-top-left-radius:12px !important;border-top-right-radius:12px !important;border-bottom-right-radius:12px !important;border-bottom-left-radius:12px !important;overflow:hidden !important;box-shadow:5px 10px 30px 0px #0000004f !important;border-style:solid !important;border-top-width:1px !important;border-right-width:1px !important;border-bottom-width:1px !important;border-left-width:1px !important;min-height:200px !important;align-items:flex-start !important;max-width:900px !important;min-width:auto !important;margin-bottom:40px !important;display:flex !important;}.stk-cf7cd54:before{background-color:var(--bg-secondary) !important;}.stk-cf7cd54-column{max-width:900px !important;min-width:auto !important;margin-right:auto !important;margin-left:auto !important;}<\/style><div class=\"stk-row stk-inner-blocks stk-block-content stk-content-align stk-cf7cd54-column\">\n<div class=\"wp-block-stackable-column stk-block-column stk-column stk-block stk-c5cce51\" data-v=\"4\" data-block-id=\"c5cce51\"><div class=\"stk-column-wrapper stk-block-column__content stk-container stk-c5cce51-container stk--no-background stk--no-padding\"><div class=\"stk-block-content stk-inner-blocks stk-c5cce51-inner-blocks\">\n<div class=\"wp-block-stackable-icon-list stk-block-icon-list stk-block stk-3254369\" data-block-id=\"3254369\"><style>.stk-3254369 .stk-block-icon-list-item__content{align-items:baseline !important;}@media screen and (max-width: 1023px){.stk-3254369 .stk-block-icon-list-item__content{align-items:baseline !important;}}@media screen and (max-width: 767px){.stk-3254369 .stk-block-icon-list-item__content{align-items:baseline !important;}}<\/style><svg style=\"display:none\"><defs><g id=\"stk-icon-list__icon-svg-def-3254369\"><svg xmlns=\"http:\/\/www.w3.org\/2000\/svg\" viewBox=\"0 0 190 190\"><polygon points=\"173.8,28.4 60.4,141.8 15.7,97.2 5.1,107.8 60.4,163 184.4,39 173.8,28.4\"\/><\/svg><\/g><\/defs><\/svg><ul class=\"stk-block-icon-list__ul stk-block-icon-list--column\">\n<li class=\"wp-block-stackable-icon-list-item stk-block-icon-list-item stk-block stk-e672d85\" data-block-id=\"e672d85\"><div class=\"stk-block-icon-list-item__content\"><span class=\"stk--svg-wrapper\"><div class=\"stk--inner-svg\"><svg xmlns=\"http:\/\/www.w3.org\/2000\/svg\" viewbox=\"0 0 384 512\" aria-hidden=\"true\" width=\"32\" height=\"32\"><path d=\"M64 48c-8.8 0-16 7.2-16 16V448c0 8.8 7.2 16 16 16h80V400c0-26.5 21.5-48 48-48s48 21.5 48 48v64h80c8.8 0 16-7.2 16-16V64c0-8.8-7.2-16-16-16H64zM0 64C0 28.7 28.7 0 64 0H320c35.3 0 64 28.7 64 64V448c0 35.3-28.7 64-64 64H64c-35.3 0-64-28.7-64-64V64zm88 40c0-8.8 7.2-16 16-16h48c8.8 0 16 7.2 16 16v48c0 8.8-7.2 16-16 16H104c-8.8 0-16-7.2-16-16V104zM232 88h48c8.8 0 16 7.2 16 16v48c0 8.8-7.2 16-16 16H232c-8.8 0-16-7.2-16-16V104c0-8.8 7.2-16 16-16zM88 232c0-8.8 7.2-16 16-16h48c8.8 0 16 7.2 16 16v48c0 8.8-7.2 16-16 16H104c-8.8 0-16-7.2-16-16V232zm144-16h48c8.8 0 16 7.2 16 16v48c0 8.8-7.2 16-16 16H232c-8.8 0-16-7.2-16-16V232c0-8.8 7.2-16 16-16z\"><\/path><\/svg><\/div><\/span><span class=\"stk-block-icon-list-item__text\"><strong>Kunde:<\/strong> <\/span><\/div><\/li>\n\n\n\n<li class=\"wp-block-stackable-icon-list-item stk-block-icon-list-item stk-block stk-1052ef5\" data-block-id=\"1052ef5\"><div class=\"stk-block-icon-list-item__content\"><span class=\"stk--svg-wrapper\"><div class=\"stk--inner-svg\"><svg xmlns=\"http:\/\/www.w3.org\/2000\/svg\" viewbox=\"0 0 576 512\" aria-hidden=\"true\" width=\"32\" height=\"32\"><path d=\"M264.5 5.2c14.9-6.9 32.1-6.9 47 0l218.6 101c8.5 3.9 13.9 12.4 13.9 21.8s-5.4 17.9-13.9 21.8l-218.6 101c-14.9 6.9-32.1 6.9-47 0L45.9 149.8C37.4 145.8 32 137.3 32 128s5.4-17.9 13.9-21.8L264.5 5.2zM476.9 209.6l53.2 24.6c8.5 3.9 13.9 12.4 13.9 21.8s-5.4 17.9-13.9 21.8l-218.6 101c-14.9 6.9-32.1 6.9-47 0L45.9 277.8C37.4 273.8 32 265.3 32 256s5.4-17.9 13.9-21.8l53.2-24.6 152 70.2c23.4 10.8 50.4 10.8 73.8 0l152-70.2zm-152 198.2l152-70.2 53.2 24.6c8.5 3.9 13.9 12.4 13.9 21.8s-5.4 17.9-13.9 21.8l-218.6 101c-14.9 6.9-32.1 6.9-47 0L45.9 405.8C37.4 401.8 32 393.3 32 384s5.4-17.9 13.9-21.8l53.2-24.6 152 70.2c23.4 10.8 50.4 10.8 73.8 0z\"><\/path><\/svg><\/div><\/span><span class=\"stk-block-icon-list-item__text\"><strong>Art der Veranstaltung:<\/strong> <a href=\"https:\/\/marcinkrokowski.com\/de\/kategoria-portfolio\/konferenzen\/\">Konferencje<\/a><\/span><\/div><\/li>\n\n\n\n<li class=\"wp-block-stackable-icon-list-item stk-block-icon-list-item stk-block stk-c0979fd\" data-block-id=\"c0979fd\"><div class=\"stk-block-icon-list-item__content\"><span class=\"stk--svg-wrapper\"><div class=\"stk--inner-svg\"><svg xmlns=\"http:\/\/www.w3.org\/2000\/svg\" viewbox=\"0 0 448 512\" aria-hidden=\"true\" width=\"32\" height=\"32\"><path d=\"M152 24c0-13.3-10.7-24-24-24s-24 10.7-24 24V64H64C28.7 64 0 92.7 0 128v16 48V448c0 35.3 28.7 64 64 64H384c35.3 0 64-28.7 64-64V192 144 128c0-35.3-28.7-64-64-64H344V24c0-13.3-10.7-24-24-24s-24 10.7-24 24V64H152V24zM48 192H400V448c0 8.8-7.2 16-16 16H64c-8.8 0-16-7.2-16-16V192z\"><\/path><\/svg><\/div><\/span><span class=\"stk-block-icon-list-item__text\"><strong>Datum des Ereignisses:<\/strong> <\/span><\/div><\/li>\n\n\n\n<li class=\"wp-block-stackable-icon-list-item stk-block-icon-list-item stk-block stk-d7db120\" data-block-id=\"d7db120\"><div class=\"stk-block-icon-list-item__content\"><span class=\"stk--svg-wrapper\"><div class=\"stk--inner-svg\"><svg xmlns=\"http:\/\/www.w3.org\/2000\/svg\" viewbox=\"0 0 384 512\" aria-hidden=\"true\" width=\"32\" height=\"32\"><path d=\"M215.7 499.2C267 435 384 279.4 384 192C384 86 298 0 192 0S0 86 0 192c0 87.4 117 243 168.3 307.2c12.3 15.3 35.1 15.3 47.4 0zM192 128a64 64 0 1 1 0 128 64 64 0 1 1 0-128z\"><\/path><\/svg><\/div><\/span><span class=\"stk-block-icon-list-item__text\"><strong>Standort:<\/strong> <\/span><\/div><\/li>\n\n\n\n<li class=\"wp-block-stackable-icon-list-item stk-block-icon-list-item stk-block stk-f9abdaf\" data-block-id=\"f9abdaf\"><div class=\"stk-block-icon-list-item__content\"><span class=\"stk--svg-wrapper\"><div class=\"stk--inner-svg\"><svg xmlns=\"http:\/\/www.w3.org\/2000\/svg\" viewbox=\"0 0 448 512\" aria-hidden=\"true\" width=\"32\" height=\"32\"><path d=\"M176 0c-17.7 0-32 14.3-32 32s14.3 32 32 32h16V98.4C92.3 113.8 16 200 16 304c0 114.9 93.1 208 208 208s208-93.1 208-208c0-41.8-12.3-80.7-33.5-113.2l24.1-24.1c12.5-12.5 12.5-32.8 0-45.3s-32.8-12.5-45.3 0L355.7 143c-28.1-23-62.2-38.8-99.7-44.6V64h16c17.7 0 32-14.3 32-32s-14.3-32-32-32H224 176zm72 192V320c0 13.3-10.7 24-24 24s-24-10.7-24-24V192c0-13.3 10.7-24 24-24s24 10.7 24 24z\"><\/path><\/svg><\/div><\/span><span class=\"stk-block-icon-list-item__text\"><strong>Dauer der Reportage:<\/strong> <\/span><\/div><\/li>\n\n\n\n<li class=\"wp-block-stackable-icon-list-item stk-block-icon-list-item stk-block stk-be1686d\" data-block-id=\"be1686d\"><div class=\"stk-block-icon-list-item__content\"><span class=\"stk--svg-wrapper\"><div class=\"stk--inner-svg\"><svg xmlns=\"http:\/\/www.w3.org\/2000\/svg\" viewbox=\"0 0 576 512\" aria-hidden=\"true\" width=\"32\" height=\"32\"><path d=\"M160 80H512c8.8 0 16 7.2 16 16V320c0 8.8-7.2 16-16 16H490.8L388.1 178.9c-4.4-6.8-12-10.9-20.1-10.9s-15.7 4.1-20.1 10.9l-52.2 79.8-12.4-16.9c-4.5-6.2-11.7-9.8-19.4-9.8s-14.8 3.6-19.4 9.8L175.6 336H160c-8.8 0-16-7.2-16-16V96c0-8.8 7.2-16 16-16zM96 96V320c0 35.3 28.7 64 64 64H512c35.3 0 64-28.7 64-64V96c0-35.3-28.7-64-64-64H160c-35.3 0-64 28.7-64 64zM48 120c0-13.3-10.7-24-24-24S0 106.7 0 120V344c0 75.1 60.9 136 136 136H456c13.3 0 24-10.7 24-24s-10.7-24-24-24H136c-48.6 0-88-39.4-88-88V120zm208 24a32 32 0 1 0 -64 0 32 32 0 1 0 64 0z\"><\/path><\/svg><\/div><\/span><span class=\"stk-block-icon-list-item__text\"><strong>Anzahl der gelieferten Fotos:<\/strong> <\/span><\/div><\/li>\n\n\n\n<li class=\"wp-block-stackable-icon-list-item stk-block-icon-list-item stk-block stk-65447a4\" data-block-id=\"65447a4\"><div class=\"stk-block-icon-list-item__content\"><span class=\"stk--svg-wrapper\"><div class=\"stk--inner-svg\"><svg xmlns=\"http:\/\/www.w3.org\/2000\/svg\" viewbox=\"0 0 640 512\" aria-hidden=\"true\" width=\"32\" height=\"32\"><path d=\"M184 48H328c4.4 0 8 3.6 8 8V96H176V56c0-4.4 3.6-8 8-8zm-56 8V96H64C28.7 96 0 124.7 0 160v96H192 352h8.2c32.3-39.1 81.1-64 135.8-64c5.4 0 10.7 .2 16 .7V160c0-35.3-28.7-64-64-64H384V56c0-30.9-25.1-56-56-56H184c-30.9 0-56 25.1-56 56zM320 352H224c-17.7 0-32-14.3-32-32V288H0V416c0 35.3 28.7 64 64 64H360.2C335.1 449.6 320 410.5 320 368c0-5.4 .2-10.7 .7-16l-.7 0zm320 16a144 144 0 1 0 -288 0 144 144 0 1 0 288 0zM496 288c8.8 0 16 7.2 16 16v48h32c8.8 0 16 7.2 16 16s-7.2 16-16 16H496c-8.8 0-16-7.2-16-16V304c0-8.8 7.2-16 16-16z\"><\/path><\/svg><\/div><\/span><span class=\"stk-block-icon-list-item__text\"><strong>Bearbeitungszeit:<\/strong> <\/span><\/div><\/li>\n<\/ul><\/div>\n<\/div><\/div><\/div>\n<\/div><\/div>\n\n\n\n<p class=\"wp-block-paragraph\" data-block-type=\"core\">Eine Konferenz in einer \u00f6ffentlichen Institution hat ihren eigenen Rhythmus. Flaggen am Rednerpult, das Staatswappen \u00fcber dem Eingang, Protokoll und eine G\u00e4steliste, die im Material nicht fehlen darf. Dazu ein historischer Saal, der selbst zum Hauptmotiv der Fotos wird.<\/p>\n\n\n\n<p class=\"wp-block-paragraph\" data-block-type=\"core\">Im Oktober 2024 habe ich das 30-j\u00e4hrige Jubil\u00e4um des Gesetzgebungsreferendariats fotografiert, eine wissenschaftliche Konferenz des Rz\u0105dowe Centrum Legislacji (RCL) im Saal Sala Pod Kopu\u0142\u0105 in Warschau. Das Programm umfasste eine Er\u00f6ffnung mit einer Rede der Pr\u00e4sidentin bzw. des Pr\u00e4sidenten des RCL, drei Vortr\u00e4ge, ein Expertenpanel zur Rolle des Legislators, eine Diplomverleihung an die Absolventen des Referendariats und einen Empfang.<\/p>\n\n\n\n<h2 class=\"wp-block-heading\" data-block-type=\"core\">Was geschah<\/h2>\n\n\n\n<p class=\"wp-block-paragraph\" data-block-type=\"core\">Ich habe vor den G\u00e4sten angefangen. Die Inszenierung des Eingangs, Namensschilder auf schwarzem Hintergrund, RCL-Publikationen auf dem Tisch, der leere Saal mit dem Titelbildschirm. Dieses Material f\u00e4llt oft aus der Galerie heraus und erweist sich dann als am dringendsten gebraucht f\u00fcr Einladungen zur n\u00e4chsten Ausgabe.<\/p>\n\n\n\n<p class=\"wp-block-paragraph\" data-block-type=\"core\">Der offizielle Teil ist Arbeit auf mehreren Ebenen gleichzeitig. Ein Portr\u00e4t des Redners am Rednerpult, eine Weitwinkelaufnahme der Kuppel mit vollem Publikum, Reaktionen im Saal. Bei der \u00dcbergabe von Blumen und Diplomen z\u00e4hlt jede Sekunde, denn ein solcher Moment geschieht einmal und wird von niemandem wiederholt.<\/p>\n\n\n\n<p class=\"wp-block-paragraph\" data-block-type=\"core\">Das Expertenpanel habe ich von zwei Seiten fotografiert: nah an der B\u00fchne, um den Austausch zwischen den sechs Gespr\u00e4chspartnern einzufangen, und vom Balkon aus, um die Gr\u00f6\u00dfe der Veranstaltung zu zeigen. In der Kaffeepause entstanden Networking-Aufnahmen und Erinnerungsfotos an der RCL-Fotowand.<\/p>\n\n\n\n<h2 class=\"wp-block-heading\" data-block-type=\"core\">Worauf ich geachtet habe<\/h2>\n\n\n\n<p class=\"wp-block-paragraph\" data-block-type=\"core\">In einer \u00f6ffentlichen Institution achte ich auf die Au\u00dfenwirkung der Personen. Teilnehmer abseits der B\u00fchne erscheinen in vorteilhaften, neutralen Aufnahmen, und in Nahaufnahmen lesbare Namensschilder zeigen nur den Konferenztitel, keine pers\u00f6nlichen Daten.<\/p>\n\n\n\n<p class=\"wp-block-paragraph\" data-block-type=\"core\">Das Branding des Kunden wirkt im Hintergrund: die Wand mit dem RCL-Logo, Willkommenstaschen, B\u00e4nder, Publikationen. Der Veranstalter erh\u00e4lt Material, in dem der Gastgeber der Veranstaltung zu sehen ist, bevor jemand danach fragt.<\/p>\n\n\n\n<h2 class=\"wp-block-heading\" data-block-type=\"core\">Ergebnis<\/h2>\n\n\n\n<p class=\"wp-block-paragraph\" data-block-type=\"core\">Der Kunde erhielt eine geordnete Galerie mit 586 Fotos in 9 Agenda-Segmenten sowie eine fertige Auswahl der besten Aufnahmen. Das Abnahmeprotokoll wurde 5 Tage nach der Veranstaltung unterzeichnet. Das RCL ver\u00f6ffentlichte noch am selben Tag einen Bericht \u00fcber die Veranstaltung auf seiner Website.<\/p>\n\n\n\n<figure class=\"wp-block-gallery alignwide has-nested-images columns-1 is-cropped wp-block-gallery-1 is-layout-flex wp-block-gallery-is-layout-flex\" data-block-type=\"core\">\n<figure class=\"wp-block-image size-large\" data-block-type=\"core\"><img loading=\"lazy\" decoding=\"async\" width=\"1200\" height=\"800\" data-id=\"36044\" src=\"https:\/\/marcinkrokowski.com\/wp-content\/uploads\/2026\/08\/fotograf-konferencji-rcl-warszawa-godlo-flagi-wejscie-002-1200x800.jpg\" alt=\"Staatswappen und Flaggen am Eingang zur Konferenz des Rz\u0105dowe Centrum Legislacji\" class=\"wp-image-36044\" title=\"\" srcset=\"https:\/\/marcinkrokowski.com\/wp-content\/uploads\/2026\/08\/fotograf-konferencji-rcl-warszawa-godlo-flagi-wejscie-002-1200x800.jpg 1200w, https:\/\/marcinkrokowski.com\/wp-content\/uploads\/2026\/08\/fotograf-konferencji-rcl-warszawa-godlo-flagi-wejscie-002-900x600.jpg 900w, https:\/\/marcinkrokowski.com\/wp-content\/uploads\/2026\/08\/fotograf-konferencji-rcl-warszawa-godlo-flagi-wejscie-002-450x300.jpg 450w, https:\/\/marcinkrokowski.com\/wp-content\/uploads\/2026\/08\/fotograf-konferencji-rcl-warszawa-godlo-flagi-wejscie-002-768x512.jpg 768w, https:\/\/marcinkrokowski.com\/wp-content\/uploads\/2026\/08\/fotograf-konferencji-rcl-warszawa-godlo-flagi-wejscie-002-1536x1024.jpg 1536w, https:\/\/marcinkrokowski.com\/wp-content\/uploads\/2026\/08\/fotograf-konferencji-rcl-warszawa-godlo-flagi-wejscie-002.jpg 1920w\" sizes=\"auto, (max-width: 1200px) 100vw, 1200px\" \/><\/figure>\n<\/figure>\n\n\n\n<figure class=\"wp-block-gallery alignwide has-nested-images columns-1 is-cropped wp-block-gallery-2 is-layout-flex wp-block-gallery-is-layout-flex\" data-block-type=\"core\">\n<figure class=\"wp-block-image size-large\" data-block-type=\"core\"><img loading=\"lazy\" decoding=\"async\" width=\"1200\" height=\"800\" data-id=\"36047\" src=\"https:\/\/marcinkrokowski.com\/wp-content\/uploads\/2026\/08\/fotograf-konferencji-rcl-warszawa-hol-wejsciowy-godlo-003-1200x800.jpg\" alt=\"Eingangshalle des Geb\u00e4udes vor der RCL-Konferenz\" class=\"wp-image-36047\" title=\"\" srcset=\"https:\/\/marcinkrokowski.com\/wp-content\/uploads\/2026\/08\/fotograf-konferencji-rcl-warszawa-hol-wejsciowy-godlo-003-1200x800.jpg 1200w, https:\/\/marcinkrokowski.com\/wp-content\/uploads\/2026\/08\/fotograf-konferencji-rcl-warszawa-hol-wejsciowy-godlo-003-900x600.jpg 900w, https:\/\/marcinkrokowski.com\/wp-content\/uploads\/2026\/08\/fotograf-konferencji-rcl-warszawa-hol-wejsciowy-godlo-003-450x300.jpg 450w, https:\/\/marcinkrokowski.com\/wp-content\/uploads\/2026\/08\/fotograf-konferencji-rcl-warszawa-hol-wejsciowy-godlo-003-768x512.jpg 768w, https:\/\/marcinkrokowski.com\/wp-content\/uploads\/2026\/08\/fotograf-konferencji-rcl-warszawa-hol-wejsciowy-godlo-003-1536x1024.jpg 1536w, https:\/\/marcinkrokowski.com\/wp-content\/uploads\/2026\/08\/fotograf-konferencji-rcl-warszawa-hol-wejsciowy-godlo-003.jpg 1920w\" sizes=\"auto, (max-width: 1200px) 100vw, 1200px\" \/><\/figure>\n<\/figure>\n\n\n\n<figure class=\"wp-block-gallery alignwide has-nested-images columns-1 is-cropped wp-block-gallery-3 is-layout-flex wp-block-gallery-is-layout-flex\" data-block-type=\"core\">\n<figure class=\"wp-block-image size-large\" data-block-type=\"core\"><img loading=\"lazy\" decoding=\"async\" width=\"1200\" height=\"800\" data-id=\"36046\" src=\"https:\/\/marcinkrokowski.com\/wp-content\/uploads\/2026\/08\/fotograf-konferencji-rcl-warszawa-hol-czerwony-dywan-004-1200x800.jpg\" alt=\"Eine Teilnehmerin der RCL-Konferenz in der Eingangshalle\" class=\"wp-image-36046\" title=\"\" srcset=\"https:\/\/marcinkrokowski.com\/wp-content\/uploads\/2026\/08\/fotograf-konferencji-rcl-warszawa-hol-czerwony-dywan-004-1200x800.jpg 1200w, https:\/\/marcinkrokowski.com\/wp-content\/uploads\/2026\/08\/fotograf-konferencji-rcl-warszawa-hol-czerwony-dywan-004-900x600.jpg 900w, https:\/\/marcinkrokowski.com\/wp-content\/uploads\/2026\/08\/fotograf-konferencji-rcl-warszawa-hol-czerwony-dywan-004-450x300.jpg 450w, https:\/\/marcinkrokowski.com\/wp-content\/uploads\/2026\/08\/fotograf-konferencji-rcl-warszawa-hol-czerwony-dywan-004-768x512.jpg 768w, https:\/\/marcinkrokowski.com\/wp-content\/uploads\/2026\/08\/fotograf-konferencji-rcl-warszawa-hol-czerwony-dywan-004-1536x1024.jpg 1536w, https:\/\/marcinkrokowski.com\/wp-content\/uploads\/2026\/08\/fotograf-konferencji-rcl-warszawa-hol-czerwony-dywan-004.jpg 1920w\" sizes=\"auto, (max-width: 1200px) 100vw, 1200px\" \/><\/figure>\n<\/figure>\n\n\n\n<figure class=\"wp-block-gallery alignwide has-nested-images columns-1 is-cropped wp-block-gallery-4 is-layout-flex wp-block-gallery-is-layout-flex\" data-block-type=\"core\">\n<figure class=\"wp-block-image size-large\" data-block-type=\"core\"><img loading=\"lazy\" decoding=\"async\" width=\"1200\" height=\"800\" data-id=\"36048\" src=\"https:\/\/marcinkrokowski.com\/wp-content\/uploads\/2026\/08\/fotograf-konferencji-rcl-warszawa-identyfikatory-konferencyjne-005-1200x800.jpg\" alt=\"Namensschilder der Konferenz 30 Jahre Gesetzgebungsreferendariat\" class=\"wp-image-36048\" title=\"\" srcset=\"https:\/\/marcinkrokowski.com\/wp-content\/uploads\/2026\/08\/fotograf-konferencji-rcl-warszawa-identyfikatory-konferencyjne-005-1200x800.jpg 1200w, https:\/\/marcinkrokowski.com\/wp-content\/uploads\/2026\/08\/fotograf-konferencji-rcl-warszawa-identyfikatory-konferencyjne-005-900x600.jpg 900w, https:\/\/marcinkrokowski.com\/wp-content\/uploads\/2026\/08\/fotograf-konferencji-rcl-warszawa-identyfikatory-konferencyjne-005-450x300.jpg 450w, https:\/\/marcinkrokowski.com\/wp-content\/uploads\/2026\/08\/fotograf-konferencji-rcl-warszawa-identyfikatory-konferencyjne-005-768x512.jpg 768w, https:\/\/marcinkrokowski.com\/wp-content\/uploads\/2026\/08\/fotograf-konferencji-rcl-warszawa-identyfikatory-konferencyjne-005-1536x1024.jpg 1536w, https:\/\/marcinkrokowski.com\/wp-content\/uploads\/2026\/08\/fotograf-konferencji-rcl-warszawa-identyfikatory-konferencyjne-005.jpg 1920w\" sizes=\"auto, (max-width: 1200px) 100vw, 1200px\" \/><\/figure>\n<\/figure>\n\n\n\n<figure class=\"wp-block-gallery alignwide has-nested-images columns-1 is-cropped wp-block-gallery-5 is-layout-flex wp-block-gallery-is-layout-flex\" data-block-type=\"core\">\n<figure class=\"wp-block-image size-large\" data-block-type=\"core\"><img loading=\"lazy\" decoding=\"async\" width=\"1200\" height=\"800\" data-id=\"36062\" src=\"https:\/\/marcinkrokowski.com\/wp-content\/uploads\/2026\/08\/fotograf-konferencji-rcl-warszawa-torby-powitalne-006-1200x800.jpg\" alt=\"Willkommenstaschen mit dem Logo des Rz\u0105dowe Centrum Legislacji bei der Registrierung\" class=\"wp-image-36062\" title=\"\" srcset=\"https:\/\/marcinkrokowski.com\/wp-content\/uploads\/2026\/08\/fotograf-konferencji-rcl-warszawa-torby-powitalne-006-1200x800.jpg 1200w, https:\/\/marcinkrokowski.com\/wp-content\/uploads\/2026\/08\/fotograf-konferencji-rcl-warszawa-torby-powitalne-006-900x600.jpg 900w, https:\/\/marcinkrokowski.com\/wp-content\/uploads\/2026\/08\/fotograf-konferencji-rcl-warszawa-torby-powitalne-006-450x300.jpg 450w, https:\/\/marcinkrokowski.com\/wp-content\/uploads\/2026\/08\/fotograf-konferencji-rcl-warszawa-torby-powitalne-006-768x512.jpg 768w, https:\/\/marcinkrokowski.com\/wp-content\/uploads\/2026\/08\/fotograf-konferencji-rcl-warszawa-torby-powitalne-006-1536x1024.jpg 1536w, https:\/\/marcinkrokowski.com\/wp-content\/uploads\/2026\/08\/fotograf-konferencji-rcl-warszawa-torby-powitalne-006.jpg 1920w\" sizes=\"auto, (max-width: 1200px) 100vw, 1200px\" \/><\/figure>\n<\/figure>\n\n\n\n<figure class=\"wp-block-gallery alignwide has-nested-images columns-1 is-cropped wp-block-gallery-6 is-layout-flex wp-block-gallery-is-layout-flex\" data-block-type=\"core\">\n<figure class=\"wp-block-image size-large\" data-block-type=\"core\"><img loading=\"lazy\" decoding=\"async\" width=\"1200\" height=\"800\" data-id=\"36061\" src=\"https:\/\/marcinkrokowski.com\/wp-content\/uploads\/2026\/08\/fotograf-konferencji-rcl-warszawa-rejestracja-uczestnikow-007-1200x800.jpg\" alt=\"Registrierung der Teilnehmer der RCL-Konferenz\" class=\"wp-image-36061\" title=\"\" srcset=\"https:\/\/marcinkrokowski.com\/wp-content\/uploads\/2026\/08\/fotograf-konferencji-rcl-warszawa-rejestracja-uczestnikow-007-1200x800.jpg 1200w, https:\/\/marcinkrokowski.com\/wp-content\/uploads\/2026\/08\/fotograf-konferencji-rcl-warszawa-rejestracja-uczestnikow-007-900x600.jpg 900w, https:\/\/marcinkrokowski.com\/wp-content\/uploads\/2026\/08\/fotograf-konferencji-rcl-warszawa-rejestracja-uczestnikow-007-450x300.jpg 450w, https:\/\/marcinkrokowski.com\/wp-content\/uploads\/2026\/08\/fotograf-konferencji-rcl-warszawa-rejestracja-uczestnikow-007-768x512.jpg 768w, https:\/\/marcinkrokowski.com\/wp-content\/uploads\/2026\/08\/fotograf-konferencji-rcl-warszawa-rejestracja-uczestnikow-007-1536x1024.jpg 1536w, https:\/\/marcinkrokowski.com\/wp-content\/uploads\/2026\/08\/fotograf-konferencji-rcl-warszawa-rejestracja-uczestnikow-007.jpg 1920w\" sizes=\"auto, (max-width: 1200px) 100vw, 1200px\" \/><\/figure>\n<\/figure>\n\n\n\n<figure class=\"wp-block-gallery alignwide has-nested-images columns-1 is-cropped wp-block-gallery-7 is-layout-flex wp-block-gallery-is-layout-flex\" data-block-type=\"core\">\n<figure class=\"wp-block-image size-large\" data-block-type=\"core\"><img loading=\"lazy\" decoding=\"async\" width=\"1200\" height=\"800\" data-id=\"36058\" src=\"https:\/\/marcinkrokowski.com\/wp-content\/uploads\/2026\/08\/fotograf-konferencji-rcl-warszawa-publikacje-rcl-stol-008-1200x800.jpg\" alt=\"Publikationen des Rz\u0105dowe Centrum Legislacji f\u00fcr die Konferenzteilnehmer\" class=\"wp-image-36058\" title=\"\" srcset=\"https:\/\/marcinkrokowski.com\/wp-content\/uploads\/2026\/08\/fotograf-konferencji-rcl-warszawa-publikacje-rcl-stol-008-1200x800.jpg 1200w, https:\/\/marcinkrokowski.com\/wp-content\/uploads\/2026\/08\/fotograf-konferencji-rcl-warszawa-publikacje-rcl-stol-008-900x600.jpg 900w, https:\/\/marcinkrokowski.com\/wp-content\/uploads\/2026\/08\/fotograf-konferencji-rcl-warszawa-publikacje-rcl-stol-008-450x300.jpg 450w, https:\/\/marcinkrokowski.com\/wp-content\/uploads\/2026\/08\/fotograf-konferencji-rcl-warszawa-publikacje-rcl-stol-008-768x512.jpg 768w, https:\/\/marcinkrokowski.com\/wp-content\/uploads\/2026\/08\/fotograf-konferencji-rcl-warszawa-publikacje-rcl-stol-008-1536x1024.jpg 1536w, https:\/\/marcinkrokowski.com\/wp-content\/uploads\/2026\/08\/fotograf-konferencji-rcl-warszawa-publikacje-rcl-stol-008.jpg 1920w\" sizes=\"auto, (max-width: 1200px) 100vw, 1200px\" \/><\/figure>\n<\/figure>\n\n\n\n<figure class=\"wp-block-gallery alignwide has-nested-images columns-1 is-cropped wp-block-gallery-8 is-layout-flex wp-block-gallery-is-layout-flex\" data-block-type=\"core\">\n<figure class=\"wp-block-image size-large\" data-block-type=\"core\"><img loading=\"lazy\" decoding=\"async\" width=\"1200\" height=\"800\" data-id=\"36042\" src=\"https:\/\/marcinkrokowski.com\/wp-content\/uploads\/2026\/08\/fotograf-konferencji-rcl-warszawa-aula-przed-startem-009-1200x800.jpg\" alt=\"Der Saal Sala Pod Kopu\u0142\u0105 vor Beginn des RCL-Jubil\u00e4ums\" class=\"wp-image-36042\" title=\"\" srcset=\"https:\/\/marcinkrokowski.com\/wp-content\/uploads\/2026\/08\/fotograf-konferencji-rcl-warszawa-aula-przed-startem-009-1200x800.jpg 1200w, https:\/\/marcinkrokowski.com\/wp-content\/uploads\/2026\/08\/fotograf-konferencji-rcl-warszawa-aula-przed-startem-009-900x600.jpg 900w, https:\/\/marcinkrokowski.com\/wp-content\/uploads\/2026\/08\/fotograf-konferencji-rcl-warszawa-aula-przed-startem-009-450x300.jpg 450w, https:\/\/marcinkrokowski.com\/wp-content\/uploads\/2026\/08\/fotograf-konferencji-rcl-warszawa-aula-przed-startem-009-768x512.jpg 768w, https:\/\/marcinkrokowski.com\/wp-content\/uploads\/2026\/08\/fotograf-konferencji-rcl-warszawa-aula-przed-startem-009-1536x1024.jpg 1536w, https:\/\/marcinkrokowski.com\/wp-content\/uploads\/2026\/08\/fotograf-konferencji-rcl-warszawa-aula-przed-startem-009.jpg 1920w\" sizes=\"auto, (max-width: 1200px) 100vw, 1200px\" \/><\/figure>\n<\/figure>\n\n\n\n<figure class=\"wp-block-gallery alignwide has-nested-images columns-1 is-cropped wp-block-gallery-9 is-layout-flex wp-block-gallery-is-layout-flex\" data-block-type=\"core\">\n<figure class=\"wp-block-image size-large\" data-block-type=\"core\"><img loading=\"lazy\" decoding=\"async\" width=\"1200\" height=\"800\" data-id=\"36045\" src=\"https:\/\/marcinkrokowski.com\/wp-content\/uploads\/2026\/08\/fotograf-konferencji-rcl-warszawa-goscie-przed-otwarciem-010-1200x800.jpg\" alt=\"G\u00e4ste vor der Er\u00f6ffnung der RCL-Jubil\u00e4umskonferenz\" class=\"wp-image-36045\" title=\"\" srcset=\"https:\/\/marcinkrokowski.com\/wp-content\/uploads\/2026\/08\/fotograf-konferencji-rcl-warszawa-goscie-przed-otwarciem-010-1200x800.jpg 1200w, https:\/\/marcinkrokowski.com\/wp-content\/uploads\/2026\/08\/fotograf-konferencji-rcl-warszawa-goscie-przed-otwarciem-010-900x600.jpg 900w, https:\/\/marcinkrokowski.com\/wp-content\/uploads\/2026\/08\/fotograf-konferencji-rcl-warszawa-goscie-przed-otwarciem-010-450x300.jpg 450w, https:\/\/marcinkrokowski.com\/wp-content\/uploads\/2026\/08\/fotograf-konferencji-rcl-warszawa-goscie-przed-otwarciem-010-768x512.jpg 768w, https:\/\/marcinkrokowski.com\/wp-content\/uploads\/2026\/08\/fotograf-konferencji-rcl-warszawa-goscie-przed-otwarciem-010-1536x1024.jpg 1536w, https:\/\/marcinkrokowski.com\/wp-content\/uploads\/2026\/08\/fotograf-konferencji-rcl-warszawa-goscie-przed-otwarciem-010.jpg 1920w\" sizes=\"auto, (max-width: 1200px) 100vw, 1200px\" \/><\/figure>\n<\/figure>\n\n\n\n<figure class=\"wp-block-gallery alignwide has-nested-images columns-1 is-cropped wp-block-gallery-10 is-layout-flex wp-block-gallery-is-layout-flex\" data-block-type=\"core\">\n<figure class=\"wp-block-image size-large\" data-block-type=\"core\"><img loading=\"lazy\" decoding=\"async\" width=\"1200\" height=\"800\" data-id=\"36054\" src=\"https:\/\/marcinkrokowski.com\/wp-content\/uploads\/2026\/08\/fotograf-konferencji-rcl-warszawa-otwarcie-mownica-flagi-011-1200x800.jpg\" alt=\"Die Pr\u00e4sidentin bzw. der Pr\u00e4sident des Rz\u0105dowe Centrum Legislacji er\u00f6ffnet die Jubil\u00e4umskonferenz\" class=\"wp-image-36054\" title=\"\" srcset=\"https:\/\/marcinkrokowski.com\/wp-content\/uploads\/2026\/08\/fotograf-konferencji-rcl-warszawa-otwarcie-mownica-flagi-011-1200x800.jpg 1200w, https:\/\/marcinkrokowski.com\/wp-content\/uploads\/2026\/08\/fotograf-konferencji-rcl-warszawa-otwarcie-mownica-flagi-011-900x600.jpg 900w, https:\/\/marcinkrokowski.com\/wp-content\/uploads\/2026\/08\/fotograf-konferencji-rcl-warszawa-otwarcie-mownica-flagi-011-450x300.jpg 450w, https:\/\/marcinkrokowski.com\/wp-content\/uploads\/2026\/08\/fotograf-konferencji-rcl-warszawa-otwarcie-mownica-flagi-011-768x512.jpg 768w, https:\/\/marcinkrokowski.com\/wp-content\/uploads\/2026\/08\/fotograf-konferencji-rcl-warszawa-otwarcie-mownica-flagi-011-1536x1024.jpg 1536w, https:\/\/marcinkrokowski.com\/wp-content\/uploads\/2026\/08\/fotograf-konferencji-rcl-warszawa-otwarcie-mownica-flagi-011.jpg 1920w\" sizes=\"auto, (max-width: 1200px) 100vw, 1200px\" \/><\/figure>\n<\/figure>\n\n\n\n<figure class=\"wp-block-gallery alignwide has-nested-images columns-1 is-cropped wp-block-gallery-11 is-layout-flex wp-block-gallery-is-layout-flex\" data-block-type=\"core\">\n<figure class=\"wp-block-image size-large\" data-block-type=\"core\"><img loading=\"lazy\" decoding=\"async\" width=\"1200\" height=\"800\" data-id=\"36067\" src=\"https:\/\/marcinkrokowski.com\/wp-content\/uploads\/2026\/08\/fotograf-konferencji-rcl-warszawa-wystapienie-prelegenta-012-1200x800.jpg\" alt=\"Ein Vortrag beim 30-j\u00e4hrigen Jubil\u00e4um des Gesetzgebungsreferendariats\" class=\"wp-image-36067\" title=\"\" srcset=\"https:\/\/marcinkrokowski.com\/wp-content\/uploads\/2026\/08\/fotograf-konferencji-rcl-warszawa-wystapienie-prelegenta-012-1200x800.jpg 1200w, https:\/\/marcinkrokowski.com\/wp-content\/uploads\/2026\/08\/fotograf-konferencji-rcl-warszawa-wystapienie-prelegenta-012-900x600.jpg 900w, https:\/\/marcinkrokowski.com\/wp-content\/uploads\/2026\/08\/fotograf-konferencji-rcl-warszawa-wystapienie-prelegenta-012-450x300.jpg 450w, https:\/\/marcinkrokowski.com\/wp-content\/uploads\/2026\/08\/fotograf-konferencji-rcl-warszawa-wystapienie-prelegenta-012-768x512.jpg 768w, https:\/\/marcinkrokowski.com\/wp-content\/uploads\/2026\/08\/fotograf-konferencji-rcl-warszawa-wystapienie-prelegenta-012-1536x1024.jpg 1536w, https:\/\/marcinkrokowski.com\/wp-content\/uploads\/2026\/08\/fotograf-konferencji-rcl-warszawa-wystapienie-prelegenta-012.jpg 1920w\" sizes=\"auto, (max-width: 1200px) 100vw, 1200px\" \/><\/figure>\n<\/figure>\n\n\n\n<figure class=\"wp-block-gallery alignwide has-nested-images columns-1 is-cropped wp-block-gallery-12 is-layout-flex wp-block-gallery-is-layout-flex\" data-block-type=\"core\">\n<figure class=\"wp-block-image size-large\" data-block-type=\"core\"><img loading=\"lazy\" decoding=\"async\" width=\"1200\" height=\"800\" data-id=\"36066\" src=\"https:\/\/marcinkrokowski.com\/wp-content\/uploads\/2026\/08\/fotograf-konferencji-rcl-warszawa-wreczenie-kwiatow-013-1200x800.jpg\" alt=\"Dank und Blumen w\u00e4hrend der RCL-Konferenz\" class=\"wp-image-36066\" title=\"\" srcset=\"https:\/\/marcinkrokowski.com\/wp-content\/uploads\/2026\/08\/fotograf-konferencji-rcl-warszawa-wreczenie-kwiatow-013-1200x800.jpg 1200w, https:\/\/marcinkrokowski.com\/wp-content\/uploads\/2026\/08\/fotograf-konferencji-rcl-warszawa-wreczenie-kwiatow-013-900x600.jpg 900w, https:\/\/marcinkrokowski.com\/wp-content\/uploads\/2026\/08\/fotograf-konferencji-rcl-warszawa-wreczenie-kwiatow-013-450x300.jpg 450w, https:\/\/marcinkrokowski.com\/wp-content\/uploads\/2026\/08\/fotograf-konferencji-rcl-warszawa-wreczenie-kwiatow-013-768x512.jpg 768w, https:\/\/marcinkrokowski.com\/wp-content\/uploads\/2026\/08\/fotograf-konferencji-rcl-warszawa-wreczenie-kwiatow-013-1536x1024.jpg 1536w, https:\/\/marcinkrokowski.com\/wp-content\/uploads\/2026\/08\/fotograf-konferencji-rcl-warszawa-wreczenie-kwiatow-013.jpg 1920w\" sizes=\"auto, (max-width: 1200px) 100vw, 1200px\" \/><\/figure>\n<\/figure>\n\n\n\n<figure class=\"wp-block-gallery alignwide has-nested-images columns-1 is-cropped wp-block-gallery-13 is-layout-flex wp-block-gallery-is-layout-flex\" data-block-type=\"core\">\n<figure class=\"wp-block-image size-large\" data-block-type=\"core\"><img loading=\"lazy\" decoding=\"async\" width=\"1200\" height=\"800\" data-id=\"36060\" src=\"https:\/\/marcinkrokowski.com\/wp-content\/uploads\/2026\/08\/fotograf-konferencji-rcl-warszawa-reakcje-publicznosci-014-1200x800.jpg\" alt=\"Reaktionen des Publikums w\u00e4hrend der RCL-Konferenz\" class=\"wp-image-36060\" title=\"\" srcset=\"https:\/\/marcinkrokowski.com\/wp-content\/uploads\/2026\/08\/fotograf-konferencji-rcl-warszawa-reakcje-publicznosci-014-1200x800.jpg 1200w, https:\/\/marcinkrokowski.com\/wp-content\/uploads\/2026\/08\/fotograf-konferencji-rcl-warszawa-reakcje-publicznosci-014-900x600.jpg 900w, https:\/\/marcinkrokowski.com\/wp-content\/uploads\/2026\/08\/fotograf-konferencji-rcl-warszawa-reakcje-publicznosci-014-450x300.jpg 450w, https:\/\/marcinkrokowski.com\/wp-content\/uploads\/2026\/08\/fotograf-konferencji-rcl-warszawa-reakcje-publicznosci-014-768x512.jpg 768w, https:\/\/marcinkrokowski.com\/wp-content\/uploads\/2026\/08\/fotograf-konferencji-rcl-warszawa-reakcje-publicznosci-014-1536x1024.jpg 1536w, https:\/\/marcinkrokowski.com\/wp-content\/uploads\/2026\/08\/fotograf-konferencji-rcl-warszawa-reakcje-publicznosci-014.jpg 1920w\" sizes=\"auto, (max-width: 1200px) 100vw, 1200px\" \/><\/figure>\n<\/figure>\n\n\n\n<figure class=\"wp-block-gallery alignwide has-nested-images columns-1 is-cropped wp-block-gallery-14 is-layout-flex wp-block-gallery-is-layout-flex\" data-block-type=\"core\">\n<figure class=\"wp-block-image size-large\" data-block-type=\"core\"><img loading=\"lazy\" decoding=\"async\" width=\"1200\" height=\"800\" data-id=\"36064\" src=\"https:\/\/marcinkrokowski.com\/wp-content\/uploads\/2026\/08\/fotograf-konferencji-rcl-warszawa-widownia-z-gory-015-1200x800.jpg\" alt=\"Voller Zuschauerraum w\u00e4hrend des RCL-Jubil\u00e4ums\" class=\"wp-image-36064\" title=\"\" srcset=\"https:\/\/marcinkrokowski.com\/wp-content\/uploads\/2026\/08\/fotograf-konferencji-rcl-warszawa-widownia-z-gory-015-1200x800.jpg 1200w, https:\/\/marcinkrokowski.com\/wp-content\/uploads\/2026\/08\/fotograf-konferencji-rcl-warszawa-widownia-z-gory-015-900x600.jpg 900w, https:\/\/marcinkrokowski.com\/wp-content\/uploads\/2026\/08\/fotograf-konferencji-rcl-warszawa-widownia-z-gory-015-450x300.jpg 450w, https:\/\/marcinkrokowski.com\/wp-content\/uploads\/2026\/08\/fotograf-konferencji-rcl-warszawa-widownia-z-gory-015-768x512.jpg 768w, https:\/\/marcinkrokowski.com\/wp-content\/uploads\/2026\/08\/fotograf-konferencji-rcl-warszawa-widownia-z-gory-015-1536x1024.jpg 1536w, https:\/\/marcinkrokowski.com\/wp-content\/uploads\/2026\/08\/fotograf-konferencji-rcl-warszawa-widownia-z-gory-015.jpg 1920w\" sizes=\"auto, (max-width: 1200px) 100vw, 1200px\" \/><\/figure>\n<\/figure>\n\n\n\n<figure class=\"wp-block-gallery alignwide has-nested-images columns-1 is-cropped wp-block-gallery-15 is-layout-flex wp-block-gallery-is-layout-flex\" data-block-type=\"core\">\n<figure class=\"wp-block-image size-large\" data-block-type=\"core\"><img loading=\"lazy\" decoding=\"async\" width=\"1200\" height=\"800\" data-id=\"36059\" src=\"https:\/\/marcinkrokowski.com\/wp-content\/uploads\/2026\/08\/fotograf-konferencji-rcl-warszawa-pytanie-z-sali-016-1200x800.jpg\" alt=\"Eine Frage aus dem Publikum w\u00e4hrend der RCL-Jubil\u00e4umskonferenz\" class=\"wp-image-36059\" title=\"\" srcset=\"https:\/\/marcinkrokowski.com\/wp-content\/uploads\/2026\/08\/fotograf-konferencji-rcl-warszawa-pytanie-z-sali-016-1200x800.jpg 1200w, https:\/\/marcinkrokowski.com\/wp-content\/uploads\/2026\/08\/fotograf-konferencji-rcl-warszawa-pytanie-z-sali-016-900x600.jpg 900w, https:\/\/marcinkrokowski.com\/wp-content\/uploads\/2026\/08\/fotograf-konferencji-rcl-warszawa-pytanie-z-sali-016-450x300.jpg 450w, https:\/\/marcinkrokowski.com\/wp-content\/uploads\/2026\/08\/fotograf-konferencji-rcl-warszawa-pytanie-z-sali-016-768x512.jpg 768w, https:\/\/marcinkrokowski.com\/wp-content\/uploads\/2026\/08\/fotograf-konferencji-rcl-warszawa-pytanie-z-sali-016-1536x1024.jpg 1536w, https:\/\/marcinkrokowski.com\/wp-content\/uploads\/2026\/08\/fotograf-konferencji-rcl-warszawa-pytanie-z-sali-016.jpg 1920w\" sizes=\"auto, (max-width: 1200px) 100vw, 1200px\" \/><\/figure>\n<\/figure>\n\n\n\n<figure class=\"wp-block-gallery alignwide has-nested-images columns-1 is-cropped wp-block-gallery-16 is-layout-flex wp-block-gallery-is-layout-flex\" data-block-type=\"core\">\n<figure class=\"wp-block-image size-large\" data-block-type=\"core\"><img loading=\"lazy\" decoding=\"async\" width=\"1200\" height=\"800\" data-id=\"36049\" src=\"https:\/\/marcinkrokowski.com\/wp-content\/uploads\/2026\/08\/fotograf-konferencji-rcl-warszawa-kopula-podswietlenie-017-1200x800.jpg\" alt=\"Die Kuppel des Saals in Nationalfarben w\u00e4hrend des RCL-Jubil\u00e4ums\" class=\"wp-image-36049\" title=\"\" srcset=\"https:\/\/marcinkrokowski.com\/wp-content\/uploads\/2026\/08\/fotograf-konferencji-rcl-warszawa-kopula-podswietlenie-017-1200x800.jpg 1200w, https:\/\/marcinkrokowski.com\/wp-content\/uploads\/2026\/08\/fotograf-konferencji-rcl-warszawa-kopula-podswietlenie-017-900x600.jpg 900w, https:\/\/marcinkrokowski.com\/wp-content\/uploads\/2026\/08\/fotograf-konferencji-rcl-warszawa-kopula-podswietlenie-017-450x300.jpg 450w, https:\/\/marcinkrokowski.com\/wp-content\/uploads\/2026\/08\/fotograf-konferencji-rcl-warszawa-kopula-podswietlenie-017-768x512.jpg 768w, https:\/\/marcinkrokowski.com\/wp-content\/uploads\/2026\/08\/fotograf-konferencji-rcl-warszawa-kopula-podswietlenie-017-1536x1024.jpg 1536w, https:\/\/marcinkrokowski.com\/wp-content\/uploads\/2026\/08\/fotograf-konferencji-rcl-warszawa-kopula-podswietlenie-017.jpg 1920w\" sizes=\"auto, (max-width: 1200px) 100vw, 1200px\" \/><\/figure>\n<\/figure>\n\n\n\n<figure class=\"wp-block-gallery alignwide has-nested-images columns-1 is-cropped wp-block-gallery-17 is-layout-flex wp-block-gallery-is-layout-flex\" data-block-type=\"core\">\n<figure class=\"wp-block-image size-large\" data-block-type=\"core\"><img loading=\"lazy\" decoding=\"async\" width=\"1200\" height=\"800\" data-id=\"36051\" src=\"https:\/\/marcinkrokowski.com\/wp-content\/uploads\/2026\/08\/fotograf-konferencji-rcl-warszawa-networking-koktajlowy-018-1200x800.jpg\" alt=\"Gespr\u00e4che in den Kulissen w\u00e4hrend einer Pause auf der RCL-Konferenz\" class=\"wp-image-36051\" title=\"\" srcset=\"https:\/\/marcinkrokowski.com\/wp-content\/uploads\/2026\/08\/fotograf-konferencji-rcl-warszawa-networking-koktajlowy-018-1200x800.jpg 1200w, https:\/\/marcinkrokowski.com\/wp-content\/uploads\/2026\/08\/fotograf-konferencji-rcl-warszawa-networking-koktajlowy-018-900x600.jpg 900w, https:\/\/marcinkrokowski.com\/wp-content\/uploads\/2026\/08\/fotograf-konferencji-rcl-warszawa-networking-koktajlowy-018-450x300.jpg 450w, https:\/\/marcinkrokowski.com\/wp-content\/uploads\/2026\/08\/fotograf-konferencji-rcl-warszawa-networking-koktajlowy-018-768x512.jpg 768w, https:\/\/marcinkrokowski.com\/wp-content\/uploads\/2026\/08\/fotograf-konferencji-rcl-warszawa-networking-koktajlowy-018-1536x1024.jpg 1536w, https:\/\/marcinkrokowski.com\/wp-content\/uploads\/2026\/08\/fotograf-konferencji-rcl-warszawa-networking-koktajlowy-018.jpg 1920w\" sizes=\"auto, (max-width: 1200px) 100vw, 1200px\" \/><\/figure>\n<\/figure>\n\n\n\n<figure class=\"wp-block-gallery alignwide has-nested-images columns-1 is-cropped wp-block-gallery-18 is-layout-flex wp-block-gallery-is-layout-flex\" data-block-type=\"core\">\n<figure class=\"wp-block-image size-large\" data-block-type=\"core\"><img loading=\"lazy\" decoding=\"async\" width=\"1200\" height=\"800\" data-id=\"36053\" src=\"https:\/\/marcinkrokowski.com\/wp-content\/uploads\/2026\/08\/fotograf-konferencji-rcl-warszawa-networking-przerwa-019-1200x800.jpg\" alt=\"Networking w\u00e4hrend der Kaffeepause auf der RCL-Konferenz\" class=\"wp-image-36053\" title=\"\" srcset=\"https:\/\/marcinkrokowski.com\/wp-content\/uploads\/2026\/08\/fotograf-konferencji-rcl-warszawa-networking-przerwa-019-1200x800.jpg 1200w, https:\/\/marcinkrokowski.com\/wp-content\/uploads\/2026\/08\/fotograf-konferencji-rcl-warszawa-networking-przerwa-019-900x600.jpg 900w, https:\/\/marcinkrokowski.com\/wp-content\/uploads\/2026\/08\/fotograf-konferencji-rcl-warszawa-networking-przerwa-019-450x300.jpg 450w, https:\/\/marcinkrokowski.com\/wp-content\/uploads\/2026\/08\/fotograf-konferencji-rcl-warszawa-networking-przerwa-019-768x512.jpg 768w, https:\/\/marcinkrokowski.com\/wp-content\/uploads\/2026\/08\/fotograf-konferencji-rcl-warszawa-networking-przerwa-019-1536x1024.jpg 1536w, https:\/\/marcinkrokowski.com\/wp-content\/uploads\/2026\/08\/fotograf-konferencji-rcl-warszawa-networking-przerwa-019.jpg 1920w\" sizes=\"auto, (max-width: 1200px) 100vw, 1200px\" \/><\/figure>\n<\/figure>\n\n\n\n<figure class=\"wp-block-gallery alignwide has-nested-images columns-default is-cropped wp-block-gallery-19 is-layout-flex wp-block-gallery-is-layout-flex\" data-block-type=\"core\">\n<figure class=\"wp-block-image size-medium\" data-block-type=\"core\"><img loading=\"lazy\" decoding=\"async\" width=\"900\" height=\"1350\" data-id=\"36050\" src=\"https:\/\/marcinkrokowski.com\/wp-content\/uploads\/2026\/08\/fotograf-konferencji-rcl-warszawa-kuluary-rozmowa-020-900x1350.jpg\" alt=\"Die Kulissen der RCL-Jubil\u00e4umskonferenz\" class=\"wp-image-36050\" title=\"\" srcset=\"https:\/\/marcinkrokowski.com\/wp-content\/uploads\/2026\/08\/fotograf-konferencji-rcl-warszawa-kuluary-rozmowa-020-900x1350.jpg 900w, https:\/\/marcinkrokowski.com\/wp-content\/uploads\/2026\/08\/fotograf-konferencji-rcl-warszawa-kuluary-rozmowa-020-1200x1800.jpg 1200w, https:\/\/marcinkrokowski.com\/wp-content\/uploads\/2026\/08\/fotograf-konferencji-rcl-warszawa-kuluary-rozmowa-020-450x675.jpg 450w, https:\/\/marcinkrokowski.com\/wp-content\/uploads\/2026\/08\/fotograf-konferencji-rcl-warszawa-kuluary-rozmowa-020-768x1152.jpg 768w, https:\/\/marcinkrokowski.com\/wp-content\/uploads\/2026\/08\/fotograf-konferencji-rcl-warszawa-kuluary-rozmowa-020-1024x1536.jpg 1024w, https:\/\/marcinkrokowski.com\/wp-content\/uploads\/2026\/08\/fotograf-konferencji-rcl-warszawa-kuluary-rozmowa-020.jpg 1280w\" sizes=\"auto, (max-width: 900px) 100vw, 900px\" \/><\/figure>\n\n\n\n<figure class=\"wp-block-image size-medium\" data-block-type=\"core\"><img loading=\"lazy\" decoding=\"async\" width=\"900\" height=\"1350\" data-id=\"36063\" src=\"https:\/\/marcinkrokowski.com\/wp-content\/uploads\/2026\/08\/fotograf-konferencji-rcl-warszawa-uczestniczki-widownia-021-900x1350.jpg\" alt=\"Teilnehmerinnen des 30-j\u00e4hrigen Jubil\u00e4ums des Gesetzgebungsreferendariats\" class=\"wp-image-36063\" title=\"\" srcset=\"https:\/\/marcinkrokowski.com\/wp-content\/uploads\/2026\/08\/fotograf-konferencji-rcl-warszawa-uczestniczki-widownia-021-900x1350.jpg 900w, https:\/\/marcinkrokowski.com\/wp-content\/uploads\/2026\/08\/fotograf-konferencji-rcl-warszawa-uczestniczki-widownia-021-1200x1800.jpg 1200w, https:\/\/marcinkrokowski.com\/wp-content\/uploads\/2026\/08\/fotograf-konferencji-rcl-warszawa-uczestniczki-widownia-021-450x675.jpg 450w, https:\/\/marcinkrokowski.com\/wp-content\/uploads\/2026\/08\/fotograf-konferencji-rcl-warszawa-uczestniczki-widownia-021-768x1152.jpg 768w, https:\/\/marcinkrokowski.com\/wp-content\/uploads\/2026\/08\/fotograf-konferencji-rcl-warszawa-uczestniczki-widownia-021-1024x1536.jpg 1024w, https:\/\/marcinkrokowski.com\/wp-content\/uploads\/2026\/08\/fotograf-konferencji-rcl-warszawa-uczestniczki-widownia-021.jpg 1280w\" sizes=\"auto, (max-width: 900px) 100vw, 900px\" \/><\/figure>\n<\/figure>\n\n\n\n<figure class=\"wp-block-gallery alignwide has-nested-images columns-1 is-cropped wp-block-gallery-20 is-layout-flex wp-block-gallery-is-layout-flex\" data-block-type=\"core\">\n<figure class=\"wp-block-image size-large\" data-block-type=\"core\"><img loading=\"lazy\" decoding=\"async\" width=\"1200\" height=\"800\" data-id=\"36056\" src=\"https:\/\/marcinkrokowski.com\/wp-content\/uploads\/2026\/08\/fotograf-konferencji-rcl-warszawa-panel-ekspertow-zblizenie-022-1200x800.jpg\" alt=\"Expertenpanel zur Rolle des Legislators, RCL-Konferenz\" class=\"wp-image-36056\" title=\"\" srcset=\"https:\/\/marcinkrokowski.com\/wp-content\/uploads\/2026\/08\/fotograf-konferencji-rcl-warszawa-panel-ekspertow-zblizenie-022-1200x800.jpg 1200w, https:\/\/marcinkrokowski.com\/wp-content\/uploads\/2026\/08\/fotograf-konferencji-rcl-warszawa-panel-ekspertow-zblizenie-022-900x600.jpg 900w, https:\/\/marcinkrokowski.com\/wp-content\/uploads\/2026\/08\/fotograf-konferencji-rcl-warszawa-panel-ekspertow-zblizenie-022-450x300.jpg 450w, https:\/\/marcinkrokowski.com\/wp-content\/uploads\/2026\/08\/fotograf-konferencji-rcl-warszawa-panel-ekspertow-zblizenie-022-768x512.jpg 768w, https:\/\/marcinkrokowski.com\/wp-content\/uploads\/2026\/08\/fotograf-konferencji-rcl-warszawa-panel-ekspertow-zblizenie-022-1536x1024.jpg 1536w, https:\/\/marcinkrokowski.com\/wp-content\/uploads\/2026\/08\/fotograf-konferencji-rcl-warszawa-panel-ekspertow-zblizenie-022.jpg 1920w\" sizes=\"auto, (max-width: 1200px) 100vw, 1200px\" \/><\/figure>\n<\/figure>\n\n\n\n<figure class=\"wp-block-gallery alignwide has-nested-images columns-1 is-cropped wp-block-gallery-21 is-layout-flex wp-block-gallery-is-layout-flex\" data-block-type=\"core\">\n<figure class=\"wp-block-image size-large\" data-block-type=\"core\"><img loading=\"lazy\" decoding=\"async\" width=\"1200\" height=\"800\" data-id=\"36055\" src=\"https:\/\/marcinkrokowski.com\/wp-content\/uploads\/2026\/08\/fotograf-konferencji-rcl-warszawa-panel-dyskusyjny-scena-023-1200x800.jpg\" alt=\"Podiumsdiskussion Die Rolle des Legislators beim RCL-Jubil\u00e4um\" class=\"wp-image-36055\" title=\"\" srcset=\"https:\/\/marcinkrokowski.com\/wp-content\/uploads\/2026\/08\/fotograf-konferencji-rcl-warszawa-panel-dyskusyjny-scena-023-1200x800.jpg 1200w, https:\/\/marcinkrokowski.com\/wp-content\/uploads\/2026\/08\/fotograf-konferencji-rcl-warszawa-panel-dyskusyjny-scena-023-900x600.jpg 900w, https:\/\/marcinkrokowski.com\/wp-content\/uploads\/2026\/08\/fotograf-konferencji-rcl-warszawa-panel-dyskusyjny-scena-023-450x300.jpg 450w, https:\/\/marcinkrokowski.com\/wp-content\/uploads\/2026\/08\/fotograf-konferencji-rcl-warszawa-panel-dyskusyjny-scena-023-768x512.jpg 768w, https:\/\/marcinkrokowski.com\/wp-content\/uploads\/2026\/08\/fotograf-konferencji-rcl-warszawa-panel-dyskusyjny-scena-023-1536x1024.jpg 1536w, https:\/\/marcinkrokowski.com\/wp-content\/uploads\/2026\/08\/fotograf-konferencji-rcl-warszawa-panel-dyskusyjny-scena-023.jpg 1920w\" sizes=\"auto, (max-width: 1200px) 100vw, 1200px\" \/><\/figure>\n<\/figure>\n\n\n\n<figure class=\"wp-block-gallery alignwide has-nested-images columns-1 is-cropped wp-block-gallery-22 is-layout-flex wp-block-gallery-is-layout-flex\" data-block-type=\"core\">\n<figure class=\"wp-block-image size-large\" data-block-type=\"core\"><img loading=\"lazy\" decoding=\"async\" width=\"1200\" height=\"800\" data-id=\"36065\" src=\"https:\/\/marcinkrokowski.com\/wp-content\/uploads\/2026\/08\/fotograf-konferencji-rcl-warszawa-wreczenie-dyplomow-024-1200x800.jpg\" alt=\"Diplomverleihung an die Absolventen des Gesetzgebungsreferendariats\" class=\"wp-image-36065\" title=\"\" srcset=\"https:\/\/marcinkrokowski.com\/wp-content\/uploads\/2026\/08\/fotograf-konferencji-rcl-warszawa-wreczenie-dyplomow-024-1200x800.jpg 1200w, https:\/\/marcinkrokowski.com\/wp-content\/uploads\/2026\/08\/fotograf-konferencji-rcl-warszawa-wreczenie-dyplomow-024-900x600.jpg 900w, https:\/\/marcinkrokowski.com\/wp-content\/uploads\/2026\/08\/fotograf-konferencji-rcl-warszawa-wreczenie-dyplomow-024-450x300.jpg 450w, https:\/\/marcinkrokowski.com\/wp-content\/uploads\/2026\/08\/fotograf-konferencji-rcl-warszawa-wreczenie-dyplomow-024-768x512.jpg 768w, https:\/\/marcinkrokowski.com\/wp-content\/uploads\/2026\/08\/fotograf-konferencji-rcl-warszawa-wreczenie-dyplomow-024-1536x1024.jpg 1536w, https:\/\/marcinkrokowski.com\/wp-content\/uploads\/2026\/08\/fotograf-konferencji-rcl-warszawa-wreczenie-dyplomow-024.jpg 1920w\" sizes=\"auto, (max-width: 1200px) 100vw, 1200px\" \/><\/figure>\n<\/figure>\n\n\n\n<figure class=\"wp-block-gallery alignwide has-nested-images columns-1 is-cropped wp-block-gallery-23 is-layout-flex wp-block-gallery-is-layout-flex\" data-block-type=\"core\">\n<figure class=\"wp-block-image size-large\" data-block-type=\"core\"><img loading=\"lazy\" decoding=\"async\" width=\"1200\" height=\"800\" data-id=\"36040\" src=\"https:\/\/marcinkrokowski.com\/wp-content\/uploads\/2026\/08\/fotograf-konferencji-rcl-warszawa-absolwenci-scena-025-1200x800.jpg\" alt=\"Absolventen des Gesetzgebungsreferendariats auf der B\u00fchne des RCL-Saals\" class=\"wp-image-36040\" title=\"\" srcset=\"https:\/\/marcinkrokowski.com\/wp-content\/uploads\/2026\/08\/fotograf-konferencji-rcl-warszawa-absolwenci-scena-025-1200x800.jpg 1200w, https:\/\/marcinkrokowski.com\/wp-content\/uploads\/2026\/08\/fotograf-konferencji-rcl-warszawa-absolwenci-scena-025-900x600.jpg 900w, https:\/\/marcinkrokowski.com\/wp-content\/uploads\/2026\/08\/fotograf-konferencji-rcl-warszawa-absolwenci-scena-025-450x300.jpg 450w, https:\/\/marcinkrokowski.com\/wp-content\/uploads\/2026\/08\/fotograf-konferencji-rcl-warszawa-absolwenci-scena-025-768x512.jpg 768w, https:\/\/marcinkrokowski.com\/wp-content\/uploads\/2026\/08\/fotograf-konferencji-rcl-warszawa-absolwenci-scena-025-1536x1024.jpg 1536w, https:\/\/marcinkrokowski.com\/wp-content\/uploads\/2026\/08\/fotograf-konferencji-rcl-warszawa-absolwenci-scena-025.jpg 1920w\" sizes=\"auto, (max-width: 1200px) 100vw, 1200px\" \/><\/figure>\n<\/figure>\n\n\n\n<figure class=\"wp-block-gallery alignwide has-nested-images columns-1 is-cropped wp-block-gallery-24 is-layout-flex wp-block-gallery-is-layout-flex\" data-block-type=\"core\">\n<figure class=\"wp-block-image size-large\" data-block-type=\"core\"><img loading=\"lazy\" decoding=\"async\" width=\"1200\" height=\"800\" data-id=\"36057\" src=\"https:\/\/marcinkrokowski.com\/wp-content\/uploads\/2026\/08\/fotograf-konferencji-rcl-warszawa-poczestunek-detal-026-1200x800.jpg\" alt=\"Empfang nach dem offiziellen Teil der RCL-Konferenz\" class=\"wp-image-36057\" title=\"\" srcset=\"https:\/\/marcinkrokowski.com\/wp-content\/uploads\/2026\/08\/fotograf-konferencji-rcl-warszawa-poczestunek-detal-026-1200x800.jpg 1200w, https:\/\/marcinkrokowski.com\/wp-content\/uploads\/2026\/08\/fotograf-konferencji-rcl-warszawa-poczestunek-detal-026-900x600.jpg 900w, https:\/\/marcinkrokowski.com\/wp-content\/uploads\/2026\/08\/fotograf-konferencji-rcl-warszawa-poczestunek-detal-026-450x300.jpg 450w, https:\/\/marcinkrokowski.com\/wp-content\/uploads\/2026\/08\/fotograf-konferencji-rcl-warszawa-poczestunek-detal-026-768x512.jpg 768w, https:\/\/marcinkrokowski.com\/wp-content\/uploads\/2026\/08\/fotograf-konferencji-rcl-warszawa-poczestunek-detal-026-1536x1024.jpg 1536w, https:\/\/marcinkrokowski.com\/wp-content\/uploads\/2026\/08\/fotograf-konferencji-rcl-warszawa-poczestunek-detal-026.jpg 1920w\" sizes=\"auto, (max-width: 1200px) 100vw, 1200px\" \/><\/figure>\n<\/figure>\n\n\n\n<figure class=\"wp-block-gallery alignwide has-nested-images columns-1 is-cropped wp-block-gallery-25 is-layout-flex wp-block-gallery-is-layout-flex\" data-block-type=\"core\">\n<figure class=\"wp-block-image size-large\" data-block-type=\"core\"><img loading=\"lazy\" decoding=\"async\" width=\"1200\" height=\"800\" data-id=\"36052\" src=\"https:\/\/marcinkrokowski.com\/wp-content\/uploads\/2026\/08\/fotograf-konferencji-rcl-warszawa-networking-poczestunek-027-1200x800.jpg\" alt=\"Networking an der RCL-Fotowand nach der Konferenz\" class=\"wp-image-36052\" title=\"\" srcset=\"https:\/\/marcinkrokowski.com\/wp-content\/uploads\/2026\/08\/fotograf-konferencji-rcl-warszawa-networking-poczestunek-027-1200x800.jpg 1200w, https:\/\/marcinkrokowski.com\/wp-content\/uploads\/2026\/08\/fotograf-konferencji-rcl-warszawa-networking-poczestunek-027-900x600.jpg 900w, https:\/\/marcinkrokowski.com\/wp-content\/uploads\/2026\/08\/fotograf-konferencji-rcl-warszawa-networking-poczestunek-027-450x300.jpg 450w, https:\/\/marcinkrokowski.com\/wp-content\/uploads\/2026\/08\/fotograf-konferencji-rcl-warszawa-networking-poczestunek-027-768x512.jpg 768w, https:\/\/marcinkrokowski.com\/wp-content\/uploads\/2026\/08\/fotograf-konferencji-rcl-warszawa-networking-poczestunek-027-1536x1024.jpg 1536w, https:\/\/marcinkrokowski.com\/wp-content\/uploads\/2026\/08\/fotograf-konferencji-rcl-warszawa-networking-poczestunek-027.jpg 1920w\" sizes=\"auto, (max-width: 1200px) 100vw, 1200px\" \/><\/figure>\n<\/figure>\n\n\n\n<figure class=\"wp-block-gallery alignwide has-nested-images columns-1 is-cropped wp-block-gallery-26 is-layout-flex wp-block-gallery-is-layout-flex\" data-block-type=\"core\">\n<figure class=\"wp-block-image size-large\" data-block-type=\"core\"><img loading=\"lazy\" decoding=\"async\" width=\"1200\" height=\"801\" data-id=\"36043\" src=\"https:\/\/marcinkrokowski.com\/wp-content\/uploads\/2026\/08\/fotograf-konferencji-rcl-warszawa-fotoscianka-pamiatkowe-028-1200x801.jpg\" alt=\"Ein Erinnerungsfoto an der Fotowand des Rz\u0105dowe Centrum Legislacji\" class=\"wp-image-36043\" title=\"\" srcset=\"https:\/\/marcinkrokowski.com\/wp-content\/uploads\/2026\/08\/fotograf-konferencji-rcl-warszawa-fotoscianka-pamiatkowe-028-1200x801.jpg 1200w, https:\/\/marcinkrokowski.com\/wp-content\/uploads\/2026\/08\/fotograf-konferencji-rcl-warszawa-fotoscianka-pamiatkowe-028-900x600.jpg 900w, https:\/\/marcinkrokowski.com\/wp-content\/uploads\/2026\/08\/fotograf-konferencji-rcl-warszawa-fotoscianka-pamiatkowe-028-450x300.jpg 450w, https:\/\/marcinkrokowski.com\/wp-content\/uploads\/2026\/08\/fotograf-konferencji-rcl-warszawa-fotoscianka-pamiatkowe-028-768x512.jpg 768w, https:\/\/marcinkrokowski.com\/wp-content\/uploads\/2026\/08\/fotograf-konferencji-rcl-warszawa-fotoscianka-pamiatkowe-028-1536x1025.jpg 1536w, https:\/\/marcinkrokowski.com\/wp-content\/uploads\/2026\/08\/fotograf-konferencji-rcl-warszawa-fotoscianka-pamiatkowe-028.jpg 1920w\" sizes=\"auto, (max-width: 1200px) 100vw, 1200px\" \/><\/figure>\n<\/figure>\n","protected":false},"excerpt":{"rendered":"<p>Eine Konferenz in einer \u00f6ffentlichen Institution hat ihren eigenen Rhythmus. Flaggen am Rednerpult, das Staatswappen \u00fcber dem Eingang, Protokoll und eine G\u00e4steliste, die im Material<\/p>\n","protected":false},"author":0,"featured_media":36041,"parent":0,"comment_status":"closed","ping_status":"closed","template":"","kategoria_portfolio":[23],"class_list":["post-37275","portfolio","type-portfolio","status-publish","has-post-thumbnail","hentry","kategoria_portfolio-konferencje","infinite-scroll-item","generate-columns","tablet-grid-50","mobile-grid-100","grid-parent","grid-33"],"_links":{"self":[{"href":"https:\/\/marcinkrokowski.com\/de\/wp-json\/wp\/v2\/portfolio\/37275","targetHints":{"allow":["GET"]}}],"collection":[{"href":"https:\/\/marcinkrokowski.com\/de\/wp-json\/wp\/v2\/portfolio"}],"about":[{"href":"https:\/\/marcinkrokowski.com\/de\/wp-json\/wp\/v2\/types\/portfolio"}],"replies":[{"embeddable":true,"href":"https:\/\/marcinkrokowski.com\/de\/wp-json\/wp\/v2\/comments?post=37275"}],"version-history":[{"count":0,"href":"https:\/\/marcinkrokowski.com\/de\/wp-json\/wp\/v2\/portfolio\/37275\/revisions"}],"wp:featuredmedia":[{"embeddable":true,"href":"https:\/\/marcinkrokowski.com\/de\/wp-json\/wp\/v2\/media\/36041"}],"wp:attachment":[{"href":"https:\/\/marcinkrokowski.com\/de\/wp-json\/wp\/v2\/media?parent=37275"}],"wp:term":[{"taxonomy":"kategoria_portfolio","embeddable":true,"href":"https:\/\/marcinkrokowski.com\/de\/wp-json\/wp\/v2\/kategoria_portfolio?post=37275"}],"curies":[{"name":"wp","href":"https:\/\/api.w.org\/{rel}","templated":true}]}}