{"id":37265,"date":"2026-08-17T22:30:00","date_gmt":"2026-08-17T20:30:00","guid":{"rendered":"https:\/\/marcinkrokowski.com\/portfolio\/konferenz-storytelling-ai-kamil-koziel\/"},"modified":"2026-08-17T22:30:00","modified_gmt":"2026-08-17T20:30:00","slug":"konferenz-storytelling-ai-kamil-koziel","status":"publish","type":"portfolio","link":"https:\/\/marcinkrokowski.com\/de\/portfolio\/konferenz-storytelling-ai-kamil-koziel\/","title":{"rendered":"Fotobericht von der Konferenz Kozie\u0142 i Przyjaciele: Storytelling AI"},"content":{"rendered":"\n<div class=\"wp-block-stackable-columns stk-block-columns stk-block stk-cf7cd54 stk-block-background\" data-block-id=\"cf7cd54\" data-block-type=\"core\" data-block-type=\"core\"><style>.stk-cf7cd54 {background-color:var(--bg-secondary) !important;border-top-left-radius:12px !important;border-top-right-radius:12px !important;border-bottom-right-radius:12px !important;border-bottom-left-radius:12px !important;overflow:hidden !important;box-shadow:5px 10px 30px 0px #0000004f !important;border-style:solid !important;border-top-width:1px !important;border-right-width:1px !important;border-bottom-width:1px !important;border-left-width:1px !important;min-height:200px !important;align-items:flex-start !important;max-width:900px !important;min-width:auto !important;margin-bottom:40px !important;display:flex !important;}.stk-cf7cd54:before{background-color:var(--bg-secondary) !important;}.stk-cf7cd54-column{max-width:900px !important;min-width:auto !important;margin-right:auto !important;margin-left:auto !important;}<\/style><div class=\"stk-row stk-inner-blocks stk-block-content stk-content-align stk-cf7cd54-column\">\n<div class=\"wp-block-stackable-column stk-block-column stk-column stk-block stk-c5cce51\" data-v=\"4\" data-block-id=\"c5cce51\"><div class=\"stk-column-wrapper stk-block-column__content stk-container stk-c5cce51-container stk--no-background stk--no-padding\"><div class=\"stk-block-content stk-inner-blocks stk-c5cce51-inner-blocks\">\n<div class=\"wp-block-stackable-icon-list stk-block-icon-list stk-block stk-3254369\" data-block-id=\"3254369\"><style>.stk-3254369 .stk-block-icon-list-item__content{align-items:baseline !important;}@media screen and (max-width: 1023px){.stk-3254369 .stk-block-icon-list-item__content{align-items:baseline !important;}}@media screen and (max-width: 767px){.stk-3254369 .stk-block-icon-list-item__content{align-items:baseline !important;}}<\/style><svg style=\"display:none\"><defs><g id=\"stk-icon-list__icon-svg-def-3254369\"><svg xmlns=\"http:\/\/www.w3.org\/2000\/svg\" viewBox=\"0 0 190 190\"><polygon points=\"173.8,28.4 60.4,141.8 15.7,97.2 5.1,107.8 60.4,163 184.4,39 173.8,28.4\"\/><\/svg><\/g><\/defs><\/svg><ul class=\"stk-block-icon-list__ul stk-block-icon-list--column\">\n<li class=\"wp-block-stackable-icon-list-item stk-block-icon-list-item stk-block stk-e672d85\" data-block-id=\"e672d85\"><div class=\"stk-block-icon-list-item__content\"><span class=\"stk--svg-wrapper\"><div class=\"stk--inner-svg\"><svg xmlns=\"http:\/\/www.w3.org\/2000\/svg\" viewbox=\"0 0 384 512\" aria-hidden=\"true\" width=\"32\" height=\"32\"><path d=\"M64 48c-8.8 0-16 7.2-16 16V448c0 8.8 7.2 16 16 16h80V400c0-26.5 21.5-48 48-48s48 21.5 48 48v64h80c8.8 0 16-7.2 16-16V64c0-8.8-7.2-16-16-16H64zM0 64C0 28.7 28.7 0 64 0H320c35.3 0 64 28.7 64 64V448c0 35.3-28.7 64-64 64H64c-35.3 0-64-28.7-64-64V64zm88 40c0-8.8 7.2-16 16-16h48c8.8 0 16 7.2 16 16v48c0 8.8-7.2 16-16 16H104c-8.8 0-16-7.2-16-16V104zM232 88h48c8.8 0 16 7.2 16 16v48c0 8.8-7.2 16-16 16H232c-8.8 0-16-7.2-16-16V104c0-8.8 7.2-16 16-16zM88 232c0-8.8 7.2-16 16-16h48c8.8 0 16 7.2 16 16v48c0 8.8-7.2 16-16 16H104c-8.8 0-16-7.2-16-16V232zm144-16h48c8.8 0 16 7.2 16 16v48c0 8.8-7.2 16-16 16H232c-8.8 0-16-7.2-16-16V232c0-8.8 7.2-16 16-16z\"><\/path><\/svg><\/div><\/span><span class=\"stk-block-icon-list-item__text\"><strong>Kunde:<\/strong> <\/span><\/div><\/li>\n\n\n\n<li class=\"wp-block-stackable-icon-list-item stk-block-icon-list-item stk-block stk-1052ef5\" data-block-id=\"1052ef5\"><div class=\"stk-block-icon-list-item__content\"><span class=\"stk--svg-wrapper\"><div class=\"stk--inner-svg\"><svg xmlns=\"http:\/\/www.w3.org\/2000\/svg\" viewbox=\"0 0 576 512\" aria-hidden=\"true\" width=\"32\" height=\"32\"><path d=\"M264.5 5.2c14.9-6.9 32.1-6.9 47 0l218.6 101c8.5 3.9 13.9 12.4 13.9 21.8s-5.4 17.9-13.9 21.8l-218.6 101c-14.9 6.9-32.1 6.9-47 0L45.9 149.8C37.4 145.8 32 137.3 32 128s5.4-17.9 13.9-21.8L264.5 5.2zM476.9 209.6l53.2 24.6c8.5 3.9 13.9 12.4 13.9 21.8s-5.4 17.9-13.9 21.8l-218.6 101c-14.9 6.9-32.1 6.9-47 0L45.9 277.8C37.4 273.8 32 265.3 32 256s5.4-17.9 13.9-21.8l53.2-24.6 152 70.2c23.4 10.8 50.4 10.8 73.8 0l152-70.2zm-152 198.2l152-70.2 53.2 24.6c8.5 3.9 13.9 12.4 13.9 21.8s-5.4 17.9-13.9 21.8l-218.6 101c-14.9 6.9-32.1 6.9-47 0L45.9 405.8C37.4 401.8 32 393.3 32 384s5.4-17.9 13.9-21.8l53.2-24.6 152 70.2c23.4 10.8 50.4 10.8 73.8 0z\"><\/path><\/svg><\/div><\/span><span class=\"stk-block-icon-list-item__text\"><strong>Art der Veranstaltung:<\/strong> <a href=\"https:\/\/marcinkrokowski.com\/de\/kategoria-portfolio\/konferenzen\/\">Konferencje<\/a><\/span><\/div><\/li>\n\n\n\n<li class=\"wp-block-stackable-icon-list-item stk-block-icon-list-item stk-block stk-c0979fd\" data-block-id=\"c0979fd\"><div class=\"stk-block-icon-list-item__content\"><span class=\"stk--svg-wrapper\"><div class=\"stk--inner-svg\"><svg xmlns=\"http:\/\/www.w3.org\/2000\/svg\" viewbox=\"0 0 448 512\" aria-hidden=\"true\" width=\"32\" height=\"32\"><path d=\"M152 24c0-13.3-10.7-24-24-24s-24 10.7-24 24V64H64C28.7 64 0 92.7 0 128v16 48V448c0 35.3 28.7 64 64 64H384c35.3 0 64-28.7 64-64V192 144 128c0-35.3-28.7-64-64-64H344V24c0-13.3-10.7-24-24-24s-24 10.7-24 24V64H152V24zM48 192H400V448c0 8.8-7.2 16-16 16H64c-8.8 0-16-7.2-16-16V192z\"><\/path><\/svg><\/div><\/span><span class=\"stk-block-icon-list-item__text\"><strong>Datum des Ereignisses:<\/strong> <\/span><\/div><\/li>\n\n\n\n<li class=\"wp-block-stackable-icon-list-item stk-block-icon-list-item stk-block stk-d7db120\" data-block-id=\"d7db120\"><div class=\"stk-block-icon-list-item__content\"><span class=\"stk--svg-wrapper\"><div class=\"stk--inner-svg\"><svg xmlns=\"http:\/\/www.w3.org\/2000\/svg\" viewbox=\"0 0 384 512\" aria-hidden=\"true\" width=\"32\" height=\"32\"><path d=\"M215.7 499.2C267 435 384 279.4 384 192C384 86 298 0 192 0S0 86 0 192c0 87.4 117 243 168.3 307.2c12.3 15.3 35.1 15.3 47.4 0zM192 128a64 64 0 1 1 0 128 64 64 0 1 1 0-128z\"><\/path><\/svg><\/div><\/span><span class=\"stk-block-icon-list-item__text\"><strong>Standort:<\/strong> <\/span><\/div><\/li>\n\n\n\n<li class=\"wp-block-stackable-icon-list-item stk-block-icon-list-item stk-block stk-f9abdaf\" data-block-id=\"f9abdaf\"><div class=\"stk-block-icon-list-item__content\"><span class=\"stk--svg-wrapper\"><div class=\"stk--inner-svg\"><svg xmlns=\"http:\/\/www.w3.org\/2000\/svg\" viewbox=\"0 0 448 512\" aria-hidden=\"true\" width=\"32\" height=\"32\"><path d=\"M176 0c-17.7 0-32 14.3-32 32s14.3 32 32 32h16V98.4C92.3 113.8 16 200 16 304c0 114.9 93.1 208 208 208s208-93.1 208-208c0-41.8-12.3-80.7-33.5-113.2l24.1-24.1c12.5-12.5 12.5-32.8 0-45.3s-32.8-12.5-45.3 0L355.7 143c-28.1-23-62.2-38.8-99.7-44.6V64h16c17.7 0 32-14.3 32-32s-14.3-32-32-32H224 176zm72 192V320c0 13.3-10.7 24-24 24s-24-10.7-24-24V192c0-13.3 10.7-24 24-24s24 10.7 24 24z\"><\/path><\/svg><\/div><\/span><span class=\"stk-block-icon-list-item__text\"><strong>Dauer der Reportage:<\/strong> <\/span><\/div><\/li>\n\n\n\n<li class=\"wp-block-stackable-icon-list-item stk-block-icon-list-item stk-block stk-be1686d\" data-block-id=\"be1686d\"><div class=\"stk-block-icon-list-item__content\"><span class=\"stk--svg-wrapper\"><div class=\"stk--inner-svg\"><svg xmlns=\"http:\/\/www.w3.org\/2000\/svg\" viewbox=\"0 0 576 512\" aria-hidden=\"true\" width=\"32\" height=\"32\"><path d=\"M160 80H512c8.8 0 16 7.2 16 16V320c0 8.8-7.2 16-16 16H490.8L388.1 178.9c-4.4-6.8-12-10.9-20.1-10.9s-15.7 4.1-20.1 10.9l-52.2 79.8-12.4-16.9c-4.5-6.2-11.7-9.8-19.4-9.8s-14.8 3.6-19.4 9.8L175.6 336H160c-8.8 0-16-7.2-16-16V96c0-8.8 7.2-16 16-16zM96 96V320c0 35.3 28.7 64 64 64H512c35.3 0 64-28.7 64-64V96c0-35.3-28.7-64-64-64H160c-35.3 0-64 28.7-64 64zM48 120c0-13.3-10.7-24-24-24S0 106.7 0 120V344c0 75.1 60.9 136 136 136H456c13.3 0 24-10.7 24-24s-10.7-24-24-24H136c-48.6 0-88-39.4-88-88V120zm208 24a32 32 0 1 0 -64 0 32 32 0 1 0 64 0z\"><\/path><\/svg><\/div><\/span><span class=\"stk-block-icon-list-item__text\"><strong>Anzahl der gelieferten Fotos:<\/strong> <\/span><\/div><\/li>\n\n\n\n<li class=\"wp-block-stackable-icon-list-item stk-block-icon-list-item stk-block stk-65447a4\" data-block-id=\"65447a4\"><div class=\"stk-block-icon-list-item__content\"><span class=\"stk--svg-wrapper\"><div class=\"stk--inner-svg\"><svg xmlns=\"http:\/\/www.w3.org\/2000\/svg\" viewbox=\"0 0 640 512\" aria-hidden=\"true\" width=\"32\" height=\"32\"><path d=\"M184 48H328c4.4 0 8 3.6 8 8V96H176V56c0-4.4 3.6-8 8-8zm-56 8V96H64C28.7 96 0 124.7 0 160v96H192 352h8.2c32.3-39.1 81.1-64 135.8-64c5.4 0 10.7 .2 16 .7V160c0-35.3-28.7-64-64-64H384V56c0-30.9-25.1-56-56-56H184c-30.9 0-56 25.1-56 56zM320 352H224c-17.7 0-32-14.3-32-32V288H0V416c0 35.3 28.7 64 64 64H360.2C335.1 449.6 320 410.5 320 368c0-5.4 .2-10.7 .7-16l-.7 0zm320 16a144 144 0 1 0 -288 0 144 144 0 1 0 288 0zM496 288c8.8 0 16 7.2 16 16v48h32c8.8 0 16 7.2 16 16s-7.2 16-16 16H496c-8.8 0-16-7.2-16-16V304c0-8.8 7.2-16 16-16z\"><\/path><\/svg><\/div><\/span><span class=\"stk-block-icon-list-item__text\"><strong>Bearbeitungszeit:<\/strong> <\/span><\/div><\/li>\n<\/ul><\/div>\n<\/div><\/div><\/div>\n<\/div><\/div>\n\n\n\n<p class=\"wp-block-paragraph\" data-block-type=\"core\">Die Tickets waren innerhalb weniger Stunden vergriffen. Die KI-Konferenz in den R\u00e4umen von Just Join IT begann um 16:45 Uhr und endete am Abend beim Networking mit Pizza. Der Veranstalter brauchte Material vom gesamten Ablauf: von der B\u00fchne, vom Publikum und von den Gespr\u00e4chen in den Kulissen.<\/p>\n\n\n\n<p class=\"wp-block-paragraph\" data-block-type=\"core\">Am 1. April 2026 habe ich die Konferenz Kozie\u0142 i Przyjaciele: Storytelling AI in Warschau fotografiert. Kamil Kozie\u0142 hatte bekannte Redner und Praktiker auf die B\u00fchne eingeladen, darunter Artur Kurasi\u0144ski und Micha\u0142 Sadowski. Der Saal war ausverkauft, f\u00fcr alle anderen gab es einen kostenlosen Livestream.<\/p>\n\n\n\n<h2 class=\"wp-block-heading\" data-block-type=\"core\">Was geschah<\/h2>\n\n\n\n<p class=\"wp-block-paragraph\" data-block-type=\"core\">Das Programm durchlief mehrere Formate, und jedes verlangte andere Aufnahmen.<\/p>\n\n\n\n<p class=\"wp-block-paragraph\" data-block-type=\"core\">Solovortr\u00e4ge sind reportageartige Arbeit: Redner, Folie und Reaktion des Publikums in einem Bild. Die Folien waren hier Teil der Geschichte, deshalb habe ich auf Momente geachtet, in denen Bildschirm und Geste des Redners zusammen ein Ganzes ergeben.<\/p>\n\n\n\n<p class=\"wp-block-paragraph\" data-block-type=\"core\">Gespr\u00e4che auf der B\u00fchne fotografiere ich anders: aus der N\u00e4he, mit l\u00e4ngerer Brennweite, im Moment des Wortwechsels. Dazu kommen die Reaktionen des Publikums, denn der Veranstalter braucht nach dem Event nicht nur die B\u00fchne, sondern den Beweis, dass der Saal lebendig war.<\/p>\n\n\n\n<p class=\"wp-block-paragraph\" data-block-type=\"core\">Am Abend verwandelte sich der Saal in eine Networking Fl\u00e4che: Begr\u00fc\u00dfungen, H\u00e4ndesch\u00fctteln, Gespr\u00e4che an der Bar und eine Discokugel unter der Decke. Dieser Teil liefert das Material, das die n\u00e4chste Ausgabe am besten verkauft.<\/p>\n\n\n\n<h2 class=\"wp-block-heading\" data-block-type=\"core\">Worauf ich geachtet habe<\/h2>\n\n\n\n<p class=\"wp-block-paragraph\" data-block-type=\"core\">Das B\u00fcro in einem der oberen Stockwerke bietet einen Vorteil, den kein Konferenzsaal bieten kann: hinter den Fenstern liegt Warschau. Ein paar Aufnahmen habe ich durch die Scheibe gemacht, \u00fcber die K\u00f6pfe der Zuh\u00f6rer hinweg, mit einer Kuppel und Kr\u00e4nen im Hintergrund. Solche Bilder geben dem Bericht ein Gef\u00fchl f\u00fcr den Ort.<\/p>\n\n\n\n<p class=\"wp-block-paragraph\" data-block-type=\"core\">Ich habe mehr fotografiert als nur die B\u00fchne: Namensschilder am Eingang, das Branding der Partner, das Catering, Details des Raums. Das Marketing sucht sp\u00e4ter Fotos f\u00fcr Social Media, die Partner ihre Pr\u00e4senz und die Redner ihre eigenen Auftritte.<\/p>\n\n\n\n<p class=\"wp-block-paragraph\" data-block-type=\"core\">Ich habe eigenst\u00e4ndig und diskret gearbeitet. Niemand musste mir zeigen, wo die B\u00fchne ist oder wer als N\u00e4chstes ans Mikrofon tritt.<\/p>\n\n\n\n<h2 class=\"wp-block-heading\" data-block-type=\"core\">Ergebnis<\/h2>\n\n\n\n<p class=\"wp-block-paragraph\" data-block-type=\"core\">Aus rund 4 Stunden Veranstaltung habe ich \u00fcber 600 fertige Fotos geliefert. Die Reaktion des Veranstalters nach Erhalt der Galerie: \u201eDanke, mega Fotos!!!\u201c<\/p>\n\n\n\n<figure class=\"wp-block-gallery alignwide has-nested-images columns-1 is-cropped wp-block-gallery-1 is-layout-flex wp-block-gallery-is-layout-flex\" data-block-type=\"core\">\n<figure class=\"wp-block-image size-large\" data-block-type=\"core\"><img loading=\"lazy\" decoding=\"async\" width=\"1200\" height=\"800\" data-id=\"36292\" src=\"https:\/\/marcinkrokowski.com\/wp-content\/uploads\/2026\/08\/fotorelacja-konferencja-storytelling-ai-warszawa-identyfikatory-rejestracja-002-1200x800.jpg\" alt=\"Namensschilder der Konferenz Kozie\u0142 i Przyjaciele: Storytelling AI, vorbereitet an der Registrierung\" class=\"wp-image-36292\" title=\"\" srcset=\"https:\/\/marcinkrokowski.com\/wp-content\/uploads\/2026\/08\/fotorelacja-konferencja-storytelling-ai-warszawa-identyfikatory-rejestracja-002-1200x800.jpg 1200w, https:\/\/marcinkrokowski.com\/wp-content\/uploads\/2026\/08\/fotorelacja-konferencja-storytelling-ai-warszawa-identyfikatory-rejestracja-002-900x600.jpg 900w, https:\/\/marcinkrokowski.com\/wp-content\/uploads\/2026\/08\/fotorelacja-konferencja-storytelling-ai-warszawa-identyfikatory-rejestracja-002-450x300.jpg 450w, https:\/\/marcinkrokowski.com\/wp-content\/uploads\/2026\/08\/fotorelacja-konferencja-storytelling-ai-warszawa-identyfikatory-rejestracja-002-768x512.jpg 768w, https:\/\/marcinkrokowski.com\/wp-content\/uploads\/2026\/08\/fotorelacja-konferencja-storytelling-ai-warszawa-identyfikatory-rejestracja-002-1536x1024.jpg 1536w, https:\/\/marcinkrokowski.com\/wp-content\/uploads\/2026\/08\/fotorelacja-konferencja-storytelling-ai-warszawa-identyfikatory-rejestracja-002.jpg 1920w\" sizes=\"auto, (max-width: 1200px) 100vw, 1200px\" \/><\/figure>\n<\/figure>\n\n\n\n<figure class=\"wp-block-gallery alignwide has-nested-images columns-default is-cropped wp-block-gallery-2 is-layout-flex wp-block-gallery-is-layout-flex\" data-block-type=\"core\">\n<figure class=\"wp-block-image size-medium\" data-block-type=\"core\"><img loading=\"lazy\" decoding=\"async\" width=\"900\" height=\"1350\" data-id=\"36315\" src=\"https:\/\/marcinkrokowski.com\/wp-content\/uploads\/2026\/08\/fotorelacja-konferencja-storytelling-ai-warszawa-panorama-warszawy-dzien-003-900x1350.jpg\" alt=\"Panorama von Warschau, gesehen aus dem Konferenzraum w\u00e4hrend Kozie\u0142 i Przyjaciele: Storytelling AI\" class=\"wp-image-36315\" title=\"\" srcset=\"https:\/\/marcinkrokowski.com\/wp-content\/uploads\/2026\/08\/fotorelacja-konferencja-storytelling-ai-warszawa-panorama-warszawy-dzien-003-900x1350.jpg 900w, https:\/\/marcinkrokowski.com\/wp-content\/uploads\/2026\/08\/fotorelacja-konferencja-storytelling-ai-warszawa-panorama-warszawy-dzien-003-1200x1800.jpg 1200w, https:\/\/marcinkrokowski.com\/wp-content\/uploads\/2026\/08\/fotorelacja-konferencja-storytelling-ai-warszawa-panorama-warszawy-dzien-003-450x675.jpg 450w, https:\/\/marcinkrokowski.com\/wp-content\/uploads\/2026\/08\/fotorelacja-konferencja-storytelling-ai-warszawa-panorama-warszawy-dzien-003-768x1152.jpg 768w, https:\/\/marcinkrokowski.com\/wp-content\/uploads\/2026\/08\/fotorelacja-konferencja-storytelling-ai-warszawa-panorama-warszawy-dzien-003-1024x1536.jpg 1024w, https:\/\/marcinkrokowski.com\/wp-content\/uploads\/2026\/08\/fotorelacja-konferencja-storytelling-ai-warszawa-panorama-warszawy-dzien-003.jpg 1280w\" sizes=\"auto, (max-width: 900px) 100vw, 900px\" \/><\/figure>\n\n\n\n<figure class=\"wp-block-image size-medium\" data-block-type=\"core\"><img loading=\"lazy\" decoding=\"async\" width=\"900\" height=\"1351\" data-id=\"36304\" src=\"https:\/\/marcinkrokowski.com\/wp-content\/uploads\/2026\/08\/fotorelacja-konferencja-storytelling-ai-warszawa-networking-kula-disco-013-900x1351.jpg\" alt=\"Abendliches Networking unter der Discokugel auf der Konferenz Kozie\u0142 i Przyjaciele: Storytelling AI\" class=\"wp-image-36304\" title=\"\" srcset=\"https:\/\/marcinkrokowski.com\/wp-content\/uploads\/2026\/08\/fotorelacja-konferencja-storytelling-ai-warszawa-networking-kula-disco-013-900x1351.jpg 900w, https:\/\/marcinkrokowski.com\/wp-content\/uploads\/2026\/08\/fotorelacja-konferencja-storytelling-ai-warszawa-networking-kula-disco-013-1200x1801.jpg 1200w, https:\/\/marcinkrokowski.com\/wp-content\/uploads\/2026\/08\/fotorelacja-konferencja-storytelling-ai-warszawa-networking-kula-disco-013-450x676.jpg 450w, https:\/\/marcinkrokowski.com\/wp-content\/uploads\/2026\/08\/fotorelacja-konferencja-storytelling-ai-warszawa-networking-kula-disco-013-768x1153.jpg 768w, https:\/\/marcinkrokowski.com\/wp-content\/uploads\/2026\/08\/fotorelacja-konferencja-storytelling-ai-warszawa-networking-kula-disco-013-1023x1536.jpg 1023w, https:\/\/marcinkrokowski.com\/wp-content\/uploads\/2026\/08\/fotorelacja-konferencja-storytelling-ai-warszawa-networking-kula-disco-013.jpg 1279w\" sizes=\"auto, (max-width: 900px) 100vw, 900px\" \/><\/figure>\n<\/figure>\n\n\n\n<figure class=\"wp-block-gallery alignwide has-nested-images columns-1 is-cropped wp-block-gallery-3 is-layout-flex wp-block-gallery-is-layout-flex\" data-block-type=\"core\">\n<figure class=\"wp-block-image size-large\" data-block-type=\"core\"><img loading=\"lazy\" decoding=\"async\" width=\"1200\" height=\"800\" data-id=\"36294\" src=\"https:\/\/marcinkrokowski.com\/wp-content\/uploads\/2026\/08\/fotorelacja-konferencja-storytelling-ai-warszawa-kamil-koziel-otwarcie-004-1200x800.jpg\" alt=\"Kamil Kozie\u0142 er\u00f6ffnet die Konferenz Storytelling AI vor vollem Saal\" class=\"wp-image-36294\" title=\"\" srcset=\"https:\/\/marcinkrokowski.com\/wp-content\/uploads\/2026\/08\/fotorelacja-konferencja-storytelling-ai-warszawa-kamil-koziel-otwarcie-004-1200x800.jpg 1200w, https:\/\/marcinkrokowski.com\/wp-content\/uploads\/2026\/08\/fotorelacja-konferencja-storytelling-ai-warszawa-kamil-koziel-otwarcie-004-900x600.jpg 900w, https:\/\/marcinkrokowski.com\/wp-content\/uploads\/2026\/08\/fotorelacja-konferencja-storytelling-ai-warszawa-kamil-koziel-otwarcie-004-450x300.jpg 450w, https:\/\/marcinkrokowski.com\/wp-content\/uploads\/2026\/08\/fotorelacja-konferencja-storytelling-ai-warszawa-kamil-koziel-otwarcie-004-768x512.jpg 768w, https:\/\/marcinkrokowski.com\/wp-content\/uploads\/2026\/08\/fotorelacja-konferencja-storytelling-ai-warszawa-kamil-koziel-otwarcie-004-1536x1024.jpg 1536w, https:\/\/marcinkrokowski.com\/wp-content\/uploads\/2026\/08\/fotorelacja-konferencja-storytelling-ai-warszawa-kamil-koziel-otwarcie-004.jpg 1920w\" sizes=\"auto, (max-width: 1200px) 100vw, 1200px\" \/><\/figure>\n<\/figure>\n\n\n\n<figure class=\"wp-block-gallery alignwide has-nested-images columns-1 is-cropped wp-block-gallery-4 is-layout-flex wp-block-gallery-is-layout-flex\" data-block-type=\"core\">\n<figure class=\"wp-block-image size-large\" data-block-type=\"core\"><img loading=\"lazy\" decoding=\"async\" width=\"1200\" height=\"800\" data-id=\"36296\" src=\"https:\/\/marcinkrokowski.com\/wp-content\/uploads\/2026\/08\/fotorelacja-konferencja-storytelling-ai-warszawa-kamil-koziel-prowadzenie-005-1200x800.jpg\" alt=\"Kamil Kozie\u0142 moderiert die Konferenz Kozie\u0142 i Przyjaciele: Storytelling AI\" class=\"wp-image-36296\" title=\"\" srcset=\"https:\/\/marcinkrokowski.com\/wp-content\/uploads\/2026\/08\/fotorelacja-konferencja-storytelling-ai-warszawa-kamil-koziel-prowadzenie-005-1200x800.jpg 1200w, https:\/\/marcinkrokowski.com\/wp-content\/uploads\/2026\/08\/fotorelacja-konferencja-storytelling-ai-warszawa-kamil-koziel-prowadzenie-005-900x600.jpg 900w, https:\/\/marcinkrokowski.com\/wp-content\/uploads\/2026\/08\/fotorelacja-konferencja-storytelling-ai-warszawa-kamil-koziel-prowadzenie-005-450x300.jpg 450w, https:\/\/marcinkrokowski.com\/wp-content\/uploads\/2026\/08\/fotorelacja-konferencja-storytelling-ai-warszawa-kamil-koziel-prowadzenie-005-768x512.jpg 768w, https:\/\/marcinkrokowski.com\/wp-content\/uploads\/2026\/08\/fotorelacja-konferencja-storytelling-ai-warszawa-kamil-koziel-prowadzenie-005-1536x1024.jpg 1536w, https:\/\/marcinkrokowski.com\/wp-content\/uploads\/2026\/08\/fotorelacja-konferencja-storytelling-ai-warszawa-kamil-koziel-prowadzenie-005.jpg 1920w\" sizes=\"auto, (max-width: 1200px) 100vw, 1200px\" \/><\/figure>\n<\/figure>\n\n\n\n<figure class=\"wp-block-gallery alignwide has-nested-images columns-1 is-cropped wp-block-gallery-5 is-layout-flex wp-block-gallery-is-layout-flex\" data-block-type=\"core\">\n<figure class=\"wp-block-image size-large\" data-block-type=\"core\"><img loading=\"lazy\" decoding=\"async\" width=\"1200\" height=\"800\" data-id=\"36319\" src=\"https:\/\/marcinkrokowski.com\/wp-content\/uploads\/2026\/08\/fotorelacja-konferencja-storytelling-ai-warszawa-prelegent-wystapienie-slajd-006-1200x800.jpg\" alt=\"Vortrag eines Redners auf der Konferenz Storytelling AI, Folie auf dem Bildschirm und Publikum\" class=\"wp-image-36319\" title=\"\" srcset=\"https:\/\/marcinkrokowski.com\/wp-content\/uploads\/2026\/08\/fotorelacja-konferencja-storytelling-ai-warszawa-prelegent-wystapienie-slajd-006-1200x800.jpg 1200w, https:\/\/marcinkrokowski.com\/wp-content\/uploads\/2026\/08\/fotorelacja-konferencja-storytelling-ai-warszawa-prelegent-wystapienie-slajd-006-900x600.jpg 900w, https:\/\/marcinkrokowski.com\/wp-content\/uploads\/2026\/08\/fotorelacja-konferencja-storytelling-ai-warszawa-prelegent-wystapienie-slajd-006-450x300.jpg 450w, https:\/\/marcinkrokowski.com\/wp-content\/uploads\/2026\/08\/fotorelacja-konferencja-storytelling-ai-warszawa-prelegent-wystapienie-slajd-006-768x512.jpg 768w, https:\/\/marcinkrokowski.com\/wp-content\/uploads\/2026\/08\/fotorelacja-konferencja-storytelling-ai-warszawa-prelegent-wystapienie-slajd-006-1536x1024.jpg 1536w, https:\/\/marcinkrokowski.com\/wp-content\/uploads\/2026\/08\/fotorelacja-konferencja-storytelling-ai-warszawa-prelegent-wystapienie-slajd-006.jpg 1920w\" sizes=\"auto, (max-width: 1200px) 100vw, 1200px\" \/><\/figure>\n<\/figure>\n\n\n\n<figure class=\"wp-block-gallery alignwide has-nested-images columns-1 is-cropped wp-block-gallery-6 is-layout-flex wp-block-gallery-is-layout-flex\" data-block-type=\"core\">\n<figure class=\"wp-block-image size-large\" data-block-type=\"core\"><img loading=\"lazy\" decoding=\"async\" width=\"1200\" height=\"800\" data-id=\"36313\" src=\"https:\/\/marcinkrokowski.com\/wp-content\/uploads\/2026\/08\/fotorelacja-konferencja-storytelling-ai-warszawa-panel-dyskusja-scena-007-1200x800.jpg\" alt=\"Panelist w\u00e4hrend eines B\u00fchnengespr\u00e4chs auf der Konferenz Storytelling AI\" class=\"wp-image-36313\" title=\"\" srcset=\"https:\/\/marcinkrokowski.com\/wp-content\/uploads\/2026\/08\/fotorelacja-konferencja-storytelling-ai-warszawa-panel-dyskusja-scena-007-1200x800.jpg 1200w, https:\/\/marcinkrokowski.com\/wp-content\/uploads\/2026\/08\/fotorelacja-konferencja-storytelling-ai-warszawa-panel-dyskusja-scena-007-900x600.jpg 900w, https:\/\/marcinkrokowski.com\/wp-content\/uploads\/2026\/08\/fotorelacja-konferencja-storytelling-ai-warszawa-panel-dyskusja-scena-007-450x300.jpg 450w, https:\/\/marcinkrokowski.com\/wp-content\/uploads\/2026\/08\/fotorelacja-konferencja-storytelling-ai-warszawa-panel-dyskusja-scena-007-768x512.jpg 768w, https:\/\/marcinkrokowski.com\/wp-content\/uploads\/2026\/08\/fotorelacja-konferencja-storytelling-ai-warszawa-panel-dyskusja-scena-007-1536x1024.jpg 1536w, https:\/\/marcinkrokowski.com\/wp-content\/uploads\/2026\/08\/fotorelacja-konferencja-storytelling-ai-warszawa-panel-dyskusja-scena-007.jpg 1920w\" sizes=\"auto, (max-width: 1200px) 100vw, 1200px\" \/><\/figure>\n<\/figure>\n\n\n\n<figure class=\"wp-block-gallery alignwide has-nested-images columns-1 is-cropped wp-block-gallery-7 is-layout-flex wp-block-gallery-is-layout-flex\" data-block-type=\"core\">\n<figure class=\"wp-block-image size-large\" data-block-type=\"core\"><img loading=\"lazy\" decoding=\"async\" width=\"1200\" height=\"800\" data-id=\"36323\" src=\"https:\/\/marcinkrokowski.com\/wp-content\/uploads\/2026\/08\/fotorelacja-konferencja-storytelling-ai-warszawa-publicznosc-dzien-008-1200x800.jpg\" alt=\"Publikum der Konferenz Kozie\u0142 i Przyjaciele: Storytelling AI w\u00e4hrend eines Vortrags\" class=\"wp-image-36323\" title=\"\" srcset=\"https:\/\/marcinkrokowski.com\/wp-content\/uploads\/2026\/08\/fotorelacja-konferencja-storytelling-ai-warszawa-publicznosc-dzien-008-1200x800.jpg 1200w, https:\/\/marcinkrokowski.com\/wp-content\/uploads\/2026\/08\/fotorelacja-konferencja-storytelling-ai-warszawa-publicznosc-dzien-008-900x600.jpg 900w, https:\/\/marcinkrokowski.com\/wp-content\/uploads\/2026\/08\/fotorelacja-konferencja-storytelling-ai-warszawa-publicznosc-dzien-008-450x300.jpg 450w, https:\/\/marcinkrokowski.com\/wp-content\/uploads\/2026\/08\/fotorelacja-konferencja-storytelling-ai-warszawa-publicznosc-dzien-008-768x512.jpg 768w, https:\/\/marcinkrokowski.com\/wp-content\/uploads\/2026\/08\/fotorelacja-konferencja-storytelling-ai-warszawa-publicznosc-dzien-008-1536x1024.jpg 1536w, https:\/\/marcinkrokowski.com\/wp-content\/uploads\/2026\/08\/fotorelacja-konferencja-storytelling-ai-warszawa-publicznosc-dzien-008.jpg 1920w\" sizes=\"auto, (max-width: 1200px) 100vw, 1200px\" \/><\/figure>\n<\/figure>\n\n\n\n<figure class=\"wp-block-gallery alignwide has-nested-images columns-1 is-cropped wp-block-gallery-8 is-layout-flex wp-block-gallery-is-layout-flex\" data-block-type=\"core\">\n<figure class=\"wp-block-image size-large\" data-block-type=\"core\"><img loading=\"lazy\" decoding=\"async\" width=\"1200\" height=\"800\" data-id=\"36325\" src=\"https:\/\/marcinkrokowski.com\/wp-content\/uploads\/2026\/08\/fotorelacja-konferencja-storytelling-ai-warszawa-publicznosc-wieczor-009-1200x800.jpg\" alt=\"Teilnehmer der Konferenz Storytelling AI w\u00e4hrend des Abendprogramms\" class=\"wp-image-36325\" title=\"\" srcset=\"https:\/\/marcinkrokowski.com\/wp-content\/uploads\/2026\/08\/fotorelacja-konferencja-storytelling-ai-warszawa-publicznosc-wieczor-009-1200x800.jpg 1200w, https:\/\/marcinkrokowski.com\/wp-content\/uploads\/2026\/08\/fotorelacja-konferencja-storytelling-ai-warszawa-publicznosc-wieczor-009-900x600.jpg 900w, https:\/\/marcinkrokowski.com\/wp-content\/uploads\/2026\/08\/fotorelacja-konferencja-storytelling-ai-warszawa-publicznosc-wieczor-009-450x300.jpg 450w, https:\/\/marcinkrokowski.com\/wp-content\/uploads\/2026\/08\/fotorelacja-konferencja-storytelling-ai-warszawa-publicznosc-wieczor-009-768x512.jpg 768w, https:\/\/marcinkrokowski.com\/wp-content\/uploads\/2026\/08\/fotorelacja-konferencja-storytelling-ai-warszawa-publicznosc-wieczor-009-1536x1024.jpg 1536w, https:\/\/marcinkrokowski.com\/wp-content\/uploads\/2026\/08\/fotorelacja-konferencja-storytelling-ai-warszawa-publicznosc-wieczor-009.jpg 1920w\" sizes=\"auto, (max-width: 1200px) 100vw, 1200px\" \/><\/figure>\n<\/figure>\n\n\n\n<figure class=\"wp-block-gallery alignwide has-nested-images columns-1 is-cropped wp-block-gallery-9 is-layout-flex wp-block-gallery-is-layout-flex\" data-block-type=\"core\">\n<figure class=\"wp-block-image size-large\" data-block-type=\"core\"><img loading=\"lazy\" decoding=\"async\" width=\"1200\" height=\"800\" data-id=\"36335\" src=\"https:\/\/marcinkrokowski.com\/wp-content\/uploads\/2026\/08\/fotorelacja-konferencja-storytelling-ai-warszawa-widownia-od-tylu-010-1200x800.jpg\" alt=\"Teilnehmer verfolgen die Pr\u00e4sentation auf dem Bildschirm w\u00e4hrend der Konferenz Storytelling AI\" class=\"wp-image-36335\" title=\"\" srcset=\"https:\/\/marcinkrokowski.com\/wp-content\/uploads\/2026\/08\/fotorelacja-konferencja-storytelling-ai-warszawa-widownia-od-tylu-010-1200x800.jpg 1200w, https:\/\/marcinkrokowski.com\/wp-content\/uploads\/2026\/08\/fotorelacja-konferencja-storytelling-ai-warszawa-widownia-od-tylu-010-900x600.jpg 900w, https:\/\/marcinkrokowski.com\/wp-content\/uploads\/2026\/08\/fotorelacja-konferencja-storytelling-ai-warszawa-widownia-od-tylu-010-450x300.jpg 450w, https:\/\/marcinkrokowski.com\/wp-content\/uploads\/2026\/08\/fotorelacja-konferencja-storytelling-ai-warszawa-widownia-od-tylu-010-768x512.jpg 768w, https:\/\/marcinkrokowski.com\/wp-content\/uploads\/2026\/08\/fotorelacja-konferencja-storytelling-ai-warszawa-widownia-od-tylu-010-1536x1024.jpg 1536w, https:\/\/marcinkrokowski.com\/wp-content\/uploads\/2026\/08\/fotorelacja-konferencja-storytelling-ai-warszawa-widownia-od-tylu-010.jpg 1920w\" sizes=\"auto, (max-width: 1200px) 100vw, 1200px\" \/><\/figure>\n<\/figure>\n\n\n\n<figure class=\"wp-block-gallery alignwide has-nested-images columns-1 is-cropped wp-block-gallery-10 is-layout-flex wp-block-gallery-is-layout-flex\" data-block-type=\"core\">\n<figure class=\"wp-block-image size-large\" data-block-type=\"core\"><img loading=\"lazy\" decoding=\"async\" width=\"1200\" height=\"800\" data-id=\"36306\" src=\"https:\/\/marcinkrokowski.com\/wp-content\/uploads\/2026\/08\/fotorelacja-konferencja-storytelling-ai-warszawa-networking-powitanie-011-1200x800.jpg\" alt=\"Begr\u00fc\u00dfung der Teilnehmer beim Networking auf der Konferenz Storytelling AI\" class=\"wp-image-36306\" title=\"\" srcset=\"https:\/\/marcinkrokowski.com\/wp-content\/uploads\/2026\/08\/fotorelacja-konferencja-storytelling-ai-warszawa-networking-powitanie-011-1200x800.jpg 1200w, https:\/\/marcinkrokowski.com\/wp-content\/uploads\/2026\/08\/fotorelacja-konferencja-storytelling-ai-warszawa-networking-powitanie-011-900x600.jpg 900w, https:\/\/marcinkrokowski.com\/wp-content\/uploads\/2026\/08\/fotorelacja-konferencja-storytelling-ai-warszawa-networking-powitanie-011-450x300.jpg 450w, https:\/\/marcinkrokowski.com\/wp-content\/uploads\/2026\/08\/fotorelacja-konferencja-storytelling-ai-warszawa-networking-powitanie-011-768x512.jpg 768w, https:\/\/marcinkrokowski.com\/wp-content\/uploads\/2026\/08\/fotorelacja-konferencja-storytelling-ai-warszawa-networking-powitanie-011-1536x1024.jpg 1536w, https:\/\/marcinkrokowski.com\/wp-content\/uploads\/2026\/08\/fotorelacja-konferencja-storytelling-ai-warszawa-networking-powitanie-011.jpg 1920w\" sizes=\"auto, (max-width: 1200px) 100vw, 1200px\" \/><\/figure>\n<\/figure>\n\n\n\n<figure class=\"wp-block-gallery alignwide has-nested-images columns-1 is-cropped wp-block-gallery-11 is-layout-flex wp-block-gallery-is-layout-flex\" data-block-type=\"core\">\n<figure class=\"wp-block-image size-large\" data-block-type=\"core\"><img loading=\"lazy\" decoding=\"async\" width=\"1200\" height=\"800\" data-id=\"36302\" src=\"https:\/\/marcinkrokowski.com\/wp-content\/uploads\/2026\/08\/fotorelacja-konferencja-storytelling-ai-warszawa-networking-bar-kawowy-012-1200x800.jpg\" alt=\"Teilnehmer der Konferenz Storytelling AI im Gespr\u00e4ch und bei der Begr\u00fc\u00dfung beim Networking\" class=\"wp-image-36302\" title=\"\" srcset=\"https:\/\/marcinkrokowski.com\/wp-content\/uploads\/2026\/08\/fotorelacja-konferencja-storytelling-ai-warszawa-networking-bar-kawowy-012-1200x800.jpg 1200w, https:\/\/marcinkrokowski.com\/wp-content\/uploads\/2026\/08\/fotorelacja-konferencja-storytelling-ai-warszawa-networking-bar-kawowy-012-900x600.jpg 900w, https:\/\/marcinkrokowski.com\/wp-content\/uploads\/2026\/08\/fotorelacja-konferencja-storytelling-ai-warszawa-networking-bar-kawowy-012-450x300.jpg 450w, https:\/\/marcinkrokowski.com\/wp-content\/uploads\/2026\/08\/fotorelacja-konferencja-storytelling-ai-warszawa-networking-bar-kawowy-012-768x512.jpg 768w, https:\/\/marcinkrokowski.com\/wp-content\/uploads\/2026\/08\/fotorelacja-konferencja-storytelling-ai-warszawa-networking-bar-kawowy-012-1536x1024.jpg 1536w, https:\/\/marcinkrokowski.com\/wp-content\/uploads\/2026\/08\/fotorelacja-konferencja-storytelling-ai-warszawa-networking-bar-kawowy-012.jpg 1920w\" sizes=\"auto, (max-width: 1200px) 100vw, 1200px\" \/><\/figure>\n<\/figure>\n\n\n\n<figure class=\"wp-block-gallery alignwide has-nested-images columns-1 is-cropped wp-block-gallery-12 is-layout-flex wp-block-gallery-is-layout-flex\" data-block-type=\"core\">\n<figure class=\"wp-block-image size-large\" data-block-type=\"core\"><img loading=\"lazy\" decoding=\"async\" width=\"1200\" height=\"800\" data-id=\"36327\" src=\"https:\/\/marcinkrokowski.com\/wp-content\/uploads\/2026\/08\/fotorelacja-konferencja-storytelling-ai-warszawa-rozmowa-strefa-kawowa-014-1200x800.jpg\" alt=\"Vertrautes Gespr\u00e4ch von Teilnehmern der Konferenz Storytelling AI, Aufnahme durch Gr\u00fcnpflanzen\" class=\"wp-image-36327\" title=\"\" srcset=\"https:\/\/marcinkrokowski.com\/wp-content\/uploads\/2026\/08\/fotorelacja-konferencja-storytelling-ai-warszawa-rozmowa-strefa-kawowa-014-1200x800.jpg 1200w, https:\/\/marcinkrokowski.com\/wp-content\/uploads\/2026\/08\/fotorelacja-konferencja-storytelling-ai-warszawa-rozmowa-strefa-kawowa-014-900x600.jpg 900w, https:\/\/marcinkrokowski.com\/wp-content\/uploads\/2026\/08\/fotorelacja-konferencja-storytelling-ai-warszawa-rozmowa-strefa-kawowa-014-450x300.jpg 450w, https:\/\/marcinkrokowski.com\/wp-content\/uploads\/2026\/08\/fotorelacja-konferencja-storytelling-ai-warszawa-rozmowa-strefa-kawowa-014-768x512.jpg 768w, https:\/\/marcinkrokowski.com\/wp-content\/uploads\/2026\/08\/fotorelacja-konferencja-storytelling-ai-warszawa-rozmowa-strefa-kawowa-014-1536x1024.jpg 1536w, https:\/\/marcinkrokowski.com\/wp-content\/uploads\/2026\/08\/fotorelacja-konferencja-storytelling-ai-warszawa-rozmowa-strefa-kawowa-014.jpg 1920w\" sizes=\"auto, (max-width: 1200px) 100vw, 1200px\" \/><\/figure>\n<\/figure>\n\n\n\n<figure class=\"wp-block-gallery alignwide has-nested-images columns-default is-cropped wp-block-gallery-13 is-layout-flex wp-block-gallery-is-layout-flex\" data-block-type=\"core\">\n<figure class=\"wp-block-image size-thumbnail\" data-block-type=\"core\"><img loading=\"lazy\" decoding=\"async\" width=\"450\" height=\"675\" data-id=\"36288\" src=\"https:\/\/marcinkrokowski.com\/wp-content\/uploads\/2026\/08\/fotorelacja-konferencja-storytelling-ai-warszawa-ekipa-filmowa-produkcja-015-450x675.jpg\" alt=\"Ein Filmteam dokumentiert die Konferenz Kozie\u0142 i Przyjaciele: Storytelling AI\" class=\"wp-image-36288\" title=\"\" srcset=\"https:\/\/marcinkrokowski.com\/wp-content\/uploads\/2026\/08\/fotorelacja-konferencja-storytelling-ai-warszawa-ekipa-filmowa-produkcja-015-450x675.jpg 450w, https:\/\/marcinkrokowski.com\/wp-content\/uploads\/2026\/08\/fotorelacja-konferencja-storytelling-ai-warszawa-ekipa-filmowa-produkcja-015-900x1350.jpg 900w, https:\/\/marcinkrokowski.com\/wp-content\/uploads\/2026\/08\/fotorelacja-konferencja-storytelling-ai-warszawa-ekipa-filmowa-produkcja-015-1200x1800.jpg 1200w, https:\/\/marcinkrokowski.com\/wp-content\/uploads\/2026\/08\/fotorelacja-konferencja-storytelling-ai-warszawa-ekipa-filmowa-produkcja-015-768x1152.jpg 768w, https:\/\/marcinkrokowski.com\/wp-content\/uploads\/2026\/08\/fotorelacja-konferencja-storytelling-ai-warszawa-ekipa-filmowa-produkcja-015-1024x1536.jpg 1024w, https:\/\/marcinkrokowski.com\/wp-content\/uploads\/2026\/08\/fotorelacja-konferencja-storytelling-ai-warszawa-ekipa-filmowa-produkcja-015.jpg 1280w\" sizes=\"auto, (max-width: 450px) 100vw, 450px\" \/><\/figure>\n\n\n\n<figure class=\"wp-block-image size-thumbnail\" data-block-type=\"core\"><img loading=\"lazy\" decoding=\"async\" width=\"450\" height=\"675\" data-id=\"36298\" src=\"https:\/\/marcinkrokowski.com\/wp-content\/uploads\/2026\/08\/fotorelacja-konferencja-storytelling-ai-warszawa-kawa-latte-art-024-450x675.jpg\" alt=\"Kaffee mit kunstvoller Latte Art auf der Konferenz Storytelling AI\" class=\"wp-image-36298\" title=\"\" srcset=\"https:\/\/marcinkrokowski.com\/wp-content\/uploads\/2026\/08\/fotorelacja-konferencja-storytelling-ai-warszawa-kawa-latte-art-024-450x675.jpg 450w, https:\/\/marcinkrokowski.com\/wp-content\/uploads\/2026\/08\/fotorelacja-konferencja-storytelling-ai-warszawa-kawa-latte-art-024-900x1350.jpg 900w, https:\/\/marcinkrokowski.com\/wp-content\/uploads\/2026\/08\/fotorelacja-konferencja-storytelling-ai-warszawa-kawa-latte-art-024-1200x1800.jpg 1200w, https:\/\/marcinkrokowski.com\/wp-content\/uploads\/2026\/08\/fotorelacja-konferencja-storytelling-ai-warszawa-kawa-latte-art-024-768x1152.jpg 768w, https:\/\/marcinkrokowski.com\/wp-content\/uploads\/2026\/08\/fotorelacja-konferencja-storytelling-ai-warszawa-kawa-latte-art-024-1024x1536.jpg 1024w, https:\/\/marcinkrokowski.com\/wp-content\/uploads\/2026\/08\/fotorelacja-konferencja-storytelling-ai-warszawa-kawa-latte-art-024.jpg 1280w\" sizes=\"auto, (max-width: 450px) 100vw, 450px\" \/><\/figure>\n\n\n\n<figure class=\"wp-block-image size-thumbnail\" data-block-type=\"core\"><img loading=\"lazy\" decoding=\"async\" width=\"450\" height=\"675\" data-id=\"36290\" src=\"https:\/\/marcinkrokowski.com\/wp-content\/uploads\/2026\/08\/fotorelacja-konferencja-storytelling-ai-warszawa-gadzet-pamiatka-medal-028-450x675.jpg\" alt=\"Erinnerungsmedaille der Konferenz Kozie\u0142 i Przyjaciele: Storytelling AI\" class=\"wp-image-36290\" title=\"\" srcset=\"https:\/\/marcinkrokowski.com\/wp-content\/uploads\/2026\/08\/fotorelacja-konferencja-storytelling-ai-warszawa-gadzet-pamiatka-medal-028-450x675.jpg 450w, https:\/\/marcinkrokowski.com\/wp-content\/uploads\/2026\/08\/fotorelacja-konferencja-storytelling-ai-warszawa-gadzet-pamiatka-medal-028-900x1350.jpg 900w, https:\/\/marcinkrokowski.com\/wp-content\/uploads\/2026\/08\/fotorelacja-konferencja-storytelling-ai-warszawa-gadzet-pamiatka-medal-028-1200x1800.jpg 1200w, https:\/\/marcinkrokowski.com\/wp-content\/uploads\/2026\/08\/fotorelacja-konferencja-storytelling-ai-warszawa-gadzet-pamiatka-medal-028-768x1152.jpg 768w, https:\/\/marcinkrokowski.com\/wp-content\/uploads\/2026\/08\/fotorelacja-konferencja-storytelling-ai-warszawa-gadzet-pamiatka-medal-028-1024x1536.jpg 1024w, https:\/\/marcinkrokowski.com\/wp-content\/uploads\/2026\/08\/fotorelacja-konferencja-storytelling-ai-warszawa-gadzet-pamiatka-medal-028.jpg 1280w\" sizes=\"auto, (max-width: 450px) 100vw, 450px\" \/><\/figure>\n<\/figure>\n\n\n\n<figure class=\"wp-block-gallery alignwide has-nested-images columns-1 is-cropped wp-block-gallery-14 is-layout-flex wp-block-gallery-is-layout-flex\" data-block-type=\"core\">\n<figure class=\"wp-block-image size-large\" data-block-type=\"core\"><img loading=\"lazy\" decoding=\"async\" width=\"1200\" height=\"800\" data-id=\"36312\" src=\"https:\/\/marcinkrokowski.com\/wp-content\/uploads\/2026\/08\/fotorelacja-konferencja-storytelling-ai-warszawa-notatki-uczestniczki-016-1200x800.jpg\" alt=\"Eine Teilnehmerin notiert sich Erkenntnisse w\u00e4hrend der Konferenz Storytelling AI\" class=\"wp-image-36312\" title=\"\" srcset=\"https:\/\/marcinkrokowski.com\/wp-content\/uploads\/2026\/08\/fotorelacja-konferencja-storytelling-ai-warszawa-notatki-uczestniczki-016-1200x800.jpg 1200w, https:\/\/marcinkrokowski.com\/wp-content\/uploads\/2026\/08\/fotorelacja-konferencja-storytelling-ai-warszawa-notatki-uczestniczki-016-900x600.jpg 900w, https:\/\/marcinkrokowski.com\/wp-content\/uploads\/2026\/08\/fotorelacja-konferencja-storytelling-ai-warszawa-notatki-uczestniczki-016-450x300.jpg 450w, https:\/\/marcinkrokowski.com\/wp-content\/uploads\/2026\/08\/fotorelacja-konferencja-storytelling-ai-warszawa-notatki-uczestniczki-016-768x512.jpg 768w, https:\/\/marcinkrokowski.com\/wp-content\/uploads\/2026\/08\/fotorelacja-konferencja-storytelling-ai-warszawa-notatki-uczestniczki-016-1536x1024.jpg 1536w, https:\/\/marcinkrokowski.com\/wp-content\/uploads\/2026\/08\/fotorelacja-konferencja-storytelling-ai-warszawa-notatki-uczestniczki-016.jpg 1920w\" sizes=\"auto, (max-width: 1200px) 100vw, 1200px\" \/><\/figure>\n<\/figure>\n\n\n\n<figure class=\"wp-block-gallery alignwide has-nested-images columns-1 is-cropped wp-block-gallery-15 is-layout-flex wp-block-gallery-is-layout-flex\" data-block-type=\"core\">\n<figure class=\"wp-block-image size-large\" data-block-type=\"core\"><img loading=\"lazy\" decoding=\"async\" width=\"1200\" height=\"800\" data-id=\"36329\" src=\"https:\/\/marcinkrokowski.com\/wp-content\/uploads\/2026\/08\/fotorelacja-konferencja-storytelling-ai-warszawa-scena-produkcja-nagrania-017-1200x800.jpg\" alt=\"Vortrag auf der Konferenz Storytelling AI, im Bild das Team bei der Aufnahme\" class=\"wp-image-36329\" title=\"\" srcset=\"https:\/\/marcinkrokowski.com\/wp-content\/uploads\/2026\/08\/fotorelacja-konferencja-storytelling-ai-warszawa-scena-produkcja-nagrania-017-1200x800.jpg 1200w, https:\/\/marcinkrokowski.com\/wp-content\/uploads\/2026\/08\/fotorelacja-konferencja-storytelling-ai-warszawa-scena-produkcja-nagrania-017-900x600.jpg 900w, https:\/\/marcinkrokowski.com\/wp-content\/uploads\/2026\/08\/fotorelacja-konferencja-storytelling-ai-warszawa-scena-produkcja-nagrania-017-450x300.jpg 450w, https:\/\/marcinkrokowski.com\/wp-content\/uploads\/2026\/08\/fotorelacja-konferencja-storytelling-ai-warszawa-scena-produkcja-nagrania-017-768x512.jpg 768w, https:\/\/marcinkrokowski.com\/wp-content\/uploads\/2026\/08\/fotorelacja-konferencja-storytelling-ai-warszawa-scena-produkcja-nagrania-017-1536x1024.jpg 1536w, https:\/\/marcinkrokowski.com\/wp-content\/uploads\/2026\/08\/fotorelacja-konferencja-storytelling-ai-warszawa-scena-produkcja-nagrania-017.jpg 1920w\" sizes=\"auto, (max-width: 1200px) 100vw, 1200px\" \/><\/figure>\n<\/figure>\n\n\n\n<figure class=\"wp-block-gallery alignwide has-nested-images columns-1 is-cropped wp-block-gallery-16 is-layout-flex wp-block-gallery-is-layout-flex\" data-block-type=\"core\">\n<figure class=\"wp-block-image size-large\" data-block-type=\"core\"><img loading=\"lazy\" decoding=\"async\" width=\"1200\" height=\"800\" data-id=\"36342\" src=\"https:\/\/marcinkrokowski.com\/wp-content\/uploads\/2026\/08\/fotorelacja-konferencja-storytelling-ai-warszawa-zaplecze-techniczne-dzwiek-018-1200x800.jpg\" alt=\"Technisches Team w\u00e4hrend der Konferenz Kozie\u0142 i Przyjaciele: Storytelling AI\" class=\"wp-image-36342\" title=\"\" srcset=\"https:\/\/marcinkrokowski.com\/wp-content\/uploads\/2026\/08\/fotorelacja-konferencja-storytelling-ai-warszawa-zaplecze-techniczne-dzwiek-018-1200x800.jpg 1200w, https:\/\/marcinkrokowski.com\/wp-content\/uploads\/2026\/08\/fotorelacja-konferencja-storytelling-ai-warszawa-zaplecze-techniczne-dzwiek-018-900x600.jpg 900w, https:\/\/marcinkrokowski.com\/wp-content\/uploads\/2026\/08\/fotorelacja-konferencja-storytelling-ai-warszawa-zaplecze-techniczne-dzwiek-018-450x300.jpg 450w, https:\/\/marcinkrokowski.com\/wp-content\/uploads\/2026\/08\/fotorelacja-konferencja-storytelling-ai-warszawa-zaplecze-techniczne-dzwiek-018-768x512.jpg 768w, https:\/\/marcinkrokowski.com\/wp-content\/uploads\/2026\/08\/fotorelacja-konferencja-storytelling-ai-warszawa-zaplecze-techniczne-dzwiek-018-1536x1024.jpg 1536w, https:\/\/marcinkrokowski.com\/wp-content\/uploads\/2026\/08\/fotorelacja-konferencja-storytelling-ai-warszawa-zaplecze-techniczne-dzwiek-018.jpg 1920w\" sizes=\"auto, (max-width: 1200px) 100vw, 1200px\" \/><\/figure>\n<\/figure>\n\n\n\n<figure class=\"wp-block-gallery alignwide has-nested-images columns-1 is-cropped wp-block-gallery-17 is-layout-flex wp-block-gallery-is-layout-flex\" data-block-type=\"core\">\n<figure class=\"wp-block-image size-large\" data-block-type=\"core\"><img loading=\"lazy\" decoding=\"async\" width=\"1200\" height=\"800\" data-id=\"36341\" src=\"https:\/\/marcinkrokowski.com\/wp-content\/uploads\/2026\/08\/fotorelacja-konferencja-storytelling-ai-warszawa-wywiad-scena-szeroki-019-1200x800.jpg\" alt=\"Interviewgespr\u00e4ch auf der B\u00fchne der Konferenz Storytelling AI\" class=\"wp-image-36341\" title=\"\" srcset=\"https:\/\/marcinkrokowski.com\/wp-content\/uploads\/2026\/08\/fotorelacja-konferencja-storytelling-ai-warszawa-wywiad-scena-szeroki-019-1200x800.jpg 1200w, https:\/\/marcinkrokowski.com\/wp-content\/uploads\/2026\/08\/fotorelacja-konferencja-storytelling-ai-warszawa-wywiad-scena-szeroki-019-900x600.jpg 900w, https:\/\/marcinkrokowski.com\/wp-content\/uploads\/2026\/08\/fotorelacja-konferencja-storytelling-ai-warszawa-wywiad-scena-szeroki-019-450x300.jpg 450w, https:\/\/marcinkrokowski.com\/wp-content\/uploads\/2026\/08\/fotorelacja-konferencja-storytelling-ai-warszawa-wywiad-scena-szeroki-019-768x512.jpg 768w, https:\/\/marcinkrokowski.com\/wp-content\/uploads\/2026\/08\/fotorelacja-konferencja-storytelling-ai-warszawa-wywiad-scena-szeroki-019-1536x1024.jpg 1536w, https:\/\/marcinkrokowski.com\/wp-content\/uploads\/2026\/08\/fotorelacja-konferencja-storytelling-ai-warszawa-wywiad-scena-szeroki-019.jpg 1920w\" sizes=\"auto, (max-width: 1200px) 100vw, 1200px\" \/><\/figure>\n<\/figure>\n\n\n\n<figure class=\"wp-block-gallery alignwide has-nested-images columns-1 is-cropped wp-block-gallery-18 is-layout-flex wp-block-gallery-is-layout-flex\" data-block-type=\"core\">\n<figure class=\"wp-block-image size-large\" data-block-type=\"core\"><img loading=\"lazy\" decoding=\"async\" width=\"1200\" height=\"800\" data-id=\"36300\" src=\"https:\/\/marcinkrokowski.com\/wp-content\/uploads\/2026\/08\/fotorelacja-konferencja-storytelling-ai-warszawa-kuluary-atmosfera-020-1200x800.jpg\" alt=\"Ein Teilnehmer der Konferenz Storytelling AI w\u00e4hrend der Pause\" class=\"wp-image-36300\" title=\"\" srcset=\"https:\/\/marcinkrokowski.com\/wp-content\/uploads\/2026\/08\/fotorelacja-konferencja-storytelling-ai-warszawa-kuluary-atmosfera-020-1200x800.jpg 1200w, https:\/\/marcinkrokowski.com\/wp-content\/uploads\/2026\/08\/fotorelacja-konferencja-storytelling-ai-warszawa-kuluary-atmosfera-020-900x600.jpg 900w, https:\/\/marcinkrokowski.com\/wp-content\/uploads\/2026\/08\/fotorelacja-konferencja-storytelling-ai-warszawa-kuluary-atmosfera-020-450x300.jpg 450w, https:\/\/marcinkrokowski.com\/wp-content\/uploads\/2026\/08\/fotorelacja-konferencja-storytelling-ai-warszawa-kuluary-atmosfera-020-768x512.jpg 768w, https:\/\/marcinkrokowski.com\/wp-content\/uploads\/2026\/08\/fotorelacja-konferencja-storytelling-ai-warszawa-kuluary-atmosfera-020-1536x1024.jpg 1536w, https:\/\/marcinkrokowski.com\/wp-content\/uploads\/2026\/08\/fotorelacja-konferencja-storytelling-ai-warszawa-kuluary-atmosfera-020.jpg 1920w\" sizes=\"auto, (max-width: 1200px) 100vw, 1200px\" \/><\/figure>\n<\/figure>\n\n\n\n<figure class=\"wp-block-gallery alignwide has-nested-images columns-1 is-cropped wp-block-gallery-19 is-layout-flex wp-block-gallery-is-layout-flex\" data-block-type=\"core\">\n<figure class=\"wp-block-image size-large\" data-block-type=\"core\"><img loading=\"lazy\" decoding=\"async\" width=\"1200\" height=\"800\" data-id=\"36333\" src=\"https:\/\/marcinkrokowski.com\/wp-content\/uploads\/2026\/08\/fotorelacja-konferencja-storytelling-ai-warszawa-stoisko-kawowe-partnera-021-1200x800.jpg\" alt=\"Kaffeestand eines Partners w\u00e4hrend der Konferenz Storytelling AI\" class=\"wp-image-36333\" title=\"\" srcset=\"https:\/\/marcinkrokowski.com\/wp-content\/uploads\/2026\/08\/fotorelacja-konferencja-storytelling-ai-warszawa-stoisko-kawowe-partnera-021-1200x800.jpg 1200w, https:\/\/marcinkrokowski.com\/wp-content\/uploads\/2026\/08\/fotorelacja-konferencja-storytelling-ai-warszawa-stoisko-kawowe-partnera-021-900x600.jpg 900w, https:\/\/marcinkrokowski.com\/wp-content\/uploads\/2026\/08\/fotorelacja-konferencja-storytelling-ai-warszawa-stoisko-kawowe-partnera-021-450x300.jpg 450w, https:\/\/marcinkrokowski.com\/wp-content\/uploads\/2026\/08\/fotorelacja-konferencja-storytelling-ai-warszawa-stoisko-kawowe-partnera-021-768x512.jpg 768w, https:\/\/marcinkrokowski.com\/wp-content\/uploads\/2026\/08\/fotorelacja-konferencja-storytelling-ai-warszawa-stoisko-kawowe-partnera-021-1536x1024.jpg 1536w, https:\/\/marcinkrokowski.com\/wp-content\/uploads\/2026\/08\/fotorelacja-konferencja-storytelling-ai-warszawa-stoisko-kawowe-partnera-021.jpg 1920w\" sizes=\"auto, (max-width: 1200px) 100vw, 1200px\" \/><\/figure>\n<\/figure>\n\n\n\n<figure class=\"wp-block-gallery alignwide has-nested-images columns-1 is-cropped wp-block-gallery-20 is-layout-flex wp-block-gallery-is-layout-flex\" data-block-type=\"core\">\n<figure class=\"wp-block-image size-large\" data-block-type=\"core\"><img loading=\"lazy\" decoding=\"async\" width=\"1200\" height=\"800\" data-id=\"36339\" src=\"https:\/\/marcinkrokowski.com\/wp-content\/uploads\/2026\/08\/fotorelacja-konferencja-storytelling-ai-warszawa-wreczenie-nagrody-022-1200x800.jpg\" alt=\"Preisverleihung w\u00e4hrend der Konferenz Kozie\u0142 i Przyjaciele: Storytelling AI\" class=\"wp-image-36339\" title=\"\" srcset=\"https:\/\/marcinkrokowski.com\/wp-content\/uploads\/2026\/08\/fotorelacja-konferencja-storytelling-ai-warszawa-wreczenie-nagrody-022-1200x800.jpg 1200w, https:\/\/marcinkrokowski.com\/wp-content\/uploads\/2026\/08\/fotorelacja-konferencja-storytelling-ai-warszawa-wreczenie-nagrody-022-900x600.jpg 900w, https:\/\/marcinkrokowski.com\/wp-content\/uploads\/2026\/08\/fotorelacja-konferencja-storytelling-ai-warszawa-wreczenie-nagrody-022-450x300.jpg 450w, https:\/\/marcinkrokowski.com\/wp-content\/uploads\/2026\/08\/fotorelacja-konferencja-storytelling-ai-warszawa-wreczenie-nagrody-022-768x512.jpg 768w, https:\/\/marcinkrokowski.com\/wp-content\/uploads\/2026\/08\/fotorelacja-konferencja-storytelling-ai-warszawa-wreczenie-nagrody-022-1536x1024.jpg 1536w, https:\/\/marcinkrokowski.com\/wp-content\/uploads\/2026\/08\/fotorelacja-konferencja-storytelling-ai-warszawa-wreczenie-nagrody-022.jpg 1920w\" sizes=\"auto, (max-width: 1200px) 100vw, 1200px\" \/><\/figure>\n<\/figure>\n\n\n\n<figure class=\"wp-block-gallery alignwide has-nested-images columns-1 is-cropped wp-block-gallery-21 is-layout-flex wp-block-gallery-is-layout-flex\" data-block-type=\"core\">\n<figure class=\"wp-block-image size-large\" data-block-type=\"core\"><img loading=\"lazy\" decoding=\"async\" width=\"1200\" height=\"800\" data-id=\"36286\" src=\"https:\/\/marcinkrokowski.com\/wp-content\/uploads\/2026\/08\/fotorelacja-konferencja-storytelling-ai-warszawa-catering-detal-kulinarny-023-1200x800.jpg\" alt=\"Catering w\u00e4hrend der Konferenz Storytelling AI\" class=\"wp-image-36286\" title=\"\" srcset=\"https:\/\/marcinkrokowski.com\/wp-content\/uploads\/2026\/08\/fotorelacja-konferencja-storytelling-ai-warszawa-catering-detal-kulinarny-023-1200x800.jpg 1200w, https:\/\/marcinkrokowski.com\/wp-content\/uploads\/2026\/08\/fotorelacja-konferencja-storytelling-ai-warszawa-catering-detal-kulinarny-023-900x600.jpg 900w, https:\/\/marcinkrokowski.com\/wp-content\/uploads\/2026\/08\/fotorelacja-konferencja-storytelling-ai-warszawa-catering-detal-kulinarny-023-450x300.jpg 450w, https:\/\/marcinkrokowski.com\/wp-content\/uploads\/2026\/08\/fotorelacja-konferencja-storytelling-ai-warszawa-catering-detal-kulinarny-023-768x512.jpg 768w, https:\/\/marcinkrokowski.com\/wp-content\/uploads\/2026\/08\/fotorelacja-konferencja-storytelling-ai-warszawa-catering-detal-kulinarny-023-1536x1024.jpg 1536w, https:\/\/marcinkrokowski.com\/wp-content\/uploads\/2026\/08\/fotorelacja-konferencja-storytelling-ai-warszawa-catering-detal-kulinarny-023.jpg 1920w\" sizes=\"auto, (max-width: 1200px) 100vw, 1200px\" \/><\/figure>\n<\/figure>\n\n\n\n<figure class=\"wp-block-gallery alignwide has-nested-images columns-1 is-cropped wp-block-gallery-22 is-layout-flex wp-block-gallery-is-layout-flex\" data-block-type=\"core\">\n<figure class=\"wp-block-image size-large\" data-block-type=\"core\"><img loading=\"lazy\" decoding=\"async\" width=\"1200\" height=\"800\" data-id=\"36318\" src=\"https:\/\/marcinkrokowski.com\/wp-content\/uploads\/2026\/08\/fotorelacja-konferencja-storytelling-ai-warszawa-panorama-warszawy-wieczor-025-1200x800.jpg\" alt=\"Abendliches Panorama von Warschau, gesehen aus dem Saal der Konferenz Storytelling AI\" class=\"wp-image-36318\" title=\"\" srcset=\"https:\/\/marcinkrokowski.com\/wp-content\/uploads\/2026\/08\/fotorelacja-konferencja-storytelling-ai-warszawa-panorama-warszawy-wieczor-025-1200x800.jpg 1200w, https:\/\/marcinkrokowski.com\/wp-content\/uploads\/2026\/08\/fotorelacja-konferencja-storytelling-ai-warszawa-panorama-warszawy-wieczor-025-900x600.jpg 900w, https:\/\/marcinkrokowski.com\/wp-content\/uploads\/2026\/08\/fotorelacja-konferencja-storytelling-ai-warszawa-panorama-warszawy-wieczor-025-450x300.jpg 450w, https:\/\/marcinkrokowski.com\/wp-content\/uploads\/2026\/08\/fotorelacja-konferencja-storytelling-ai-warszawa-panorama-warszawy-wieczor-025-768x512.jpg 768w, https:\/\/marcinkrokowski.com\/wp-content\/uploads\/2026\/08\/fotorelacja-konferencja-storytelling-ai-warszawa-panorama-warszawy-wieczor-025-1536x1024.jpg 1536w, https:\/\/marcinkrokowski.com\/wp-content\/uploads\/2026\/08\/fotorelacja-konferencja-storytelling-ai-warszawa-panorama-warszawy-wieczor-025.jpg 1920w\" sizes=\"auto, (max-width: 1200px) 100vw, 1200px\" \/><\/figure>\n<\/figure>\n\n\n\n<figure class=\"wp-block-gallery alignwide has-nested-images columns-1 is-cropped wp-block-gallery-23 is-layout-flex wp-block-gallery-is-layout-flex\" data-block-type=\"core\">\n<figure class=\"wp-block-image size-large\" data-block-type=\"core\"><img loading=\"lazy\" decoding=\"async\" width=\"1200\" height=\"800\" data-id=\"36310\" src=\"https:\/\/marcinkrokowski.com\/wp-content\/uploads\/2026\/08\/fotorelacja-konferencja-storytelling-ai-warszawa-networking-stoisko-partnera-026-1200x800.jpg\" alt=\"Gespr\u00e4ch von Teilnehmern am Stand eines Partners w\u00e4hrend der Konferenz Storytelling AI\" class=\"wp-image-36310\" title=\"\" srcset=\"https:\/\/marcinkrokowski.com\/wp-content\/uploads\/2026\/08\/fotorelacja-konferencja-storytelling-ai-warszawa-networking-stoisko-partnera-026-1200x800.jpg 1200w, https:\/\/marcinkrokowski.com\/wp-content\/uploads\/2026\/08\/fotorelacja-konferencja-storytelling-ai-warszawa-networking-stoisko-partnera-026-900x600.jpg 900w, https:\/\/marcinkrokowski.com\/wp-content\/uploads\/2026\/08\/fotorelacja-konferencja-storytelling-ai-warszawa-networking-stoisko-partnera-026-450x300.jpg 450w, https:\/\/marcinkrokowski.com\/wp-content\/uploads\/2026\/08\/fotorelacja-konferencja-storytelling-ai-warszawa-networking-stoisko-partnera-026-768x512.jpg 768w, https:\/\/marcinkrokowski.com\/wp-content\/uploads\/2026\/08\/fotorelacja-konferencja-storytelling-ai-warszawa-networking-stoisko-partnera-026-1536x1024.jpg 1536w, https:\/\/marcinkrokowski.com\/wp-content\/uploads\/2026\/08\/fotorelacja-konferencja-storytelling-ai-warszawa-networking-stoisko-partnera-026.jpg 1920w\" sizes=\"auto, (max-width: 1200px) 100vw, 1200px\" \/><\/figure>\n<\/figure>\n\n\n\n<figure class=\"wp-block-gallery alignwide has-nested-images columns-1 is-cropped wp-block-gallery-24 is-layout-flex wp-block-gallery-is-layout-flex\" data-block-type=\"core\">\n<figure class=\"wp-block-image size-large\" data-block-type=\"core\"><img loading=\"lazy\" decoding=\"async\" width=\"1200\" height=\"800\" data-id=\"36337\" src=\"https:\/\/marcinkrokowski.com\/wp-content\/uploads\/2026\/08\/fotorelacja-konferencja-storytelling-ai-warszawa-widownia-przerwa-027-1200x800.jpg\" alt=\"Teilnehmer der Konferenz Storytelling AI in der Pause zwischen den Vortr\u00e4gen\" class=\"wp-image-36337\" title=\"\" srcset=\"https:\/\/marcinkrokowski.com\/wp-content\/uploads\/2026\/08\/fotorelacja-konferencja-storytelling-ai-warszawa-widownia-przerwa-027-1200x800.jpg 1200w, https:\/\/marcinkrokowski.com\/wp-content\/uploads\/2026\/08\/fotorelacja-konferencja-storytelling-ai-warszawa-widownia-przerwa-027-900x600.jpg 900w, https:\/\/marcinkrokowski.com\/wp-content\/uploads\/2026\/08\/fotorelacja-konferencja-storytelling-ai-warszawa-widownia-przerwa-027-450x300.jpg 450w, https:\/\/marcinkrokowski.com\/wp-content\/uploads\/2026\/08\/fotorelacja-konferencja-storytelling-ai-warszawa-widownia-przerwa-027-768x512.jpg 768w, https:\/\/marcinkrokowski.com\/wp-content\/uploads\/2026\/08\/fotorelacja-konferencja-storytelling-ai-warszawa-widownia-przerwa-027-1536x1024.jpg 1536w, https:\/\/marcinkrokowski.com\/wp-content\/uploads\/2026\/08\/fotorelacja-konferencja-storytelling-ai-warszawa-widownia-przerwa-027.jpg 1920w\" sizes=\"auto, (max-width: 1200px) 100vw, 1200px\" \/><\/figure>\n<\/figure>\n\n\n\n<figure class=\"wp-block-gallery alignwide has-nested-images columns-1 is-cropped wp-block-gallery-25 is-layout-flex wp-block-gallery-is-layout-flex\" data-block-type=\"core\">\n<figure class=\"wp-block-image size-large\" data-block-type=\"core\"><img loading=\"lazy\" decoding=\"async\" width=\"1200\" height=\"800\" data-id=\"36321\" src=\"https:\/\/marcinkrokowski.com\/wp-content\/uploads\/2026\/08\/fotorelacja-konferencja-storytelling-ai-warszawa-przekazanie-mikrofonu-029-1200x800.jpg\" alt=\"\u00dcbergabe des Mikrofons w\u00e4hrend der Konferenz Storytelling AI\" class=\"wp-image-36321\" title=\"\" srcset=\"https:\/\/marcinkrokowski.com\/wp-content\/uploads\/2026\/08\/fotorelacja-konferencja-storytelling-ai-warszawa-przekazanie-mikrofonu-029-1200x800.jpg 1200w, https:\/\/marcinkrokowski.com\/wp-content\/uploads\/2026\/08\/fotorelacja-konferencja-storytelling-ai-warszawa-przekazanie-mikrofonu-029-900x600.jpg 900w, https:\/\/marcinkrokowski.com\/wp-content\/uploads\/2026\/08\/fotorelacja-konferencja-storytelling-ai-warszawa-przekazanie-mikrofonu-029-450x300.jpg 450w, https:\/\/marcinkrokowski.com\/wp-content\/uploads\/2026\/08\/fotorelacja-konferencja-storytelling-ai-warszawa-przekazanie-mikrofonu-029-768x512.jpg 768w, https:\/\/marcinkrokowski.com\/wp-content\/uploads\/2026\/08\/fotorelacja-konferencja-storytelling-ai-warszawa-przekazanie-mikrofonu-029-1536x1024.jpg 1536w, https:\/\/marcinkrokowski.com\/wp-content\/uploads\/2026\/08\/fotorelacja-konferencja-storytelling-ai-warszawa-przekazanie-mikrofonu-029.jpg 1920w\" sizes=\"auto, (max-width: 1200px) 100vw, 1200px\" \/><\/figure>\n<\/figure>\n\n\n\n<figure class=\"wp-block-gallery alignwide has-nested-images columns-1 is-cropped wp-block-gallery-26 is-layout-flex wp-block-gallery-is-layout-flex\" data-block-type=\"core\">\n<figure class=\"wp-block-image size-large\" data-block-type=\"core\"><img loading=\"lazy\" decoding=\"async\" width=\"1200\" height=\"800\" data-id=\"36308\" src=\"https:\/\/marcinkrokowski.com\/wp-content\/uploads\/2026\/08\/fotorelacja-konferencja-storytelling-ai-warszawa-networking-rozmowa-grupa-030-1200x800.jpg\" alt=\"Lebhaftes Gespr\u00e4ch von Teilnehmern beim Networking der Konferenz Storytelling AI\" class=\"wp-image-36308\" title=\"\" srcset=\"https:\/\/marcinkrokowski.com\/wp-content\/uploads\/2026\/08\/fotorelacja-konferencja-storytelling-ai-warszawa-networking-rozmowa-grupa-030-1200x800.jpg 1200w, https:\/\/marcinkrokowski.com\/wp-content\/uploads\/2026\/08\/fotorelacja-konferencja-storytelling-ai-warszawa-networking-rozmowa-grupa-030-900x600.jpg 900w, https:\/\/marcinkrokowski.com\/wp-content\/uploads\/2026\/08\/fotorelacja-konferencja-storytelling-ai-warszawa-networking-rozmowa-grupa-030-450x300.jpg 450w, https:\/\/marcinkrokowski.com\/wp-content\/uploads\/2026\/08\/fotorelacja-konferencja-storytelling-ai-warszawa-networking-rozmowa-grupa-030-768x512.jpg 768w, https:\/\/marcinkrokowski.com\/wp-content\/uploads\/2026\/08\/fotorelacja-konferencja-storytelling-ai-warszawa-networking-rozmowa-grupa-030-1536x1024.jpg 1536w, https:\/\/marcinkrokowski.com\/wp-content\/uploads\/2026\/08\/fotorelacja-konferencja-storytelling-ai-warszawa-networking-rozmowa-grupa-030.jpg 1920w\" sizes=\"auto, (max-width: 1200px) 100vw, 1200px\" \/><\/figure>\n<\/figure>\n","protected":false},"excerpt":{"rendered":"<p>Die Tickets waren innerhalb weniger Stunden vergriffen. Die KI-Konferenz in den R\u00e4umen von Just Join IT begann um 16:45 Uhr und endete am Abend beim<\/p>\n","protected":false},"author":0,"featured_media":36331,"parent":0,"comment_status":"closed","ping_status":"closed","template":"","kategoria_portfolio":[23],"class_list":["post-37265","portfolio","type-portfolio","status-publish","has-post-thumbnail","hentry","kategoria_portfolio-konferencje","infinite-scroll-item","generate-columns","tablet-grid-50","mobile-grid-100","grid-parent","grid-33"],"_links":{"self":[{"href":"https:\/\/marcinkrokowski.com\/de\/wp-json\/wp\/v2\/portfolio\/37265","targetHints":{"allow":["GET"]}}],"collection":[{"href":"https:\/\/marcinkrokowski.com\/de\/wp-json\/wp\/v2\/portfolio"}],"about":[{"href":"https:\/\/marcinkrokowski.com\/de\/wp-json\/wp\/v2\/types\/portfolio"}],"replies":[{"embeddable":true,"href":"https:\/\/marcinkrokowski.com\/de\/wp-json\/wp\/v2\/comments?post=37265"}],"version-history":[{"count":0,"href":"https:\/\/marcinkrokowski.com\/de\/wp-json\/wp\/v2\/portfolio\/37265\/revisions"}],"wp:featuredmedia":[{"embeddable":true,"href":"https:\/\/marcinkrokowski.com\/de\/wp-json\/wp\/v2\/media\/36331"}],"wp:attachment":[{"href":"https:\/\/marcinkrokowski.com\/de\/wp-json\/wp\/v2\/media?parent=37265"}],"wp:term":[{"taxonomy":"kategoria_portfolio","embeddable":true,"href":"https:\/\/marcinkrokowski.com\/de\/wp-json\/wp\/v2\/kategoria_portfolio?post=37265"}],"curies":[{"name":"wp","href":"https:\/\/api.w.org\/{rel}","templated":true}]}}