{"id":37264,"date":"2026-08-17T22:25:00","date_gmt":"2026-08-17T20:25:00","guid":{"rendered":"https:\/\/marcinkrokowski.com\/portfolio\/konferenz-founders-connect-5\/"},"modified":"2026-08-17T22:25:00","modified_gmt":"2026-08-17T20:25:00","slug":"konferenz-founders-connect-5","status":"publish","type":"portfolio","link":"https:\/\/marcinkrokowski.com\/de\/portfolio\/konferenz-founders-connect-5\/","title":{"rendered":"Fotoreportage von der Konferenz Founders Connect 5 im Google for Startups Campus"},"content":{"rendered":"\n<div class=\"wp-block-stackable-columns stk-block-columns stk-block stk-cf7cd54 stk-block-background\" data-block-id=\"cf7cd54\" data-block-type=\"core\" data-block-type=\"core\"><style>.stk-cf7cd54 {background-color:var(--bg-secondary) !important;border-top-left-radius:12px !important;border-top-right-radius:12px !important;border-bottom-right-radius:12px !important;border-bottom-left-radius:12px !important;overflow:hidden !important;box-shadow:5px 10px 30px 0px #0000004f !important;border-style:solid !important;border-top-width:1px !important;border-right-width:1px !important;border-bottom-width:1px !important;border-left-width:1px !important;min-height:200px !important;align-items:flex-start !important;max-width:900px !important;min-width:auto !important;margin-bottom:40px !important;display:flex !important;}.stk-cf7cd54:before{background-color:var(--bg-secondary) !important;}.stk-cf7cd54-column{max-width:900px !important;min-width:auto !important;margin-right:auto !important;margin-left:auto !important;}<\/style><div class=\"stk-row stk-inner-blocks stk-block-content stk-content-align stk-cf7cd54-column\">\n<div class=\"wp-block-stackable-column stk-block-column stk-column stk-block stk-c5cce51\" data-v=\"4\" data-block-id=\"c5cce51\"><div class=\"stk-column-wrapper stk-block-column__content stk-container stk-c5cce51-container stk--no-background stk--no-padding\"><div class=\"stk-block-content stk-inner-blocks stk-c5cce51-inner-blocks\">\n<div class=\"wp-block-stackable-icon-list stk-block-icon-list stk-block stk-3254369\" data-block-id=\"3254369\"><style>.stk-3254369 .stk-block-icon-list-item__content{align-items:baseline !important;}@media screen and (max-width: 1023px){.stk-3254369 .stk-block-icon-list-item__content{align-items:baseline !important;}}@media screen and (max-width: 767px){.stk-3254369 .stk-block-icon-list-item__content{align-items:baseline !important;}}<\/style><svg style=\"display:none\"><defs><g id=\"stk-icon-list__icon-svg-def-3254369\"><svg xmlns=\"http:\/\/www.w3.org\/2000\/svg\" viewBox=\"0 0 190 190\"><polygon points=\"173.8,28.4 60.4,141.8 15.7,97.2 5.1,107.8 60.4,163 184.4,39 173.8,28.4\"\/><\/svg><\/g><\/defs><\/svg><ul class=\"stk-block-icon-list__ul stk-block-icon-list--column\">\n<li class=\"wp-block-stackable-icon-list-item stk-block-icon-list-item stk-block stk-e672d85\" data-block-id=\"e672d85\"><div class=\"stk-block-icon-list-item__content\"><span class=\"stk--svg-wrapper\"><div class=\"stk--inner-svg\"><svg xmlns=\"http:\/\/www.w3.org\/2000\/svg\" viewbox=\"0 0 384 512\" aria-hidden=\"true\" width=\"32\" height=\"32\"><path d=\"M64 48c-8.8 0-16 7.2-16 16V448c0 8.8 7.2 16 16 16h80V400c0-26.5 21.5-48 48-48s48 21.5 48 48v64h80c8.8 0 16-7.2 16-16V64c0-8.8-7.2-16-16-16H64zM0 64C0 28.7 28.7 0 64 0H320c35.3 0 64 28.7 64 64V448c0 35.3-28.7 64-64 64H64c-35.3 0-64-28.7-64-64V64zm88 40c0-8.8 7.2-16 16-16h48c8.8 0 16 7.2 16 16v48c0 8.8-7.2 16-16 16H104c-8.8 0-16-7.2-16-16V104zM232 88h48c8.8 0 16 7.2 16 16v48c0 8.8-7.2 16-16 16H232c-8.8 0-16-7.2-16-16V104c0-8.8 7.2-16 16-16zM88 232c0-8.8 7.2-16 16-16h48c8.8 0 16 7.2 16 16v48c0 8.8-7.2 16-16 16H104c-8.8 0-16-7.2-16-16V232zm144-16h48c8.8 0 16 7.2 16 16v48c0 8.8-7.2 16-16 16H232c-8.8 0-16-7.2-16-16V232c0-8.8 7.2-16 16-16z\"><\/path><\/svg><\/div><\/span><span class=\"stk-block-icon-list-item__text\"><strong>Kunde:<\/strong> <\/span><\/div><\/li>\n\n\n\n<li class=\"wp-block-stackable-icon-list-item stk-block-icon-list-item stk-block stk-1052ef5\" data-block-id=\"1052ef5\"><div class=\"stk-block-icon-list-item__content\"><span class=\"stk--svg-wrapper\"><div class=\"stk--inner-svg\"><svg xmlns=\"http:\/\/www.w3.org\/2000\/svg\" viewbox=\"0 0 576 512\" aria-hidden=\"true\" width=\"32\" height=\"32\"><path d=\"M264.5 5.2c14.9-6.9 32.1-6.9 47 0l218.6 101c8.5 3.9 13.9 12.4 13.9 21.8s-5.4 17.9-13.9 21.8l-218.6 101c-14.9 6.9-32.1 6.9-47 0L45.9 149.8C37.4 145.8 32 137.3 32 128s5.4-17.9 13.9-21.8L264.5 5.2zM476.9 209.6l53.2 24.6c8.5 3.9 13.9 12.4 13.9 21.8s-5.4 17.9-13.9 21.8l-218.6 101c-14.9 6.9-32.1 6.9-47 0L45.9 277.8C37.4 273.8 32 265.3 32 256s5.4-17.9 13.9-21.8l53.2-24.6 152 70.2c23.4 10.8 50.4 10.8 73.8 0l152-70.2zm-152 198.2l152-70.2 53.2 24.6c8.5 3.9 13.9 12.4 13.9 21.8s-5.4 17.9-13.9 21.8l-218.6 101c-14.9 6.9-32.1 6.9-47 0L45.9 405.8C37.4 401.8 32 393.3 32 384s5.4-17.9 13.9-21.8l53.2-24.6 152 70.2c23.4 10.8 50.4 10.8 73.8 0z\"><\/path><\/svg><\/div><\/span><span class=\"stk-block-icon-list-item__text\"><strong>Art der Veranstaltung:<\/strong> <a href=\"https:\/\/marcinkrokowski.com\/de\/kategoria-portfolio\/konferenzen\/\">Konferencje<\/a><\/span><\/div><\/li>\n\n\n\n<li class=\"wp-block-stackable-icon-list-item stk-block-icon-list-item stk-block stk-c0979fd\" data-block-id=\"c0979fd\"><div class=\"stk-block-icon-list-item__content\"><span class=\"stk--svg-wrapper\"><div class=\"stk--inner-svg\"><svg xmlns=\"http:\/\/www.w3.org\/2000\/svg\" viewbox=\"0 0 448 512\" aria-hidden=\"true\" width=\"32\" height=\"32\"><path d=\"M152 24c0-13.3-10.7-24-24-24s-24 10.7-24 24V64H64C28.7 64 0 92.7 0 128v16 48V448c0 35.3 28.7 64 64 64H384c35.3 0 64-28.7 64-64V192 144 128c0-35.3-28.7-64-64-64H344V24c0-13.3-10.7-24-24-24s-24 10.7-24 24V64H152V24zM48 192H400V448c0 8.8-7.2 16-16 16H64c-8.8 0-16-7.2-16-16V192z\"><\/path><\/svg><\/div><\/span><span class=\"stk-block-icon-list-item__text\"><strong>Datum des Ereignisses:<\/strong> <\/span><\/div><\/li>\n\n\n\n<li class=\"wp-block-stackable-icon-list-item stk-block-icon-list-item stk-block stk-d7db120\" data-block-id=\"d7db120\"><div class=\"stk-block-icon-list-item__content\"><span class=\"stk--svg-wrapper\"><div class=\"stk--inner-svg\"><svg xmlns=\"http:\/\/www.w3.org\/2000\/svg\" viewbox=\"0 0 384 512\" aria-hidden=\"true\" width=\"32\" height=\"32\"><path d=\"M215.7 499.2C267 435 384 279.4 384 192C384 86 298 0 192 0S0 86 0 192c0 87.4 117 243 168.3 307.2c12.3 15.3 35.1 15.3 47.4 0zM192 128a64 64 0 1 1 0 128 64 64 0 1 1 0-128z\"><\/path><\/svg><\/div><\/span><span class=\"stk-block-icon-list-item__text\"><strong>Standort:<\/strong> <\/span><\/div><\/li>\n\n\n\n<li class=\"wp-block-stackable-icon-list-item stk-block-icon-list-item stk-block stk-f9abdaf\" data-block-id=\"f9abdaf\"><div class=\"stk-block-icon-list-item__content\"><span class=\"stk--svg-wrapper\"><div class=\"stk--inner-svg\"><svg xmlns=\"http:\/\/www.w3.org\/2000\/svg\" viewbox=\"0 0 448 512\" aria-hidden=\"true\" width=\"32\" height=\"32\"><path d=\"M176 0c-17.7 0-32 14.3-32 32s14.3 32 32 32h16V98.4C92.3 113.8 16 200 16 304c0 114.9 93.1 208 208 208s208-93.1 208-208c0-41.8-12.3-80.7-33.5-113.2l24.1-24.1c12.5-12.5 12.5-32.8 0-45.3s-32.8-12.5-45.3 0L355.7 143c-28.1-23-62.2-38.8-99.7-44.6V64h16c17.7 0 32-14.3 32-32s-14.3-32-32-32H224 176zm72 192V320c0 13.3-10.7 24-24 24s-24-10.7-24-24V192c0-13.3 10.7-24 24-24s24 10.7 24 24z\"><\/path><\/svg><\/div><\/span><span class=\"stk-block-icon-list-item__text\"><strong>Dauer der Reportage:<\/strong> <\/span><\/div><\/li>\n\n\n\n<li class=\"wp-block-stackable-icon-list-item stk-block-icon-list-item stk-block stk-be1686d\" data-block-id=\"be1686d\"><div class=\"stk-block-icon-list-item__content\"><span class=\"stk--svg-wrapper\"><div class=\"stk--inner-svg\"><svg xmlns=\"http:\/\/www.w3.org\/2000\/svg\" viewbox=\"0 0 576 512\" aria-hidden=\"true\" width=\"32\" height=\"32\"><path d=\"M160 80H512c8.8 0 16 7.2 16 16V320c0 8.8-7.2 16-16 16H490.8L388.1 178.9c-4.4-6.8-12-10.9-20.1-10.9s-15.7 4.1-20.1 10.9l-52.2 79.8-12.4-16.9c-4.5-6.2-11.7-9.8-19.4-9.8s-14.8 3.6-19.4 9.8L175.6 336H160c-8.8 0-16-7.2-16-16V96c0-8.8 7.2-16 16-16zM96 96V320c0 35.3 28.7 64 64 64H512c35.3 0 64-28.7 64-64V96c0-35.3-28.7-64-64-64H160c-35.3 0-64 28.7-64 64zM48 120c0-13.3-10.7-24-24-24S0 106.7 0 120V344c0 75.1 60.9 136 136 136H456c13.3 0 24-10.7 24-24s-10.7-24-24-24H136c-48.6 0-88-39.4-88-88V120zm208 24a32 32 0 1 0 -64 0 32 32 0 1 0 64 0z\"><\/path><\/svg><\/div><\/span><span class=\"stk-block-icon-list-item__text\"><strong>Anzahl der gelieferten Fotos:<\/strong> <\/span><\/div><\/li>\n\n\n\n<li class=\"wp-block-stackable-icon-list-item stk-block-icon-list-item stk-block stk-65447a4\" data-block-id=\"65447a4\"><div class=\"stk-block-icon-list-item__content\"><span class=\"stk--svg-wrapper\"><div class=\"stk--inner-svg\"><svg xmlns=\"http:\/\/www.w3.org\/2000\/svg\" viewbox=\"0 0 640 512\" aria-hidden=\"true\" width=\"32\" height=\"32\"><path d=\"M184 48H328c4.4 0 8 3.6 8 8V96H176V56c0-4.4 3.6-8 8-8zm-56 8V96H64C28.7 96 0 124.7 0 160v96H192 352h8.2c32.3-39.1 81.1-64 135.8-64c5.4 0 10.7 .2 16 .7V160c0-35.3-28.7-64-64-64H384V56c0-30.9-25.1-56-56-56H184c-30.9 0-56 25.1-56 56zM320 352H224c-17.7 0-32-14.3-32-32V288H0V416c0 35.3 28.7 64 64 64H360.2C335.1 449.6 320 410.5 320 368c0-5.4 .2-10.7 .7-16l-.7 0zm320 16a144 144 0 1 0 -288 0 144 144 0 1 0 288 0zM496 288c8.8 0 16 7.2 16 16v48h32c8.8 0 16 7.2 16 16s-7.2 16-16 16H496c-8.8 0-16-7.2-16-16V304c0-8.8 7.2-16 16-16z\"><\/path><\/svg><\/div><\/span><span class=\"stk-block-icon-list-item__text\"><strong>Bearbeitungszeit:<\/strong> <\/span><\/div><\/li>\n<\/ul><\/div>\n<\/div><\/div><\/div>\n<\/div><\/div>\n\n\n\n<p class=\"wp-block-paragraph\" data-block-type=\"core\">Eine Konferenz f\u00fcr Gr\u00fcnder endet selten bei den Vortr\u00e4gen. Founders Connect 5 begann um 18 Uhr und ging flie\u00dfend von der B\u00fchne \u00fcber Workshops im Kreis bis zu Gespr\u00e4chen bei Wein sp\u00e4t am Abend \u00fcber. Ein solches Event l\u00e4sst sich nicht von einem einzigen Platz an der B\u00fchne aus dokumentieren.<\/p>\n\n\n\n<p class=\"wp-block-paragraph\" data-block-type=\"core\">Am 1. Oktober 2025 habe ich die f\u00fcnfte Ausgabe von Founders Connect im Google for Startups Campus in Warschau fotografiert. Veranstalter ist der Fonds Tar Heel Capital Pathfinder, das Motto dieser Ausgabe lautete \u201eGeheimnisse der Skalierung: erster Kunde, erste Million, erster Exit&#8220;. Es war meine vierte Ausgabe dieser Reihe in Folge.<\/p>\n\n\n\n<h2 class=\"wp-block-heading\" data-block-type=\"core\">Was geschah<\/h2>\n\n\n\n<p class=\"wp-block-paragraph\" data-block-type=\"core\">Der Abend hatte drei klar unterschiedliche Teile, und jeder erforderte einen anderen Ansatz.<\/p>\n\n\n\n<p class=\"wp-block-paragraph\" data-block-type=\"core\">Der B\u00fchnenteil bestand aus Vortr\u00e4gen und einem Fireside Chat. Der Saal von Google for Startups hat Bildschirme an den Seiten und einen gro\u00dfen Schriftzug an der Wand, sodass eine weite Einstellung den Kontext von selbst herstellt: Man sieht, wer spricht, wor\u00fcber und wo. Dazu kommen Nahaufnahmen der Referenten in Gestik, denn solche Aufnahmen funktionieren sp\u00e4ter besonders gut bei Ank\u00fcndigungen weiterer Vortr\u00e4ge.<\/p>\n\n\n\n<p class=\"wp-block-paragraph\" data-block-type=\"core\">Der Workshop-Teil sah v\u00f6llig anders aus. St\u00fchle im Kreis aufgestellt, Teilnehmer ziehen Themen von Zetteln aus einer Glasschale, auf den Bildschirmen l\u00e4uft die Zeit der Runde ab. Eine Workshop-Reportage lebt von Details und Gespr\u00e4chen, nicht von der B\u00fchne.<\/p>\n\n\n\n<p class=\"wp-block-paragraph\" data-block-type=\"core\">Zum Abschluss Networking: Gespr\u00e4che unter den Neonschildern des Campus, am langen Tisch und in den Nischen mit den Regalen. Das Abendlicht leistet hier etwas, das sich mittags nicht wiederholen l\u00e4sst.<\/p>\n\n\n\n<h2 class=\"wp-block-heading\" data-block-type=\"core\">Worauf ich bei einer Networking-Konferenz achte<\/h2>\n\n\n\n<p class=\"wp-block-paragraph\" data-block-type=\"core\">Branding ist Teil des Materials. Die Schriftz\u00fcge an den W\u00e4nden des Campus, das Neonschild \u201eMeet more makers&#8220;, das Logo des Veranstalters und des Partners auf den Bildschirmen &#8211; das sind die Aufnahmen, mit denen der Veranstalter sp\u00e4ter die Einladungen zur n\u00e4chsten Ausgabe er\u00f6ffnet.<\/p>\n\n\n\n<p class=\"wp-block-paragraph\" data-block-type=\"core\">Gespr\u00e4che fotografiere ich aus der Distanz. Networking ist der Kern dieser Veranstaltung, aber niemand redet frei, wenn ihm ein Objektiv vor dem Gesicht steht. Ich w\u00e4hle Aufnahmen, auf denen die Menschen gut und nat\u00fcrlich wirken.<\/p>\n\n\n\n<p class=\"wp-block-paragraph\" data-block-type=\"core\">Situationskomik bleibt in der Auswahl. Ein Teilnehmer, der ein Google-for-Startups-Kissen umarmt, sagt mehr \u00fcber die Atmosph\u00e4re aus als jede Beschreibung im Bericht.<\/p>\n\n\n\n<h2 class=\"wp-block-heading\" data-block-type=\"core\">Ergebnis<\/h2>\n\n\n\n<p class=\"wp-block-paragraph\" data-block-type=\"core\">Der Kunde erhielt ver\u00f6ffentlichungsfertiges Material vom gesamten Abend: B\u00fchne, Workshops, Networking und Partner-Branding. Es war die vierte Ausgabe dieser Reihe, die ich f\u00fcr Tar Heel Capital Pathfinder fotografiert habe (Ausgaben 2-5).<\/p>\n\n\n\n<figure class=\"wp-block-gallery alignwide has-nested-images columns-1 is-cropped wp-block-gallery-1 is-layout-flex wp-block-gallery-is-layout-flex\" data-block-type=\"core\">\n<figure class=\"wp-block-image size-large\" data-block-type=\"core\"><img loading=\"lazy\" decoding=\"async\" width=\"1200\" height=\"800\" data-id=\"36275\" src=\"https:\/\/marcinkrokowski.com\/wp-content\/uploads\/2026\/08\/fotorelacja-konferencja-founders-connect-5-warszawa-wejscie-kampus-002-1200x800.jpg\" alt=\"Eingang zum Google for Startups Campus in Warschau vor der Konferenz Founders Connect 5\" class=\"wp-image-36275\" title=\"\" srcset=\"https:\/\/marcinkrokowski.com\/wp-content\/uploads\/2026\/08\/fotorelacja-konferencja-founders-connect-5-warszawa-wejscie-kampus-002-1200x800.jpg 1200w, https:\/\/marcinkrokowski.com\/wp-content\/uploads\/2026\/08\/fotorelacja-konferencja-founders-connect-5-warszawa-wejscie-kampus-002-900x600.jpg 900w, https:\/\/marcinkrokowski.com\/wp-content\/uploads\/2026\/08\/fotorelacja-konferencja-founders-connect-5-warszawa-wejscie-kampus-002-450x300.jpg 450w, https:\/\/marcinkrokowski.com\/wp-content\/uploads\/2026\/08\/fotorelacja-konferencja-founders-connect-5-warszawa-wejscie-kampus-002-768x512.jpg 768w, https:\/\/marcinkrokowski.com\/wp-content\/uploads\/2026\/08\/fotorelacja-konferencja-founders-connect-5-warszawa-wejscie-kampus-002-1536x1024.jpg 1536w, https:\/\/marcinkrokowski.com\/wp-content\/uploads\/2026\/08\/fotorelacja-konferencja-founders-connect-5-warszawa-wejscie-kampus-002.jpg 1920w\" sizes=\"auto, (max-width: 1200px) 100vw, 1200px\" \/><\/figure>\n<\/figure>\n\n\n\n<figure class=\"wp-block-gallery alignwide has-nested-images columns-1 is-cropped wp-block-gallery-2 is-layout-flex wp-block-gallery-is-layout-flex\" data-block-type=\"core\">\n<figure class=\"wp-block-image size-large\" data-block-type=\"core\"><img loading=\"lazy\" decoding=\"async\" width=\"1200\" height=\"800\" data-id=\"36260\" src=\"https:\/\/marcinkrokowski.com\/wp-content\/uploads\/2026\/08\/fotorelacja-konferencja-founders-connect-5-warszawa-korytarz-zielona-sciana-003-1200x800.jpg\" alt=\"Teilnehmer von Founders Connect 5 im Raum des Google for Startups Campus\" class=\"wp-image-36260\" title=\"\" srcset=\"https:\/\/marcinkrokowski.com\/wp-content\/uploads\/2026\/08\/fotorelacja-konferencja-founders-connect-5-warszawa-korytarz-zielona-sciana-003-1200x800.jpg 1200w, https:\/\/marcinkrokowski.com\/wp-content\/uploads\/2026\/08\/fotorelacja-konferencja-founders-connect-5-warszawa-korytarz-zielona-sciana-003-900x600.jpg 900w, https:\/\/marcinkrokowski.com\/wp-content\/uploads\/2026\/08\/fotorelacja-konferencja-founders-connect-5-warszawa-korytarz-zielona-sciana-003-450x300.jpg 450w, https:\/\/marcinkrokowski.com\/wp-content\/uploads\/2026\/08\/fotorelacja-konferencja-founders-connect-5-warszawa-korytarz-zielona-sciana-003-768x512.jpg 768w, https:\/\/marcinkrokowski.com\/wp-content\/uploads\/2026\/08\/fotorelacja-konferencja-founders-connect-5-warszawa-korytarz-zielona-sciana-003-1536x1024.jpg 1536w, https:\/\/marcinkrokowski.com\/wp-content\/uploads\/2026\/08\/fotorelacja-konferencja-founders-connect-5-warszawa-korytarz-zielona-sciana-003.jpg 1920w\" sizes=\"auto, (max-width: 1200px) 100vw, 1200px\" \/><\/figure>\n<\/figure>\n\n\n\n<figure class=\"wp-block-gallery alignwide has-nested-images columns-1 is-cropped wp-block-gallery-3 is-layout-flex wp-block-gallery-is-layout-flex\" data-block-type=\"core\">\n<figure class=\"wp-block-image size-large\" data-block-type=\"core\"><img loading=\"lazy\" decoding=\"async\" width=\"1200\" height=\"800\" data-id=\"36276\" src=\"https:\/\/marcinkrokowski.com\/wp-content\/uploads\/2026\/08\/fotorelacja-konferencja-founders-connect-5-warszawa-wystapienie-otwierajace-004-1200x800.jpg\" alt=\"Er\u00f6ffnungsvortrag der Konferenz Founders Connect 5, Google for Startups Campus\" class=\"wp-image-36276\" title=\"\" srcset=\"https:\/\/marcinkrokowski.com\/wp-content\/uploads\/2026\/08\/fotorelacja-konferencja-founders-connect-5-warszawa-wystapienie-otwierajace-004-1200x800.jpg 1200w, https:\/\/marcinkrokowski.com\/wp-content\/uploads\/2026\/08\/fotorelacja-konferencja-founders-connect-5-warszawa-wystapienie-otwierajace-004-900x600.jpg 900w, https:\/\/marcinkrokowski.com\/wp-content\/uploads\/2026\/08\/fotorelacja-konferencja-founders-connect-5-warszawa-wystapienie-otwierajace-004-450x300.jpg 450w, https:\/\/marcinkrokowski.com\/wp-content\/uploads\/2026\/08\/fotorelacja-konferencja-founders-connect-5-warszawa-wystapienie-otwierajace-004-768x512.jpg 768w, https:\/\/marcinkrokowski.com\/wp-content\/uploads\/2026\/08\/fotorelacja-konferencja-founders-connect-5-warszawa-wystapienie-otwierajace-004-1536x1024.jpg 1536w, https:\/\/marcinkrokowski.com\/wp-content\/uploads\/2026\/08\/fotorelacja-konferencja-founders-connect-5-warszawa-wystapienie-otwierajace-004.jpg 1920w\" sizes=\"auto, (max-width: 1200px) 100vw, 1200px\" \/><\/figure>\n<\/figure>\n\n\n\n<figure class=\"wp-block-gallery alignwide has-nested-images columns-1 is-cropped wp-block-gallery-4 is-layout-flex wp-block-gallery-is-layout-flex\" data-block-type=\"core\">\n<figure class=\"wp-block-image size-large\" data-block-type=\"core\"><img loading=\"lazy\" decoding=\"async\" width=\"1200\" height=\"800\" data-id=\"36257\" src=\"https:\/\/marcinkrokowski.com\/wp-content\/uploads\/2026\/08\/fotorelacja-konferencja-founders-connect-5-warszawa-fireside-chat-005-1200x800.jpg\" alt=\"Fireside Chat w\u00e4hrend der Konferenz Founders Connect 5\" class=\"wp-image-36257\" title=\"\" srcset=\"https:\/\/marcinkrokowski.com\/wp-content\/uploads\/2026\/08\/fotorelacja-konferencja-founders-connect-5-warszawa-fireside-chat-005-1200x800.jpg 1200w, https:\/\/marcinkrokowski.com\/wp-content\/uploads\/2026\/08\/fotorelacja-konferencja-founders-connect-5-warszawa-fireside-chat-005-900x600.jpg 900w, https:\/\/marcinkrokowski.com\/wp-content\/uploads\/2026\/08\/fotorelacja-konferencja-founders-connect-5-warszawa-fireside-chat-005-450x300.jpg 450w, https:\/\/marcinkrokowski.com\/wp-content\/uploads\/2026\/08\/fotorelacja-konferencja-founders-connect-5-warszawa-fireside-chat-005-768x512.jpg 768w, https:\/\/marcinkrokowski.com\/wp-content\/uploads\/2026\/08\/fotorelacja-konferencja-founders-connect-5-warszawa-fireside-chat-005-1536x1024.jpg 1536w, https:\/\/marcinkrokowski.com\/wp-content\/uploads\/2026\/08\/fotorelacja-konferencja-founders-connect-5-warszawa-fireside-chat-005.jpg 1920w\" sizes=\"auto, (max-width: 1200px) 100vw, 1200px\" \/><\/figure>\n<\/figure>\n\n\n\n<figure class=\"wp-block-gallery alignwide has-nested-images columns-1 is-cropped wp-block-gallery-5 is-layout-flex wp-block-gallery-is-layout-flex\" data-block-type=\"core\">\n<figure class=\"wp-block-image size-large\" data-block-type=\"core\"><img loading=\"lazy\" decoding=\"async\" width=\"1200\" height=\"800\" data-id=\"36265\" src=\"https:\/\/marcinkrokowski.com\/wp-content\/uploads\/2026\/08\/fotorelacja-konferencja-founders-connect-5-warszawa-prelegent-mikrofon-006-1200x800.jpg\" alt=\"Referent w\u00e4hrend eines Vortrags bei Founders Connect 5\" class=\"wp-image-36265\" title=\"\" srcset=\"https:\/\/marcinkrokowski.com\/wp-content\/uploads\/2026\/08\/fotorelacja-konferencja-founders-connect-5-warszawa-prelegent-mikrofon-006-1200x800.jpg 1200w, https:\/\/marcinkrokowski.com\/wp-content\/uploads\/2026\/08\/fotorelacja-konferencja-founders-connect-5-warszawa-prelegent-mikrofon-006-900x600.jpg 900w, https:\/\/marcinkrokowski.com\/wp-content\/uploads\/2026\/08\/fotorelacja-konferencja-founders-connect-5-warszawa-prelegent-mikrofon-006-450x300.jpg 450w, https:\/\/marcinkrokowski.com\/wp-content\/uploads\/2026\/08\/fotorelacja-konferencja-founders-connect-5-warszawa-prelegent-mikrofon-006-768x512.jpg 768w, https:\/\/marcinkrokowski.com\/wp-content\/uploads\/2026\/08\/fotorelacja-konferencja-founders-connect-5-warszawa-prelegent-mikrofon-006-1536x1024.jpg 1536w, https:\/\/marcinkrokowski.com\/wp-content\/uploads\/2026\/08\/fotorelacja-konferencja-founders-connect-5-warszawa-prelegent-mikrofon-006.jpg 1920w\" sizes=\"auto, (max-width: 1200px) 100vw, 1200px\" \/><\/figure>\n<\/figure>\n\n\n\n<figure class=\"wp-block-gallery alignwide has-nested-images columns-1 is-cropped wp-block-gallery-6 is-layout-flex wp-block-gallery-is-layout-flex\" data-block-type=\"core\">\n<figure class=\"wp-block-image size-large\" data-block-type=\"core\"><img loading=\"lazy\" decoding=\"async\" width=\"1200\" height=\"800\" data-id=\"36266\" src=\"https:\/\/marcinkrokowski.com\/wp-content\/uploads\/2026\/08\/fotorelacja-konferencja-founders-connect-5-warszawa-publicznosc-sylwetki-007-1200x800.jpg\" alt=\"Publikum w\u00e4hrend des Fireside Chats bei Founders Connect 5\" class=\"wp-image-36266\" title=\"\" srcset=\"https:\/\/marcinkrokowski.com\/wp-content\/uploads\/2026\/08\/fotorelacja-konferencja-founders-connect-5-warszawa-publicznosc-sylwetki-007-1200x800.jpg 1200w, https:\/\/marcinkrokowski.com\/wp-content\/uploads\/2026\/08\/fotorelacja-konferencja-founders-connect-5-warszawa-publicznosc-sylwetki-007-900x600.jpg 900w, https:\/\/marcinkrokowski.com\/wp-content\/uploads\/2026\/08\/fotorelacja-konferencja-founders-connect-5-warszawa-publicznosc-sylwetki-007-450x300.jpg 450w, https:\/\/marcinkrokowski.com\/wp-content\/uploads\/2026\/08\/fotorelacja-konferencja-founders-connect-5-warszawa-publicznosc-sylwetki-007-768x512.jpg 768w, https:\/\/marcinkrokowski.com\/wp-content\/uploads\/2026\/08\/fotorelacja-konferencja-founders-connect-5-warszawa-publicznosc-sylwetki-007-1536x1024.jpg 1536w, https:\/\/marcinkrokowski.com\/wp-content\/uploads\/2026\/08\/fotorelacja-konferencja-founders-connect-5-warszawa-publicznosc-sylwetki-007.jpg 1920w\" sizes=\"auto, (max-width: 1200px) 100vw, 1200px\" \/><\/figure>\n<\/figure>\n\n\n\n<figure class=\"wp-block-gallery alignwide has-nested-images columns-1 is-cropped wp-block-gallery-7 is-layout-flex wp-block-gallery-is-layout-flex\" data-block-type=\"core\">\n<figure class=\"wp-block-image size-large\" data-block-type=\"core\"><img loading=\"lazy\" decoding=\"async\" width=\"1200\" height=\"800\" data-id=\"36273\" src=\"https:\/\/marcinkrokowski.com\/wp-content\/uploads\/2026\/08\/fotorelacja-konferencja-founders-connect-5-warszawa-uczestnik-poduszka-008-1200x800.jpg\" alt=\"Teilnehmer der Konferenz Founders Connect 5 mit einem Google-for-Startups-Kissen\" class=\"wp-image-36273\" title=\"\" srcset=\"https:\/\/marcinkrokowski.com\/wp-content\/uploads\/2026\/08\/fotorelacja-konferencja-founders-connect-5-warszawa-uczestnik-poduszka-008-1200x800.jpg 1200w, https:\/\/marcinkrokowski.com\/wp-content\/uploads\/2026\/08\/fotorelacja-konferencja-founders-connect-5-warszawa-uczestnik-poduszka-008-900x600.jpg 900w, https:\/\/marcinkrokowski.com\/wp-content\/uploads\/2026\/08\/fotorelacja-konferencja-founders-connect-5-warszawa-uczestnik-poduszka-008-450x300.jpg 450w, https:\/\/marcinkrokowski.com\/wp-content\/uploads\/2026\/08\/fotorelacja-konferencja-founders-connect-5-warszawa-uczestnik-poduszka-008-768x512.jpg 768w, https:\/\/marcinkrokowski.com\/wp-content\/uploads\/2026\/08\/fotorelacja-konferencja-founders-connect-5-warszawa-uczestnik-poduszka-008-1536x1024.jpg 1536w, https:\/\/marcinkrokowski.com\/wp-content\/uploads\/2026\/08\/fotorelacja-konferencja-founders-connect-5-warszawa-uczestnik-poduszka-008.jpg 1920w\" sizes=\"auto, (max-width: 1200px) 100vw, 1200px\" \/><\/figure>\n<\/figure>\n\n\n\n<figure class=\"wp-block-gallery alignwide has-nested-images columns-1 is-cropped wp-block-gallery-8 is-layout-flex wp-block-gallery-is-layout-flex\" data-block-type=\"core\">\n<figure class=\"wp-block-image size-large\" data-block-type=\"core\"><img loading=\"lazy\" decoding=\"async\" width=\"1200\" height=\"800\" data-id=\"36261\" src=\"https:\/\/marcinkrokowski.com\/wp-content\/uploads\/2026\/08\/fotorelacja-konferencja-founders-connect-5-warszawa-losowanie-tematow-009-1200x800.jpg\" alt=\"Ziehen der Gespr\u00e4chsthemen w\u00e4hrend der Workshops bei Founders Connect 5\" class=\"wp-image-36261\" title=\"\" srcset=\"https:\/\/marcinkrokowski.com\/wp-content\/uploads\/2026\/08\/fotorelacja-konferencja-founders-connect-5-warszawa-losowanie-tematow-009-1200x800.jpg 1200w, https:\/\/marcinkrokowski.com\/wp-content\/uploads\/2026\/08\/fotorelacja-konferencja-founders-connect-5-warszawa-losowanie-tematow-009-900x600.jpg 900w, https:\/\/marcinkrokowski.com\/wp-content\/uploads\/2026\/08\/fotorelacja-konferencja-founders-connect-5-warszawa-losowanie-tematow-009-450x300.jpg 450w, https:\/\/marcinkrokowski.com\/wp-content\/uploads\/2026\/08\/fotorelacja-konferencja-founders-connect-5-warszawa-losowanie-tematow-009-768x512.jpg 768w, https:\/\/marcinkrokowski.com\/wp-content\/uploads\/2026\/08\/fotorelacja-konferencja-founders-connect-5-warszawa-losowanie-tematow-009-1536x1024.jpg 1536w, https:\/\/marcinkrokowski.com\/wp-content\/uploads\/2026\/08\/fotorelacja-konferencja-founders-connect-5-warszawa-losowanie-tematow-009.jpg 1920w\" sizes=\"auto, (max-width: 1200px) 100vw, 1200px\" \/><\/figure>\n<\/figure>\n\n\n\n<figure class=\"wp-block-gallery alignwide has-nested-images columns-1 is-cropped wp-block-gallery-9 is-layout-flex wp-block-gallery-is-layout-flex\" data-block-type=\"core\">\n<figure class=\"wp-block-image size-large\" data-block-type=\"core\"><img loading=\"lazy\" decoding=\"async\" width=\"1200\" height=\"800\" data-id=\"36274\" src=\"https:\/\/marcinkrokowski.com\/wp-content\/uploads\/2026\/08\/fotorelacja-konferencja-founders-connect-5-warszawa-warsztat-krag-dyskusyjny-010-1200x800.jpg\" alt=\"Workshops in Diskussionskreisen w\u00e4hrend Founders Connect 5\" class=\"wp-image-36274\" title=\"\" srcset=\"https:\/\/marcinkrokowski.com\/wp-content\/uploads\/2026\/08\/fotorelacja-konferencja-founders-connect-5-warszawa-warsztat-krag-dyskusyjny-010-1200x800.jpg 1200w, https:\/\/marcinkrokowski.com\/wp-content\/uploads\/2026\/08\/fotorelacja-konferencja-founders-connect-5-warszawa-warsztat-krag-dyskusyjny-010-900x600.jpg 900w, https:\/\/marcinkrokowski.com\/wp-content\/uploads\/2026\/08\/fotorelacja-konferencja-founders-connect-5-warszawa-warsztat-krag-dyskusyjny-010-450x300.jpg 450w, https:\/\/marcinkrokowski.com\/wp-content\/uploads\/2026\/08\/fotorelacja-konferencja-founders-connect-5-warszawa-warsztat-krag-dyskusyjny-010-768x512.jpg 768w, https:\/\/marcinkrokowski.com\/wp-content\/uploads\/2026\/08\/fotorelacja-konferencja-founders-connect-5-warszawa-warsztat-krag-dyskusyjny-010-1536x1024.jpg 1536w, https:\/\/marcinkrokowski.com\/wp-content\/uploads\/2026\/08\/fotorelacja-konferencja-founders-connect-5-warszawa-warsztat-krag-dyskusyjny-010.jpg 1920w\" sizes=\"auto, (max-width: 1200px) 100vw, 1200px\" \/><\/figure>\n<\/figure>\n\n\n\n<figure class=\"wp-block-gallery alignwide has-nested-images columns-1 is-cropped wp-block-gallery-10 is-layout-flex wp-block-gallery-is-layout-flex\" data-block-type=\"core\">\n<figure class=\"wp-block-image size-large\" data-block-type=\"core\"><img loading=\"lazy\" decoding=\"async\" width=\"1200\" height=\"800\" data-id=\"36263\" src=\"https:\/\/marcinkrokowski.com\/wp-content\/uploads\/2026\/08\/fotorelacja-konferencja-founders-connect-5-warszawa-networking-neon-wieczor-012-1200x800.jpg\" alt=\"Abendliches Networking unter dem Neonschild Meet more makers bei Founders Connect 5\" class=\"wp-image-36263\" title=\"\" srcset=\"https:\/\/marcinkrokowski.com\/wp-content\/uploads\/2026\/08\/fotorelacja-konferencja-founders-connect-5-warszawa-networking-neon-wieczor-012-1200x800.jpg 1200w, https:\/\/marcinkrokowski.com\/wp-content\/uploads\/2026\/08\/fotorelacja-konferencja-founders-connect-5-warszawa-networking-neon-wieczor-012-900x600.jpg 900w, https:\/\/marcinkrokowski.com\/wp-content\/uploads\/2026\/08\/fotorelacja-konferencja-founders-connect-5-warszawa-networking-neon-wieczor-012-450x300.jpg 450w, https:\/\/marcinkrokowski.com\/wp-content\/uploads\/2026\/08\/fotorelacja-konferencja-founders-connect-5-warszawa-networking-neon-wieczor-012-768x512.jpg 768w, https:\/\/marcinkrokowski.com\/wp-content\/uploads\/2026\/08\/fotorelacja-konferencja-founders-connect-5-warszawa-networking-neon-wieczor-012-1536x1024.jpg 1536w, https:\/\/marcinkrokowski.com\/wp-content\/uploads\/2026\/08\/fotorelacja-konferencja-founders-connect-5-warszawa-networking-neon-wieczor-012.jpg 1920w\" sizes=\"auto, (max-width: 1200px) 100vw, 1200px\" \/><\/figure>\n<\/figure>\n\n\n\n<figure class=\"wp-block-gallery alignwide has-nested-images columns-1 is-cropped wp-block-gallery-11 is-layout-flex wp-block-gallery-is-layout-flex\" data-block-type=\"core\">\n<figure class=\"wp-block-image size-large\" data-block-type=\"core\"><img loading=\"lazy\" decoding=\"async\" width=\"1200\" height=\"800\" data-id=\"36271\" src=\"https:\/\/marcinkrokowski.com\/wp-content\/uploads\/2026\/08\/fotorelacja-konferencja-founders-connect-5-warszawa-sala-po-evencie-013-1200x800.jpg\" alt=\"Der Saal des Google for Startups Campus nach dem Ende der Konferenz Founders Connect 5\" class=\"wp-image-36271\" title=\"\" srcset=\"https:\/\/marcinkrokowski.com\/wp-content\/uploads\/2026\/08\/fotorelacja-konferencja-founders-connect-5-warszawa-sala-po-evencie-013-1200x800.jpg 1200w, https:\/\/marcinkrokowski.com\/wp-content\/uploads\/2026\/08\/fotorelacja-konferencja-founders-connect-5-warszawa-sala-po-evencie-013-900x600.jpg 900w, https:\/\/marcinkrokowski.com\/wp-content\/uploads\/2026\/08\/fotorelacja-konferencja-founders-connect-5-warszawa-sala-po-evencie-013-450x300.jpg 450w, https:\/\/marcinkrokowski.com\/wp-content\/uploads\/2026\/08\/fotorelacja-konferencja-founders-connect-5-warszawa-sala-po-evencie-013-768x512.jpg 768w, https:\/\/marcinkrokowski.com\/wp-content\/uploads\/2026\/08\/fotorelacja-konferencja-founders-connect-5-warszawa-sala-po-evencie-013-1536x1024.jpg 1536w, https:\/\/marcinkrokowski.com\/wp-content\/uploads\/2026\/08\/fotorelacja-konferencja-founders-connect-5-warszawa-sala-po-evencie-013.jpg 1920w\" sizes=\"auto, (max-width: 1200px) 100vw, 1200px\" \/><\/figure>\n<\/figure>\n\n\n\n<figure class=\"wp-block-gallery alignwide has-nested-images columns-1 is-cropped wp-block-gallery-12 is-layout-flex wp-block-gallery-is-layout-flex\" data-block-type=\"core\">\n<figure class=\"wp-block-image size-large\" data-block-type=\"core\"><img loading=\"lazy\" decoding=\"async\" width=\"1200\" height=\"800\" data-id=\"36267\" src=\"https:\/\/marcinkrokowski.com\/wp-content\/uploads\/2026\/08\/fotorelacja-konferencja-founders-connect-5-warszawa-rejestracja-uczestnikow-014-1200x800.jpg\" alt=\"Registrierung der Teilnehmer der Konferenz Founders Connect 5 im Google for Startups Campus\" class=\"wp-image-36267\" title=\"\" srcset=\"https:\/\/marcinkrokowski.com\/wp-content\/uploads\/2026\/08\/fotorelacja-konferencja-founders-connect-5-warszawa-rejestracja-uczestnikow-014-1200x800.jpg 1200w, https:\/\/marcinkrokowski.com\/wp-content\/uploads\/2026\/08\/fotorelacja-konferencja-founders-connect-5-warszawa-rejestracja-uczestnikow-014-900x600.jpg 900w, https:\/\/marcinkrokowski.com\/wp-content\/uploads\/2026\/08\/fotorelacja-konferencja-founders-connect-5-warszawa-rejestracja-uczestnikow-014-450x300.jpg 450w, https:\/\/marcinkrokowski.com\/wp-content\/uploads\/2026\/08\/fotorelacja-konferencja-founders-connect-5-warszawa-rejestracja-uczestnikow-014-768x512.jpg 768w, https:\/\/marcinkrokowski.com\/wp-content\/uploads\/2026\/08\/fotorelacja-konferencja-founders-connect-5-warszawa-rejestracja-uczestnikow-014-1536x1024.jpg 1536w, https:\/\/marcinkrokowski.com\/wp-content\/uploads\/2026\/08\/fotorelacja-konferencja-founders-connect-5-warszawa-rejestracja-uczestnikow-014.jpg 1920w\" sizes=\"auto, (max-width: 1200px) 100vw, 1200px\" \/><\/figure>\n<\/figure>\n\n\n\n<figure class=\"wp-block-gallery alignwide has-nested-images columns-1 is-cropped wp-block-gallery-13 is-layout-flex wp-block-gallery-is-layout-flex\" data-block-type=\"core\">\n<figure class=\"wp-block-image size-large\" data-block-type=\"core\"><img loading=\"lazy\" decoding=\"async\" width=\"1200\" height=\"800\" data-id=\"36256\" src=\"https:\/\/marcinkrokowski.com\/wp-content\/uploads\/2026\/08\/fotorelacja-konferencja-founders-connect-5-warszawa-detal-tytul-ekranu-015-1200x800.jpg\" alt=\"Titel der Konferenz Founders Connect 5 - Geheimnisse der Skalierung\" class=\"wp-image-36256\" title=\"\" srcset=\"https:\/\/marcinkrokowski.com\/wp-content\/uploads\/2026\/08\/fotorelacja-konferencja-founders-connect-5-warszawa-detal-tytul-ekranu-015-1200x800.jpg 1200w, https:\/\/marcinkrokowski.com\/wp-content\/uploads\/2026\/08\/fotorelacja-konferencja-founders-connect-5-warszawa-detal-tytul-ekranu-015-900x600.jpg 900w, https:\/\/marcinkrokowski.com\/wp-content\/uploads\/2026\/08\/fotorelacja-konferencja-founders-connect-5-warszawa-detal-tytul-ekranu-015-450x300.jpg 450w, https:\/\/marcinkrokowski.com\/wp-content\/uploads\/2026\/08\/fotorelacja-konferencja-founders-connect-5-warszawa-detal-tytul-ekranu-015-768x512.jpg 768w, https:\/\/marcinkrokowski.com\/wp-content\/uploads\/2026\/08\/fotorelacja-konferencja-founders-connect-5-warszawa-detal-tytul-ekranu-015-1536x1024.jpg 1536w, https:\/\/marcinkrokowski.com\/wp-content\/uploads\/2026\/08\/fotorelacja-konferencja-founders-connect-5-warszawa-detal-tytul-ekranu-015.jpg 1920w\" sizes=\"auto, (max-width: 1200px) 100vw, 1200px\" \/><\/figure>\n<\/figure>\n\n\n\n<figure class=\"wp-block-gallery alignwide has-nested-images columns-1 is-cropped wp-block-gallery-14 is-layout-flex wp-block-gallery-is-layout-flex\" data-block-type=\"core\">\n<figure class=\"wp-block-image size-large\" data-block-type=\"core\"><img loading=\"lazy\" decoding=\"async\" width=\"1200\" height=\"800\" data-id=\"36268\" src=\"https:\/\/marcinkrokowski.com\/wp-content\/uploads\/2026\/08\/fotorelacja-konferencja-founders-connect-5-warszawa-rozmowa-loza-cytrynowka-016-1200x800.jpg\" alt=\"Ein vertrautes Gespr\u00e4ch in der Loge Cytryn\u00f3wka w\u00e4hrend Founders Connect 5\" class=\"wp-image-36268\" title=\"\" srcset=\"https:\/\/marcinkrokowski.com\/wp-content\/uploads\/2026\/08\/fotorelacja-konferencja-founders-connect-5-warszawa-rozmowa-loza-cytrynowka-016-1200x800.jpg 1200w, https:\/\/marcinkrokowski.com\/wp-content\/uploads\/2026\/08\/fotorelacja-konferencja-founders-connect-5-warszawa-rozmowa-loza-cytrynowka-016-900x600.jpg 900w, https:\/\/marcinkrokowski.com\/wp-content\/uploads\/2026\/08\/fotorelacja-konferencja-founders-connect-5-warszawa-rozmowa-loza-cytrynowka-016-450x300.jpg 450w, https:\/\/marcinkrokowski.com\/wp-content\/uploads\/2026\/08\/fotorelacja-konferencja-founders-connect-5-warszawa-rozmowa-loza-cytrynowka-016-768x512.jpg 768w, https:\/\/marcinkrokowski.com\/wp-content\/uploads\/2026\/08\/fotorelacja-konferencja-founders-connect-5-warszawa-rozmowa-loza-cytrynowka-016-1536x1024.jpg 1536w, https:\/\/marcinkrokowski.com\/wp-content\/uploads\/2026\/08\/fotorelacja-konferencja-founders-connect-5-warszawa-rozmowa-loza-cytrynowka-016.jpg 1920w\" sizes=\"auto, (max-width: 1200px) 100vw, 1200px\" \/><\/figure>\n<\/figure>\n\n\n\n<figure class=\"wp-block-gallery alignwide has-nested-images columns-1 is-cropped wp-block-gallery-15 is-layout-flex wp-block-gallery-is-layout-flex\" data-block-type=\"core\">\n<figure class=\"wp-block-image size-large\" data-block-type=\"core\"><img loading=\"lazy\" decoding=\"async\" width=\"1200\" height=\"800\" data-id=\"36262\" src=\"https:\/\/marcinkrokowski.com\/wp-content\/uploads\/2026\/08\/fotorelacja-konferencja-founders-connect-5-warszawa-lounge-praca-laptop-017-1200x800.jpg\" alt=\"Ein Arbeitstreffen im Lounge-Bereich w\u00e4hrend Founders Connect 5\" class=\"wp-image-36262\" title=\"\" srcset=\"https:\/\/marcinkrokowski.com\/wp-content\/uploads\/2026\/08\/fotorelacja-konferencja-founders-connect-5-warszawa-lounge-praca-laptop-017-1200x800.jpg 1200w, https:\/\/marcinkrokowski.com\/wp-content\/uploads\/2026\/08\/fotorelacja-konferencja-founders-connect-5-warszawa-lounge-praca-laptop-017-900x600.jpg 900w, https:\/\/marcinkrokowski.com\/wp-content\/uploads\/2026\/08\/fotorelacja-konferencja-founders-connect-5-warszawa-lounge-praca-laptop-017-450x300.jpg 450w, https:\/\/marcinkrokowski.com\/wp-content\/uploads\/2026\/08\/fotorelacja-konferencja-founders-connect-5-warszawa-lounge-praca-laptop-017-768x512.jpg 768w, https:\/\/marcinkrokowski.com\/wp-content\/uploads\/2026\/08\/fotorelacja-konferencja-founders-connect-5-warszawa-lounge-praca-laptop-017-1536x1024.jpg 1536w, https:\/\/marcinkrokowski.com\/wp-content\/uploads\/2026\/08\/fotorelacja-konferencja-founders-connect-5-warszawa-lounge-praca-laptop-017.jpg 1920w\" sizes=\"auto, (max-width: 1200px) 100vw, 1200px\" \/><\/figure>\n<\/figure>\n\n\n\n<figure class=\"wp-block-gallery alignwide has-nested-images columns-1 is-cropped wp-block-gallery-16 is-layout-flex wp-block-gallery-is-layout-flex\" data-block-type=\"core\">\n<figure class=\"wp-block-image size-large\" data-block-type=\"core\"><img loading=\"lazy\" decoding=\"async\" width=\"1200\" height=\"800\" data-id=\"36272\" src=\"https:\/\/marcinkrokowski.com\/wp-content\/uploads\/2026\/08\/fotorelacja-konferencja-founders-connect-5-warszawa-strefa-relaksu-pilkarzyki-018-1200x800.jpg\" alt=\"Der Entspannungsbereich mit Tischfu\u00dfball w\u00e4hrend einer Pause bei Founders Connect 5\" class=\"wp-image-36272\" title=\"\" srcset=\"https:\/\/marcinkrokowski.com\/wp-content\/uploads\/2026\/08\/fotorelacja-konferencja-founders-connect-5-warszawa-strefa-relaksu-pilkarzyki-018-1200x800.jpg 1200w, https:\/\/marcinkrokowski.com\/wp-content\/uploads\/2026\/08\/fotorelacja-konferencja-founders-connect-5-warszawa-strefa-relaksu-pilkarzyki-018-900x600.jpg 900w, https:\/\/marcinkrokowski.com\/wp-content\/uploads\/2026\/08\/fotorelacja-konferencja-founders-connect-5-warszawa-strefa-relaksu-pilkarzyki-018-450x300.jpg 450w, https:\/\/marcinkrokowski.com\/wp-content\/uploads\/2026\/08\/fotorelacja-konferencja-founders-connect-5-warszawa-strefa-relaksu-pilkarzyki-018-768x512.jpg 768w, https:\/\/marcinkrokowski.com\/wp-content\/uploads\/2026\/08\/fotorelacja-konferencja-founders-connect-5-warszawa-strefa-relaksu-pilkarzyki-018-1536x1024.jpg 1536w, https:\/\/marcinkrokowski.com\/wp-content\/uploads\/2026\/08\/fotorelacja-konferencja-founders-connect-5-warszawa-strefa-relaksu-pilkarzyki-018.jpg 1920w\" sizes=\"auto, (max-width: 1200px) 100vw, 1200px\" \/><\/figure>\n<\/figure>\n\n\n\n<figure class=\"wp-block-gallery alignwide has-nested-images columns-1 is-cropped wp-block-gallery-17 is-layout-flex wp-block-gallery-is-layout-flex\" data-block-type=\"core\">\n<figure class=\"wp-block-image size-large\" data-block-type=\"core\"><img loading=\"lazy\" decoding=\"async\" width=\"1200\" height=\"800\" data-id=\"36255\" src=\"https:\/\/marcinkrokowski.com\/wp-content\/uploads\/2026\/08\/fotorelacja-konferencja-founders-connect-5-warszawa-detal-catering-desery-019-1200x800.jpg\" alt=\"Catering w\u00e4hrend der Konferenz Founders Connect 5\" class=\"wp-image-36255\" title=\"\" srcset=\"https:\/\/marcinkrokowski.com\/wp-content\/uploads\/2026\/08\/fotorelacja-konferencja-founders-connect-5-warszawa-detal-catering-desery-019-1200x800.jpg 1200w, https:\/\/marcinkrokowski.com\/wp-content\/uploads\/2026\/08\/fotorelacja-konferencja-founders-connect-5-warszawa-detal-catering-desery-019-900x600.jpg 900w, https:\/\/marcinkrokowski.com\/wp-content\/uploads\/2026\/08\/fotorelacja-konferencja-founders-connect-5-warszawa-detal-catering-desery-019-450x300.jpg 450w, https:\/\/marcinkrokowski.com\/wp-content\/uploads\/2026\/08\/fotorelacja-konferencja-founders-connect-5-warszawa-detal-catering-desery-019-768x512.jpg 768w, https:\/\/marcinkrokowski.com\/wp-content\/uploads\/2026\/08\/fotorelacja-konferencja-founders-connect-5-warszawa-detal-catering-desery-019-1536x1024.jpg 1536w, https:\/\/marcinkrokowski.com\/wp-content\/uploads\/2026\/08\/fotorelacja-konferencja-founders-connect-5-warszawa-detal-catering-desery-019.jpg 1920w\" sizes=\"auto, (max-width: 1200px) 100vw, 1200px\" \/><\/figure>\n<\/figure>\n\n\n\n<figure class=\"wp-block-gallery alignwide has-nested-images columns-1 is-cropped wp-block-gallery-18 is-layout-flex wp-block-gallery-is-layout-flex\" data-block-type=\"core\">\n<figure class=\"wp-block-image size-large\" data-block-type=\"core\"><img loading=\"lazy\" decoding=\"async\" width=\"1200\" height=\"800\" data-id=\"36278\" src=\"https:\/\/marcinkrokowski.com\/wp-content\/uploads\/2026\/08\/fotorelacja-konferencja-founders-connect-5-warszawa-zaplecze-techniczne-mikser-020-1200x800.jpg\" alt=\"Technischer Backstage-Bereich der Konferenz Founders Connect 5\" class=\"wp-image-36278\" title=\"\" srcset=\"https:\/\/marcinkrokowski.com\/wp-content\/uploads\/2026\/08\/fotorelacja-konferencja-founders-connect-5-warszawa-zaplecze-techniczne-mikser-020-1200x800.jpg 1200w, https:\/\/marcinkrokowski.com\/wp-content\/uploads\/2026\/08\/fotorelacja-konferencja-founders-connect-5-warszawa-zaplecze-techniczne-mikser-020-900x600.jpg 900w, https:\/\/marcinkrokowski.com\/wp-content\/uploads\/2026\/08\/fotorelacja-konferencja-founders-connect-5-warszawa-zaplecze-techniczne-mikser-020-450x300.jpg 450w, https:\/\/marcinkrokowski.com\/wp-content\/uploads\/2026\/08\/fotorelacja-konferencja-founders-connect-5-warszawa-zaplecze-techniczne-mikser-020-768x512.jpg 768w, https:\/\/marcinkrokowski.com\/wp-content\/uploads\/2026\/08\/fotorelacja-konferencja-founders-connect-5-warszawa-zaplecze-techniczne-mikser-020-1536x1024.jpg 1536w, https:\/\/marcinkrokowski.com\/wp-content\/uploads\/2026\/08\/fotorelacja-konferencja-founders-connect-5-warszawa-zaplecze-techniczne-mikser-020.jpg 1920w\" sizes=\"auto, (max-width: 1200px) 100vw, 1200px\" \/><\/figure>\n<\/figure>\n\n\n\n<figure class=\"wp-block-gallery alignwide has-nested-images columns-1 is-cropped wp-block-gallery-19 is-layout-flex wp-block-gallery-is-layout-flex\" data-block-type=\"core\">\n<figure class=\"wp-block-image size-large\" data-block-type=\"core\"><img loading=\"lazy\" decoding=\"async\" width=\"1200\" height=\"800\" data-id=\"36258\" src=\"https:\/\/marcinkrokowski.com\/wp-content\/uploads\/2026\/08\/fotorelacja-konferencja-founders-connect-5-warszawa-fireside-chat-widownia-021-1200x800.jpg\" alt=\"Fireside Chat auf der B\u00fchne von Founders Connect 5, Blick auf das gesamte Publikum\" class=\"wp-image-36258\" title=\"\" srcset=\"https:\/\/marcinkrokowski.com\/wp-content\/uploads\/2026\/08\/fotorelacja-konferencja-founders-connect-5-warszawa-fireside-chat-widownia-021-1200x800.jpg 1200w, https:\/\/marcinkrokowski.com\/wp-content\/uploads\/2026\/08\/fotorelacja-konferencja-founders-connect-5-warszawa-fireside-chat-widownia-021-900x600.jpg 900w, https:\/\/marcinkrokowski.com\/wp-content\/uploads\/2026\/08\/fotorelacja-konferencja-founders-connect-5-warszawa-fireside-chat-widownia-021-450x300.jpg 450w, https:\/\/marcinkrokowski.com\/wp-content\/uploads\/2026\/08\/fotorelacja-konferencja-founders-connect-5-warszawa-fireside-chat-widownia-021-768x512.jpg 768w, https:\/\/marcinkrokowski.com\/wp-content\/uploads\/2026\/08\/fotorelacja-konferencja-founders-connect-5-warszawa-fireside-chat-widownia-021-1536x1024.jpg 1536w, https:\/\/marcinkrokowski.com\/wp-content\/uploads\/2026\/08\/fotorelacja-konferencja-founders-connect-5-warszawa-fireside-chat-widownia-021.jpg 1920w\" sizes=\"auto, (max-width: 1200px) 100vw, 1200px\" \/><\/figure>\n<\/figure>\n\n\n\n<figure class=\"wp-block-gallery alignwide has-nested-images columns-1 is-cropped wp-block-gallery-20 is-layout-flex wp-block-gallery-is-layout-flex\" data-block-type=\"core\">\n<figure class=\"wp-block-image size-large\" data-block-type=\"core\"><img loading=\"lazy\" decoding=\"async\" width=\"1200\" height=\"800\" data-id=\"36254\" src=\"https:\/\/marcinkrokowski.com\/wp-content\/uploads\/2026\/08\/fotorelacja-konferencja-founders-connect-5-warszawa-detal-bar-wieczorny-022-1200x800.jpg\" alt=\"Die Abendbar w\u00e4hrend des Networkings bei Founders Connect 5\" class=\"wp-image-36254\" title=\"\" srcset=\"https:\/\/marcinkrokowski.com\/wp-content\/uploads\/2026\/08\/fotorelacja-konferencja-founders-connect-5-warszawa-detal-bar-wieczorny-022-1200x800.jpg 1200w, https:\/\/marcinkrokowski.com\/wp-content\/uploads\/2026\/08\/fotorelacja-konferencja-founders-connect-5-warszawa-detal-bar-wieczorny-022-900x600.jpg 900w, https:\/\/marcinkrokowski.com\/wp-content\/uploads\/2026\/08\/fotorelacja-konferencja-founders-connect-5-warszawa-detal-bar-wieczorny-022-450x300.jpg 450w, https:\/\/marcinkrokowski.com\/wp-content\/uploads\/2026\/08\/fotorelacja-konferencja-founders-connect-5-warszawa-detal-bar-wieczorny-022-768x512.jpg 768w, https:\/\/marcinkrokowski.com\/wp-content\/uploads\/2026\/08\/fotorelacja-konferencja-founders-connect-5-warszawa-detal-bar-wieczorny-022-1536x1024.jpg 1536w, https:\/\/marcinkrokowski.com\/wp-content\/uploads\/2026\/08\/fotorelacja-konferencja-founders-connect-5-warszawa-detal-bar-wieczorny-022.jpg 1920w\" sizes=\"auto, (max-width: 1200px) 100vw, 1200px\" \/><\/figure>\n<\/figure>\n\n\n\n<figure class=\"wp-block-gallery alignwide has-nested-images columns-1 is-cropped wp-block-gallery-21 is-layout-flex wp-block-gallery-is-layout-flex\" data-block-type=\"core\">\n<figure class=\"wp-block-image size-large\" data-block-type=\"core\"><img loading=\"lazy\" decoding=\"async\" width=\"1200\" height=\"800\" data-id=\"36259\" src=\"https:\/\/marcinkrokowski.com\/wp-content\/uploads\/2026\/08\/fotorelacja-konferencja-founders-connect-5-warszawa-korytarz-nocny-networking-023-1200x800.jpg\" alt=\"Abendliches Networking im Korridor des Google for Startups Campus\" class=\"wp-image-36259\" title=\"\" srcset=\"https:\/\/marcinkrokowski.com\/wp-content\/uploads\/2026\/08\/fotorelacja-konferencja-founders-connect-5-warszawa-korytarz-nocny-networking-023-1200x800.jpg 1200w, https:\/\/marcinkrokowski.com\/wp-content\/uploads\/2026\/08\/fotorelacja-konferencja-founders-connect-5-warszawa-korytarz-nocny-networking-023-900x600.jpg 900w, https:\/\/marcinkrokowski.com\/wp-content\/uploads\/2026\/08\/fotorelacja-konferencja-founders-connect-5-warszawa-korytarz-nocny-networking-023-450x300.jpg 450w, https:\/\/marcinkrokowski.com\/wp-content\/uploads\/2026\/08\/fotorelacja-konferencja-founders-connect-5-warszawa-korytarz-nocny-networking-023-768x512.jpg 768w, https:\/\/marcinkrokowski.com\/wp-content\/uploads\/2026\/08\/fotorelacja-konferencja-founders-connect-5-warszawa-korytarz-nocny-networking-023-1536x1024.jpg 1536w, https:\/\/marcinkrokowski.com\/wp-content\/uploads\/2026\/08\/fotorelacja-konferencja-founders-connect-5-warszawa-korytarz-nocny-networking-023.jpg 1920w\" sizes=\"auto, (max-width: 1200px) 100vw, 1200px\" \/><\/figure>\n<\/figure>\n\n\n\n<figure class=\"wp-block-gallery alignwide has-nested-images columns-1 is-cropped wp-block-gallery-22 is-layout-flex wp-block-gallery-is-layout-flex\" data-block-type=\"core\">\n<figure class=\"wp-block-image size-large\" data-block-type=\"core\"><img loading=\"lazy\" decoding=\"async\" width=\"1200\" height=\"800\" data-id=\"36264\" src=\"https:\/\/marcinkrokowski.com\/wp-content\/uploads\/2026\/08\/fotorelacja-konferencja-founders-connect-5-warszawa-networking-po-scenie-024-1200x800.jpg\" alt=\"Networking nach dem Ende des B\u00fchnenprogramms von Founders Connect 5\" class=\"wp-image-36264\" title=\"\" srcset=\"https:\/\/marcinkrokowski.com\/wp-content\/uploads\/2026\/08\/fotorelacja-konferencja-founders-connect-5-warszawa-networking-po-scenie-024-1200x800.jpg 1200w, https:\/\/marcinkrokowski.com\/wp-content\/uploads\/2026\/08\/fotorelacja-konferencja-founders-connect-5-warszawa-networking-po-scenie-024-900x600.jpg 900w, https:\/\/marcinkrokowski.com\/wp-content\/uploads\/2026\/08\/fotorelacja-konferencja-founders-connect-5-warszawa-networking-po-scenie-024-450x300.jpg 450w, https:\/\/marcinkrokowski.com\/wp-content\/uploads\/2026\/08\/fotorelacja-konferencja-founders-connect-5-warszawa-networking-po-scenie-024-768x512.jpg 768w, https:\/\/marcinkrokowski.com\/wp-content\/uploads\/2026\/08\/fotorelacja-konferencja-founders-connect-5-warszawa-networking-po-scenie-024-1536x1024.jpg 1536w, https:\/\/marcinkrokowski.com\/wp-content\/uploads\/2026\/08\/fotorelacja-konferencja-founders-connect-5-warszawa-networking-po-scenie-024.jpg 1920w\" sizes=\"auto, (max-width: 1200px) 100vw, 1200px\" \/><\/figure>\n<\/figure>\n\n\n\n<figure class=\"wp-block-gallery alignwide has-nested-images columns-1 is-cropped wp-block-gallery-23 is-layout-flex wp-block-gallery-is-layout-flex\" data-block-type=\"core\">\n<figure class=\"wp-block-image size-large\" data-block-type=\"core\"><img loading=\"lazy\" decoding=\"async\" width=\"1200\" height=\"800\" data-id=\"36277\" src=\"https:\/\/marcinkrokowski.com\/wp-content\/uploads\/2026\/08\/fotorelacja-konferencja-founders-connect-5-warszawa-zamkniecie-stol-grupa-025-1200x800.jpg\" alt=\"Gespr\u00e4che am Tisch zum Abschluss von Founders Connect 5\" class=\"wp-image-36277\" title=\"\" srcset=\"https:\/\/marcinkrokowski.com\/wp-content\/uploads\/2026\/08\/fotorelacja-konferencja-founders-connect-5-warszawa-zamkniecie-stol-grupa-025-1200x800.jpg 1200w, https:\/\/marcinkrokowski.com\/wp-content\/uploads\/2026\/08\/fotorelacja-konferencja-founders-connect-5-warszawa-zamkniecie-stol-grupa-025-900x600.jpg 900w, https:\/\/marcinkrokowski.com\/wp-content\/uploads\/2026\/08\/fotorelacja-konferencja-founders-connect-5-warszawa-zamkniecie-stol-grupa-025-450x300.jpg 450w, https:\/\/marcinkrokowski.com\/wp-content\/uploads\/2026\/08\/fotorelacja-konferencja-founders-connect-5-warszawa-zamkniecie-stol-grupa-025-768x512.jpg 768w, https:\/\/marcinkrokowski.com\/wp-content\/uploads\/2026\/08\/fotorelacja-konferencja-founders-connect-5-warszawa-zamkniecie-stol-grupa-025-1536x1024.jpg 1536w, https:\/\/marcinkrokowski.com\/wp-content\/uploads\/2026\/08\/fotorelacja-konferencja-founders-connect-5-warszawa-zamkniecie-stol-grupa-025.jpg 1920w\" sizes=\"auto, (max-width: 1200px) 100vw, 1200px\" \/><\/figure>\n<\/figure>\n","protected":false},"excerpt":{"rendered":"<p>Eine Konferenz f\u00fcr Gr\u00fcnder endet selten bei den Vortr\u00e4gen. Founders Connect 5 begann um 18 Uhr und ging flie\u00dfend von der B\u00fchne \u00fcber Workshops im<\/p>\n","protected":false},"author":0,"featured_media":36270,"parent":0,"comment_status":"closed","ping_status":"closed","template":"","kategoria_portfolio":[23],"class_list":["post-37264","portfolio","type-portfolio","status-publish","has-post-thumbnail","hentry","kategoria_portfolio-konferencje","infinite-scroll-item","generate-columns","tablet-grid-50","mobile-grid-100","grid-parent","grid-33"],"_links":{"self":[{"href":"https:\/\/marcinkrokowski.com\/de\/wp-json\/wp\/v2\/portfolio\/37264","targetHints":{"allow":["GET"]}}],"collection":[{"href":"https:\/\/marcinkrokowski.com\/de\/wp-json\/wp\/v2\/portfolio"}],"about":[{"href":"https:\/\/marcinkrokowski.com\/de\/wp-json\/wp\/v2\/types\/portfolio"}],"replies":[{"embeddable":true,"href":"https:\/\/marcinkrokowski.com\/de\/wp-json\/wp\/v2\/comments?post=37264"}],"version-history":[{"count":0,"href":"https:\/\/marcinkrokowski.com\/de\/wp-json\/wp\/v2\/portfolio\/37264\/revisions"}],"wp:featuredmedia":[{"embeddable":true,"href":"https:\/\/marcinkrokowski.com\/de\/wp-json\/wp\/v2\/media\/36270"}],"wp:attachment":[{"href":"https:\/\/marcinkrokowski.com\/de\/wp-json\/wp\/v2\/media?parent=37264"}],"wp:term":[{"taxonomy":"kategoria_portfolio","embeddable":true,"href":"https:\/\/marcinkrokowski.com\/de\/wp-json\/wp\/v2\/kategoria_portfolio?post=37264"}],"curies":[{"name":"wp","href":"https:\/\/api.w.org\/{rel}","templated":true}]}}