{"id":37262,"date":"2026-08-17T22:25:00","date_gmt":"2026-08-17T20:25:00","guid":{"rendered":"https:\/\/marcinkrokowski.com\/portfolio\/kongres-wizja-zdrowia-2022-fotos\/"},"modified":"2026-08-17T22:25:00","modified_gmt":"2026-08-17T20:25:00","slug":"kongres-wizja-zdrowia-2022-fotos","status":"publish","type":"portfolio","link":"https:\/\/marcinkrokowski.com\/de\/portfolio\/kongres-wizja-zdrowia-2022-fotos\/","title":{"rendered":"Fotobericht vom Gesundheitskongress: VI Kongres Wizja Zdrowia 2022"},"content":{"rendered":"\n<div class=\"wp-block-stackable-columns stk-block-columns stk-block stk-cf7cd54 stk-block-background\" data-block-id=\"cf7cd54\" data-block-type=\"core\" data-block-type=\"core\"><style>.stk-cf7cd54 {background-color:var(--bg-secondary) !important;border-top-left-radius:12px !important;border-top-right-radius:12px !important;border-bottom-right-radius:12px !important;border-bottom-left-radius:12px !important;overflow:hidden !important;box-shadow:5px 10px 30px 0px #0000004f !important;border-style:solid !important;border-top-width:1px !important;border-right-width:1px !important;border-bottom-width:1px !important;border-left-width:1px !important;min-height:200px !important;align-items:flex-start !important;max-width:900px !important;min-width:auto !important;margin-bottom:40px !important;display:flex !important;}.stk-cf7cd54:before{background-color:var(--bg-secondary) !important;}.stk-cf7cd54-column{max-width:900px !important;min-width:auto !important;margin-right:auto !important;margin-left:auto !important;}<\/style><div class=\"stk-row stk-inner-blocks stk-block-content stk-content-align stk-cf7cd54-column\">\n<div class=\"wp-block-stackable-column stk-block-column stk-column stk-block stk-c5cce51\" data-v=\"4\" data-block-id=\"c5cce51\"><div class=\"stk-column-wrapper stk-block-column__content stk-container stk-c5cce51-container stk--no-background stk--no-padding\"><div class=\"stk-block-content stk-inner-blocks stk-c5cce51-inner-blocks\">\n<div class=\"wp-block-stackable-icon-list stk-block-icon-list stk-block stk-3254369\" data-block-id=\"3254369\"><style>.stk-3254369 .stk-block-icon-list-item__content{align-items:baseline !important;}@media screen and (max-width: 1023px){.stk-3254369 .stk-block-icon-list-item__content{align-items:baseline !important;}}@media screen and (max-width: 767px){.stk-3254369 .stk-block-icon-list-item__content{align-items:baseline !important;}}<\/style><svg style=\"display:none\"><defs><g id=\"stk-icon-list__icon-svg-def-3254369\"><svg xmlns=\"http:\/\/www.w3.org\/2000\/svg\" viewBox=\"0 0 190 190\"><polygon points=\"173.8,28.4 60.4,141.8 15.7,97.2 5.1,107.8 60.4,163 184.4,39 173.8,28.4\"\/><\/svg><\/g><\/defs><\/svg><ul class=\"stk-block-icon-list__ul stk-block-icon-list--column\">\n<li class=\"wp-block-stackable-icon-list-item stk-block-icon-list-item stk-block stk-e672d85\" data-block-id=\"e672d85\"><div class=\"stk-block-icon-list-item__content\"><span class=\"stk--svg-wrapper\"><div class=\"stk--inner-svg\"><svg xmlns=\"http:\/\/www.w3.org\/2000\/svg\" viewbox=\"0 0 384 512\" aria-hidden=\"true\" width=\"32\" height=\"32\"><path d=\"M64 48c-8.8 0-16 7.2-16 16V448c0 8.8 7.2 16 16 16h80V400c0-26.5 21.5-48 48-48s48 21.5 48 48v64h80c8.8 0 16-7.2 16-16V64c0-8.8-7.2-16-16-16H64zM0 64C0 28.7 28.7 0 64 0H320c35.3 0 64 28.7 64 64V448c0 35.3-28.7 64-64 64H64c-35.3 0-64-28.7-64-64V64zm88 40c0-8.8 7.2-16 16-16h48c8.8 0 16 7.2 16 16v48c0 8.8-7.2 16-16 16H104c-8.8 0-16-7.2-16-16V104zM232 88h48c8.8 0 16 7.2 16 16v48c0 8.8-7.2 16-16 16H232c-8.8 0-16-7.2-16-16V104c0-8.8 7.2-16 16-16zM88 232c0-8.8 7.2-16 16-16h48c8.8 0 16 7.2 16 16v48c0 8.8-7.2 16-16 16H104c-8.8 0-16-7.2-16-16V232zm144-16h48c8.8 0 16 7.2 16 16v48c0 8.8-7.2 16-16 16H232c-8.8 0-16-7.2-16-16V232c0-8.8 7.2-16 16-16z\"><\/path><\/svg><\/div><\/span><span class=\"stk-block-icon-list-item__text\"><strong>Kunde:<\/strong> <\/span><\/div><\/li>\n\n\n\n<li class=\"wp-block-stackable-icon-list-item stk-block-icon-list-item stk-block stk-1052ef5\" data-block-id=\"1052ef5\"><div class=\"stk-block-icon-list-item__content\"><span class=\"stk--svg-wrapper\"><div class=\"stk--inner-svg\"><svg xmlns=\"http:\/\/www.w3.org\/2000\/svg\" viewbox=\"0 0 576 512\" aria-hidden=\"true\" width=\"32\" height=\"32\"><path d=\"M264.5 5.2c14.9-6.9 32.1-6.9 47 0l218.6 101c8.5 3.9 13.9 12.4 13.9 21.8s-5.4 17.9-13.9 21.8l-218.6 101c-14.9 6.9-32.1 6.9-47 0L45.9 149.8C37.4 145.8 32 137.3 32 128s5.4-17.9 13.9-21.8L264.5 5.2zM476.9 209.6l53.2 24.6c8.5 3.9 13.9 12.4 13.9 21.8s-5.4 17.9-13.9 21.8l-218.6 101c-14.9 6.9-32.1 6.9-47 0L45.9 277.8C37.4 273.8 32 265.3 32 256s5.4-17.9 13.9-21.8l53.2-24.6 152 70.2c23.4 10.8 50.4 10.8 73.8 0l152-70.2zm-152 198.2l152-70.2 53.2 24.6c8.5 3.9 13.9 12.4 13.9 21.8s-5.4 17.9-13.9 21.8l-218.6 101c-14.9 6.9-32.1 6.9-47 0L45.9 405.8C37.4 401.8 32 393.3 32 384s5.4-17.9 13.9-21.8l53.2-24.6 152 70.2c23.4 10.8 50.4 10.8 73.8 0z\"><\/path><\/svg><\/div><\/span><span class=\"stk-block-icon-list-item__text\"><strong>Art der Veranstaltung:<\/strong> <a href=\"https:\/\/marcinkrokowski.com\/de\/kategoria-portfolio\/konferenzen\/\">Konferencje<\/a><\/span><\/div><\/li>\n\n\n\n<li class=\"wp-block-stackable-icon-list-item stk-block-icon-list-item stk-block stk-c0979fd\" data-block-id=\"c0979fd\"><div class=\"stk-block-icon-list-item__content\"><span class=\"stk--svg-wrapper\"><div class=\"stk--inner-svg\"><svg xmlns=\"http:\/\/www.w3.org\/2000\/svg\" viewbox=\"0 0 448 512\" aria-hidden=\"true\" width=\"32\" height=\"32\"><path d=\"M152 24c0-13.3-10.7-24-24-24s-24 10.7-24 24V64H64C28.7 64 0 92.7 0 128v16 48V448c0 35.3 28.7 64 64 64H384c35.3 0 64-28.7 64-64V192 144 128c0-35.3-28.7-64-64-64H344V24c0-13.3-10.7-24-24-24s-24 10.7-24 24V64H152V24zM48 192H400V448c0 8.8-7.2 16-16 16H64c-8.8 0-16-7.2-16-16V192z\"><\/path><\/svg><\/div><\/span><span class=\"stk-block-icon-list-item__text\"><strong>Datum des Ereignisses:<\/strong> <\/span><\/div><\/li>\n\n\n\n<li class=\"wp-block-stackable-icon-list-item stk-block-icon-list-item stk-block stk-d7db120\" data-block-id=\"d7db120\"><div class=\"stk-block-icon-list-item__content\"><span class=\"stk--svg-wrapper\"><div class=\"stk--inner-svg\"><svg xmlns=\"http:\/\/www.w3.org\/2000\/svg\" viewbox=\"0 0 384 512\" aria-hidden=\"true\" width=\"32\" height=\"32\"><path d=\"M215.7 499.2C267 435 384 279.4 384 192C384 86 298 0 192 0S0 86 0 192c0 87.4 117 243 168.3 307.2c12.3 15.3 35.1 15.3 47.4 0zM192 128a64 64 0 1 1 0 128 64 64 0 1 1 0-128z\"><\/path><\/svg><\/div><\/span><span class=\"stk-block-icon-list-item__text\"><strong>Standort:<\/strong> <\/span><\/div><\/li>\n\n\n\n<li class=\"wp-block-stackable-icon-list-item stk-block-icon-list-item stk-block stk-f9abdaf\" data-block-id=\"f9abdaf\"><div class=\"stk-block-icon-list-item__content\"><span class=\"stk--svg-wrapper\"><div class=\"stk--inner-svg\"><svg xmlns=\"http:\/\/www.w3.org\/2000\/svg\" viewbox=\"0 0 448 512\" aria-hidden=\"true\" width=\"32\" height=\"32\"><path d=\"M176 0c-17.7 0-32 14.3-32 32s14.3 32 32 32h16V98.4C92.3 113.8 16 200 16 304c0 114.9 93.1 208 208 208s208-93.1 208-208c0-41.8-12.3-80.7-33.5-113.2l24.1-24.1c12.5-12.5 12.5-32.8 0-45.3s-32.8-12.5-45.3 0L355.7 143c-28.1-23-62.2-38.8-99.7-44.6V64h16c17.7 0 32-14.3 32-32s-14.3-32-32-32H224 176zm72 192V320c0 13.3-10.7 24-24 24s-24-10.7-24-24V192c0-13.3 10.7-24 24-24s24 10.7 24 24z\"><\/path><\/svg><\/div><\/span><span class=\"stk-block-icon-list-item__text\"><strong>Dauer der Reportage:<\/strong> <\/span><\/div><\/li>\n\n\n\n<li class=\"wp-block-stackable-icon-list-item stk-block-icon-list-item stk-block stk-be1686d\" data-block-id=\"be1686d\"><div class=\"stk-block-icon-list-item__content\"><span class=\"stk--svg-wrapper\"><div class=\"stk--inner-svg\"><svg xmlns=\"http:\/\/www.w3.org\/2000\/svg\" viewbox=\"0 0 576 512\" aria-hidden=\"true\" width=\"32\" height=\"32\"><path d=\"M160 80H512c8.8 0 16 7.2 16 16V320c0 8.8-7.2 16-16 16H490.8L388.1 178.9c-4.4-6.8-12-10.9-20.1-10.9s-15.7 4.1-20.1 10.9l-52.2 79.8-12.4-16.9c-4.5-6.2-11.7-9.8-19.4-9.8s-14.8 3.6-19.4 9.8L175.6 336H160c-8.8 0-16-7.2-16-16V96c0-8.8 7.2-16 16-16zM96 96V320c0 35.3 28.7 64 64 64H512c35.3 0 64-28.7 64-64V96c0-35.3-28.7-64-64-64H160c-35.3 0-64 28.7-64 64zM48 120c0-13.3-10.7-24-24-24S0 106.7 0 120V344c0 75.1 60.9 136 136 136H456c13.3 0 24-10.7 24-24s-10.7-24-24-24H136c-48.6 0-88-39.4-88-88V120zm208 24a32 32 0 1 0 -64 0 32 32 0 1 0 64 0z\"><\/path><\/svg><\/div><\/span><span class=\"stk-block-icon-list-item__text\"><strong>Anzahl der gelieferten Fotos:<\/strong> <\/span><\/div><\/li>\n\n\n\n<li class=\"wp-block-stackable-icon-list-item stk-block-icon-list-item stk-block stk-65447a4\" data-block-id=\"65447a4\"><div class=\"stk-block-icon-list-item__content\"><span class=\"stk--svg-wrapper\"><div class=\"stk--inner-svg\"><svg xmlns=\"http:\/\/www.w3.org\/2000\/svg\" viewbox=\"0 0 640 512\" aria-hidden=\"true\" width=\"32\" height=\"32\"><path d=\"M184 48H328c4.4 0 8 3.6 8 8V96H176V56c0-4.4 3.6-8 8-8zm-56 8V96H64C28.7 96 0 124.7 0 160v96H192 352h8.2c32.3-39.1 81.1-64 135.8-64c5.4 0 10.7 .2 16 .7V160c0-35.3-28.7-64-64-64H384V56c0-30.9-25.1-56-56-56H184c-30.9 0-56 25.1-56 56zM320 352H224c-17.7 0-32-14.3-32-32V288H0V416c0 35.3 28.7 64 64 64H360.2C335.1 449.6 320 410.5 320 368c0-5.4 .2-10.7 .7-16l-.7 0zm320 16a144 144 0 1 0 -288 0 144 144 0 1 0 288 0zM496 288c8.8 0 16 7.2 16 16v48h32c8.8 0 16 7.2 16 16s-7.2 16-16 16H496c-8.8 0-16-7.2-16-16V304c0-8.8 7.2-16 16-16z\"><\/path><\/svg><\/div><\/span><span class=\"stk-block-icon-list-item__text\"><strong>Bearbeitungszeit:<\/strong> <\/span><\/div><\/li>\n<\/ul><\/div>\n<\/div><\/div><\/div>\n<\/div><\/div>\n\n\n\n<p class=\"wp-block-paragraph\" data-block-type=\"core\">An der T\u00fcr des Saals im Sheraton Grand Warsaw h\u00e4ngt ein kleines Schild: Pchnij, Push. Daneben sitzt eine Panelistin mit Mikrofon und beantwortet gerade eine Frage zur Zukunft der polnischen Krankenh\u00e4user. Ein Systemkongress im Gesundheitswesen ist genau dieser Zusammenprall: gro\u00dfe Themen in einem sehr konkreten Hotelraum. Die Fotos m\u00fcssen beides tragen.<\/p>\n\n\n\n<p class=\"wp-block-paragraph\" data-block-type=\"core\">Im Oktober 2022 habe ich den VI Kongres Wizja Zdrowia &#8211; Diagnoza i Przysz\u0142o\u015b\u0107 fotografiert, organisiert vom Verlag Termedia, dem Herausgeber von \u201eMened\u017cer Zdrowia&#8220; und \u201eKurier Medyczny&#8220;. Im Saal sa\u00dfen Direktoren und Manager von Krankenh\u00e4usern, Experten des Gesundheitssystems und Vertreter der wichtigsten Institutionen.<\/p>\n\n\n\n<h2 class=\"wp-block-heading\" data-block-type=\"core\">Was geschah<\/h2>\n\n\n\n<p class=\"wp-block-paragraph\" data-block-type=\"core\">Das Herzst\u00fcck des Programms waren die Panels und die Expertendebatte des Zertifizierungsprogramms \u201eBezpieczny Szpital to Bezpieczny Pacjent&#8220; (Sicheres Krankenhaus, sicherer Patient). Acht Personen auf der B\u00fchne, ein Austausch von Argumenten, Reaktionen aus dem Saal. In solchen Situationen arbeite ich reportageartig: Ich stelle niemanden, sondern antizipiere, wer als N\u00e4chstes das Wort ergreift, und achte darauf, dass jeder Panelist sein gutes Bild bekommt. Der Veranstalter muss auch die Sichtbarkeit des Brandings nachweisen, deshalb sind W\u00e4nde und Roll-ups des Programms im Bild, bevor jemand danach fragt.<\/p>\n\n\n\n<p class=\"wp-block-paragraph\" data-block-type=\"core\">Die zweite Ebene war die Zeremonie der Zertifikatsverleihung an Krankenh\u00e4user. Mehrere Dutzend aufgerufene Institutionen, jede \u00dcbergabe dauert nur wenige Sekunden und es gibt keine Wiederholung. Dazu ein Gruppenfoto aller Ausgezeichneten &#8211; \u00fcber drei\u00dfig Personen mit Urkunden, die z\u00fcgig aufgestellt und fotografiert werden m\u00fcssen, bevor sie zur Pause auseinandergehen.<\/p>\n\n\n\n<h2 class=\"wp-block-heading\" data-block-type=\"core\">Worauf ich bei einem Gesundheitskongress achte<\/h2>\n\n\n\n<p class=\"wp-block-paragraph\" data-block-type=\"core\">Der Ernst des Themas bestimmt den Bildausschnitt. Eine Debatte \u00fcber Patientensicherheit verlangt Fotos, die die Teilnehmer ernst nehmen. Keine zuf\u00e4lligen Mienen und keine Gesten, die mitten in der Bewegung eingefangen werden.<\/p>\n\n\n\n<p class=\"wp-block-paragraph\" data-block-type=\"core\">Auch der Saal ist ein Protagonist, nicht nur die B\u00fchne. Ein Krankenhausdirektor, der sein Zertifikat inmitten des Publikums entgegennimmt, ist oft ein st\u00e4rkeres Bild als eine weitere Aufnahme des Rednerpults. Ich fotografiere breiter als nur die B\u00fchne und ein paar L\u00e4cheln in die Kamera.<\/p>\n\n\n\n<p class=\"wp-block-paragraph\" data-block-type=\"core\">Details leisten in der Kommunikation viel. Stapel gerahmter Zertifikate mit den Namen der Krankenh\u00e4user ergeben ein fertiges Bild f\u00fcr die Berichterstattung \u00fcber das Zertifizierungsprogramm &#8211; ohne ein einziges Gesicht, also f\u00fcr jeden Kanal geeignet.<\/p>\n\n\n\n<h2 class=\"wp-block-heading\" data-block-type=\"core\">Ergebnis<\/h2>\n\n\n\n<p class=\"wp-block-paragraph\" data-block-type=\"core\">Termedia erhielt Material vom gesamten Kongress, aufbereitet in zwei Formaten: f\u00fcr den Druck und f\u00fcr Social Media. Ein Jahr sp\u00e4ter meldete sich derselbe Verlag erneut mit einer Anfrage zur Betreuung des n\u00e4chsten Kongresses.<\/p>\n\n\n\n<figure class=\"wp-block-gallery alignwide has-nested-images columns-1 is-cropped wp-block-gallery-1 is-layout-flex wp-block-gallery-is-layout-flex\" data-block-type=\"core\">\n<figure class=\"wp-block-image size-large\" data-block-type=\"core\"><img loading=\"lazy\" decoding=\"async\" width=\"1200\" height=\"800\" data-id=\"36351\" src=\"https:\/\/marcinkrokowski.com\/wp-content\/uploads\/2026\/08\/fotorelacja-kongres-wizja-zdrowia-warszawa-wejscie-recepcja-002-1200x800.jpg\" alt=\"Eingang zum VI Kongres Wizja Zdrowia 2022, Roll-ups und Empfang der Veranstaltung\" class=\"wp-image-36351\" title=\"\" srcset=\"https:\/\/marcinkrokowski.com\/wp-content\/uploads\/2026\/08\/fotorelacja-kongres-wizja-zdrowia-warszawa-wejscie-recepcja-002-1200x800.jpg 1200w, https:\/\/marcinkrokowski.com\/wp-content\/uploads\/2026\/08\/fotorelacja-kongres-wizja-zdrowia-warszawa-wejscie-recepcja-002-900x600.jpg 900w, https:\/\/marcinkrokowski.com\/wp-content\/uploads\/2026\/08\/fotorelacja-kongres-wizja-zdrowia-warszawa-wejscie-recepcja-002-450x300.jpg 450w, https:\/\/marcinkrokowski.com\/wp-content\/uploads\/2026\/08\/fotorelacja-kongres-wizja-zdrowia-warszawa-wejscie-recepcja-002-768x512.jpg 768w, https:\/\/marcinkrokowski.com\/wp-content\/uploads\/2026\/08\/fotorelacja-kongres-wizja-zdrowia-warszawa-wejscie-recepcja-002-1536x1024.jpg 1536w, https:\/\/marcinkrokowski.com\/wp-content\/uploads\/2026\/08\/fotorelacja-kongres-wizja-zdrowia-warszawa-wejscie-recepcja-002.jpg 1920w\" sizes=\"auto, (max-width: 1200px) 100vw, 1200px\" \/><\/figure>\n<\/figure>\n\n\n\n<figure class=\"wp-block-gallery alignwide has-nested-images columns-1 is-cropped wp-block-gallery-2 is-layout-flex wp-block-gallery-is-layout-flex\" data-block-type=\"core\">\n<figure class=\"wp-block-image size-large\" data-block-type=\"core\"><img loading=\"lazy\" decoding=\"async\" width=\"1200\" height=\"800\" data-id=\"36314\" src=\"https:\/\/marcinkrokowski.com\/wp-content\/uploads\/2026\/08\/fotorelacja-kongres-wizja-zdrowia-warszawa-debata-ekspertow-003-1200x800.jpg\" alt=\"Expertendebatte w\u00e4hrend des VI Kongres Wizja Zdrowia 2022\" class=\"wp-image-36314\" title=\"\" srcset=\"https:\/\/marcinkrokowski.com\/wp-content\/uploads\/2026\/08\/fotorelacja-kongres-wizja-zdrowia-warszawa-debata-ekspertow-003-1200x800.jpg 1200w, https:\/\/marcinkrokowski.com\/wp-content\/uploads\/2026\/08\/fotorelacja-kongres-wizja-zdrowia-warszawa-debata-ekspertow-003-900x600.jpg 900w, https:\/\/marcinkrokowski.com\/wp-content\/uploads\/2026\/08\/fotorelacja-kongres-wizja-zdrowia-warszawa-debata-ekspertow-003-450x300.jpg 450w, https:\/\/marcinkrokowski.com\/wp-content\/uploads\/2026\/08\/fotorelacja-kongres-wizja-zdrowia-warszawa-debata-ekspertow-003-768x512.jpg 768w, https:\/\/marcinkrokowski.com\/wp-content\/uploads\/2026\/08\/fotorelacja-kongres-wizja-zdrowia-warszawa-debata-ekspertow-003-1536x1024.jpg 1536w, https:\/\/marcinkrokowski.com\/wp-content\/uploads\/2026\/08\/fotorelacja-kongres-wizja-zdrowia-warszawa-debata-ekspertow-003.jpg 1920w\" sizes=\"auto, (max-width: 1200px) 100vw, 1200px\" \/><\/figure>\n<\/figure>\n\n\n\n<figure class=\"wp-block-gallery alignwide has-nested-images columns-1 is-cropped wp-block-gallery-3 is-layout-flex wp-block-gallery-is-layout-flex\" data-block-type=\"core\">\n<figure class=\"wp-block-image size-large\" data-block-type=\"core\"><img loading=\"lazy\" decoding=\"async\" width=\"1200\" height=\"800\" data-id=\"36346\" src=\"https:\/\/marcinkrokowski.com\/wp-content\/uploads\/2026\/08\/fotorelacja-kongres-wizja-zdrowia-warszawa-scena-i-certyfikaty-004-1200x800.jpg\" alt=\"Podiumsdiskussion des VI Kongres Wizja Zdrowia 2022, im Vordergrund Zertifikate f\u00fcr Krankenh\u00e4user\" class=\"wp-image-36346\" title=\"\" srcset=\"https:\/\/marcinkrokowski.com\/wp-content\/uploads\/2026\/08\/fotorelacja-kongres-wizja-zdrowia-warszawa-scena-i-certyfikaty-004-1200x800.jpg 1200w, https:\/\/marcinkrokowski.com\/wp-content\/uploads\/2026\/08\/fotorelacja-kongres-wizja-zdrowia-warszawa-scena-i-certyfikaty-004-900x600.jpg 900w, https:\/\/marcinkrokowski.com\/wp-content\/uploads\/2026\/08\/fotorelacja-kongres-wizja-zdrowia-warszawa-scena-i-certyfikaty-004-450x300.jpg 450w, https:\/\/marcinkrokowski.com\/wp-content\/uploads\/2026\/08\/fotorelacja-kongres-wizja-zdrowia-warszawa-scena-i-certyfikaty-004-768x512.jpg 768w, https:\/\/marcinkrokowski.com\/wp-content\/uploads\/2026\/08\/fotorelacja-kongres-wizja-zdrowia-warszawa-scena-i-certyfikaty-004-1536x1024.jpg 1536w, https:\/\/marcinkrokowski.com\/wp-content\/uploads\/2026\/08\/fotorelacja-kongres-wizja-zdrowia-warszawa-scena-i-certyfikaty-004.jpg 1920w\" sizes=\"auto, (max-width: 1200px) 100vw, 1200px\" \/><\/figure>\n<\/figure>\n\n\n\n<figure class=\"wp-block-gallery alignwide has-nested-images columns-1 is-cropped wp-block-gallery-4 is-layout-flex wp-block-gallery-is-layout-flex\" data-block-type=\"core\">\n<figure class=\"wp-block-image size-large\" data-block-type=\"core\"><img loading=\"lazy\" decoding=\"async\" width=\"1200\" height=\"800\" data-id=\"36326\" src=\"https:\/\/marcinkrokowski.com\/wp-content\/uploads\/2026\/08\/fotorelacja-kongres-wizja-zdrowia-warszawa-panel-dyskusyjny-005-1200x800.jpg\" alt=\"Panelisten w\u00e4hrend der Debatte auf dem VI Kongres Wizja Zdrowia 2022\" class=\"wp-image-36326\" title=\"\" srcset=\"https:\/\/marcinkrokowski.com\/wp-content\/uploads\/2026\/08\/fotorelacja-kongres-wizja-zdrowia-warszawa-panel-dyskusyjny-005-1200x800.jpg 1200w, https:\/\/marcinkrokowski.com\/wp-content\/uploads\/2026\/08\/fotorelacja-kongres-wizja-zdrowia-warszawa-panel-dyskusyjny-005-900x600.jpg 900w, https:\/\/marcinkrokowski.com\/wp-content\/uploads\/2026\/08\/fotorelacja-kongres-wizja-zdrowia-warszawa-panel-dyskusyjny-005-450x300.jpg 450w, https:\/\/marcinkrokowski.com\/wp-content\/uploads\/2026\/08\/fotorelacja-kongres-wizja-zdrowia-warszawa-panel-dyskusyjny-005-768x512.jpg 768w, https:\/\/marcinkrokowski.com\/wp-content\/uploads\/2026\/08\/fotorelacja-kongres-wizja-zdrowia-warszawa-panel-dyskusyjny-005-1536x1024.jpg 1536w, https:\/\/marcinkrokowski.com\/wp-content\/uploads\/2026\/08\/fotorelacja-kongres-wizja-zdrowia-warszawa-panel-dyskusyjny-005.jpg 1920w\" sizes=\"auto, (max-width: 1200px) 100vw, 1200px\" \/><\/figure>\n<\/figure>\n\n\n\n<figure class=\"wp-block-gallery alignwide has-nested-images columns-default is-cropped wp-block-gallery-5 is-layout-flex wp-block-gallery-is-layout-flex\" data-block-type=\"core\">\n<figure class=\"wp-block-image size-medium\" data-block-type=\"core\"><img loading=\"lazy\" decoding=\"async\" width=\"900\" height=\"1350\" data-id=\"36332\" src=\"https:\/\/marcinkrokowski.com\/wp-content\/uploads\/2026\/08\/fotorelacja-kongres-wizja-zdrowia-warszawa-panelisci-branding-006-900x1350.jpg\" alt=\"Ein Panelist spricht vor dem Branding-Hintergrund des VI Kongres Wizja Zdrowia 2022\" class=\"wp-image-36332\" title=\"\" srcset=\"https:\/\/marcinkrokowski.com\/wp-content\/uploads\/2026\/08\/fotorelacja-kongres-wizja-zdrowia-warszawa-panelisci-branding-006-900x1350.jpg 900w, https:\/\/marcinkrokowski.com\/wp-content\/uploads\/2026\/08\/fotorelacja-kongres-wizja-zdrowia-warszawa-panelisci-branding-006-1200x1800.jpg 1200w, https:\/\/marcinkrokowski.com\/wp-content\/uploads\/2026\/08\/fotorelacja-kongres-wizja-zdrowia-warszawa-panelisci-branding-006-450x675.jpg 450w, https:\/\/marcinkrokowski.com\/wp-content\/uploads\/2026\/08\/fotorelacja-kongres-wizja-zdrowia-warszawa-panelisci-branding-006-768x1152.jpg 768w, https:\/\/marcinkrokowski.com\/wp-content\/uploads\/2026\/08\/fotorelacja-kongres-wizja-zdrowia-warszawa-panelisci-branding-006-1024x1536.jpg 1024w, https:\/\/marcinkrokowski.com\/wp-content\/uploads\/2026\/08\/fotorelacja-kongres-wizja-zdrowia-warszawa-panelisci-branding-006.jpg 1280w\" sizes=\"auto, (max-width: 900px) 100vw, 900px\" \/><\/figure>\n\n\n\n<figure class=\"wp-block-image size-medium\" data-block-type=\"core\"><img loading=\"lazy\" decoding=\"async\" width=\"900\" height=\"1350\" data-id=\"36340\" src=\"https:\/\/marcinkrokowski.com\/wp-content\/uploads\/2026\/08\/fotorelacja-kongres-wizja-zdrowia-warszawa-panelistka-zblizenie-007-900x1350.jpg\" alt=\"Eine Panelistin w\u00e4hrend der Diskussion auf dem VI Kongres Wizja Zdrowia 2022\" class=\"wp-image-36340\" title=\"\" srcset=\"https:\/\/marcinkrokowski.com\/wp-content\/uploads\/2026\/08\/fotorelacja-kongres-wizja-zdrowia-warszawa-panelistka-zblizenie-007-900x1350.jpg 900w, https:\/\/marcinkrokowski.com\/wp-content\/uploads\/2026\/08\/fotorelacja-kongres-wizja-zdrowia-warszawa-panelistka-zblizenie-007-1200x1800.jpg 1200w, https:\/\/marcinkrokowski.com\/wp-content\/uploads\/2026\/08\/fotorelacja-kongres-wizja-zdrowia-warszawa-panelistka-zblizenie-007-450x675.jpg 450w, https:\/\/marcinkrokowski.com\/wp-content\/uploads\/2026\/08\/fotorelacja-kongres-wizja-zdrowia-warszawa-panelistka-zblizenie-007-768x1152.jpg 768w, https:\/\/marcinkrokowski.com\/wp-content\/uploads\/2026\/08\/fotorelacja-kongres-wizja-zdrowia-warszawa-panelistka-zblizenie-007-1024x1536.jpg 1024w, https:\/\/marcinkrokowski.com\/wp-content\/uploads\/2026\/08\/fotorelacja-kongres-wizja-zdrowia-warszawa-panelistka-zblizenie-007.jpg 1280w\" sizes=\"auto, (max-width: 900px) 100vw, 900px\" \/><\/figure>\n<\/figure>\n\n\n\n<figure class=\"wp-block-gallery alignwide has-nested-images columns-1 is-cropped wp-block-gallery-6 is-layout-flex wp-block-gallery-is-layout-flex\" data-block-type=\"core\">\n<figure class=\"wp-block-image size-large\" data-block-type=\"core\"><img loading=\"lazy\" decoding=\"async\" width=\"1200\" height=\"800\" data-id=\"36338\" src=\"https:\/\/marcinkrokowski.com\/wp-content\/uploads\/2026\/08\/fotorelacja-kongres-wizja-zdrowia-warszawa-panelistka-przy-drzwiach-008-1200x800.jpg\" alt=\"Eine Panelistin w\u00e4hrend der Debatte des VI Kongres Wizja Zdrowia 2022, im Hintergrund die Saalt\u00fcr mit dem Schild Pchnij\" class=\"wp-image-36338\" title=\"\" srcset=\"https:\/\/marcinkrokowski.com\/wp-content\/uploads\/2026\/08\/fotorelacja-kongres-wizja-zdrowia-warszawa-panelistka-przy-drzwiach-008-1200x800.jpg 1200w, https:\/\/marcinkrokowski.com\/wp-content\/uploads\/2026\/08\/fotorelacja-kongres-wizja-zdrowia-warszawa-panelistka-przy-drzwiach-008-900x600.jpg 900w, https:\/\/marcinkrokowski.com\/wp-content\/uploads\/2026\/08\/fotorelacja-kongres-wizja-zdrowia-warszawa-panelistka-przy-drzwiach-008-450x300.jpg 450w, https:\/\/marcinkrokowski.com\/wp-content\/uploads\/2026\/08\/fotorelacja-kongres-wizja-zdrowia-warszawa-panelistka-przy-drzwiach-008-768x512.jpg 768w, https:\/\/marcinkrokowski.com\/wp-content\/uploads\/2026\/08\/fotorelacja-kongres-wizja-zdrowia-warszawa-panelistka-przy-drzwiach-008-1536x1024.jpg 1536w, https:\/\/marcinkrokowski.com\/wp-content\/uploads\/2026\/08\/fotorelacja-kongres-wizja-zdrowia-warszawa-panelistka-przy-drzwiach-008.jpg 1920w\" sizes=\"auto, (max-width: 1200px) 100vw, 1200px\" \/><\/figure>\n<\/figure>\n\n\n\n<figure class=\"wp-block-gallery alignwide has-nested-images columns-1 is-cropped wp-block-gallery-7 is-layout-flex wp-block-gallery-is-layout-flex\" data-block-type=\"core\">\n<figure class=\"wp-block-image size-large\" data-block-type=\"core\"><img loading=\"lazy\" decoding=\"async\" width=\"1200\" height=\"800\" data-id=\"36349\" src=\"https:\/\/marcinkrokowski.com\/wp-content\/uploads\/2026\/08\/fotorelacja-kongres-wizja-zdrowia-warszawa-uczestnik-z-certyfikatem-009-1200x800.jpg\" alt=\"Ein Teilnehmer mit Zertifikat inmitten des Publikums des VI Kongres Wizja Zdrowia 2022\" class=\"wp-image-36349\" title=\"\" srcset=\"https:\/\/marcinkrokowski.com\/wp-content\/uploads\/2026\/08\/fotorelacja-kongres-wizja-zdrowia-warszawa-uczestnik-z-certyfikatem-009-1200x800.jpg 1200w, https:\/\/marcinkrokowski.com\/wp-content\/uploads\/2026\/08\/fotorelacja-kongres-wizja-zdrowia-warszawa-uczestnik-z-certyfikatem-009-900x600.jpg 900w, https:\/\/marcinkrokowski.com\/wp-content\/uploads\/2026\/08\/fotorelacja-kongres-wizja-zdrowia-warszawa-uczestnik-z-certyfikatem-009-450x300.jpg 450w, https:\/\/marcinkrokowski.com\/wp-content\/uploads\/2026\/08\/fotorelacja-kongres-wizja-zdrowia-warszawa-uczestnik-z-certyfikatem-009-768x512.jpg 768w, https:\/\/marcinkrokowski.com\/wp-content\/uploads\/2026\/08\/fotorelacja-kongres-wizja-zdrowia-warszawa-uczestnik-z-certyfikatem-009-1536x1024.jpg 1536w, https:\/\/marcinkrokowski.com\/wp-content\/uploads\/2026\/08\/fotorelacja-kongres-wizja-zdrowia-warszawa-uczestnik-z-certyfikatem-009.jpg 1920w\" sizes=\"auto, (max-width: 1200px) 100vw, 1200px\" \/><\/figure>\n<\/figure>\n\n\n\n<figure class=\"wp-block-gallery alignwide has-nested-images columns-1 is-cropped wp-block-gallery-8 is-layout-flex wp-block-gallery-is-layout-flex\" data-block-type=\"core\">\n<figure class=\"wp-block-image size-large\" data-block-type=\"core\"><img loading=\"lazy\" decoding=\"async\" width=\"1200\" height=\"800\" data-id=\"36316\" src=\"https:\/\/marcinkrokowski.com\/wp-content\/uploads\/2026\/08\/fotorelacja-kongres-wizja-zdrowia-warszawa-detal-certyfikatow-010-1200x800.jpg\" alt=\"Zertifikate des Programms Bezpieczny Szpital to Bezpieczny Pacjent auf dem VI Kongres Wizja Zdrowia 2022\" class=\"wp-image-36316\" title=\"\" srcset=\"https:\/\/marcinkrokowski.com\/wp-content\/uploads\/2026\/08\/fotorelacja-kongres-wizja-zdrowia-warszawa-detal-certyfikatow-010-1200x800.jpg 1200w, https:\/\/marcinkrokowski.com\/wp-content\/uploads\/2026\/08\/fotorelacja-kongres-wizja-zdrowia-warszawa-detal-certyfikatow-010-900x600.jpg 900w, https:\/\/marcinkrokowski.com\/wp-content\/uploads\/2026\/08\/fotorelacja-kongres-wizja-zdrowia-warszawa-detal-certyfikatow-010-450x300.jpg 450w, https:\/\/marcinkrokowski.com\/wp-content\/uploads\/2026\/08\/fotorelacja-kongres-wizja-zdrowia-warszawa-detal-certyfikatow-010-768x512.jpg 768w, https:\/\/marcinkrokowski.com\/wp-content\/uploads\/2026\/08\/fotorelacja-kongres-wizja-zdrowia-warszawa-detal-certyfikatow-010-1536x1024.jpg 1536w, https:\/\/marcinkrokowski.com\/wp-content\/uploads\/2026\/08\/fotorelacja-kongres-wizja-zdrowia-warszawa-detal-certyfikatow-010.jpg 1920w\" sizes=\"auto, (max-width: 1200px) 100vw, 1200px\" \/><\/figure>\n<\/figure>\n\n\n\n<figure class=\"wp-block-gallery alignwide has-nested-images columns-1 is-cropped wp-block-gallery-9 is-layout-flex wp-block-gallery-is-layout-flex\" data-block-type=\"core\">\n<figure class=\"wp-block-image size-large\" data-block-type=\"core\"><img loading=\"lazy\" decoding=\"async\" width=\"1200\" height=\"800\" data-id=\"36344\" src=\"https:\/\/marcinkrokowski.com\/wp-content\/uploads\/2026\/08\/fotorelacja-kongres-wizja-zdrowia-warszawa-przekazanie-dyplomu-012-1200x800.jpg\" alt=\"Verleihung einer Auszeichnung w\u00e4hrend des VI Kongres Wizja Zdrowia 2022\" class=\"wp-image-36344\" title=\"\" srcset=\"https:\/\/marcinkrokowski.com\/wp-content\/uploads\/2026\/08\/fotorelacja-kongres-wizja-zdrowia-warszawa-przekazanie-dyplomu-012-1200x800.jpg 1200w, https:\/\/marcinkrokowski.com\/wp-content\/uploads\/2026\/08\/fotorelacja-kongres-wizja-zdrowia-warszawa-przekazanie-dyplomu-012-900x600.jpg 900w, https:\/\/marcinkrokowski.com\/wp-content\/uploads\/2026\/08\/fotorelacja-kongres-wizja-zdrowia-warszawa-przekazanie-dyplomu-012-450x300.jpg 450w, https:\/\/marcinkrokowski.com\/wp-content\/uploads\/2026\/08\/fotorelacja-kongres-wizja-zdrowia-warszawa-przekazanie-dyplomu-012-768x512.jpg 768w, https:\/\/marcinkrokowski.com\/wp-content\/uploads\/2026\/08\/fotorelacja-kongres-wizja-zdrowia-warszawa-przekazanie-dyplomu-012-1536x1024.jpg 1536w, https:\/\/marcinkrokowski.com\/wp-content\/uploads\/2026\/08\/fotorelacja-kongres-wizja-zdrowia-warszawa-przekazanie-dyplomu-012.jpg 1920w\" sizes=\"auto, (max-width: 1200px) 100vw, 1200px\" \/><\/figure>\n<\/figure>\n\n\n\n<figure class=\"wp-block-gallery alignwide has-nested-images columns-1 is-cropped wp-block-gallery-10 is-layout-flex wp-block-gallery-is-layout-flex\" data-block-type=\"core\">\n<figure class=\"wp-block-image size-large\" data-block-type=\"core\"><img loading=\"lazy\" decoding=\"async\" width=\"1200\" height=\"800\" data-id=\"36362\" src=\"https:\/\/marcinkrokowski.com\/wp-content\/uploads\/2026\/08\/fotorelacja-kongres-wizja-zdrowia-warszawa-zdjecie-grupowe-laureaci-013-1200x800.jpg\" alt=\"Preistr\u00e4ger des Zertifizierungsprogramms auf der B\u00fchne des VI Kongres Wizja Zdrowia 2022\" class=\"wp-image-36362\" title=\"\" srcset=\"https:\/\/marcinkrokowski.com\/wp-content\/uploads\/2026\/08\/fotorelacja-kongres-wizja-zdrowia-warszawa-zdjecie-grupowe-laureaci-013-1200x800.jpg 1200w, https:\/\/marcinkrokowski.com\/wp-content\/uploads\/2026\/08\/fotorelacja-kongres-wizja-zdrowia-warszawa-zdjecie-grupowe-laureaci-013-900x600.jpg 900w, https:\/\/marcinkrokowski.com\/wp-content\/uploads\/2026\/08\/fotorelacja-kongres-wizja-zdrowia-warszawa-zdjecie-grupowe-laureaci-013-450x300.jpg 450w, https:\/\/marcinkrokowski.com\/wp-content\/uploads\/2026\/08\/fotorelacja-kongres-wizja-zdrowia-warszawa-zdjecie-grupowe-laureaci-013-768x512.jpg 768w, https:\/\/marcinkrokowski.com\/wp-content\/uploads\/2026\/08\/fotorelacja-kongres-wizja-zdrowia-warszawa-zdjecie-grupowe-laureaci-013-1536x1024.jpg 1536w, https:\/\/marcinkrokowski.com\/wp-content\/uploads\/2026\/08\/fotorelacja-kongres-wizja-zdrowia-warszawa-zdjecie-grupowe-laureaci-013.jpg 1920w\" sizes=\"auto, (max-width: 1200px) 100vw, 1200px\" \/><\/figure>\n<\/figure>\n\n\n\n<figure class=\"wp-block-gallery alignwide has-nested-images columns-1 is-cropped wp-block-gallery-11 is-layout-flex wp-block-gallery-is-layout-flex\" data-block-type=\"core\">\n<figure class=\"wp-block-image size-large\" data-block-type=\"core\"><img loading=\"lazy\" decoding=\"async\" width=\"1200\" height=\"800\" data-id=\"36348\" src=\"https:\/\/marcinkrokowski.com\/wp-content\/uploads\/2026\/08\/fotorelacja-kongres-wizja-zdrowia-warszawa-tablica-programu-014-1200x800.jpg\" alt=\"Tafel mit dem Programm des VI Kongres Wizja Zdrowia 2022\" class=\"wp-image-36348\" title=\"\" srcset=\"https:\/\/marcinkrokowski.com\/wp-content\/uploads\/2026\/08\/fotorelacja-kongres-wizja-zdrowia-warszawa-tablica-programu-014-1200x800.jpg 1200w, https:\/\/marcinkrokowski.com\/wp-content\/uploads\/2026\/08\/fotorelacja-kongres-wizja-zdrowia-warszawa-tablica-programu-014-900x600.jpg 900w, https:\/\/marcinkrokowski.com\/wp-content\/uploads\/2026\/08\/fotorelacja-kongres-wizja-zdrowia-warszawa-tablica-programu-014-450x300.jpg 450w, https:\/\/marcinkrokowski.com\/wp-content\/uploads\/2026\/08\/fotorelacja-kongres-wizja-zdrowia-warszawa-tablica-programu-014-768x512.jpg 768w, https:\/\/marcinkrokowski.com\/wp-content\/uploads\/2026\/08\/fotorelacja-kongres-wizja-zdrowia-warszawa-tablica-programu-014-1536x1024.jpg 1536w, https:\/\/marcinkrokowski.com\/wp-content\/uploads\/2026\/08\/fotorelacja-kongres-wizja-zdrowia-warszawa-tablica-programu-014.jpg 1920w\" sizes=\"auto, (max-width: 1200px) 100vw, 1200px\" \/><\/figure>\n<\/figure>\n\n\n\n<figure class=\"wp-block-gallery alignwide has-nested-images columns-1 is-cropped wp-block-gallery-12 is-layout-flex wp-block-gallery-is-layout-flex\" data-block-type=\"core\">\n<figure class=\"wp-block-image size-large\" data-block-type=\"core\"><img loading=\"lazy\" decoding=\"async\" width=\"1200\" height=\"800\" data-id=\"36320\" src=\"https:\/\/marcinkrokowski.com\/wp-content\/uploads\/2026\/08\/fotorelacja-kongres-wizja-zdrowia-warszawa-korytarz-wejscie-015-1200x800.jpg\" alt=\"Eingang zum Kongresssaal w\u00e4hrend des VI Kongres Wizja Zdrowia 2022\" class=\"wp-image-36320\" title=\"\" srcset=\"https:\/\/marcinkrokowski.com\/wp-content\/uploads\/2026\/08\/fotorelacja-kongres-wizja-zdrowia-warszawa-korytarz-wejscie-015-1200x800.jpg 1200w, https:\/\/marcinkrokowski.com\/wp-content\/uploads\/2026\/08\/fotorelacja-kongres-wizja-zdrowia-warszawa-korytarz-wejscie-015-900x600.jpg 900w, https:\/\/marcinkrokowski.com\/wp-content\/uploads\/2026\/08\/fotorelacja-kongres-wizja-zdrowia-warszawa-korytarz-wejscie-015-450x300.jpg 450w, https:\/\/marcinkrokowski.com\/wp-content\/uploads\/2026\/08\/fotorelacja-kongres-wizja-zdrowia-warszawa-korytarz-wejscie-015-768x512.jpg 768w, https:\/\/marcinkrokowski.com\/wp-content\/uploads\/2026\/08\/fotorelacja-kongres-wizja-zdrowia-warszawa-korytarz-wejscie-015-1536x1024.jpg 1536w, https:\/\/marcinkrokowski.com\/wp-content\/uploads\/2026\/08\/fotorelacja-kongres-wizja-zdrowia-warszawa-korytarz-wejscie-015.jpg 1920w\" sizes=\"auto, (max-width: 1200px) 100vw, 1200px\" \/><\/figure>\n<\/figure>\n\n\n\n<figure class=\"wp-block-gallery alignwide has-nested-images columns-1 is-cropped wp-block-gallery-13 is-layout-flex wp-block-gallery-is-layout-flex\" data-block-type=\"core\">\n<figure class=\"wp-block-image size-large\" data-block-type=\"core\"><img loading=\"lazy\" decoding=\"async\" width=\"1200\" height=\"800\" data-id=\"36324\" src=\"https:\/\/marcinkrokowski.com\/wp-content\/uploads\/2026\/08\/fotorelacja-kongres-wizja-zdrowia-warszawa-otwarcie-ceremonii-016-1200x800.jpg\" alt=\"Er\u00f6ffnung der Zertifikatsverleihung beim VI Kongres Wizja Zdrowia 2022\" class=\"wp-image-36324\" title=\"\" srcset=\"https:\/\/marcinkrokowski.com\/wp-content\/uploads\/2026\/08\/fotorelacja-kongres-wizja-zdrowia-warszawa-otwarcie-ceremonii-016-1200x800.jpg 1200w, https:\/\/marcinkrokowski.com\/wp-content\/uploads\/2026\/08\/fotorelacja-kongres-wizja-zdrowia-warszawa-otwarcie-ceremonii-016-900x600.jpg 900w, https:\/\/marcinkrokowski.com\/wp-content\/uploads\/2026\/08\/fotorelacja-kongres-wizja-zdrowia-warszawa-otwarcie-ceremonii-016-450x300.jpg 450w, https:\/\/marcinkrokowski.com\/wp-content\/uploads\/2026\/08\/fotorelacja-kongres-wizja-zdrowia-warszawa-otwarcie-ceremonii-016-768x512.jpg 768w, https:\/\/marcinkrokowski.com\/wp-content\/uploads\/2026\/08\/fotorelacja-kongres-wizja-zdrowia-warszawa-otwarcie-ceremonii-016-1536x1024.jpg 1536w, https:\/\/marcinkrokowski.com\/wp-content\/uploads\/2026\/08\/fotorelacja-kongres-wizja-zdrowia-warszawa-otwarcie-ceremonii-016.jpg 1920w\" sizes=\"auto, (max-width: 1200px) 100vw, 1200px\" \/><\/figure>\n<\/figure>\n\n\n\n<figure class=\"wp-block-gallery alignwide has-nested-images columns-default is-cropped wp-block-gallery-14 is-layout-flex wp-block-gallery-is-layout-flex\" data-block-type=\"core\">\n<figure class=\"wp-block-image size-medium\" data-block-type=\"core\"><img loading=\"lazy\" decoding=\"async\" width=\"900\" height=\"1125\" data-id=\"36360\" src=\"https:\/\/marcinkrokowski.com\/wp-content\/uploads\/2026\/08\/fotorelacja-kongres-wizja-zdrowia-warszawa-wreczenie-certyfikatu-wariant-017-900x1125.jpg\" alt=\"Verleihung eines Zertifikats Bezpieczny Szpital to Bezpieczny Pacjent, VI Kongres Wizja Zdrowia 2022\" class=\"wp-image-36360\" title=\"\" srcset=\"https:\/\/marcinkrokowski.com\/wp-content\/uploads\/2026\/08\/fotorelacja-kongres-wizja-zdrowia-warszawa-wreczenie-certyfikatu-wariant-017-900x1125.jpg 900w, https:\/\/marcinkrokowski.com\/wp-content\/uploads\/2026\/08\/fotorelacja-kongres-wizja-zdrowia-warszawa-wreczenie-certyfikatu-wariant-017-1200x1500.jpg 1200w, https:\/\/marcinkrokowski.com\/wp-content\/uploads\/2026\/08\/fotorelacja-kongres-wizja-zdrowia-warszawa-wreczenie-certyfikatu-wariant-017-450x563.jpg 450w, https:\/\/marcinkrokowski.com\/wp-content\/uploads\/2026\/08\/fotorelacja-kongres-wizja-zdrowia-warszawa-wreczenie-certyfikatu-wariant-017-768x960.jpg 768w, https:\/\/marcinkrokowski.com\/wp-content\/uploads\/2026\/08\/fotorelacja-kongres-wizja-zdrowia-warszawa-wreczenie-certyfikatu-wariant-017-1229x1536.jpg 1229w, https:\/\/marcinkrokowski.com\/wp-content\/uploads\/2026\/08\/fotorelacja-kongres-wizja-zdrowia-warszawa-wreczenie-certyfikatu-wariant-017.jpg 1536w\" sizes=\"auto, (max-width: 900px) 100vw, 900px\" \/><\/figure>\n\n\n\n<figure class=\"wp-block-image size-medium\" data-block-type=\"core\"><img loading=\"lazy\" decoding=\"async\" width=\"900\" height=\"1125\" data-id=\"36358\" src=\"https:\/\/marcinkrokowski.com\/wp-content\/uploads\/2026\/08\/fotorelacja-kongres-wizja-zdrowia-warszawa-wreczenie-certyfikatu-mezczyzna-018-900x1125.jpg\" alt=\"Verleihung eines Zertifikats an einen Programmteilnehmer beim VI Kongres Wizja Zdrowia 2022\" class=\"wp-image-36358\" title=\"\" srcset=\"https:\/\/marcinkrokowski.com\/wp-content\/uploads\/2026\/08\/fotorelacja-kongres-wizja-zdrowia-warszawa-wreczenie-certyfikatu-mezczyzna-018-900x1125.jpg 900w, https:\/\/marcinkrokowski.com\/wp-content\/uploads\/2026\/08\/fotorelacja-kongres-wizja-zdrowia-warszawa-wreczenie-certyfikatu-mezczyzna-018-1200x1500.jpg 1200w, https:\/\/marcinkrokowski.com\/wp-content\/uploads\/2026\/08\/fotorelacja-kongres-wizja-zdrowia-warszawa-wreczenie-certyfikatu-mezczyzna-018-450x563.jpg 450w, https:\/\/marcinkrokowski.com\/wp-content\/uploads\/2026\/08\/fotorelacja-kongres-wizja-zdrowia-warszawa-wreczenie-certyfikatu-mezczyzna-018-768x960.jpg 768w, https:\/\/marcinkrokowski.com\/wp-content\/uploads\/2026\/08\/fotorelacja-kongres-wizja-zdrowia-warszawa-wreczenie-certyfikatu-mezczyzna-018-1229x1536.jpg 1229w, https:\/\/marcinkrokowski.com\/wp-content\/uploads\/2026\/08\/fotorelacja-kongres-wizja-zdrowia-warszawa-wreczenie-certyfikatu-mezczyzna-018.jpg 1536w\" sizes=\"auto, (max-width: 900px) 100vw, 900px\" \/><\/figure>\n<\/figure>\n\n\n\n<figure class=\"wp-block-gallery alignwide has-nested-images columns-default is-cropped wp-block-gallery-15 is-layout-flex wp-block-gallery-is-layout-flex\" data-block-type=\"core\">\n<figure class=\"wp-block-image size-medium\" data-block-type=\"core\"><img loading=\"lazy\" decoding=\"async\" width=\"900\" height=\"1125\" data-id=\"36355\" src=\"https:\/\/marcinkrokowski.com\/wp-content\/uploads\/2026\/08\/fotorelacja-kongres-wizja-zdrowia-warszawa-wreczenie-certyfikatu-011-900x1125.jpg\" alt=\"Verleihung eines Zertifikats Bezpieczny Szpital to Bezpieczny Pacjent w\u00e4hrend des VI Kongres Wizja Zdrowia 2022\" class=\"wp-image-36355\" title=\"\" srcset=\"https:\/\/marcinkrokowski.com\/wp-content\/uploads\/2026\/08\/fotorelacja-kongres-wizja-zdrowia-warszawa-wreczenie-certyfikatu-011-900x1125.jpg 900w, https:\/\/marcinkrokowski.com\/wp-content\/uploads\/2026\/08\/fotorelacja-kongres-wizja-zdrowia-warszawa-wreczenie-certyfikatu-011-1200x1500.jpg 1200w, https:\/\/marcinkrokowski.com\/wp-content\/uploads\/2026\/08\/fotorelacja-kongres-wizja-zdrowia-warszawa-wreczenie-certyfikatu-011-450x563.jpg 450w, https:\/\/marcinkrokowski.com\/wp-content\/uploads\/2026\/08\/fotorelacja-kongres-wizja-zdrowia-warszawa-wreczenie-certyfikatu-011-768x960.jpg 768w, https:\/\/marcinkrokowski.com\/wp-content\/uploads\/2026\/08\/fotorelacja-kongres-wizja-zdrowia-warszawa-wreczenie-certyfikatu-011-1229x1536.jpg 1229w, https:\/\/marcinkrokowski.com\/wp-content\/uploads\/2026\/08\/fotorelacja-kongres-wizja-zdrowia-warszawa-wreczenie-certyfikatu-011.jpg 1536w\" sizes=\"auto, (max-width: 900px) 100vw, 900px\" \/><\/figure>\n\n\n\n<figure class=\"wp-block-image size-medium\" data-block-type=\"core\"><img loading=\"lazy\" decoding=\"async\" width=\"900\" height=\"1350\" data-id=\"36317\" src=\"https:\/\/marcinkrokowski.com\/wp-content\/uploads\/2026\/08\/fotorelacja-kongres-wizja-zdrowia-warszawa-kadr-zamykajacy-024-900x1350.jpg\" alt=\"Eine Teilnehmerin des VI Kongres Wizja Zdrowia 2022 mit dem Veranstaltungsprogramm\" class=\"wp-image-36317\" title=\"\" srcset=\"https:\/\/marcinkrokowski.com\/wp-content\/uploads\/2026\/08\/fotorelacja-kongres-wizja-zdrowia-warszawa-kadr-zamykajacy-024-900x1350.jpg 900w, https:\/\/marcinkrokowski.com\/wp-content\/uploads\/2026\/08\/fotorelacja-kongres-wizja-zdrowia-warszawa-kadr-zamykajacy-024-1200x1800.jpg 1200w, https:\/\/marcinkrokowski.com\/wp-content\/uploads\/2026\/08\/fotorelacja-kongres-wizja-zdrowia-warszawa-kadr-zamykajacy-024-450x675.jpg 450w, https:\/\/marcinkrokowski.com\/wp-content\/uploads\/2026\/08\/fotorelacja-kongres-wizja-zdrowia-warszawa-kadr-zamykajacy-024-768x1152.jpg 768w, https:\/\/marcinkrokowski.com\/wp-content\/uploads\/2026\/08\/fotorelacja-kongres-wizja-zdrowia-warszawa-kadr-zamykajacy-024-1024x1536.jpg 1024w, https:\/\/marcinkrokowski.com\/wp-content\/uploads\/2026\/08\/fotorelacja-kongres-wizja-zdrowia-warszawa-kadr-zamykajacy-024.jpg 1280w\" sizes=\"auto, (max-width: 900px) 100vw, 900px\" \/><\/figure>\n<\/figure>\n\n\n\n<figure class=\"wp-block-gallery alignwide has-nested-images columns-1 is-cropped wp-block-gallery-16 is-layout-flex wp-block-gallery-is-layout-flex\" data-block-type=\"core\">\n<figure class=\"wp-block-image size-large\" data-block-type=\"core\"><img loading=\"lazy\" decoding=\"async\" width=\"1200\" height=\"800\" data-id=\"36343\" src=\"https:\/\/marcinkrokowski.com\/wp-content\/uploads\/2026\/08\/fotorelacja-kongres-wizja-zdrowia-warszawa-plan-ogolny-sali-019-1200x800.jpg\" alt=\"Der Saal w\u00e4hrend des VI Kongres Wizja Zdrowia 2022, Blick auf Teilnehmer und Programmpartner\" class=\"wp-image-36343\" title=\"\" srcset=\"https:\/\/marcinkrokowski.com\/wp-content\/uploads\/2026\/08\/fotorelacja-kongres-wizja-zdrowia-warszawa-plan-ogolny-sali-019-1200x800.jpg 1200w, https:\/\/marcinkrokowski.com\/wp-content\/uploads\/2026\/08\/fotorelacja-kongres-wizja-zdrowia-warszawa-plan-ogolny-sali-019-900x600.jpg 900w, https:\/\/marcinkrokowski.com\/wp-content\/uploads\/2026\/08\/fotorelacja-kongres-wizja-zdrowia-warszawa-plan-ogolny-sali-019-450x300.jpg 450w, https:\/\/marcinkrokowski.com\/wp-content\/uploads\/2026\/08\/fotorelacja-kongres-wizja-zdrowia-warszawa-plan-ogolny-sali-019-768x512.jpg 768w, https:\/\/marcinkrokowski.com\/wp-content\/uploads\/2026\/08\/fotorelacja-kongres-wizja-zdrowia-warszawa-plan-ogolny-sali-019-1536x1024.jpg 1536w, https:\/\/marcinkrokowski.com\/wp-content\/uploads\/2026\/08\/fotorelacja-kongres-wizja-zdrowia-warszawa-plan-ogolny-sali-019.jpg 1920w\" sizes=\"auto, (max-width: 1200px) 100vw, 1200px\" \/><\/figure>\n<\/figure>\n\n\n\n<figure class=\"wp-block-gallery alignwide has-nested-images columns-1 is-cropped wp-block-gallery-17 is-layout-flex wp-block-gallery-is-layout-flex\" data-block-type=\"core\">\n<figure class=\"wp-block-image size-large\" data-block-type=\"core\"><img loading=\"lazy\" decoding=\"async\" width=\"1200\" height=\"800\" data-id=\"36330\" src=\"https:\/\/marcinkrokowski.com\/wp-content\/uploads\/2026\/08\/fotorelacja-kongres-wizja-zdrowia-warszawa-panel-i-publicznosc-020-1200x800.jpg\" alt=\"Expertendebatte auf der B\u00fchne des VI Kongres Wizja Zdrowia 2022, im Hintergrund das Publikum\" class=\"wp-image-36330\" title=\"\" srcset=\"https:\/\/marcinkrokowski.com\/wp-content\/uploads\/2026\/08\/fotorelacja-kongres-wizja-zdrowia-warszawa-panel-i-publicznosc-020-1200x800.jpg 1200w, https:\/\/marcinkrokowski.com\/wp-content\/uploads\/2026\/08\/fotorelacja-kongres-wizja-zdrowia-warszawa-panel-i-publicznosc-020-900x600.jpg 900w, https:\/\/marcinkrokowski.com\/wp-content\/uploads\/2026\/08\/fotorelacja-kongres-wizja-zdrowia-warszawa-panel-i-publicznosc-020-450x300.jpg 450w, https:\/\/marcinkrokowski.com\/wp-content\/uploads\/2026\/08\/fotorelacja-kongres-wizja-zdrowia-warszawa-panel-i-publicznosc-020-768x512.jpg 768w, https:\/\/marcinkrokowski.com\/wp-content\/uploads\/2026\/08\/fotorelacja-kongres-wizja-zdrowia-warszawa-panel-i-publicznosc-020-1536x1024.jpg 1536w, https:\/\/marcinkrokowski.com\/wp-content\/uploads\/2026\/08\/fotorelacja-kongres-wizja-zdrowia-warszawa-panel-i-publicznosc-020.jpg 1920w\" sizes=\"auto, (max-width: 1200px) 100vw, 1200px\" \/><\/figure>\n<\/figure>\n\n\n\n<figure class=\"wp-block-gallery alignwide has-nested-images columns-1 is-cropped wp-block-gallery-18 is-layout-flex wp-block-gallery-is-layout-flex\" data-block-type=\"core\">\n<figure class=\"wp-block-image size-large\" data-block-type=\"core\"><img loading=\"lazy\" decoding=\"async\" width=\"1200\" height=\"800\" data-id=\"36334\" src=\"https:\/\/marcinkrokowski.com\/wp-content\/uploads\/2026\/08\/fotorelacja-kongres-wizja-zdrowia-warszawa-panelisci-rozmowa-021-1200x800.jpg\" alt=\"Panelisten w\u00e4hrend der Debatte auf dem VI Kongres Wizja Zdrowia 2022\" class=\"wp-image-36334\" title=\"\" srcset=\"https:\/\/marcinkrokowski.com\/wp-content\/uploads\/2026\/08\/fotorelacja-kongres-wizja-zdrowia-warszawa-panelisci-rozmowa-021-1200x800.jpg 1200w, https:\/\/marcinkrokowski.com\/wp-content\/uploads\/2026\/08\/fotorelacja-kongres-wizja-zdrowia-warszawa-panelisci-rozmowa-021-900x600.jpg 900w, https:\/\/marcinkrokowski.com\/wp-content\/uploads\/2026\/08\/fotorelacja-kongres-wizja-zdrowia-warszawa-panelisci-rozmowa-021-450x300.jpg 450w, https:\/\/marcinkrokowski.com\/wp-content\/uploads\/2026\/08\/fotorelacja-kongres-wizja-zdrowia-warszawa-panelisci-rozmowa-021-768x512.jpg 768w, https:\/\/marcinkrokowski.com\/wp-content\/uploads\/2026\/08\/fotorelacja-kongres-wizja-zdrowia-warszawa-panelisci-rozmowa-021-1536x1024.jpg 1536w, https:\/\/marcinkrokowski.com\/wp-content\/uploads\/2026\/08\/fotorelacja-kongres-wizja-zdrowia-warszawa-panelisci-rozmowa-021.jpg 1920w\" sizes=\"auto, (max-width: 1200px) 100vw, 1200px\" \/><\/figure>\n<\/figure>\n\n\n\n<figure class=\"wp-block-gallery alignwide has-nested-images columns-1 is-cropped wp-block-gallery-19 is-layout-flex wp-block-gallery-is-layout-flex\" data-block-type=\"core\">\n<figure class=\"wp-block-image size-large\" data-block-type=\"core\"><img loading=\"lazy\" decoding=\"async\" width=\"1200\" height=\"800\" data-id=\"36336\" src=\"https:\/\/marcinkrokowski.com\/wp-content\/uploads\/2026\/08\/fotorelacja-kongres-wizja-zdrowia-warszawa-panelista-gestykulacja-022-1200x800.jpg\" alt=\"Eine ausdrucksstarke Wortmeldung eines Panelisten w\u00e4hrend des VI Kongres Wizja Zdrowia 2022\" class=\"wp-image-36336\" title=\"\" srcset=\"https:\/\/marcinkrokowski.com\/wp-content\/uploads\/2026\/08\/fotorelacja-kongres-wizja-zdrowia-warszawa-panelista-gestykulacja-022-1200x800.jpg 1200w, https:\/\/marcinkrokowski.com\/wp-content\/uploads\/2026\/08\/fotorelacja-kongres-wizja-zdrowia-warszawa-panelista-gestykulacja-022-900x600.jpg 900w, https:\/\/marcinkrokowski.com\/wp-content\/uploads\/2026\/08\/fotorelacja-kongres-wizja-zdrowia-warszawa-panelista-gestykulacja-022-450x300.jpg 450w, https:\/\/marcinkrokowski.com\/wp-content\/uploads\/2026\/08\/fotorelacja-kongres-wizja-zdrowia-warszawa-panelista-gestykulacja-022-768x512.jpg 768w, https:\/\/marcinkrokowski.com\/wp-content\/uploads\/2026\/08\/fotorelacja-kongres-wizja-zdrowia-warszawa-panelista-gestykulacja-022-1536x1024.jpg 1536w, https:\/\/marcinkrokowski.com\/wp-content\/uploads\/2026\/08\/fotorelacja-kongres-wizja-zdrowia-warszawa-panelista-gestykulacja-022.jpg 1920w\" sizes=\"auto, (max-width: 1200px) 100vw, 1200px\" \/><\/figure>\n<\/figure>\n\n\n\n<figure class=\"wp-block-gallery alignwide has-nested-images columns-1 is-cropped wp-block-gallery-20 is-layout-flex wp-block-gallery-is-layout-flex\" data-block-type=\"core\">\n<figure class=\"wp-block-image size-large\" data-block-type=\"core\"><img loading=\"lazy\" decoding=\"async\" width=\"1200\" height=\"800\" data-id=\"36328\" src=\"https:\/\/marcinkrokowski.com\/wp-content\/uploads\/2026\/08\/fotorelacja-kongres-wizja-zdrowia-warszawa-panel-glebia-ostrosci-023-1200x800.jpg\" alt=\"Expertenpanel auf der B\u00fchne des VI Kongres Wizja Zdrowia 2022\" class=\"wp-image-36328\" title=\"\" srcset=\"https:\/\/marcinkrokowski.com\/wp-content\/uploads\/2026\/08\/fotorelacja-kongres-wizja-zdrowia-warszawa-panel-glebia-ostrosci-023-1200x800.jpg 1200w, https:\/\/marcinkrokowski.com\/wp-content\/uploads\/2026\/08\/fotorelacja-kongres-wizja-zdrowia-warszawa-panel-glebia-ostrosci-023-900x600.jpg 900w, https:\/\/marcinkrokowski.com\/wp-content\/uploads\/2026\/08\/fotorelacja-kongres-wizja-zdrowia-warszawa-panel-glebia-ostrosci-023-450x300.jpg 450w, https:\/\/marcinkrokowski.com\/wp-content\/uploads\/2026\/08\/fotorelacja-kongres-wizja-zdrowia-warszawa-panel-glebia-ostrosci-023-768x512.jpg 768w, https:\/\/marcinkrokowski.com\/wp-content\/uploads\/2026\/08\/fotorelacja-kongres-wizja-zdrowia-warszawa-panel-glebia-ostrosci-023-1536x1024.jpg 1536w, https:\/\/marcinkrokowski.com\/wp-content\/uploads\/2026\/08\/fotorelacja-kongres-wizja-zdrowia-warszawa-panel-glebia-ostrosci-023.jpg 1920w\" sizes=\"auto, (max-width: 1200px) 100vw, 1200px\" \/><\/figure>\n<\/figure>\n\n\n\n<figure class=\"wp-block-gallery alignwide has-nested-images columns-1 is-cropped wp-block-gallery-21 is-layout-flex wp-block-gallery-is-layout-flex\" data-block-type=\"core\">\n<figure class=\"wp-block-image size-large\" data-block-type=\"core\"><img loading=\"lazy\" decoding=\"async\" width=\"1200\" height=\"800\" data-id=\"36322\" src=\"https:\/\/marcinkrokowski.com\/wp-content\/uploads\/2026\/08\/fotorelacja-kongres-wizja-zdrowia-warszawa-moderator-debaty-025-1200x800.jpg\" alt=\"Ein Moderator er\u00f6ffnet die Expertendebatte auf dem VI Kongres Wizja Zdrowia 2022\" class=\"wp-image-36322\" title=\"\" srcset=\"https:\/\/marcinkrokowski.com\/wp-content\/uploads\/2026\/08\/fotorelacja-kongres-wizja-zdrowia-warszawa-moderator-debaty-025-1200x800.jpg 1200w, https:\/\/marcinkrokowski.com\/wp-content\/uploads\/2026\/08\/fotorelacja-kongres-wizja-zdrowia-warszawa-moderator-debaty-025-900x600.jpg 900w, https:\/\/marcinkrokowski.com\/wp-content\/uploads\/2026\/08\/fotorelacja-kongres-wizja-zdrowia-warszawa-moderator-debaty-025-450x300.jpg 450w, https:\/\/marcinkrokowski.com\/wp-content\/uploads\/2026\/08\/fotorelacja-kongres-wizja-zdrowia-warszawa-moderator-debaty-025-768x512.jpg 768w, https:\/\/marcinkrokowski.com\/wp-content\/uploads\/2026\/08\/fotorelacja-kongres-wizja-zdrowia-warszawa-moderator-debaty-025-1536x1024.jpg 1536w, https:\/\/marcinkrokowski.com\/wp-content\/uploads\/2026\/08\/fotorelacja-kongres-wizja-zdrowia-warszawa-moderator-debaty-025.jpg 1920w\" sizes=\"auto, (max-width: 1200px) 100vw, 1200px\" \/><\/figure>\n<\/figure>\n","protected":false},"excerpt":{"rendered":"<p>An der T\u00fcr des Saals im Sheraton Grand Warsaw h\u00e4ngt ein kleines Schild: Pchnij, Push. Daneben sitzt eine Panelistin mit Mikrofon und beantwortet gerade eine<\/p>\n","protected":false},"author":0,"featured_media":36353,"parent":0,"comment_status":"closed","ping_status":"closed","template":"","kategoria_portfolio":[23],"class_list":["post-37262","portfolio","type-portfolio","status-publish","has-post-thumbnail","hentry","kategoria_portfolio-konferencje","infinite-scroll-item","generate-columns","tablet-grid-50","mobile-grid-100","grid-parent","grid-33"],"_links":{"self":[{"href":"https:\/\/marcinkrokowski.com\/de\/wp-json\/wp\/v2\/portfolio\/37262","targetHints":{"allow":["GET"]}}],"collection":[{"href":"https:\/\/marcinkrokowski.com\/de\/wp-json\/wp\/v2\/portfolio"}],"about":[{"href":"https:\/\/marcinkrokowski.com\/de\/wp-json\/wp\/v2\/types\/portfolio"}],"replies":[{"embeddable":true,"href":"https:\/\/marcinkrokowski.com\/de\/wp-json\/wp\/v2\/comments?post=37262"}],"version-history":[{"count":0,"href":"https:\/\/marcinkrokowski.com\/de\/wp-json\/wp\/v2\/portfolio\/37262\/revisions"}],"wp:featuredmedia":[{"embeddable":true,"href":"https:\/\/marcinkrokowski.com\/de\/wp-json\/wp\/v2\/media\/36353"}],"wp:attachment":[{"href":"https:\/\/marcinkrokowski.com\/de\/wp-json\/wp\/v2\/media?parent=37262"}],"wp:term":[{"taxonomy":"kategoria_portfolio","embeddable":true,"href":"https:\/\/marcinkrokowski.com\/de\/wp-json\/wp\/v2\/kategoria_portfolio?post=37262"}],"curies":[{"name":"wp","href":"https:\/\/api.w.org\/{rel}","templated":true}]}}