{"id":37258,"date":"2026-08-17T22:20:00","date_gmt":"2026-08-17T20:20:00","guid":{"rendered":"https:\/\/marcinkrokowski.com\/portfolio\/gala-refarmatorzy-fotobericht\/"},"modified":"2026-08-17T22:20:00","modified_gmt":"2026-08-17T20:20:00","slug":"gala-refarmatorzy-fotobericht","status":"publish","type":"portfolio","link":"https:\/\/marcinkrokowski.com\/de\/portfolio\/gala-refarmatorzy-fotobericht\/","title":{"rendered":"Fotobericht von einer Preisverleihungsgala: Gala ReFarmatorzy 2021\/2022 an der UKSW"},"content":{"rendered":"\n<div class=\"wp-block-stackable-columns stk-block-columns stk-block stk-cf7cd54 stk-block-background\" data-block-id=\"cf7cd54\" data-block-type=\"core\" data-block-type=\"core\"><style>.stk-cf7cd54 {background-color:var(--bg-secondary) !important;border-top-left-radius:12px !important;border-top-right-radius:12px !important;border-bottom-right-radius:12px !important;border-bottom-left-radius:12px !important;overflow:hidden !important;box-shadow:5px 10px 30px 0px #0000004f !important;border-style:solid !important;border-top-width:1px !important;border-right-width:1px !important;border-bottom-width:1px !important;border-left-width:1px !important;min-height:200px !important;align-items:flex-start !important;max-width:900px !important;min-width:auto !important;margin-bottom:40px !important;display:flex !important;}.stk-cf7cd54:before{background-color:var(--bg-secondary) !important;}.stk-cf7cd54-column{max-width:900px !important;min-width:auto !important;margin-right:auto !important;margin-left:auto !important;}<\/style><div class=\"stk-row stk-inner-blocks stk-block-content stk-content-align stk-cf7cd54-column\">\n<div class=\"wp-block-stackable-column stk-block-column stk-column stk-block stk-c5cce51\" data-v=\"4\" data-block-id=\"c5cce51\"><div class=\"stk-column-wrapper stk-block-column__content stk-container stk-c5cce51-container stk--no-background stk--no-padding\"><div class=\"stk-block-content stk-inner-blocks stk-c5cce51-inner-blocks\">\n<div class=\"wp-block-stackable-icon-list stk-block-icon-list stk-block stk-3254369\" data-block-id=\"3254369\"><style>.stk-3254369 .stk-block-icon-list-item__content{align-items:baseline !important;}@media screen and (max-width: 1023px){.stk-3254369 .stk-block-icon-list-item__content{align-items:baseline !important;}}@media screen and (max-width: 767px){.stk-3254369 .stk-block-icon-list-item__content{align-items:baseline !important;}}<\/style><svg style=\"display:none\"><defs><g id=\"stk-icon-list__icon-svg-def-3254369\"><svg xmlns=\"http:\/\/www.w3.org\/2000\/svg\" viewBox=\"0 0 190 190\"><polygon points=\"173.8,28.4 60.4,141.8 15.7,97.2 5.1,107.8 60.4,163 184.4,39 173.8,28.4\"\/><\/svg><\/g><\/defs><\/svg><ul class=\"stk-block-icon-list__ul stk-block-icon-list--column\">\n<li class=\"wp-block-stackable-icon-list-item stk-block-icon-list-item stk-block stk-e672d85\" data-block-id=\"e672d85\"><div class=\"stk-block-icon-list-item__content\"><span class=\"stk--svg-wrapper\"><div class=\"stk--inner-svg\"><svg xmlns=\"http:\/\/www.w3.org\/2000\/svg\" viewbox=\"0 0 384 512\" aria-hidden=\"true\" width=\"32\" height=\"32\"><path d=\"M64 48c-8.8 0-16 7.2-16 16V448c0 8.8 7.2 16 16 16h80V400c0-26.5 21.5-48 48-48s48 21.5 48 48v64h80c8.8 0 16-7.2 16-16V64c0-8.8-7.2-16-16-16H64zM0 64C0 28.7 28.7 0 64 0H320c35.3 0 64 28.7 64 64V448c0 35.3-28.7 64-64 64H64c-35.3 0-64-28.7-64-64V64zm88 40c0-8.8 7.2-16 16-16h48c8.8 0 16 7.2 16 16v48c0 8.8-7.2 16-16 16H104c-8.8 0-16-7.2-16-16V104zM232 88h48c8.8 0 16 7.2 16 16v48c0 8.8-7.2 16-16 16H232c-8.8 0-16-7.2-16-16V104c0-8.8 7.2-16 16-16zM88 232c0-8.8 7.2-16 16-16h48c8.8 0 16 7.2 16 16v48c0 8.8-7.2 16-16 16H104c-8.8 0-16-7.2-16-16V232zm144-16h48c8.8 0 16 7.2 16 16v48c0 8.8-7.2 16-16 16H232c-8.8 0-16-7.2-16-16V232c0-8.8 7.2-16 16-16z\"><\/path><\/svg><\/div><\/span><span class=\"stk-block-icon-list-item__text\"><strong>Kunde:<\/strong> <\/span><\/div><\/li>\n\n\n\n<li class=\"wp-block-stackable-icon-list-item stk-block-icon-list-item stk-block stk-1052ef5\" data-block-id=\"1052ef5\"><div class=\"stk-block-icon-list-item__content\"><span class=\"stk--svg-wrapper\"><div class=\"stk--inner-svg\"><svg xmlns=\"http:\/\/www.w3.org\/2000\/svg\" viewbox=\"0 0 576 512\" aria-hidden=\"true\" width=\"32\" height=\"32\"><path d=\"M264.5 5.2c14.9-6.9 32.1-6.9 47 0l218.6 101c8.5 3.9 13.9 12.4 13.9 21.8s-5.4 17.9-13.9 21.8l-218.6 101c-14.9 6.9-32.1 6.9-47 0L45.9 149.8C37.4 145.8 32 137.3 32 128s5.4-17.9 13.9-21.8L264.5 5.2zM476.9 209.6l53.2 24.6c8.5 3.9 13.9 12.4 13.9 21.8s-5.4 17.9-13.9 21.8l-218.6 101c-14.9 6.9-32.1 6.9-47 0L45.9 277.8C37.4 273.8 32 265.3 32 256s5.4-17.9 13.9-21.8l53.2-24.6 152 70.2c23.4 10.8 50.4 10.8 73.8 0l152-70.2zm-152 198.2l152-70.2 53.2 24.6c8.5 3.9 13.9 12.4 13.9 21.8s-5.4 17.9-13.9 21.8l-218.6 101c-14.9 6.9-32.1 6.9-47 0L45.9 405.8C37.4 401.8 32 393.3 32 384s5.4-17.9 13.9-21.8l53.2-24.6 152 70.2c23.4 10.8 50.4 10.8 73.8 0z\"><\/path><\/svg><\/div><\/span><span class=\"stk-block-icon-list-item__text\"><strong>Art der Veranstaltung:<\/strong> <a href=\"https:\/\/marcinkrokowski.com\/en\/portfolio-category\/galas\/\">Gale<\/a><\/span><\/div><\/li>\n\n\n\n<li class=\"wp-block-stackable-icon-list-item stk-block-icon-list-item stk-block stk-c0979fd\" data-block-id=\"c0979fd\"><div class=\"stk-block-icon-list-item__content\"><span class=\"stk--svg-wrapper\"><div class=\"stk--inner-svg\"><svg xmlns=\"http:\/\/www.w3.org\/2000\/svg\" viewbox=\"0 0 448 512\" aria-hidden=\"true\" width=\"32\" height=\"32\"><path d=\"M152 24c0-13.3-10.7-24-24-24s-24 10.7-24 24V64H64C28.7 64 0 92.7 0 128v16 48V448c0 35.3 28.7 64 64 64H384c35.3 0 64-28.7 64-64V192 144 128c0-35.3-28.7-64-64-64H344V24c0-13.3-10.7-24-24-24s-24 10.7-24 24V64H152V24zM48 192H400V448c0 8.8-7.2 16-16 16H64c-8.8 0-16-7.2-16-16V192z\"><\/path><\/svg><\/div><\/span><span class=\"stk-block-icon-list-item__text\"><strong>Datum des Ereignisses:<\/strong> <\/span><\/div><\/li>\n\n\n\n<li class=\"wp-block-stackable-icon-list-item stk-block-icon-list-item stk-block stk-d7db120\" data-block-id=\"d7db120\"><div class=\"stk-block-icon-list-item__content\"><span class=\"stk--svg-wrapper\"><div class=\"stk--inner-svg\"><svg xmlns=\"http:\/\/www.w3.org\/2000\/svg\" viewbox=\"0 0 384 512\" aria-hidden=\"true\" width=\"32\" height=\"32\"><path d=\"M215.7 499.2C267 435 384 279.4 384 192C384 86 298 0 192 0S0 86 0 192c0 87.4 117 243 168.3 307.2c12.3 15.3 35.1 15.3 47.4 0zM192 128a64 64 0 1 1 0 128 64 64 0 1 1 0-128z\"><\/path><\/svg><\/div><\/span><span class=\"stk-block-icon-list-item__text\"><strong>Standort:<\/strong> <\/span><\/div><\/li>\n\n\n\n<li class=\"wp-block-stackable-icon-list-item stk-block-icon-list-item stk-block stk-f9abdaf\" data-block-id=\"f9abdaf\"><div class=\"stk-block-icon-list-item__content\"><span class=\"stk--svg-wrapper\"><div class=\"stk--inner-svg\"><svg xmlns=\"http:\/\/www.w3.org\/2000\/svg\" viewbox=\"0 0 448 512\" aria-hidden=\"true\" width=\"32\" height=\"32\"><path d=\"M176 0c-17.7 0-32 14.3-32 32s14.3 32 32 32h16V98.4C92.3 113.8 16 200 16 304c0 114.9 93.1 208 208 208s208-93.1 208-208c0-41.8-12.3-80.7-33.5-113.2l24.1-24.1c12.5-12.5 12.5-32.8 0-45.3s-32.8-12.5-45.3 0L355.7 143c-28.1-23-62.2-38.8-99.7-44.6V64h16c17.7 0 32-14.3 32-32s-14.3-32-32-32H224 176zm72 192V320c0 13.3-10.7 24-24 24s-24-10.7-24-24V192c0-13.3 10.7-24 24-24s24 10.7 24 24z\"><\/path><\/svg><\/div><\/span><span class=\"stk-block-icon-list-item__text\"><strong>Dauer der Reportage:<\/strong> <\/span><\/div><\/li>\n\n\n\n<li class=\"wp-block-stackable-icon-list-item stk-block-icon-list-item stk-block stk-be1686d\" data-block-id=\"be1686d\"><div class=\"stk-block-icon-list-item__content\"><span class=\"stk--svg-wrapper\"><div class=\"stk--inner-svg\"><svg xmlns=\"http:\/\/www.w3.org\/2000\/svg\" viewbox=\"0 0 576 512\" aria-hidden=\"true\" width=\"32\" height=\"32\"><path d=\"M160 80H512c8.8 0 16 7.2 16 16V320c0 8.8-7.2 16-16 16H490.8L388.1 178.9c-4.4-6.8-12-10.9-20.1-10.9s-15.7 4.1-20.1 10.9l-52.2 79.8-12.4-16.9c-4.5-6.2-11.7-9.8-19.4-9.8s-14.8 3.6-19.4 9.8L175.6 336H160c-8.8 0-16-7.2-16-16V96c0-8.8 7.2-16 16-16zM96 96V320c0 35.3 28.7 64 64 64H512c35.3 0 64-28.7 64-64V96c0-35.3-28.7-64-64-64H160c-35.3 0-64 28.7-64 64zM48 120c0-13.3-10.7-24-24-24S0 106.7 0 120V344c0 75.1 60.9 136 136 136H456c13.3 0 24-10.7 24-24s-10.7-24-24-24H136c-48.6 0-88-39.4-88-88V120zm208 24a32 32 0 1 0 -64 0 32 32 0 1 0 64 0z\"><\/path><\/svg><\/div><\/span><span class=\"stk-block-icon-list-item__text\"><strong>Anzahl der gelieferten Fotos:<\/strong> <\/span><\/div><\/li>\n\n\n\n<li class=\"wp-block-stackable-icon-list-item stk-block-icon-list-item stk-block stk-65447a4\" data-block-id=\"65447a4\"><div class=\"stk-block-icon-list-item__content\"><span class=\"stk--svg-wrapper\"><div class=\"stk--inner-svg\"><svg xmlns=\"http:\/\/www.w3.org\/2000\/svg\" viewbox=\"0 0 640 512\" aria-hidden=\"true\" width=\"32\" height=\"32\"><path d=\"M184 48H328c4.4 0 8 3.6 8 8V96H176V56c0-4.4 3.6-8 8-8zm-56 8V96H64C28.7 96 0 124.7 0 160v96H192 352h8.2c32.3-39.1 81.1-64 135.8-64c5.4 0 10.7 .2 16 .7V160c0-35.3-28.7-64-64-64H384V56c0-30.9-25.1-56-56-56H184c-30.9 0-56 25.1-56 56zM320 352H224c-17.7 0-32-14.3-32-32V288H0V416c0 35.3 28.7 64 64 64H360.2C335.1 449.6 320 410.5 320 368c0-5.4 .2-10.7 .7-16l-.7 0zm320 16a144 144 0 1 0 -288 0 144 144 0 1 0 288 0zM496 288c8.8 0 16 7.2 16 16v48h32c8.8 0 16 7.2 16 16s-7.2 16-16 16H496c-8.8 0-16-7.2-16-16V304c0-8.8 7.2-16 16-16z\"><\/path><\/svg><\/div><\/span><span class=\"stk-block-icon-list-item__text\"><strong>Bearbeitungszeit:<\/strong> <\/span><\/div><\/li>\n<\/ul><\/div>\n<\/div><\/div><\/div>\n<\/div><\/div>\n\n\n\n<p class=\"wp-block-paragraph\" data-block-type=\"core\">Eine Preisverleihung hat einen Moment, der sich nicht wiederholen l\u00e4sst. Die Statuette wechselt in wenigen Sekunden von Hand zu Hand. Fehlt dieses Bild, wird es nie existieren.<\/p>\n\n\n\n<p class=\"wp-block-paragraph\" data-block-type=\"core\">Im Herbst 2022 habe ich die Gala ReFarmatorzy 2021\/2022 im Auditorium Maximum der Kardinal-Stefan-Wyszy\u0144ski-Universit\u00e4t in Warschau fotografiert. Veranstalter war die Gewerkschaft der Besch\u00e4ftigten im Apothekenwesen, die Veranstaltung stand unter der Schirmherrschaft des Gesundheitsministers. Im Saal sa\u00dfen Apotheker aus ganz Polen, Vertreter von Institutionen und die Fachpresse.<\/p>\n\n\n\n<h2 class=\"wp-block-heading\" data-block-type=\"core\">Was geschah<\/h2>\n\n\n\n<p class=\"wp-block-paragraph\" data-block-type=\"core\">Das Programm verband die Preisverleihung mit einem inhaltlichen Panelteil. Jede dieser Ebenen verlangt andere Fotos.<\/p>\n\n\n\n<p class=\"wp-block-paragraph\" data-block-type=\"core\">Die Preis\u00fcbergaben sind Arbeit auf Reflex. Statuette, Urkunde, Handschlag, Reaktion des Preistr\u00e4gers. Alles passiert einmal und schnell, deshalb bin ich in Position, bevor der Name f\u00e4llt.<\/p>\n\n\n\n<p class=\"wp-block-paragraph\" data-block-type=\"core\">Die Podiumsdiskussion wiederum ist reporterische Arbeit: sieben Experten an den Mikrofonen, ein Austausch von Argumenten, Reaktionen des Publikums. Ich achte darauf, dass jeder Panelist sein eigenes Foto bekommt, denn der Organisator wird es nach der Veranstaltung f\u00fcr Dankesworte und die Kommunikation mit Partnern brauchen.<\/p>\n\n\n\n<p class=\"wp-block-paragraph\" data-block-type=\"core\">Dazu kommt das gesamte Umfeld, aus dem sich der Bericht zusammensetzt: ein voller Saal, das Branding des Organisators auf Bannern, Statuetten, die vor der Zeremonie aufgestellt sind, Pins auf dem Anmeldetisch. Das Marketing sucht Fotos f\u00fcr Social Media, die PR-Abteilung Kontext und Schl\u00fcsselpersonen, die Partner ihre Pr\u00e4senz.<\/p>\n\n\n\n<h2 class=\"wp-block-heading\" data-block-type=\"core\">Worauf ich bei einer Gala achte<\/h2>\n\n\n\n<p class=\"wp-block-paragraph\" data-block-type=\"core\">Ein akademischer Saal hat seine eigene W\u00fcrde, und diese W\u00fcrde ist in den Bildern zu sehen: das Wappen der Universit\u00e4t am Rednerpult, ein voller H\u00f6rsaal, der offizielle Rahmen der Zeremonie. Das wirkt gut im Material, weil es den Rang der Veranstaltung im Bericht erh\u00f6ht.<\/p>\n\n\n\n<p class=\"wp-block-paragraph\" data-block-type=\"core\">Das Publikum fotografiere ich genauso aufmerksam wie die B\u00fchne. Der Moment, in dem ein Gast selbst das Handy z\u00fcckt, um einen Vortrag festzuhalten, sagt \u00fcber die Veranstaltung oft mehr aus als so manches offizielle Bild.<\/p>\n\n\n\n<h2 class=\"wp-block-heading\" data-block-type=\"core\">Ergebnis<\/h2>\n\n\n\n<p class=\"wp-block-paragraph\" data-block-type=\"core\">Der Organisator ver\u00f6ffentlichte einen Bericht \u00fcber die Gala auf LinkedIn, und die Veranstaltung erhielt eine breite Presseberichterstattung in der Fachpresse. Das Bildmaterial dokumentiert den gesamten Ablauf: vom Einlass und der Registrierung bis zu den Preis\u00fcbergaben.<\/p>\n\n\n\n<figure class=\"wp-block-gallery alignwide has-nested-images columns-1 is-cropped wp-block-gallery-1 is-layout-flex wp-block-gallery-is-layout-flex\" data-block-type=\"core\">\n<figure class=\"wp-block-image size-large\" data-block-type=\"core\"><img loading=\"lazy\" decoding=\"async\" width=\"1200\" height=\"800\" data-id=\"36198\" src=\"https:\/\/marcinkrokowski.com\/wp-content\/uploads\/2026\/08\/fotorelacja-gala-refarmatorzy-warszawa-fasada-budynku-002-1200x800.jpg\" alt=\"Das Geb\u00e4ude des Auditorium Maximum der UKSW in Warschau, Veranstaltungsort der Gala ReFarmatorzy 2021\/2022\" class=\"wp-image-36198\" title=\"\" srcset=\"https:\/\/marcinkrokowski.com\/wp-content\/uploads\/2026\/08\/fotorelacja-gala-refarmatorzy-warszawa-fasada-budynku-002-1200x800.jpg 1200w, https:\/\/marcinkrokowski.com\/wp-content\/uploads\/2026\/08\/fotorelacja-gala-refarmatorzy-warszawa-fasada-budynku-002-900x600.jpg 900w, https:\/\/marcinkrokowski.com\/wp-content\/uploads\/2026\/08\/fotorelacja-gala-refarmatorzy-warszawa-fasada-budynku-002-450x300.jpg 450w, https:\/\/marcinkrokowski.com\/wp-content\/uploads\/2026\/08\/fotorelacja-gala-refarmatorzy-warszawa-fasada-budynku-002-768x512.jpg 768w, https:\/\/marcinkrokowski.com\/wp-content\/uploads\/2026\/08\/fotorelacja-gala-refarmatorzy-warszawa-fasada-budynku-002-1536x1024.jpg 1536w, https:\/\/marcinkrokowski.com\/wp-content\/uploads\/2026\/08\/fotorelacja-gala-refarmatorzy-warszawa-fasada-budynku-002.jpg 1920w\" sizes=\"auto, (max-width: 1200px) 100vw, 1200px\" \/><\/figure>\n<\/figure>\n\n\n\n<figure class=\"wp-block-gallery alignwide has-nested-images columns-1 is-cropped wp-block-gallery-2 is-layout-flex wp-block-gallery-is-layout-flex\" data-block-type=\"core\">\n<figure class=\"wp-block-image size-large\" data-block-type=\"core\"><img loading=\"lazy\" decoding=\"async\" width=\"1200\" height=\"800\" data-id=\"36211\" src=\"https:\/\/marcinkrokowski.com\/wp-content\/uploads\/2026\/08\/fotorelacja-gala-refarmatorzy-warszawa-przypinki-detal-003-1200x800.jpg\" alt=\"Pins f\u00fcr die G\u00e4ste der Gala ReFarmatorzy 2021\/2022\" class=\"wp-image-36211\" title=\"\" srcset=\"https:\/\/marcinkrokowski.com\/wp-content\/uploads\/2026\/08\/fotorelacja-gala-refarmatorzy-warszawa-przypinki-detal-003-1200x800.jpg 1200w, https:\/\/marcinkrokowski.com\/wp-content\/uploads\/2026\/08\/fotorelacja-gala-refarmatorzy-warszawa-przypinki-detal-003-900x600.jpg 900w, https:\/\/marcinkrokowski.com\/wp-content\/uploads\/2026\/08\/fotorelacja-gala-refarmatorzy-warszawa-przypinki-detal-003-450x300.jpg 450w, https:\/\/marcinkrokowski.com\/wp-content\/uploads\/2026\/08\/fotorelacja-gala-refarmatorzy-warszawa-przypinki-detal-003-768x512.jpg 768w, https:\/\/marcinkrokowski.com\/wp-content\/uploads\/2026\/08\/fotorelacja-gala-refarmatorzy-warszawa-przypinki-detal-003-1536x1024.jpg 1536w, https:\/\/marcinkrokowski.com\/wp-content\/uploads\/2026\/08\/fotorelacja-gala-refarmatorzy-warszawa-przypinki-detal-003.jpg 1920w\" sizes=\"auto, (max-width: 1200px) 100vw, 1200px\" \/><\/figure>\n<\/figure>\n\n\n\n<figure class=\"wp-block-gallery alignwide has-nested-images columns-1 is-cropped wp-block-gallery-3 is-layout-flex wp-block-gallery-is-layout-flex\" data-block-type=\"core\">\n<figure class=\"wp-block-image size-large\" data-block-type=\"core\"><img loading=\"lazy\" decoding=\"async\" width=\"1200\" height=\"800\" data-id=\"36210\" src=\"https:\/\/marcinkrokowski.com\/wp-content\/uploads\/2026\/08\/fotorelacja-gala-refarmatorzy-warszawa-prowadzacy-scena-005-1200x800.jpg\" alt=\"Die Moderatoren er\u00f6ffnen die Gala ReFarmatorzy 2021\/2022 an der UKSW\" class=\"wp-image-36210\" title=\"\" srcset=\"https:\/\/marcinkrokowski.com\/wp-content\/uploads\/2026\/08\/fotorelacja-gala-refarmatorzy-warszawa-prowadzacy-scena-005-1200x800.jpg 1200w, https:\/\/marcinkrokowski.com\/wp-content\/uploads\/2026\/08\/fotorelacja-gala-refarmatorzy-warszawa-prowadzacy-scena-005-900x600.jpg 900w, https:\/\/marcinkrokowski.com\/wp-content\/uploads\/2026\/08\/fotorelacja-gala-refarmatorzy-warszawa-prowadzacy-scena-005-450x300.jpg 450w, https:\/\/marcinkrokowski.com\/wp-content\/uploads\/2026\/08\/fotorelacja-gala-refarmatorzy-warszawa-prowadzacy-scena-005-768x512.jpg 768w, https:\/\/marcinkrokowski.com\/wp-content\/uploads\/2026\/08\/fotorelacja-gala-refarmatorzy-warszawa-prowadzacy-scena-005-1536x1024.jpg 1536w, https:\/\/marcinkrokowski.com\/wp-content\/uploads\/2026\/08\/fotorelacja-gala-refarmatorzy-warszawa-prowadzacy-scena-005.jpg 1920w\" sizes=\"auto, (max-width: 1200px) 100vw, 1200px\" \/><\/figure>\n<\/figure>\n\n\n\n<figure class=\"wp-block-gallery alignwide has-nested-images columns-1 is-cropped wp-block-gallery-4 is-layout-flex wp-block-gallery-is-layout-flex\" data-block-type=\"core\">\n<figure class=\"wp-block-image size-large\" data-block-type=\"core\"><img loading=\"lazy\" decoding=\"async\" width=\"1200\" height=\"800\" data-id=\"36219\" src=\"https:\/\/marcinkrokowski.com\/wp-content\/uploads\/2026\/08\/fotorelacja-gala-refarmatorzy-warszawa-wystapienie-otwierajace-006-1200x800.jpg\" alt=\"Die Er\u00f6ffnungsrede der Gala ReFarmatorzy 2021\/2022 im Auditorium Maximum\" class=\"wp-image-36219\" title=\"\" srcset=\"https:\/\/marcinkrokowski.com\/wp-content\/uploads\/2026\/08\/fotorelacja-gala-refarmatorzy-warszawa-wystapienie-otwierajace-006-1200x800.jpg 1200w, https:\/\/marcinkrokowski.com\/wp-content\/uploads\/2026\/08\/fotorelacja-gala-refarmatorzy-warszawa-wystapienie-otwierajace-006-900x600.jpg 900w, https:\/\/marcinkrokowski.com\/wp-content\/uploads\/2026\/08\/fotorelacja-gala-refarmatorzy-warszawa-wystapienie-otwierajace-006-450x300.jpg 450w, https:\/\/marcinkrokowski.com\/wp-content\/uploads\/2026\/08\/fotorelacja-gala-refarmatorzy-warszawa-wystapienie-otwierajace-006-768x512.jpg 768w, https:\/\/marcinkrokowski.com\/wp-content\/uploads\/2026\/08\/fotorelacja-gala-refarmatorzy-warszawa-wystapienie-otwierajace-006-1536x1024.jpg 1536w, https:\/\/marcinkrokowski.com\/wp-content\/uploads\/2026\/08\/fotorelacja-gala-refarmatorzy-warszawa-wystapienie-otwierajace-006.jpg 1920w\" sizes=\"auto, (max-width: 1200px) 100vw, 1200px\" \/><\/figure>\n<\/figure>\n\n\n\n<figure class=\"wp-block-gallery alignwide has-nested-images columns-default is-cropped wp-block-gallery-5 is-layout-flex wp-block-gallery-is-layout-flex\" data-block-type=\"core\">\n<figure class=\"wp-block-image size-thumbnail\" data-block-type=\"core\"><img loading=\"lazy\" decoding=\"async\" width=\"450\" height=\"675\" data-id=\"36214\" src=\"https:\/\/marcinkrokowski.com\/wp-content\/uploads\/2026\/08\/fotorelacja-gala-refarmatorzy-warszawa-statuetki-nagrody-004-450x675.jpg\" alt=\"Die Statuetten des ReFarmator 2021\/2022 bereit zur \u00dcbergabe\" class=\"wp-image-36214\" title=\"\" srcset=\"https:\/\/marcinkrokowski.com\/wp-content\/uploads\/2026\/08\/fotorelacja-gala-refarmatorzy-warszawa-statuetki-nagrody-004-450x675.jpg 450w, https:\/\/marcinkrokowski.com\/wp-content\/uploads\/2026\/08\/fotorelacja-gala-refarmatorzy-warszawa-statuetki-nagrody-004-900x1350.jpg 900w, https:\/\/marcinkrokowski.com\/wp-content\/uploads\/2026\/08\/fotorelacja-gala-refarmatorzy-warszawa-statuetki-nagrody-004-1200x1800.jpg 1200w, https:\/\/marcinkrokowski.com\/wp-content\/uploads\/2026\/08\/fotorelacja-gala-refarmatorzy-warszawa-statuetki-nagrody-004-768x1152.jpg 768w, https:\/\/marcinkrokowski.com\/wp-content\/uploads\/2026\/08\/fotorelacja-gala-refarmatorzy-warszawa-statuetki-nagrody-004-1024x1536.jpg 1024w, https:\/\/marcinkrokowski.com\/wp-content\/uploads\/2026\/08\/fotorelacja-gala-refarmatorzy-warszawa-statuetki-nagrody-004.jpg 1280w\" sizes=\"auto, (max-width: 450px) 100vw, 450px\" \/><\/figure>\n\n\n\n<figure class=\"wp-block-image size-thumbnail\" data-block-type=\"core\"><img loading=\"lazy\" decoding=\"async\" width=\"450\" height=\"675\" data-id=\"36203\" src=\"https:\/\/marcinkrokowski.com\/wp-content\/uploads\/2026\/08\/fotorelacja-gala-refarmatorzy-warszawa-mowca-pion-007-450x675.jpg\" alt=\"Ein Redner w\u00e4hrend der Gala ReFarmatorzy 2021\/2022\" class=\"wp-image-36203\" title=\"\" srcset=\"https:\/\/marcinkrokowski.com\/wp-content\/uploads\/2026\/08\/fotorelacja-gala-refarmatorzy-warszawa-mowca-pion-007-450x675.jpg 450w, https:\/\/marcinkrokowski.com\/wp-content\/uploads\/2026\/08\/fotorelacja-gala-refarmatorzy-warszawa-mowca-pion-007-900x1350.jpg 900w, https:\/\/marcinkrokowski.com\/wp-content\/uploads\/2026\/08\/fotorelacja-gala-refarmatorzy-warszawa-mowca-pion-007-1200x1800.jpg 1200w, https:\/\/marcinkrokowski.com\/wp-content\/uploads\/2026\/08\/fotorelacja-gala-refarmatorzy-warszawa-mowca-pion-007-768x1152.jpg 768w, https:\/\/marcinkrokowski.com\/wp-content\/uploads\/2026\/08\/fotorelacja-gala-refarmatorzy-warszawa-mowca-pion-007-1024x1536.jpg 1024w, https:\/\/marcinkrokowski.com\/wp-content\/uploads\/2026\/08\/fotorelacja-gala-refarmatorzy-warszawa-mowca-pion-007.jpg 1280w\" sizes=\"auto, (max-width: 450px) 100vw, 450px\" \/><\/figure>\n\n\n\n<figure class=\"wp-block-image size-thumbnail\" data-block-type=\"core\"><img loading=\"lazy\" decoding=\"async\" width=\"450\" height=\"675\" data-id=\"36202\" src=\"https:\/\/marcinkrokowski.com\/wp-content\/uploads\/2026\/08\/fotorelacja-gala-refarmatorzy-warszawa-moderatorka-pion-008-450x675.jpg\" alt=\"Die Panelmoderatorin w\u00e4hrend der Gala ReFarmatorzy 2021\/2022\" class=\"wp-image-36202\" title=\"\" srcset=\"https:\/\/marcinkrokowski.com\/wp-content\/uploads\/2026\/08\/fotorelacja-gala-refarmatorzy-warszawa-moderatorka-pion-008-450x675.jpg 450w, https:\/\/marcinkrokowski.com\/wp-content\/uploads\/2026\/08\/fotorelacja-gala-refarmatorzy-warszawa-moderatorka-pion-008-900x1350.jpg 900w, https:\/\/marcinkrokowski.com\/wp-content\/uploads\/2026\/08\/fotorelacja-gala-refarmatorzy-warszawa-moderatorka-pion-008-1200x1800.jpg 1200w, https:\/\/marcinkrokowski.com\/wp-content\/uploads\/2026\/08\/fotorelacja-gala-refarmatorzy-warszawa-moderatorka-pion-008-768x1152.jpg 768w, https:\/\/marcinkrokowski.com\/wp-content\/uploads\/2026\/08\/fotorelacja-gala-refarmatorzy-warszawa-moderatorka-pion-008-1024x1536.jpg 1024w, https:\/\/marcinkrokowski.com\/wp-content\/uploads\/2026\/08\/fotorelacja-gala-refarmatorzy-warszawa-moderatorka-pion-008.jpg 1280w\" sizes=\"auto, (max-width: 450px) 100vw, 450px\" \/><\/figure>\n<\/figure>\n\n\n\n<figure class=\"wp-block-gallery alignwide has-nested-images columns-1 is-cropped wp-block-gallery-6 is-layout-flex wp-block-gallery-is-layout-flex\" data-block-type=\"core\">\n<figure class=\"wp-block-image size-large\" data-block-type=\"core\"><img loading=\"lazy\" decoding=\"async\" width=\"1200\" height=\"800\" data-id=\"36205\" src=\"https:\/\/marcinkrokowski.com\/wp-content\/uploads\/2026\/08\/fotorelacja-gala-refarmatorzy-warszawa-panel-dyskusyjny-009-1200x800.jpg\" alt=\"Die Podiumsdiskussion der Gala ReFarmatorzy 2021\/2022 mit sieben Experten\" class=\"wp-image-36205\" title=\"\" srcset=\"https:\/\/marcinkrokowski.com\/wp-content\/uploads\/2026\/08\/fotorelacja-gala-refarmatorzy-warszawa-panel-dyskusyjny-009-1200x800.jpg 1200w, https:\/\/marcinkrokowski.com\/wp-content\/uploads\/2026\/08\/fotorelacja-gala-refarmatorzy-warszawa-panel-dyskusyjny-009-900x600.jpg 900w, https:\/\/marcinkrokowski.com\/wp-content\/uploads\/2026\/08\/fotorelacja-gala-refarmatorzy-warszawa-panel-dyskusyjny-009-450x300.jpg 450w, https:\/\/marcinkrokowski.com\/wp-content\/uploads\/2026\/08\/fotorelacja-gala-refarmatorzy-warszawa-panel-dyskusyjny-009-768x512.jpg 768w, https:\/\/marcinkrokowski.com\/wp-content\/uploads\/2026\/08\/fotorelacja-gala-refarmatorzy-warszawa-panel-dyskusyjny-009-1536x1024.jpg 1536w, https:\/\/marcinkrokowski.com\/wp-content\/uploads\/2026\/08\/fotorelacja-gala-refarmatorzy-warszawa-panel-dyskusyjny-009.jpg 1920w\" sizes=\"auto, (max-width: 1200px) 100vw, 1200px\" \/><\/figure>\n<\/figure>\n\n\n\n<figure class=\"wp-block-gallery alignwide has-nested-images columns-1 is-cropped wp-block-gallery-7 is-layout-flex wp-block-gallery-is-layout-flex\" data-block-type=\"core\">\n<figure class=\"wp-block-image size-large\" data-block-type=\"core\"><img loading=\"lazy\" decoding=\"async\" width=\"1200\" height=\"800\" data-id=\"36213\" src=\"https:\/\/marcinkrokowski.com\/wp-content\/uploads\/2026\/08\/fotorelacja-gala-refarmatorzy-warszawa-publicznosc-telefon-010-1200x800.jpg\" alt=\"Ein Teilnehmer der Gala ReFarmatorzy 2021\/2022 fotografiert die Rede mit dem Handy\" class=\"wp-image-36213\" title=\"\" srcset=\"https:\/\/marcinkrokowski.com\/wp-content\/uploads\/2026\/08\/fotorelacja-gala-refarmatorzy-warszawa-publicznosc-telefon-010-1200x800.jpg 1200w, https:\/\/marcinkrokowski.com\/wp-content\/uploads\/2026\/08\/fotorelacja-gala-refarmatorzy-warszawa-publicznosc-telefon-010-900x600.jpg 900w, https:\/\/marcinkrokowski.com\/wp-content\/uploads\/2026\/08\/fotorelacja-gala-refarmatorzy-warszawa-publicznosc-telefon-010-450x300.jpg 450w, https:\/\/marcinkrokowski.com\/wp-content\/uploads\/2026\/08\/fotorelacja-gala-refarmatorzy-warszawa-publicznosc-telefon-010-768x512.jpg 768w, https:\/\/marcinkrokowski.com\/wp-content\/uploads\/2026\/08\/fotorelacja-gala-refarmatorzy-warszawa-publicznosc-telefon-010-1536x1024.jpg 1536w, https:\/\/marcinkrokowski.com\/wp-content\/uploads\/2026\/08\/fotorelacja-gala-refarmatorzy-warszawa-publicznosc-telefon-010.jpg 1920w\" sizes=\"auto, (max-width: 1200px) 100vw, 1200px\" \/><\/figure>\n<\/figure>\n\n\n\n<figure class=\"wp-block-gallery alignwide has-nested-images columns-1 is-cropped wp-block-gallery-8 is-layout-flex wp-block-gallery-is-layout-flex\" data-block-type=\"core\">\n<figure class=\"wp-block-image size-large\" data-block-type=\"core\"><img loading=\"lazy\" decoding=\"async\" width=\"1200\" height=\"800\" data-id=\"36218\" src=\"https:\/\/marcinkrokowski.com\/wp-content\/uploads\/2026\/08\/fotorelacja-gala-refarmatorzy-warszawa-wreczenie-nagrody-011-1200x800.jpg\" alt=\"\u00dcbergabe der ReFarmator-Statuette w\u00e4hrend der Gala an der UKSW\" class=\"wp-image-36218\" title=\"\" srcset=\"https:\/\/marcinkrokowski.com\/wp-content\/uploads\/2026\/08\/fotorelacja-gala-refarmatorzy-warszawa-wreczenie-nagrody-011-1200x800.jpg 1200w, https:\/\/marcinkrokowski.com\/wp-content\/uploads\/2026\/08\/fotorelacja-gala-refarmatorzy-warszawa-wreczenie-nagrody-011-900x600.jpg 900w, https:\/\/marcinkrokowski.com\/wp-content\/uploads\/2026\/08\/fotorelacja-gala-refarmatorzy-warszawa-wreczenie-nagrody-011-450x300.jpg 450w, https:\/\/marcinkrokowski.com\/wp-content\/uploads\/2026\/08\/fotorelacja-gala-refarmatorzy-warszawa-wreczenie-nagrody-011-768x512.jpg 768w, https:\/\/marcinkrokowski.com\/wp-content\/uploads\/2026\/08\/fotorelacja-gala-refarmatorzy-warszawa-wreczenie-nagrody-011-1536x1024.jpg 1536w, https:\/\/marcinkrokowski.com\/wp-content\/uploads\/2026\/08\/fotorelacja-gala-refarmatorzy-warszawa-wreczenie-nagrody-011.jpg 1920w\" sizes=\"auto, (max-width: 1200px) 100vw, 1200px\" \/><\/figure>\n<\/figure>\n\n\n\n<figure class=\"wp-block-gallery alignwide has-nested-images columns-1 is-cropped wp-block-gallery-9 is-layout-flex wp-block-gallery-is-layout-flex\" data-block-type=\"core\">\n<figure class=\"wp-block-image size-large\" data-block-type=\"core\"><img loading=\"lazy\" decoding=\"async\" width=\"1200\" height=\"800\" data-id=\"36200\" src=\"https:\/\/marcinkrokowski.com\/wp-content\/uploads\/2026\/08\/fotorelacja-gala-refarmatorzy-warszawa-laureatki-dyplomy-012-1200x800.jpg\" alt=\"Preistr\u00e4gerinnen mit Urkunden auf der B\u00fchne der Gala ReFarmatorzy 2021\/2022\" class=\"wp-image-36200\" title=\"\" srcset=\"https:\/\/marcinkrokowski.com\/wp-content\/uploads\/2026\/08\/fotorelacja-gala-refarmatorzy-warszawa-laureatki-dyplomy-012-1200x800.jpg 1200w, https:\/\/marcinkrokowski.com\/wp-content\/uploads\/2026\/08\/fotorelacja-gala-refarmatorzy-warszawa-laureatki-dyplomy-012-900x600.jpg 900w, https:\/\/marcinkrokowski.com\/wp-content\/uploads\/2026\/08\/fotorelacja-gala-refarmatorzy-warszawa-laureatki-dyplomy-012-450x300.jpg 450w, https:\/\/marcinkrokowski.com\/wp-content\/uploads\/2026\/08\/fotorelacja-gala-refarmatorzy-warszawa-laureatki-dyplomy-012-768x512.jpg 768w, https:\/\/marcinkrokowski.com\/wp-content\/uploads\/2026\/08\/fotorelacja-gala-refarmatorzy-warszawa-laureatki-dyplomy-012-1536x1024.jpg 1536w, https:\/\/marcinkrokowski.com\/wp-content\/uploads\/2026\/08\/fotorelacja-gala-refarmatorzy-warszawa-laureatki-dyplomy-012.jpg 1920w\" sizes=\"auto, (max-width: 1200px) 100vw, 1200px\" \/><\/figure>\n<\/figure>\n\n\n\n<figure class=\"wp-block-gallery alignwide has-nested-images columns-1 is-cropped wp-block-gallery-10 is-layout-flex wp-block-gallery-is-layout-flex\" data-block-type=\"core\">\n<figure class=\"wp-block-image size-large\" data-block-type=\"core\"><img loading=\"lazy\" decoding=\"async\" width=\"1200\" height=\"800\" data-id=\"36212\" src=\"https:\/\/marcinkrokowski.com\/wp-content\/uploads\/2026\/08\/fotorelacja-gala-refarmatorzy-warszawa-publicznosc-prezentacja-013-1200x800.jpg\" alt=\"Eine Teilnehmerin verfolgt die Pr\u00e4sentation w\u00e4hrend der Gala ReFarmatorzy 2021\/2022\" class=\"wp-image-36212\" title=\"\" srcset=\"https:\/\/marcinkrokowski.com\/wp-content\/uploads\/2026\/08\/fotorelacja-gala-refarmatorzy-warszawa-publicznosc-prezentacja-013-1200x800.jpg 1200w, https:\/\/marcinkrokowski.com\/wp-content\/uploads\/2026\/08\/fotorelacja-gala-refarmatorzy-warszawa-publicznosc-prezentacja-013-900x600.jpg 900w, https:\/\/marcinkrokowski.com\/wp-content\/uploads\/2026\/08\/fotorelacja-gala-refarmatorzy-warszawa-publicznosc-prezentacja-013-450x300.jpg 450w, https:\/\/marcinkrokowski.com\/wp-content\/uploads\/2026\/08\/fotorelacja-gala-refarmatorzy-warszawa-publicznosc-prezentacja-013-768x512.jpg 768w, https:\/\/marcinkrokowski.com\/wp-content\/uploads\/2026\/08\/fotorelacja-gala-refarmatorzy-warszawa-publicznosc-prezentacja-013-1536x1024.jpg 1536w, https:\/\/marcinkrokowski.com\/wp-content\/uploads\/2026\/08\/fotorelacja-gala-refarmatorzy-warszawa-publicznosc-prezentacja-013.jpg 1920w\" sizes=\"auto, (max-width: 1200px) 100vw, 1200px\" \/><\/figure>\n<\/figure>\n\n\n\n<figure class=\"wp-block-gallery alignwide has-nested-images columns-1 is-cropped wp-block-gallery-11 is-layout-flex wp-block-gallery-is-layout-flex\" data-block-type=\"core\">\n<figure class=\"wp-block-image size-large\" data-block-type=\"core\"><img loading=\"lazy\" decoding=\"async\" width=\"1200\" height=\"800\" data-id=\"36204\" src=\"https:\/\/marcinkrokowski.com\/wp-content\/uploads\/2026\/08\/fotorelacja-gala-refarmatorzy-warszawa-networking-hol-014-1200x800.jpg\" alt=\"Teilnehmerinnen der Gala ReFarmatorzy 2021\/2022 im Gespr\u00e4ch vor dem Einlass in den Saal\" class=\"wp-image-36204\" title=\"\" srcset=\"https:\/\/marcinkrokowski.com\/wp-content\/uploads\/2026\/08\/fotorelacja-gala-refarmatorzy-warszawa-networking-hol-014-1200x800.jpg 1200w, https:\/\/marcinkrokowski.com\/wp-content\/uploads\/2026\/08\/fotorelacja-gala-refarmatorzy-warszawa-networking-hol-014-900x600.jpg 900w, https:\/\/marcinkrokowski.com\/wp-content\/uploads\/2026\/08\/fotorelacja-gala-refarmatorzy-warszawa-networking-hol-014-450x300.jpg 450w, https:\/\/marcinkrokowski.com\/wp-content\/uploads\/2026\/08\/fotorelacja-gala-refarmatorzy-warszawa-networking-hol-014-768x512.jpg 768w, https:\/\/marcinkrokowski.com\/wp-content\/uploads\/2026\/08\/fotorelacja-gala-refarmatorzy-warszawa-networking-hol-014-1536x1024.jpg 1536w, https:\/\/marcinkrokowski.com\/wp-content\/uploads\/2026\/08\/fotorelacja-gala-refarmatorzy-warszawa-networking-hol-014.jpg 1920w\" sizes=\"auto, (max-width: 1200px) 100vw, 1200px\" \/><\/figure>\n<\/figure>\n\n\n\n<figure class=\"wp-block-gallery alignwide has-nested-images columns-1 is-cropped wp-block-gallery-12 is-layout-flex wp-block-gallery-is-layout-flex\" data-block-type=\"core\">\n<figure class=\"wp-block-image size-large\" data-block-type=\"core\"><img loading=\"lazy\" decoding=\"async\" width=\"1200\" height=\"800\" data-id=\"36201\" src=\"https:\/\/marcinkrokowski.com\/wp-content\/uploads\/2026\/08\/fotorelacja-gala-refarmatorzy-warszawa-materialy-detal-015-1200x800.jpg\" alt=\"Konferenzunterlagen der Gala ReFarmatorzy 2021\/2022 in den H\u00e4nden einer Teilnehmerin\" class=\"wp-image-36201\" title=\"\" srcset=\"https:\/\/marcinkrokowski.com\/wp-content\/uploads\/2026\/08\/fotorelacja-gala-refarmatorzy-warszawa-materialy-detal-015-1200x800.jpg 1200w, https:\/\/marcinkrokowski.com\/wp-content\/uploads\/2026\/08\/fotorelacja-gala-refarmatorzy-warszawa-materialy-detal-015-900x600.jpg 900w, https:\/\/marcinkrokowski.com\/wp-content\/uploads\/2026\/08\/fotorelacja-gala-refarmatorzy-warszawa-materialy-detal-015-450x300.jpg 450w, https:\/\/marcinkrokowski.com\/wp-content\/uploads\/2026\/08\/fotorelacja-gala-refarmatorzy-warszawa-materialy-detal-015-768x512.jpg 768w, https:\/\/marcinkrokowski.com\/wp-content\/uploads\/2026\/08\/fotorelacja-gala-refarmatorzy-warszawa-materialy-detal-015-1536x1024.jpg 1536w, https:\/\/marcinkrokowski.com\/wp-content\/uploads\/2026\/08\/fotorelacja-gala-refarmatorzy-warszawa-materialy-detal-015.jpg 1920w\" sizes=\"auto, (max-width: 1200px) 100vw, 1200px\" \/><\/figure>\n<\/figure>\n\n\n\n<figure class=\"wp-block-gallery alignwide has-nested-images columns-default is-cropped wp-block-gallery-13 is-layout-flex wp-block-gallery-is-layout-flex\" data-block-type=\"core\">\n<figure class=\"wp-block-image size-thumbnail\" data-block-type=\"core\"><img loading=\"lazy\" decoding=\"async\" width=\"450\" height=\"675\" data-id=\"36216\" src=\"https:\/\/marcinkrokowski.com\/wp-content\/uploads\/2026\/08\/fotorelacja-gala-refarmatorzy-warszawa-teczki-rejestracja-016-450x675.jpg\" alt=\"Mappen mit Materialien der Gala ReFarmatorzy 2021\/2022, vorbereitet f\u00fcr die G\u00e4ste\" class=\"wp-image-36216\" title=\"\" srcset=\"https:\/\/marcinkrokowski.com\/wp-content\/uploads\/2026\/08\/fotorelacja-gala-refarmatorzy-warszawa-teczki-rejestracja-016-450x675.jpg 450w, https:\/\/marcinkrokowski.com\/wp-content\/uploads\/2026\/08\/fotorelacja-gala-refarmatorzy-warszawa-teczki-rejestracja-016-900x1350.jpg 900w, https:\/\/marcinkrokowski.com\/wp-content\/uploads\/2026\/08\/fotorelacja-gala-refarmatorzy-warszawa-teczki-rejestracja-016-1200x1800.jpg 1200w, https:\/\/marcinkrokowski.com\/wp-content\/uploads\/2026\/08\/fotorelacja-gala-refarmatorzy-warszawa-teczki-rejestracja-016-768x1152.jpg 768w, https:\/\/marcinkrokowski.com\/wp-content\/uploads\/2026\/08\/fotorelacja-gala-refarmatorzy-warszawa-teczki-rejestracja-016-1024x1536.jpg 1024w, https:\/\/marcinkrokowski.com\/wp-content\/uploads\/2026\/08\/fotorelacja-gala-refarmatorzy-warszawa-teczki-rejestracja-016.jpg 1280w\" sizes=\"auto, (max-width: 450px) 100vw, 450px\" \/><\/figure>\n\n\n\n<figure class=\"wp-block-image size-thumbnail\" data-block-type=\"core\"><img loading=\"lazy\" decoding=\"async\" width=\"450\" height=\"675\" data-id=\"36209\" src=\"https:\/\/marcinkrokowski.com\/wp-content\/uploads\/2026\/08\/fotorelacja-gala-refarmatorzy-warszawa-prelegent-pion-019-450x675.jpg\" alt=\"Ein Referent w\u00e4hrend der Gala ReFarmatorzy 2021\/2022\" class=\"wp-image-36209\" title=\"\" srcset=\"https:\/\/marcinkrokowski.com\/wp-content\/uploads\/2026\/08\/fotorelacja-gala-refarmatorzy-warszawa-prelegent-pion-019-450x675.jpg 450w, https:\/\/marcinkrokowski.com\/wp-content\/uploads\/2026\/08\/fotorelacja-gala-refarmatorzy-warszawa-prelegent-pion-019-900x1350.jpg 900w, https:\/\/marcinkrokowski.com\/wp-content\/uploads\/2026\/08\/fotorelacja-gala-refarmatorzy-warszawa-prelegent-pion-019-1200x1800.jpg 1200w, https:\/\/marcinkrokowski.com\/wp-content\/uploads\/2026\/08\/fotorelacja-gala-refarmatorzy-warszawa-prelegent-pion-019-768x1152.jpg 768w, https:\/\/marcinkrokowski.com\/wp-content\/uploads\/2026\/08\/fotorelacja-gala-refarmatorzy-warszawa-prelegent-pion-019-1024x1536.jpg 1024w, https:\/\/marcinkrokowski.com\/wp-content\/uploads\/2026\/08\/fotorelacja-gala-refarmatorzy-warszawa-prelegent-pion-019.jpg 1280w\" sizes=\"auto, (max-width: 450px) 100vw, 450px\" \/><\/figure>\n\n\n\n<figure class=\"wp-block-image size-thumbnail\" data-block-type=\"core\"><img loading=\"lazy\" decoding=\"async\" width=\"450\" height=\"675\" data-id=\"36217\" src=\"https:\/\/marcinkrokowski.com\/wp-content\/uploads\/2026\/08\/fotorelacja-gala-refarmatorzy-warszawa-wreczenie-inspektorat-024-450x675.jpg\" alt=\"\u00dcbergabe des ReFarmator 2021\/2022 an die Hauptinspektorin f\u00fcr Arzneimittel Ewa Krajewska\" class=\"wp-image-36217\" title=\"\" srcset=\"https:\/\/marcinkrokowski.com\/wp-content\/uploads\/2026\/08\/fotorelacja-gala-refarmatorzy-warszawa-wreczenie-inspektorat-024-450x675.jpg 450w, https:\/\/marcinkrokowski.com\/wp-content\/uploads\/2026\/08\/fotorelacja-gala-refarmatorzy-warszawa-wreczenie-inspektorat-024-900x1350.jpg 900w, https:\/\/marcinkrokowski.com\/wp-content\/uploads\/2026\/08\/fotorelacja-gala-refarmatorzy-warszawa-wreczenie-inspektorat-024-1200x1800.jpg 1200w, https:\/\/marcinkrokowski.com\/wp-content\/uploads\/2026\/08\/fotorelacja-gala-refarmatorzy-warszawa-wreczenie-inspektorat-024-768x1152.jpg 768w, https:\/\/marcinkrokowski.com\/wp-content\/uploads\/2026\/08\/fotorelacja-gala-refarmatorzy-warszawa-wreczenie-inspektorat-024-1024x1536.jpg 1024w, https:\/\/marcinkrokowski.com\/wp-content\/uploads\/2026\/08\/fotorelacja-gala-refarmatorzy-warszawa-wreczenie-inspektorat-024.jpg 1280w\" sizes=\"auto, (max-width: 450px) 100vw, 450px\" \/><\/figure>\n<\/figure>\n\n\n\n<figure class=\"wp-block-gallery alignwide has-nested-images columns-1 is-cropped wp-block-gallery-14 is-layout-flex wp-block-gallery-is-layout-flex\" data-block-type=\"core\">\n<figure class=\"wp-block-image size-large\" data-block-type=\"core\"><img loading=\"lazy\" decoding=\"async\" width=\"1200\" height=\"800\" data-id=\"36199\" src=\"https:\/\/marcinkrokowski.com\/wp-content\/uploads\/2026\/08\/fotorelacja-gala-refarmatorzy-warszawa-kierunkowskaz-wejscie-017-1200x800.jpg\" alt=\"Ein Wegweiser zum Saal der Gala ReFarmatorzy 2021\/2022 an der UKSW\" class=\"wp-image-36199\" title=\"\" srcset=\"https:\/\/marcinkrokowski.com\/wp-content\/uploads\/2026\/08\/fotorelacja-gala-refarmatorzy-warszawa-kierunkowskaz-wejscie-017-1200x800.jpg 1200w, https:\/\/marcinkrokowski.com\/wp-content\/uploads\/2026\/08\/fotorelacja-gala-refarmatorzy-warszawa-kierunkowskaz-wejscie-017-900x600.jpg 900w, https:\/\/marcinkrokowski.com\/wp-content\/uploads\/2026\/08\/fotorelacja-gala-refarmatorzy-warszawa-kierunkowskaz-wejscie-017-450x300.jpg 450w, https:\/\/marcinkrokowski.com\/wp-content\/uploads\/2026\/08\/fotorelacja-gala-refarmatorzy-warszawa-kierunkowskaz-wejscie-017-768x512.jpg 768w, https:\/\/marcinkrokowski.com\/wp-content\/uploads\/2026\/08\/fotorelacja-gala-refarmatorzy-warszawa-kierunkowskaz-wejscie-017-1536x1024.jpg 1536w, https:\/\/marcinkrokowski.com\/wp-content\/uploads\/2026\/08\/fotorelacja-gala-refarmatorzy-warszawa-kierunkowskaz-wejscie-017.jpg 1920w\" sizes=\"auto, (max-width: 1200px) 100vw, 1200px\" \/><\/figure>\n<\/figure>\n\n\n\n<figure class=\"wp-block-gallery alignwide has-nested-images columns-1 is-cropped wp-block-gallery-15 is-layout-flex wp-block-gallery-is-layout-flex\" data-block-type=\"core\">\n<figure class=\"wp-block-image size-large\" data-block-type=\"core\"><img loading=\"lazy\" decoding=\"async\" width=\"1200\" height=\"800\" data-id=\"36215\" src=\"https:\/\/marcinkrokowski.com\/wp-content\/uploads\/2026\/08\/fotorelacja-gala-refarmatorzy-warszawa-stolik-prelegencki-018-1200x800.jpg\" alt=\"Ein Rednertisch, vorbereitet vor einem Vortrag bei der Gala ReFarmatorzy 2021\/2022\" class=\"wp-image-36215\" title=\"\" srcset=\"https:\/\/marcinkrokowski.com\/wp-content\/uploads\/2026\/08\/fotorelacja-gala-refarmatorzy-warszawa-stolik-prelegencki-018-1200x800.jpg 1200w, https:\/\/marcinkrokowski.com\/wp-content\/uploads\/2026\/08\/fotorelacja-gala-refarmatorzy-warszawa-stolik-prelegencki-018-900x600.jpg 900w, https:\/\/marcinkrokowski.com\/wp-content\/uploads\/2026\/08\/fotorelacja-gala-refarmatorzy-warszawa-stolik-prelegencki-018-450x300.jpg 450w, https:\/\/marcinkrokowski.com\/wp-content\/uploads\/2026\/08\/fotorelacja-gala-refarmatorzy-warszawa-stolik-prelegencki-018-768x512.jpg 768w, https:\/\/marcinkrokowski.com\/wp-content\/uploads\/2026\/08\/fotorelacja-gala-refarmatorzy-warszawa-stolik-prelegencki-018-1536x1024.jpg 1536w, https:\/\/marcinkrokowski.com\/wp-content\/uploads\/2026\/08\/fotorelacja-gala-refarmatorzy-warszawa-stolik-prelegencki-018.jpg 1920w\" sizes=\"auto, (max-width: 1200px) 100vw, 1200px\" \/><\/figure>\n<\/figure>\n\n\n\n<figure class=\"wp-block-gallery alignwide has-nested-images columns-1 is-cropped wp-block-gallery-16 is-layout-flex wp-block-gallery-is-layout-flex\" data-block-type=\"core\">\n<figure class=\"wp-block-image size-large\" data-block-type=\"core\"><img loading=\"lazy\" decoding=\"async\" width=\"1200\" height=\"800\" data-id=\"36208\" src=\"https:\/\/marcinkrokowski.com\/wp-content\/uploads\/2026\/08\/fotorelacja-gala-refarmatorzy-warszawa-prelegent-gest-020-1200x800.jpg\" alt=\"Ein Referent der Gala ReFarmatorzy 2021\/2022 spricht zu den Teilnehmern\" class=\"wp-image-36208\" title=\"\" srcset=\"https:\/\/marcinkrokowski.com\/wp-content\/uploads\/2026\/08\/fotorelacja-gala-refarmatorzy-warszawa-prelegent-gest-020-1200x800.jpg 1200w, https:\/\/marcinkrokowski.com\/wp-content\/uploads\/2026\/08\/fotorelacja-gala-refarmatorzy-warszawa-prelegent-gest-020-900x600.jpg 900w, https:\/\/marcinkrokowski.com\/wp-content\/uploads\/2026\/08\/fotorelacja-gala-refarmatorzy-warszawa-prelegent-gest-020-450x300.jpg 450w, https:\/\/marcinkrokowski.com\/wp-content\/uploads\/2026\/08\/fotorelacja-gala-refarmatorzy-warszawa-prelegent-gest-020-768x512.jpg 768w, https:\/\/marcinkrokowski.com\/wp-content\/uploads\/2026\/08\/fotorelacja-gala-refarmatorzy-warszawa-prelegent-gest-020-1536x1024.jpg 1536w, https:\/\/marcinkrokowski.com\/wp-content\/uploads\/2026\/08\/fotorelacja-gala-refarmatorzy-warszawa-prelegent-gest-020.jpg 1920w\" sizes=\"auto, (max-width: 1200px) 100vw, 1200px\" \/><\/figure>\n<\/figure>\n\n\n\n<figure class=\"wp-block-gallery alignwide has-nested-images columns-1 is-cropped wp-block-gallery-17 is-layout-flex wp-block-gallery-is-layout-flex\" data-block-type=\"core\">\n<figure class=\"wp-block-image size-large\" data-block-type=\"core\"><img loading=\"lazy\" decoding=\"async\" width=\"1200\" height=\"800\" data-id=\"36196\" src=\"https:\/\/marcinkrokowski.com\/wp-content\/uploads\/2026\/08\/fotorelacja-gala-refarmatorzy-warszawa-aula-plan-gorny-021-1200x800.jpg\" alt=\"Der H\u00f6rsaal der UKSW w\u00e4hrend eines Vortrags bei der Gala ReFarmatorzy 2021\/2022, Seitenansicht\" class=\"wp-image-36196\" title=\"\" srcset=\"https:\/\/marcinkrokowski.com\/wp-content\/uploads\/2026\/08\/fotorelacja-gala-refarmatorzy-warszawa-aula-plan-gorny-021-1200x800.jpg 1200w, https:\/\/marcinkrokowski.com\/wp-content\/uploads\/2026\/08\/fotorelacja-gala-refarmatorzy-warszawa-aula-plan-gorny-021-900x600.jpg 900w, https:\/\/marcinkrokowski.com\/wp-content\/uploads\/2026\/08\/fotorelacja-gala-refarmatorzy-warszawa-aula-plan-gorny-021-450x300.jpg 450w, https:\/\/marcinkrokowski.com\/wp-content\/uploads\/2026\/08\/fotorelacja-gala-refarmatorzy-warszawa-aula-plan-gorny-021-768x512.jpg 768w, https:\/\/marcinkrokowski.com\/wp-content\/uploads\/2026\/08\/fotorelacja-gala-refarmatorzy-warszawa-aula-plan-gorny-021-1536x1024.jpg 1536w, https:\/\/marcinkrokowski.com\/wp-content\/uploads\/2026\/08\/fotorelacja-gala-refarmatorzy-warszawa-aula-plan-gorny-021.jpg 1920w\" sizes=\"auto, (max-width: 1200px) 100vw, 1200px\" \/><\/figure>\n<\/figure>\n\n\n\n<figure class=\"wp-block-gallery alignwide has-nested-images columns-1 is-cropped wp-block-gallery-18 is-layout-flex wp-block-gallery-is-layout-flex\" data-block-type=\"core\">\n<figure class=\"wp-block-image size-large\" data-block-type=\"core\"><img loading=\"lazy\" decoding=\"async\" width=\"1200\" height=\"800\" data-id=\"36207\" src=\"https:\/\/marcinkrokowski.com\/wp-content\/uploads\/2026\/08\/fotorelacja-gala-refarmatorzy-warszawa-panel-widownia-bok-022-1200x800.jpg\" alt=\"Podiumsdiskussion und Publikum w\u00e4hrend der Gala ReFarmatorzy 2021\/2022, Seitenaufnahme\" class=\"wp-image-36207\" title=\"\" srcset=\"https:\/\/marcinkrokowski.com\/wp-content\/uploads\/2026\/08\/fotorelacja-gala-refarmatorzy-warszawa-panel-widownia-bok-022-1200x800.jpg 1200w, https:\/\/marcinkrokowski.com\/wp-content\/uploads\/2026\/08\/fotorelacja-gala-refarmatorzy-warszawa-panel-widownia-bok-022-900x600.jpg 900w, https:\/\/marcinkrokowski.com\/wp-content\/uploads\/2026\/08\/fotorelacja-gala-refarmatorzy-warszawa-panel-widownia-bok-022-450x300.jpg 450w, https:\/\/marcinkrokowski.com\/wp-content\/uploads\/2026\/08\/fotorelacja-gala-refarmatorzy-warszawa-panel-widownia-bok-022-768x512.jpg 768w, https:\/\/marcinkrokowski.com\/wp-content\/uploads\/2026\/08\/fotorelacja-gala-refarmatorzy-warszawa-panel-widownia-bok-022-1536x1024.jpg 1536w, https:\/\/marcinkrokowski.com\/wp-content\/uploads\/2026\/08\/fotorelacja-gala-refarmatorzy-warszawa-panel-widownia-bok-022.jpg 1920w\" sizes=\"auto, (max-width: 1200px) 100vw, 1200px\" \/><\/figure>\n<\/figure>\n\n\n\n<figure class=\"wp-block-gallery alignwide has-nested-images columns-1 is-cropped wp-block-gallery-19 is-layout-flex wp-block-gallery-is-layout-flex\" data-block-type=\"core\">\n<figure class=\"wp-block-image size-large\" data-block-type=\"core\"><img loading=\"lazy\" decoding=\"async\" width=\"1200\" height=\"800\" data-id=\"36206\" src=\"https:\/\/marcinkrokowski.com\/wp-content\/uploads\/2026\/08\/fotorelacja-gala-refarmatorzy-warszawa-panel-reakcja-023-1200x800.jpg\" alt=\"Die Paneldiskussion w\u00e4hrend der Gala ReFarmatorzy 2021\/2022\" class=\"wp-image-36206\" title=\"\" srcset=\"https:\/\/marcinkrokowski.com\/wp-content\/uploads\/2026\/08\/fotorelacja-gala-refarmatorzy-warszawa-panel-reakcja-023-1200x800.jpg 1200w, https:\/\/marcinkrokowski.com\/wp-content\/uploads\/2026\/08\/fotorelacja-gala-refarmatorzy-warszawa-panel-reakcja-023-900x600.jpg 900w, https:\/\/marcinkrokowski.com\/wp-content\/uploads\/2026\/08\/fotorelacja-gala-refarmatorzy-warszawa-panel-reakcja-023-450x300.jpg 450w, https:\/\/marcinkrokowski.com\/wp-content\/uploads\/2026\/08\/fotorelacja-gala-refarmatorzy-warszawa-panel-reakcja-023-768x512.jpg 768w, https:\/\/marcinkrokowski.com\/wp-content\/uploads\/2026\/08\/fotorelacja-gala-refarmatorzy-warszawa-panel-reakcja-023-1536x1024.jpg 1536w, https:\/\/marcinkrokowski.com\/wp-content\/uploads\/2026\/08\/fotorelacja-gala-refarmatorzy-warszawa-panel-reakcja-023.jpg 1920w\" sizes=\"auto, (max-width: 1200px) 100vw, 1200px\" \/><\/figure>\n<\/figure>\n\n\n\n<figure class=\"wp-block-gallery alignwide has-nested-images columns-1 is-cropped wp-block-gallery-20 is-layout-flex wp-block-gallery-is-layout-flex\" data-block-type=\"core\">\n<figure class=\"wp-block-image size-large\" data-block-type=\"core\"><img loading=\"lazy\" decoding=\"async\" width=\"1200\" height=\"800\" data-id=\"36220\" src=\"https:\/\/marcinkrokowski.com\/wp-content\/uploads\/2026\/08\/fotorelacja-gala-refarmatorzy-warszawa-zdjecie-grupowe-025-1200x800.jpg\" alt=\"Preistr\u00e4ger und Organisatoren der Gala ReFarmatorzy 2021\/2022 - Abschluss-Gruppenfoto\" class=\"wp-image-36220\" title=\"\" srcset=\"https:\/\/marcinkrokowski.com\/wp-content\/uploads\/2026\/08\/fotorelacja-gala-refarmatorzy-warszawa-zdjecie-grupowe-025-1200x800.jpg 1200w, https:\/\/marcinkrokowski.com\/wp-content\/uploads\/2026\/08\/fotorelacja-gala-refarmatorzy-warszawa-zdjecie-grupowe-025-900x600.jpg 900w, https:\/\/marcinkrokowski.com\/wp-content\/uploads\/2026\/08\/fotorelacja-gala-refarmatorzy-warszawa-zdjecie-grupowe-025-450x300.jpg 450w, https:\/\/marcinkrokowski.com\/wp-content\/uploads\/2026\/08\/fotorelacja-gala-refarmatorzy-warszawa-zdjecie-grupowe-025-768x512.jpg 768w, https:\/\/marcinkrokowski.com\/wp-content\/uploads\/2026\/08\/fotorelacja-gala-refarmatorzy-warszawa-zdjecie-grupowe-025-1536x1024.jpg 1536w, https:\/\/marcinkrokowski.com\/wp-content\/uploads\/2026\/08\/fotorelacja-gala-refarmatorzy-warszawa-zdjecie-grupowe-025.jpg 1920w\" sizes=\"auto, (max-width: 1200px) 100vw, 1200px\" \/><\/figure>\n<\/figure>\n","protected":false},"excerpt":{"rendered":"<p>Eine Preisverleihung hat einen Moment, der sich nicht wiederholen l\u00e4sst. Die Statuette wechselt in wenigen Sekunden von Hand zu Hand. Fehlt dieses Bild, wird es<\/p>\n","protected":false},"author":0,"featured_media":36197,"parent":0,"comment_status":"closed","ping_status":"closed","template":"","kategoria_portfolio":[25],"class_list":["post-37258","portfolio","type-portfolio","status-publish","has-post-thumbnail","hentry","kategoria_portfolio-gale","infinite-scroll-item","generate-columns","tablet-grid-50","mobile-grid-100","grid-parent","grid-33"],"_links":{"self":[{"href":"https:\/\/marcinkrokowski.com\/de\/wp-json\/wp\/v2\/portfolio\/37258","targetHints":{"allow":["GET"]}}],"collection":[{"href":"https:\/\/marcinkrokowski.com\/de\/wp-json\/wp\/v2\/portfolio"}],"about":[{"href":"https:\/\/marcinkrokowski.com\/de\/wp-json\/wp\/v2\/types\/portfolio"}],"replies":[{"embeddable":true,"href":"https:\/\/marcinkrokowski.com\/de\/wp-json\/wp\/v2\/comments?post=37258"}],"version-history":[{"count":0,"href":"https:\/\/marcinkrokowski.com\/de\/wp-json\/wp\/v2\/portfolio\/37258\/revisions"}],"wp:featuredmedia":[{"embeddable":true,"href":"https:\/\/marcinkrokowski.com\/de\/wp-json\/wp\/v2\/media\/36197"}],"wp:attachment":[{"href":"https:\/\/marcinkrokowski.com\/de\/wp-json\/wp\/v2\/media?parent=37258"}],"wp:term":[{"taxonomy":"kategoria_portfolio","embeddable":true,"href":"https:\/\/marcinkrokowski.com\/de\/wp-json\/wp\/v2\/kategoria_portfolio?post=37258"}],"curies":[{"name":"wp","href":"https:\/\/api.w.org\/{rel}","templated":true}]}}