{"id":37252,"date":"2026-08-17T22:10:00","date_gmt":"2026-08-17T20:10:00","guid":{"rendered":"https:\/\/marcinkrokowski.com\/portfolio\/vernissage-fangor-sylwestrowicz\/"},"modified":"2026-08-17T22:10:00","modified_gmt":"2026-08-17T20:10:00","slug":"vernissage-fangor-sylwestrowicz","status":"publish","type":"portfolio","link":"https:\/\/marcinkrokowski.com\/de\/portfolio\/vernissage-fangor-sylwestrowicz\/","title":{"rendered":"Fotoreportage von der Vernissage STARS. FANGOR. SYLWESTROWICZ. bei der Warschauer B\u00f6rse"},"content":{"rendered":"\n<div class=\"wp-block-stackable-columns stk-block-columns stk-block stk-cf7cd54 stk-block-background\" data-block-id=\"cf7cd54\" data-block-type=\"core\" data-block-type=\"core\"><style>.stk-cf7cd54 {background-color:var(--bg-secondary) !important;border-top-left-radius:12px !important;border-top-right-radius:12px !important;border-bottom-right-radius:12px !important;border-bottom-left-radius:12px !important;overflow:hidden !important;box-shadow:5px 10px 30px 0px #0000004f !important;border-style:solid !important;border-top-width:1px !important;border-right-width:1px !important;border-bottom-width:1px !important;border-left-width:1px !important;min-height:200px !important;align-items:flex-start !important;max-width:900px !important;min-width:auto !important;margin-bottom:40px !important;display:flex !important;}.stk-cf7cd54:before{background-color:var(--bg-secondary) !important;}.stk-cf7cd54-column{max-width:900px !important;min-width:auto !important;margin-right:auto !important;margin-left:auto !important;}<\/style><div class=\"stk-row stk-inner-blocks stk-block-content stk-content-align stk-cf7cd54-column\">\n<div class=\"wp-block-stackable-column stk-block-column stk-column stk-block stk-c5cce51\" data-v=\"4\" data-block-id=\"c5cce51\"><div class=\"stk-column-wrapper stk-block-column__content stk-container stk-c5cce51-container stk--no-background stk--no-padding\"><div class=\"stk-block-content stk-inner-blocks stk-c5cce51-inner-blocks\">\n<div class=\"wp-block-stackable-icon-list stk-block-icon-list stk-block stk-3254369\" data-block-id=\"3254369\"><style>.stk-3254369 .stk-block-icon-list-item__content{align-items:baseline !important;}@media screen and (max-width: 1023px){.stk-3254369 .stk-block-icon-list-item__content{align-items:baseline !important;}}@media screen and (max-width: 767px){.stk-3254369 .stk-block-icon-list-item__content{align-items:baseline !important;}}<\/style><svg style=\"display:none\"><defs><g id=\"stk-icon-list__icon-svg-def-3254369\"><svg xmlns=\"http:\/\/www.w3.org\/2000\/svg\" viewBox=\"0 0 190 190\"><polygon points=\"173.8,28.4 60.4,141.8 15.7,97.2 5.1,107.8 60.4,163 184.4,39 173.8,28.4\"\/><\/svg><\/g><\/defs><\/svg><ul class=\"stk-block-icon-list__ul stk-block-icon-list--column\">\n<li class=\"wp-block-stackable-icon-list-item stk-block-icon-list-item stk-block stk-e672d85\" data-block-id=\"e672d85\"><div class=\"stk-block-icon-list-item__content\"><span class=\"stk--svg-wrapper\"><div class=\"stk--inner-svg\"><svg xmlns=\"http:\/\/www.w3.org\/2000\/svg\" viewbox=\"0 0 384 512\" aria-hidden=\"true\" width=\"32\" height=\"32\"><path d=\"M64 48c-8.8 0-16 7.2-16 16V448c0 8.8 7.2 16 16 16h80V400c0-26.5 21.5-48 48-48s48 21.5 48 48v64h80c8.8 0 16-7.2 16-16V64c0-8.8-7.2-16-16-16H64zM0 64C0 28.7 28.7 0 64 0H320c35.3 0 64 28.7 64 64V448c0 35.3-28.7 64-64 64H64c-35.3 0-64-28.7-64-64V64zm88 40c0-8.8 7.2-16 16-16h48c8.8 0 16 7.2 16 16v48c0 8.8-7.2 16-16 16H104c-8.8 0-16-7.2-16-16V104zM232 88h48c8.8 0 16 7.2 16 16v48c0 8.8-7.2 16-16 16H232c-8.8 0-16-7.2-16-16V104c0-8.8 7.2-16 16-16zM88 232c0-8.8 7.2-16 16-16h48c8.8 0 16 7.2 16 16v48c0 8.8-7.2 16-16 16H104c-8.8 0-16-7.2-16-16V232zm144-16h48c8.8 0 16 7.2 16 16v48c0 8.8-7.2 16-16 16H232c-8.8 0-16-7.2-16-16V232c0-8.8 7.2-16 16-16z\"><\/path><\/svg><\/div><\/span><span class=\"stk-block-icon-list-item__text\"><strong>Kunde:<\/strong> <\/span><\/div><\/li>\n\n\n\n<li class=\"wp-block-stackable-icon-list-item stk-block-icon-list-item stk-block stk-1052ef5\" data-block-id=\"1052ef5\"><div class=\"stk-block-icon-list-item__content\"><span class=\"stk--svg-wrapper\"><div class=\"stk--inner-svg\"><svg xmlns=\"http:\/\/www.w3.org\/2000\/svg\" viewbox=\"0 0 576 512\" aria-hidden=\"true\" width=\"32\" height=\"32\"><path d=\"M264.5 5.2c14.9-6.9 32.1-6.9 47 0l218.6 101c8.5 3.9 13.9 12.4 13.9 21.8s-5.4 17.9-13.9 21.8l-218.6 101c-14.9 6.9-32.1 6.9-47 0L45.9 149.8C37.4 145.8 32 137.3 32 128s5.4-17.9 13.9-21.8L264.5 5.2zM476.9 209.6l53.2 24.6c8.5 3.9 13.9 12.4 13.9 21.8s-5.4 17.9-13.9 21.8l-218.6 101c-14.9 6.9-32.1 6.9-47 0L45.9 277.8C37.4 273.8 32 265.3 32 256s5.4-17.9 13.9-21.8l53.2-24.6 152 70.2c23.4 10.8 50.4 10.8 73.8 0l152-70.2zm-152 198.2l152-70.2 53.2 24.6c8.5 3.9 13.9 12.4 13.9 21.8s-5.4 17.9-13.9 21.8l-218.6 101c-14.9 6.9-32.1 6.9-47 0L45.9 405.8C37.4 401.8 32 393.3 32 384s5.4-17.9 13.9-21.8l53.2-24.6 152 70.2c23.4 10.8 50.4 10.8 73.8 0z\"><\/path><\/svg><\/div><\/span><span class=\"stk-block-icon-list-item__text\"><strong>Art der Veranstaltung:<\/strong> <a href=\"https:\/\/marcinkrokowski.com\/de\/kategoria-portfolio\/kultur-und-kunst\/\">Kultura i Sztuka<\/a><\/span><\/div><\/li>\n\n\n\n<li class=\"wp-block-stackable-icon-list-item stk-block-icon-list-item stk-block stk-c0979fd\" data-block-id=\"c0979fd\"><div class=\"stk-block-icon-list-item__content\"><span class=\"stk--svg-wrapper\"><div class=\"stk--inner-svg\"><svg xmlns=\"http:\/\/www.w3.org\/2000\/svg\" viewbox=\"0 0 448 512\" aria-hidden=\"true\" width=\"32\" height=\"32\"><path d=\"M152 24c0-13.3-10.7-24-24-24s-24 10.7-24 24V64H64C28.7 64 0 92.7 0 128v16 48V448c0 35.3 28.7 64 64 64H384c35.3 0 64-28.7 64-64V192 144 128c0-35.3-28.7-64-64-64H344V24c0-13.3-10.7-24-24-24s-24 10.7-24 24V64H152V24zM48 192H400V448c0 8.8-7.2 16-16 16H64c-8.8 0-16-7.2-16-16V192z\"><\/path><\/svg><\/div><\/span><span class=\"stk-block-icon-list-item__text\"><strong>Datum des Ereignisses:<\/strong> <\/span><\/div><\/li>\n\n\n\n<li class=\"wp-block-stackable-icon-list-item stk-block-icon-list-item stk-block stk-d7db120\" data-block-id=\"d7db120\"><div class=\"stk-block-icon-list-item__content\"><span class=\"stk--svg-wrapper\"><div class=\"stk--inner-svg\"><svg xmlns=\"http:\/\/www.w3.org\/2000\/svg\" viewbox=\"0 0 384 512\" aria-hidden=\"true\" width=\"32\" height=\"32\"><path d=\"M215.7 499.2C267 435 384 279.4 384 192C384 86 298 0 192 0S0 86 0 192c0 87.4 117 243 168.3 307.2c12.3 15.3 35.1 15.3 47.4 0zM192 128a64 64 0 1 1 0 128 64 64 0 1 1 0-128z\"><\/path><\/svg><\/div><\/span><span class=\"stk-block-icon-list-item__text\"><strong>Standort:<\/strong> <\/span><\/div><\/li>\n\n\n\n<li class=\"wp-block-stackable-icon-list-item stk-block-icon-list-item stk-block stk-f9abdaf\" data-block-id=\"f9abdaf\"><div class=\"stk-block-icon-list-item__content\"><span class=\"stk--svg-wrapper\"><div class=\"stk--inner-svg\"><svg xmlns=\"http:\/\/www.w3.org\/2000\/svg\" viewbox=\"0 0 448 512\" aria-hidden=\"true\" width=\"32\" height=\"32\"><path d=\"M176 0c-17.7 0-32 14.3-32 32s14.3 32 32 32h16V98.4C92.3 113.8 16 200 16 304c0 114.9 93.1 208 208 208s208-93.1 208-208c0-41.8-12.3-80.7-33.5-113.2l24.1-24.1c12.5-12.5 12.5-32.8 0-45.3s-32.8-12.5-45.3 0L355.7 143c-28.1-23-62.2-38.8-99.7-44.6V64h16c17.7 0 32-14.3 32-32s-14.3-32-32-32H224 176zm72 192V320c0 13.3-10.7 24-24 24s-24-10.7-24-24V192c0-13.3 10.7-24 24-24s24 10.7 24 24z\"><\/path><\/svg><\/div><\/span><span class=\"stk-block-icon-list-item__text\"><strong>Dauer der Reportage:<\/strong> <\/span><\/div><\/li>\n\n\n\n<li class=\"wp-block-stackable-icon-list-item stk-block-icon-list-item stk-block stk-be1686d\" data-block-id=\"be1686d\"><div class=\"stk-block-icon-list-item__content\"><span class=\"stk--svg-wrapper\"><div class=\"stk--inner-svg\"><svg xmlns=\"http:\/\/www.w3.org\/2000\/svg\" viewbox=\"0 0 576 512\" aria-hidden=\"true\" width=\"32\" height=\"32\"><path d=\"M160 80H512c8.8 0 16 7.2 16 16V320c0 8.8-7.2 16-16 16H490.8L388.1 178.9c-4.4-6.8-12-10.9-20.1-10.9s-15.7 4.1-20.1 10.9l-52.2 79.8-12.4-16.9c-4.5-6.2-11.7-9.8-19.4-9.8s-14.8 3.6-19.4 9.8L175.6 336H160c-8.8 0-16-7.2-16-16V96c0-8.8 7.2-16 16-16zM96 96V320c0 35.3 28.7 64 64 64H512c35.3 0 64-28.7 64-64V96c0-35.3-28.7-64-64-64H160c-35.3 0-64 28.7-64 64zM48 120c0-13.3-10.7-24-24-24S0 106.7 0 120V344c0 75.1 60.9 136 136 136H456c13.3 0 24-10.7 24-24s-10.7-24-24-24H136c-48.6 0-88-39.4-88-88V120zm208 24a32 32 0 1 0 -64 0 32 32 0 1 0 64 0z\"><\/path><\/svg><\/div><\/span><span class=\"stk-block-icon-list-item__text\"><strong>Anzahl der gelieferten Fotos:<\/strong> <\/span><\/div><\/li>\n\n\n\n<li class=\"wp-block-stackable-icon-list-item stk-block-icon-list-item stk-block stk-65447a4\" data-block-id=\"65447a4\"><div class=\"stk-block-icon-list-item__content\"><span class=\"stk--svg-wrapper\"><div class=\"stk--inner-svg\"><svg xmlns=\"http:\/\/www.w3.org\/2000\/svg\" viewbox=\"0 0 640 512\" aria-hidden=\"true\" width=\"32\" height=\"32\"><path d=\"M184 48H328c4.4 0 8 3.6 8 8V96H176V56c0-4.4 3.6-8 8-8zm-56 8V96H64C28.7 96 0 124.7 0 160v96H192 352h8.2c32.3-39.1 81.1-64 135.8-64c5.4 0 10.7 .2 16 .7V160c0-35.3-28.7-64-64-64H384V56c0-30.9-25.1-56-56-56H184c-30.9 0-56 25.1-56 56zM320 352H224c-17.7 0-32-14.3-32-32V288H0V416c0 35.3 28.7 64 64 64H360.2C335.1 449.6 320 410.5 320 368c0-5.4 .2-10.7 .7-16l-.7 0zm320 16a144 144 0 1 0 -288 0 144 144 0 1 0 288 0zM496 288c8.8 0 16 7.2 16 16v48h32c8.8 0 16 7.2 16 16s-7.2 16-16 16H496c-8.8 0-16-7.2-16-16V304c0-8.8 7.2-16 16-16z\"><\/path><\/svg><\/div><\/span><span class=\"stk-block-icon-list-item__text\"><strong>Bearbeitungszeit:<\/strong> <\/span><\/div><\/li>\n<\/ul><\/div>\n<\/div><\/div><\/div>\n<\/div><\/div>\n\n\n\n<p class=\"wp-block-paragraph\" data-block-type=\"core\">Eine Vernissage folgt anderen Regeln als eine Konferenz. Es gibt keine Agenda Folie f\u00fcr Folie. Es gibt Kunst an den W\u00e4nden, es gibt G\u00e4ste, die gekommen sind, um sie zu sehen, und es gibt einen einzigen Abend, an dem alles geschehen muss.<\/p>\n\n\n\n<p class=\"wp-block-paragraph\" data-block-type=\"core\">Ende Juni 2026 habe ich die Vernissage der Ausstellung STARS. FANGOR. SYLWESTROWICZ. im Centrum Bankowo-Finansowe an der Stra\u00dfe Nowy \u015awiat in Warschau fotografiert, direkt neben der Warschauer B\u00f6rse. Die Ausstellung stellt den letzten Bilderzyklus von Wojciech Fangor den Arbeiten von Prof. Arkadiusz Sylwestrowicz gegen\u00fcber. \u00dcber den Abend berichteten landesweite Medien, und eine Menge G\u00e4ste aus Wirtschaft, Kultur und Medien f\u00fcllte die S\u00e4le bis zum letzten Durchgang.<\/p>\n\n\n\n<h2 class=\"wp-block-heading\" data-block-type=\"core\">Was geschah<\/h2>\n\n\n\n<p class=\"wp-block-paragraph\" data-block-type=\"core\">Ich habe angefangen, bevor die G\u00e4ste eintrafen. Leere S\u00e4le mit den Bildern, der Marmorboden, die Innenarchitektur &#8211; diese Aufnahmen entstehen nur einmal, danach geh\u00f6rt der Raum den Menschen. Vor dem Eingang standen ein humanoider Roboter und das Auto des Ausstellungspartners, sodass das einleitende Material sofort Charakter hatte.<\/p>\n\n\n\n<p class=\"wp-block-paragraph\" data-block-type=\"core\">Der offizielle Teil bestand aus Reden vor der Ausstellungswand und einem aufmerksam zuh\u00f6renden Publikum. Danach spielte ein Musiker Kontrabass. Einen Live-Auftritt fotografiere ich zweischichtig: die ganze Gestalt auf der B\u00fchne plus ein Detail der H\u00e4nde auf den Saiten, denn der Bericht braucht beides.<\/p>\n\n\n\n<p class=\"wp-block-paragraph\" data-block-type=\"core\">Den Rest des Abends verbrachten die G\u00e4ste vor den Bildern, bei Gespr\u00e4chen bei Wein und beim Networking auf der Terrasse. Bei einer Vernissage entstehen die besten Aufnahmen von selbst: Man muss nur die Person bemerken, die eine Sekunde l\u00e4nger vor einer Leinwand stehen bleibt als die anderen.<\/p>\n\n\n\n<h2 class=\"wp-block-heading\" data-block-type=\"core\">Worauf ich bei einer Vernissage achte<\/h2>\n\n\n\n<p class=\"wp-block-paragraph\" data-block-type=\"core\">Die Kunst ist die Hauptfigur, nicht der Hintergrund. Ich achte darauf, dass die Aufnahmen das Bild vollst\u00e4ndig und mit guter Geometrie zeigen, denn diese Fotos werden sp\u00e4ter in der Kommunikation der Ausstellung eingesetzt.<\/p>\n\n\n\n<p class=\"wp-block-paragraph\" data-block-type=\"core\">Die Sichtbarkeit der Partner spielt eine Rolle. W\u00e4nde, Photo Wall und die Pr\u00e4sentation der Sponsoren m\u00fcssen im Material enthalten sein, bevor jemand danach fragt.<\/p>\n\n\n\n<p class=\"wp-block-paragraph\" data-block-type=\"core\">G\u00e4ste einer Vernissage sind oft bekannte Pers\u00f6nlichkeiten. Ich fotografiere so, dass jede Aufnahme mit einem Gesicht eine Aufnahme ist, die diese Person selbst m\u00f6gen k\u00f6nnte.<\/p>\n\n\n\n<h2 class=\"wp-block-heading\" data-block-type=\"core\">Ergebnis<\/h2>\n\n\n\n<p class=\"wp-block-paragraph\" data-block-type=\"core\">Der Veranstalter \u00fcbernahm die Galerie und lud den vollst\u00e4ndigen Fotosatz f\u00fcr die eigene Kommunikation herunter. Die Ausstellung war bis Mitte August 2026 ge\u00f6ffnet.<\/p>\n\n\n\n<figure class=\"wp-block-gallery alignwide has-nested-images columns-1 is-cropped wp-block-gallery-1 is-layout-flex wp-block-gallery-is-layout-flex\" data-block-type=\"core\">\n<figure class=\"wp-block-image size-large\" data-block-type=\"core\"><img loading=\"lazy\" decoding=\"async\" width=\"1200\" height=\"800\" data-id=\"36114\" src=\"https:\/\/marcinkrokowski.com\/wp-content\/uploads\/2026\/08\/fotorelacja-wernisaz-fangor-sylwestrowicz-warszawa-wejscie-robot-hostessa-002-1200x800.jpg\" alt=\"Eingang zur Vernissage STARS. FANGOR. SYLWESTROWICZ. an der Stra\u00dfe Nowy \u015awiat in Warschau\" class=\"wp-image-36114\" title=\"\" srcset=\"https:\/\/marcinkrokowski.com\/wp-content\/uploads\/2026\/08\/fotorelacja-wernisaz-fangor-sylwestrowicz-warszawa-wejscie-robot-hostessa-002-1200x800.jpg 1200w, https:\/\/marcinkrokowski.com\/wp-content\/uploads\/2026\/08\/fotorelacja-wernisaz-fangor-sylwestrowicz-warszawa-wejscie-robot-hostessa-002-900x600.jpg 900w, https:\/\/marcinkrokowski.com\/wp-content\/uploads\/2026\/08\/fotorelacja-wernisaz-fangor-sylwestrowicz-warszawa-wejscie-robot-hostessa-002-450x300.jpg 450w, https:\/\/marcinkrokowski.com\/wp-content\/uploads\/2026\/08\/fotorelacja-wernisaz-fangor-sylwestrowicz-warszawa-wejscie-robot-hostessa-002-768x512.jpg 768w, https:\/\/marcinkrokowski.com\/wp-content\/uploads\/2026\/08\/fotorelacja-wernisaz-fangor-sylwestrowicz-warszawa-wejscie-robot-hostessa-002-1536x1024.jpg 1536w, https:\/\/marcinkrokowski.com\/wp-content\/uploads\/2026\/08\/fotorelacja-wernisaz-fangor-sylwestrowicz-warszawa-wejscie-robot-hostessa-002.jpg 1920w\" sizes=\"auto, (max-width: 1200px) 100vw, 1200px\" \/><\/figure>\n<\/figure>\n\n\n\n<figure class=\"wp-block-gallery alignwide has-nested-images columns-1 is-cropped wp-block-gallery-2 is-layout-flex wp-block-gallery-is-layout-flex\" data-block-type=\"core\">\n<figure class=\"wp-block-image size-large\" data-block-type=\"core\"><img loading=\"lazy\" decoding=\"async\" width=\"1200\" height=\"800\" data-id=\"36104\" src=\"https:\/\/marcinkrokowski.com\/wp-content\/uploads\/2026\/08\/fotorelacja-wernisaz-fangor-sylwestrowicz-warszawa-obrazy-fangor-heweliusz-003-1200x800.jpg\" alt=\"Bilder von Wojciech Fangor auf der Ausstellung STARS. FANGOR. SYLWESTROWICZ.\" class=\"wp-image-36104\" title=\"\" srcset=\"https:\/\/marcinkrokowski.com\/wp-content\/uploads\/2026\/08\/fotorelacja-wernisaz-fangor-sylwestrowicz-warszawa-obrazy-fangor-heweliusz-003-1200x800.jpg 1200w, https:\/\/marcinkrokowski.com\/wp-content\/uploads\/2026\/08\/fotorelacja-wernisaz-fangor-sylwestrowicz-warszawa-obrazy-fangor-heweliusz-003-900x600.jpg 900w, https:\/\/marcinkrokowski.com\/wp-content\/uploads\/2026\/08\/fotorelacja-wernisaz-fangor-sylwestrowicz-warszawa-obrazy-fangor-heweliusz-003-450x300.jpg 450w, https:\/\/marcinkrokowski.com\/wp-content\/uploads\/2026\/08\/fotorelacja-wernisaz-fangor-sylwestrowicz-warszawa-obrazy-fangor-heweliusz-003-768x512.jpg 768w, https:\/\/marcinkrokowski.com\/wp-content\/uploads\/2026\/08\/fotorelacja-wernisaz-fangor-sylwestrowicz-warszawa-obrazy-fangor-heweliusz-003-1536x1024.jpg 1536w, https:\/\/marcinkrokowski.com\/wp-content\/uploads\/2026\/08\/fotorelacja-wernisaz-fangor-sylwestrowicz-warszawa-obrazy-fangor-heweliusz-003.jpg 1920w\" sizes=\"auto, (max-width: 1200px) 100vw, 1200px\" \/><\/figure>\n<\/figure>\n\n\n\n<figure class=\"wp-block-gallery alignwide has-nested-images columns-1 is-cropped wp-block-gallery-3 is-layout-flex wp-block-gallery-is-layout-flex\" data-block-type=\"core\">\n<figure class=\"wp-block-image size-large\" data-block-type=\"core\"><img loading=\"lazy\" decoding=\"async\" width=\"1200\" height=\"800\" data-id=\"36111\" src=\"https:\/\/marcinkrokowski.com\/wp-content\/uploads\/2026\/08\/fotorelacja-wernisaz-fangor-sylwestrowicz-warszawa-sala-sylwestrowicz-004-1200x800.jpg\" alt=\"Werke von Arkadiusz Sylwestrowicz bei der Vernissage in Warschau\" class=\"wp-image-36111\" title=\"\" srcset=\"https:\/\/marcinkrokowski.com\/wp-content\/uploads\/2026\/08\/fotorelacja-wernisaz-fangor-sylwestrowicz-warszawa-sala-sylwestrowicz-004-1200x800.jpg 1200w, https:\/\/marcinkrokowski.com\/wp-content\/uploads\/2026\/08\/fotorelacja-wernisaz-fangor-sylwestrowicz-warszawa-sala-sylwestrowicz-004-900x600.jpg 900w, https:\/\/marcinkrokowski.com\/wp-content\/uploads\/2026\/08\/fotorelacja-wernisaz-fangor-sylwestrowicz-warszawa-sala-sylwestrowicz-004-450x300.jpg 450w, https:\/\/marcinkrokowski.com\/wp-content\/uploads\/2026\/08\/fotorelacja-wernisaz-fangor-sylwestrowicz-warszawa-sala-sylwestrowicz-004-768x512.jpg 768w, https:\/\/marcinkrokowski.com\/wp-content\/uploads\/2026\/08\/fotorelacja-wernisaz-fangor-sylwestrowicz-warszawa-sala-sylwestrowicz-004-1536x1024.jpg 1536w, https:\/\/marcinkrokowski.com\/wp-content\/uploads\/2026\/08\/fotorelacja-wernisaz-fangor-sylwestrowicz-warszawa-sala-sylwestrowicz-004.jpg 1920w\" sizes=\"auto, (max-width: 1200px) 100vw, 1200px\" \/><\/figure>\n<\/figure>\n\n\n\n<figure class=\"wp-block-gallery alignwide has-nested-images columns-1 is-cropped wp-block-gallery-4 is-layout-flex wp-block-gallery-is-layout-flex\" data-block-type=\"core\">\n<figure class=\"wp-block-image size-large\" data-block-type=\"core\"><img loading=\"lazy\" decoding=\"async\" width=\"1200\" height=\"800\" data-id=\"36107\" src=\"https:\/\/marcinkrokowski.com\/wp-content\/uploads\/2026\/08\/fotorelacja-wernisaz-fangor-sylwestrowicz-warszawa-przemowienie-otwarcie-005-1200x800.jpg\" alt=\"Er\u00f6ffnung der Vernissage STARS. FANGOR. SYLWESTROWICZ. - Rede vor der Ausstellungswand\" class=\"wp-image-36107\" title=\"\" srcset=\"https:\/\/marcinkrokowski.com\/wp-content\/uploads\/2026\/08\/fotorelacja-wernisaz-fangor-sylwestrowicz-warszawa-przemowienie-otwarcie-005-1200x800.jpg 1200w, https:\/\/marcinkrokowski.com\/wp-content\/uploads\/2026\/08\/fotorelacja-wernisaz-fangor-sylwestrowicz-warszawa-przemowienie-otwarcie-005-900x600.jpg 900w, https:\/\/marcinkrokowski.com\/wp-content\/uploads\/2026\/08\/fotorelacja-wernisaz-fangor-sylwestrowicz-warszawa-przemowienie-otwarcie-005-450x300.jpg 450w, https:\/\/marcinkrokowski.com\/wp-content\/uploads\/2026\/08\/fotorelacja-wernisaz-fangor-sylwestrowicz-warszawa-przemowienie-otwarcie-005-768x512.jpg 768w, https:\/\/marcinkrokowski.com\/wp-content\/uploads\/2026\/08\/fotorelacja-wernisaz-fangor-sylwestrowicz-warszawa-przemowienie-otwarcie-005-1536x1024.jpg 1536w, https:\/\/marcinkrokowski.com\/wp-content\/uploads\/2026\/08\/fotorelacja-wernisaz-fangor-sylwestrowicz-warszawa-przemowienie-otwarcie-005.jpg 1920w\" sizes=\"auto, (max-width: 1200px) 100vw, 1200px\" \/><\/figure>\n<\/figure>\n\n\n\n<figure class=\"wp-block-gallery alignwide has-nested-images columns-1 is-cropped wp-block-gallery-5 is-layout-flex wp-block-gallery-is-layout-flex\" data-block-type=\"core\">\n<figure class=\"wp-block-image size-large\" data-block-type=\"core\"><img loading=\"lazy\" decoding=\"async\" width=\"1200\" height=\"800\" data-id=\"36106\" src=\"https:\/\/marcinkrokowski.com\/wp-content\/uploads\/2026\/08\/fotorelacja-wernisaz-fangor-sylwestrowicz-warszawa-przemowienie-mikrofon-006-1200x800.jpg\" alt=\"Rede w\u00e4hrend der Vernissage der Fangor-Ausstellung in Warschau\" class=\"wp-image-36106\" title=\"\" srcset=\"https:\/\/marcinkrokowski.com\/wp-content\/uploads\/2026\/08\/fotorelacja-wernisaz-fangor-sylwestrowicz-warszawa-przemowienie-mikrofon-006-1200x800.jpg 1200w, https:\/\/marcinkrokowski.com\/wp-content\/uploads\/2026\/08\/fotorelacja-wernisaz-fangor-sylwestrowicz-warszawa-przemowienie-mikrofon-006-900x600.jpg 900w, https:\/\/marcinkrokowski.com\/wp-content\/uploads\/2026\/08\/fotorelacja-wernisaz-fangor-sylwestrowicz-warszawa-przemowienie-mikrofon-006-450x300.jpg 450w, https:\/\/marcinkrokowski.com\/wp-content\/uploads\/2026\/08\/fotorelacja-wernisaz-fangor-sylwestrowicz-warszawa-przemowienie-mikrofon-006-768x512.jpg 768w, https:\/\/marcinkrokowski.com\/wp-content\/uploads\/2026\/08\/fotorelacja-wernisaz-fangor-sylwestrowicz-warszawa-przemowienie-mikrofon-006-1536x1024.jpg 1536w, https:\/\/marcinkrokowski.com\/wp-content\/uploads\/2026\/08\/fotorelacja-wernisaz-fangor-sylwestrowicz-warszawa-przemowienie-mikrofon-006.jpg 1920w\" sizes=\"auto, (max-width: 1200px) 100vw, 1200px\" \/><\/figure>\n<\/figure>\n\n\n\n<figure class=\"wp-block-gallery alignwide has-nested-images columns-1 is-cropped wp-block-gallery-6 is-layout-flex wp-block-gallery-is-layout-flex\" data-block-type=\"core\">\n<figure class=\"wp-block-image size-large\" data-block-type=\"core\"><img loading=\"lazy\" decoding=\"async\" width=\"1200\" height=\"800\" data-id=\"36108\" src=\"https:\/\/marcinkrokowski.com\/wp-content\/uploads\/2026\/08\/fotorelacja-wernisaz-fangor-sylwestrowicz-warszawa-publicznosc-przemowienie-007-1200x800.jpg\" alt=\"G\u00e4ste der Vernissage STARS. FANGOR. SYLWESTROWICZ. w\u00e4hrend des offiziellen Teils\" class=\"wp-image-36108\" title=\"\" srcset=\"https:\/\/marcinkrokowski.com\/wp-content\/uploads\/2026\/08\/fotorelacja-wernisaz-fangor-sylwestrowicz-warszawa-publicznosc-przemowienie-007-1200x800.jpg 1200w, https:\/\/marcinkrokowski.com\/wp-content\/uploads\/2026\/08\/fotorelacja-wernisaz-fangor-sylwestrowicz-warszawa-publicznosc-przemowienie-007-900x600.jpg 900w, https:\/\/marcinkrokowski.com\/wp-content\/uploads\/2026\/08\/fotorelacja-wernisaz-fangor-sylwestrowicz-warszawa-publicznosc-przemowienie-007-450x300.jpg 450w, https:\/\/marcinkrokowski.com\/wp-content\/uploads\/2026\/08\/fotorelacja-wernisaz-fangor-sylwestrowicz-warszawa-publicznosc-przemowienie-007-768x512.jpg 768w, https:\/\/marcinkrokowski.com\/wp-content\/uploads\/2026\/08\/fotorelacja-wernisaz-fangor-sylwestrowicz-warszawa-publicznosc-przemowienie-007-1536x1024.jpg 1536w, https:\/\/marcinkrokowski.com\/wp-content\/uploads\/2026\/08\/fotorelacja-wernisaz-fangor-sylwestrowicz-warszawa-publicznosc-przemowienie-007.jpg 1920w\" sizes=\"auto, (max-width: 1200px) 100vw, 1200px\" \/><\/figure>\n<\/figure>\n\n\n\n<figure class=\"wp-block-gallery alignwide has-nested-images columns-default is-cropped wp-block-gallery-7 is-layout-flex wp-block-gallery-is-layout-flex\" data-block-type=\"core\">\n<figure class=\"wp-block-image size-medium\" data-block-type=\"core\"><img loading=\"lazy\" decoding=\"async\" width=\"900\" height=\"1350\" data-id=\"36116\" src=\"https:\/\/marcinkrokowski.com\/wp-content\/uploads\/2026\/08\/fotorelacja-wernisaz-fangor-sylwestrowicz-warszawa-wystep-kontrabas-008-900x1350.jpg\" alt=\"Musikalischer Auftritt w\u00e4hrend der Vernissage STARS. FANGOR. SYLWESTROWICZ.\" class=\"wp-image-36116\" title=\"\" srcset=\"https:\/\/marcinkrokowski.com\/wp-content\/uploads\/2026\/08\/fotorelacja-wernisaz-fangor-sylwestrowicz-warszawa-wystep-kontrabas-008-900x1350.jpg 900w, https:\/\/marcinkrokowski.com\/wp-content\/uploads\/2026\/08\/fotorelacja-wernisaz-fangor-sylwestrowicz-warszawa-wystep-kontrabas-008-1200x1800.jpg 1200w, https:\/\/marcinkrokowski.com\/wp-content\/uploads\/2026\/08\/fotorelacja-wernisaz-fangor-sylwestrowicz-warszawa-wystep-kontrabas-008-450x675.jpg 450w, https:\/\/marcinkrokowski.com\/wp-content\/uploads\/2026\/08\/fotorelacja-wernisaz-fangor-sylwestrowicz-warszawa-wystep-kontrabas-008-768x1152.jpg 768w, https:\/\/marcinkrokowski.com\/wp-content\/uploads\/2026\/08\/fotorelacja-wernisaz-fangor-sylwestrowicz-warszawa-wystep-kontrabas-008-1024x1536.jpg 1024w, https:\/\/marcinkrokowski.com\/wp-content\/uploads\/2026\/08\/fotorelacja-wernisaz-fangor-sylwestrowicz-warszawa-wystep-kontrabas-008.jpg 1280w\" sizes=\"auto, (max-width: 900px) 100vw, 900px\" \/><\/figure>\n\n\n\n<figure class=\"wp-block-image size-medium\" data-block-type=\"core\"><img loading=\"lazy\" decoding=\"async\" width=\"900\" height=\"1350\" data-id=\"36099\" src=\"https:\/\/marcinkrokowski.com\/wp-content\/uploads\/2026\/08\/fotorelacja-wernisaz-fangor-sylwestrowicz-warszawa-goscini-obraz-aquarius-010-900x1350.jpg\" alt=\"Eine Besucherin der Vernissage vor einem Bild von Wojciech Fangor\" class=\"wp-image-36099\" title=\"\" srcset=\"https:\/\/marcinkrokowski.com\/wp-content\/uploads\/2026\/08\/fotorelacja-wernisaz-fangor-sylwestrowicz-warszawa-goscini-obraz-aquarius-010-900x1350.jpg 900w, https:\/\/marcinkrokowski.com\/wp-content\/uploads\/2026\/08\/fotorelacja-wernisaz-fangor-sylwestrowicz-warszawa-goscini-obraz-aquarius-010-1200x1800.jpg 1200w, https:\/\/marcinkrokowski.com\/wp-content\/uploads\/2026\/08\/fotorelacja-wernisaz-fangor-sylwestrowicz-warszawa-goscini-obraz-aquarius-010-450x675.jpg 450w, https:\/\/marcinkrokowski.com\/wp-content\/uploads\/2026\/08\/fotorelacja-wernisaz-fangor-sylwestrowicz-warszawa-goscini-obraz-aquarius-010-768x1152.jpg 768w, https:\/\/marcinkrokowski.com\/wp-content\/uploads\/2026\/08\/fotorelacja-wernisaz-fangor-sylwestrowicz-warszawa-goscini-obraz-aquarius-010-1024x1536.jpg 1024w, https:\/\/marcinkrokowski.com\/wp-content\/uploads\/2026\/08\/fotorelacja-wernisaz-fangor-sylwestrowicz-warszawa-goscini-obraz-aquarius-010.jpg 1280w\" sizes=\"auto, (max-width: 900px) 100vw, 900px\" \/><\/figure>\n<\/figure>\n\n\n\n<figure class=\"wp-block-gallery alignwide has-nested-images columns-1 is-cropped wp-block-gallery-8 is-layout-flex wp-block-gallery-is-layout-flex\" data-block-type=\"core\">\n<figure class=\"wp-block-image size-large\" data-block-type=\"core\"><img loading=\"lazy\" decoding=\"async\" width=\"1200\" height=\"800\" data-id=\"36093\" src=\"https:\/\/marcinkrokowski.com\/wp-content\/uploads\/2026\/08\/fotorelacja-wernisaz-fangor-sylwestrowicz-warszawa-detal-kontrabas-009-1200x800.jpg\" alt=\"Detail des Kontrabass-Auftritts w\u00e4hrend der Vernissage in Warschau\" class=\"wp-image-36093\" title=\"\" srcset=\"https:\/\/marcinkrokowski.com\/wp-content\/uploads\/2026\/08\/fotorelacja-wernisaz-fangor-sylwestrowicz-warszawa-detal-kontrabas-009-1200x800.jpg 1200w, https:\/\/marcinkrokowski.com\/wp-content\/uploads\/2026\/08\/fotorelacja-wernisaz-fangor-sylwestrowicz-warszawa-detal-kontrabas-009-900x600.jpg 900w, https:\/\/marcinkrokowski.com\/wp-content\/uploads\/2026\/08\/fotorelacja-wernisaz-fangor-sylwestrowicz-warszawa-detal-kontrabas-009-450x300.jpg 450w, https:\/\/marcinkrokowski.com\/wp-content\/uploads\/2026\/08\/fotorelacja-wernisaz-fangor-sylwestrowicz-warszawa-detal-kontrabas-009-768x512.jpg 768w, https:\/\/marcinkrokowski.com\/wp-content\/uploads\/2026\/08\/fotorelacja-wernisaz-fangor-sylwestrowicz-warszawa-detal-kontrabas-009-1536x1024.jpg 1536w, https:\/\/marcinkrokowski.com\/wp-content\/uploads\/2026\/08\/fotorelacja-wernisaz-fangor-sylwestrowicz-warszawa-detal-kontrabas-009.jpg 1920w\" sizes=\"auto, (max-width: 1200px) 100vw, 1200px\" \/><\/figure>\n<\/figure>\n\n\n\n<figure class=\"wp-block-gallery alignwide has-nested-images columns-1 is-cropped wp-block-gallery-9 is-layout-flex wp-block-gallery-is-layout-flex\" data-block-type=\"core\">\n<figure class=\"wp-block-image size-large\" data-block-type=\"core\"><img loading=\"lazy\" decoding=\"async\" width=\"1200\" height=\"800\" data-id=\"36109\" src=\"https:\/\/marcinkrokowski.com\/wp-content\/uploads\/2026\/08\/fotorelacja-wernisaz-fangor-sylwestrowicz-warszawa-rozmowy-goscie-011-1200x800.jpg\" alt=\"Gespr\u00e4che der G\u00e4ste w\u00e4hrend der Vernissage STARS. FANGOR. SYLWESTROWICZ.\" class=\"wp-image-36109\" title=\"\" srcset=\"https:\/\/marcinkrokowski.com\/wp-content\/uploads\/2026\/08\/fotorelacja-wernisaz-fangor-sylwestrowicz-warszawa-rozmowy-goscie-011-1200x800.jpg 1200w, https:\/\/marcinkrokowski.com\/wp-content\/uploads\/2026\/08\/fotorelacja-wernisaz-fangor-sylwestrowicz-warszawa-rozmowy-goscie-011-900x600.jpg 900w, https:\/\/marcinkrokowski.com\/wp-content\/uploads\/2026\/08\/fotorelacja-wernisaz-fangor-sylwestrowicz-warszawa-rozmowy-goscie-011-450x300.jpg 450w, https:\/\/marcinkrokowski.com\/wp-content\/uploads\/2026\/08\/fotorelacja-wernisaz-fangor-sylwestrowicz-warszawa-rozmowy-goscie-011-768x512.jpg 768w, https:\/\/marcinkrokowski.com\/wp-content\/uploads\/2026\/08\/fotorelacja-wernisaz-fangor-sylwestrowicz-warszawa-rozmowy-goscie-011-1536x1024.jpg 1536w, https:\/\/marcinkrokowski.com\/wp-content\/uploads\/2026\/08\/fotorelacja-wernisaz-fangor-sylwestrowicz-warszawa-rozmowy-goscie-011.jpg 1920w\" sizes=\"auto, (max-width: 1200px) 100vw, 1200px\" \/><\/figure>\n<\/figure>\n\n\n\n<figure class=\"wp-block-gallery alignwide has-nested-images columns-1 is-cropped wp-block-gallery-10 is-layout-flex wp-block-gallery-is-layout-flex\" data-block-type=\"core\">\n<figure class=\"wp-block-image size-large\" data-block-type=\"core\"><img loading=\"lazy\" decoding=\"async\" width=\"1200\" height=\"800\" data-id=\"36103\" src=\"https:\/\/marcinkrokowski.com\/wp-content\/uploads\/2026\/08\/fotorelacja-wernisaz-fangor-sylwestrowicz-warszawa-networking-taras-012-1200x800.jpg\" alt=\"Networking auf der Terrasse w\u00e4hrend der Vernissage STARS. FANGOR. SYLWESTROWICZ.\" class=\"wp-image-36103\" title=\"\" srcset=\"https:\/\/marcinkrokowski.com\/wp-content\/uploads\/2026\/08\/fotorelacja-wernisaz-fangor-sylwestrowicz-warszawa-networking-taras-012-1200x800.jpg 1200w, https:\/\/marcinkrokowski.com\/wp-content\/uploads\/2026\/08\/fotorelacja-wernisaz-fangor-sylwestrowicz-warszawa-networking-taras-012-900x600.jpg 900w, https:\/\/marcinkrokowski.com\/wp-content\/uploads\/2026\/08\/fotorelacja-wernisaz-fangor-sylwestrowicz-warszawa-networking-taras-012-450x300.jpg 450w, https:\/\/marcinkrokowski.com\/wp-content\/uploads\/2026\/08\/fotorelacja-wernisaz-fangor-sylwestrowicz-warszawa-networking-taras-012-768x512.jpg 768w, https:\/\/marcinkrokowski.com\/wp-content\/uploads\/2026\/08\/fotorelacja-wernisaz-fangor-sylwestrowicz-warszawa-networking-taras-012-1536x1024.jpg 1536w, https:\/\/marcinkrokowski.com\/wp-content\/uploads\/2026\/08\/fotorelacja-wernisaz-fangor-sylwestrowicz-warszawa-networking-taras-012.jpg 1920w\" sizes=\"auto, (max-width: 1200px) 100vw, 1200px\" \/><\/figure>\n<\/figure>\n\n\n\n<figure class=\"wp-block-gallery alignwide has-nested-images columns-1 is-cropped wp-block-gallery-11 is-layout-flex wp-block-gallery-is-layout-flex\" data-block-type=\"core\">\n<figure class=\"wp-block-image size-large\" data-block-type=\"core\"><img loading=\"lazy\" decoding=\"async\" width=\"1200\" height=\"800\" data-id=\"36094\" src=\"https:\/\/marcinkrokowski.com\/wp-content\/uploads\/2026\/08\/fotorelacja-wernisaz-fangor-sylwestrowicz-warszawa-detal-obraz-cancer-013-1200x800.jpg\" alt=\"Das Gem\u00e4lde Cancer von Wojciech Fangor aus dem Zyklus Heweliusz auf der Ausstellung in Warschau\" class=\"wp-image-36094\" title=\"\" srcset=\"https:\/\/marcinkrokowski.com\/wp-content\/uploads\/2026\/08\/fotorelacja-wernisaz-fangor-sylwestrowicz-warszawa-detal-obraz-cancer-013-1200x800.jpg 1200w, https:\/\/marcinkrokowski.com\/wp-content\/uploads\/2026\/08\/fotorelacja-wernisaz-fangor-sylwestrowicz-warszawa-detal-obraz-cancer-013-900x600.jpg 900w, https:\/\/marcinkrokowski.com\/wp-content\/uploads\/2026\/08\/fotorelacja-wernisaz-fangor-sylwestrowicz-warszawa-detal-obraz-cancer-013-450x300.jpg 450w, https:\/\/marcinkrokowski.com\/wp-content\/uploads\/2026\/08\/fotorelacja-wernisaz-fangor-sylwestrowicz-warszawa-detal-obraz-cancer-013-768x512.jpg 768w, https:\/\/marcinkrokowski.com\/wp-content\/uploads\/2026\/08\/fotorelacja-wernisaz-fangor-sylwestrowicz-warszawa-detal-obraz-cancer-013-1536x1024.jpg 1536w, https:\/\/marcinkrokowski.com\/wp-content\/uploads\/2026\/08\/fotorelacja-wernisaz-fangor-sylwestrowicz-warszawa-detal-obraz-cancer-013.jpg 1920w\" sizes=\"auto, (max-width: 1200px) 100vw, 1200px\" \/><\/figure>\n<\/figure>\n\n\n\n<figure class=\"wp-block-gallery alignwide has-nested-images columns-1 is-cropped wp-block-gallery-12 is-layout-flex wp-block-gallery-is-layout-flex\" data-block-type=\"core\">\n<figure class=\"wp-block-image size-large\" data-block-type=\"core\"><img loading=\"lazy\" decoding=\"async\" width=\"1200\" height=\"800\" data-id=\"36105\" src=\"https:\/\/marcinkrokowski.com\/wp-content\/uploads\/2026\/08\/fotorelacja-wernisaz-fangor-sylwestrowicz-warszawa-panel-wprowadzajacy-014-1200x800.jpg\" alt=\"Einf\u00fchrungstafel zur Ausstellung STARS. FANGOR. SYLWESTROWICZ. in Warschau\" class=\"wp-image-36105\" title=\"\" srcset=\"https:\/\/marcinkrokowski.com\/wp-content\/uploads\/2026\/08\/fotorelacja-wernisaz-fangor-sylwestrowicz-warszawa-panel-wprowadzajacy-014-1200x800.jpg 1200w, https:\/\/marcinkrokowski.com\/wp-content\/uploads\/2026\/08\/fotorelacja-wernisaz-fangor-sylwestrowicz-warszawa-panel-wprowadzajacy-014-900x600.jpg 900w, https:\/\/marcinkrokowski.com\/wp-content\/uploads\/2026\/08\/fotorelacja-wernisaz-fangor-sylwestrowicz-warszawa-panel-wprowadzajacy-014-450x300.jpg 450w, https:\/\/marcinkrokowski.com\/wp-content\/uploads\/2026\/08\/fotorelacja-wernisaz-fangor-sylwestrowicz-warszawa-panel-wprowadzajacy-014-768x512.jpg 768w, https:\/\/marcinkrokowski.com\/wp-content\/uploads\/2026\/08\/fotorelacja-wernisaz-fangor-sylwestrowicz-warszawa-panel-wprowadzajacy-014-1536x1024.jpg 1536w, https:\/\/marcinkrokowski.com\/wp-content\/uploads\/2026\/08\/fotorelacja-wernisaz-fangor-sylwestrowicz-warszawa-panel-wprowadzajacy-014.jpg 1920w\" sizes=\"auto, (max-width: 1200px) 100vw, 1200px\" \/><\/figure>\n<\/figure>\n\n\n\n<figure class=\"wp-block-gallery alignwide has-nested-images columns-default is-cropped wp-block-gallery-13 is-layout-flex wp-block-gallery-is-layout-flex\" data-block-type=\"core\">\n<figure class=\"wp-block-image size-medium\" data-block-type=\"core\"><img loading=\"lazy\" decoding=\"async\" width=\"900\" height=\"1350\" data-id=\"36118\" src=\"https:\/\/marcinkrokowski.com\/wp-content\/uploads\/2026\/08\/fotorelacja-wernisaz-fangor-sylwestrowicz-warszawa-zwiedzajaca-samotnie-015-900x1350.jpg\" alt=\"Eine Besucherin bei der Besichtigung der Ausstellung STARS. FANGOR. SYLWESTROWICZ. in Warschau\" class=\"wp-image-36118\" title=\"\" srcset=\"https:\/\/marcinkrokowski.com\/wp-content\/uploads\/2026\/08\/fotorelacja-wernisaz-fangor-sylwestrowicz-warszawa-zwiedzajaca-samotnie-015-900x1350.jpg 900w, https:\/\/marcinkrokowski.com\/wp-content\/uploads\/2026\/08\/fotorelacja-wernisaz-fangor-sylwestrowicz-warszawa-zwiedzajaca-samotnie-015-1200x1800.jpg 1200w, https:\/\/marcinkrokowski.com\/wp-content\/uploads\/2026\/08\/fotorelacja-wernisaz-fangor-sylwestrowicz-warszawa-zwiedzajaca-samotnie-015-450x675.jpg 450w, https:\/\/marcinkrokowski.com\/wp-content\/uploads\/2026\/08\/fotorelacja-wernisaz-fangor-sylwestrowicz-warszawa-zwiedzajaca-samotnie-015-768x1152.jpg 768w, https:\/\/marcinkrokowski.com\/wp-content\/uploads\/2026\/08\/fotorelacja-wernisaz-fangor-sylwestrowicz-warszawa-zwiedzajaca-samotnie-015-1024x1536.jpg 1024w, https:\/\/marcinkrokowski.com\/wp-content\/uploads\/2026\/08\/fotorelacja-wernisaz-fangor-sylwestrowicz-warszawa-zwiedzajaca-samotnie-015.jpg 1280w\" sizes=\"auto, (max-width: 900px) 100vw, 900px\" \/><\/figure>\n\n\n\n<figure class=\"wp-block-image size-medium\" data-block-type=\"core\"><img loading=\"lazy\" decoding=\"async\" width=\"900\" height=\"1350\" data-id=\"36097\" src=\"https:\/\/marcinkrokowski.com\/wp-content\/uploads\/2026\/08\/fotorelacja-wernisaz-fangor-sylwestrowicz-warszawa-goscie-schody-wieczor-025-900x1350.jpg\" alt=\"G\u00e4ste der Vernissage STARS. FANGOR. SYLWESTROWICZ. vor dem Geb\u00e4ude\" class=\"wp-image-36097\" title=\"\" srcset=\"https:\/\/marcinkrokowski.com\/wp-content\/uploads\/2026\/08\/fotorelacja-wernisaz-fangor-sylwestrowicz-warszawa-goscie-schody-wieczor-025-900x1350.jpg 900w, https:\/\/marcinkrokowski.com\/wp-content\/uploads\/2026\/08\/fotorelacja-wernisaz-fangor-sylwestrowicz-warszawa-goscie-schody-wieczor-025-1200x1800.jpg 1200w, https:\/\/marcinkrokowski.com\/wp-content\/uploads\/2026\/08\/fotorelacja-wernisaz-fangor-sylwestrowicz-warszawa-goscie-schody-wieczor-025-450x675.jpg 450w, https:\/\/marcinkrokowski.com\/wp-content\/uploads\/2026\/08\/fotorelacja-wernisaz-fangor-sylwestrowicz-warszawa-goscie-schody-wieczor-025-768x1152.jpg 768w, https:\/\/marcinkrokowski.com\/wp-content\/uploads\/2026\/08\/fotorelacja-wernisaz-fangor-sylwestrowicz-warszawa-goscie-schody-wieczor-025-1024x1536.jpg 1024w, https:\/\/marcinkrokowski.com\/wp-content\/uploads\/2026\/08\/fotorelacja-wernisaz-fangor-sylwestrowicz-warszawa-goscie-schody-wieczor-025.jpg 1280w\" sizes=\"auto, (max-width: 900px) 100vw, 900px\" \/><\/figure>\n<\/figure>\n\n\n\n<figure class=\"wp-block-gallery alignwide has-nested-images columns-1 is-cropped wp-block-gallery-14 is-layout-flex wp-block-gallery-is-layout-flex\" data-block-type=\"core\">\n<figure class=\"wp-block-image size-large\" data-block-type=\"core\"><img loading=\"lazy\" decoding=\"async\" width=\"1200\" height=\"800\" data-id=\"36095\" src=\"https:\/\/marcinkrokowski.com\/wp-content\/uploads\/2026\/08\/fotorelacja-wernisaz-fangor-sylwestrowicz-warszawa-fasada-centrum-bankowego-016-1200x800.jpg\" alt=\"Centrum Bankowo-Finansowe an der Stra\u00dfe Nowy \u015awiat in Warschau - Austragungsort der Vernissage\" class=\"wp-image-36095\" title=\"\" srcset=\"https:\/\/marcinkrokowski.com\/wp-content\/uploads\/2026\/08\/fotorelacja-wernisaz-fangor-sylwestrowicz-warszawa-fasada-centrum-bankowego-016-1200x800.jpg 1200w, https:\/\/marcinkrokowski.com\/wp-content\/uploads\/2026\/08\/fotorelacja-wernisaz-fangor-sylwestrowicz-warszawa-fasada-centrum-bankowego-016-900x600.jpg 900w, https:\/\/marcinkrokowski.com\/wp-content\/uploads\/2026\/08\/fotorelacja-wernisaz-fangor-sylwestrowicz-warszawa-fasada-centrum-bankowego-016-450x300.jpg 450w, https:\/\/marcinkrokowski.com\/wp-content\/uploads\/2026\/08\/fotorelacja-wernisaz-fangor-sylwestrowicz-warszawa-fasada-centrum-bankowego-016-768x512.jpg 768w, https:\/\/marcinkrokowski.com\/wp-content\/uploads\/2026\/08\/fotorelacja-wernisaz-fangor-sylwestrowicz-warszawa-fasada-centrum-bankowego-016-1536x1024.jpg 1536w, https:\/\/marcinkrokowski.com\/wp-content\/uploads\/2026\/08\/fotorelacja-wernisaz-fangor-sylwestrowicz-warszawa-fasada-centrum-bankowego-016.jpg 1920w\" sizes=\"auto, (max-width: 1200px) 100vw, 1200px\" \/><\/figure>\n<\/figure>\n\n\n\n<figure class=\"wp-block-gallery alignwide has-nested-images columns-1 is-cropped wp-block-gallery-15 is-layout-flex wp-block-gallery-is-layout-flex\" data-block-type=\"core\">\n<figure class=\"wp-block-image size-large\" data-block-type=\"core\"><img loading=\"lazy\" decoding=\"async\" width=\"1200\" height=\"800\" data-id=\"36102\" src=\"https:\/\/marcinkrokowski.com\/wp-content\/uploads\/2026\/08\/fotorelacja-wernisaz-fangor-sylwestrowicz-warszawa-lobby-wejscie-goscie-017-1200x800.jpg\" alt=\"Ankunft der G\u00e4ste bei der Vernissage STARS. FANGOR. SYLWESTROWICZ. in Warschau\" class=\"wp-image-36102\" title=\"\" srcset=\"https:\/\/marcinkrokowski.com\/wp-content\/uploads\/2026\/08\/fotorelacja-wernisaz-fangor-sylwestrowicz-warszawa-lobby-wejscie-goscie-017-1200x800.jpg 1200w, https:\/\/marcinkrokowski.com\/wp-content\/uploads\/2026\/08\/fotorelacja-wernisaz-fangor-sylwestrowicz-warszawa-lobby-wejscie-goscie-017-900x600.jpg 900w, https:\/\/marcinkrokowski.com\/wp-content\/uploads\/2026\/08\/fotorelacja-wernisaz-fangor-sylwestrowicz-warszawa-lobby-wejscie-goscie-017-450x300.jpg 450w, https:\/\/marcinkrokowski.com\/wp-content\/uploads\/2026\/08\/fotorelacja-wernisaz-fangor-sylwestrowicz-warszawa-lobby-wejscie-goscie-017-768x512.jpg 768w, https:\/\/marcinkrokowski.com\/wp-content\/uploads\/2026\/08\/fotorelacja-wernisaz-fangor-sylwestrowicz-warszawa-lobby-wejscie-goscie-017-1536x1024.jpg 1536w, https:\/\/marcinkrokowski.com\/wp-content\/uploads\/2026\/08\/fotorelacja-wernisaz-fangor-sylwestrowicz-warszawa-lobby-wejscie-goscie-017.jpg 1920w\" sizes=\"auto, (max-width: 1200px) 100vw, 1200px\" \/><\/figure>\n<\/figure>\n\n\n\n<figure class=\"wp-block-gallery alignwide has-nested-images columns-1 is-cropped wp-block-gallery-16 is-layout-flex wp-block-gallery-is-layout-flex\" data-block-type=\"core\">\n<figure class=\"wp-block-image size-large\" data-block-type=\"core\"><img loading=\"lazy\" decoding=\"async\" width=\"1200\" height=\"800\" data-id=\"36110\" src=\"https:\/\/marcinkrokowski.com\/wp-content\/uploads\/2026\/08\/fotorelacja-wernisaz-fangor-sylwestrowicz-warszawa-ruch-miedzy-salami-018-1200x800.jpg\" alt=\"G\u00e4ste der Vernissage STARS. FANGOR. SYLWESTROWICZ. beim Wechsel zwischen den S\u00e4len\" class=\"wp-image-36110\" title=\"\" srcset=\"https:\/\/marcinkrokowski.com\/wp-content\/uploads\/2026\/08\/fotorelacja-wernisaz-fangor-sylwestrowicz-warszawa-ruch-miedzy-salami-018-1200x800.jpg 1200w, https:\/\/marcinkrokowski.com\/wp-content\/uploads\/2026\/08\/fotorelacja-wernisaz-fangor-sylwestrowicz-warszawa-ruch-miedzy-salami-018-900x600.jpg 900w, https:\/\/marcinkrokowski.com\/wp-content\/uploads\/2026\/08\/fotorelacja-wernisaz-fangor-sylwestrowicz-warszawa-ruch-miedzy-salami-018-450x300.jpg 450w, https:\/\/marcinkrokowski.com\/wp-content\/uploads\/2026\/08\/fotorelacja-wernisaz-fangor-sylwestrowicz-warszawa-ruch-miedzy-salami-018-768x512.jpg 768w, https:\/\/marcinkrokowski.com\/wp-content\/uploads\/2026\/08\/fotorelacja-wernisaz-fangor-sylwestrowicz-warszawa-ruch-miedzy-salami-018-1536x1024.jpg 1536w, https:\/\/marcinkrokowski.com\/wp-content\/uploads\/2026\/08\/fotorelacja-wernisaz-fangor-sylwestrowicz-warszawa-ruch-miedzy-salami-018.jpg 1920w\" sizes=\"auto, (max-width: 1200px) 100vw, 1200px\" \/><\/figure>\n<\/figure>\n\n\n\n<figure class=\"wp-block-gallery alignwide has-nested-images columns-1 is-cropped wp-block-gallery-17 is-layout-flex wp-block-gallery-is-layout-flex\" data-block-type=\"core\">\n<figure class=\"wp-block-image size-large\" data-block-type=\"core\"><img loading=\"lazy\" decoding=\"async\" width=\"1200\" height=\"800\" data-id=\"36112\" src=\"https:\/\/marcinkrokowski.com\/wp-content\/uploads\/2026\/08\/fotorelacja-wernisaz-fangor-sylwestrowicz-warszawa-sala-tekst-kuratorski-019-1200x800.jpg\" alt=\"Ausstellungssaal von STARS. FANGOR. SYLWESTROWICZ. - das Ausma\u00df der Pr\u00e4sentation\" class=\"wp-image-36112\" title=\"\" srcset=\"https:\/\/marcinkrokowski.com\/wp-content\/uploads\/2026\/08\/fotorelacja-wernisaz-fangor-sylwestrowicz-warszawa-sala-tekst-kuratorski-019-1200x800.jpg 1200w, https:\/\/marcinkrokowski.com\/wp-content\/uploads\/2026\/08\/fotorelacja-wernisaz-fangor-sylwestrowicz-warszawa-sala-tekst-kuratorski-019-900x600.jpg 900w, https:\/\/marcinkrokowski.com\/wp-content\/uploads\/2026\/08\/fotorelacja-wernisaz-fangor-sylwestrowicz-warszawa-sala-tekst-kuratorski-019-450x300.jpg 450w, https:\/\/marcinkrokowski.com\/wp-content\/uploads\/2026\/08\/fotorelacja-wernisaz-fangor-sylwestrowicz-warszawa-sala-tekst-kuratorski-019-768x512.jpg 768w, https:\/\/marcinkrokowski.com\/wp-content\/uploads\/2026\/08\/fotorelacja-wernisaz-fangor-sylwestrowicz-warszawa-sala-tekst-kuratorski-019-1536x1024.jpg 1536w, https:\/\/marcinkrokowski.com\/wp-content\/uploads\/2026\/08\/fotorelacja-wernisaz-fangor-sylwestrowicz-warszawa-sala-tekst-kuratorski-019.jpg 1920w\" sizes=\"auto, (max-width: 1200px) 100vw, 1200px\" \/><\/figure>\n<\/figure>\n\n\n\n<figure class=\"wp-block-gallery alignwide has-nested-images columns-1 is-cropped wp-block-gallery-18 is-layout-flex wp-block-gallery-is-layout-flex\" data-block-type=\"core\">\n<figure class=\"wp-block-image size-large\" data-block-type=\"core\"><img loading=\"lazy\" decoding=\"async\" width=\"1200\" height=\"800\" data-id=\"36119\" src=\"https:\/\/marcinkrokowski.com\/wp-content\/uploads\/2026\/08\/fotorelacja-wernisaz-fangor-sylwestrowicz-warszawa-zwiedzajace-przy-obrazie-020-1200x800.jpg\" alt=\"Besucherinnen vor einem Bild von Wojciech Fangor auf der Ausstellung in Warschau\" class=\"wp-image-36119\" title=\"\" srcset=\"https:\/\/marcinkrokowski.com\/wp-content\/uploads\/2026\/08\/fotorelacja-wernisaz-fangor-sylwestrowicz-warszawa-zwiedzajace-przy-obrazie-020-1200x800.jpg 1200w, https:\/\/marcinkrokowski.com\/wp-content\/uploads\/2026\/08\/fotorelacja-wernisaz-fangor-sylwestrowicz-warszawa-zwiedzajace-przy-obrazie-020-900x600.jpg 900w, https:\/\/marcinkrokowski.com\/wp-content\/uploads\/2026\/08\/fotorelacja-wernisaz-fangor-sylwestrowicz-warszawa-zwiedzajace-przy-obrazie-020-450x300.jpg 450w, https:\/\/marcinkrokowski.com\/wp-content\/uploads\/2026\/08\/fotorelacja-wernisaz-fangor-sylwestrowicz-warszawa-zwiedzajace-przy-obrazie-020-768x512.jpg 768w, https:\/\/marcinkrokowski.com\/wp-content\/uploads\/2026\/08\/fotorelacja-wernisaz-fangor-sylwestrowicz-warszawa-zwiedzajace-przy-obrazie-020-1536x1024.jpg 1536w, https:\/\/marcinkrokowski.com\/wp-content\/uploads\/2026\/08\/fotorelacja-wernisaz-fangor-sylwestrowicz-warszawa-zwiedzajace-przy-obrazie-020.jpg 1920w\" sizes=\"auto, (max-width: 1200px) 100vw, 1200px\" \/><\/figure>\n<\/figure>\n\n\n\n<figure class=\"wp-block-gallery alignwide has-nested-images columns-1 is-cropped wp-block-gallery-19 is-layout-flex wp-block-gallery-is-layout-flex\" data-block-type=\"core\">\n<figure class=\"wp-block-image size-large\" data-block-type=\"core\"><img loading=\"lazy\" decoding=\"async\" width=\"1200\" height=\"800\" data-id=\"36096\" src=\"https:\/\/marcinkrokowski.com\/wp-content\/uploads\/2026\/08\/fotorelacja-wernisaz-fangor-sylwestrowicz-warszawa-gosc-portret-kapelusz-021-1200x800.jpg\" alt=\"Ein Gast der Vernissage STARS. FANGOR. SYLWESTROWICZ. in Warschau\" class=\"wp-image-36096\" title=\"\" srcset=\"https:\/\/marcinkrokowski.com\/wp-content\/uploads\/2026\/08\/fotorelacja-wernisaz-fangor-sylwestrowicz-warszawa-gosc-portret-kapelusz-021-1200x800.jpg 1200w, https:\/\/marcinkrokowski.com\/wp-content\/uploads\/2026\/08\/fotorelacja-wernisaz-fangor-sylwestrowicz-warszawa-gosc-portret-kapelusz-021-900x600.jpg 900w, https:\/\/marcinkrokowski.com\/wp-content\/uploads\/2026\/08\/fotorelacja-wernisaz-fangor-sylwestrowicz-warszawa-gosc-portret-kapelusz-021-450x300.jpg 450w, https:\/\/marcinkrokowski.com\/wp-content\/uploads\/2026\/08\/fotorelacja-wernisaz-fangor-sylwestrowicz-warszawa-gosc-portret-kapelusz-021-768x512.jpg 768w, https:\/\/marcinkrokowski.com\/wp-content\/uploads\/2026\/08\/fotorelacja-wernisaz-fangor-sylwestrowicz-warszawa-gosc-portret-kapelusz-021-1536x1024.jpg 1536w, https:\/\/marcinkrokowski.com\/wp-content\/uploads\/2026\/08\/fotorelacja-wernisaz-fangor-sylwestrowicz-warszawa-gosc-portret-kapelusz-021.jpg 1920w\" sizes=\"auto, (max-width: 1200px) 100vw, 1200px\" \/><\/figure>\n<\/figure>\n\n\n\n<figure class=\"wp-block-gallery alignwide has-nested-images columns-1 is-cropped wp-block-gallery-20 is-layout-flex wp-block-gallery-is-layout-flex\" data-block-type=\"core\">\n<figure class=\"wp-block-image size-large\" data-block-type=\"core\"><img loading=\"lazy\" decoding=\"async\" width=\"1200\" height=\"800\" data-id=\"36117\" src=\"https:\/\/marcinkrokowski.com\/wp-content\/uploads\/2026\/08\/fotorelacja-wernisaz-fangor-sylwestrowicz-warszawa-wywiad-media-022-1200x800.jpg\" alt=\"Interview f\u00fcr landesweite Medien w\u00e4hrend der Vernissage STARS. FANGOR. SYLWESTROWICZ.\" class=\"wp-image-36117\" title=\"\" srcset=\"https:\/\/marcinkrokowski.com\/wp-content\/uploads\/2026\/08\/fotorelacja-wernisaz-fangor-sylwestrowicz-warszawa-wywiad-media-022-1200x800.jpg 1200w, https:\/\/marcinkrokowski.com\/wp-content\/uploads\/2026\/08\/fotorelacja-wernisaz-fangor-sylwestrowicz-warszawa-wywiad-media-022-900x600.jpg 900w, https:\/\/marcinkrokowski.com\/wp-content\/uploads\/2026\/08\/fotorelacja-wernisaz-fangor-sylwestrowicz-warszawa-wywiad-media-022-450x300.jpg 450w, https:\/\/marcinkrokowski.com\/wp-content\/uploads\/2026\/08\/fotorelacja-wernisaz-fangor-sylwestrowicz-warszawa-wywiad-media-022-768x512.jpg 768w, https:\/\/marcinkrokowski.com\/wp-content\/uploads\/2026\/08\/fotorelacja-wernisaz-fangor-sylwestrowicz-warszawa-wywiad-media-022-1536x1024.jpg 1536w, https:\/\/marcinkrokowski.com\/wp-content\/uploads\/2026\/08\/fotorelacja-wernisaz-fangor-sylwestrowicz-warszawa-wywiad-media-022.jpg 1920w\" sizes=\"auto, (max-width: 1200px) 100vw, 1200px\" \/><\/figure>\n<\/figure>\n\n\n\n<figure class=\"wp-block-gallery alignwide has-nested-images columns-1 is-cropped wp-block-gallery-21 is-layout-flex wp-block-gallery-is-layout-flex\" data-block-type=\"core\">\n<figure class=\"wp-block-image size-large\" data-block-type=\"core\"><img loading=\"lazy\" decoding=\"async\" width=\"1200\" height=\"800\" data-id=\"36113\" src=\"https:\/\/marcinkrokowski.com\/wp-content\/uploads\/2026\/08\/fotorelacja-wernisaz-fangor-sylwestrowicz-warszawa-tabliczka-heweliusz-023-1200x800.jpg\" alt=\"Biografische Tafel zu Jan Heweliusz auf der Ausstellung STARS. FANGOR. SYLWESTROWICZ.\" class=\"wp-image-36113\" title=\"\" srcset=\"https:\/\/marcinkrokowski.com\/wp-content\/uploads\/2026\/08\/fotorelacja-wernisaz-fangor-sylwestrowicz-warszawa-tabliczka-heweliusz-023-1200x800.jpg 1200w, https:\/\/marcinkrokowski.com\/wp-content\/uploads\/2026\/08\/fotorelacja-wernisaz-fangor-sylwestrowicz-warszawa-tabliczka-heweliusz-023-900x600.jpg 900w, https:\/\/marcinkrokowski.com\/wp-content\/uploads\/2026\/08\/fotorelacja-wernisaz-fangor-sylwestrowicz-warszawa-tabliczka-heweliusz-023-450x300.jpg 450w, https:\/\/marcinkrokowski.com\/wp-content\/uploads\/2026\/08\/fotorelacja-wernisaz-fangor-sylwestrowicz-warszawa-tabliczka-heweliusz-023-768x512.jpg 768w, https:\/\/marcinkrokowski.com\/wp-content\/uploads\/2026\/08\/fotorelacja-wernisaz-fangor-sylwestrowicz-warszawa-tabliczka-heweliusz-023-1536x1024.jpg 1536w, https:\/\/marcinkrokowski.com\/wp-content\/uploads\/2026\/08\/fotorelacja-wernisaz-fangor-sylwestrowicz-warszawa-tabliczka-heweliusz-023.jpg 1920w\" sizes=\"auto, (max-width: 1200px) 100vw, 1200px\" \/><\/figure>\n<\/figure>\n\n\n\n<figure class=\"wp-block-gallery alignwide has-nested-images columns-1 is-cropped wp-block-gallery-22 is-layout-flex wp-block-gallery-is-layout-flex\" data-block-type=\"core\">\n<figure class=\"wp-block-image size-large\" data-block-type=\"core\"><img loading=\"lazy\" decoding=\"async\" width=\"1200\" height=\"800\" data-id=\"36100\" src=\"https:\/\/marcinkrokowski.com\/wp-content\/uploads\/2026\/08\/fotorelacja-wernisaz-fangor-sylwestrowicz-warszawa-instalacja-wideo-dokument-024-1200x800.jpg\" alt=\"Videoinstallation mit einer Dokumentation \u00fcber Wojciech Fangor auf der Ausstellung in Warschau\" class=\"wp-image-36100\" title=\"\" srcset=\"https:\/\/marcinkrokowski.com\/wp-content\/uploads\/2026\/08\/fotorelacja-wernisaz-fangor-sylwestrowicz-warszawa-instalacja-wideo-dokument-024-1200x800.jpg 1200w, https:\/\/marcinkrokowski.com\/wp-content\/uploads\/2026\/08\/fotorelacja-wernisaz-fangor-sylwestrowicz-warszawa-instalacja-wideo-dokument-024-900x600.jpg 900w, https:\/\/marcinkrokowski.com\/wp-content\/uploads\/2026\/08\/fotorelacja-wernisaz-fangor-sylwestrowicz-warszawa-instalacja-wideo-dokument-024-450x300.jpg 450w, https:\/\/marcinkrokowski.com\/wp-content\/uploads\/2026\/08\/fotorelacja-wernisaz-fangor-sylwestrowicz-warszawa-instalacja-wideo-dokument-024-768x512.jpg 768w, https:\/\/marcinkrokowski.com\/wp-content\/uploads\/2026\/08\/fotorelacja-wernisaz-fangor-sylwestrowicz-warszawa-instalacja-wideo-dokument-024-1536x1024.jpg 1536w, https:\/\/marcinkrokowski.com\/wp-content\/uploads\/2026\/08\/fotorelacja-wernisaz-fangor-sylwestrowicz-warszawa-instalacja-wideo-dokument-024.jpg 1920w\" sizes=\"auto, (max-width: 1200px) 100vw, 1200px\" \/><\/figure>\n<\/figure>\n","protected":false},"excerpt":{"rendered":"<p>Eine Vernissage folgt anderen Regeln als eine Konferenz. Es gibt keine Agenda Folie f\u00fcr Folie. Es gibt Kunst an den W\u00e4nden, es gibt G\u00e4ste, die<\/p>\n","protected":false},"author":0,"featured_media":36115,"parent":0,"comment_status":"closed","ping_status":"closed","template":"","kategoria_portfolio":[22],"class_list":["post-37252","portfolio","type-portfolio","status-publish","has-post-thumbnail","hentry","kategoria_portfolio-kultura-i-sztuka","infinite-scroll-item","generate-columns","tablet-grid-50","mobile-grid-100","grid-parent","grid-33"],"_links":{"self":[{"href":"https:\/\/marcinkrokowski.com\/de\/wp-json\/wp\/v2\/portfolio\/37252","targetHints":{"allow":["GET"]}}],"collection":[{"href":"https:\/\/marcinkrokowski.com\/de\/wp-json\/wp\/v2\/portfolio"}],"about":[{"href":"https:\/\/marcinkrokowski.com\/de\/wp-json\/wp\/v2\/types\/portfolio"}],"replies":[{"embeddable":true,"href":"https:\/\/marcinkrokowski.com\/de\/wp-json\/wp\/v2\/comments?post=37252"}],"version-history":[{"count":0,"href":"https:\/\/marcinkrokowski.com\/de\/wp-json\/wp\/v2\/portfolio\/37252\/revisions"}],"wp:featuredmedia":[{"embeddable":true,"href":"https:\/\/marcinkrokowski.com\/de\/wp-json\/wp\/v2\/media\/36115"}],"wp:attachment":[{"href":"https:\/\/marcinkrokowski.com\/de\/wp-json\/wp\/v2\/media?parent=37252"}],"wp:term":[{"taxonomy":"kategoria_portfolio","embeddable":true,"href":"https:\/\/marcinkrokowski.com\/de\/wp-json\/wp\/v2\/kategoria_portfolio?post=37252"}],"curies":[{"name":"wp","href":"https:\/\/api.w.org\/{rel}","templated":true}]}}