{"id":37250,"date":"2026-08-17T22:10:00","date_gmt":"2026-08-17T20:10:00","guid":{"rendered":"https:\/\/marcinkrokowski.com\/portfolio\/dieta-nieprawdy-pressedebatte\/"},"modified":"2026-08-17T22:10:00","modified_gmt":"2026-08-17T20:10:00","slug":"dieta-nieprawdy-pressedebatte","status":"publish","type":"portfolio","link":"https:\/\/marcinkrokowski.com\/de\/portfolio\/dieta-nieprawdy-pressedebatte\/","title":{"rendered":"Fotobericht von der Pressedebatte: Dieta (nie)prawdy in Warschau"},"content":{"rendered":"\n<div class=\"wp-block-stackable-columns stk-block-columns stk-block stk-cf7cd54 stk-block-background\" data-block-id=\"cf7cd54\" data-block-type=\"core\" data-block-type=\"core\"><style>.stk-cf7cd54 {background-color:var(--bg-secondary) !important;border-top-left-radius:12px !important;border-top-right-radius:12px !important;border-bottom-right-radius:12px !important;border-bottom-left-radius:12px !important;overflow:hidden !important;box-shadow:5px 10px 30px 0px #0000004f !important;border-style:solid !important;border-top-width:1px !important;border-right-width:1px !important;border-bottom-width:1px !important;border-left-width:1px !important;min-height:200px !important;align-items:flex-start !important;max-width:900px !important;min-width:auto !important;margin-bottom:40px !important;display:flex !important;}.stk-cf7cd54:before{background-color:var(--bg-secondary) !important;}.stk-cf7cd54-column{max-width:900px !important;min-width:auto !important;margin-right:auto !important;margin-left:auto !important;}<\/style><div class=\"stk-row stk-inner-blocks stk-block-content stk-content-align stk-cf7cd54-column\">\n<div class=\"wp-block-stackable-column stk-block-column stk-column stk-block stk-c5cce51\" data-v=\"4\" data-block-id=\"c5cce51\"><div class=\"stk-column-wrapper stk-block-column__content stk-container stk-c5cce51-container stk--no-background stk--no-padding\"><div class=\"stk-block-content stk-inner-blocks stk-c5cce51-inner-blocks\">\n<div class=\"wp-block-stackable-icon-list stk-block-icon-list stk-block stk-3254369\" data-block-id=\"3254369\"><style>.stk-3254369 .stk-block-icon-list-item__content{align-items:baseline !important;}@media screen and (max-width: 1023px){.stk-3254369 .stk-block-icon-list-item__content{align-items:baseline !important;}}@media screen and (max-width: 767px){.stk-3254369 .stk-block-icon-list-item__content{align-items:baseline !important;}}<\/style><svg style=\"display:none\"><defs><g id=\"stk-icon-list__icon-svg-def-3254369\"><svg xmlns=\"http:\/\/www.w3.org\/2000\/svg\" viewBox=\"0 0 190 190\"><polygon points=\"173.8,28.4 60.4,141.8 15.7,97.2 5.1,107.8 60.4,163 184.4,39 173.8,28.4\"\/><\/svg><\/g><\/defs><\/svg><ul class=\"stk-block-icon-list__ul stk-block-icon-list--column\">\n<li class=\"wp-block-stackable-icon-list-item stk-block-icon-list-item stk-block stk-e672d85\" data-block-id=\"e672d85\"><div class=\"stk-block-icon-list-item__content\"><span class=\"stk--svg-wrapper\"><div class=\"stk--inner-svg\"><svg xmlns=\"http:\/\/www.w3.org\/2000\/svg\" viewbox=\"0 0 384 512\" aria-hidden=\"true\" width=\"32\" height=\"32\"><path d=\"M64 48c-8.8 0-16 7.2-16 16V448c0 8.8 7.2 16 16 16h80V400c0-26.5 21.5-48 48-48s48 21.5 48 48v64h80c8.8 0 16-7.2 16-16V64c0-8.8-7.2-16-16-16H64zM0 64C0 28.7 28.7 0 64 0H320c35.3 0 64 28.7 64 64V448c0 35.3-28.7 64-64 64H64c-35.3 0-64-28.7-64-64V64zm88 40c0-8.8 7.2-16 16-16h48c8.8 0 16 7.2 16 16v48c0 8.8-7.2 16-16 16H104c-8.8 0-16-7.2-16-16V104zM232 88h48c8.8 0 16 7.2 16 16v48c0 8.8-7.2 16-16 16H232c-8.8 0-16-7.2-16-16V104c0-8.8 7.2-16 16-16zM88 232c0-8.8 7.2-16 16-16h48c8.8 0 16 7.2 16 16v48c0 8.8-7.2 16-16 16H104c-8.8 0-16-7.2-16-16V232zm144-16h48c8.8 0 16 7.2 16 16v48c0 8.8-7.2 16-16 16H232c-8.8 0-16-7.2-16-16V232c0-8.8 7.2-16 16-16z\"><\/path><\/svg><\/div><\/span><span class=\"stk-block-icon-list-item__text\"><strong>Kunde:<\/strong> <\/span><\/div><\/li>\n\n\n\n<li class=\"wp-block-stackable-icon-list-item stk-block-icon-list-item stk-block stk-1052ef5\" data-block-id=\"1052ef5\"><div class=\"stk-block-icon-list-item__content\"><span class=\"stk--svg-wrapper\"><div class=\"stk--inner-svg\"><svg xmlns=\"http:\/\/www.w3.org\/2000\/svg\" viewbox=\"0 0 576 512\" aria-hidden=\"true\" width=\"32\" height=\"32\"><path d=\"M264.5 5.2c14.9-6.9 32.1-6.9 47 0l218.6 101c8.5 3.9 13.9 12.4 13.9 21.8s-5.4 17.9-13.9 21.8l-218.6 101c-14.9 6.9-32.1 6.9-47 0L45.9 149.8C37.4 145.8 32 137.3 32 128s5.4-17.9 13.9-21.8L264.5 5.2zM476.9 209.6l53.2 24.6c8.5 3.9 13.9 12.4 13.9 21.8s-5.4 17.9-13.9 21.8l-218.6 101c-14.9 6.9-32.1 6.9-47 0L45.9 277.8C37.4 273.8 32 265.3 32 256s5.4-17.9 13.9-21.8l53.2-24.6 152 70.2c23.4 10.8 50.4 10.8 73.8 0l152-70.2zm-152 198.2l152-70.2 53.2 24.6c8.5 3.9 13.9 12.4 13.9 21.8s-5.4 17.9-13.9 21.8l-218.6 101c-14.9 6.9-32.1 6.9-47 0L45.9 405.8C37.4 401.8 32 393.3 32 384s5.4-17.9 13.9-21.8l53.2-24.6 152 70.2c23.4 10.8 50.4 10.8 73.8 0z\"><\/path><\/svg><\/div><\/span><span class=\"stk-block-icon-list-item__text\"><strong>Art der Veranstaltung:<\/strong> <a href=\"https:\/\/marcinkrokowski.com\/de\/kategoria-portfolio\/treffen-mit-der-presse\/\">Spotkania prasowe<\/a><\/span><\/div><\/li>\n\n\n\n<li class=\"wp-block-stackable-icon-list-item stk-block-icon-list-item stk-block stk-c0979fd\" data-block-id=\"c0979fd\"><div class=\"stk-block-icon-list-item__content\"><span class=\"stk--svg-wrapper\"><div class=\"stk--inner-svg\"><svg xmlns=\"http:\/\/www.w3.org\/2000\/svg\" viewbox=\"0 0 448 512\" aria-hidden=\"true\" width=\"32\" height=\"32\"><path d=\"M152 24c0-13.3-10.7-24-24-24s-24 10.7-24 24V64H64C28.7 64 0 92.7 0 128v16 48V448c0 35.3 28.7 64 64 64H384c35.3 0 64-28.7 64-64V192 144 128c0-35.3-28.7-64-64-64H344V24c0-13.3-10.7-24-24-24s-24 10.7-24 24V64H152V24zM48 192H400V448c0 8.8-7.2 16-16 16H64c-8.8 0-16-7.2-16-16V192z\"><\/path><\/svg><\/div><\/span><span class=\"stk-block-icon-list-item__text\"><strong>Datum des Ereignisses:<\/strong> <\/span><\/div><\/li>\n\n\n\n<li class=\"wp-block-stackable-icon-list-item stk-block-icon-list-item stk-block stk-d7db120\" data-block-id=\"d7db120\"><div class=\"stk-block-icon-list-item__content\"><span class=\"stk--svg-wrapper\"><div class=\"stk--inner-svg\"><svg xmlns=\"http:\/\/www.w3.org\/2000\/svg\" viewbox=\"0 0 384 512\" aria-hidden=\"true\" width=\"32\" height=\"32\"><path d=\"M215.7 499.2C267 435 384 279.4 384 192C384 86 298 0 192 0S0 86 0 192c0 87.4 117 243 168.3 307.2c12.3 15.3 35.1 15.3 47.4 0zM192 128a64 64 0 1 1 0 128 64 64 0 1 1 0-128z\"><\/path><\/svg><\/div><\/span><span class=\"stk-block-icon-list-item__text\"><strong>Standort:<\/strong> <\/span><\/div><\/li>\n\n\n\n<li class=\"wp-block-stackable-icon-list-item stk-block-icon-list-item stk-block stk-f9abdaf\" data-block-id=\"f9abdaf\"><div class=\"stk-block-icon-list-item__content\"><span class=\"stk--svg-wrapper\"><div class=\"stk--inner-svg\"><svg xmlns=\"http:\/\/www.w3.org\/2000\/svg\" viewbox=\"0 0 448 512\" aria-hidden=\"true\" width=\"32\" height=\"32\"><path d=\"M176 0c-17.7 0-32 14.3-32 32s14.3 32 32 32h16V98.4C92.3 113.8 16 200 16 304c0 114.9 93.1 208 208 208s208-93.1 208-208c0-41.8-12.3-80.7-33.5-113.2l24.1-24.1c12.5-12.5 12.5-32.8 0-45.3s-32.8-12.5-45.3 0L355.7 143c-28.1-23-62.2-38.8-99.7-44.6V64h16c17.7 0 32-14.3 32-32s-14.3-32-32-32H224 176zm72 192V320c0 13.3-10.7 24-24 24s-24-10.7-24-24V192c0-13.3 10.7-24 24-24s24 10.7 24 24z\"><\/path><\/svg><\/div><\/span><span class=\"stk-block-icon-list-item__text\"><strong>Dauer der Reportage:<\/strong> <\/span><\/div><\/li>\n\n\n\n<li class=\"wp-block-stackable-icon-list-item stk-block-icon-list-item stk-block stk-be1686d\" data-block-id=\"be1686d\"><div class=\"stk-block-icon-list-item__content\"><span class=\"stk--svg-wrapper\"><div class=\"stk--inner-svg\"><svg xmlns=\"http:\/\/www.w3.org\/2000\/svg\" viewbox=\"0 0 576 512\" aria-hidden=\"true\" width=\"32\" height=\"32\"><path d=\"M160 80H512c8.8 0 16 7.2 16 16V320c0 8.8-7.2 16-16 16H490.8L388.1 178.9c-4.4-6.8-12-10.9-20.1-10.9s-15.7 4.1-20.1 10.9l-52.2 79.8-12.4-16.9c-4.5-6.2-11.7-9.8-19.4-9.8s-14.8 3.6-19.4 9.8L175.6 336H160c-8.8 0-16-7.2-16-16V96c0-8.8 7.2-16 16-16zM96 96V320c0 35.3 28.7 64 64 64H512c35.3 0 64-28.7 64-64V96c0-35.3-28.7-64-64-64H160c-35.3 0-64 28.7-64 64zM48 120c0-13.3-10.7-24-24-24S0 106.7 0 120V344c0 75.1 60.9 136 136 136H456c13.3 0 24-10.7 24-24s-10.7-24-24-24H136c-48.6 0-88-39.4-88-88V120zm208 24a32 32 0 1 0 -64 0 32 32 0 1 0 64 0z\"><\/path><\/svg><\/div><\/span><span class=\"stk-block-icon-list-item__text\"><strong>Anzahl der gelieferten Fotos:<\/strong> <\/span><\/div><\/li>\n\n\n\n<li class=\"wp-block-stackable-icon-list-item stk-block-icon-list-item stk-block stk-65447a4\" data-block-id=\"65447a4\"><div class=\"stk-block-icon-list-item__content\"><span class=\"stk--svg-wrapper\"><div class=\"stk--inner-svg\"><svg xmlns=\"http:\/\/www.w3.org\/2000\/svg\" viewbox=\"0 0 640 512\" aria-hidden=\"true\" width=\"32\" height=\"32\"><path d=\"M184 48H328c4.4 0 8 3.6 8 8V96H176V56c0-4.4 3.6-8 8-8zm-56 8V96H64C28.7 96 0 124.7 0 160v96H192 352h8.2c32.3-39.1 81.1-64 135.8-64c5.4 0 10.7 .2 16 .7V160c0-35.3-28.7-64-64-64H384V56c0-30.9-25.1-56-56-56H184c-30.9 0-56 25.1-56 56zM320 352H224c-17.7 0-32-14.3-32-32V288H0V416c0 35.3 28.7 64 64 64H360.2C335.1 449.6 320 410.5 320 368c0-5.4 .2-10.7 .7-16l-.7 0zm320 16a144 144 0 1 0 -288 0 144 144 0 1 0 288 0zM496 288c8.8 0 16 7.2 16 16v48h32c8.8 0 16 7.2 16 16s-7.2 16-16 16H496c-8.8 0-16-7.2-16-16V304c0-8.8 7.2-16 16-16z\"><\/path><\/svg><\/div><\/span><span class=\"stk-block-icon-list-item__text\"><strong>Bearbeitungszeit:<\/strong> <\/span><\/div><\/li>\n<\/ul><\/div>\n<\/div><\/div><\/div>\n<\/div><\/div>\n\n\n\n<p class=\"wp-block-paragraph\" data-block-type=\"core\">Bei einer Debatte dar\u00fcber, was wir vor unserem Ern\u00e4hrungsberater verbergen, legte einer der G\u00e4ste den Finger auf die Lippen. Solche Momente lassen sich nicht planen. Man muss sie bemerken, bevor sie verschwinden.<\/p>\n\n\n\n<p class=\"wp-block-paragraph\" data-block-type=\"core\">Im Februar 2026 habe ich die Pressedebatte \u201eDieta (nie)prawdy. Co ukrywamy przed dietetykiem, a co widzi AI?&#8220; in Warschau fotografiert. Anlass war die Pr\u00e4sentation des Kantar-Polska-Berichts \u201eZdrowie w erze AI&#8220;. Vor Ort waren Experten f\u00fcr Ern\u00e4hrung und Gesundheit, Journalisten und Content-Creator, w\u00e4hrend die Fenster des Saals einen Blick auf das Nationalstadion boten.<\/p>\n\n\n\n<h2 class=\"wp-block-heading\" data-block-type=\"core\">Was geschah<\/h2>\n\n\n\n<p class=\"wp-block-paragraph\" data-block-type=\"core\">Das Programm war typisch f\u00fcr einen Pressetermin: eine Pr\u00e4sentation der Berichtsergebnisse, zwei Podiumsdiskussionen mit Experten und Networking bei Kaffee.<\/p>\n\n\n\n<p class=\"wp-block-paragraph\" data-block-type=\"core\">Ein Panel vor einem Bildschirm voller Daten ist reportageartige Arbeit. Hier posiert niemand, der Austausch verl\u00e4uft schnell, und das Material muss sowohl die Menschen als auch den Inhalt der Folien zeigen, die die Medien zitieren werden.<\/p>\n\n\n\n<p class=\"wp-block-paragraph\" data-block-type=\"core\">Das Publikum bei einem Pressetermin ist keine Kulisse. Journalisten und G\u00e4ste filmen, notieren, reagieren. Diese Bilder zeigen dem Veranstalter, dass das Thema den Saal erreicht hat.<\/p>\n\n\n\n<p class=\"wp-block-paragraph\" data-block-type=\"core\">Parallel zu den Fotos entstand auch Videomaterial: Aufnahmen der B\u00fchne und Interviews mit den Referenten. Auf einem der Bilder ist das Team bei der Arbeit zu sehen, vor dem Bildschirm mit dem Titel des Berichts. Ein solches Projekt bedeutet Foto und Video von einer Veranstaltung, stilistisch aus einem Guss.<\/p>\n\n\n\n<h2 class=\"wp-block-heading\" data-block-type=\"core\">Worauf ich bei einem Pressetermin achte<\/h2>\n\n\n\n<p class=\"wp-block-paragraph\" data-block-type=\"core\">Bildschirme und Branding m\u00fcssen gut lesbar sein. Der Titel der Veranstaltung, der Name des Berichts und die Logos der Partner sind konkrete Ergebnisse, \u00fcber die sich der Veranstalter nach dem Event ausweisen muss. Ich achte darauf, dass sie im Material zu sehen sind, bevor jemand danach fragt.<\/p>\n\n\n\n<p class=\"wp-block-paragraph\" data-block-type=\"core\">Ein Clubraum mit einer Fensterfront \u00fcber die ganze Wand gibt den Bildern einen r\u00e4umlichen Kontext. Der Blick auf das Nationalstadion sagt sofort: Warschau. Solche Aufnahmen funktionieren sp\u00e4ter in Berichten und Ank\u00fcndigungen f\u00fcr kommende Ausgaben.<\/p>\n\n\n\n<p class=\"wp-block-paragraph\" data-block-type=\"core\">Details von Kulisse und Catering runden den Bericht ab. Neonschrift, Blumen, Snacks mit kleinen Herzen &#8211; das sind die Bilder, die die Galerie zwischen den Panels beleben.<\/p>\n\n\n\n<h2 class=\"wp-block-heading\" data-block-type=\"core\">Ergebnis<\/h2>\n\n\n\n<p class=\"wp-block-paragraph\" data-block-type=\"core\">Das Team des Kunden hat die vollst\u00e4ndige Galerie innerhalb eines Monats nach der Veranstaltung mehrfach heruntergeladen. Medien berichteten sowohl \u00fcber die Debatte als auch \u00fcber die Ergebnisse des Berichts, und einer der Teilnehmer meldete sich von sich aus mit einer Frage zur Nutzung der Fotos. Das Material diente auch der Kommunikation des Berichts nach dem Event.<\/p>\n\n\n\n<figure class=\"wp-block-gallery alignwide has-nested-images columns-1 is-cropped wp-block-gallery-1 is-layout-flex wp-block-gallery-is-layout-flex\" data-block-type=\"core\">\n<figure class=\"wp-block-image size-large\" data-block-type=\"core\"><img loading=\"lazy\" decoding=\"async\" width=\"1200\" height=\"800\" data-id=\"36084\" src=\"https:\/\/marcinkrokowski.com\/wp-content\/uploads\/2026\/08\/fotorelacja-debata-prasowa-dieta-nieprawdy-warszawa-sala-widok-stadion-002-1200x800.jpg\" alt=\"Der Saal der Pressedebatte Dieta (nie)prawdy mit Blick auf das Nationalstadion\" class=\"wp-image-36084\" title=\"\" srcset=\"https:\/\/marcinkrokowski.com\/wp-content\/uploads\/2026\/08\/fotorelacja-debata-prasowa-dieta-nieprawdy-warszawa-sala-widok-stadion-002-1200x800.jpg 1200w, https:\/\/marcinkrokowski.com\/wp-content\/uploads\/2026\/08\/fotorelacja-debata-prasowa-dieta-nieprawdy-warszawa-sala-widok-stadion-002-900x600.jpg 900w, https:\/\/marcinkrokowski.com\/wp-content\/uploads\/2026\/08\/fotorelacja-debata-prasowa-dieta-nieprawdy-warszawa-sala-widok-stadion-002-450x300.jpg 450w, https:\/\/marcinkrokowski.com\/wp-content\/uploads\/2026\/08\/fotorelacja-debata-prasowa-dieta-nieprawdy-warszawa-sala-widok-stadion-002-768x512.jpg 768w, https:\/\/marcinkrokowski.com\/wp-content\/uploads\/2026\/08\/fotorelacja-debata-prasowa-dieta-nieprawdy-warszawa-sala-widok-stadion-002-1536x1024.jpg 1536w, https:\/\/marcinkrokowski.com\/wp-content\/uploads\/2026\/08\/fotorelacja-debata-prasowa-dieta-nieprawdy-warszawa-sala-widok-stadion-002.jpg 1920w\" sizes=\"auto, (max-width: 1200px) 100vw, 1200px\" \/><\/figure>\n<\/figure>\n\n\n\n<figure class=\"wp-block-gallery alignwide has-nested-images columns-default is-cropped wp-block-gallery-2 is-layout-flex wp-block-gallery-is-layout-flex\" data-block-type=\"core\">\n<figure class=\"wp-block-image size-medium\" data-block-type=\"core\"><img loading=\"lazy\" decoding=\"async\" width=\"900\" height=\"1350\" data-id=\"36086\" src=\"https:\/\/marcinkrokowski.com\/wp-content\/uploads\/2026\/08\/fotorelacja-debata-prasowa-dieta-nieprawdy-warszawa-scenografia-neon-tablica-003-900x1350.jpg\" alt=\"B\u00fchnenbild der Pressedebatte Dieta (nie)prawdy - Neonschrift und Programmtafel\" class=\"wp-image-36086\" title=\"\" srcset=\"https:\/\/marcinkrokowski.com\/wp-content\/uploads\/2026\/08\/fotorelacja-debata-prasowa-dieta-nieprawdy-warszawa-scenografia-neon-tablica-003-900x1350.jpg 900w, https:\/\/marcinkrokowski.com\/wp-content\/uploads\/2026\/08\/fotorelacja-debata-prasowa-dieta-nieprawdy-warszawa-scenografia-neon-tablica-003-1200x1800.jpg 1200w, https:\/\/marcinkrokowski.com\/wp-content\/uploads\/2026\/08\/fotorelacja-debata-prasowa-dieta-nieprawdy-warszawa-scenografia-neon-tablica-003-450x675.jpg 450w, https:\/\/marcinkrokowski.com\/wp-content\/uploads\/2026\/08\/fotorelacja-debata-prasowa-dieta-nieprawdy-warszawa-scenografia-neon-tablica-003-768x1152.jpg 768w, https:\/\/marcinkrokowski.com\/wp-content\/uploads\/2026\/08\/fotorelacja-debata-prasowa-dieta-nieprawdy-warszawa-scenografia-neon-tablica-003-1024x1536.jpg 1024w, https:\/\/marcinkrokowski.com\/wp-content\/uploads\/2026\/08\/fotorelacja-debata-prasowa-dieta-nieprawdy-warszawa-scenografia-neon-tablica-003.jpg 1280w\" sizes=\"auto, (max-width: 900px) 100vw, 900px\" \/><\/figure>\n\n\n\n<figure class=\"wp-block-image size-medium\" data-block-type=\"core\"><img loading=\"lazy\" decoding=\"async\" width=\"900\" height=\"1350\" data-id=\"36076\" src=\"https:\/\/marcinkrokowski.com\/wp-content\/uploads\/2026\/08\/fotorelacja-debata-prasowa-dieta-nieprawdy-warszawa-panel-przez-zielen-004-900x1350.jpg\" alt=\"Expertenpanel der Debatte Dieta (nie)prawdy, fotografiert durch Gr\u00fcnpflanzen\" class=\"wp-image-36076\" title=\"\" srcset=\"https:\/\/marcinkrokowski.com\/wp-content\/uploads\/2026\/08\/fotorelacja-debata-prasowa-dieta-nieprawdy-warszawa-panel-przez-zielen-004-900x1350.jpg 900w, https:\/\/marcinkrokowski.com\/wp-content\/uploads\/2026\/08\/fotorelacja-debata-prasowa-dieta-nieprawdy-warszawa-panel-przez-zielen-004-1200x1800.jpg 1200w, https:\/\/marcinkrokowski.com\/wp-content\/uploads\/2026\/08\/fotorelacja-debata-prasowa-dieta-nieprawdy-warszawa-panel-przez-zielen-004-450x675.jpg 450w, https:\/\/marcinkrokowski.com\/wp-content\/uploads\/2026\/08\/fotorelacja-debata-prasowa-dieta-nieprawdy-warszawa-panel-przez-zielen-004-768x1152.jpg 768w, https:\/\/marcinkrokowski.com\/wp-content\/uploads\/2026\/08\/fotorelacja-debata-prasowa-dieta-nieprawdy-warszawa-panel-przez-zielen-004-1024x1536.jpg 1024w, https:\/\/marcinkrokowski.com\/wp-content\/uploads\/2026\/08\/fotorelacja-debata-prasowa-dieta-nieprawdy-warszawa-panel-przez-zielen-004.jpg 1280w\" sizes=\"auto, (max-width: 900px) 100vw, 900px\" \/><\/figure>\n<\/figure>\n\n\n\n<figure class=\"wp-block-gallery alignwide has-nested-images columns-1 is-cropped wp-block-gallery-3 is-layout-flex wp-block-gallery-is-layout-flex\" data-block-type=\"core\">\n<figure class=\"wp-block-image size-large\" data-block-type=\"core\"><img loading=\"lazy\" decoding=\"async\" width=\"1200\" height=\"800\" data-id=\"36073\" src=\"https:\/\/marcinkrokowski.com\/wp-content\/uploads\/2026\/08\/fotorelacja-debata-prasowa-dieta-nieprawdy-warszawa-moderatorka-panel-005-1200x800.jpg\" alt=\"Die Moderatorin und das Expertenpanel w\u00e4hrend der Pressedebatte Dieta (nie)prawdy\" class=\"wp-image-36073\" title=\"\" srcset=\"https:\/\/marcinkrokowski.com\/wp-content\/uploads\/2026\/08\/fotorelacja-debata-prasowa-dieta-nieprawdy-warszawa-moderatorka-panel-005-1200x800.jpg 1200w, https:\/\/marcinkrokowski.com\/wp-content\/uploads\/2026\/08\/fotorelacja-debata-prasowa-dieta-nieprawdy-warszawa-moderatorka-panel-005-900x600.jpg 900w, https:\/\/marcinkrokowski.com\/wp-content\/uploads\/2026\/08\/fotorelacja-debata-prasowa-dieta-nieprawdy-warszawa-moderatorka-panel-005-450x300.jpg 450w, https:\/\/marcinkrokowski.com\/wp-content\/uploads\/2026\/08\/fotorelacja-debata-prasowa-dieta-nieprawdy-warszawa-moderatorka-panel-005-768x512.jpg 768w, https:\/\/marcinkrokowski.com\/wp-content\/uploads\/2026\/08\/fotorelacja-debata-prasowa-dieta-nieprawdy-warszawa-moderatorka-panel-005-1536x1024.jpg 1536w, https:\/\/marcinkrokowski.com\/wp-content\/uploads\/2026\/08\/fotorelacja-debata-prasowa-dieta-nieprawdy-warszawa-moderatorka-panel-005.jpg 1920w\" sizes=\"auto, (max-width: 1200px) 100vw, 1200px\" \/><\/figure>\n<\/figure>\n\n\n\n<figure class=\"wp-block-gallery alignwide has-nested-images columns-1 is-cropped wp-block-gallery-4 is-layout-flex wp-block-gallery-is-layout-flex\" data-block-type=\"core\">\n<figure class=\"wp-block-image size-large\" data-block-type=\"core\"><img loading=\"lazy\" decoding=\"async\" width=\"1200\" height=\"800\" data-id=\"36070\" src=\"https:\/\/marcinkrokowski.com\/wp-content\/uploads\/2026\/08\/fotorelacja-debata-prasowa-dieta-nieprawdy-warszawa-drugi-panel-prelegenci-006-1200x800.jpg\" alt=\"Referenten des zweiten Panels der Debatte Dieta (nie)prawdy\" class=\"wp-image-36070\" title=\"\" srcset=\"https:\/\/marcinkrokowski.com\/wp-content\/uploads\/2026\/08\/fotorelacja-debata-prasowa-dieta-nieprawdy-warszawa-drugi-panel-prelegenci-006-1200x800.jpg 1200w, https:\/\/marcinkrokowski.com\/wp-content\/uploads\/2026\/08\/fotorelacja-debata-prasowa-dieta-nieprawdy-warszawa-drugi-panel-prelegenci-006-900x600.jpg 900w, https:\/\/marcinkrokowski.com\/wp-content\/uploads\/2026\/08\/fotorelacja-debata-prasowa-dieta-nieprawdy-warszawa-drugi-panel-prelegenci-006-450x300.jpg 450w, https:\/\/marcinkrokowski.com\/wp-content\/uploads\/2026\/08\/fotorelacja-debata-prasowa-dieta-nieprawdy-warszawa-drugi-panel-prelegenci-006-768x512.jpg 768w, https:\/\/marcinkrokowski.com\/wp-content\/uploads\/2026\/08\/fotorelacja-debata-prasowa-dieta-nieprawdy-warszawa-drugi-panel-prelegenci-006-1536x1024.jpg 1536w, https:\/\/marcinkrokowski.com\/wp-content\/uploads\/2026\/08\/fotorelacja-debata-prasowa-dieta-nieprawdy-warszawa-drugi-panel-prelegenci-006.jpg 1920w\" sizes=\"auto, (max-width: 1200px) 100vw, 1200px\" \/><\/figure>\n<\/figure>\n\n\n\n<figure class=\"wp-block-gallery alignwide has-nested-images columns-default is-cropped wp-block-gallery-5 is-layout-flex wp-block-gallery-is-layout-flex\" data-block-type=\"core\">\n<figure class=\"wp-block-image size-thumbnail\" data-block-type=\"core\"><img loading=\"lazy\" decoding=\"async\" width=\"450\" height=\"675\" data-id=\"36078\" src=\"https:\/\/marcinkrokowski.com\/wp-content\/uploads\/2026\/08\/fotorelacja-debata-prasowa-dieta-nieprawdy-warszawa-prelegent-slajd-raport-007-450x675.jpg\" alt=\"Ein Referent erl\u00e4utert die Ergebnisse des Berichts Zdrowie w erze AI w\u00e4hrend der Debatte\" class=\"wp-image-36078\" title=\"\" srcset=\"https:\/\/marcinkrokowski.com\/wp-content\/uploads\/2026\/08\/fotorelacja-debata-prasowa-dieta-nieprawdy-warszawa-prelegent-slajd-raport-007-450x675.jpg 450w, https:\/\/marcinkrokowski.com\/wp-content\/uploads\/2026\/08\/fotorelacja-debata-prasowa-dieta-nieprawdy-warszawa-prelegent-slajd-raport-007-900x1350.jpg 900w, https:\/\/marcinkrokowski.com\/wp-content\/uploads\/2026\/08\/fotorelacja-debata-prasowa-dieta-nieprawdy-warszawa-prelegent-slajd-raport-007-1200x1800.jpg 1200w, https:\/\/marcinkrokowski.com\/wp-content\/uploads\/2026\/08\/fotorelacja-debata-prasowa-dieta-nieprawdy-warszawa-prelegent-slajd-raport-007-768x1152.jpg 768w, https:\/\/marcinkrokowski.com\/wp-content\/uploads\/2026\/08\/fotorelacja-debata-prasowa-dieta-nieprawdy-warszawa-prelegent-slajd-raport-007-1024x1536.jpg 1024w, https:\/\/marcinkrokowski.com\/wp-content\/uploads\/2026\/08\/fotorelacja-debata-prasowa-dieta-nieprawdy-warszawa-prelegent-slajd-raport-007.jpg 1280w\" sizes=\"auto, (max-width: 450px) 100vw, 450px\" \/><\/figure>\n\n\n\n<figure class=\"wp-block-image size-thumbnail\" data-block-type=\"core\"><img loading=\"lazy\" decoding=\"async\" width=\"450\" height=\"675\" data-id=\"36080\" src=\"https:\/\/marcinkrokowski.com\/wp-content\/uploads\/2026\/08\/fotorelacja-debata-prasowa-dieta-nieprawdy-warszawa-prelegentka-portret-008-450x675.jpg\" alt=\"Eine Referentin w\u00e4hrend der Diskussion auf der Pressedebatte Dieta (nie)prawdy\" class=\"wp-image-36080\" title=\"\" srcset=\"https:\/\/marcinkrokowski.com\/wp-content\/uploads\/2026\/08\/fotorelacja-debata-prasowa-dieta-nieprawdy-warszawa-prelegentka-portret-008-450x675.jpg 450w, https:\/\/marcinkrokowski.com\/wp-content\/uploads\/2026\/08\/fotorelacja-debata-prasowa-dieta-nieprawdy-warszawa-prelegentka-portret-008-900x1350.jpg 900w, https:\/\/marcinkrokowski.com\/wp-content\/uploads\/2026\/08\/fotorelacja-debata-prasowa-dieta-nieprawdy-warszawa-prelegentka-portret-008-1200x1800.jpg 1200w, https:\/\/marcinkrokowski.com\/wp-content\/uploads\/2026\/08\/fotorelacja-debata-prasowa-dieta-nieprawdy-warszawa-prelegentka-portret-008-768x1152.jpg 768w, https:\/\/marcinkrokowski.com\/wp-content\/uploads\/2026\/08\/fotorelacja-debata-prasowa-dieta-nieprawdy-warszawa-prelegentka-portret-008-1024x1536.jpg 1024w, https:\/\/marcinkrokowski.com\/wp-content\/uploads\/2026\/08\/fotorelacja-debata-prasowa-dieta-nieprawdy-warszawa-prelegentka-portret-008.jpg 1280w\" sizes=\"auto, (max-width: 450px) 100vw, 450px\" \/><\/figure>\n\n\n\n<figure class=\"wp-block-image size-thumbnail\" data-block-type=\"core\"><img loading=\"lazy\" decoding=\"async\" width=\"450\" height=\"675\" data-id=\"36079\" src=\"https:\/\/marcinkrokowski.com\/wp-content\/uploads\/2026\/08\/fotorelacja-debata-prasowa-dieta-nieprawdy-warszawa-prelegent-trzeci-panel-020-450x675.jpg\" alt=\"Ein Referent des dritten Panels der Debatte Dieta (nie)prawdy\" class=\"wp-image-36079\" title=\"\" srcset=\"https:\/\/marcinkrokowski.com\/wp-content\/uploads\/2026\/08\/fotorelacja-debata-prasowa-dieta-nieprawdy-warszawa-prelegent-trzeci-panel-020-450x675.jpg 450w, https:\/\/marcinkrokowski.com\/wp-content\/uploads\/2026\/08\/fotorelacja-debata-prasowa-dieta-nieprawdy-warszawa-prelegent-trzeci-panel-020-900x1350.jpg 900w, https:\/\/marcinkrokowski.com\/wp-content\/uploads\/2026\/08\/fotorelacja-debata-prasowa-dieta-nieprawdy-warszawa-prelegent-trzeci-panel-020-1200x1800.jpg 1200w, https:\/\/marcinkrokowski.com\/wp-content\/uploads\/2026\/08\/fotorelacja-debata-prasowa-dieta-nieprawdy-warszawa-prelegent-trzeci-panel-020-768x1152.jpg 768w, https:\/\/marcinkrokowski.com\/wp-content\/uploads\/2026\/08\/fotorelacja-debata-prasowa-dieta-nieprawdy-warszawa-prelegent-trzeci-panel-020-1024x1536.jpg 1024w, https:\/\/marcinkrokowski.com\/wp-content\/uploads\/2026\/08\/fotorelacja-debata-prasowa-dieta-nieprawdy-warszawa-prelegent-trzeci-panel-020.jpg 1280w\" sizes=\"auto, (max-width: 450px) 100vw, 450px\" \/><\/figure>\n<\/figure>\n\n\n\n<figure class=\"wp-block-gallery alignwide has-nested-images columns-1 is-cropped wp-block-gallery-6 is-layout-flex wp-block-gallery-is-layout-flex\" data-block-type=\"core\">\n<figure class=\"wp-block-image size-large\" data-block-type=\"core\"><img loading=\"lazy\" decoding=\"async\" width=\"1200\" height=\"800\" data-id=\"36089\" src=\"https:\/\/marcinkrokowski.com\/wp-content\/uploads\/2026\/08\/fotorelacja-debata-prasowa-dieta-nieprawdy-warszawa-uczestnicy-telefony-009-1200x800.jpg\" alt=\"Teilnehmer der Debatte Dieta (nie)prawdy filmen die Pr\u00e4sentation mit dem Telefon\" class=\"wp-image-36089\" title=\"\" srcset=\"https:\/\/marcinkrokowski.com\/wp-content\/uploads\/2026\/08\/fotorelacja-debata-prasowa-dieta-nieprawdy-warszawa-uczestnicy-telefony-009-1200x800.jpg 1200w, https:\/\/marcinkrokowski.com\/wp-content\/uploads\/2026\/08\/fotorelacja-debata-prasowa-dieta-nieprawdy-warszawa-uczestnicy-telefony-009-900x600.jpg 900w, https:\/\/marcinkrokowski.com\/wp-content\/uploads\/2026\/08\/fotorelacja-debata-prasowa-dieta-nieprawdy-warszawa-uczestnicy-telefony-009-450x300.jpg 450w, https:\/\/marcinkrokowski.com\/wp-content\/uploads\/2026\/08\/fotorelacja-debata-prasowa-dieta-nieprawdy-warszawa-uczestnicy-telefony-009-768x512.jpg 768w, https:\/\/marcinkrokowski.com\/wp-content\/uploads\/2026\/08\/fotorelacja-debata-prasowa-dieta-nieprawdy-warszawa-uczestnicy-telefony-009-1536x1024.jpg 1536w, https:\/\/marcinkrokowski.com\/wp-content\/uploads\/2026\/08\/fotorelacja-debata-prasowa-dieta-nieprawdy-warszawa-uczestnicy-telefony-009.jpg 1920w\" sizes=\"auto, (max-width: 1200px) 100vw, 1200px\" \/><\/figure>\n<\/figure>\n\n\n\n<figure class=\"wp-block-gallery alignwide has-nested-images columns-1 is-cropped wp-block-gallery-7 is-layout-flex wp-block-gallery-is-layout-flex\" data-block-type=\"core\">\n<figure class=\"wp-block-image size-large\" data-block-type=\"core\"><img loading=\"lazy\" decoding=\"async\" width=\"1200\" height=\"800\" data-id=\"36071\" src=\"https:\/\/marcinkrokowski.com\/wp-content\/uploads\/2026\/08\/fotorelacja-debata-prasowa-dieta-nieprawdy-warszawa-gest-cicho-publicznosc-010-1200x800.jpg\" alt=\"Teilnehmer der Pressedebatte Dieta (nie)prawdy h\u00f6ren der Pr\u00e4sentation zu\" class=\"wp-image-36071\" title=\"\" srcset=\"https:\/\/marcinkrokowski.com\/wp-content\/uploads\/2026\/08\/fotorelacja-debata-prasowa-dieta-nieprawdy-warszawa-gest-cicho-publicznosc-010-1200x800.jpg 1200w, https:\/\/marcinkrokowski.com\/wp-content\/uploads\/2026\/08\/fotorelacja-debata-prasowa-dieta-nieprawdy-warszawa-gest-cicho-publicznosc-010-900x600.jpg 900w, https:\/\/marcinkrokowski.com\/wp-content\/uploads\/2026\/08\/fotorelacja-debata-prasowa-dieta-nieprawdy-warszawa-gest-cicho-publicznosc-010-450x300.jpg 450w, https:\/\/marcinkrokowski.com\/wp-content\/uploads\/2026\/08\/fotorelacja-debata-prasowa-dieta-nieprawdy-warszawa-gest-cicho-publicznosc-010-768x512.jpg 768w, https:\/\/marcinkrokowski.com\/wp-content\/uploads\/2026\/08\/fotorelacja-debata-prasowa-dieta-nieprawdy-warszawa-gest-cicho-publicznosc-010-1536x1024.jpg 1536w, https:\/\/marcinkrokowski.com\/wp-content\/uploads\/2026\/08\/fotorelacja-debata-prasowa-dieta-nieprawdy-warszawa-gest-cicho-publicznosc-010.jpg 1920w\" sizes=\"auto, (max-width: 1200px) 100vw, 1200px\" \/><\/figure>\n<\/figure>\n\n\n\n<figure class=\"wp-block-gallery alignwide has-nested-images columns-1 is-cropped wp-block-gallery-8 is-layout-flex wp-block-gallery-is-layout-flex\" data-block-type=\"core\">\n<figure class=\"wp-block-image size-large\" data-block-type=\"core\"><img loading=\"lazy\" decoding=\"async\" width=\"1200\" height=\"800\" data-id=\"36091\" src=\"https:\/\/marcinkrokowski.com\/wp-content\/uploads\/2026\/08\/fotorelacja-debata-prasowa-dieta-nieprawdy-warszawa-wywiad-ekran-raport-011-1200x800.jpg\" alt=\"Aufnahme eines Interviews nach der Debatte - Bildschirm mit dem Titel des Berichts Zdrowie w erze AI\" class=\"wp-image-36091\" title=\"\" srcset=\"https:\/\/marcinkrokowski.com\/wp-content\/uploads\/2026\/08\/fotorelacja-debata-prasowa-dieta-nieprawdy-warszawa-wywiad-ekran-raport-011-1200x800.jpg 1200w, https:\/\/marcinkrokowski.com\/wp-content\/uploads\/2026\/08\/fotorelacja-debata-prasowa-dieta-nieprawdy-warszawa-wywiad-ekran-raport-011-900x600.jpg 900w, https:\/\/marcinkrokowski.com\/wp-content\/uploads\/2026\/08\/fotorelacja-debata-prasowa-dieta-nieprawdy-warszawa-wywiad-ekran-raport-011-450x300.jpg 450w, https:\/\/marcinkrokowski.com\/wp-content\/uploads\/2026\/08\/fotorelacja-debata-prasowa-dieta-nieprawdy-warszawa-wywiad-ekran-raport-011-768x512.jpg 768w, https:\/\/marcinkrokowski.com\/wp-content\/uploads\/2026\/08\/fotorelacja-debata-prasowa-dieta-nieprawdy-warszawa-wywiad-ekran-raport-011-1536x1024.jpg 1536w, https:\/\/marcinkrokowski.com\/wp-content\/uploads\/2026\/08\/fotorelacja-debata-prasowa-dieta-nieprawdy-warszawa-wywiad-ekran-raport-011.jpg 1920w\" sizes=\"auto, (max-width: 1200px) 100vw, 1200px\" \/><\/figure>\n<\/figure>\n\n\n\n<figure class=\"wp-block-gallery alignwide has-nested-images columns-1 is-cropped wp-block-gallery-9 is-layout-flex wp-block-gallery-is-layout-flex\" data-block-type=\"core\">\n<figure class=\"wp-block-image size-large\" data-block-type=\"core\"><img loading=\"lazy\" decoding=\"async\" width=\"1200\" height=\"800\" data-id=\"36074\" src=\"https:\/\/marcinkrokowski.com\/wp-content\/uploads\/2026\/08\/fotorelacja-debata-prasowa-dieta-nieprawdy-warszawa-networking-bar-012-1200x800.jpg\" alt=\"Networking nach der Pressedebatte Dieta (nie)prawdy\" class=\"wp-image-36074\" title=\"\" srcset=\"https:\/\/marcinkrokowski.com\/wp-content\/uploads\/2026\/08\/fotorelacja-debata-prasowa-dieta-nieprawdy-warszawa-networking-bar-012-1200x800.jpg 1200w, https:\/\/marcinkrokowski.com\/wp-content\/uploads\/2026\/08\/fotorelacja-debata-prasowa-dieta-nieprawdy-warszawa-networking-bar-012-900x600.jpg 900w, https:\/\/marcinkrokowski.com\/wp-content\/uploads\/2026\/08\/fotorelacja-debata-prasowa-dieta-nieprawdy-warszawa-networking-bar-012-450x300.jpg 450w, https:\/\/marcinkrokowski.com\/wp-content\/uploads\/2026\/08\/fotorelacja-debata-prasowa-dieta-nieprawdy-warszawa-networking-bar-012-768x512.jpg 768w, https:\/\/marcinkrokowski.com\/wp-content\/uploads\/2026\/08\/fotorelacja-debata-prasowa-dieta-nieprawdy-warszawa-networking-bar-012-1536x1024.jpg 1536w, https:\/\/marcinkrokowski.com\/wp-content\/uploads\/2026\/08\/fotorelacja-debata-prasowa-dieta-nieprawdy-warszawa-networking-bar-012.jpg 1920w\" sizes=\"auto, (max-width: 1200px) 100vw, 1200px\" \/><\/figure>\n<\/figure>\n\n\n\n<figure class=\"wp-block-gallery alignwide has-nested-images columns-1 is-cropped wp-block-gallery-10 is-layout-flex wp-block-gallery-is-layout-flex\" data-block-type=\"core\">\n<figure class=\"wp-block-image size-large\" data-block-type=\"core\"><img loading=\"lazy\" decoding=\"async\" width=\"1200\" height=\"800\" data-id=\"36069\" src=\"https:\/\/marcinkrokowski.com\/wp-content\/uploads\/2026\/08\/fotorelacja-debata-prasowa-dieta-nieprawdy-warszawa-catering-detal-013-1200x800.jpg\" alt=\"Catering bei der Pressedebatte Dieta (nie)prawdy\" class=\"wp-image-36069\" title=\"\" srcset=\"https:\/\/marcinkrokowski.com\/wp-content\/uploads\/2026\/08\/fotorelacja-debata-prasowa-dieta-nieprawdy-warszawa-catering-detal-013-1200x800.jpg 1200w, https:\/\/marcinkrokowski.com\/wp-content\/uploads\/2026\/08\/fotorelacja-debata-prasowa-dieta-nieprawdy-warszawa-catering-detal-013-900x600.jpg 900w, https:\/\/marcinkrokowski.com\/wp-content\/uploads\/2026\/08\/fotorelacja-debata-prasowa-dieta-nieprawdy-warszawa-catering-detal-013-450x300.jpg 450w, https:\/\/marcinkrokowski.com\/wp-content\/uploads\/2026\/08\/fotorelacja-debata-prasowa-dieta-nieprawdy-warszawa-catering-detal-013-768x512.jpg 768w, https:\/\/marcinkrokowski.com\/wp-content\/uploads\/2026\/08\/fotorelacja-debata-prasowa-dieta-nieprawdy-warszawa-catering-detal-013-1536x1024.jpg 1536w, https:\/\/marcinkrokowski.com\/wp-content\/uploads\/2026\/08\/fotorelacja-debata-prasowa-dieta-nieprawdy-warszawa-catering-detal-013.jpg 1920w\" sizes=\"auto, (max-width: 1200px) 100vw, 1200px\" \/><\/figure>\n<\/figure>\n\n\n\n<figure class=\"wp-block-gallery alignwide has-nested-images columns-1 is-cropped wp-block-gallery-11 is-layout-flex wp-block-gallery-is-layout-flex\" data-block-type=\"core\">\n<figure class=\"wp-block-image size-large\" data-block-type=\"core\"><img loading=\"lazy\" decoding=\"async\" width=\"1200\" height=\"800\" data-id=\"36075\" src=\"https:\/\/marcinkrokowski.com\/wp-content\/uploads\/2026\/08\/fotorelacja-debata-prasowa-dieta-nieprawdy-warszawa-networking-przed-sesja-014-1200x800.jpg\" alt=\"Networking vor der Pressedebatte Dieta (nie)prawdy in Warschau\" class=\"wp-image-36075\" title=\"\" srcset=\"https:\/\/marcinkrokowski.com\/wp-content\/uploads\/2026\/08\/fotorelacja-debata-prasowa-dieta-nieprawdy-warszawa-networking-przed-sesja-014-1200x800.jpg 1200w, https:\/\/marcinkrokowski.com\/wp-content\/uploads\/2026\/08\/fotorelacja-debata-prasowa-dieta-nieprawdy-warszawa-networking-przed-sesja-014-900x600.jpg 900w, https:\/\/marcinkrokowski.com\/wp-content\/uploads\/2026\/08\/fotorelacja-debata-prasowa-dieta-nieprawdy-warszawa-networking-przed-sesja-014-450x300.jpg 450w, https:\/\/marcinkrokowski.com\/wp-content\/uploads\/2026\/08\/fotorelacja-debata-prasowa-dieta-nieprawdy-warszawa-networking-przed-sesja-014-768x512.jpg 768w, https:\/\/marcinkrokowski.com\/wp-content\/uploads\/2026\/08\/fotorelacja-debata-prasowa-dieta-nieprawdy-warszawa-networking-przed-sesja-014-1536x1024.jpg 1536w, https:\/\/marcinkrokowski.com\/wp-content\/uploads\/2026\/08\/fotorelacja-debata-prasowa-dieta-nieprawdy-warszawa-networking-przed-sesja-014.jpg 1920w\" sizes=\"auto, (max-width: 1200px) 100vw, 1200px\" \/><\/figure>\n<\/figure>\n\n\n\n<figure class=\"wp-block-gallery alignwide has-nested-images columns-1 is-cropped wp-block-gallery-12 is-layout-flex wp-block-gallery-is-layout-flex\" data-block-type=\"core\">\n<figure class=\"wp-block-image size-large\" data-block-type=\"core\"><img loading=\"lazy\" decoding=\"async\" width=\"1200\" height=\"800\" data-id=\"36090\" src=\"https:\/\/marcinkrokowski.com\/wp-content\/uploads\/2026\/08\/fotorelacja-debata-prasowa-dieta-nieprawdy-warszawa-widok-stadion-sylwetki-015-1200x800.jpg\" alt=\"G\u00e4ste im Gespr\u00e4ch vor dem Nationalstadion w\u00e4hrend der Debatte Dieta (nie)prawdy\" class=\"wp-image-36090\" title=\"\" srcset=\"https:\/\/marcinkrokowski.com\/wp-content\/uploads\/2026\/08\/fotorelacja-debata-prasowa-dieta-nieprawdy-warszawa-widok-stadion-sylwetki-015-1200x800.jpg 1200w, https:\/\/marcinkrokowski.com\/wp-content\/uploads\/2026\/08\/fotorelacja-debata-prasowa-dieta-nieprawdy-warszawa-widok-stadion-sylwetki-015-900x600.jpg 900w, https:\/\/marcinkrokowski.com\/wp-content\/uploads\/2026\/08\/fotorelacja-debata-prasowa-dieta-nieprawdy-warszawa-widok-stadion-sylwetki-015-450x300.jpg 450w, https:\/\/marcinkrokowski.com\/wp-content\/uploads\/2026\/08\/fotorelacja-debata-prasowa-dieta-nieprawdy-warszawa-widok-stadion-sylwetki-015-768x512.jpg 768w, https:\/\/marcinkrokowski.com\/wp-content\/uploads\/2026\/08\/fotorelacja-debata-prasowa-dieta-nieprawdy-warszawa-widok-stadion-sylwetki-015-1536x1024.jpg 1536w, https:\/\/marcinkrokowski.com\/wp-content\/uploads\/2026\/08\/fotorelacja-debata-prasowa-dieta-nieprawdy-warszawa-widok-stadion-sylwetki-015.jpg 1920w\" sizes=\"auto, (max-width: 1200px) 100vw, 1200px\" \/><\/figure>\n<\/figure>\n\n\n\n<figure class=\"wp-block-gallery alignwide has-nested-images columns-1 is-cropped wp-block-gallery-13 is-layout-flex wp-block-gallery-is-layout-flex\" data-block-type=\"core\">\n<figure class=\"wp-block-image size-large\" data-block-type=\"core\"><img loading=\"lazy\" decoding=\"async\" width=\"1200\" height=\"800\" data-id=\"36082\" src=\"https:\/\/marcinkrokowski.com\/wp-content\/uploads\/2026\/08\/fotorelacja-debata-prasowa-dieta-nieprawdy-warszawa-rozmowa-kuluarowa-016-1200x800.jpg\" alt=\"Ein Gespr\u00e4ch am Rande w\u00e4hrend der Pressedebatte Dieta (nie)prawdy\" class=\"wp-image-36082\" title=\"\" srcset=\"https:\/\/marcinkrokowski.com\/wp-content\/uploads\/2026\/08\/fotorelacja-debata-prasowa-dieta-nieprawdy-warszawa-rozmowa-kuluarowa-016-1200x800.jpg 1200w, https:\/\/marcinkrokowski.com\/wp-content\/uploads\/2026\/08\/fotorelacja-debata-prasowa-dieta-nieprawdy-warszawa-rozmowa-kuluarowa-016-900x600.jpg 900w, https:\/\/marcinkrokowski.com\/wp-content\/uploads\/2026\/08\/fotorelacja-debata-prasowa-dieta-nieprawdy-warszawa-rozmowa-kuluarowa-016-450x300.jpg 450w, https:\/\/marcinkrokowski.com\/wp-content\/uploads\/2026\/08\/fotorelacja-debata-prasowa-dieta-nieprawdy-warszawa-rozmowa-kuluarowa-016-768x512.jpg 768w, https:\/\/marcinkrokowski.com\/wp-content\/uploads\/2026\/08\/fotorelacja-debata-prasowa-dieta-nieprawdy-warszawa-rozmowa-kuluarowa-016-1536x1024.jpg 1536w, https:\/\/marcinkrokowski.com\/wp-content\/uploads\/2026\/08\/fotorelacja-debata-prasowa-dieta-nieprawdy-warszawa-rozmowa-kuluarowa-016.jpg 1920w\" sizes=\"auto, (max-width: 1200px) 100vw, 1200px\" \/><\/figure>\n<\/figure>\n\n\n\n<figure class=\"wp-block-gallery alignwide has-nested-images columns-1 is-cropped wp-block-gallery-14 is-layout-flex wp-block-gallery-is-layout-flex\" data-block-type=\"core\">\n<figure class=\"wp-block-image size-large\" data-block-type=\"core\"><img loading=\"lazy\" decoding=\"async\" width=\"1200\" height=\"800\" data-id=\"36077\" src=\"https:\/\/marcinkrokowski.com\/wp-content\/uploads\/2026\/08\/fotorelacja-debata-prasowa-dieta-nieprawdy-warszawa-portret-w-oknie-017-1200x800.jpg\" alt=\"Ein Moment der Konzentration w\u00e4hrend der Pause bei der Debatte Dieta (nie)prawdy\" class=\"wp-image-36077\" title=\"\" srcset=\"https:\/\/marcinkrokowski.com\/wp-content\/uploads\/2026\/08\/fotorelacja-debata-prasowa-dieta-nieprawdy-warszawa-portret-w-oknie-017-1200x800.jpg 1200w, https:\/\/marcinkrokowski.com\/wp-content\/uploads\/2026\/08\/fotorelacja-debata-prasowa-dieta-nieprawdy-warszawa-portret-w-oknie-017-900x600.jpg 900w, https:\/\/marcinkrokowski.com\/wp-content\/uploads\/2026\/08\/fotorelacja-debata-prasowa-dieta-nieprawdy-warszawa-portret-w-oknie-017-450x300.jpg 450w, https:\/\/marcinkrokowski.com\/wp-content\/uploads\/2026\/08\/fotorelacja-debata-prasowa-dieta-nieprawdy-warszawa-portret-w-oknie-017-768x512.jpg 768w, https:\/\/marcinkrokowski.com\/wp-content\/uploads\/2026\/08\/fotorelacja-debata-prasowa-dieta-nieprawdy-warszawa-portret-w-oknie-017-1536x1024.jpg 1536w, https:\/\/marcinkrokowski.com\/wp-content\/uploads\/2026\/08\/fotorelacja-debata-prasowa-dieta-nieprawdy-warszawa-portret-w-oknie-017.jpg 1920w\" sizes=\"auto, (max-width: 1200px) 100vw, 1200px\" \/><\/figure>\n<\/figure>\n\n\n\n<figure class=\"wp-block-gallery alignwide has-nested-images columns-1 is-cropped wp-block-gallery-15 is-layout-flex wp-block-gallery-is-layout-flex\" data-block-type=\"core\">\n<figure class=\"wp-block-image size-large\" data-block-type=\"core\"><img loading=\"lazy\" decoding=\"async\" width=\"1200\" height=\"800\" data-id=\"36072\" src=\"https:\/\/marcinkrokowski.com\/wp-content\/uploads\/2026\/08\/fotorelacja-debata-prasowa-dieta-nieprawdy-warszawa-kula-dyskotekowa-panel-018-1200x800.jpg\" alt=\"Expertenpanel, gesehen durch den Innenraum des Saals - Debatte Dieta (nie)prawdy\" class=\"wp-image-36072\" title=\"\" srcset=\"https:\/\/marcinkrokowski.com\/wp-content\/uploads\/2026\/08\/fotorelacja-debata-prasowa-dieta-nieprawdy-warszawa-kula-dyskotekowa-panel-018-1200x800.jpg 1200w, https:\/\/marcinkrokowski.com\/wp-content\/uploads\/2026\/08\/fotorelacja-debata-prasowa-dieta-nieprawdy-warszawa-kula-dyskotekowa-panel-018-900x600.jpg 900w, https:\/\/marcinkrokowski.com\/wp-content\/uploads\/2026\/08\/fotorelacja-debata-prasowa-dieta-nieprawdy-warszawa-kula-dyskotekowa-panel-018-450x300.jpg 450w, https:\/\/marcinkrokowski.com\/wp-content\/uploads\/2026\/08\/fotorelacja-debata-prasowa-dieta-nieprawdy-warszawa-kula-dyskotekowa-panel-018-768x512.jpg 768w, https:\/\/marcinkrokowski.com\/wp-content\/uploads\/2026\/08\/fotorelacja-debata-prasowa-dieta-nieprawdy-warszawa-kula-dyskotekowa-panel-018-1536x1024.jpg 1536w, https:\/\/marcinkrokowski.com\/wp-content\/uploads\/2026\/08\/fotorelacja-debata-prasowa-dieta-nieprawdy-warszawa-kula-dyskotekowa-panel-018.jpg 1920w\" sizes=\"auto, (max-width: 1200px) 100vw, 1200px\" \/><\/figure>\n<\/figure>\n\n\n\n<figure class=\"wp-block-gallery alignwide has-nested-images columns-1 is-cropped wp-block-gallery-16 is-layout-flex wp-block-gallery-is-layout-flex\" data-block-type=\"core\">\n<figure class=\"wp-block-image size-large\" data-block-type=\"core\"><img loading=\"lazy\" decoding=\"async\" width=\"1200\" height=\"800\" data-id=\"36088\" src=\"https:\/\/marcinkrokowski.com\/wp-content\/uploads\/2026\/08\/fotorelacja-debata-prasowa-dieta-nieprawdy-warszawa-trzeci-panel-019-1200x800.jpg\" alt=\"Das dritte Expertenpanel w\u00e4hrend der Debatte Dieta (nie)prawdy\" class=\"wp-image-36088\" title=\"\" srcset=\"https:\/\/marcinkrokowski.com\/wp-content\/uploads\/2026\/08\/fotorelacja-debata-prasowa-dieta-nieprawdy-warszawa-trzeci-panel-019-1200x800.jpg 1200w, https:\/\/marcinkrokowski.com\/wp-content\/uploads\/2026\/08\/fotorelacja-debata-prasowa-dieta-nieprawdy-warszawa-trzeci-panel-019-900x600.jpg 900w, https:\/\/marcinkrokowski.com\/wp-content\/uploads\/2026\/08\/fotorelacja-debata-prasowa-dieta-nieprawdy-warszawa-trzeci-panel-019-450x300.jpg 450w, https:\/\/marcinkrokowski.com\/wp-content\/uploads\/2026\/08\/fotorelacja-debata-prasowa-dieta-nieprawdy-warszawa-trzeci-panel-019-768x512.jpg 768w, https:\/\/marcinkrokowski.com\/wp-content\/uploads\/2026\/08\/fotorelacja-debata-prasowa-dieta-nieprawdy-warszawa-trzeci-panel-019-1536x1024.jpg 1536w, https:\/\/marcinkrokowski.com\/wp-content\/uploads\/2026\/08\/fotorelacja-debata-prasowa-dieta-nieprawdy-warszawa-trzeci-panel-019.jpg 1920w\" sizes=\"auto, (max-width: 1200px) 100vw, 1200px\" \/><\/figure>\n<\/figure>\n\n\n\n<figure class=\"wp-block-gallery alignwide has-nested-images columns-1 is-cropped wp-block-gallery-17 is-layout-flex wp-block-gallery-is-layout-flex\" data-block-type=\"core\">\n<figure class=\"wp-block-image size-large\" data-block-type=\"core\"><img loading=\"lazy\" decoding=\"async\" width=\"1200\" height=\"800\" data-id=\"36068\" src=\"https:\/\/marcinkrokowski.com\/wp-content\/uploads\/2026\/08\/fotorelacja-debata-prasowa-dieta-nieprawdy-warszawa-backstage-przygotowanie-021-1200x800.jpg\" alt=\"Vorbereitung auf ein Interview vor der Debatte Dieta (nie)prawdy\" class=\"wp-image-36068\" title=\"\" srcset=\"https:\/\/marcinkrokowski.com\/wp-content\/uploads\/2026\/08\/fotorelacja-debata-prasowa-dieta-nieprawdy-warszawa-backstage-przygotowanie-021-1200x800.jpg 1200w, https:\/\/marcinkrokowski.com\/wp-content\/uploads\/2026\/08\/fotorelacja-debata-prasowa-dieta-nieprawdy-warszawa-backstage-przygotowanie-021-900x600.jpg 900w, https:\/\/marcinkrokowski.com\/wp-content\/uploads\/2026\/08\/fotorelacja-debata-prasowa-dieta-nieprawdy-warszawa-backstage-przygotowanie-021-450x300.jpg 450w, https:\/\/marcinkrokowski.com\/wp-content\/uploads\/2026\/08\/fotorelacja-debata-prasowa-dieta-nieprawdy-warszawa-backstage-przygotowanie-021-768x512.jpg 768w, https:\/\/marcinkrokowski.com\/wp-content\/uploads\/2026\/08\/fotorelacja-debata-prasowa-dieta-nieprawdy-warszawa-backstage-przygotowanie-021-1536x1024.jpg 1536w, https:\/\/marcinkrokowski.com\/wp-content\/uploads\/2026\/08\/fotorelacja-debata-prasowa-dieta-nieprawdy-warszawa-backstage-przygotowanie-021.jpg 1920w\" sizes=\"auto, (max-width: 1200px) 100vw, 1200px\" \/><\/figure>\n<\/figure>\n\n\n\n<figure class=\"wp-block-gallery alignwide has-nested-images columns-1 is-cropped wp-block-gallery-18 is-layout-flex wp-block-gallery-is-layout-flex\" data-block-type=\"core\">\n<figure class=\"wp-block-image size-large\" data-block-type=\"core\"><img loading=\"lazy\" decoding=\"async\" width=\"1200\" height=\"800\" data-id=\"36081\" src=\"https:\/\/marcinkrokowski.com\/wp-content\/uploads\/2026\/08\/fotorelacja-debata-prasowa-dieta-nieprawdy-warszawa-publicznosc-oklaski-022-1200x800.jpg\" alt=\"Das Publikum applaudiert dem Panel der Debatte Dieta (nie)prawdy\" class=\"wp-image-36081\" title=\"\" srcset=\"https:\/\/marcinkrokowski.com\/wp-content\/uploads\/2026\/08\/fotorelacja-debata-prasowa-dieta-nieprawdy-warszawa-publicznosc-oklaski-022-1200x800.jpg 1200w, https:\/\/marcinkrokowski.com\/wp-content\/uploads\/2026\/08\/fotorelacja-debata-prasowa-dieta-nieprawdy-warszawa-publicznosc-oklaski-022-900x600.jpg 900w, https:\/\/marcinkrokowski.com\/wp-content\/uploads\/2026\/08\/fotorelacja-debata-prasowa-dieta-nieprawdy-warszawa-publicznosc-oklaski-022-450x300.jpg 450w, https:\/\/marcinkrokowski.com\/wp-content\/uploads\/2026\/08\/fotorelacja-debata-prasowa-dieta-nieprawdy-warszawa-publicznosc-oklaski-022-768x512.jpg 768w, https:\/\/marcinkrokowski.com\/wp-content\/uploads\/2026\/08\/fotorelacja-debata-prasowa-dieta-nieprawdy-warszawa-publicznosc-oklaski-022-1536x1024.jpg 1536w, https:\/\/marcinkrokowski.com\/wp-content\/uploads\/2026\/08\/fotorelacja-debata-prasowa-dieta-nieprawdy-warszawa-publicznosc-oklaski-022.jpg 1920w\" sizes=\"auto, (max-width: 1200px) 100vw, 1200px\" \/><\/figure>\n<\/figure>\n\n\n\n<figure class=\"wp-block-gallery alignwide has-nested-images columns-1 is-cropped wp-block-gallery-19 is-layout-flex wp-block-gallery-is-layout-flex\" data-block-type=\"core\">\n<figure class=\"wp-block-image size-large\" data-block-type=\"core\"><img loading=\"lazy\" decoding=\"async\" width=\"1200\" height=\"800\" data-id=\"36087\" src=\"https:\/\/marcinkrokowski.com\/wp-content\/uploads\/2026\/08\/fotorelacja-debata-prasowa-dieta-nieprawdy-warszawa-stoisko-napoje-raport-023-1200x800.jpg\" alt=\"Ein Getr\u00e4nkestand vor dem Titel des Berichts Zdrowie w erze AI\" class=\"wp-image-36087\" title=\"\" srcset=\"https:\/\/marcinkrokowski.com\/wp-content\/uploads\/2026\/08\/fotorelacja-debata-prasowa-dieta-nieprawdy-warszawa-stoisko-napoje-raport-023-1200x800.jpg 1200w, https:\/\/marcinkrokowski.com\/wp-content\/uploads\/2026\/08\/fotorelacja-debata-prasowa-dieta-nieprawdy-warszawa-stoisko-napoje-raport-023-900x600.jpg 900w, https:\/\/marcinkrokowski.com\/wp-content\/uploads\/2026\/08\/fotorelacja-debata-prasowa-dieta-nieprawdy-warszawa-stoisko-napoje-raport-023-450x300.jpg 450w, https:\/\/marcinkrokowski.com\/wp-content\/uploads\/2026\/08\/fotorelacja-debata-prasowa-dieta-nieprawdy-warszawa-stoisko-napoje-raport-023-768x512.jpg 768w, https:\/\/marcinkrokowski.com\/wp-content\/uploads\/2026\/08\/fotorelacja-debata-prasowa-dieta-nieprawdy-warszawa-stoisko-napoje-raport-023-1536x1024.jpg 1536w, https:\/\/marcinkrokowski.com\/wp-content\/uploads\/2026\/08\/fotorelacja-debata-prasowa-dieta-nieprawdy-warszawa-stoisko-napoje-raport-023.jpg 1920w\" sizes=\"auto, (max-width: 1200px) 100vw, 1200px\" \/><\/figure>\n<\/figure>\n\n\n\n<figure class=\"wp-block-gallery alignwide has-nested-images columns-1 is-cropped wp-block-gallery-20 is-layout-flex wp-block-gallery-is-layout-flex\" data-block-type=\"core\">\n<figure class=\"wp-block-image size-large\" data-block-type=\"core\"><img loading=\"lazy\" decoding=\"async\" width=\"1200\" height=\"800\" data-id=\"36092\" src=\"https:\/\/marcinkrokowski.com\/wp-content\/uploads\/2026\/08\/fotorelacja-debata-prasowa-dieta-nieprawdy-warszawa-zdjecie-grupowe-zespol-024-1200x800.jpg\" alt=\"Das Organisationsteam der Pressedebatte Dieta (nie)prawdy\" class=\"wp-image-36092\" title=\"\" srcset=\"https:\/\/marcinkrokowski.com\/wp-content\/uploads\/2026\/08\/fotorelacja-debata-prasowa-dieta-nieprawdy-warszawa-zdjecie-grupowe-zespol-024-1200x800.jpg 1200w, https:\/\/marcinkrokowski.com\/wp-content\/uploads\/2026\/08\/fotorelacja-debata-prasowa-dieta-nieprawdy-warszawa-zdjecie-grupowe-zespol-024-900x600.jpg 900w, https:\/\/marcinkrokowski.com\/wp-content\/uploads\/2026\/08\/fotorelacja-debata-prasowa-dieta-nieprawdy-warszawa-zdjecie-grupowe-zespol-024-450x300.jpg 450w, https:\/\/marcinkrokowski.com\/wp-content\/uploads\/2026\/08\/fotorelacja-debata-prasowa-dieta-nieprawdy-warszawa-zdjecie-grupowe-zespol-024-768x512.jpg 768w, https:\/\/marcinkrokowski.com\/wp-content\/uploads\/2026\/08\/fotorelacja-debata-prasowa-dieta-nieprawdy-warszawa-zdjecie-grupowe-zespol-024-1536x1024.jpg 1536w, https:\/\/marcinkrokowski.com\/wp-content\/uploads\/2026\/08\/fotorelacja-debata-prasowa-dieta-nieprawdy-warszawa-zdjecie-grupowe-zespol-024.jpg 1920w\" sizes=\"auto, (max-width: 1200px) 100vw, 1200px\" \/><\/figure>\n<\/figure>\n\n\n\n<figure class=\"wp-block-gallery alignwide has-nested-images columns-1 is-cropped wp-block-gallery-21 is-layout-flex wp-block-gallery-is-layout-flex\" data-block-type=\"core\">\n<figure class=\"wp-block-image size-large\" data-block-type=\"core\"><img loading=\"lazy\" decoding=\"async\" width=\"1200\" height=\"800\" data-id=\"36083\" src=\"https:\/\/marcinkrokowski.com\/wp-content\/uploads\/2026\/08\/fotorelacja-debata-prasowa-dieta-nieprawdy-warszawa-rozmowa-kuluarowa-zamkniecie-025-1200x800.jpg\" alt=\"Ein Gespr\u00e4ch am Rande der Pressedebatte Dieta (nie)prawdy\" class=\"wp-image-36083\" title=\"\" srcset=\"https:\/\/marcinkrokowski.com\/wp-content\/uploads\/2026\/08\/fotorelacja-debata-prasowa-dieta-nieprawdy-warszawa-rozmowa-kuluarowa-zamkniecie-025-1200x800.jpg 1200w, https:\/\/marcinkrokowski.com\/wp-content\/uploads\/2026\/08\/fotorelacja-debata-prasowa-dieta-nieprawdy-warszawa-rozmowa-kuluarowa-zamkniecie-025-900x600.jpg 900w, https:\/\/marcinkrokowski.com\/wp-content\/uploads\/2026\/08\/fotorelacja-debata-prasowa-dieta-nieprawdy-warszawa-rozmowa-kuluarowa-zamkniecie-025-450x300.jpg 450w, https:\/\/marcinkrokowski.com\/wp-content\/uploads\/2026\/08\/fotorelacja-debata-prasowa-dieta-nieprawdy-warszawa-rozmowa-kuluarowa-zamkniecie-025-768x512.jpg 768w, https:\/\/marcinkrokowski.com\/wp-content\/uploads\/2026\/08\/fotorelacja-debata-prasowa-dieta-nieprawdy-warszawa-rozmowa-kuluarowa-zamkniecie-025-1536x1024.jpg 1536w, https:\/\/marcinkrokowski.com\/wp-content\/uploads\/2026\/08\/fotorelacja-debata-prasowa-dieta-nieprawdy-warszawa-rozmowa-kuluarowa-zamkniecie-025.jpg 1920w\" sizes=\"auto, (max-width: 1200px) 100vw, 1200px\" \/><\/figure>\n<\/figure>\n","protected":false},"excerpt":{"rendered":"<p>Bei einer Debatte dar\u00fcber, was wir vor unserem Ern\u00e4hrungsberater verbergen, legte einer der G\u00e4ste den Finger auf die Lippen. Solche Momente lassen sich nicht planen.<\/p>\n","protected":false},"author":0,"featured_media":36085,"parent":0,"comment_status":"closed","ping_status":"closed","template":"","kategoria_portfolio":[70],"class_list":["post-37250","portfolio","type-portfolio","status-publish","has-post-thumbnail","hentry","kategoria_portfolio-treffen-mit-der-presse","infinite-scroll-item","generate-columns","tablet-grid-50","mobile-grid-100","grid-parent","grid-33"],"_links":{"self":[{"href":"https:\/\/marcinkrokowski.com\/de\/wp-json\/wp\/v2\/portfolio\/37250","targetHints":{"allow":["GET"]}}],"collection":[{"href":"https:\/\/marcinkrokowski.com\/de\/wp-json\/wp\/v2\/portfolio"}],"about":[{"href":"https:\/\/marcinkrokowski.com\/de\/wp-json\/wp\/v2\/types\/portfolio"}],"replies":[{"embeddable":true,"href":"https:\/\/marcinkrokowski.com\/de\/wp-json\/wp\/v2\/comments?post=37250"}],"version-history":[{"count":0,"href":"https:\/\/marcinkrokowski.com\/de\/wp-json\/wp\/v2\/portfolio\/37250\/revisions"}],"wp:featuredmedia":[{"embeddable":true,"href":"https:\/\/marcinkrokowski.com\/de\/wp-json\/wp\/v2\/media\/36085"}],"wp:attachment":[{"href":"https:\/\/marcinkrokowski.com\/de\/wp-json\/wp\/v2\/media?parent=37250"}],"wp:term":[{"taxonomy":"kategoria_portfolio","embeddable":true,"href":"https:\/\/marcinkrokowski.com\/de\/wp-json\/wp\/v2\/kategoria_portfolio?post=37250"}],"curies":[{"name":"wp","href":"https:\/\/api.w.org\/{rel}","templated":true}]}}