{"id":37242,"date":"2026-08-17T22:00:00","date_gmt":"2026-08-17T20:00:00","guid":{"rendered":"https:\/\/marcinkrokowski.com\/portfolio\/aes-europe-2025-konvention\/"},"modified":"2026-08-17T22:00:00","modified_gmt":"2026-08-17T20:00:00","slug":"aes-europe-2025-konvention","status":"publish","type":"portfolio","link":"https:\/\/marcinkrokowski.com\/de\/portfolio\/aes-europe-2025-konvention\/","title":{"rendered":"Fotoreportage von der AES Europe 2025: einer internationalen Audio-Konvention in Warschau"},"content":{"rendered":"\n<div class=\"wp-block-stackable-columns stk-block-columns stk-block stk-cf7cd54 stk-block-background\" data-block-id=\"cf7cd54\" data-block-type=\"core\" data-block-type=\"core\"><style>.stk-cf7cd54 {background-color:var(--bg-secondary) !important;border-top-left-radius:12px !important;border-top-right-radius:12px !important;border-bottom-right-radius:12px !important;border-bottom-left-radius:12px !important;overflow:hidden !important;box-shadow:5px 10px 30px 0px #0000004f !important;border-style:solid !important;border-top-width:1px !important;border-right-width:1px !important;border-bottom-width:1px !important;border-left-width:1px !important;min-height:200px !important;align-items:flex-start !important;max-width:900px !important;min-width:auto !important;margin-bottom:40px !important;display:flex !important;}.stk-cf7cd54:before{background-color:var(--bg-secondary) !important;}.stk-cf7cd54-column{max-width:900px !important;min-width:auto !important;margin-right:auto !important;margin-left:auto !important;}<\/style><div class=\"stk-row stk-inner-blocks stk-block-content stk-content-align stk-cf7cd54-column\">\n<div class=\"wp-block-stackable-column stk-block-column stk-column stk-block stk-c5cce51\" data-v=\"4\" data-block-id=\"c5cce51\"><div class=\"stk-column-wrapper stk-block-column__content stk-container stk-c5cce51-container stk--no-background stk--no-padding\"><div class=\"stk-block-content stk-inner-blocks stk-c5cce51-inner-blocks\">\n<div class=\"wp-block-stackable-icon-list stk-block-icon-list stk-block stk-3254369\" data-block-id=\"3254369\"><style>.stk-3254369 .stk-block-icon-list-item__content{align-items:baseline !important;}@media screen and (max-width: 1023px){.stk-3254369 .stk-block-icon-list-item__content{align-items:baseline !important;}}@media screen and (max-width: 767px){.stk-3254369 .stk-block-icon-list-item__content{align-items:baseline !important;}}<\/style><svg style=\"display:none\"><defs><g id=\"stk-icon-list__icon-svg-def-3254369\"><svg xmlns=\"http:\/\/www.w3.org\/2000\/svg\" viewBox=\"0 0 190 190\"><polygon points=\"173.8,28.4 60.4,141.8 15.7,97.2 5.1,107.8 60.4,163 184.4,39 173.8,28.4\"\/><\/svg><\/g><\/defs><\/svg><ul class=\"stk-block-icon-list__ul stk-block-icon-list--column\">\n<li class=\"wp-block-stackable-icon-list-item stk-block-icon-list-item stk-block stk-e672d85\" data-block-id=\"e672d85\"><div class=\"stk-block-icon-list-item__content\"><span class=\"stk--svg-wrapper\"><div class=\"stk--inner-svg\"><svg xmlns=\"http:\/\/www.w3.org\/2000\/svg\" viewbox=\"0 0 384 512\" aria-hidden=\"true\" width=\"32\" height=\"32\"><path d=\"M64 48c-8.8 0-16 7.2-16 16V448c0 8.8 7.2 16 16 16h80V400c0-26.5 21.5-48 48-48s48 21.5 48 48v64h80c8.8 0 16-7.2 16-16V64c0-8.8-7.2-16-16-16H64zM0 64C0 28.7 28.7 0 64 0H320c35.3 0 64 28.7 64 64V448c0 35.3-28.7 64-64 64H64c-35.3 0-64-28.7-64-64V64zm88 40c0-8.8 7.2-16 16-16h48c8.8 0 16 7.2 16 16v48c0 8.8-7.2 16-16 16H104c-8.8 0-16-7.2-16-16V104zM232 88h48c8.8 0 16 7.2 16 16v48c0 8.8-7.2 16-16 16H232c-8.8 0-16-7.2-16-16V104c0-8.8 7.2-16 16-16zM88 232c0-8.8 7.2-16 16-16h48c8.8 0 16 7.2 16 16v48c0 8.8-7.2 16-16 16H104c-8.8 0-16-7.2-16-16V232zm144-16h48c8.8 0 16 7.2 16 16v48c0 8.8-7.2 16-16 16H232c-8.8 0-16-7.2-16-16V232c0-8.8 7.2-16 16-16z\"><\/path><\/svg><\/div><\/span><span class=\"stk-block-icon-list-item__text\"><strong>Kunde:<\/strong> <\/span><\/div><\/li>\n\n\n\n<li class=\"wp-block-stackable-icon-list-item stk-block-icon-list-item stk-block stk-1052ef5\" data-block-id=\"1052ef5\"><div class=\"stk-block-icon-list-item__content\"><span class=\"stk--svg-wrapper\"><div class=\"stk--inner-svg\"><svg xmlns=\"http:\/\/www.w3.org\/2000\/svg\" viewbox=\"0 0 576 512\" aria-hidden=\"true\" width=\"32\" height=\"32\"><path d=\"M264.5 5.2c14.9-6.9 32.1-6.9 47 0l218.6 101c8.5 3.9 13.9 12.4 13.9 21.8s-5.4 17.9-13.9 21.8l-218.6 101c-14.9 6.9-32.1 6.9-47 0L45.9 149.8C37.4 145.8 32 137.3 32 128s5.4-17.9 13.9-21.8L264.5 5.2zM476.9 209.6l53.2 24.6c8.5 3.9 13.9 12.4 13.9 21.8s-5.4 17.9-13.9 21.8l-218.6 101c-14.9 6.9-32.1 6.9-47 0L45.9 277.8C37.4 273.8 32 265.3 32 256s5.4-17.9 13.9-21.8l53.2-24.6 152 70.2c23.4 10.8 50.4 10.8 73.8 0l152-70.2zm-152 198.2l152-70.2 53.2 24.6c8.5 3.9 13.9 12.4 13.9 21.8s-5.4 17.9-13.9 21.8l-218.6 101c-14.9 6.9-32.1 6.9-47 0L45.9 405.8C37.4 401.8 32 393.3 32 384s5.4-17.9 13.9-21.8l53.2-24.6 152 70.2c23.4 10.8 50.4 10.8 73.8 0z\"><\/path><\/svg><\/div><\/span><span class=\"stk-block-icon-list-item__text\"><strong>Art der Veranstaltung:<\/strong> <a href=\"https:\/\/marcinkrokowski.com\/de\/kategoria-portfolio\/konferenzen\/\">Konferencje<\/a><\/span><\/div><\/li>\n\n\n\n<li class=\"wp-block-stackable-icon-list-item stk-block-icon-list-item stk-block stk-c0979fd\" data-block-id=\"c0979fd\"><div class=\"stk-block-icon-list-item__content\"><span class=\"stk--svg-wrapper\"><div class=\"stk--inner-svg\"><svg xmlns=\"http:\/\/www.w3.org\/2000\/svg\" viewbox=\"0 0 448 512\" aria-hidden=\"true\" width=\"32\" height=\"32\"><path d=\"M152 24c0-13.3-10.7-24-24-24s-24 10.7-24 24V64H64C28.7 64 0 92.7 0 128v16 48V448c0 35.3 28.7 64 64 64H384c35.3 0 64-28.7 64-64V192 144 128c0-35.3-28.7-64-64-64H344V24c0-13.3-10.7-24-24-24s-24 10.7-24 24V64H152V24zM48 192H400V448c0 8.8-7.2 16-16 16H64c-8.8 0-16-7.2-16-16V192z\"><\/path><\/svg><\/div><\/span><span class=\"stk-block-icon-list-item__text\"><strong>Datum des Ereignisses:<\/strong> <\/span><\/div><\/li>\n\n\n\n<li class=\"wp-block-stackable-icon-list-item stk-block-icon-list-item stk-block stk-d7db120\" data-block-id=\"d7db120\"><div class=\"stk-block-icon-list-item__content\"><span class=\"stk--svg-wrapper\"><div class=\"stk--inner-svg\"><svg xmlns=\"http:\/\/www.w3.org\/2000\/svg\" viewbox=\"0 0 384 512\" aria-hidden=\"true\" width=\"32\" height=\"32\"><path d=\"M215.7 499.2C267 435 384 279.4 384 192C384 86 298 0 192 0S0 86 0 192c0 87.4 117 243 168.3 307.2c12.3 15.3 35.1 15.3 47.4 0zM192 128a64 64 0 1 1 0 128 64 64 0 1 1 0-128z\"><\/path><\/svg><\/div><\/span><span class=\"stk-block-icon-list-item__text\"><strong>Standort:<\/strong> <\/span><\/div><\/li>\n\n\n\n<li class=\"wp-block-stackable-icon-list-item stk-block-icon-list-item stk-block stk-f9abdaf\" data-block-id=\"f9abdaf\"><div class=\"stk-block-icon-list-item__content\"><span class=\"stk--svg-wrapper\"><div class=\"stk--inner-svg\"><svg xmlns=\"http:\/\/www.w3.org\/2000\/svg\" viewbox=\"0 0 448 512\" aria-hidden=\"true\" width=\"32\" height=\"32\"><path d=\"M176 0c-17.7 0-32 14.3-32 32s14.3 32 32 32h16V98.4C92.3 113.8 16 200 16 304c0 114.9 93.1 208 208 208s208-93.1 208-208c0-41.8-12.3-80.7-33.5-113.2l24.1-24.1c12.5-12.5 12.5-32.8 0-45.3s-32.8-12.5-45.3 0L355.7 143c-28.1-23-62.2-38.8-99.7-44.6V64h16c17.7 0 32-14.3 32-32s-14.3-32-32-32H224 176zm72 192V320c0 13.3-10.7 24-24 24s-24-10.7-24-24V192c0-13.3 10.7-24 24-24s24 10.7 24 24z\"><\/path><\/svg><\/div><\/span><span class=\"stk-block-icon-list-item__text\"><strong>Dauer der Reportage:<\/strong> <\/span><\/div><\/li>\n\n\n\n<li class=\"wp-block-stackable-icon-list-item stk-block-icon-list-item stk-block stk-be1686d\" data-block-id=\"be1686d\"><div class=\"stk-block-icon-list-item__content\"><span class=\"stk--svg-wrapper\"><div class=\"stk--inner-svg\"><svg xmlns=\"http:\/\/www.w3.org\/2000\/svg\" viewbox=\"0 0 576 512\" aria-hidden=\"true\" width=\"32\" height=\"32\"><path d=\"M160 80H512c8.8 0 16 7.2 16 16V320c0 8.8-7.2 16-16 16H490.8L388.1 178.9c-4.4-6.8-12-10.9-20.1-10.9s-15.7 4.1-20.1 10.9l-52.2 79.8-12.4-16.9c-4.5-6.2-11.7-9.8-19.4-9.8s-14.8 3.6-19.4 9.8L175.6 336H160c-8.8 0-16-7.2-16-16V96c0-8.8 7.2-16 16-16zM96 96V320c0 35.3 28.7 64 64 64H512c35.3 0 64-28.7 64-64V96c0-35.3-28.7-64-64-64H160c-35.3 0-64 28.7-64 64zM48 120c0-13.3-10.7-24-24-24S0 106.7 0 120V344c0 75.1 60.9 136 136 136H456c13.3 0 24-10.7 24-24s-10.7-24-24-24H136c-48.6 0-88-39.4-88-88V120zm208 24a32 32 0 1 0 -64 0 32 32 0 1 0 64 0z\"><\/path><\/svg><\/div><\/span><span class=\"stk-block-icon-list-item__text\"><strong>Anzahl der gelieferten Fotos:<\/strong> <\/span><\/div><\/li>\n\n\n\n<li class=\"wp-block-stackable-icon-list-item stk-block-icon-list-item stk-block stk-65447a4\" data-block-id=\"65447a4\"><div class=\"stk-block-icon-list-item__content\"><span class=\"stk--svg-wrapper\"><div class=\"stk--inner-svg\"><svg xmlns=\"http:\/\/www.w3.org\/2000\/svg\" viewbox=\"0 0 640 512\" aria-hidden=\"true\" width=\"32\" height=\"32\"><path d=\"M184 48H328c4.4 0 8 3.6 8 8V96H176V56c0-4.4 3.6-8 8-8zm-56 8V96H64C28.7 96 0 124.7 0 160v96H192 352h8.2c32.3-39.1 81.1-64 135.8-64c5.4 0 10.7 .2 16 .7V160c0-35.3-28.7-64-64-64H384V56c0-30.9-25.1-56-56-56H184c-30.9 0-56 25.1-56 56zM320 352H224c-17.7 0-32-14.3-32-32V288H0V416c0 35.3 28.7 64 64 64H360.2C335.1 449.6 320 410.5 320 368c0-5.4 .2-10.7 .7-16l-.7 0zm320 16a144 144 0 1 0 -288 0 144 144 0 1 0 288 0zM496 288c8.8 0 16 7.2 16 16v48h32c8.8 0 16 7.2 16 16s-7.2 16-16 16H496c-8.8 0-16-7.2-16-16V304c0-8.8 7.2-16 16-16z\"><\/path><\/svg><\/div><\/span><span class=\"stk-block-icon-list-item__text\"><strong>Bearbeitungszeit:<\/strong> <\/span><\/div><\/li>\n<\/ul><\/div>\n<\/div><\/div><\/div>\n<\/div><\/div>\n\n\n\n<p class=\"wp-block-paragraph\" data-block-type=\"core\">Eine internationale Branchen-Konvention hat einen anderen Rhythmus als ein eint\u00e4giges Event. Drei Tage, mehrere parallele S\u00e4le, Referenten aus verschiedenen L\u00e4ndern und ein Zeitplan, der sich von Stunde zu Stunde \u00e4ndert.<\/p>\n\n\n\n<p class=\"wp-block-paragraph\" data-block-type=\"core\">Im Mai 2025 habe ich die AES Europe 2025, die Konvention der Audio Engineering Society, im ATM Studio in Warschau fotografiert. Drei Tage (22.-24.05.), mehrere parallele B\u00fchnen, Vortr\u00e4ge, Podiumsdiskussionen, ein Sponsorenbereich (Genelec, Sennheiser) und St\u00e4nde von Musikhochschulen aus der ganzen Welt.<\/p>\n\n\n\n<h2 class=\"wp-block-heading\" data-block-type=\"core\">Was geschah<\/h2>\n\n\n\n<p class=\"wp-block-paragraph\" data-block-type=\"core\">Am ersten Tag habe ich das Material vom Eingang an aufgebaut: Beschilderung, Willkommensbanner, die Architektur der Halle. Genau dieses Material landet am Ende der Veranstaltung meist in Zusammenfassungen und Einladungen zur n\u00e4chsten Ausgabe.<\/p>\n\n\n\n<p class=\"wp-block-paragraph\" data-block-type=\"core\">Jeder Tag hatte seinen eigenen Rhythmus aus Vortr\u00e4gen und Panels. Portr\u00e4t des Referenten am Rednerpult, weite Einstellung des Saals mit dem Publikum, Reaktionen des Saals w\u00e4hrend der Diskussionen. Bei Panels mit mehreren Gespr\u00e4chspartnern habe ich nah an der B\u00fchne gearbeitet, um den Schlagabtausch einzufangen, und weiter entfernt, um die Gr\u00f6\u00dfe des Saals zu zeigen.<\/p>\n\n\n\n<p class=\"wp-block-paragraph\" data-block-type=\"core\">Parallel dazu habe ich die Sponsoren- und Ausstellerbereiche dokumentiert: Demonstrationsst\u00e4nde, Studioausr\u00fcstung, Details von Konsolen und Mikrofonen. In den Kaffeepausen entstanden Networking-Aufnahmen an den St\u00e4nden der Hochschulen und Unternehmen.<\/p>\n\n\n\n<h2 class=\"wp-block-heading\" data-block-type=\"core\">Worauf ich geachtet habe<\/h2>\n\n\n\n<p class=\"wp-block-paragraph\" data-block-type=\"core\">Drei Tage bedeuten eine andere Arbeitsdimension als ein eint\u00e4giges Event: Das Material muss gleichm\u00e4\u00dfig verteilt werden, damit jeder Tag der Konvention seine eigene Repr\u00e4sentation hat und nicht nur Er\u00f6ffnung und Abschluss.<\/p>\n\n\n\n<p class=\"wp-block-paragraph\" data-block-type=\"core\">Ich habe auf die Inhalte auf den Pr\u00e4sentationsbildschirmen geachtet: In den Portfolio-Aufnahmen sind keine Daten oder Folien mit konkreten Forschungsergebnissen zu sehen, nur der allgemeine Kontext des Vortrags. Teilnehmer abseits der B\u00fchne erscheinen in vorteilhaften und neutralen Aufnahmen.<\/p>\n\n\n\n<h2 class=\"wp-block-heading\" data-block-type=\"core\">Ergebnis<\/h2>\n\n\n\n<p class=\"wp-block-paragraph\" data-block-type=\"core\">Aus dem Material der 3 Tage (1874 Fotos) habe ich eine Auswahl f\u00fcr das Portfolio getroffen, die einen Querschnitt der gesamten Konvention zeigt: Architektur und Branding, Referenten, Panels, Ausr\u00fcstungsdetails und Networking.<\/p>\n\n\n\n<figure class=\"wp-block-gallery alignwide has-nested-images columns-1 is-cropped wp-block-gallery-1 is-layout-flex wp-block-gallery-is-layout-flex\" data-block-type=\"core\">\n<figure class=\"wp-block-image size-large\" data-block-type=\"core\"><img loading=\"lazy\" decoding=\"async\" width=\"1200\" height=\"800\" data-id=\"35832\" src=\"https:\/\/marcinkrokowski.com\/wp-content\/uploads\/2026\/08\/fotograf-konferencji-aes-europe-warszawa-baner-powitalny-002-1200x800.jpg\" alt=\"Willkommensbanner der Konvention AES Europe 2025\" class=\"wp-image-35832\" title=\"\" srcset=\"https:\/\/marcinkrokowski.com\/wp-content\/uploads\/2026\/08\/fotograf-konferencji-aes-europe-warszawa-baner-powitalny-002-1200x800.jpg 1200w, https:\/\/marcinkrokowski.com\/wp-content\/uploads\/2026\/08\/fotograf-konferencji-aes-europe-warszawa-baner-powitalny-002-900x600.jpg 900w, https:\/\/marcinkrokowski.com\/wp-content\/uploads\/2026\/08\/fotograf-konferencji-aes-europe-warszawa-baner-powitalny-002-450x300.jpg 450w, https:\/\/marcinkrokowski.com\/wp-content\/uploads\/2026\/08\/fotograf-konferencji-aes-europe-warszawa-baner-powitalny-002-768x512.jpg 768w, https:\/\/marcinkrokowski.com\/wp-content\/uploads\/2026\/08\/fotograf-konferencji-aes-europe-warszawa-baner-powitalny-002-1536x1024.jpg 1536w, https:\/\/marcinkrokowski.com\/wp-content\/uploads\/2026\/08\/fotograf-konferencji-aes-europe-warszawa-baner-powitalny-002.jpg 1920w\" sizes=\"auto, (max-width: 1200px) 100vw, 1200px\" \/><\/figure>\n<\/figure>\n\n\n\n<figure class=\"wp-block-gallery alignwide has-nested-images columns-1 is-cropped wp-block-gallery-2 is-layout-flex wp-block-gallery-is-layout-flex\" data-block-type=\"core\">\n<figure class=\"wp-block-image size-large\" data-block-type=\"core\"><img loading=\"lazy\" decoding=\"async\" width=\"1200\" height=\"800\" data-id=\"35871\" src=\"https:\/\/marcinkrokowski.com\/wp-content\/uploads\/2026\/08\/fotograf-konferencji-aes-europe-warszawa-sylwetki-w-drzwiach-003-1200x800.jpg\" alt=\"Silhouetten von Teilnehmern in einem Durchgang w\u00e4hrend der AES Europe 2025\" class=\"wp-image-35871\" title=\"\" srcset=\"https:\/\/marcinkrokowski.com\/wp-content\/uploads\/2026\/08\/fotograf-konferencji-aes-europe-warszawa-sylwetki-w-drzwiach-003-1200x800.jpg 1200w, https:\/\/marcinkrokowski.com\/wp-content\/uploads\/2026\/08\/fotograf-konferencji-aes-europe-warszawa-sylwetki-w-drzwiach-003-900x600.jpg 900w, https:\/\/marcinkrokowski.com\/wp-content\/uploads\/2026\/08\/fotograf-konferencji-aes-europe-warszawa-sylwetki-w-drzwiach-003-450x300.jpg 450w, https:\/\/marcinkrokowski.com\/wp-content\/uploads\/2026\/08\/fotograf-konferencji-aes-europe-warszawa-sylwetki-w-drzwiach-003-768x512.jpg 768w, https:\/\/marcinkrokowski.com\/wp-content\/uploads\/2026\/08\/fotograf-konferencji-aes-europe-warszawa-sylwetki-w-drzwiach-003-1536x1024.jpg 1536w, https:\/\/marcinkrokowski.com\/wp-content\/uploads\/2026\/08\/fotograf-konferencji-aes-europe-warszawa-sylwetki-w-drzwiach-003.jpg 1920w\" sizes=\"auto, (max-width: 1200px) 100vw, 1200px\" \/><\/figure>\n<\/figure>\n\n\n\n<figure class=\"wp-block-gallery alignwide has-nested-images columns-1 is-cropped wp-block-gallery-3 is-layout-flex wp-block-gallery-is-layout-flex\" data-block-type=\"core\">\n<figure class=\"wp-block-image size-large\" data-block-type=\"core\"><img loading=\"lazy\" decoding=\"async\" width=\"1200\" height=\"800\" data-id=\"35840\" src=\"https:\/\/marcinkrokowski.com\/wp-content\/uploads\/2026\/08\/fotograf-konferencji-aes-europe-warszawa-korytarz-fioletowe-swiatlo-004-1200x800.jpg\" alt=\"Korridor zwischen den S\u00e4len w\u00e4hrend der Konvention AES Europe 2025\" class=\"wp-image-35840\" title=\"\" srcset=\"https:\/\/marcinkrokowski.com\/wp-content\/uploads\/2026\/08\/fotograf-konferencji-aes-europe-warszawa-korytarz-fioletowe-swiatlo-004-1200x800.jpg 1200w, https:\/\/marcinkrokowski.com\/wp-content\/uploads\/2026\/08\/fotograf-konferencji-aes-europe-warszawa-korytarz-fioletowe-swiatlo-004-900x600.jpg 900w, https:\/\/marcinkrokowski.com\/wp-content\/uploads\/2026\/08\/fotograf-konferencji-aes-europe-warszawa-korytarz-fioletowe-swiatlo-004-450x300.jpg 450w, https:\/\/marcinkrokowski.com\/wp-content\/uploads\/2026\/08\/fotograf-konferencji-aes-europe-warszawa-korytarz-fioletowe-swiatlo-004-768x512.jpg 768w, https:\/\/marcinkrokowski.com\/wp-content\/uploads\/2026\/08\/fotograf-konferencji-aes-europe-warszawa-korytarz-fioletowe-swiatlo-004-1536x1024.jpg 1536w, https:\/\/marcinkrokowski.com\/wp-content\/uploads\/2026\/08\/fotograf-konferencji-aes-europe-warszawa-korytarz-fioletowe-swiatlo-004.jpg 1920w\" sizes=\"auto, (max-width: 1200px) 100vw, 1200px\" \/><\/figure>\n<\/figure>\n\n\n\n<figure class=\"wp-block-gallery alignwide has-nested-images columns-default is-cropped wp-block-gallery-4 is-layout-flex wp-block-gallery-is-layout-flex\" data-block-type=\"core\">\n<figure class=\"wp-block-image size-medium\" data-block-type=\"core\"><img loading=\"lazy\" decoding=\"async\" width=\"900\" height=\"1350\" data-id=\"35851\" src=\"https:\/\/marcinkrokowski.com\/wp-content\/uploads\/2026\/08\/fotograf-konferencji-aes-europe-warszawa-prelegent-mownica-005-900x1350.jpg\" alt=\"Referent w\u00e4hrend eines Vortrags bei der AES Europe 2025\" class=\"wp-image-35851\" title=\"\" srcset=\"https:\/\/marcinkrokowski.com\/wp-content\/uploads\/2026\/08\/fotograf-konferencji-aes-europe-warszawa-prelegent-mownica-005-900x1350.jpg 900w, https:\/\/marcinkrokowski.com\/wp-content\/uploads\/2026\/08\/fotograf-konferencji-aes-europe-warszawa-prelegent-mownica-005-1200x1800.jpg 1200w, https:\/\/marcinkrokowski.com\/wp-content\/uploads\/2026\/08\/fotograf-konferencji-aes-europe-warszawa-prelegent-mownica-005-450x675.jpg 450w, https:\/\/marcinkrokowski.com\/wp-content\/uploads\/2026\/08\/fotograf-konferencji-aes-europe-warszawa-prelegent-mownica-005-768x1152.jpg 768w, https:\/\/marcinkrokowski.com\/wp-content\/uploads\/2026\/08\/fotograf-konferencji-aes-europe-warszawa-prelegent-mownica-005-1024x1536.jpg 1024w, https:\/\/marcinkrokowski.com\/wp-content\/uploads\/2026\/08\/fotograf-konferencji-aes-europe-warszawa-prelegent-mownica-005.jpg 1280w\" sizes=\"auto, (max-width: 900px) 100vw, 900px\" \/><\/figure>\n\n\n\n<figure class=\"wp-block-image size-medium\" data-block-type=\"core\"><img loading=\"lazy\" decoding=\"async\" width=\"900\" height=\"1350\" data-id=\"35852\" src=\"https:\/\/marcinkrokowski.com\/wp-content\/uploads\/2026\/08\/fotograf-konferencji-aes-europe-warszawa-prelegent-przemowa-006-900x1350.jpg\" alt=\"Vortrag eines Referenten bei der Konvention AES Europe 2025\" class=\"wp-image-35852\" title=\"\" srcset=\"https:\/\/marcinkrokowski.com\/wp-content\/uploads\/2026\/08\/fotograf-konferencji-aes-europe-warszawa-prelegent-przemowa-006-900x1350.jpg 900w, https:\/\/marcinkrokowski.com\/wp-content\/uploads\/2026\/08\/fotograf-konferencji-aes-europe-warszawa-prelegent-przemowa-006-1200x1800.jpg 1200w, https:\/\/marcinkrokowski.com\/wp-content\/uploads\/2026\/08\/fotograf-konferencji-aes-europe-warszawa-prelegent-przemowa-006-450x675.jpg 450w, https:\/\/marcinkrokowski.com\/wp-content\/uploads\/2026\/08\/fotograf-konferencji-aes-europe-warszawa-prelegent-przemowa-006-768x1152.jpg 768w, https:\/\/marcinkrokowski.com\/wp-content\/uploads\/2026\/08\/fotograf-konferencji-aes-europe-warszawa-prelegent-przemowa-006-1024x1536.jpg 1024w, https:\/\/marcinkrokowski.com\/wp-content\/uploads\/2026\/08\/fotograf-konferencji-aes-europe-warszawa-prelegent-przemowa-006.jpg 1280w\" sizes=\"auto, (max-width: 900px) 100vw, 900px\" \/><\/figure>\n<\/figure>\n\n\n\n<figure class=\"wp-block-gallery alignwide has-nested-images columns-1 is-cropped wp-block-gallery-5 is-layout-flex wp-block-gallery-is-layout-flex\" data-block-type=\"core\">\n<figure class=\"wp-block-image size-large\" data-block-type=\"core\"><img loading=\"lazy\" decoding=\"async\" width=\"1200\" height=\"800\" data-id=\"35850\" src=\"https:\/\/marcinkrokowski.com\/wp-content\/uploads\/2026\/08\/fotograf-konferencji-aes-europe-warszawa-prelegent-laptop-007-1200x800.jpg\" alt=\"Referent am Laptop w\u00e4hrend einer Pr\u00e4sentation bei der AES Europe 2025\" class=\"wp-image-35850\" title=\"\" srcset=\"https:\/\/marcinkrokowski.com\/wp-content\/uploads\/2026\/08\/fotograf-konferencji-aes-europe-warszawa-prelegent-laptop-007-1200x800.jpg 1200w, https:\/\/marcinkrokowski.com\/wp-content\/uploads\/2026\/08\/fotograf-konferencji-aes-europe-warszawa-prelegent-laptop-007-900x600.jpg 900w, https:\/\/marcinkrokowski.com\/wp-content\/uploads\/2026\/08\/fotograf-konferencji-aes-europe-warszawa-prelegent-laptop-007-450x300.jpg 450w, https:\/\/marcinkrokowski.com\/wp-content\/uploads\/2026\/08\/fotograf-konferencji-aes-europe-warszawa-prelegent-laptop-007-768x512.jpg 768w, https:\/\/marcinkrokowski.com\/wp-content\/uploads\/2026\/08\/fotograf-konferencji-aes-europe-warszawa-prelegent-laptop-007-1536x1024.jpg 1536w, https:\/\/marcinkrokowski.com\/wp-content\/uploads\/2026\/08\/fotograf-konferencji-aes-europe-warszawa-prelegent-laptop-007.jpg 1920w\" sizes=\"auto, (max-width: 1200px) 100vw, 1200px\" \/><\/figure>\n<\/figure>\n\n\n\n<figure class=\"wp-block-gallery alignwide has-nested-images columns-1 is-cropped wp-block-gallery-6 is-layout-flex wp-block-gallery-is-layout-flex\" data-block-type=\"core\">\n<figure class=\"wp-block-image size-large\" data-block-type=\"core\"><img loading=\"lazy\" decoding=\"async\" width=\"1200\" height=\"800\" data-id=\"35860\" src=\"https:\/\/marcinkrokowski.com\/wp-content\/uploads\/2026\/08\/fotograf-konferencji-aes-europe-warszawa-rozmowa-uczestnikow-008-1200x800.jpg\" alt=\"Gespr\u00e4ch zwischen Teilnehmern w\u00e4hrend einer Pause bei der AES Europe 2025\" class=\"wp-image-35860\" title=\"\" srcset=\"https:\/\/marcinkrokowski.com\/wp-content\/uploads\/2026\/08\/fotograf-konferencji-aes-europe-warszawa-rozmowa-uczestnikow-008-1200x800.jpg 1200w, https:\/\/marcinkrokowski.com\/wp-content\/uploads\/2026\/08\/fotograf-konferencji-aes-europe-warszawa-rozmowa-uczestnikow-008-900x600.jpg 900w, https:\/\/marcinkrokowski.com\/wp-content\/uploads\/2026\/08\/fotograf-konferencji-aes-europe-warszawa-rozmowa-uczestnikow-008-450x300.jpg 450w, https:\/\/marcinkrokowski.com\/wp-content\/uploads\/2026\/08\/fotograf-konferencji-aes-europe-warszawa-rozmowa-uczestnikow-008-768x512.jpg 768w, https:\/\/marcinkrokowski.com\/wp-content\/uploads\/2026\/08\/fotograf-konferencji-aes-europe-warszawa-rozmowa-uczestnikow-008-1536x1024.jpg 1536w, https:\/\/marcinkrokowski.com\/wp-content\/uploads\/2026\/08\/fotograf-konferencji-aes-europe-warszawa-rozmowa-uczestnikow-008.jpg 1920w\" sizes=\"auto, (max-width: 1200px) 100vw, 1200px\" \/><\/figure>\n<\/figure>\n\n\n\n<figure class=\"wp-block-gallery alignwide has-nested-images columns-1 is-cropped wp-block-gallery-7 is-layout-flex wp-block-gallery-is-layout-flex\" data-block-type=\"core\">\n<figure class=\"wp-block-image size-large\" data-block-type=\"core\"><img loading=\"lazy\" decoding=\"async\" width=\"1200\" height=\"800\" data-id=\"35845\" src=\"https:\/\/marcinkrokowski.com\/wp-content\/uploads\/2026\/08\/fotograf-konferencji-aes-europe-warszawa-networking-rozmowa-009-1200x800.jpg\" alt=\"Networking w\u00e4hrend der Konvention AES Europe 2025\" class=\"wp-image-35845\" title=\"\" srcset=\"https:\/\/marcinkrokowski.com\/wp-content\/uploads\/2026\/08\/fotograf-konferencji-aes-europe-warszawa-networking-rozmowa-009-1200x800.jpg 1200w, https:\/\/marcinkrokowski.com\/wp-content\/uploads\/2026\/08\/fotograf-konferencji-aes-europe-warszawa-networking-rozmowa-009-900x600.jpg 900w, https:\/\/marcinkrokowski.com\/wp-content\/uploads\/2026\/08\/fotograf-konferencji-aes-europe-warszawa-networking-rozmowa-009-450x300.jpg 450w, https:\/\/marcinkrokowski.com\/wp-content\/uploads\/2026\/08\/fotograf-konferencji-aes-europe-warszawa-networking-rozmowa-009-768x512.jpg 768w, https:\/\/marcinkrokowski.com\/wp-content\/uploads\/2026\/08\/fotograf-konferencji-aes-europe-warszawa-networking-rozmowa-009-1536x1024.jpg 1536w, https:\/\/marcinkrokowski.com\/wp-content\/uploads\/2026\/08\/fotograf-konferencji-aes-europe-warszawa-networking-rozmowa-009.jpg 1920w\" sizes=\"auto, (max-width: 1200px) 100vw, 1200px\" \/><\/figure>\n<\/figure>\n\n\n\n<figure class=\"wp-block-gallery alignwide has-nested-images columns-1 is-cropped wp-block-gallery-8 is-layout-flex wp-block-gallery-is-layout-flex\" data-block-type=\"core\">\n<figure class=\"wp-block-image size-large\" data-block-type=\"core\"><img loading=\"lazy\" decoding=\"async\" width=\"1200\" height=\"800\" data-id=\"35864\" src=\"https:\/\/marcinkrokowski.com\/wp-content\/uploads\/2026\/08\/fotograf-konferencji-aes-europe-warszawa-scena-sennheiser-010-1200x800.jpg\" alt=\"Eine Band auf der B\u00fchne w\u00e4hrend der AES Europe 2025, Sennheiser-Branding\" class=\"wp-image-35864\" title=\"\" srcset=\"https:\/\/marcinkrokowski.com\/wp-content\/uploads\/2026\/08\/fotograf-konferencji-aes-europe-warszawa-scena-sennheiser-010-1200x800.jpg 1200w, https:\/\/marcinkrokowski.com\/wp-content\/uploads\/2026\/08\/fotograf-konferencji-aes-europe-warszawa-scena-sennheiser-010-900x600.jpg 900w, https:\/\/marcinkrokowski.com\/wp-content\/uploads\/2026\/08\/fotograf-konferencji-aes-europe-warszawa-scena-sennheiser-010-450x300.jpg 450w, https:\/\/marcinkrokowski.com\/wp-content\/uploads\/2026\/08\/fotograf-konferencji-aes-europe-warszawa-scena-sennheiser-010-768x512.jpg 768w, https:\/\/marcinkrokowski.com\/wp-content\/uploads\/2026\/08\/fotograf-konferencji-aes-europe-warszawa-scena-sennheiser-010-1536x1024.jpg 1536w, https:\/\/marcinkrokowski.com\/wp-content\/uploads\/2026\/08\/fotograf-konferencji-aes-europe-warszawa-scena-sennheiser-010.jpg 1920w\" sizes=\"auto, (max-width: 1200px) 100vw, 1200px\" \/><\/figure>\n<\/figure>\n\n\n\n<figure class=\"wp-block-gallery alignwide has-nested-images columns-1 is-cropped wp-block-gallery-9 is-layout-flex wp-block-gallery-is-layout-flex\" data-block-type=\"core\">\n<figure class=\"wp-block-image size-large\" data-block-type=\"core\"><img loading=\"lazy\" decoding=\"async\" width=\"1200\" height=\"800\" data-id=\"35836\" src=\"https:\/\/marcinkrokowski.com\/wp-content\/uploads\/2026\/08\/fotograf-konferencji-aes-europe-warszawa-konsoleta-mikserska-011-1200x800.jpg\" alt=\"Arbeit am Mischpult w\u00e4hrend der AES Europe 2025\" class=\"wp-image-35836\" title=\"\" srcset=\"https:\/\/marcinkrokowski.com\/wp-content\/uploads\/2026\/08\/fotograf-konferencji-aes-europe-warszawa-konsoleta-mikserska-011-1200x800.jpg 1200w, https:\/\/marcinkrokowski.com\/wp-content\/uploads\/2026\/08\/fotograf-konferencji-aes-europe-warszawa-konsoleta-mikserska-011-900x600.jpg 900w, https:\/\/marcinkrokowski.com\/wp-content\/uploads\/2026\/08\/fotograf-konferencji-aes-europe-warszawa-konsoleta-mikserska-011-450x300.jpg 450w, https:\/\/marcinkrokowski.com\/wp-content\/uploads\/2026\/08\/fotograf-konferencji-aes-europe-warszawa-konsoleta-mikserska-011-768x512.jpg 768w, https:\/\/marcinkrokowski.com\/wp-content\/uploads\/2026\/08\/fotograf-konferencji-aes-europe-warszawa-konsoleta-mikserska-011-1536x1024.jpg 1536w, https:\/\/marcinkrokowski.com\/wp-content\/uploads\/2026\/08\/fotograf-konferencji-aes-europe-warszawa-konsoleta-mikserska-011.jpg 1920w\" sizes=\"auto, (max-width: 1200px) 100vw, 1200px\" \/><\/figure>\n<\/figure>\n\n\n\n<figure class=\"wp-block-gallery alignwide has-nested-images columns-1 is-cropped wp-block-gallery-10 is-layout-flex wp-block-gallery-is-layout-flex\" data-block-type=\"core\">\n<figure class=\"wp-block-image size-large\" data-block-type=\"core\"><img loading=\"lazy\" decoding=\"async\" width=\"1200\" height=\"800\" data-id=\"35833\" src=\"https:\/\/marcinkrokowski.com\/wp-content\/uploads\/2026\/08\/fotograf-konferencji-aes-europe-warszawa-case-mikrofony-012-1200x800.jpg\" alt=\"Audioausr\u00fcstung, vorbereitet f\u00fcr die Konvention AES Europe 2025\" class=\"wp-image-35833\" title=\"\" srcset=\"https:\/\/marcinkrokowski.com\/wp-content\/uploads\/2026\/08\/fotograf-konferencji-aes-europe-warszawa-case-mikrofony-012-1200x800.jpg 1200w, https:\/\/marcinkrokowski.com\/wp-content\/uploads\/2026\/08\/fotograf-konferencji-aes-europe-warszawa-case-mikrofony-012-900x600.jpg 900w, https:\/\/marcinkrokowski.com\/wp-content\/uploads\/2026\/08\/fotograf-konferencji-aes-europe-warszawa-case-mikrofony-012-450x300.jpg 450w, https:\/\/marcinkrokowski.com\/wp-content\/uploads\/2026\/08\/fotograf-konferencji-aes-europe-warszawa-case-mikrofony-012-768x512.jpg 768w, https:\/\/marcinkrokowski.com\/wp-content\/uploads\/2026\/08\/fotograf-konferencji-aes-europe-warszawa-case-mikrofony-012-1536x1024.jpg 1536w, https:\/\/marcinkrokowski.com\/wp-content\/uploads\/2026\/08\/fotograf-konferencji-aes-europe-warszawa-case-mikrofony-012.jpg 1920w\" sizes=\"auto, (max-width: 1200px) 100vw, 1200px\" \/><\/figure>\n<\/figure>\n\n\n\n<figure class=\"wp-block-gallery alignwide has-nested-images columns-default is-cropped wp-block-gallery-11 is-layout-flex wp-block-gallery-is-layout-flex\" data-block-type=\"core\">\n<figure class=\"wp-block-image size-medium\" data-block-type=\"core\"><img loading=\"lazy\" decoding=\"async\" width=\"900\" height=\"1350\" data-id=\"35841\" src=\"https:\/\/marcinkrokowski.com\/wp-content\/uploads\/2026\/08\/fotograf-konferencji-aes-europe-warszawa-mikrofon-vintage-013-900x1350.jpg\" alt=\"Studiomikrofon an einem Stand w\u00e4hrend der AES Europe 2025\" class=\"wp-image-35841\" title=\"\" srcset=\"https:\/\/marcinkrokowski.com\/wp-content\/uploads\/2026\/08\/fotograf-konferencji-aes-europe-warszawa-mikrofon-vintage-013-900x1350.jpg 900w, https:\/\/marcinkrokowski.com\/wp-content\/uploads\/2026\/08\/fotograf-konferencji-aes-europe-warszawa-mikrofon-vintage-013-1200x1800.jpg 1200w, https:\/\/marcinkrokowski.com\/wp-content\/uploads\/2026\/08\/fotograf-konferencji-aes-europe-warszawa-mikrofon-vintage-013-450x675.jpg 450w, https:\/\/marcinkrokowski.com\/wp-content\/uploads\/2026\/08\/fotograf-konferencji-aes-europe-warszawa-mikrofon-vintage-013-768x1152.jpg 768w, https:\/\/marcinkrokowski.com\/wp-content\/uploads\/2026\/08\/fotograf-konferencji-aes-europe-warszawa-mikrofon-vintage-013-1024x1536.jpg 1024w, https:\/\/marcinkrokowski.com\/wp-content\/uploads\/2026\/08\/fotograf-konferencji-aes-europe-warszawa-mikrofon-vintage-013.jpg 1280w\" sizes=\"auto, (max-width: 900px) 100vw, 900px\" \/><\/figure>\n\n\n\n<figure class=\"wp-block-image size-medium\" data-block-type=\"core\"><img loading=\"lazy\" decoding=\"async\" width=\"900\" height=\"1351\" data-id=\"35855\" src=\"https:\/\/marcinkrokowski.com\/wp-content\/uploads\/2026\/08\/fotograf-konferencji-aes-europe-warszawa-prelegentka-wozek-015-900x1351.jpg\" alt=\"Referentin w\u00e4hrend eines Vortrags bei der AES Europe 2025\" class=\"wp-image-35855\" title=\"\" srcset=\"https:\/\/marcinkrokowski.com\/wp-content\/uploads\/2026\/08\/fotograf-konferencji-aes-europe-warszawa-prelegentka-wozek-015-900x1351.jpg 900w, https:\/\/marcinkrokowski.com\/wp-content\/uploads\/2026\/08\/fotograf-konferencji-aes-europe-warszawa-prelegentka-wozek-015-1200x1801.jpg 1200w, https:\/\/marcinkrokowski.com\/wp-content\/uploads\/2026\/08\/fotograf-konferencji-aes-europe-warszawa-prelegentka-wozek-015-450x676.jpg 450w, https:\/\/marcinkrokowski.com\/wp-content\/uploads\/2026\/08\/fotograf-konferencji-aes-europe-warszawa-prelegentka-wozek-015-768x1153.jpg 768w, https:\/\/marcinkrokowski.com\/wp-content\/uploads\/2026\/08\/fotograf-konferencji-aes-europe-warszawa-prelegentka-wozek-015-1023x1536.jpg 1023w, https:\/\/marcinkrokowski.com\/wp-content\/uploads\/2026\/08\/fotograf-konferencji-aes-europe-warszawa-prelegentka-wozek-015.jpg 1279w\" sizes=\"auto, (max-width: 900px) 100vw, 900px\" \/><\/figure>\n<\/figure>\n\n\n\n<figure class=\"wp-block-gallery alignwide has-nested-images columns-1 is-cropped wp-block-gallery-12 is-layout-flex wp-block-gallery-is-layout-flex\" data-block-type=\"core\">\n<figure class=\"wp-block-image size-large\" data-block-type=\"core\"><img loading=\"lazy\" decoding=\"async\" width=\"1200\" height=\"800\" data-id=\"35859\" src=\"https:\/\/marcinkrokowski.com\/wp-content\/uploads\/2026\/08\/fotograf-konferencji-aes-europe-warszawa-publicznosc-szeroko-014-1200x800.jpg\" alt=\"Publikum w\u00e4hrend eines Vortrags bei der AES Europe 2025\" class=\"wp-image-35859\" title=\"\" srcset=\"https:\/\/marcinkrokowski.com\/wp-content\/uploads\/2026\/08\/fotograf-konferencji-aes-europe-warszawa-publicznosc-szeroko-014-1200x800.jpg 1200w, https:\/\/marcinkrokowski.com\/wp-content\/uploads\/2026\/08\/fotograf-konferencji-aes-europe-warszawa-publicznosc-szeroko-014-900x600.jpg 900w, https:\/\/marcinkrokowski.com\/wp-content\/uploads\/2026\/08\/fotograf-konferencji-aes-europe-warszawa-publicznosc-szeroko-014-450x300.jpg 450w, https:\/\/marcinkrokowski.com\/wp-content\/uploads\/2026\/08\/fotograf-konferencji-aes-europe-warszawa-publicznosc-szeroko-014-768x512.jpg 768w, https:\/\/marcinkrokowski.com\/wp-content\/uploads\/2026\/08\/fotograf-konferencji-aes-europe-warszawa-publicznosc-szeroko-014-1536x1024.jpg 1536w, https:\/\/marcinkrokowski.com\/wp-content\/uploads\/2026\/08\/fotograf-konferencji-aes-europe-warszawa-publicznosc-szeroko-014.jpg 1920w\" sizes=\"auto, (max-width: 1200px) 100vw, 1200px\" \/><\/figure>\n<\/figure>\n\n\n\n<figure class=\"wp-block-gallery alignwide has-nested-images columns-1 is-cropped wp-block-gallery-13 is-layout-flex wp-block-gallery-is-layout-flex\" data-block-type=\"core\">\n<figure class=\"wp-block-image size-large\" data-block-type=\"core\"><img loading=\"lazy\" decoding=\"async\" width=\"1200\" height=\"800\" data-id=\"35835\" src=\"https:\/\/marcinkrokowski.com\/wp-content\/uploads\/2026\/08\/fotograf-konferencji-aes-europe-warszawa-hala-ekrany-truss-016-1200x800.jpg\" alt=\"Konventionssaal der AES Europe 2025 im ATM Studio\" class=\"wp-image-35835\" title=\"\" srcset=\"https:\/\/marcinkrokowski.com\/wp-content\/uploads\/2026\/08\/fotograf-konferencji-aes-europe-warszawa-hala-ekrany-truss-016-1200x800.jpg 1200w, https:\/\/marcinkrokowski.com\/wp-content\/uploads\/2026\/08\/fotograf-konferencji-aes-europe-warszawa-hala-ekrany-truss-016-900x600.jpg 900w, https:\/\/marcinkrokowski.com\/wp-content\/uploads\/2026\/08\/fotograf-konferencji-aes-europe-warszawa-hala-ekrany-truss-016-450x300.jpg 450w, https:\/\/marcinkrokowski.com\/wp-content\/uploads\/2026\/08\/fotograf-konferencji-aes-europe-warszawa-hala-ekrany-truss-016-768x512.jpg 768w, https:\/\/marcinkrokowski.com\/wp-content\/uploads\/2026\/08\/fotograf-konferencji-aes-europe-warszawa-hala-ekrany-truss-016-1536x1024.jpg 1536w, https:\/\/marcinkrokowski.com\/wp-content\/uploads\/2026\/08\/fotograf-konferencji-aes-europe-warszawa-hala-ekrany-truss-016.jpg 1920w\" sizes=\"auto, (max-width: 1200px) 100vw, 1200px\" \/><\/figure>\n<\/figure>\n\n\n\n<figure class=\"wp-block-gallery alignwide has-nested-images columns-1 is-cropped wp-block-gallery-14 is-layout-flex wp-block-gallery-is-layout-flex\" data-block-type=\"core\">\n<figure class=\"wp-block-image size-large\" data-block-type=\"core\"><img loading=\"lazy\" decoding=\"async\" width=\"1200\" height=\"800\" data-id=\"35834\" src=\"https:\/\/marcinkrokowski.com\/wp-content\/uploads\/2026\/08\/fotograf-konferencji-aes-europe-warszawa-glowa-pomiarowa-017-1200x800.jpg\" alt=\"Messger\u00e4te, pr\u00e4sentiert bei der AES Europe 2025\" class=\"wp-image-35834\" title=\"\" srcset=\"https:\/\/marcinkrokowski.com\/wp-content\/uploads\/2026\/08\/fotograf-konferencji-aes-europe-warszawa-glowa-pomiarowa-017-1200x800.jpg 1200w, https:\/\/marcinkrokowski.com\/wp-content\/uploads\/2026\/08\/fotograf-konferencji-aes-europe-warszawa-glowa-pomiarowa-017-900x600.jpg 900w, https:\/\/marcinkrokowski.com\/wp-content\/uploads\/2026\/08\/fotograf-konferencji-aes-europe-warszawa-glowa-pomiarowa-017-450x300.jpg 450w, https:\/\/marcinkrokowski.com\/wp-content\/uploads\/2026\/08\/fotograf-konferencji-aes-europe-warszawa-glowa-pomiarowa-017-768x512.jpg 768w, https:\/\/marcinkrokowski.com\/wp-content\/uploads\/2026\/08\/fotograf-konferencji-aes-europe-warszawa-glowa-pomiarowa-017-1536x1024.jpg 1536w, https:\/\/marcinkrokowski.com\/wp-content\/uploads\/2026\/08\/fotograf-konferencji-aes-europe-warszawa-glowa-pomiarowa-017.jpg 1920w\" sizes=\"auto, (max-width: 1200px) 100vw, 1200px\" \/><\/figure>\n<\/figure>\n\n\n\n<figure class=\"wp-block-gallery alignwide has-nested-images columns-1 is-cropped wp-block-gallery-15 is-layout-flex wp-block-gallery-is-layout-flex\" data-block-type=\"core\">\n<figure class=\"wp-block-image size-large\" data-block-type=\"core\"><img loading=\"lazy\" decoding=\"async\" width=\"1200\" height=\"800\" data-id=\"35863\" src=\"https:\/\/marcinkrokowski.com\/wp-content\/uploads\/2026\/08\/fotograf-konferencji-aes-europe-warszawa-scena-pomaranczowy-slajd-018-1200x800.jpg\" alt=\"Vortrag auf der B\u00fchne w\u00e4hrend der AES Europe 2025\" class=\"wp-image-35863\" title=\"\" srcset=\"https:\/\/marcinkrokowski.com\/wp-content\/uploads\/2026\/08\/fotograf-konferencji-aes-europe-warszawa-scena-pomaranczowy-slajd-018-1200x800.jpg 1200w, https:\/\/marcinkrokowski.com\/wp-content\/uploads\/2026\/08\/fotograf-konferencji-aes-europe-warszawa-scena-pomaranczowy-slajd-018-900x600.jpg 900w, https:\/\/marcinkrokowski.com\/wp-content\/uploads\/2026\/08\/fotograf-konferencji-aes-europe-warszawa-scena-pomaranczowy-slajd-018-450x300.jpg 450w, https:\/\/marcinkrokowski.com\/wp-content\/uploads\/2026\/08\/fotograf-konferencji-aes-europe-warszawa-scena-pomaranczowy-slajd-018-768x512.jpg 768w, https:\/\/marcinkrokowski.com\/wp-content\/uploads\/2026\/08\/fotograf-konferencji-aes-europe-warszawa-scena-pomaranczowy-slajd-018-1536x1024.jpg 1536w, https:\/\/marcinkrokowski.com\/wp-content\/uploads\/2026\/08\/fotograf-konferencji-aes-europe-warszawa-scena-pomaranczowy-slajd-018.jpg 1920w\" sizes=\"auto, (max-width: 1200px) 100vw, 1200px\" \/><\/figure>\n<\/figure>\n\n\n\n<figure class=\"wp-block-gallery alignwide has-nested-images columns-1 is-cropped wp-block-gallery-16 is-layout-flex wp-block-gallery-is-layout-flex\" data-block-type=\"core\">\n<figure class=\"wp-block-image size-large\" data-block-type=\"core\"><img loading=\"lazy\" decoding=\"async\" width=\"1200\" height=\"800\" data-id=\"35843\" src=\"https:\/\/marcinkrokowski.com\/wp-content\/uploads\/2026\/08\/fotograf-konferencji-aes-europe-warszawa-networking-lounge-019-1200x800.jpg\" alt=\"Gespr\u00e4che im Networking-Bereich bei der AES Europe 2025\" class=\"wp-image-35843\" title=\"\" srcset=\"https:\/\/marcinkrokowski.com\/wp-content\/uploads\/2026\/08\/fotograf-konferencji-aes-europe-warszawa-networking-lounge-019-1200x800.jpg 1200w, https:\/\/marcinkrokowski.com\/wp-content\/uploads\/2026\/08\/fotograf-konferencji-aes-europe-warszawa-networking-lounge-019-900x600.jpg 900w, https:\/\/marcinkrokowski.com\/wp-content\/uploads\/2026\/08\/fotograf-konferencji-aes-europe-warszawa-networking-lounge-019-450x300.jpg 450w, https:\/\/marcinkrokowski.com\/wp-content\/uploads\/2026\/08\/fotograf-konferencji-aes-europe-warszawa-networking-lounge-019-768x512.jpg 768w, https:\/\/marcinkrokowski.com\/wp-content\/uploads\/2026\/08\/fotograf-konferencji-aes-europe-warszawa-networking-lounge-019-1536x1024.jpg 1536w, https:\/\/marcinkrokowski.com\/wp-content\/uploads\/2026\/08\/fotograf-konferencji-aes-europe-warszawa-networking-lounge-019.jpg 1920w\" sizes=\"auto, (max-width: 1200px) 100vw, 1200px\" \/><\/figure>\n<\/figure>\n\n\n\n<figure class=\"wp-block-gallery alignwide has-nested-images columns-1 is-cropped wp-block-gallery-17 is-layout-flex wp-block-gallery-is-layout-flex\" data-block-type=\"core\">\n<figure class=\"wp-block-image size-large\" data-block-type=\"core\"><img loading=\"lazy\" decoding=\"async\" width=\"1200\" height=\"800\" data-id=\"35856\" src=\"https:\/\/marcinkrokowski.com\/wp-content\/uploads\/2026\/08\/fotograf-konferencji-aes-europe-warszawa-prezentacja-ekran-020-1200x800.jpg\" alt=\"Pr\u00e4sentation w\u00e4hrend eines Vortrags bei der AES Europe 2025\" class=\"wp-image-35856\" title=\"\" srcset=\"https:\/\/marcinkrokowski.com\/wp-content\/uploads\/2026\/08\/fotograf-konferencji-aes-europe-warszawa-prezentacja-ekran-020-1200x800.jpg 1200w, https:\/\/marcinkrokowski.com\/wp-content\/uploads\/2026\/08\/fotograf-konferencji-aes-europe-warszawa-prezentacja-ekran-020-900x600.jpg 900w, https:\/\/marcinkrokowski.com\/wp-content\/uploads\/2026\/08\/fotograf-konferencji-aes-europe-warszawa-prezentacja-ekran-020-450x300.jpg 450w, https:\/\/marcinkrokowski.com\/wp-content\/uploads\/2026\/08\/fotograf-konferencji-aes-europe-warszawa-prezentacja-ekran-020-768x512.jpg 768w, https:\/\/marcinkrokowski.com\/wp-content\/uploads\/2026\/08\/fotograf-konferencji-aes-europe-warszawa-prezentacja-ekran-020-1536x1024.jpg 1536w, https:\/\/marcinkrokowski.com\/wp-content\/uploads\/2026\/08\/fotograf-konferencji-aes-europe-warszawa-prezentacja-ekran-020.jpg 1920w\" sizes=\"auto, (max-width: 1200px) 100vw, 1200px\" \/><\/figure>\n<\/figure>\n\n\n\n<figure class=\"wp-block-gallery alignwide has-nested-images columns-1 is-cropped wp-block-gallery-18 is-layout-flex wp-block-gallery-is-layout-flex\" data-block-type=\"core\">\n<figure class=\"wp-block-image size-large\" data-block-type=\"core\"><img loading=\"lazy\" decoding=\"async\" width=\"1200\" height=\"800\" data-id=\"35861\" src=\"https:\/\/marcinkrokowski.com\/wp-content\/uploads\/2026\/08\/fotograf-konferencji-aes-europe-warszawa-sala-drewno-truss-021-1200x800.jpg\" alt=\"Ein Konventionssaal w\u00e4hrend der AES Europe 2025\" class=\"wp-image-35861\" title=\"\" srcset=\"https:\/\/marcinkrokowski.com\/wp-content\/uploads\/2026\/08\/fotograf-konferencji-aes-europe-warszawa-sala-drewno-truss-021-1200x800.jpg 1200w, https:\/\/marcinkrokowski.com\/wp-content\/uploads\/2026\/08\/fotograf-konferencji-aes-europe-warszawa-sala-drewno-truss-021-900x600.jpg 900w, https:\/\/marcinkrokowski.com\/wp-content\/uploads\/2026\/08\/fotograf-konferencji-aes-europe-warszawa-sala-drewno-truss-021-450x300.jpg 450w, https:\/\/marcinkrokowski.com\/wp-content\/uploads\/2026\/08\/fotograf-konferencji-aes-europe-warszawa-sala-drewno-truss-021-768x512.jpg 768w, https:\/\/marcinkrokowski.com\/wp-content\/uploads\/2026\/08\/fotograf-konferencji-aes-europe-warszawa-sala-drewno-truss-021-1536x1024.jpg 1536w, https:\/\/marcinkrokowski.com\/wp-content\/uploads\/2026\/08\/fotograf-konferencji-aes-europe-warszawa-sala-drewno-truss-021.jpg 1920w\" sizes=\"auto, (max-width: 1200px) 100vw, 1200px\" \/><\/figure>\n<\/figure>\n\n\n\n<figure class=\"wp-block-gallery alignwide has-nested-images columns-1 is-cropped wp-block-gallery-19 is-layout-flex wp-block-gallery-is-layout-flex\" data-block-type=\"core\">\n<figure class=\"wp-block-image size-large\" data-block-type=\"core\"><img loading=\"lazy\" decoding=\"async\" width=\"1200\" height=\"800\" data-id=\"35870\" src=\"https:\/\/marcinkrokowski.com\/wp-content\/uploads\/2026\/08\/fotograf-konferencji-aes-europe-warszawa-strefa-targow-studenckich-022-1200x800.jpg\" alt=\"Der Ausstellerbereich der Hochschulen bei der AES Europe 2025\" class=\"wp-image-35870\" title=\"\" srcset=\"https:\/\/marcinkrokowski.com\/wp-content\/uploads\/2026\/08\/fotograf-konferencji-aes-europe-warszawa-strefa-targow-studenckich-022-1200x800.jpg 1200w, https:\/\/marcinkrokowski.com\/wp-content\/uploads\/2026\/08\/fotograf-konferencji-aes-europe-warszawa-strefa-targow-studenckich-022-900x600.jpg 900w, https:\/\/marcinkrokowski.com\/wp-content\/uploads\/2026\/08\/fotograf-konferencji-aes-europe-warszawa-strefa-targow-studenckich-022-450x300.jpg 450w, https:\/\/marcinkrokowski.com\/wp-content\/uploads\/2026\/08\/fotograf-konferencji-aes-europe-warszawa-strefa-targow-studenckich-022-768x512.jpg 768w, https:\/\/marcinkrokowski.com\/wp-content\/uploads\/2026\/08\/fotograf-konferencji-aes-europe-warszawa-strefa-targow-studenckich-022-1536x1024.jpg 1536w, https:\/\/marcinkrokowski.com\/wp-content\/uploads\/2026\/08\/fotograf-konferencji-aes-europe-warszawa-strefa-targow-studenckich-022.jpg 1920w\" sizes=\"auto, (max-width: 1200px) 100vw, 1200px\" \/><\/figure>\n<\/figure>\n\n\n\n<figure class=\"wp-block-gallery alignwide has-nested-images columns-1 is-cropped wp-block-gallery-20 is-layout-flex wp-block-gallery-is-layout-flex\" data-block-type=\"core\">\n<figure class=\"wp-block-image size-large\" data-block-type=\"core\"><img loading=\"lazy\" decoding=\"async\" width=\"1200\" height=\"800\" data-id=\"35868\" src=\"https:\/\/marcinkrokowski.com\/wp-content\/uploads\/2026\/08\/fotograf-konferencji-aes-europe-warszawa-stoisko-gogle-vr-023-1200x800.jpg\" alt=\"Demonstrationsstand w\u00e4hrend der AES Europe 2025\" class=\"wp-image-35868\" title=\"\" srcset=\"https:\/\/marcinkrokowski.com\/wp-content\/uploads\/2026\/08\/fotograf-konferencji-aes-europe-warszawa-stoisko-gogle-vr-023-1200x800.jpg 1200w, https:\/\/marcinkrokowski.com\/wp-content\/uploads\/2026\/08\/fotograf-konferencji-aes-europe-warszawa-stoisko-gogle-vr-023-900x600.jpg 900w, https:\/\/marcinkrokowski.com\/wp-content\/uploads\/2026\/08\/fotograf-konferencji-aes-europe-warszawa-stoisko-gogle-vr-023-450x300.jpg 450w, https:\/\/marcinkrokowski.com\/wp-content\/uploads\/2026\/08\/fotograf-konferencji-aes-europe-warszawa-stoisko-gogle-vr-023-768x512.jpg 768w, https:\/\/marcinkrokowski.com\/wp-content\/uploads\/2026\/08\/fotograf-konferencji-aes-europe-warszawa-stoisko-gogle-vr-023-1536x1024.jpg 1536w, https:\/\/marcinkrokowski.com\/wp-content\/uploads\/2026\/08\/fotograf-konferencji-aes-europe-warszawa-stoisko-gogle-vr-023.jpg 1920w\" sizes=\"auto, (max-width: 1200px) 100vw, 1200px\" \/><\/figure>\n<\/figure>\n\n\n\n<figure class=\"wp-block-gallery alignwide has-nested-images columns-1 is-cropped wp-block-gallery-21 is-layout-flex wp-block-gallery-is-layout-flex\" data-block-type=\"core\">\n<figure class=\"wp-block-image size-large\" data-block-type=\"core\"><img loading=\"lazy\" decoding=\"async\" width=\"1200\" height=\"800\" data-id=\"35839\" src=\"https:\/\/marcinkrokowski.com\/wp-content\/uploads\/2026\/08\/fotograf-konferencji-aes-europe-warszawa-korytarz-cienie-024-1200x800.jpg\" alt=\"Korridor zwischen den S\u00e4len bei der AES Europe 2025\" class=\"wp-image-35839\" title=\"\" srcset=\"https:\/\/marcinkrokowski.com\/wp-content\/uploads\/2026\/08\/fotograf-konferencji-aes-europe-warszawa-korytarz-cienie-024-1200x800.jpg 1200w, https:\/\/marcinkrokowski.com\/wp-content\/uploads\/2026\/08\/fotograf-konferencji-aes-europe-warszawa-korytarz-cienie-024-900x600.jpg 900w, https:\/\/marcinkrokowski.com\/wp-content\/uploads\/2026\/08\/fotograf-konferencji-aes-europe-warszawa-korytarz-cienie-024-450x300.jpg 450w, https:\/\/marcinkrokowski.com\/wp-content\/uploads\/2026\/08\/fotograf-konferencji-aes-europe-warszawa-korytarz-cienie-024-768x512.jpg 768w, https:\/\/marcinkrokowski.com\/wp-content\/uploads\/2026\/08\/fotograf-konferencji-aes-europe-warszawa-korytarz-cienie-024-1536x1024.jpg 1536w, https:\/\/marcinkrokowski.com\/wp-content\/uploads\/2026\/08\/fotograf-konferencji-aes-europe-warszawa-korytarz-cienie-024.jpg 1920w\" sizes=\"auto, (max-width: 1200px) 100vw, 1200px\" \/><\/figure>\n<\/figure>\n\n\n\n<figure class=\"wp-block-gallery alignwide has-nested-images columns-1 is-cropped wp-block-gallery-22 is-layout-flex wp-block-gallery-is-layout-flex\" data-block-type=\"core\">\n<figure class=\"wp-block-image size-large\" data-block-type=\"core\"><img loading=\"lazy\" decoding=\"async\" width=\"1200\" height=\"800\" data-id=\"35867\" src=\"https:\/\/marcinkrokowski.com\/wp-content\/uploads\/2026\/08\/fotograf-konferencji-aes-europe-warszawa-stoisko-genelec-025-1200x800.jpg\" alt=\"Der Genelec-Demonstrationsstand bei der AES Europe 2025\" class=\"wp-image-35867\" title=\"\" srcset=\"https:\/\/marcinkrokowski.com\/wp-content\/uploads\/2026\/08\/fotograf-konferencji-aes-europe-warszawa-stoisko-genelec-025-1200x800.jpg 1200w, https:\/\/marcinkrokowski.com\/wp-content\/uploads\/2026\/08\/fotograf-konferencji-aes-europe-warszawa-stoisko-genelec-025-900x600.jpg 900w, https:\/\/marcinkrokowski.com\/wp-content\/uploads\/2026\/08\/fotograf-konferencji-aes-europe-warszawa-stoisko-genelec-025-450x300.jpg 450w, https:\/\/marcinkrokowski.com\/wp-content\/uploads\/2026\/08\/fotograf-konferencji-aes-europe-warszawa-stoisko-genelec-025-768x512.jpg 768w, https:\/\/marcinkrokowski.com\/wp-content\/uploads\/2026\/08\/fotograf-konferencji-aes-europe-warszawa-stoisko-genelec-025-1536x1024.jpg 1536w, https:\/\/marcinkrokowski.com\/wp-content\/uploads\/2026\/08\/fotograf-konferencji-aes-europe-warszawa-stoisko-genelec-025.jpg 1920w\" sizes=\"auto, (max-width: 1200px) 100vw, 1200px\" \/><\/figure>\n<\/figure>\n\n\n\n<figure class=\"wp-block-gallery alignwide has-nested-images columns-1 is-cropped wp-block-gallery-23 is-layout-flex wp-block-gallery-is-layout-flex\" data-block-type=\"core\">\n<figure class=\"wp-block-image size-large\" data-block-type=\"core\"><img loading=\"lazy\" decoding=\"async\" width=\"1200\" height=\"800\" data-id=\"35838\" src=\"https:\/\/marcinkrokowski.com\/wp-content\/uploads\/2026\/08\/fotograf-konferencji-aes-europe-warszawa-konsoleta-ssl-026-1200x800.jpg\" alt=\"Mischpult an einem Stand w\u00e4hrend der AES Europe 2025\" class=\"wp-image-35838\" title=\"\" srcset=\"https:\/\/marcinkrokowski.com\/wp-content\/uploads\/2026\/08\/fotograf-konferencji-aes-europe-warszawa-konsoleta-ssl-026-1200x800.jpg 1200w, https:\/\/marcinkrokowski.com\/wp-content\/uploads\/2026\/08\/fotograf-konferencji-aes-europe-warszawa-konsoleta-ssl-026-900x600.jpg 900w, https:\/\/marcinkrokowski.com\/wp-content\/uploads\/2026\/08\/fotograf-konferencji-aes-europe-warszawa-konsoleta-ssl-026-450x300.jpg 450w, https:\/\/marcinkrokowski.com\/wp-content\/uploads\/2026\/08\/fotograf-konferencji-aes-europe-warszawa-konsoleta-ssl-026-768x512.jpg 768w, https:\/\/marcinkrokowski.com\/wp-content\/uploads\/2026\/08\/fotograf-konferencji-aes-europe-warszawa-konsoleta-ssl-026-1536x1024.jpg 1536w, https:\/\/marcinkrokowski.com\/wp-content\/uploads\/2026\/08\/fotograf-konferencji-aes-europe-warszawa-konsoleta-ssl-026.jpg 1920w\" sizes=\"auto, (max-width: 1200px) 100vw, 1200px\" \/><\/figure>\n<\/figure>\n\n\n\n<figure class=\"wp-block-gallery alignwide has-nested-images columns-1 is-cropped wp-block-gallery-24 is-layout-flex wp-block-gallery-is-layout-flex\" data-block-type=\"core\">\n<figure class=\"wp-block-image size-large\" data-block-type=\"core\"><img loading=\"lazy\" decoding=\"async\" width=\"1200\" height=\"800\" data-id=\"35849\" src=\"https:\/\/marcinkrokowski.com\/wp-content\/uploads\/2026\/08\/fotograf-konferencji-aes-europe-warszawa-praca-techniczna-027-1200x800.jpg\" alt=\"Technische Arbeit w\u00e4hrend der AES Europe 2025\" class=\"wp-image-35849\" title=\"\" srcset=\"https:\/\/marcinkrokowski.com\/wp-content\/uploads\/2026\/08\/fotograf-konferencji-aes-europe-warszawa-praca-techniczna-027-1200x800.jpg 1200w, https:\/\/marcinkrokowski.com\/wp-content\/uploads\/2026\/08\/fotograf-konferencji-aes-europe-warszawa-praca-techniczna-027-900x600.jpg 900w, https:\/\/marcinkrokowski.com\/wp-content\/uploads\/2026\/08\/fotograf-konferencji-aes-europe-warszawa-praca-techniczna-027-450x300.jpg 450w, https:\/\/marcinkrokowski.com\/wp-content\/uploads\/2026\/08\/fotograf-konferencji-aes-europe-warszawa-praca-techniczna-027-768x512.jpg 768w, https:\/\/marcinkrokowski.com\/wp-content\/uploads\/2026\/08\/fotograf-konferencji-aes-europe-warszawa-praca-techniczna-027-1536x1024.jpg 1536w, https:\/\/marcinkrokowski.com\/wp-content\/uploads\/2026\/08\/fotograf-konferencji-aes-europe-warszawa-praca-techniczna-027.jpg 1920w\" sizes=\"auto, (max-width: 1200px) 100vw, 1200px\" \/><\/figure>\n<\/figure>\n\n\n\n<figure class=\"wp-block-gallery alignwide has-nested-images columns-1 is-cropped wp-block-gallery-25 is-layout-flex wp-block-gallery-is-layout-flex\" data-block-type=\"core\">\n<figure class=\"wp-block-image size-large\" data-block-type=\"core\"><img loading=\"lazy\" decoding=\"async\" width=\"1200\" height=\"800\" data-id=\"35862\" src=\"https:\/\/marcinkrokowski.com\/wp-content\/uploads\/2026\/08\/fotograf-konferencji-aes-europe-warszawa-scena-glowna-wystapienie-028-1200x800.jpg\" alt=\"Vortrag auf der Hauptb\u00fchne der AES Europe 2025\" class=\"wp-image-35862\" title=\"\" srcset=\"https:\/\/marcinkrokowski.com\/wp-content\/uploads\/2026\/08\/fotograf-konferencji-aes-europe-warszawa-scena-glowna-wystapienie-028-1200x800.jpg 1200w, https:\/\/marcinkrokowski.com\/wp-content\/uploads\/2026\/08\/fotograf-konferencji-aes-europe-warszawa-scena-glowna-wystapienie-028-900x600.jpg 900w, https:\/\/marcinkrokowski.com\/wp-content\/uploads\/2026\/08\/fotograf-konferencji-aes-europe-warszawa-scena-glowna-wystapienie-028-450x300.jpg 450w, https:\/\/marcinkrokowski.com\/wp-content\/uploads\/2026\/08\/fotograf-konferencji-aes-europe-warszawa-scena-glowna-wystapienie-028-768x512.jpg 768w, https:\/\/marcinkrokowski.com\/wp-content\/uploads\/2026\/08\/fotograf-konferencji-aes-europe-warszawa-scena-glowna-wystapienie-028-1536x1024.jpg 1536w, https:\/\/marcinkrokowski.com\/wp-content\/uploads\/2026\/08\/fotograf-konferencji-aes-europe-warszawa-scena-glowna-wystapienie-028.jpg 1920w\" sizes=\"auto, (max-width: 1200px) 100vw, 1200px\" \/><\/figure>\n<\/figure>\n\n\n\n<figure class=\"wp-block-gallery alignwide has-nested-images columns-1 is-cropped wp-block-gallery-26 is-layout-flex wp-block-gallery-is-layout-flex\" data-block-type=\"core\">\n<figure class=\"wp-block-image size-large\" data-block-type=\"core\"><img loading=\"lazy\" decoding=\"async\" width=\"1200\" height=\"800\" data-id=\"35869\" src=\"https:\/\/marcinkrokowski.com\/wp-content\/uploads\/2026\/08\/fotograf-konferencji-aes-europe-warszawa-strefa-genelec-immersive-029-1200x800.jpg\" alt=\"Der Genelec-Demonstrationsbereich bei der AES Europe 2025\" class=\"wp-image-35869\" title=\"\" srcset=\"https:\/\/marcinkrokowski.com\/wp-content\/uploads\/2026\/08\/fotograf-konferencji-aes-europe-warszawa-strefa-genelec-immersive-029-1200x800.jpg 1200w, https:\/\/marcinkrokowski.com\/wp-content\/uploads\/2026\/08\/fotograf-konferencji-aes-europe-warszawa-strefa-genelec-immersive-029-900x600.jpg 900w, https:\/\/marcinkrokowski.com\/wp-content\/uploads\/2026\/08\/fotograf-konferencji-aes-europe-warszawa-strefa-genelec-immersive-029-450x300.jpg 450w, https:\/\/marcinkrokowski.com\/wp-content\/uploads\/2026\/08\/fotograf-konferencji-aes-europe-warszawa-strefa-genelec-immersive-029-768x512.jpg 768w, https:\/\/marcinkrokowski.com\/wp-content\/uploads\/2026\/08\/fotograf-konferencji-aes-europe-warszawa-strefa-genelec-immersive-029-1536x1024.jpg 1536w, https:\/\/marcinkrokowski.com\/wp-content\/uploads\/2026\/08\/fotograf-konferencji-aes-europe-warszawa-strefa-genelec-immersive-029.jpg 1920w\" sizes=\"auto, (max-width: 1200px) 100vw, 1200px\" \/><\/figure>\n<\/figure>\n\n\n\n<figure class=\"wp-block-gallery alignwide has-nested-images columns-1 is-cropped wp-block-gallery-27 is-layout-flex wp-block-gallery-is-layout-flex\" data-block-type=\"core\">\n<figure class=\"wp-block-image size-large\" data-block-type=\"core\"><img loading=\"lazy\" decoding=\"async\" width=\"1200\" height=\"800\" data-id=\"35876\" src=\"https:\/\/marcinkrokowski.com\/wp-content\/uploads\/2026\/08\/fotograf-konferencji-aes-europe-warszawa-wystapienie-ekran-techniczny-030-1200x800.jpg\" alt=\"Vortrag bei der AES Europe 2025\" class=\"wp-image-35876\" title=\"\" srcset=\"https:\/\/marcinkrokowski.com\/wp-content\/uploads\/2026\/08\/fotograf-konferencji-aes-europe-warszawa-wystapienie-ekran-techniczny-030-1200x800.jpg 1200w, https:\/\/marcinkrokowski.com\/wp-content\/uploads\/2026\/08\/fotograf-konferencji-aes-europe-warszawa-wystapienie-ekran-techniczny-030-900x600.jpg 900w, https:\/\/marcinkrokowski.com\/wp-content\/uploads\/2026\/08\/fotograf-konferencji-aes-europe-warszawa-wystapienie-ekran-techniczny-030-450x300.jpg 450w, https:\/\/marcinkrokowski.com\/wp-content\/uploads\/2026\/08\/fotograf-konferencji-aes-europe-warszawa-wystapienie-ekran-techniczny-030-768x512.jpg 768w, https:\/\/marcinkrokowski.com\/wp-content\/uploads\/2026\/08\/fotograf-konferencji-aes-europe-warszawa-wystapienie-ekran-techniczny-030-1536x1024.jpg 1536w, https:\/\/marcinkrokowski.com\/wp-content\/uploads\/2026\/08\/fotograf-konferencji-aes-europe-warszawa-wystapienie-ekran-techniczny-030.jpg 1920w\" sizes=\"auto, (max-width: 1200px) 100vw, 1200px\" \/><\/figure>\n<\/figure>\n\n\n\n<figure class=\"wp-block-gallery alignwide has-nested-images columns-1 is-cropped wp-block-gallery-28 is-layout-flex wp-block-gallery-is-layout-flex\" data-block-type=\"core\">\n<figure class=\"wp-block-image size-large\" data-block-type=\"core\"><img loading=\"lazy\" decoding=\"async\" width=\"1200\" height=\"800\" data-id=\"35847\" src=\"https:\/\/marcinkrokowski.com\/wp-content\/uploads\/2026\/08\/fotograf-konferencji-aes-europe-warszawa-panel-dyskusyjny-032-1200x800.jpg\" alt=\"Podiumsdiskussion w\u00e4hrend der AES Europe 2025\" class=\"wp-image-35847\" title=\"\" srcset=\"https:\/\/marcinkrokowski.com\/wp-content\/uploads\/2026\/08\/fotograf-konferencji-aes-europe-warszawa-panel-dyskusyjny-032-1200x800.jpg 1200w, https:\/\/marcinkrokowski.com\/wp-content\/uploads\/2026\/08\/fotograf-konferencji-aes-europe-warszawa-panel-dyskusyjny-032-900x600.jpg 900w, https:\/\/marcinkrokowski.com\/wp-content\/uploads\/2026\/08\/fotograf-konferencji-aes-europe-warszawa-panel-dyskusyjny-032-450x300.jpg 450w, https:\/\/marcinkrokowski.com\/wp-content\/uploads\/2026\/08\/fotograf-konferencji-aes-europe-warszawa-panel-dyskusyjny-032-768x512.jpg 768w, https:\/\/marcinkrokowski.com\/wp-content\/uploads\/2026\/08\/fotograf-konferencji-aes-europe-warszawa-panel-dyskusyjny-032-1536x1024.jpg 1536w, https:\/\/marcinkrokowski.com\/wp-content\/uploads\/2026\/08\/fotograf-konferencji-aes-europe-warszawa-panel-dyskusyjny-032.jpg 1920w\" sizes=\"auto, (max-width: 1200px) 100vw, 1200px\" \/><\/figure>\n<\/figure>\n\n\n\n<figure class=\"wp-block-gallery alignwide has-nested-images columns-1 is-cropped wp-block-gallery-29 is-layout-flex wp-block-gallery-is-layout-flex\" data-block-type=\"core\">\n<figure class=\"wp-block-image size-large\" data-block-type=\"core\"><img loading=\"lazy\" decoding=\"async\" width=\"1200\" height=\"800\" data-id=\"35846\" src=\"https:\/\/marcinkrokowski.com\/wp-content\/uploads\/2026\/08\/fotograf-konferencji-aes-europe-warszawa-oznakowanie-hala-f-033-1200x800.jpg\" alt=\"Beschilderung der Halle w\u00e4hrend der AES Europe 2025\" class=\"wp-image-35846\" title=\"\" srcset=\"https:\/\/marcinkrokowski.com\/wp-content\/uploads\/2026\/08\/fotograf-konferencji-aes-europe-warszawa-oznakowanie-hala-f-033-1200x800.jpg 1200w, https:\/\/marcinkrokowski.com\/wp-content\/uploads\/2026\/08\/fotograf-konferencji-aes-europe-warszawa-oznakowanie-hala-f-033-900x600.jpg 900w, https:\/\/marcinkrokowski.com\/wp-content\/uploads\/2026\/08\/fotograf-konferencji-aes-europe-warszawa-oznakowanie-hala-f-033-450x300.jpg 450w, https:\/\/marcinkrokowski.com\/wp-content\/uploads\/2026\/08\/fotograf-konferencji-aes-europe-warszawa-oznakowanie-hala-f-033-768x512.jpg 768w, https:\/\/marcinkrokowski.com\/wp-content\/uploads\/2026\/08\/fotograf-konferencji-aes-europe-warszawa-oznakowanie-hala-f-033-1536x1024.jpg 1536w, https:\/\/marcinkrokowski.com\/wp-content\/uploads\/2026\/08\/fotograf-konferencji-aes-europe-warszawa-oznakowanie-hala-f-033.jpg 1920w\" sizes=\"auto, (max-width: 1200px) 100vw, 1200px\" \/><\/figure>\n<\/figure>\n\n\n\n<figure class=\"wp-block-gallery alignwide has-nested-images columns-1 is-cropped wp-block-gallery-30 is-layout-flex wp-block-gallery-is-layout-flex\" data-block-type=\"core\">\n<figure class=\"wp-block-image size-large\" data-block-type=\"core\"><img loading=\"lazy\" decoding=\"async\" width=\"1200\" height=\"800\" data-id=\"35842\" src=\"https:\/\/marcinkrokowski.com\/wp-content\/uploads\/2026\/08\/fotograf-konferencji-aes-europe-warszawa-modul-sennheiser-spectera-034-1200x800.jpg\" alt=\"Sennheiser-Ausr\u00fcstung, pr\u00e4sentiert bei der AES Europe 2025\" class=\"wp-image-35842\" title=\"\" srcset=\"https:\/\/marcinkrokowski.com\/wp-content\/uploads\/2026\/08\/fotograf-konferencji-aes-europe-warszawa-modul-sennheiser-spectera-034-1200x800.jpg 1200w, https:\/\/marcinkrokowski.com\/wp-content\/uploads\/2026\/08\/fotograf-konferencji-aes-europe-warszawa-modul-sennheiser-spectera-034-900x600.jpg 900w, https:\/\/marcinkrokowski.com\/wp-content\/uploads\/2026\/08\/fotograf-konferencji-aes-europe-warszawa-modul-sennheiser-spectera-034-450x300.jpg 450w, https:\/\/marcinkrokowski.com\/wp-content\/uploads\/2026\/08\/fotograf-konferencji-aes-europe-warszawa-modul-sennheiser-spectera-034-768x512.jpg 768w, https:\/\/marcinkrokowski.com\/wp-content\/uploads\/2026\/08\/fotograf-konferencji-aes-europe-warszawa-modul-sennheiser-spectera-034-1536x1024.jpg 1536w, https:\/\/marcinkrokowski.com\/wp-content\/uploads\/2026\/08\/fotograf-konferencji-aes-europe-warszawa-modul-sennheiser-spectera-034.jpg 1920w\" sizes=\"auto, (max-width: 1200px) 100vw, 1200px\" \/><\/figure>\n<\/figure>\n\n\n\n<figure class=\"wp-block-gallery alignwide has-nested-images columns-1 is-cropped wp-block-gallery-31 is-layout-flex wp-block-gallery-is-layout-flex\" data-block-type=\"core\">\n<figure class=\"wp-block-image size-large\" data-block-type=\"core\"><img loading=\"lazy\" decoding=\"async\" width=\"1200\" height=\"800\" data-id=\"35844\" src=\"https:\/\/marcinkrokowski.com\/wp-content\/uploads\/2026\/08\/fotograf-konferencji-aes-europe-warszawa-networking-radosc-035-1200x800.jpg\" alt=\"Networking w\u00e4hrend der AES Europe 2025\" class=\"wp-image-35844\" title=\"\" srcset=\"https:\/\/marcinkrokowski.com\/wp-content\/uploads\/2026\/08\/fotograf-konferencji-aes-europe-warszawa-networking-radosc-035-1200x800.jpg 1200w, https:\/\/marcinkrokowski.com\/wp-content\/uploads\/2026\/08\/fotograf-konferencji-aes-europe-warszawa-networking-radosc-035-900x600.jpg 900w, https:\/\/marcinkrokowski.com\/wp-content\/uploads\/2026\/08\/fotograf-konferencji-aes-europe-warszawa-networking-radosc-035-450x300.jpg 450w, https:\/\/marcinkrokowski.com\/wp-content\/uploads\/2026\/08\/fotograf-konferencji-aes-europe-warszawa-networking-radosc-035-768x512.jpg 768w, https:\/\/marcinkrokowski.com\/wp-content\/uploads\/2026\/08\/fotograf-konferencji-aes-europe-warszawa-networking-radosc-035-1536x1024.jpg 1536w, https:\/\/marcinkrokowski.com\/wp-content\/uploads\/2026\/08\/fotograf-konferencji-aes-europe-warszawa-networking-radosc-035.jpg 1920w\" sizes=\"auto, (max-width: 1200px) 100vw, 1200px\" \/><\/figure>\n<\/figure>\n\n\n\n<figure class=\"wp-block-gallery alignwide has-nested-images columns-1 is-cropped wp-block-gallery-32 is-layout-flex wp-block-gallery-is-layout-flex\" data-block-type=\"core\">\n<figure class=\"wp-block-image size-large\" data-block-type=\"core\"><img loading=\"lazy\" decoding=\"async\" width=\"1200\" height=\"800\" data-id=\"35865\" src=\"https:\/\/marcinkrokowski.com\/wp-content\/uploads\/2026\/08\/fotograf-konferencji-aes-europe-warszawa-sesja-otwarcia-036-1200x800.jpg\" alt=\"Er\u00f6ffnungssitzung der AES Europe 2025 im ATM Studio\" class=\"wp-image-35865\" title=\"\" srcset=\"https:\/\/marcinkrokowski.com\/wp-content\/uploads\/2026\/08\/fotograf-konferencji-aes-europe-warszawa-sesja-otwarcia-036-1200x800.jpg 1200w, https:\/\/marcinkrokowski.com\/wp-content\/uploads\/2026\/08\/fotograf-konferencji-aes-europe-warszawa-sesja-otwarcia-036-900x600.jpg 900w, https:\/\/marcinkrokowski.com\/wp-content\/uploads\/2026\/08\/fotograf-konferencji-aes-europe-warszawa-sesja-otwarcia-036-450x300.jpg 450w, https:\/\/marcinkrokowski.com\/wp-content\/uploads\/2026\/08\/fotograf-konferencji-aes-europe-warszawa-sesja-otwarcia-036-768x512.jpg 768w, https:\/\/marcinkrokowski.com\/wp-content\/uploads\/2026\/08\/fotograf-konferencji-aes-europe-warszawa-sesja-otwarcia-036-1536x1024.jpg 1536w, https:\/\/marcinkrokowski.com\/wp-content\/uploads\/2026\/08\/fotograf-konferencji-aes-europe-warszawa-sesja-otwarcia-036.jpg 1920w\" sizes=\"auto, (max-width: 1200px) 100vw, 1200px\" \/><\/figure>\n<\/figure>\n\n\n\n<figure class=\"wp-block-gallery alignwide has-nested-images columns-1 is-cropped wp-block-gallery-33 is-layout-flex wp-block-gallery-is-layout-flex\" data-block-type=\"core\">\n<figure class=\"wp-block-image size-large\" data-block-type=\"core\"><img loading=\"lazy\" decoding=\"async\" width=\"1200\" height=\"800\" data-id=\"35857\" src=\"https:\/\/marcinkrokowski.com\/wp-content\/uploads\/2026\/08\/fotograf-konferencji-aes-europe-warszawa-publicznosc-cegla-037-1200x800.jpg\" alt=\"Publikum w\u00e4hrend der AES Europe 2025\" class=\"wp-image-35857\" title=\"\" srcset=\"https:\/\/marcinkrokowski.com\/wp-content\/uploads\/2026\/08\/fotograf-konferencji-aes-europe-warszawa-publicznosc-cegla-037-1200x800.jpg 1200w, https:\/\/marcinkrokowski.com\/wp-content\/uploads\/2026\/08\/fotograf-konferencji-aes-europe-warszawa-publicznosc-cegla-037-900x600.jpg 900w, https:\/\/marcinkrokowski.com\/wp-content\/uploads\/2026\/08\/fotograf-konferencji-aes-europe-warszawa-publicznosc-cegla-037-450x300.jpg 450w, https:\/\/marcinkrokowski.com\/wp-content\/uploads\/2026\/08\/fotograf-konferencji-aes-europe-warszawa-publicznosc-cegla-037-768x512.jpg 768w, https:\/\/marcinkrokowski.com\/wp-content\/uploads\/2026\/08\/fotograf-konferencji-aes-europe-warszawa-publicznosc-cegla-037-1536x1024.jpg 1536w, https:\/\/marcinkrokowski.com\/wp-content\/uploads\/2026\/08\/fotograf-konferencji-aes-europe-warszawa-publicznosc-cegla-037.jpg 1920w\" sizes=\"auto, (max-width: 1200px) 100vw, 1200px\" \/><\/figure>\n<\/figure>\n\n\n\n<figure class=\"wp-block-gallery alignwide has-nested-images columns-1 is-cropped wp-block-gallery-34 is-layout-flex wp-block-gallery-is-layout-flex\" data-block-type=\"core\">\n<figure class=\"wp-block-image size-large\" data-block-type=\"core\"><img loading=\"lazy\" decoding=\"async\" width=\"1200\" height=\"800\" data-id=\"35837\" src=\"https:\/\/marcinkrokowski.com\/wp-content\/uploads\/2026\/08\/fotograf-konferencji-aes-europe-warszawa-konsoleta-sq5-038-1200x800.jpg\" alt=\"Mischpult bei der AES Europe 2025\" class=\"wp-image-35837\" title=\"\" srcset=\"https:\/\/marcinkrokowski.com\/wp-content\/uploads\/2026\/08\/fotograf-konferencji-aes-europe-warszawa-konsoleta-sq5-038-1200x800.jpg 1200w, https:\/\/marcinkrokowski.com\/wp-content\/uploads\/2026\/08\/fotograf-konferencji-aes-europe-warszawa-konsoleta-sq5-038-900x600.jpg 900w, https:\/\/marcinkrokowski.com\/wp-content\/uploads\/2026\/08\/fotograf-konferencji-aes-europe-warszawa-konsoleta-sq5-038-450x300.jpg 450w, https:\/\/marcinkrokowski.com\/wp-content\/uploads\/2026\/08\/fotograf-konferencji-aes-europe-warszawa-konsoleta-sq5-038-768x512.jpg 768w, https:\/\/marcinkrokowski.com\/wp-content\/uploads\/2026\/08\/fotograf-konferencji-aes-europe-warszawa-konsoleta-sq5-038-1536x1024.jpg 1536w, https:\/\/marcinkrokowski.com\/wp-content\/uploads\/2026\/08\/fotograf-konferencji-aes-europe-warszawa-konsoleta-sq5-038.jpg 1920w\" sizes=\"auto, (max-width: 1200px) 100vw, 1200px\" \/><\/figure>\n<\/figure>\n\n\n\n<figure class=\"wp-block-gallery alignwide has-nested-images columns-default is-cropped wp-block-gallery-35 is-layout-flex wp-block-gallery-is-layout-flex\" data-block-type=\"core\">\n<figure class=\"wp-block-image size-thumbnail\" data-block-type=\"core\"><img loading=\"lazy\" decoding=\"async\" width=\"450\" height=\"675\" data-id=\"35853\" src=\"https:\/\/marcinkrokowski.com\/wp-content\/uploads\/2026\/08\/fotograf-konferencji-aes-europe-warszawa-prelegentka-mikrofon-031-450x675.jpg\" alt=\"Referentin w\u00e4hrend eines Vortrags bei der AES Europe 2025\" class=\"wp-image-35853\" title=\"\" srcset=\"https:\/\/marcinkrokowski.com\/wp-content\/uploads\/2026\/08\/fotograf-konferencji-aes-europe-warszawa-prelegentka-mikrofon-031-450x675.jpg 450w, https:\/\/marcinkrokowski.com\/wp-content\/uploads\/2026\/08\/fotograf-konferencji-aes-europe-warszawa-prelegentka-mikrofon-031-900x1350.jpg 900w, https:\/\/marcinkrokowski.com\/wp-content\/uploads\/2026\/08\/fotograf-konferencji-aes-europe-warszawa-prelegentka-mikrofon-031-1200x1800.jpg 1200w, https:\/\/marcinkrokowski.com\/wp-content\/uploads\/2026\/08\/fotograf-konferencji-aes-europe-warszawa-prelegentka-mikrofon-031-768x1152.jpg 768w, https:\/\/marcinkrokowski.com\/wp-content\/uploads\/2026\/08\/fotograf-konferencji-aes-europe-warszawa-prelegentka-mikrofon-031-1024x1536.jpg 1024w, https:\/\/marcinkrokowski.com\/wp-content\/uploads\/2026\/08\/fotograf-konferencji-aes-europe-warszawa-prelegentka-mikrofon-031.jpg 1280w\" sizes=\"auto, (max-width: 450px) 100vw, 450px\" \/><\/figure>\n\n\n\n<figure class=\"wp-block-image size-thumbnail\" data-block-type=\"core\"><img loading=\"lazy\" decoding=\"async\" width=\"450\" height=\"675\" data-id=\"35854\" src=\"https:\/\/marcinkrokowski.com\/wp-content\/uploads\/2026\/08\/fotograf-konferencji-aes-europe-warszawa-prelegentka-panel-historyczny-039-450x675.jpg\" alt=\"Referentin w\u00e4hrend eines Panels bei der AES Europe 2025\" class=\"wp-image-35854\" title=\"\" srcset=\"https:\/\/marcinkrokowski.com\/wp-content\/uploads\/2026\/08\/fotograf-konferencji-aes-europe-warszawa-prelegentka-panel-historyczny-039-450x675.jpg 450w, https:\/\/marcinkrokowski.com\/wp-content\/uploads\/2026\/08\/fotograf-konferencji-aes-europe-warszawa-prelegentka-panel-historyczny-039-900x1350.jpg 900w, https:\/\/marcinkrokowski.com\/wp-content\/uploads\/2026\/08\/fotograf-konferencji-aes-europe-warszawa-prelegentka-panel-historyczny-039-1200x1800.jpg 1200w, https:\/\/marcinkrokowski.com\/wp-content\/uploads\/2026\/08\/fotograf-konferencji-aes-europe-warszawa-prelegentka-panel-historyczny-039-768x1152.jpg 768w, https:\/\/marcinkrokowski.com\/wp-content\/uploads\/2026\/08\/fotograf-konferencji-aes-europe-warszawa-prelegentka-panel-historyczny-039-1024x1536.jpg 1024w, https:\/\/marcinkrokowski.com\/wp-content\/uploads\/2026\/08\/fotograf-konferencji-aes-europe-warszawa-prelegentka-panel-historyczny-039.jpg 1280w\" sizes=\"auto, (max-width: 450px) 100vw, 450px\" \/><\/figure>\n\n\n\n<figure class=\"wp-block-image size-thumbnail\" data-block-type=\"core\"><img loading=\"lazy\" decoding=\"async\" width=\"450\" height=\"675\" data-id=\"35848\" src=\"https:\/\/marcinkrokowski.com\/wp-content\/uploads\/2026\/08\/fotograf-konferencji-aes-europe-warszawa-panel-piecioro-prelegentow-040-450x675.jpg\" alt=\"Podiumsdiskussion w\u00e4hrend der AES Europe 2025\" class=\"wp-image-35848\" title=\"\" srcset=\"https:\/\/marcinkrokowski.com\/wp-content\/uploads\/2026\/08\/fotograf-konferencji-aes-europe-warszawa-panel-piecioro-prelegentow-040-450x675.jpg 450w, https:\/\/marcinkrokowski.com\/wp-content\/uploads\/2026\/08\/fotograf-konferencji-aes-europe-warszawa-panel-piecioro-prelegentow-040-900x1350.jpg 900w, https:\/\/marcinkrokowski.com\/wp-content\/uploads\/2026\/08\/fotograf-konferencji-aes-europe-warszawa-panel-piecioro-prelegentow-040-1200x1800.jpg 1200w, https:\/\/marcinkrokowski.com\/wp-content\/uploads\/2026\/08\/fotograf-konferencji-aes-europe-warszawa-panel-piecioro-prelegentow-040-768x1152.jpg 768w, https:\/\/marcinkrokowski.com\/wp-content\/uploads\/2026\/08\/fotograf-konferencji-aes-europe-warszawa-panel-piecioro-prelegentow-040-1024x1536.jpg 1024w, https:\/\/marcinkrokowski.com\/wp-content\/uploads\/2026\/08\/fotograf-konferencji-aes-europe-warszawa-panel-piecioro-prelegentow-040.jpg 1280w\" sizes=\"auto, (max-width: 450px) 100vw, 450px\" \/><\/figure>\n<\/figure>\n\n\n\n<figure class=\"wp-block-gallery alignwide has-nested-images columns-1 is-cropped wp-block-gallery-36 is-layout-flex wp-block-gallery-is-layout-flex\" data-block-type=\"core\">\n<figure class=\"wp-block-image size-large\" data-block-type=\"core\"><img loading=\"lazy\" decoding=\"async\" width=\"1200\" height=\"800\" data-id=\"35877\" src=\"https:\/\/marcinkrokowski.com\/wp-content\/uploads\/2026\/08\/fotograf-konferencji-aes-europe-warszawa-wystapienie-historyczne-041-1200x800.jpg\" alt=\"Vortrag zu einem historischen Thema w\u00e4hrend der AES Europe 2025\" class=\"wp-image-35877\" title=\"\" srcset=\"https:\/\/marcinkrokowski.com\/wp-content\/uploads\/2026\/08\/fotograf-konferencji-aes-europe-warszawa-wystapienie-historyczne-041-1200x800.jpg 1200w, https:\/\/marcinkrokowski.com\/wp-content\/uploads\/2026\/08\/fotograf-konferencji-aes-europe-warszawa-wystapienie-historyczne-041-900x600.jpg 900w, https:\/\/marcinkrokowski.com\/wp-content\/uploads\/2026\/08\/fotograf-konferencji-aes-europe-warszawa-wystapienie-historyczne-041-450x300.jpg 450w, https:\/\/marcinkrokowski.com\/wp-content\/uploads\/2026\/08\/fotograf-konferencji-aes-europe-warszawa-wystapienie-historyczne-041-768x512.jpg 768w, https:\/\/marcinkrokowski.com\/wp-content\/uploads\/2026\/08\/fotograf-konferencji-aes-europe-warszawa-wystapienie-historyczne-041-1536x1024.jpg 1536w, https:\/\/marcinkrokowski.com\/wp-content\/uploads\/2026\/08\/fotograf-konferencji-aes-europe-warszawa-wystapienie-historyczne-041.jpg 1920w\" sizes=\"auto, (max-width: 1200px) 100vw, 1200px\" \/><\/figure>\n<\/figure>\n\n\n\n<figure class=\"wp-block-gallery alignwide has-nested-images columns-1 is-cropped wp-block-gallery-37 is-layout-flex wp-block-gallery-is-layout-flex\" data-block-type=\"core\">\n<figure class=\"wp-block-image size-large\" data-block-type=\"core\"><img loading=\"lazy\" decoding=\"async\" width=\"1200\" height=\"800\" data-id=\"35872\" src=\"https:\/\/marcinkrokowski.com\/wp-content\/uploads\/2026\/08\/fotograf-konferencji-aes-europe-warszawa-uczestnicy-zolte-czapki-042-1200x800.jpg\" alt=\"Teilnehmer der AES Europe 2025 im Networking-Bereich\" class=\"wp-image-35872\" title=\"\" srcset=\"https:\/\/marcinkrokowski.com\/wp-content\/uploads\/2026\/08\/fotograf-konferencji-aes-europe-warszawa-uczestnicy-zolte-czapki-042-1200x800.jpg 1200w, https:\/\/marcinkrokowski.com\/wp-content\/uploads\/2026\/08\/fotograf-konferencji-aes-europe-warszawa-uczestnicy-zolte-czapki-042-900x600.jpg 900w, https:\/\/marcinkrokowski.com\/wp-content\/uploads\/2026\/08\/fotograf-konferencji-aes-europe-warszawa-uczestnicy-zolte-czapki-042-450x300.jpg 450w, https:\/\/marcinkrokowski.com\/wp-content\/uploads\/2026\/08\/fotograf-konferencji-aes-europe-warszawa-uczestnicy-zolte-czapki-042-768x512.jpg 768w, https:\/\/marcinkrokowski.com\/wp-content\/uploads\/2026\/08\/fotograf-konferencji-aes-europe-warszawa-uczestnicy-zolte-czapki-042-1536x1024.jpg 1536w, https:\/\/marcinkrokowski.com\/wp-content\/uploads\/2026\/08\/fotograf-konferencji-aes-europe-warszawa-uczestnicy-zolte-czapki-042.jpg 1920w\" sizes=\"auto, (max-width: 1200px) 100vw, 1200px\" \/><\/figure>\n<\/figure>\n\n\n\n<figure class=\"wp-block-gallery alignwide has-nested-images columns-1 is-cropped wp-block-gallery-38 is-layout-flex wp-block-gallery-is-layout-flex\" data-block-type=\"core\">\n<figure class=\"wp-block-image size-large\" data-block-type=\"core\"><img loading=\"lazy\" decoding=\"async\" width=\"1200\" height=\"800\" data-id=\"35873\" src=\"https:\/\/marcinkrokowski.com\/wp-content\/uploads\/2026\/08\/fotograf-konferencji-aes-europe-warszawa-uscisk-dloni-scena-043-1200x800.jpg\" alt=\"Abschluss der AES Europe 2025 auf der Hauptb\u00fchne\" class=\"wp-image-35873\" title=\"\" srcset=\"https:\/\/marcinkrokowski.com\/wp-content\/uploads\/2026\/08\/fotograf-konferencji-aes-europe-warszawa-uscisk-dloni-scena-043-1200x800.jpg 1200w, https:\/\/marcinkrokowski.com\/wp-content\/uploads\/2026\/08\/fotograf-konferencji-aes-europe-warszawa-uscisk-dloni-scena-043-900x600.jpg 900w, https:\/\/marcinkrokowski.com\/wp-content\/uploads\/2026\/08\/fotograf-konferencji-aes-europe-warszawa-uscisk-dloni-scena-043-450x300.jpg 450w, https:\/\/marcinkrokowski.com\/wp-content\/uploads\/2026\/08\/fotograf-konferencji-aes-europe-warszawa-uscisk-dloni-scena-043-768x512.jpg 768w, https:\/\/marcinkrokowski.com\/wp-content\/uploads\/2026\/08\/fotograf-konferencji-aes-europe-warszawa-uscisk-dloni-scena-043-1536x1024.jpg 1536w, https:\/\/marcinkrokowski.com\/wp-content\/uploads\/2026\/08\/fotograf-konferencji-aes-europe-warszawa-uscisk-dloni-scena-043.jpg 1920w\" sizes=\"auto, (max-width: 1200px) 100vw, 1200px\" \/><\/figure>\n<\/figure>\n\n\n\n<figure class=\"wp-block-gallery alignwide has-nested-images columns-1 is-cropped wp-block-gallery-39 is-layout-flex wp-block-gallery-is-layout-flex\" data-block-type=\"core\">\n<figure class=\"wp-block-image size-large\" data-block-type=\"core\"><img loading=\"lazy\" decoding=\"async\" width=\"1200\" height=\"800\" data-id=\"35858\" src=\"https:\/\/marcinkrokowski.com\/wp-content\/uploads\/2026\/08\/fotograf-konferencji-aes-europe-warszawa-publicznosc-duza-sala-044-1200x800.jpg\" alt=\"Publikum w\u00e4hrend der AES Europe 2025\" class=\"wp-image-35858\" title=\"\" srcset=\"https:\/\/marcinkrokowski.com\/wp-content\/uploads\/2026\/08\/fotograf-konferencji-aes-europe-warszawa-publicznosc-duza-sala-044-1200x800.jpg 1200w, https:\/\/marcinkrokowski.com\/wp-content\/uploads\/2026\/08\/fotograf-konferencji-aes-europe-warszawa-publicznosc-duza-sala-044-900x600.jpg 900w, https:\/\/marcinkrokowski.com\/wp-content\/uploads\/2026\/08\/fotograf-konferencji-aes-europe-warszawa-publicznosc-duza-sala-044-450x300.jpg 450w, https:\/\/marcinkrokowski.com\/wp-content\/uploads\/2026\/08\/fotograf-konferencji-aes-europe-warszawa-publicznosc-duza-sala-044-768x512.jpg 768w, https:\/\/marcinkrokowski.com\/wp-content\/uploads\/2026\/08\/fotograf-konferencji-aes-europe-warszawa-publicznosc-duza-sala-044-1536x1024.jpg 1536w, https:\/\/marcinkrokowski.com\/wp-content\/uploads\/2026\/08\/fotograf-konferencji-aes-europe-warszawa-publicznosc-duza-sala-044.jpg 1920w\" sizes=\"auto, (max-width: 1200px) 100vw, 1200px\" \/><\/figure>\n<\/figure>\n\n\n\n<figure class=\"wp-block-gallery alignwide has-nested-images columns-1 is-cropped wp-block-gallery-40 is-layout-flex wp-block-gallery-is-layout-flex\" data-block-type=\"core\">\n<figure class=\"wp-block-image size-large\" data-block-type=\"core\"><img loading=\"lazy\" decoding=\"async\" width=\"1200\" height=\"800\" data-id=\"35866\" src=\"https:\/\/marcinkrokowski.com\/wp-content\/uploads\/2026\/08\/fotograf-konferencji-aes-europe-warszawa-sesja-zamkniecia-045-1200x800.jpg\" alt=\"Abschlusssitzung der AES Europe 2025\" class=\"wp-image-35866\" title=\"\" srcset=\"https:\/\/marcinkrokowski.com\/wp-content\/uploads\/2026\/08\/fotograf-konferencji-aes-europe-warszawa-sesja-zamkniecia-045-1200x800.jpg 1200w, https:\/\/marcinkrokowski.com\/wp-content\/uploads\/2026\/08\/fotograf-konferencji-aes-europe-warszawa-sesja-zamkniecia-045-900x600.jpg 900w, https:\/\/marcinkrokowski.com\/wp-content\/uploads\/2026\/08\/fotograf-konferencji-aes-europe-warszawa-sesja-zamkniecia-045-450x300.jpg 450w, https:\/\/marcinkrokowski.com\/wp-content\/uploads\/2026\/08\/fotograf-konferencji-aes-europe-warszawa-sesja-zamkniecia-045-768x512.jpg 768w, https:\/\/marcinkrokowski.com\/wp-content\/uploads\/2026\/08\/fotograf-konferencji-aes-europe-warszawa-sesja-zamkniecia-045-1536x1024.jpg 1536w, https:\/\/marcinkrokowski.com\/wp-content\/uploads\/2026\/08\/fotograf-konferencji-aes-europe-warszawa-sesja-zamkniecia-045.jpg 1920w\" sizes=\"auto, (max-width: 1200px) 100vw, 1200px\" \/><\/figure>\n<\/figure>\n\n\n\n<figure class=\"wp-block-gallery alignwide has-nested-images columns-1 is-cropped wp-block-gallery-41 is-layout-flex wp-block-gallery-is-layout-flex\" data-block-type=\"core\">\n<figure class=\"wp-block-image size-large\" data-block-type=\"core\"><img loading=\"lazy\" decoding=\"async\" width=\"1200\" height=\"800\" data-id=\"35875\" src=\"https:\/\/marcinkrokowski.com\/wp-content\/uploads\/2026\/08\/fotograf-konferencji-aes-europe-warszawa-wolontariuszki-identyfikatory-046-1200x800.jpg\" alt=\"Freiwillige Helferinnen der AES Europe 2025\" class=\"wp-image-35875\" title=\"\" srcset=\"https:\/\/marcinkrokowski.com\/wp-content\/uploads\/2026\/08\/fotograf-konferencji-aes-europe-warszawa-wolontariuszki-identyfikatory-046-1200x800.jpg 1200w, https:\/\/marcinkrokowski.com\/wp-content\/uploads\/2026\/08\/fotograf-konferencji-aes-europe-warszawa-wolontariuszki-identyfikatory-046-900x600.jpg 900w, https:\/\/marcinkrokowski.com\/wp-content\/uploads\/2026\/08\/fotograf-konferencji-aes-europe-warszawa-wolontariuszki-identyfikatory-046-450x300.jpg 450w, https:\/\/marcinkrokowski.com\/wp-content\/uploads\/2026\/08\/fotograf-konferencji-aes-europe-warszawa-wolontariuszki-identyfikatory-046-768x512.jpg 768w, https:\/\/marcinkrokowski.com\/wp-content\/uploads\/2026\/08\/fotograf-konferencji-aes-europe-warszawa-wolontariuszki-identyfikatory-046-1536x1024.jpg 1536w, https:\/\/marcinkrokowski.com\/wp-content\/uploads\/2026\/08\/fotograf-konferencji-aes-europe-warszawa-wolontariuszki-identyfikatory-046.jpg 1920w\" sizes=\"auto, (max-width: 1200px) 100vw, 1200px\" \/><\/figure>\n<\/figure>\n\n\n\n<p class=\"wp-block-paragraph\" data-block-type=\"core\">Organisieren Sie eine Konferenz oder eine Branchen-Konvention, auch mehrt\u00e4gig und international? Schreiben Sie mir Datum, Ort und ungef\u00e4hre Uhrzeiten.<\/p>\n","protected":false},"excerpt":{"rendered":"<p>Eine internationale Branchen-Konvention hat einen anderen Rhythmus als ein eint\u00e4giges Event. Drei Tage, mehrere parallele S\u00e4le, Referenten aus verschiedenen L\u00e4ndern und ein Zeitplan, der sich<\/p>\n","protected":false},"author":0,"featured_media":35874,"parent":0,"comment_status":"closed","ping_status":"closed","template":"","kategoria_portfolio":[23],"class_list":["post-37242","portfolio","type-portfolio","status-publish","has-post-thumbnail","hentry","kategoria_portfolio-konferencje","infinite-scroll-item","generate-columns","tablet-grid-50","mobile-grid-100","grid-parent","grid-33"],"_links":{"self":[{"href":"https:\/\/marcinkrokowski.com\/de\/wp-json\/wp\/v2\/portfolio\/37242","targetHints":{"allow":["GET"]}}],"collection":[{"href":"https:\/\/marcinkrokowski.com\/de\/wp-json\/wp\/v2\/portfolio"}],"about":[{"href":"https:\/\/marcinkrokowski.com\/de\/wp-json\/wp\/v2\/types\/portfolio"}],"replies":[{"embeddable":true,"href":"https:\/\/marcinkrokowski.com\/de\/wp-json\/wp\/v2\/comments?post=37242"}],"version-history":[{"count":0,"href":"https:\/\/marcinkrokowski.com\/de\/wp-json\/wp\/v2\/portfolio\/37242\/revisions"}],"wp:featuredmedia":[{"embeddable":true,"href":"https:\/\/marcinkrokowski.com\/de\/wp-json\/wp\/v2\/media\/35874"}],"wp:attachment":[{"href":"https:\/\/marcinkrokowski.com\/de\/wp-json\/wp\/v2\/media?parent=37242"}],"wp:term":[{"taxonomy":"kategoria_portfolio","embeddable":true,"href":"https:\/\/marcinkrokowski.com\/de\/wp-json\/wp\/v2\/kategoria_portfolio?post=37242"}],"curies":[{"name":"wp","href":"https:\/\/api.w.org\/{rel}","templated":true}]}}