{"id":31581,"date":"2026-01-02T21:42:47","date_gmt":"2026-01-02T20:42:47","guid":{"rendered":"https:\/\/marcinkrokowski.com\/portfolio\/fotografie-fuer-den-oeffentlichen-sektor-forum-fuer-wirtschaft-und-sozialpolitik\/"},"modified":"2026-08-16T03:32:35","modified_gmt":"2026-08-16T01:32:35","slug":"fotografie-fuer-den-oeffentlichen-sektor-forum-fuer-wirtschaft-und-sozialpolitik","status":"publish","type":"portfolio","link":"https:\/\/marcinkrokowski.com\/de\/portfolio\/fotografie-fuer-den-oeffentlichen-sektor-forum-fuer-wirtschaft-und-sozialpolitik\/","title":{"rendered":"Fotografie f\u00fcr den \u00f6ffentlichen Sektor: Forum f\u00fcr Wirtschaft und Sozialpolitik"},"content":{"rendered":"\n<p class=\"wp-block-paragraph\" data-block-type=\"core\">Regierungskonferenzen und Industrieforen sind ein Umfeld, in dem es keinen Raum f\u00fcr Fehler gibt. Die Dynamik der Diskussionen verlangt von mir als Fotograf auf dem Forum st\u00e4ndige Aufmerksamkeit. <strong><a href=\"https:\/\/marcinkrokowski.com\/de\/eventfotografie-fuer-unternehmen\/fotoreportage-fuer-konferenzen\/\" data-type=\"page\" data-id=\"30020\">Fotograf auf dem Forum<\/a><\/strong> Ich muss auf Gesten, Emotionen und Schl\u00fcsselmomente achten, die kurz nach der Podiumsdiskussion in den Nachrichten und den sozialen Medien erscheinen m\u00fcssen. <\/p>\n\n<p class=\"wp-block-paragraph\" data-block-type=\"core\">Beim Forum f\u00fcr Wirtschafts- und Sozialpolitik bestand meine Priorit\u00e4t darin, das inhaltliche Gewicht der Diskussionen einzufangen und gleichzeitig die menschliche Seite des Treffens zu zeigen. Bei der Dokumentation einer Veranstaltung, die die Grundlagen der Sozialpolitik ber\u00fchrt, geht es um die Arbeit mit den Details &#8211; vom Fokus auf die Gesichter der Experten bis hin zur Energie des Networkings hinter den Kulissen. Meine Aufgabe als Fotograf auf dem Forum ist es, Material zu liefern, das die Veranstaltung als prestigetr\u00e4chtig und entscheidend f\u00fcr den Sektor darstellt.  <\/p>\n\n<h2 class=\"wp-block-heading\" data-block-type=\"core\">Arbeitsstandards und die Rolle des Fotografen in einem B2B-Forum<\/h2>\n\n<p class=\"wp-block-paragraph\" data-block-type=\"core\">Die Zusammenarbeit bei \u00f6ffentlichen Veranstaltungen basiert auf drei S\u00e4ulen, die den Veranstaltern Ruhe und dem Markenimage Sorge tragen. Jeder erfahrene Forumsfotograf wei\u00df, dass diese Elemente die Grundlage einer effizienten PR-Kommunikation sind. <\/p>\n\n<h3 class=\"wp-block-heading\" data-block-type=\"core\">Express-Auswahl<\/h3>\n\n<p class=\"wp-block-paragraph\" data-block-type=\"core\">Ich bereite ein Paket mit den wichtigsten Aufnahmen f\u00fcr die sozialen Medien vor, w\u00e4hrend die Veranstaltung noch l\u00e4uft oder unmittelbar danach. Das gibt den PR-Abteilungen den n\u00f6tigen Treibstoff, um ohne unn\u00f6tige Verz\u00f6gerung zu kommunizieren, was im heutigen Nachrichtenzyklus entscheidend ist. <\/p>\n\n<h3 class=\"wp-block-heading\" data-block-type=\"core\">Vollst\u00e4ndige Dokumentation<\/h3>\n\n<p class=\"wp-block-paragraph\" data-block-type=\"core\">Ich liefere einen breiten Querschnitt von Rahmen: von offiziellen Reden und Handshakes \u00fcber Podiumsdiskussionen bis hin zu Branding und logistischen Details. Dies ist ein wichtiges Material nicht nur f\u00fcr die Berichterstattung, sondern auch als Bericht f\u00fcr Veranstaltungspartner und Sponsoren. <\/p>\n\n<h3 class=\"wp-block-heading\" data-block-type=\"core\">Diskretion und Professionalit\u00e4t<\/h3>\n\n<p class=\"wp-block-paragraph\" data-block-type=\"core\">Ich arbeite auf eine Weise, die f\u00fcr die Teilnehmer unauff\u00e4llig ist. Ich verwende helle Objektive bei schw\u00e4cheren Lichtverh\u00e4ltnissen und Zoomobjektive, die es mir erm\u00f6glichen, Aufnahmen aus der Entfernung zu machen, z. B. von Rednern. Auf diese Weise kann ich auch in sehr ruhigen Konferenzr\u00e4umen nahe und emotionale Aufnahmen machen, ohne die G\u00e4ste abzulenken.  <\/p>\n\n<h2 class=\"wp-block-heading\" data-block-type=\"core\">Professionelle Beziehungen als PR-Instrument<\/h2>\n\n<p class=\"wp-block-paragraph\" data-block-type=\"core\">Wenn ich Auftr\u00e4ge f\u00fcr \u00f6ffentliche Einrichtungen und Ministerien ausf\u00fchre, betrachte ich Bilder als ein fertiges Marketingprodukt. Die Organisatoren von Expertenforen brauchen Bilder, die Autorit\u00e4t schaffen und das Ausma\u00df der Initiative zeigen. <\/p>\n\n<p class=\"wp-block-paragraph\" data-block-type=\"core\">Bei dieser Umsetzung habe ich mich auf drei Elemente konzentriert:<\/p>\n\n<ul class=\"wp-block-list\" data-block-type=\"core\">\n<li data-block-type=\"core\"><strong>Portr\u00e4ts von Rednern<\/strong> &#8211; saubere, professionelle Rahmen, die Pressemitteilungen und Fachartikel perfekt erg\u00e4nzen.<\/li>\n\n\n\n<li data-block-type=\"core\"><strong>Beziehungen hinter den Kulissen<\/strong> &#8211; Erfassung des Dialogs zwischen dem \u00f6ffentlichen Sektor und den NROs, wobei der integrative Charakter des Forums hervorgehoben wird.<\/li>\n\n\n\n<li data-block-type=\"core\"><strong>Visuelle Dokumentation<\/strong> &#8211; pr\u00e4zise Aufnahmen der Szenerie und der Umgebung, die den hohen Stellenwert des Ereignisses visuell best\u00e4tigen.<\/li>\n<\/ul>\n\n<h2 class=\"wp-block-heading\" data-block-type=\"core\">Strategischer Ansatz f\u00fcr die Konferenzdokumentation<\/h2>\n\n<p class=\"wp-block-paragraph\" data-block-type=\"core\">Bei hochintensiven Foren liegt der Schl\u00fcssel zum Erfolg darin, die Ereignisse vorherzusehen. Wenn ich wei\u00df, wer die wichtigsten G\u00e4ste sind und wann der wichtigste Moment der Debatte eintreten wird, kann ich das Material vollst\u00e4ndig und pr\u00e4zise darstellen. <\/p>\n\n<p class=\"wp-block-paragraph\" data-block-type=\"core\">F\u00fcr den Kunden ist eine solche Zusammenarbeit ein Vorteil. Als Ihr Forumsfotograf ben\u00f6tige ich keine Anweisungen vor Ort &#8211; ich kenne die Tagesordnung, ich kenne das Protokoll und ich wei\u00df, welche Aufnahmen Ihre Pressestelle erwartet. Das Ergebnis ist eine konsistente, qualitativ hochwertige Galerie, die bereits am Morgen nach der Veranstaltung zur Ver\u00f6ffentlichung bereit ist.  <\/p>\n\n<h2 class=\"wp-block-heading\" data-block-type=\"core\">Planen Sie eine \u00f6ffentliche oder industrielle Veranstaltung?<\/h2>\n\n<p class=\"wp-block-paragraph\" data-block-type=\"core\">Wenn Sie auf der Suche nach einem Forumsfotografen sind, der die Dynamik der Konferenz sp\u00fcrt und Bilder liefert, die sofort f\u00fcr die Kommunikation verwendet werden k\u00f6nnen, lade ich Sie ein, mich zu kontaktieren. Ich helfe Ihnen gerne bei der Planung einer visuellen Dokumentation, die Ihre Veranstaltung in Szene setzt. <\/p>\n\n<div class=\"wp-block-stackable-columns alignwide stk-block-columns stk-block stk-8a332d5\" data-block-id=\"8a332d5\"><div class=\"stk-row stk-inner-blocks stk-block-content stk-content-align stk-8a332d5-column alignwide\">\n<div class=\"wp-block-stackable-column stk-block-column stk-column stk-block stk-07b6a61\" data-v=\"4\" data-block-id=\"07b6a61\"><div class=\"stk-column-wrapper stk-block-column__content stk-container stk-07b6a61-container stk--no-background stk--no-padding\"><div class=\"stk-block-content stk-inner-blocks stk-07b6a61-inner-blocks\">\n<figure class=\"wp-block-gallery has-nested-images columns-1 is-cropped wp-block-gallery-1 is-layout-flex wp-block-gallery-is-layout-flex\" data-block-type=\"core\">\n<figure class=\"wp-block-image size-full\" data-block-type=\"core\"><img loading=\"lazy\" decoding=\"async\" width=\"1080\" height=\"720\" data-id=\"31439\" src=\"https:\/\/marcinkrokowski.com\/wp-content\/uploads\/2026\/01\/Fotograf-na-forum-ekonomii-spolecznej-001.jpg\" alt=\"Eine Bildunterschrift auf einer Staffelei, die f&#xFC;r eine Messe der Sozialwirtschaft in polnischer Sprache wirbt, mit Details zu der Veranstaltung am 12. und 13. November 2024, die vom Ministerium f&#xFC;r Arbeit und Soziales ausgerichtet wird. Bunte Grafiken und Logos sind zu sehen; im Hintergrund steht eine Person in einem roten Rock.\" class=\"wp-image-31439\" title=\"\" srcset=\"https:\/\/marcinkrokowski.com\/wp-content\/uploads\/2026\/01\/Fotograf-na-forum-ekonomii-spolecznej-001.jpg 1080w, https:\/\/marcinkrokowski.com\/wp-content\/uploads\/2026\/01\/Fotograf-na-forum-ekonomii-spolecznej-001-900x600.jpg 900w, https:\/\/marcinkrokowski.com\/wp-content\/uploads\/2026\/01\/Fotograf-na-forum-ekonomii-spolecznej-001-450x300.jpg 450w, https:\/\/marcinkrokowski.com\/wp-content\/uploads\/2026\/01\/Fotograf-na-forum-ekonomii-spolecznej-001-768x512.jpg 768w\" sizes=\"auto, (max-width: 1080px) 100vw, 1080px\" \/><\/figure>\n\n\n\n<figure class=\"wp-block-image size-full\" data-block-type=\"core\"><img loading=\"lazy\" decoding=\"async\" width=\"1080\" height=\"720\" data-id=\"31440\" src=\"https:\/\/marcinkrokowski.com\/wp-content\/uploads\/2026\/01\/Fotograf-na-forum-ekonomii-spolecznej-002.jpg\" alt=\"Auf dem Markt oder der Kunsthandwerksmesse stehen die Honiggl&#xE4;ser auf Holzregalen hinter Reihen von handgefertigten Keramiktassen in verschiedenen Blau-, Wei&#xDF;- und Braunt&#xF6;nen.\" class=\"wp-image-31440\" title=\"\" srcset=\"https:\/\/marcinkrokowski.com\/wp-content\/uploads\/2026\/01\/Fotograf-na-forum-ekonomii-spolecznej-002.jpg 1080w, https:\/\/marcinkrokowski.com\/wp-content\/uploads\/2026\/01\/Fotograf-na-forum-ekonomii-spolecznej-002-900x600.jpg 900w, https:\/\/marcinkrokowski.com\/wp-content\/uploads\/2026\/01\/Fotograf-na-forum-ekonomii-spolecznej-002-450x300.jpg 450w, https:\/\/marcinkrokowski.com\/wp-content\/uploads\/2026\/01\/Fotograf-na-forum-ekonomii-spolecznej-002-768x512.jpg 768w\" sizes=\"auto, (max-width: 1080px) 100vw, 1080px\" \/><\/figure>\n\n\n\n<figure class=\"wp-block-image size-full\" data-block-type=\"core\"><img loading=\"lazy\" decoding=\"async\" width=\"1080\" height=\"720\" data-id=\"31441\" src=\"https:\/\/marcinkrokowski.com\/wp-content\/uploads\/2026\/01\/Fotograf-na-forum-ekonomii-spolecznej-003.jpg\" alt=\"Eine Frau steht hinter einem Stand mit verschiedenen Gl&#xE4;sern, Flaschen, Tees und Keramikschalen. Auf blauem Hintergrund steht die Aufschrift &#039;Sp&#xF3;&#x142;dzielnia Socjalna PERUNICA&#039; mit dem Logo der polnischen Regierung.\" class=\"wp-image-31441\" title=\"\" srcset=\"https:\/\/marcinkrokowski.com\/wp-content\/uploads\/2026\/01\/Fotograf-na-forum-ekonomii-spolecznej-003.jpg 1080w, https:\/\/marcinkrokowski.com\/wp-content\/uploads\/2026\/01\/Fotograf-na-forum-ekonomii-spolecznej-003-900x600.jpg 900w, https:\/\/marcinkrokowski.com\/wp-content\/uploads\/2026\/01\/Fotograf-na-forum-ekonomii-spolecznej-003-450x300.jpg 450w, https:\/\/marcinkrokowski.com\/wp-content\/uploads\/2026\/01\/Fotograf-na-forum-ekonomii-spolecznej-003-768x512.jpg 768w\" sizes=\"auto, (max-width: 1080px) 100vw, 1080px\" \/><\/figure>\n\n\n\n<figure class=\"wp-block-image size-full\" data-block-type=\"core\"><img loading=\"lazy\" decoding=\"async\" width=\"1080\" height=\"720\" data-id=\"31442\" src=\"https:\/\/marcinkrokowski.com\/wp-content\/uploads\/2026\/01\/Fotograf-na-forum-ekonomii-spolecznej-004.jpg\" alt=\"Verziertes Lebkuchengeb&#xE4;ck in Form eines Weihnachtsmanns ist in transparenten Beh&#xE4;ltern verpackt, die mit B&#xE4;ndern verschn&#xFC;rt sind. Andere sortierte Pl&#xE4;tzchen, die in durchsichtiges Plastik eingewickelt sind, sind auf dem Tisch zu sehen. \" class=\"wp-image-31442\" title=\"\" srcset=\"https:\/\/marcinkrokowski.com\/wp-content\/uploads\/2026\/01\/Fotograf-na-forum-ekonomii-spolecznej-004.jpg 1080w, https:\/\/marcinkrokowski.com\/wp-content\/uploads\/2026\/01\/Fotograf-na-forum-ekonomii-spolecznej-004-900x600.jpg 900w, https:\/\/marcinkrokowski.com\/wp-content\/uploads\/2026\/01\/Fotograf-na-forum-ekonomii-spolecznej-004-450x300.jpg 450w, https:\/\/marcinkrokowski.com\/wp-content\/uploads\/2026\/01\/Fotograf-na-forum-ekonomii-spolecznej-004-768x512.jpg 768w\" sizes=\"auto, (max-width: 1080px) 100vw, 1080px\" \/><\/figure>\n\n\n\n<figure class=\"wp-block-image size-full\" data-block-type=\"core\"><img loading=\"lazy\" decoding=\"async\" width=\"1080\" height=\"720\" data-id=\"31443\" src=\"https:\/\/marcinkrokowski.com\/wp-content\/uploads\/2026\/01\/Fotograf-na-forum-ekonomii-spolecznej-005.jpg\" alt=\"Ein gr&#xFC;ner Pl&#xFC;schfrosch mit einer blauen Weste sitzt zwischen anderen Pl&#xFC;schtieren, darunter eine Schlange, ein Koala und verschiedene bunte Pl&#xFC;schtiere im Hintergrund.\" class=\"wp-image-31443\" title=\"\" srcset=\"https:\/\/marcinkrokowski.com\/wp-content\/uploads\/2026\/01\/Fotograf-na-forum-ekonomii-spolecznej-005.jpg 1080w, https:\/\/marcinkrokowski.com\/wp-content\/uploads\/2026\/01\/Fotograf-na-forum-ekonomii-spolecznej-005-900x600.jpg 900w, https:\/\/marcinkrokowski.com\/wp-content\/uploads\/2026\/01\/Fotograf-na-forum-ekonomii-spolecznej-005-450x300.jpg 450w, https:\/\/marcinkrokowski.com\/wp-content\/uploads\/2026\/01\/Fotograf-na-forum-ekonomii-spolecznej-005-768x512.jpg 768w\" sizes=\"auto, (max-width: 1080px) 100vw, 1080px\" \/><\/figure>\n\n\n\n<figure class=\"wp-block-image size-full\" data-block-type=\"core\"><img loading=\"lazy\" decoding=\"async\" width=\"1080\" height=\"720\" data-id=\"31444\" src=\"https:\/\/marcinkrokowski.com\/wp-content\/uploads\/2026\/01\/Fotograf-na-forum-ekonomii-spolecznej-006.jpg\" alt=\"Eine Ausstellung von handgefertigtem Weihnachtsschmuck, darunter Weihnachtsb&#xE4;ume und Kr&#xE4;nze, ist vor einem gr&#xFC;nen Banner mit dem Logo und Namen des sozialen Integrationszentrums aufgebaut. Eine geflochtene Tasche und zwei Kr&#xE4;nze h&#xE4;ngen an dem Banner. \" class=\"wp-image-31444\" title=\"\" srcset=\"https:\/\/marcinkrokowski.com\/wp-content\/uploads\/2026\/01\/Fotograf-na-forum-ekonomii-spolecznej-006.jpg 1080w, https:\/\/marcinkrokowski.com\/wp-content\/uploads\/2026\/01\/Fotograf-na-forum-ekonomii-spolecznej-006-900x600.jpg 900w, https:\/\/marcinkrokowski.com\/wp-content\/uploads\/2026\/01\/Fotograf-na-forum-ekonomii-spolecznej-006-450x300.jpg 450w, https:\/\/marcinkrokowski.com\/wp-content\/uploads\/2026\/01\/Fotograf-na-forum-ekonomii-spolecznej-006-768x512.jpg 768w\" sizes=\"auto, (max-width: 1080px) 100vw, 1080px\" \/><\/figure>\n\n\n\n<figure class=\"wp-block-image size-full\" data-block-type=\"core\"><img loading=\"lazy\" decoding=\"async\" width=\"1080\" height=\"720\" data-id=\"31446\" src=\"https:\/\/marcinkrokowski.com\/wp-content\/uploads\/2026\/01\/Fotograf-na-forum-ekonomii-spolecznej-007.jpg\" alt=\"Zwei Frauen stehen hinter einem Stand, an dem sie handgefertigtes Kunsthandwerk verkaufen, darunter Seifen und Ornamente. Auf einem Schild an dem Stand steht &#039;Manufaktura Pietrasykt&#039;. Im Hintergrund sind Gr&#xFC;npflanzen und Werbebanner zu sehen.  \" class=\"wp-image-31446\" title=\"\" srcset=\"https:\/\/marcinkrokowski.com\/wp-content\/uploads\/2026\/01\/Fotograf-na-forum-ekonomii-spolecznej-007.jpg 1080w, https:\/\/marcinkrokowski.com\/wp-content\/uploads\/2026\/01\/Fotograf-na-forum-ekonomii-spolecznej-007-900x600.jpg 900w, https:\/\/marcinkrokowski.com\/wp-content\/uploads\/2026\/01\/Fotograf-na-forum-ekonomii-spolecznej-007-450x300.jpg 450w, https:\/\/marcinkrokowski.com\/wp-content\/uploads\/2026\/01\/Fotograf-na-forum-ekonomii-spolecznej-007-768x512.jpg 768w\" sizes=\"auto, (max-width: 1080px) 100vw, 1080px\" \/><\/figure>\n\n\n\n<figure class=\"wp-block-image size-full\" data-block-type=\"core\"><img loading=\"lazy\" decoding=\"async\" width=\"1080\" height=\"720\" data-id=\"31447\" src=\"https:\/\/marcinkrokowski.com\/wp-content\/uploads\/2026\/01\/Fotograf-na-forum-ekonomii-spolecznej-008.jpg\" alt=\"Eine Gruppe von Menschen steht um einen Tisch in einer Messehalle oder auf einem Jahrmarkt. Eine Frau in einem grauen Kleid zeigt der Gruppe bunte Stoffe. Im Hintergrund sind dekorative Gegenst&#xE4;nde und Informationsbanner zu sehen.  \" class=\"wp-image-31447\" title=\"\" srcset=\"https:\/\/marcinkrokowski.com\/wp-content\/uploads\/2026\/01\/Fotograf-na-forum-ekonomii-spolecznej-008.jpg 1080w, https:\/\/marcinkrokowski.com\/wp-content\/uploads\/2026\/01\/Fotograf-na-forum-ekonomii-spolecznej-008-900x600.jpg 900w, https:\/\/marcinkrokowski.com\/wp-content\/uploads\/2026\/01\/Fotograf-na-forum-ekonomii-spolecznej-008-450x300.jpg 450w, https:\/\/marcinkrokowski.com\/wp-content\/uploads\/2026\/01\/Fotograf-na-forum-ekonomii-spolecznej-008-768x512.jpg 768w\" sizes=\"auto, (max-width: 1080px) 100vw, 1080px\" \/><\/figure>\n\n\n\n<figure class=\"wp-block-image size-full\" data-block-type=\"core\"><img loading=\"lazy\" decoding=\"async\" width=\"1080\" height=\"720\" data-id=\"31448\" src=\"https:\/\/marcinkrokowski.com\/wp-content\/uploads\/2026\/01\/Fotograf-na-forum-ekonomii-spolecznej-009.jpg\" alt=\"Eine l&#xE4;chelnde &#xE4;ltere Frau mit grauen Haaren und einer Brille auf dem Kopf h&#xE4;lt ein hellrosa Kleid hoch, w&#xE4;hrend sie in einem Gesch&#xE4;ft die Kleider auf einem B&#xFC;gel betrachtet.\" class=\"wp-image-31448\" title=\"\" srcset=\"https:\/\/marcinkrokowski.com\/wp-content\/uploads\/2026\/01\/Fotograf-na-forum-ekonomii-spolecznej-009.jpg 1080w, https:\/\/marcinkrokowski.com\/wp-content\/uploads\/2026\/01\/Fotograf-na-forum-ekonomii-spolecznej-009-900x600.jpg 900w, https:\/\/marcinkrokowski.com\/wp-content\/uploads\/2026\/01\/Fotograf-na-forum-ekonomii-spolecznej-009-450x300.jpg 450w, https:\/\/marcinkrokowski.com\/wp-content\/uploads\/2026\/01\/Fotograf-na-forum-ekonomii-spolecznej-009-768x512.jpg 768w\" sizes=\"auto, (max-width: 1080px) 100vw, 1080px\" \/><\/figure>\n\n\n\n<figure class=\"wp-block-image size-full\" data-block-type=\"core\"><img loading=\"lazy\" decoding=\"async\" width=\"1080\" height=\"720\" data-id=\"31449\" src=\"https:\/\/marcinkrokowski.com\/wp-content\/uploads\/2026\/01\/Fotograf-na-forum-ekonomii-spolecznej-010.jpg\" alt=\"Zwei Frauen umarmen sich in einem &#xFC;berf&#xFC;llten Innenraum, w&#xE4;hrend andere Menschen herumstehen, einige l&#xE4;chelnd. Im Hintergrund stehen Tische mit verschiedenen Gegenst&#xE4;nden und ein gro&#xDF;es Fenster, das Tageslicht hereinl&#xE4;sst. \" class=\"wp-image-31449\" title=\"\" srcset=\"https:\/\/marcinkrokowski.com\/wp-content\/uploads\/2026\/01\/Fotograf-na-forum-ekonomii-spolecznej-010.jpg 1080w, https:\/\/marcinkrokowski.com\/wp-content\/uploads\/2026\/01\/Fotograf-na-forum-ekonomii-spolecznej-010-900x600.jpg 900w, https:\/\/marcinkrokowski.com\/wp-content\/uploads\/2026\/01\/Fotograf-na-forum-ekonomii-spolecznej-010-450x300.jpg 450w, https:\/\/marcinkrokowski.com\/wp-content\/uploads\/2026\/01\/Fotograf-na-forum-ekonomii-spolecznej-010-768x512.jpg 768w\" sizes=\"auto, (max-width: 1080px) 100vw, 1080px\" \/><\/figure>\n\n\n\n<figure class=\"wp-block-image size-full\" data-block-type=\"core\"><img loading=\"lazy\" decoding=\"async\" width=\"1080\" height=\"720\" data-id=\"31453\" src=\"https:\/\/marcinkrokowski.com\/wp-content\/uploads\/2026\/01\/Fotograf-na-forum-ekonomii-spolecznej-014.jpg\" alt=\"Zwei Frauen unterhalten sich vor einem blauen Hintergrund mit dem Logo des polnischen Ministeriums f&#xFC;r Familienangelegenheiten und Sozialpolitik. Eine Flagge der Europ&#xE4;ischen Union steht in der N&#xE4;he und eine dunkle T&#xFC;r mit dem Buchstaben &#039;A&#039; ist im Hintergrund zu sehen. \" class=\"wp-image-31453\" title=\"\" srcset=\"https:\/\/marcinkrokowski.com\/wp-content\/uploads\/2026\/01\/Fotograf-na-forum-ekonomii-spolecznej-014.jpg 1080w, https:\/\/marcinkrokowski.com\/wp-content\/uploads\/2026\/01\/Fotograf-na-forum-ekonomii-spolecznej-014-900x600.jpg 900w, https:\/\/marcinkrokowski.com\/wp-content\/uploads\/2026\/01\/Fotograf-na-forum-ekonomii-spolecznej-014-450x300.jpg 450w, https:\/\/marcinkrokowski.com\/wp-content\/uploads\/2026\/01\/Fotograf-na-forum-ekonomii-spolecznej-014-768x512.jpg 768w\" sizes=\"auto, (max-width: 1080px) 100vw, 1080px\" \/><\/figure>\n\n\n\n<figure class=\"wp-block-image size-full\" data-block-type=\"core\"><img loading=\"lazy\" decoding=\"async\" width=\"1080\" height=\"720\" data-id=\"31454\" src=\"https:\/\/marcinkrokowski.com\/wp-content\/uploads\/2026\/01\/Fotograf-na-forum-ekonomii-spolecznej-015.jpg\" alt=\"Eine Gruppe von Menschen steht und st&#xF6;bert in den St&#xE4;nden, die Kunsthandwerk, Geschenke und Weihnachtsdekoration verkaufen. Auf den Tischen liegen farbenfrohe handgefertigte Artikel, Weihnachtsb&#xE4;ume und verpackte Waren. Die Umgebung ist mit gro&#xDF;en Fenstern und modernem Dekor ausgestattet.  \" class=\"wp-image-31454\" title=\"\" srcset=\"https:\/\/marcinkrokowski.com\/wp-content\/uploads\/2026\/01\/Fotograf-na-forum-ekonomii-spolecznej-015.jpg 1080w, https:\/\/marcinkrokowski.com\/wp-content\/uploads\/2026\/01\/Fotograf-na-forum-ekonomii-spolecznej-015-900x600.jpg 900w, https:\/\/marcinkrokowski.com\/wp-content\/uploads\/2026\/01\/Fotograf-na-forum-ekonomii-spolecznej-015-450x300.jpg 450w, https:\/\/marcinkrokowski.com\/wp-content\/uploads\/2026\/01\/Fotograf-na-forum-ekonomii-spolecznej-015-768x512.jpg 768w\" sizes=\"auto, (max-width: 1080px) 100vw, 1080px\" \/><\/figure>\n\n\n\n<figure class=\"wp-block-image size-full\" data-block-type=\"core\"><img loading=\"lazy\" decoding=\"async\" width=\"1080\" height=\"720\" data-id=\"31455\" src=\"https:\/\/marcinkrokowski.com\/wp-content\/uploads\/2026\/01\/Fotograf-na-forum-ekonomii-spolecznej-016.jpg\" alt=\"Ein Schild auf einem St&#xE4;nder neben der Treppe weist in Richtung des Nationalen Forums f&#xFC;r Sozialwirtschaft, das vom 1. bis 3. November 2024 in Raum 107 stattfinden wird. Der Pfeil auf dem Schild zeigt nach rechts.  \" class=\"wp-image-31455\" title=\"\" srcset=\"https:\/\/marcinkrokowski.com\/wp-content\/uploads\/2026\/01\/Fotograf-na-forum-ekonomii-spolecznej-016.jpg 1080w, https:\/\/marcinkrokowski.com\/wp-content\/uploads\/2026\/01\/Fotograf-na-forum-ekonomii-spolecznej-016-900x600.jpg 900w, https:\/\/marcinkrokowski.com\/wp-content\/uploads\/2026\/01\/Fotograf-na-forum-ekonomii-spolecznej-016-450x300.jpg 450w, https:\/\/marcinkrokowski.com\/wp-content\/uploads\/2026\/01\/Fotograf-na-forum-ekonomii-spolecznej-016-768x512.jpg 768w\" sizes=\"auto, (max-width: 1080px) 100vw, 1080px\" \/><\/figure>\n\n\n\n<figure class=\"wp-block-image size-full\" data-block-type=\"core\"><img loading=\"lazy\" decoding=\"async\" width=\"1080\" height=\"720\" data-id=\"31456\" src=\"https:\/\/marcinkrokowski.com\/wp-content\/uploads\/2026\/01\/Fotograf-na-forum-ekonomii-spolecznej-017.jpg\" alt=\"Eine Gruppe von Menschen in Gesch&#xE4;ftskleidung plaudert und l&#xE4;chelt einander in einem Konferenzraum mit Reihen von orangefarbenen und schwarzen St&#xFC;hlen an. Andere sitzen oder reden im Hintergrund und an den W&#xE4;nden h&#xE4;ngen gerahmte Portr&#xE4;ts. \" class=\"wp-image-31456\" title=\"\" srcset=\"https:\/\/marcinkrokowski.com\/wp-content\/uploads\/2026\/01\/Fotograf-na-forum-ekonomii-spolecznej-017.jpg 1080w, https:\/\/marcinkrokowski.com\/wp-content\/uploads\/2026\/01\/Fotograf-na-forum-ekonomii-spolecznej-017-900x600.jpg 900w, https:\/\/marcinkrokowski.com\/wp-content\/uploads\/2026\/01\/Fotograf-na-forum-ekonomii-spolecznej-017-450x300.jpg 450w, https:\/\/marcinkrokowski.com\/wp-content\/uploads\/2026\/01\/Fotograf-na-forum-ekonomii-spolecznej-017-768x512.jpg 768w\" sizes=\"auto, (max-width: 1080px) 100vw, 1080px\" \/><\/figure>\n\n\n\n<figure class=\"wp-block-image size-full\" data-block-type=\"core\"><img loading=\"lazy\" decoding=\"async\" width=\"1080\" height=\"720\" data-id=\"31457\" src=\"https:\/\/marcinkrokowski.com\/wp-content\/uploads\/2026\/01\/Fotograf-na-forum-ekonomii-spolecznej-018.jpg\" alt=\"Vier Personen in Gesch&#xE4;ftskleidung gehen und unterhalten sich in einem gut beleuchteten Korridor mit Holzb&#xF6;den und wei&#xDF;en W&#xE4;nden und tragen Taschen und Aktenkoffer.\" class=\"wp-image-31457\" title=\"\" srcset=\"https:\/\/marcinkrokowski.com\/wp-content\/uploads\/2026\/01\/Fotograf-na-forum-ekonomii-spolecznej-018.jpg 1080w, https:\/\/marcinkrokowski.com\/wp-content\/uploads\/2026\/01\/Fotograf-na-forum-ekonomii-spolecznej-018-900x600.jpg 900w, https:\/\/marcinkrokowski.com\/wp-content\/uploads\/2026\/01\/Fotograf-na-forum-ekonomii-spolecznej-018-450x300.jpg 450w, https:\/\/marcinkrokowski.com\/wp-content\/uploads\/2026\/01\/Fotograf-na-forum-ekonomii-spolecznej-018-768x512.jpg 768w\" sizes=\"auto, (max-width: 1080px) 100vw, 1080px\" \/><\/figure>\n\n\n\n<figure class=\"wp-block-image size-full\" data-block-type=\"core\"><img loading=\"lazy\" decoding=\"async\" width=\"1080\" height=\"720\" data-id=\"31458\" src=\"https:\/\/marcinkrokowski.com\/wp-content\/uploads\/2026\/01\/Fotograf-na-forum-ekonomii-spolecznej-019.jpg\" alt=\"Eine Gruppe von Personen, von denen einige einen Ausweis tragen, sitzt bei einer Konferenz dicht beieinander. Die Frau in der Mitte l&#xE4;chelt und spricht mit dem Mann neben ihr, w&#xE4;hrend andere mit ihren Telefonen besch&#xE4;ftigt sind oder sich unterhalten. \" class=\"wp-image-31458\" title=\"\" srcset=\"https:\/\/marcinkrokowski.com\/wp-content\/uploads\/2026\/01\/Fotograf-na-forum-ekonomii-spolecznej-019.jpg 1080w, https:\/\/marcinkrokowski.com\/wp-content\/uploads\/2026\/01\/Fotograf-na-forum-ekonomii-spolecznej-019-900x600.jpg 900w, https:\/\/marcinkrokowski.com\/wp-content\/uploads\/2026\/01\/Fotograf-na-forum-ekonomii-spolecznej-019-450x300.jpg 450w, https:\/\/marcinkrokowski.com\/wp-content\/uploads\/2026\/01\/Fotograf-na-forum-ekonomii-spolecznej-019-768x512.jpg 768w\" sizes=\"auto, (max-width: 1080px) 100vw, 1080px\" \/><\/figure>\n\n\n\n<figure class=\"wp-block-image size-full\" data-block-type=\"core\"><img loading=\"lazy\" decoding=\"async\" width=\"1080\" height=\"720\" data-id=\"31460\" src=\"https:\/\/marcinkrokowski.com\/wp-content\/uploads\/2026\/01\/Fotograf-na-forum-ekonomii-spolecznej-021.jpg\" alt=\"Konferenzraum mit einem gro&#xDF;en Bildschirm, auf dem &#039;Nationales Forum der Sozialwirtschaft, 13. November 2024&#039; angezeigt wird. Vier polnische und vier EU-Flaggen stehen hinter einer Reihe von leeren St&#xFC;hlen, Tischen und Mikrofonen. \" class=\"wp-image-31460\" title=\"\" srcset=\"https:\/\/marcinkrokowski.com\/wp-content\/uploads\/2026\/01\/Fotograf-na-forum-ekonomii-spolecznej-021.jpg 1080w, https:\/\/marcinkrokowski.com\/wp-content\/uploads\/2026\/01\/Fotograf-na-forum-ekonomii-spolecznej-021-900x600.jpg 900w, https:\/\/marcinkrokowski.com\/wp-content\/uploads\/2026\/01\/Fotograf-na-forum-ekonomii-spolecznej-021-450x300.jpg 450w, https:\/\/marcinkrokowski.com\/wp-content\/uploads\/2026\/01\/Fotograf-na-forum-ekonomii-spolecznej-021-768x512.jpg 768w\" sizes=\"auto, (max-width: 1080px) 100vw, 1080px\" \/><\/figure>\n\n\n\n<figure class=\"wp-block-image size-full\" data-block-type=\"core\"><img loading=\"lazy\" decoding=\"async\" width=\"1080\" height=\"720\" data-id=\"31461\" src=\"https:\/\/marcinkrokowski.com\/wp-content\/uploads\/2026\/01\/Fotograf-na-forum-ekonomii-spolecznej-022.jpg\" alt=\"Konferenzraum mit Teilnehmern gegen&#xFC;ber der B&#xFC;hne, mit zwei St&#xFC;hlen und einem Tisch. Auf einem Bildschirm erscheint die Aufschrift &#039;Nationales Forum der Sozialwirtschaft, 13. November 2024&#039;. An den W&#xE4;nden sind polnische und EU-Flaggen angebracht.  \" class=\"wp-image-31461\" title=\"\" srcset=\"https:\/\/marcinkrokowski.com\/wp-content\/uploads\/2026\/01\/Fotograf-na-forum-ekonomii-spolecznej-022.jpg 1080w, https:\/\/marcinkrokowski.com\/wp-content\/uploads\/2026\/01\/Fotograf-na-forum-ekonomii-spolecznej-022-900x600.jpg 900w, https:\/\/marcinkrokowski.com\/wp-content\/uploads\/2026\/01\/Fotograf-na-forum-ekonomii-spolecznej-022-450x300.jpg 450w, https:\/\/marcinkrokowski.com\/wp-content\/uploads\/2026\/01\/Fotograf-na-forum-ekonomii-spolecznej-022-768x512.jpg 768w\" sizes=\"auto, (max-width: 1080px) 100vw, 1080px\" \/><\/figure>\n\n\n\n<figure class=\"wp-block-image size-full\" data-block-type=\"core\"><img loading=\"lazy\" decoding=\"async\" width=\"1080\" height=\"720\" data-id=\"31462\" src=\"https:\/\/marcinkrokowski.com\/wp-content\/uploads\/2026\/01\/Fotograf-na-forum-ekonomii-spolecznej-023.jpg\" alt=\"Eine Frau steht auf der B&#xFC;hne und h&#xE4;lt ein Tablet in der Hand. Sie spricht auf dem Nationalen Forum f&#xFC;r Sozialwirtschaft. Der Titel und das Datum der Veranstaltung werden auf einem gro&#xDF;en Bildschirm hinter ihr auf Polnisch angezeigt. \" class=\"wp-image-31462\" title=\"\" srcset=\"https:\/\/marcinkrokowski.com\/wp-content\/uploads\/2026\/01\/Fotograf-na-forum-ekonomii-spolecznej-023.jpg 1080w, https:\/\/marcinkrokowski.com\/wp-content\/uploads\/2026\/01\/Fotograf-na-forum-ekonomii-spolecznej-023-900x600.jpg 900w, https:\/\/marcinkrokowski.com\/wp-content\/uploads\/2026\/01\/Fotograf-na-forum-ekonomii-spolecznej-023-450x300.jpg 450w, https:\/\/marcinkrokowski.com\/wp-content\/uploads\/2026\/01\/Fotograf-na-forum-ekonomii-spolecznej-023-768x512.jpg 768w\" sizes=\"auto, (max-width: 1080px) 100vw, 1080px\" \/><\/figure>\n\n\n\n<figure class=\"wp-block-image size-full\" data-block-type=\"core\"><img loading=\"lazy\" decoding=\"async\" width=\"1080\" height=\"720\" data-id=\"31463\" src=\"https:\/\/marcinkrokowski.com\/wp-content\/uploads\/2026\/01\/Fotograf-na-forum-ekonomii-spolecznej-024.jpg\" alt=\"Eine Gruppe von Personen, die bei einer Veranstaltung in einem Raum dicht beieinander sitzen und aufmerksam zuh&#xF6;ren. Die meisten tragen Gesch&#xE4;ftskleidung und Schl&#xFC;sselb&#xE4;nder. Einige halten Notizbl&#xF6;cke oder Tassen in der Hand. Die Atmosph&#xE4;re wirkt konzentriert und professionell.   \" class=\"wp-image-31463\" title=\"\" srcset=\"https:\/\/marcinkrokowski.com\/wp-content\/uploads\/2026\/01\/Fotograf-na-forum-ekonomii-spolecznej-024.jpg 1080w, https:\/\/marcinkrokowski.com\/wp-content\/uploads\/2026\/01\/Fotograf-na-forum-ekonomii-spolecznej-024-900x600.jpg 900w, https:\/\/marcinkrokowski.com\/wp-content\/uploads\/2026\/01\/Fotograf-na-forum-ekonomii-spolecznej-024-450x300.jpg 450w, https:\/\/marcinkrokowski.com\/wp-content\/uploads\/2026\/01\/Fotograf-na-forum-ekonomii-spolecznej-024-768x512.jpg 768w\" sizes=\"auto, (max-width: 1080px) 100vw, 1080px\" \/><\/figure>\n\n\n\n<figure class=\"wp-block-image size-full\" data-block-type=\"core\"><img loading=\"lazy\" decoding=\"async\" width=\"1080\" height=\"720\" data-id=\"31464\" src=\"https:\/\/marcinkrokowski.com\/wp-content\/uploads\/2026\/01\/Fotograf-na-forum-ekonomii-spolecznej-025.jpg\" alt=\"Eine Gruppe von Menschen sitzt dicht beieinander auf einer Party und h&#xF6;rt aufmerksam zu. Ein b&#xE4;rtiger Mann in einer karierten Jacke steht im Mittelpunkt der Aufmerksamkeit, w&#xE4;hrend andere leicht verschwommen im Hintergrund zu sehen sind. \" class=\"wp-image-31464\" title=\"\" srcset=\"https:\/\/marcinkrokowski.com\/wp-content\/uploads\/2026\/01\/Fotograf-na-forum-ekonomii-spolecznej-025.jpg 1080w, https:\/\/marcinkrokowski.com\/wp-content\/uploads\/2026\/01\/Fotograf-na-forum-ekonomii-spolecznej-025-900x600.jpg 900w, https:\/\/marcinkrokowski.com\/wp-content\/uploads\/2026\/01\/Fotograf-na-forum-ekonomii-spolecznej-025-450x300.jpg 450w, https:\/\/marcinkrokowski.com\/wp-content\/uploads\/2026\/01\/Fotograf-na-forum-ekonomii-spolecznej-025-768x512.jpg 768w\" sizes=\"auto, (max-width: 1080px) 100vw, 1080px\" \/><\/figure>\n\n\n\n<figure class=\"wp-block-image size-full\" data-block-type=\"core\"><img loading=\"lazy\" decoding=\"async\" width=\"1080\" height=\"720\" data-id=\"31465\" src=\"https:\/\/marcinkrokowski.com\/wp-content\/uploads\/2026\/01\/Fotograf-na-forum-ekonomii-spolecznej-026.jpg\" alt=\"Eine Frau steht auf einem hellen Podium und wendet sich an das Publikum. Hinter ihr sind die Flaggen der Europ&#xE4;ischen Union und Polens zu sehen. Auf dem Podium steht ein Schild mit polnischem Text. Die Szene findet in einem Raum statt, in dem im Vordergrund Menschen zuh&#xF6;ren.   \" class=\"wp-image-31465\" title=\"\" srcset=\"https:\/\/marcinkrokowski.com\/wp-content\/uploads\/2026\/01\/Fotograf-na-forum-ekonomii-spolecznej-026.jpg 1080w, https:\/\/marcinkrokowski.com\/wp-content\/uploads\/2026\/01\/Fotograf-na-forum-ekonomii-spolecznej-026-900x600.jpg 900w, https:\/\/marcinkrokowski.com\/wp-content\/uploads\/2026\/01\/Fotograf-na-forum-ekonomii-spolecznej-026-450x300.jpg 450w, https:\/\/marcinkrokowski.com\/wp-content\/uploads\/2026\/01\/Fotograf-na-forum-ekonomii-spolecznej-026-768x512.jpg 768w\" sizes=\"auto, (max-width: 1080px) 100vw, 1080px\" \/><\/figure>\n\n\n\n<figure class=\"wp-block-image size-full\" data-block-type=\"core\"><img loading=\"lazy\" decoding=\"async\" width=\"1080\" height=\"720\" data-id=\"31466\" src=\"https:\/\/marcinkrokowski.com\/wp-content\/uploads\/2026\/01\/Fotograf-na-forum-ekonomii-spolecznej-027.jpg\" alt=\"Eine Gruppe von Menschen sitzt dicht beieinander und h&#xF6;rt einem Redner bei einer Veranstaltung oder Konferenz aufmerksam zu. Die meisten von ihnen tragen Gesch&#xE4;ftskleidung und Ausweise, was auf ein professionelles Umfeld schlie&#xDF;en l&#xE4;sst. \" class=\"wp-image-31466\" title=\"\" srcset=\"https:\/\/marcinkrokowski.com\/wp-content\/uploads\/2026\/01\/Fotograf-na-forum-ekonomii-spolecznej-027.jpg 1080w, https:\/\/marcinkrokowski.com\/wp-content\/uploads\/2026\/01\/Fotograf-na-forum-ekonomii-spolecznej-027-900x600.jpg 900w, https:\/\/marcinkrokowski.com\/wp-content\/uploads\/2026\/01\/Fotograf-na-forum-ekonomii-spolecznej-027-450x300.jpg 450w, https:\/\/marcinkrokowski.com\/wp-content\/uploads\/2026\/01\/Fotograf-na-forum-ekonomii-spolecznej-027-768x512.jpg 768w\" sizes=\"auto, (max-width: 1080px) 100vw, 1080px\" \/><\/figure>\n\n\n\n<figure class=\"wp-block-image size-full\" data-block-type=\"core\"><img loading=\"lazy\" decoding=\"async\" width=\"1080\" height=\"720\" data-id=\"31467\" src=\"https:\/\/marcinkrokowski.com\/wp-content\/uploads\/2026\/01\/Fotograf-na-forum-ekonomii-spolecznej-028.jpg\" alt=\"Eine Frau spricht auf dem Podium w&#xE4;hrend des Nationalen Forums f&#xFC;r Sozialwirtschaft am 13. November 2024. Die Teilnehmer sitzen vor einem Bildschirm, der den Namen der Veranstaltung anzeigt, mit Fahnen und Bannern im Hintergrund. \" class=\"wp-image-31467\" title=\"\" srcset=\"https:\/\/marcinkrokowski.com\/wp-content\/uploads\/2026\/01\/Fotograf-na-forum-ekonomii-spolecznej-028.jpg 1080w, https:\/\/marcinkrokowski.com\/wp-content\/uploads\/2026\/01\/Fotograf-na-forum-ekonomii-spolecznej-028-900x600.jpg 900w, https:\/\/marcinkrokowski.com\/wp-content\/uploads\/2026\/01\/Fotograf-na-forum-ekonomii-spolecznej-028-450x300.jpg 450w, https:\/\/marcinkrokowski.com\/wp-content\/uploads\/2026\/01\/Fotograf-na-forum-ekonomii-spolecznej-028-768x512.jpg 768w\" sizes=\"auto, (max-width: 1080px) 100vw, 1080px\" \/><\/figure>\n\n\n\n<figure class=\"wp-block-image size-full\" data-block-type=\"core\"><img loading=\"lazy\" decoding=\"async\" width=\"1080\" height=\"720\" data-id=\"31468\" src=\"https:\/\/marcinkrokowski.com\/wp-content\/uploads\/2026\/01\/Fotograf-na-forum-ekonomii-spolecznej-029.jpg\" alt=\"Eine Person im Anzug spricht auf einem Podium vor einem Publikum, w&#xE4;hrend im Hintergrund die Flaggen Polens und der Europ&#xE4;ischen Union zu sehen sind.\" class=\"wp-image-31468\" title=\"\" srcset=\"https:\/\/marcinkrokowski.com\/wp-content\/uploads\/2026\/01\/Fotograf-na-forum-ekonomii-spolecznej-029.jpg 1080w, https:\/\/marcinkrokowski.com\/wp-content\/uploads\/2026\/01\/Fotograf-na-forum-ekonomii-spolecznej-029-900x600.jpg 900w, https:\/\/marcinkrokowski.com\/wp-content\/uploads\/2026\/01\/Fotograf-na-forum-ekonomii-spolecznej-029-450x300.jpg 450w, https:\/\/marcinkrokowski.com\/wp-content\/uploads\/2026\/01\/Fotograf-na-forum-ekonomii-spolecznej-029-768x512.jpg 768w\" sizes=\"auto, (max-width: 1080px) 100vw, 1080px\" \/><\/figure>\n\n\n\n<figure class=\"wp-block-image size-full\" data-block-type=\"core\"><img loading=\"lazy\" decoding=\"async\" width=\"1080\" height=\"720\" data-id=\"31470\" src=\"https:\/\/marcinkrokowski.com\/wp-content\/uploads\/2026\/01\/Fotograf-na-forum-ekonomii-spolecznej-031.jpg\" alt=\"Eine Frau im dunklen Anzug und mit Brille spricht auf einem transparenten Podium mit Mikrofonen und gestikuliert mit ihren H&#xE4;nden. Hinter ihr sind die Flaggen von Polen und der Europ&#xE4;ischen Union zu sehen. \" class=\"wp-image-31470\" title=\"\" srcset=\"https:\/\/marcinkrokowski.com\/wp-content\/uploads\/2026\/01\/Fotograf-na-forum-ekonomii-spolecznej-031.jpg 1080w, https:\/\/marcinkrokowski.com\/wp-content\/uploads\/2026\/01\/Fotograf-na-forum-ekonomii-spolecznej-031-900x600.jpg 900w, https:\/\/marcinkrokowski.com\/wp-content\/uploads\/2026\/01\/Fotograf-na-forum-ekonomii-spolecznej-031-450x300.jpg 450w, https:\/\/marcinkrokowski.com\/wp-content\/uploads\/2026\/01\/Fotograf-na-forum-ekonomii-spolecznej-031-768x512.jpg 768w\" sizes=\"auto, (max-width: 1080px) 100vw, 1080px\" \/><\/figure>\n\n\n\n<figure class=\"wp-block-image size-full\" data-block-type=\"core\"><img loading=\"lazy\" decoding=\"async\" width=\"1080\" height=\"720\" data-id=\"31472\" src=\"https:\/\/marcinkrokowski.com\/wp-content\/uploads\/2026\/01\/Fotograf-na-forum-ekonomii-spolecznej-033.jpg\" alt=\"Mehrere Personen sitzen in einer Reihe auf etwas, das wie eine Konferenz oder ein Seminar aussieht, und h&#xF6;ren aufmerksam zu. Die Frau in der Mitte, die einen Notizblock h&#xE4;lt, tr&#xE4;gt eine Brille und eine lila Jacke. Andere sitzen neben ihr, konzentriert auf das Geschehen.  \" class=\"wp-image-31472\" title=\"\" srcset=\"https:\/\/marcinkrokowski.com\/wp-content\/uploads\/2026\/01\/Fotograf-na-forum-ekonomii-spolecznej-033.jpg 1080w, https:\/\/marcinkrokowski.com\/wp-content\/uploads\/2026\/01\/Fotograf-na-forum-ekonomii-spolecznej-033-900x600.jpg 900w, https:\/\/marcinkrokowski.com\/wp-content\/uploads\/2026\/01\/Fotograf-na-forum-ekonomii-spolecznej-033-450x300.jpg 450w, https:\/\/marcinkrokowski.com\/wp-content\/uploads\/2026\/01\/Fotograf-na-forum-ekonomii-spolecznej-033-768x512.jpg 768w\" sizes=\"auto, (max-width: 1080px) 100vw, 1080px\" \/><\/figure>\n\n\n\n<figure class=\"wp-block-image size-full\" data-block-type=\"core\"><img loading=\"lazy\" decoding=\"async\" width=\"1080\" height=\"720\" data-id=\"31473\" src=\"https:\/\/marcinkrokowski.com\/wp-content\/uploads\/2026\/01\/Fotograf-na-forum-ekonomii-spolecznej-034.jpg\" alt=\"Zwei M&#xE4;nner sitzen w&#xE4;hrend einer Podiumsdiskussion auf der B&#xFC;hne. Einer von ihnen, der eine braune Jacke tr&#xE4;gt, spricht in ein Mikrofon und h&#xE4;lt ein Buch in der Hand. Der andere Mann in einem roten Sweatshirt h&#xF6;rt zu. Das Publikum schaut zu, w&#xE4;hrend Schwarz-Wei&#xDF;-Portr&#xE4;ts auf eine Leinwand projiziert werden.   \" class=\"wp-image-31473\" title=\"\" srcset=\"https:\/\/marcinkrokowski.com\/wp-content\/uploads\/2026\/01\/Fotograf-na-forum-ekonomii-spolecznej-034.jpg 1080w, https:\/\/marcinkrokowski.com\/wp-content\/uploads\/2026\/01\/Fotograf-na-forum-ekonomii-spolecznej-034-900x600.jpg 900w, https:\/\/marcinkrokowski.com\/wp-content\/uploads\/2026\/01\/Fotograf-na-forum-ekonomii-spolecznej-034-450x300.jpg 450w, https:\/\/marcinkrokowski.com\/wp-content\/uploads\/2026\/01\/Fotograf-na-forum-ekonomii-spolecznej-034-768x512.jpg 768w\" sizes=\"auto, (max-width: 1080px) 100vw, 1080px\" \/><\/figure>\n\n\n\n<figure class=\"wp-block-image size-full\" data-block-type=\"core\"><img loading=\"lazy\" decoding=\"async\" width=\"1080\" height=\"720\" data-id=\"31474\" src=\"https:\/\/marcinkrokowski.com\/wp-content\/uploads\/2026\/01\/Fotograf-na-forum-ekonomii-spolecznej-035.jpg\" alt=\"Eine Gruppe von Rednern sitzt auf einer B&#xFC;hne vor einem Publikum in einem modernen, gut beleuchteten Raum, in dem polnische und EU-Flaggen h&#xE4;ngen. Die Leute h&#xF6;ren aufmerksam zu und an der Wand sind gro&#xDF;e schwarz-wei&#xDF;e Poster zu sehen. \" class=\"wp-image-31474\" title=\"\" srcset=\"https:\/\/marcinkrokowski.com\/wp-content\/uploads\/2026\/01\/Fotograf-na-forum-ekonomii-spolecznej-035.jpg 1080w, https:\/\/marcinkrokowski.com\/wp-content\/uploads\/2026\/01\/Fotograf-na-forum-ekonomii-spolecznej-035-900x600.jpg 900w, https:\/\/marcinkrokowski.com\/wp-content\/uploads\/2026\/01\/Fotograf-na-forum-ekonomii-spolecznej-035-450x300.jpg 450w, https:\/\/marcinkrokowski.com\/wp-content\/uploads\/2026\/01\/Fotograf-na-forum-ekonomii-spolecznej-035-768x512.jpg 768w\" sizes=\"auto, (max-width: 1080px) 100vw, 1080px\" \/><\/figure>\n\n\n\n<figure class=\"wp-block-image size-full\" data-block-type=\"core\"><img loading=\"lazy\" decoding=\"async\" width=\"1080\" height=\"720\" data-id=\"31476\" src=\"https:\/\/marcinkrokowski.com\/wp-content\/uploads\/2026\/01\/Fotograf-na-forum-ekonomii-spolecznej-037.jpg\" alt=\"Eine Gruppe von Menschen, meist M&#xE4;nner in Gesch&#xE4;ftskleidung, sitzt bei einer Veranstaltung in einer Halle dicht beieinander, h&#xF6;rt aufmerksam zu und l&#xE4;chelt. Einige der Teilnehmer tragen Namensschilder. \" class=\"wp-image-31476\" title=\"\" srcset=\"https:\/\/marcinkrokowski.com\/wp-content\/uploads\/2026\/01\/Fotograf-na-forum-ekonomii-spolecznej-037.jpg 1080w, https:\/\/marcinkrokowski.com\/wp-content\/uploads\/2026\/01\/Fotograf-na-forum-ekonomii-spolecznej-037-900x600.jpg 900w, https:\/\/marcinkrokowski.com\/wp-content\/uploads\/2026\/01\/Fotograf-na-forum-ekonomii-spolecznej-037-450x300.jpg 450w, https:\/\/marcinkrokowski.com\/wp-content\/uploads\/2026\/01\/Fotograf-na-forum-ekonomii-spolecznej-037-768x512.jpg 768w\" sizes=\"auto, (max-width: 1080px) 100vw, 1080px\" \/><\/figure>\n\n\n\n<figure class=\"wp-block-image size-full\" data-block-type=\"core\"><img loading=\"lazy\" decoding=\"async\" width=\"1080\" height=\"720\" data-id=\"31477\" src=\"https:\/\/marcinkrokowski.com\/wp-content\/uploads\/2026\/01\/Fotograf-na-forum-ekonomii-spolecznej-038.jpg\" alt=\"Ein Mann mit gestutztem Bart und dunkler Jacke sitzt mit verschr&#xE4;nkten Armen da und h&#xF6;rt aufmerksam einer Veranstaltung im Raum zu. Im Hintergrund sitzen Menschen, und im Vordergrund ist teilweise ein rosafarbener Lautsprecher zu sehen. \" class=\"wp-image-31477\" title=\"\" srcset=\"https:\/\/marcinkrokowski.com\/wp-content\/uploads\/2026\/01\/Fotograf-na-forum-ekonomii-spolecznej-038.jpg 1080w, https:\/\/marcinkrokowski.com\/wp-content\/uploads\/2026\/01\/Fotograf-na-forum-ekonomii-spolecznej-038-900x600.jpg 900w, https:\/\/marcinkrokowski.com\/wp-content\/uploads\/2026\/01\/Fotograf-na-forum-ekonomii-spolecznej-038-450x300.jpg 450w, https:\/\/marcinkrokowski.com\/wp-content\/uploads\/2026\/01\/Fotograf-na-forum-ekonomii-spolecznej-038-768x512.jpg 768w\" sizes=\"auto, (max-width: 1080px) 100vw, 1080px\" \/><\/figure>\n\n\n\n<figure class=\"wp-block-image size-full\" data-block-type=\"core\"><img loading=\"lazy\" decoding=\"async\" width=\"1080\" height=\"720\" data-id=\"31478\" src=\"https:\/\/marcinkrokowski.com\/wp-content\/uploads\/2026\/01\/Fotograf-na-forum-ekonomii-spolecznej-039.jpg\" alt=\"Zwei M&#xE4;nner sitzen auf der B&#xFC;hne und diskutieren, einer h&#xE4;lt das Mikrofon und spricht, w&#xE4;hrend der andere zuh&#xF6;rt. Die Zuschauer sitzen im Vordergrund, mit Blick auf die Redner. Hinter ihnen befindet sich ein gro&#xDF;er Bildschirm mit Bildern und Text.  \" class=\"wp-image-31478\" title=\"\" srcset=\"https:\/\/marcinkrokowski.com\/wp-content\/uploads\/2026\/01\/Fotograf-na-forum-ekonomii-spolecznej-039.jpg 1080w, https:\/\/marcinkrokowski.com\/wp-content\/uploads\/2026\/01\/Fotograf-na-forum-ekonomii-spolecznej-039-900x600.jpg 900w, https:\/\/marcinkrokowski.com\/wp-content\/uploads\/2026\/01\/Fotograf-na-forum-ekonomii-spolecznej-039-450x300.jpg 450w, https:\/\/marcinkrokowski.com\/wp-content\/uploads\/2026\/01\/Fotograf-na-forum-ekonomii-spolecznej-039-768x512.jpg 768w\" sizes=\"auto, (max-width: 1080px) 100vw, 1080px\" \/><\/figure>\n\n\n\n<figure class=\"wp-block-image size-full\" data-block-type=\"core\"><img loading=\"lazy\" decoding=\"async\" width=\"1080\" height=\"720\" data-id=\"31479\" src=\"https:\/\/marcinkrokowski.com\/wp-content\/uploads\/2026\/01\/Fotograf-na-forum-ekonomii-spolecznej-040.jpg\" alt=\"Eine Gruppe von Menschen, darunter zwei Frauen im Vordergrund, sitzen und klatschen w&#xE4;hrend einer Veranstaltung oder Konferenz in einem Raum. Die Atmosph&#xE4;re scheint aufmerksam und engagiert zu sein. \" class=\"wp-image-31479\" title=\"\" srcset=\"https:\/\/marcinkrokowski.com\/wp-content\/uploads\/2026\/01\/Fotograf-na-forum-ekonomii-spolecznej-040.jpg 1080w, https:\/\/marcinkrokowski.com\/wp-content\/uploads\/2026\/01\/Fotograf-na-forum-ekonomii-spolecznej-040-900x600.jpg 900w, https:\/\/marcinkrokowski.com\/wp-content\/uploads\/2026\/01\/Fotograf-na-forum-ekonomii-spolecznej-040-450x300.jpg 450w, https:\/\/marcinkrokowski.com\/wp-content\/uploads\/2026\/01\/Fotograf-na-forum-ekonomii-spolecznej-040-768x512.jpg 768w\" sizes=\"auto, (max-width: 1080px) 100vw, 1080px\" \/><\/figure>\n\n\n\n<figure class=\"wp-block-image size-full\" data-block-type=\"core\"><img loading=\"lazy\" decoding=\"async\" width=\"1080\" height=\"720\" data-id=\"31480\" src=\"https:\/\/marcinkrokowski.com\/wp-content\/uploads\/2026\/01\/Fotograf-na-forum-ekonomii-spolecznej-041.jpg\" alt=\"Eine Frau mit kurzen blonden Haaren spricht mit einem Tablet in der Hand, w&#xE4;hrend sie vor den Flaggen der Europ&#xE4;ischen Union und Polens steht. Sie tr&#xE4;gt eine schwarze Jacke und ein hellblaues Oberteil und benutzt ein Headset-Mikrofon. \" class=\"wp-image-31480\" title=\"\" srcset=\"https:\/\/marcinkrokowski.com\/wp-content\/uploads\/2026\/01\/Fotograf-na-forum-ekonomii-spolecznej-041.jpg 1080w, https:\/\/marcinkrokowski.com\/wp-content\/uploads\/2026\/01\/Fotograf-na-forum-ekonomii-spolecznej-041-900x600.jpg 900w, https:\/\/marcinkrokowski.com\/wp-content\/uploads\/2026\/01\/Fotograf-na-forum-ekonomii-spolecznej-041-450x300.jpg 450w, https:\/\/marcinkrokowski.com\/wp-content\/uploads\/2026\/01\/Fotograf-na-forum-ekonomii-spolecznej-041-768x512.jpg 768w\" sizes=\"auto, (max-width: 1080px) 100vw, 1080px\" \/><\/figure>\n\n\n\n<figure class=\"wp-block-image size-full\" data-block-type=\"core\"><img loading=\"lazy\" decoding=\"async\" width=\"1080\" height=\"720\" data-id=\"31481\" src=\"https:\/\/marcinkrokowski.com\/wp-content\/uploads\/2026\/01\/Fotograf-na-forum-ekonomii-spolecznej-042.jpg\" alt=\"Eine Gruppe von sieben Personen sitzt auf einer B&#xFC;hne vor einem gro&#xDF;en Bildschirm mit polnischem Text auf der Konferenz. Drei Nationalflaggen stehen in der N&#xE4;he. Die Podiumsteilnehmer sind in eine Diskussion vertieft, einige halten Mikrofone in der Hand.  \" class=\"wp-image-31481\" title=\"\" srcset=\"https:\/\/marcinkrokowski.com\/wp-content\/uploads\/2026\/01\/Fotograf-na-forum-ekonomii-spolecznej-042.jpg 1080w, https:\/\/marcinkrokowski.com\/wp-content\/uploads\/2026\/01\/Fotograf-na-forum-ekonomii-spolecznej-042-900x600.jpg 900w, https:\/\/marcinkrokowski.com\/wp-content\/uploads\/2026\/01\/Fotograf-na-forum-ekonomii-spolecznej-042-450x300.jpg 450w, https:\/\/marcinkrokowski.com\/wp-content\/uploads\/2026\/01\/Fotograf-na-forum-ekonomii-spolecznej-042-768x512.jpg 768w\" sizes=\"auto, (max-width: 1080px) 100vw, 1080px\" \/><\/figure>\n\n\n\n\n\n\n\n\n\n\n\n\n\n\n\n\n\n\n<\/figure>\n\n\n\n<figure class=\"wp-block-gallery has-nested-images columns-default is-cropped wp-block-gallery-2 is-layout-flex wp-block-gallery-is-layout-flex\" data-block-type=\"core\">\n<figure class=\"wp-block-image size-large\" data-block-type=\"core\"><img loading=\"lazy\" decoding=\"async\" width=\"720\" height=\"1080\" data-id=\"31485\" src=\"https:\/\/marcinkrokowski.com\/wp-content\/uploads\/2026\/01\/Fotograf-na-forum-ekonomii-spolecznej-046.jpg\" alt=\"Eine Frau in einem wei&#xDF;en Hemd l&#xE4;chelt, w&#xE4;hrend sie ein Mikrofon h&#xE4;lt und w&#xE4;hrend einer Podiumsdiskussion spricht. Eine andere Frau mit Brille schaut aufmerksam im Hintergrund zu. Unscharfe Menschen und Fahnen sind ebenfalls zu sehen.  \" class=\"wp-image-31485\" title=\"\" srcset=\"https:\/\/marcinkrokowski.com\/wp-content\/uploads\/2026\/01\/Fotograf-na-forum-ekonomii-spolecznej-046.jpg 720w, https:\/\/marcinkrokowski.com\/wp-content\/uploads\/2026\/01\/Fotograf-na-forum-ekonomii-spolecznej-046-450x675.jpg 450w\" sizes=\"auto, (max-width: 720px) 100vw, 720px\" \/><\/figure>\n\n\n<\/figure>\n\n\n\n<figure class=\"wp-block-gallery has-nested-images columns-1 is-cropped wp-block-gallery-3 is-layout-flex wp-block-gallery-is-layout-flex\" data-block-type=\"core\">\n<figure class=\"wp-block-image size-full\" data-block-type=\"core\"><img loading=\"lazy\" decoding=\"async\" width=\"1080\" height=\"720\" data-id=\"31486\" src=\"https:\/\/marcinkrokowski.com\/wp-content\/uploads\/2026\/01\/Fotograf-na-forum-ekonomii-spolecznej-047.jpg\" alt=\"F&#xFC;nf Personen sitzen w&#xE4;hrend einer Podiumsdiskussion auf der B&#xFC;hne, wobei drei Frauen im Rampenlicht stehen. Eine der Frauen spricht in ein Mikrofon. Hinter ihnen sind die Flaggen Polens und der Europ&#xE4;ischen Union zu sehen und ein gro&#xDF;er Bildschirm mit polnischem Text. Auf einem Tisch davor sind Flaschen zu sehen.   \" class=\"wp-image-31486\" title=\"\" srcset=\"https:\/\/marcinkrokowski.com\/wp-content\/uploads\/2026\/01\/Fotograf-na-forum-ekonomii-spolecznej-047.jpg 1080w, https:\/\/marcinkrokowski.com\/wp-content\/uploads\/2026\/01\/Fotograf-na-forum-ekonomii-spolecznej-047-900x600.jpg 900w, https:\/\/marcinkrokowski.com\/wp-content\/uploads\/2026\/01\/Fotograf-na-forum-ekonomii-spolecznej-047-450x300.jpg 450w, https:\/\/marcinkrokowski.com\/wp-content\/uploads\/2026\/01\/Fotograf-na-forum-ekonomii-spolecznej-047-768x512.jpg 768w\" sizes=\"auto, (max-width: 1080px) 100vw, 1080px\" \/><\/figure>\n\n\n\n<figure class=\"wp-block-image size-full\" data-block-type=\"core\"><img loading=\"lazy\" decoding=\"async\" width=\"1080\" height=\"720\" data-id=\"31487\" src=\"https:\/\/marcinkrokowski.com\/wp-content\/uploads\/2026\/01\/Fotograf-na-forum-ekonomii-spolecznej-048.jpg\" alt=\"Nahaufnahme einer sitzenden Person, die ein Namensschild und ein Veranstaltungsprogramm in der Hand h&#xE4;lt, mit einer weiteren unscharfen Person im Hintergrund, die eine Konferenz oder ein Seminar andeutet.\" class=\"wp-image-31487\" title=\"\" srcset=\"https:\/\/marcinkrokowski.com\/wp-content\/uploads\/2026\/01\/Fotograf-na-forum-ekonomii-spolecznej-048.jpg 1080w, https:\/\/marcinkrokowski.com\/wp-content\/uploads\/2026\/01\/Fotograf-na-forum-ekonomii-spolecznej-048-900x600.jpg 900w, https:\/\/marcinkrokowski.com\/wp-content\/uploads\/2026\/01\/Fotograf-na-forum-ekonomii-spolecznej-048-450x300.jpg 450w, https:\/\/marcinkrokowski.com\/wp-content\/uploads\/2026\/01\/Fotograf-na-forum-ekonomii-spolecznej-048-768x512.jpg 768w\" sizes=\"auto, (max-width: 1080px) 100vw, 1080px\" \/><\/figure>\n<\/figure>\n\n\n\n<figure class=\"wp-block-gallery has-nested-images columns-default is-cropped wp-block-gallery-4 is-layout-flex wp-block-gallery-is-layout-flex\" data-block-type=\"core\">\n<figure class=\"wp-block-image size-large\" data-block-type=\"core\"><img loading=\"lazy\" decoding=\"async\" width=\"720\" height=\"1080\" data-id=\"31488\" src=\"https:\/\/marcinkrokowski.com\/wp-content\/uploads\/2026\/01\/Fotograf-na-forum-ekonomii-spolecznej-049.jpg\" alt=\"Eine &#xE4;ltere Frau mit blondem Haar, die ein schwarz-wei&#xDF; gemustertes Oberteil und ein Schl&#xFC;sselband tr&#xE4;gt, l&#xE4;chelt, w&#xE4;hrend sie in ein Mikrofon spricht. Hinter ihr wehen rote und blaue Fahnen mit gelben Sternen. \" class=\"wp-image-31488\" title=\"\" srcset=\"https:\/\/marcinkrokowski.com\/wp-content\/uploads\/2026\/01\/Fotograf-na-forum-ekonomii-spolecznej-049.jpg 720w, https:\/\/marcinkrokowski.com\/wp-content\/uploads\/2026\/01\/Fotograf-na-forum-ekonomii-spolecznej-049-450x675.jpg 450w\" sizes=\"auto, (max-width: 720px) 100vw, 720px\" \/><\/figure>\n\n\n\n<figure class=\"wp-block-image size-large\" data-block-type=\"core\"><img loading=\"lazy\" decoding=\"async\" width=\"720\" height=\"1080\" data-id=\"31489\" src=\"https:\/\/marcinkrokowski.com\/wp-content\/uploads\/2026\/01\/Fotograf-na-forum-ekonomii-spolecznej-050.jpg\" alt=\"Eine Frau mit kurzen roten Haaren spricht in ein Mikrofon, w&#xE4;hrend sie auf dem Podium sitzt. Sie tr&#xE4;gt einen dunklen Pullover mit einem Blattmotiv und ein blaues Schl&#xFC;sselband. Im Hintergrund sind teilweise Fahnen und andere Diskussionsteilnehmer zu sehen. \" class=\"wp-image-31489\" title=\"\" srcset=\"https:\/\/marcinkrokowski.com\/wp-content\/uploads\/2026\/01\/Fotograf-na-forum-ekonomii-spolecznej-050.jpg 720w, https:\/\/marcinkrokowski.com\/wp-content\/uploads\/2026\/01\/Fotograf-na-forum-ekonomii-spolecznej-050-450x675.jpg 450w\" sizes=\"auto, (max-width: 720px) 100vw, 720px\" \/><\/figure>\n<\/figure>\n\n\n\n<figure class=\"wp-block-gallery has-nested-images columns-1 is-cropped wp-block-gallery-5 is-layout-flex wp-block-gallery-is-layout-flex\" data-block-type=\"core\">\n<figure class=\"wp-block-image size-full\" data-block-type=\"core\"><img loading=\"lazy\" decoding=\"async\" width=\"1080\" height=\"720\" data-id=\"31493\" src=\"https:\/\/marcinkrokowski.com\/wp-content\/uploads\/2026\/01\/Fotograf-na-forum-ekonomii-spolecznej-054.jpg\" alt=\"Ein Mann mit Brille und schwarzem Pullover spricht in ein Mikrofon, w&#xE4;hrend er auf der B&#xFC;hne sitzt. Hinter ihm sind die Flaggen der Europ&#xE4;ischen Union und Polens zu sehen. Im Vordergrund sind Flaschen zu sehen.  \" class=\"wp-image-31493\" title=\"\" srcset=\"https:\/\/marcinkrokowski.com\/wp-content\/uploads\/2026\/01\/Fotograf-na-forum-ekonomii-spolecznej-054.jpg 1080w, https:\/\/marcinkrokowski.com\/wp-content\/uploads\/2026\/01\/Fotograf-na-forum-ekonomii-spolecznej-054-900x600.jpg 900w, https:\/\/marcinkrokowski.com\/wp-content\/uploads\/2026\/01\/Fotograf-na-forum-ekonomii-spolecznej-054-450x300.jpg 450w, https:\/\/marcinkrokowski.com\/wp-content\/uploads\/2026\/01\/Fotograf-na-forum-ekonomii-spolecznej-054-768x512.jpg 768w\" sizes=\"auto, (max-width: 1080px) 100vw, 1080px\" \/><\/figure>\n\n\n\n<figure class=\"wp-block-image size-full\" data-block-type=\"core\"><img loading=\"lazy\" decoding=\"async\" width=\"1080\" height=\"720\" data-id=\"31496\" src=\"https:\/\/marcinkrokowski.com\/wp-content\/uploads\/2026\/01\/Fotograf-na-forum-ekonomii-spolecznej-057.jpg\" alt=\"Sieben Personen sitzen w&#xE4;hrend einer Podiumsdiskussion auf einer B&#xFC;hne vor einem gro&#xDF;en Bildschirm, auf dem polnische Texte angezeigt werden. Im Hintergrund sind polnische und EU-Flaggen zu sehen. Die Atmosph&#xE4;re wirkt formell und professionell.  \" class=\"wp-image-31496\" title=\"\" srcset=\"https:\/\/marcinkrokowski.com\/wp-content\/uploads\/2026\/01\/Fotograf-na-forum-ekonomii-spolecznej-057.jpg 1080w, https:\/\/marcinkrokowski.com\/wp-content\/uploads\/2026\/01\/Fotograf-na-forum-ekonomii-spolecznej-057-900x600.jpg 900w, https:\/\/marcinkrokowski.com\/wp-content\/uploads\/2026\/01\/Fotograf-na-forum-ekonomii-spolecznej-057-450x300.jpg 450w, https:\/\/marcinkrokowski.com\/wp-content\/uploads\/2026\/01\/Fotograf-na-forum-ekonomii-spolecznej-057-768x512.jpg 768w\" sizes=\"auto, (max-width: 1080px) 100vw, 1080px\" \/><\/figure>\n\n\n\n\n\n\n\n\n\n\n<\/figure>\n\n\n\n<figure class=\"wp-block-gallery has-nested-images columns-default is-cropped wp-block-gallery-6 is-layout-flex wp-block-gallery-is-layout-flex\" data-block-type=\"core\">\n<figure class=\"wp-block-image size-large\" data-block-type=\"core\"><img loading=\"lazy\" decoding=\"async\" width=\"720\" height=\"1080\" data-id=\"31497\" src=\"https:\/\/marcinkrokowski.com\/wp-content\/uploads\/2026\/01\/Fotograf-na-forum-ekonomii-spolecznej-058.jpg\" alt=\"Ein Mann mittleren Alters mit Brille und Schnurrbart, der einen schwarzen Pullover mit einem blauen Schl&#xFC;sselband tr&#xE4;gt, sitzt vor einem verschwommenen Hintergrund aus Rot und Blau.\" class=\"wp-image-31497\" title=\"\" srcset=\"https:\/\/marcinkrokowski.com\/wp-content\/uploads\/2026\/01\/Fotograf-na-forum-ekonomii-spolecznej-058.jpg 720w, https:\/\/marcinkrokowski.com\/wp-content\/uploads\/2026\/01\/Fotograf-na-forum-ekonomii-spolecznej-058-450x675.jpg 450w\" sizes=\"auto, (max-width: 720px) 100vw, 720px\" \/><\/figure>\n\n\n\n<figure class=\"wp-block-image size-large\" data-block-type=\"core\"><img loading=\"lazy\" decoding=\"async\" width=\"720\" height=\"1080\" data-id=\"31498\" src=\"https:\/\/marcinkrokowski.com\/wp-content\/uploads\/2026\/01\/Fotograf-na-forum-ekonomii-spolecznej-059.jpg\" alt=\"Eine Frau mit schulterlangem hellbraunem Haar und Brille sitzt auf einem Stuhl und h&#xF6;rt aufmerksam zu. Sie tr&#xE4;gt ein gestreiftes Hemd mit gr&#xFC;nen Mustern, eine wei&#xDF;e Hose und ein blaues Schl&#xFC;sselband. Hinter ihr ist ein farbenfroher Hintergrund zu sehen.  \" class=\"wp-image-31498\" title=\"\" srcset=\"https:\/\/marcinkrokowski.com\/wp-content\/uploads\/2026\/01\/Fotograf-na-forum-ekonomii-spolecznej-059.jpg 720w, https:\/\/marcinkrokowski.com\/wp-content\/uploads\/2026\/01\/Fotograf-na-forum-ekonomii-spolecznej-059-450x675.jpg 450w\" sizes=\"auto, (max-width: 720px) 100vw, 720px\" \/><\/figure>\n<\/figure>\n\n\n\n<figure class=\"wp-block-gallery has-nested-images columns-default is-cropped wp-block-gallery-7 is-layout-flex wp-block-gallery-is-layout-flex\" data-block-type=\"core\"><\/figure>\n\n\n\n<figure class=\"wp-block-gallery has-nested-images columns-default is-cropped wp-block-gallery-8 is-layout-flex wp-block-gallery-is-layout-flex\" data-block-type=\"core\">\n<figure class=\"wp-block-image size-large\" data-block-type=\"core\"><img loading=\"lazy\" decoding=\"async\" width=\"720\" height=\"1080\" data-id=\"31500\" src=\"https:\/\/marcinkrokowski.com\/wp-content\/uploads\/2026\/01\/Fotograf-na-forum-ekonomii-spolecznej-061.jpg\" alt=\"Eine Frau mit schulterlangen braunen Haaren, die eine helle Bluse tr&#xE4;gt und ein Mikrofon in der Hand h&#xE4;lt, sitzt auf einer Veranstaltung oder Konferenz und spricht. Ein Namensschild ist auf ihrer Bluse zu sehen. \" class=\"wp-image-31500\" title=\"\" srcset=\"https:\/\/marcinkrokowski.com\/wp-content\/uploads\/2026\/01\/Fotograf-na-forum-ekonomii-spolecznej-061.jpg 720w, https:\/\/marcinkrokowski.com\/wp-content\/uploads\/2026\/01\/Fotograf-na-forum-ekonomii-spolecznej-061-450x675.jpg 450w\" sizes=\"auto, (max-width: 720px) 100vw, 720px\" \/><\/figure>\n\n\n\n<figure class=\"wp-block-image size-large\" data-block-type=\"core\"><img loading=\"lazy\" decoding=\"async\" width=\"720\" height=\"1080\" data-id=\"31501\" src=\"https:\/\/marcinkrokowski.com\/wp-content\/uploads\/2026\/01\/Fotograf-na-forum-ekonomii-spolecznej-062.jpg\" alt=\"Eine Frau im Anzug und mit Brille sitzt l&#xE4;chelnd da und h&#xE4;lt einen Notizblock. Im Vordergrund ist ein Strau&#xDF; orangefarbener Blumen zu sehen und hinter ihr steht ein gro&#xDF;er Text auf wei&#xDF;em Hintergrund. \" class=\"wp-image-31501\" title=\"\" srcset=\"https:\/\/marcinkrokowski.com\/wp-content\/uploads\/2026\/01\/Fotograf-na-forum-ekonomii-spolecznej-062.jpg 720w, https:\/\/marcinkrokowski.com\/wp-content\/uploads\/2026\/01\/Fotograf-na-forum-ekonomii-spolecznej-062-450x675.jpg 450w\" sizes=\"auto, (max-width: 720px) 100vw, 720px\" \/><\/figure>\n<\/figure>\n\n\n\n<figure class=\"wp-block-gallery has-nested-images columns-1 is-cropped wp-block-gallery-9 is-layout-flex wp-block-gallery-is-layout-flex\" data-block-type=\"core\">\n<figure class=\"wp-block-image size-full\" data-block-type=\"core\"><img loading=\"lazy\" decoding=\"async\" width=\"1080\" height=\"720\" data-id=\"31503\" src=\"https:\/\/marcinkrokowski.com\/wp-content\/uploads\/2026\/01\/Fotograf-na-forum-ekonomii-spolecznej-064.jpg\" alt=\"Eine Gruppe von sechs Personen sitzt auf einer B&#xFC;hne und diskutiert vor einem Publikum. Hinter ihnen sind die Flaggen Polens und der EU zu sehen, und auf einem Bildschirm wird ein Text in polnischer Sprache angezeigt. Auf einem Tisch vor ihnen stehen Wasserflaschen und Mikrofone.  \" class=\"wp-image-31503\" title=\"\" srcset=\"https:\/\/marcinkrokowski.com\/wp-content\/uploads\/2026\/01\/Fotograf-na-forum-ekonomii-spolecznej-064.jpg 1080w, https:\/\/marcinkrokowski.com\/wp-content\/uploads\/2026\/01\/Fotograf-na-forum-ekonomii-spolecznej-064-900x600.jpg 900w, https:\/\/marcinkrokowski.com\/wp-content\/uploads\/2026\/01\/Fotograf-na-forum-ekonomii-spolecznej-064-450x300.jpg 450w, https:\/\/marcinkrokowski.com\/wp-content\/uploads\/2026\/01\/Fotograf-na-forum-ekonomii-spolecznej-064-768x512.jpg 768w\" sizes=\"auto, (max-width: 1080px) 100vw, 1080px\" \/><\/figure>\n\n\n\n<figure class=\"wp-block-image size-full\" data-block-type=\"core\"><img loading=\"lazy\" decoding=\"async\" width=\"1080\" height=\"720\" data-id=\"31504\" src=\"https:\/\/marcinkrokowski.com\/wp-content\/uploads\/2026\/01\/Fotograf-na-forum-ekonomii-spolecznej-065.jpg\" alt=\"Zwei Frauen sitzen und sprechen w&#xE4;hrend einer Podiumsdiskussion, eine h&#xE4;lt ein Mikrofon. Sie tragen Konferenz-Lanyards und sitzen vor EU- und polnischen Flaggen. Auf einem Tisch im Vordergrund liegen Glasflaschen und Blumen.  \" class=\"wp-image-31504\" title=\"\" srcset=\"https:\/\/marcinkrokowski.com\/wp-content\/uploads\/2026\/01\/Fotograf-na-forum-ekonomii-spolecznej-065.jpg 1080w, https:\/\/marcinkrokowski.com\/wp-content\/uploads\/2026\/01\/Fotograf-na-forum-ekonomii-spolecznej-065-900x600.jpg 900w, https:\/\/marcinkrokowski.com\/wp-content\/uploads\/2026\/01\/Fotograf-na-forum-ekonomii-spolecznej-065-450x300.jpg 450w, https:\/\/marcinkrokowski.com\/wp-content\/uploads\/2026\/01\/Fotograf-na-forum-ekonomii-spolecznej-065-768x512.jpg 768w\" sizes=\"auto, (max-width: 1080px) 100vw, 1080px\" \/><\/figure>\n\n\n\n<figure class=\"wp-block-image size-full\" data-block-type=\"core\"><img loading=\"lazy\" decoding=\"async\" width=\"1080\" height=\"720\" data-id=\"31505\" src=\"https:\/\/marcinkrokowski.com\/wp-content\/uploads\/2026\/01\/Fotograf-na-forum-ekonomii-spolecznej-066.jpg\" alt=\"Ein Mann sitzt auf einem Hocker vor einem gr&#xFC;nen Bildschirm und verwendet Zeichensprache, w&#xE4;hrend er von Kameras gefilmt wird. Eine andere Person sitzt in der N&#xE4;he und schaut auf ein Telefon. In dem Raum sind Lichter und Studioausr&#xFC;stung zu sehen.  \" class=\"wp-image-31505\" title=\"\" srcset=\"https:\/\/marcinkrokowski.com\/wp-content\/uploads\/2026\/01\/Fotograf-na-forum-ekonomii-spolecznej-066.jpg 1080w, https:\/\/marcinkrokowski.com\/wp-content\/uploads\/2026\/01\/Fotograf-na-forum-ekonomii-spolecznej-066-900x600.jpg 900w, https:\/\/marcinkrokowski.com\/wp-content\/uploads\/2026\/01\/Fotograf-na-forum-ekonomii-spolecznej-066-450x300.jpg 450w, https:\/\/marcinkrokowski.com\/wp-content\/uploads\/2026\/01\/Fotograf-na-forum-ekonomii-spolecznej-066-768x512.jpg 768w\" sizes=\"auto, (max-width: 1080px) 100vw, 1080px\" \/><\/figure>\n\n\n\n<figure class=\"wp-block-image size-full\" data-block-type=\"core\"><img loading=\"lazy\" decoding=\"async\" width=\"1080\" height=\"720\" data-id=\"31506\" src=\"https:\/\/marcinkrokowski.com\/wp-content\/uploads\/2026\/01\/Fotograf-na-forum-ekonomii-spolecznej-067.jpg\" alt=\"Zwei Personen auf der B&#xFC;hne halten Karten mit polnischen W&#xF6;rtern; eine Frau auf der rechten Seite h&#xE4;lt ein Mikrofon und l&#xE4;chelt. Im Hintergrund sehen Sie mehrere Personen sitzen und einen gro&#xDF;en Bildschirm mit Textausschnitten. \" class=\"wp-image-31506\" title=\"\" srcset=\"https:\/\/marcinkrokowski.com\/wp-content\/uploads\/2026\/01\/Fotograf-na-forum-ekonomii-spolecznej-067.jpg 1080w, https:\/\/marcinkrokowski.com\/wp-content\/uploads\/2026\/01\/Fotograf-na-forum-ekonomii-spolecznej-067-900x600.jpg 900w, https:\/\/marcinkrokowski.com\/wp-content\/uploads\/2026\/01\/Fotograf-na-forum-ekonomii-spolecznej-067-450x300.jpg 450w, https:\/\/marcinkrokowski.com\/wp-content\/uploads\/2026\/01\/Fotograf-na-forum-ekonomii-spolecznej-067-768x512.jpg 768w\" sizes=\"auto, (max-width: 1080px) 100vw, 1080px\" \/><\/figure>\n\n\n<\/figure>\n\n\n\n<figure class=\"wp-block-gallery has-nested-images columns-default is-cropped wp-block-gallery-10 is-layout-flex wp-block-gallery-is-layout-flex\" data-block-type=\"core\">\n<figure class=\"wp-block-image size-large\" data-block-type=\"core\"><img loading=\"lazy\" decoding=\"async\" width=\"720\" height=\"1080\" data-id=\"31507\" src=\"https:\/\/marcinkrokowski.com\/wp-content\/uploads\/2026\/01\/Fotograf-na-forum-ekonomii-spolecznej-068.jpg\" alt=\"Ein Mann in einer grauen Jacke h&#xE4;lt ein Schild mit der Aufschrift &#039;OPPOSITION&#039;, w&#xE4;hrend er bei einer Indoor-Veranstaltung in ein Mikrofon spricht.\" class=\"wp-image-31507\" title=\"\" srcset=\"https:\/\/marcinkrokowski.com\/wp-content\/uploads\/2026\/01\/Fotograf-na-forum-ekonomii-spolecznej-068.jpg 720w, https:\/\/marcinkrokowski.com\/wp-content\/uploads\/2026\/01\/Fotograf-na-forum-ekonomii-spolecznej-068-450x675.jpg 450w\" sizes=\"auto, (max-width: 720px) 100vw, 720px\" \/><\/figure>\n\n\n\n<figure class=\"wp-block-image size-large\" data-block-type=\"core\"><img loading=\"lazy\" decoding=\"async\" width=\"720\" height=\"1080\" data-id=\"31508\" src=\"https:\/\/marcinkrokowski.com\/wp-content\/uploads\/2026\/01\/Fotograf-na-forum-ekonomii-spolecznej-069.jpg\" alt=\"Eine Frau steht und l&#xE4;chelt in einem Raum voller sitzender Menschen, die applaudieren. Sie tr&#xE4;gt eine Brille, ein Halstuch und ein Namensschild. Gerahmte Portr&#xE4;ts bedecken die Wand hinter ihr und die Atmosph&#xE4;re wirkt heiter und professionell.  \" class=\"wp-image-31508\" title=\"\" srcset=\"https:\/\/marcinkrokowski.com\/wp-content\/uploads\/2026\/01\/Fotograf-na-forum-ekonomii-spolecznej-069.jpg 720w, https:\/\/marcinkrokowski.com\/wp-content\/uploads\/2026\/01\/Fotograf-na-forum-ekonomii-spolecznej-069-450x675.jpg 450w\" sizes=\"auto, (max-width: 720px) 100vw, 720px\" \/><\/figure>\n<\/figure>\n\n\n\n<figure class=\"wp-block-gallery has-nested-images columns-1 is-cropped wp-block-gallery-11 is-layout-flex wp-block-gallery-is-layout-flex\" data-block-type=\"core\">\n<figure class=\"wp-block-image size-full\" data-block-type=\"core\"><img loading=\"lazy\" decoding=\"async\" width=\"1080\" height=\"720\" data-id=\"31509\" src=\"https:\/\/marcinkrokowski.com\/wp-content\/uploads\/2026\/01\/Fotograf-na-forum-ekonomii-spolecznej-070.jpg\" alt=\"Eine Gruppe von sieben Personen sitzt auf einer B&#xFC;hne mit einem Moderator, der ein Mikrofon h&#xE4;lt. Hinter ihnen befindet sich ein Bildschirm mit polnischem Text und den Nationalflaggen Polens und der EU auf beiden Seiten. Der Raum ist hell erleuchtet und modern dekoriert.  \" class=\"wp-image-31509\" title=\"\" srcset=\"https:\/\/marcinkrokowski.com\/wp-content\/uploads\/2026\/01\/Fotograf-na-forum-ekonomii-spolecznej-070.jpg 1080w, https:\/\/marcinkrokowski.com\/wp-content\/uploads\/2026\/01\/Fotograf-na-forum-ekonomii-spolecznej-070-900x600.jpg 900w, https:\/\/marcinkrokowski.com\/wp-content\/uploads\/2026\/01\/Fotograf-na-forum-ekonomii-spolecznej-070-450x300.jpg 450w, https:\/\/marcinkrokowski.com\/wp-content\/uploads\/2026\/01\/Fotograf-na-forum-ekonomii-spolecznej-070-768x512.jpg 768w\" sizes=\"auto, (max-width: 1080px) 100vw, 1080px\" \/><\/figure>\n\n\n\n<figure class=\"wp-block-image size-full\" data-block-type=\"core\"><img loading=\"lazy\" decoding=\"async\" width=\"1080\" height=\"720\" data-id=\"31510\" src=\"https:\/\/marcinkrokowski.com\/wp-content\/uploads\/2026\/01\/Fotograf-na-forum-ekonomii-spolecznej-071.jpg\" alt=\"Eine Gruppe von Menschen in Gesch&#xE4;ftskleidung steht in einem Korridor, von der Kamera abgewandt, w&#xE4;hrend ein &#xE4;lterer Mann mit wei&#xDF;em Haar direkt nach vorne in die Menge schaut. Es scheint eine Konferenz oder eine berufliche Veranstaltung zu sein. \" class=\"wp-image-31510\" title=\"\" srcset=\"https:\/\/marcinkrokowski.com\/wp-content\/uploads\/2026\/01\/Fotograf-na-forum-ekonomii-spolecznej-071.jpg 1080w, https:\/\/marcinkrokowski.com\/wp-content\/uploads\/2026\/01\/Fotograf-na-forum-ekonomii-spolecznej-071-900x600.jpg 900w, https:\/\/marcinkrokowski.com\/wp-content\/uploads\/2026\/01\/Fotograf-na-forum-ekonomii-spolecznej-071-450x300.jpg 450w, https:\/\/marcinkrokowski.com\/wp-content\/uploads\/2026\/01\/Fotograf-na-forum-ekonomii-spolecznej-071-768x512.jpg 768w\" sizes=\"auto, (max-width: 1080px) 100vw, 1080px\" \/><\/figure>\n\n\n\n<figure class=\"wp-block-image size-full\" data-block-type=\"core\"><img loading=\"lazy\" decoding=\"async\" width=\"1080\" height=\"720\" data-id=\"31512\" src=\"https:\/\/marcinkrokowski.com\/wp-content\/uploads\/2026\/01\/Fotograf-na-forum-ekonomii-spolecznej-073.jpg\" alt=\"Ein Mann in einer hellblauen Jacke mit Namensschild unterh&#xE4;lt sich w&#xE4;hrend eines beruflichen Networking-Treffens mit zwei Personen an einem Stehtisch; andere Teilnehmer sind im Hintergrund zu sehen.\" class=\"wp-image-31512\" title=\"\" srcset=\"https:\/\/marcinkrokowski.com\/wp-content\/uploads\/2026\/01\/Fotograf-na-forum-ekonomii-spolecznej-073.jpg 1080w, https:\/\/marcinkrokowski.com\/wp-content\/uploads\/2026\/01\/Fotograf-na-forum-ekonomii-spolecznej-073-900x600.jpg 900w, https:\/\/marcinkrokowski.com\/wp-content\/uploads\/2026\/01\/Fotograf-na-forum-ekonomii-spolecznej-073-450x300.jpg 450w, https:\/\/marcinkrokowski.com\/wp-content\/uploads\/2026\/01\/Fotograf-na-forum-ekonomii-spolecznej-073-768x512.jpg 768w\" sizes=\"auto, (max-width: 1080px) 100vw, 1080px\" \/><\/figure>\n\n\n\n<figure class=\"wp-block-image size-full\" data-block-type=\"core\"><img loading=\"lazy\" decoding=\"async\" width=\"1080\" height=\"720\" data-id=\"31514\" src=\"https:\/\/marcinkrokowski.com\/wp-content\/uploads\/2026\/01\/Fotograf-na-forum-ekonomii-spolecznej-075.jpg\" alt=\"Zwei Frauen l&#xE4;cheln und posieren f&#xFC;r ein Selfie vor einem blauen Hintergrund mit dem Logo und Namen des polnischen Ministeriums f&#xFC;r Familie, Arbeit und Sozialpolitik.\" class=\"wp-image-31514\" title=\"\" srcset=\"https:\/\/marcinkrokowski.com\/wp-content\/uploads\/2026\/01\/Fotograf-na-forum-ekonomii-spolecznej-075.jpg 1080w, https:\/\/marcinkrokowski.com\/wp-content\/uploads\/2026\/01\/Fotograf-na-forum-ekonomii-spolecznej-075-900x600.jpg 900w, https:\/\/marcinkrokowski.com\/wp-content\/uploads\/2026\/01\/Fotograf-na-forum-ekonomii-spolecznej-075-450x300.jpg 450w, https:\/\/marcinkrokowski.com\/wp-content\/uploads\/2026\/01\/Fotograf-na-forum-ekonomii-spolecznej-075-768x512.jpg 768w\" sizes=\"auto, (max-width: 1080px) 100vw, 1080px\" \/><\/figure>\n\n\n\n<figure class=\"wp-block-image size-full\" data-block-type=\"core\"><img loading=\"lazy\" decoding=\"async\" width=\"1080\" height=\"720\" data-id=\"31515\" src=\"https:\/\/marcinkrokowski.com\/wp-content\/uploads\/2026\/01\/Fotograf-na-forum-ekonomii-spolecznej-076.jpg\" alt=\"Eine Person mit einem Tablet steht auf der B&#xFC;hne und spricht vor einem gro&#xDF;en Bildschirm, auf dem der polnische Text &quot;Fix oder variabel?&quot; angezeigt wird, mit dem Logo des Nationalen Forums f&#xFC;r Sozialwirtschaft im Hintergrund.\" class=\"wp-image-31515\" title=\"\" srcset=\"https:\/\/marcinkrokowski.com\/wp-content\/uploads\/2026\/01\/Fotograf-na-forum-ekonomii-spolecznej-076.jpg 1080w, https:\/\/marcinkrokowski.com\/wp-content\/uploads\/2026\/01\/Fotograf-na-forum-ekonomii-spolecznej-076-900x600.jpg 900w, https:\/\/marcinkrokowski.com\/wp-content\/uploads\/2026\/01\/Fotograf-na-forum-ekonomii-spolecznej-076-450x300.jpg 450w, https:\/\/marcinkrokowski.com\/wp-content\/uploads\/2026\/01\/Fotograf-na-forum-ekonomii-spolecznej-076-768x512.jpg 768w\" sizes=\"auto, (max-width: 1080px) 100vw, 1080px\" \/><\/figure>\n\n\n\n<figure class=\"wp-block-image size-full\" data-block-type=\"core\"><img loading=\"lazy\" decoding=\"async\" width=\"1080\" height=\"720\" data-id=\"31516\" src=\"https:\/\/marcinkrokowski.com\/wp-content\/uploads\/2026\/01\/Fotograf-na-forum-ekonomii-spolecznej-077.jpg\" alt=\"Eine Frau mit langen braunen Haaren, die ein rosa gebl&#xFC;mtes Oberteil und ein Schl&#xFC;sselband tr&#xE4;gt, l&#xE4;chelt, w&#xE4;hrend sie in ein Mikrofon auf einem transparenten Podium spricht. Hinter ihr wehen blaue Fahnen mit gelben Sternen und eine rot-wei&#xDF;e Flagge. \" class=\"wp-image-31516\" title=\"\" srcset=\"https:\/\/marcinkrokowski.com\/wp-content\/uploads\/2026\/01\/Fotograf-na-forum-ekonomii-spolecznej-077.jpg 1080w, https:\/\/marcinkrokowski.com\/wp-content\/uploads\/2026\/01\/Fotograf-na-forum-ekonomii-spolecznej-077-900x600.jpg 900w, https:\/\/marcinkrokowski.com\/wp-content\/uploads\/2026\/01\/Fotograf-na-forum-ekonomii-spolecznej-077-450x300.jpg 450w, https:\/\/marcinkrokowski.com\/wp-content\/uploads\/2026\/01\/Fotograf-na-forum-ekonomii-spolecznej-077-768x512.jpg 768w\" sizes=\"auto, (max-width: 1080px) 100vw, 1080px\" \/><\/figure>\n\n\n\n<figure class=\"wp-block-image size-full\" data-block-type=\"core\"><img loading=\"lazy\" decoding=\"async\" width=\"1080\" height=\"720\" data-id=\"31517\" src=\"https:\/\/marcinkrokowski.com\/wp-content\/uploads\/2026\/01\/Fotograf-na-forum-ekonomii-spolecznej-078.jpg\" alt=\"Eine Frau in einem gebl&#xFC;mten Oberteil spricht auf einem Podium mit Mikrofonen. Hinter ihr ist ein Balkendiagramm mit polnischem Text zu sehen und mehrere Nationalflaggen stehen an der Seite.\" class=\"wp-image-31517\" title=\"\" srcset=\"https:\/\/marcinkrokowski.com\/wp-content\/uploads\/2026\/01\/Fotograf-na-forum-ekonomii-spolecznej-078.jpg 1080w, https:\/\/marcinkrokowski.com\/wp-content\/uploads\/2026\/01\/Fotograf-na-forum-ekonomii-spolecznej-078-900x600.jpg 900w, https:\/\/marcinkrokowski.com\/wp-content\/uploads\/2026\/01\/Fotograf-na-forum-ekonomii-spolecznej-078-450x300.jpg 450w, https:\/\/marcinkrokowski.com\/wp-content\/uploads\/2026\/01\/Fotograf-na-forum-ekonomii-spolecznej-078-768x512.jpg 768w\" sizes=\"auto, (max-width: 1080px) 100vw, 1080px\" \/><\/figure>\n\n\n\n<figure class=\"wp-block-image size-full\" data-block-type=\"core\"><img loading=\"lazy\" decoding=\"async\" width=\"1080\" height=\"720\" data-id=\"31518\" src=\"https:\/\/marcinkrokowski.com\/wp-content\/uploads\/2026\/01\/Fotograf-na-forum-ekonomii-spolecznej-079.jpg\" alt=\"Mehrere Frauen sitzen in Stuhlreihen bei einer Indoor-Veranstaltung und h&#xF6;ren aufmerksam zu. Die meisten sind in Gesch&#xE4;ftskleidung gekleidet und sehen konzentriert aus, was auf eine professionelle Umgebung oder eine Konferenz schlie&#xDF;en l&#xE4;sst. \" class=\"wp-image-31518\" title=\"\" srcset=\"https:\/\/marcinkrokowski.com\/wp-content\/uploads\/2026\/01\/Fotograf-na-forum-ekonomii-spolecznej-079.jpg 1080w, https:\/\/marcinkrokowski.com\/wp-content\/uploads\/2026\/01\/Fotograf-na-forum-ekonomii-spolecznej-079-900x600.jpg 900w, https:\/\/marcinkrokowski.com\/wp-content\/uploads\/2026\/01\/Fotograf-na-forum-ekonomii-spolecznej-079-450x300.jpg 450w, https:\/\/marcinkrokowski.com\/wp-content\/uploads\/2026\/01\/Fotograf-na-forum-ekonomii-spolecznej-079-768x512.jpg 768w\" sizes=\"auto, (max-width: 1080px) 100vw, 1080px\" \/><\/figure>\n\n\n\n\n\n\n\n\n\n\n<\/figure>\n\n\n\n<figure class=\"wp-block-gallery has-nested-images columns-default is-cropped wp-block-gallery-12 is-layout-flex wp-block-gallery-is-layout-flex\" data-block-type=\"core\">\n<figure class=\"wp-block-image size-large\" data-block-type=\"core\"><img loading=\"lazy\" decoding=\"async\" width=\"720\" height=\"1080\" data-id=\"31522\" src=\"https:\/\/marcinkrokowski.com\/wp-content\/uploads\/2026\/01\/Fotograf-na-forum-ekonomii-spolecznej-083.jpg\" alt=\"Ein Mann mit kurzen grauen Haaren und Brille, der ein leuchtend orangefarbenes Kapuzensweatshirt und ein blaues Schl&#xFC;sselband tr&#xE4;gt, spricht in ein Mikrofon, w&#xE4;hrend er in einem schlichten Hintergrund sitzt.\" class=\"wp-image-31522\" title=\"\" srcset=\"https:\/\/marcinkrokowski.com\/wp-content\/uploads\/2026\/01\/Fotograf-na-forum-ekonomii-spolecznej-083.jpg 720w, https:\/\/marcinkrokowski.com\/wp-content\/uploads\/2026\/01\/Fotograf-na-forum-ekonomii-spolecznej-083-450x675.jpg 450w\" sizes=\"auto, (max-width: 720px) 100vw, 720px\" \/><\/figure>\n\n\n\n<figure class=\"wp-block-image size-large\" data-block-type=\"core\"><img loading=\"lazy\" decoding=\"async\" width=\"720\" height=\"1080\" data-id=\"31523\" src=\"https:\/\/marcinkrokowski.com\/wp-content\/uploads\/2026\/01\/Fotograf-na-forum-ekonomii-spolecznej-084.jpg\" alt=\"Ein Mann im Anzug und mit roter Krawatte sitzt in einem grauen Sessel, spricht und gestikuliert mit einer Hand, die ein Mikrofon h&#xE4;lt. Auf dem Tisch vor ihm liegen Blumen, Gl&#xE4;ser und gr&#xFC;ne Flaschen. \" class=\"wp-image-31523\" title=\"\" srcset=\"https:\/\/marcinkrokowski.com\/wp-content\/uploads\/2026\/01\/Fotograf-na-forum-ekonomii-spolecznej-084.jpg 720w, https:\/\/marcinkrokowski.com\/wp-content\/uploads\/2026\/01\/Fotograf-na-forum-ekonomii-spolecznej-084-450x675.jpg 450w\" sizes=\"auto, (max-width: 720px) 100vw, 720px\" \/><\/figure>\n<\/figure>\n\n\n\n<figure class=\"wp-block-gallery has-nested-images columns-1 is-cropped wp-block-gallery-13 is-layout-flex wp-block-gallery-is-layout-flex\" data-block-type=\"core\">\n<figure class=\"wp-block-image size-large\" data-block-type=\"core\"><img loading=\"lazy\" decoding=\"async\" width=\"1080\" height=\"720\" data-id=\"31524\" src=\"https:\/\/marcinkrokowski.com\/wp-content\/uploads\/2026\/01\/Fotograf-na-forum-ekonomii-spolecznej-085.jpg\" alt=\"Eine Gruppe von Menschen sitzt aufmerksam in einem Konferenzraum. Im Mittelpunkt steht eine Frau mit Brille und dunkler Jacke, die einen Ausweis und ein Schl&#xFC;sselband tr&#xE4;gt und einer Pr&#xE4;sentation zuh&#xF6;rt. Andere sitzen in der N&#xE4;he, einige verschwommen im Vordergrund.  \" class=\"wp-image-31524\" title=\"\" srcset=\"https:\/\/marcinkrokowski.com\/wp-content\/uploads\/2026\/01\/Fotograf-na-forum-ekonomii-spolecznej-085.jpg 1080w, https:\/\/marcinkrokowski.com\/wp-content\/uploads\/2026\/01\/Fotograf-na-forum-ekonomii-spolecznej-085-900x600.jpg 900w, https:\/\/marcinkrokowski.com\/wp-content\/uploads\/2026\/01\/Fotograf-na-forum-ekonomii-spolecznej-085-450x300.jpg 450w, https:\/\/marcinkrokowski.com\/wp-content\/uploads\/2026\/01\/Fotograf-na-forum-ekonomii-spolecznej-085-768x512.jpg 768w\" sizes=\"auto, (max-width: 1080px) 100vw, 1080px\" \/><\/figure>\n\n\n\n<figure class=\"wp-block-image size-large\" data-block-type=\"core\"><img loading=\"lazy\" decoding=\"async\" width=\"1080\" height=\"720\" data-id=\"31525\" src=\"https:\/\/marcinkrokowski.com\/wp-content\/uploads\/2026\/01\/Fotograf-na-forum-ekonomii-spolecznej-086.jpg\" alt=\"Ein gro&#xDF;es Publikum sitzt gegen&#xFC;ber der B&#xFC;hne, auf der die Redner an einer Podiumsdiskussion teilnehmen. Hinter ihnen wird der polnische Text &#039;Die Sozialwirtschaft von morgen&#039; auf eine Leinwand projiziert. Die Flaggen von Polen und der EU sind zu sehen.  \" class=\"wp-image-31525\" title=\"\" srcset=\"https:\/\/marcinkrokowski.com\/wp-content\/uploads\/2026\/01\/Fotograf-na-forum-ekonomii-spolecznej-086.jpg 1080w, https:\/\/marcinkrokowski.com\/wp-content\/uploads\/2026\/01\/Fotograf-na-forum-ekonomii-spolecznej-086-900x600.jpg 900w, https:\/\/marcinkrokowski.com\/wp-content\/uploads\/2026\/01\/Fotograf-na-forum-ekonomii-spolecznej-086-450x300.jpg 450w, https:\/\/marcinkrokowski.com\/wp-content\/uploads\/2026\/01\/Fotograf-na-forum-ekonomii-spolecznej-086-768x512.jpg 768w\" sizes=\"auto, (max-width: 1080px) 100vw, 1080px\" \/><\/figure>\n\n\n\n<figure class=\"wp-block-image size-large\" data-block-type=\"core\"><img loading=\"lazy\" decoding=\"async\" width=\"1080\" height=\"720\" data-id=\"31526\" src=\"https:\/\/marcinkrokowski.com\/wp-content\/uploads\/2026\/01\/Fotograf-na-forum-ekonomii-spolecznej-087.jpg\" alt=\"Eine Frau in einem gebl&#xFC;mten Kleid betritt den Raum durch eine Holzt&#xFC;r. Neben der T&#xFC;r steht ein gro&#xDF;er wei&#xDF;er Veranstaltungskalender auf einer Staffelei. Die Szene sieht aus wie ein Konferenz- oder Seminarraum.  \" class=\"wp-image-31526\" title=\"\" srcset=\"https:\/\/marcinkrokowski.com\/wp-content\/uploads\/2026\/01\/Fotograf-na-forum-ekonomii-spolecznej-087.jpg 1080w, https:\/\/marcinkrokowski.com\/wp-content\/uploads\/2026\/01\/Fotograf-na-forum-ekonomii-spolecznej-087-900x600.jpg 900w, https:\/\/marcinkrokowski.com\/wp-content\/uploads\/2026\/01\/Fotograf-na-forum-ekonomii-spolecznej-087-450x300.jpg 450w, https:\/\/marcinkrokowski.com\/wp-content\/uploads\/2026\/01\/Fotograf-na-forum-ekonomii-spolecznej-087-768x512.jpg 768w\" sizes=\"auto, (max-width: 1080px) 100vw, 1080px\" \/><\/figure>\n\n\n\n<figure class=\"wp-block-image size-large\" data-block-type=\"core\"><img loading=\"lazy\" decoding=\"async\" width=\"1080\" height=\"720\" data-id=\"31527\" src=\"https:\/\/marcinkrokowski.com\/wp-content\/uploads\/2026\/01\/Fotograf-na-forum-ekonomii-spolecznej-088.jpg\" alt=\"Ein Mann im Anzug spricht auf einem Podium vor einem Bildschirm, auf dem ein Balkendiagramm mit polnischem Text zu sehen ist. Mehrere polnische und EU-Flaggen sind auf beiden Seiten der B&#xFC;hne aufgestellt und leere St&#xFC;hle stehen in der N&#xE4;he. \" class=\"wp-image-31527\" title=\"\" srcset=\"https:\/\/marcinkrokowski.com\/wp-content\/uploads\/2026\/01\/Fotograf-na-forum-ekonomii-spolecznej-088.jpg 1080w, https:\/\/marcinkrokowski.com\/wp-content\/uploads\/2026\/01\/Fotograf-na-forum-ekonomii-spolecznej-088-900x600.jpg 900w, https:\/\/marcinkrokowski.com\/wp-content\/uploads\/2026\/01\/Fotograf-na-forum-ekonomii-spolecznej-088-450x300.jpg 450w, https:\/\/marcinkrokowski.com\/wp-content\/uploads\/2026\/01\/Fotograf-na-forum-ekonomii-spolecznej-088-768x512.jpg 768w\" sizes=\"auto, (max-width: 1080px) 100vw, 1080px\" \/><\/figure>\n\n\n\n<figure class=\"wp-block-image size-large\" data-block-type=\"core\"><img loading=\"lazy\" decoding=\"async\" width=\"1080\" height=\"720\" data-id=\"31529\" src=\"https:\/\/marcinkrokowski.com\/wp-content\/uploads\/2026\/01\/Fotograf-na-forum-ekonomii-spolecznej-090.jpg\" alt=\"Ein Mann in einer grauen Jacke spricht auf einem transparenten Podium mit einem Mikrofon. Im Hintergrund sind die Flaggen Polens und der Europ&#xE4;ischen Union zu sehen.\" class=\"wp-image-31529\" title=\"\" srcset=\"https:\/\/marcinkrokowski.com\/wp-content\/uploads\/2026\/01\/Fotograf-na-forum-ekonomii-spolecznej-090.jpg 1080w, https:\/\/marcinkrokowski.com\/wp-content\/uploads\/2026\/01\/Fotograf-na-forum-ekonomii-spolecznej-090-900x600.jpg 900w, https:\/\/marcinkrokowski.com\/wp-content\/uploads\/2026\/01\/Fotograf-na-forum-ekonomii-spolecznej-090-450x300.jpg 450w, https:\/\/marcinkrokowski.com\/wp-content\/uploads\/2026\/01\/Fotograf-na-forum-ekonomii-spolecznej-090-768x512.jpg 768w\" sizes=\"auto, (max-width: 1080px) 100vw, 1080px\" \/><\/figure>\n\n\n<\/figure>\n\n\n\n<figure class=\"wp-block-gallery has-nested-images columns-default is-cropped wp-block-gallery-14 is-layout-flex wp-block-gallery-is-layout-flex\" data-block-type=\"core\">\n<figure class=\"wp-block-image size-large\" data-block-type=\"core\"><img loading=\"lazy\" decoding=\"async\" width=\"720\" height=\"1080\" data-id=\"31530\" src=\"https:\/\/marcinkrokowski.com\/wp-content\/uploads\/2026\/01\/Fotograf-na-forum-ekonomii-spolecznej-091.jpg\" alt=\"Ein Mann im Anzug mit einem blauen Schl&#xFC;sselband sitzt inmitten einer Gruppe von Menschen und h&#xF6;rt mit seiner Hand am Kinn aufmerksam zu. Es scheint sich um eine Konferenz oder ein Seminar zu handeln.\" class=\"wp-image-31530\" title=\"\" srcset=\"https:\/\/marcinkrokowski.com\/wp-content\/uploads\/2026\/01\/Fotograf-na-forum-ekonomii-spolecznej-091.jpg 720w, https:\/\/marcinkrokowski.com\/wp-content\/uploads\/2026\/01\/Fotograf-na-forum-ekonomii-spolecznej-091-450x675.jpg 450w\" sizes=\"auto, (max-width: 720px) 100vw, 720px\" \/><\/figure>\n\n\n\n<figure class=\"wp-block-image size-large\" data-block-type=\"core\"><img loading=\"lazy\" decoding=\"async\" width=\"720\" height=\"1080\" data-id=\"31531\" src=\"https:\/\/marcinkrokowski.com\/wp-content\/uploads\/2026\/01\/Fotograf-na-forum-ekonomii-spolecznej-092.jpg\" alt=\"Eine Gruppe von Menschen sitzt dicht beieinander in einem Konferenzraum und h&#xF6;rt aufmerksam einer Pr&#xE4;sentation zu. Eine Frau in einer braunen Jacke und mit Brille steht im Mittelpunkt der Aufmerksamkeit der Zuh&#xF6;rer. \" class=\"wp-image-31531\" title=\"\" srcset=\"https:\/\/marcinkrokowski.com\/wp-content\/uploads\/2026\/01\/Fotograf-na-forum-ekonomii-spolecznej-092.jpg 720w, https:\/\/marcinkrokowski.com\/wp-content\/uploads\/2026\/01\/Fotograf-na-forum-ekonomii-spolecznej-092-450x675.jpg 450w\" sizes=\"auto, (max-width: 720px) 100vw, 720px\" \/><\/figure>\n<\/figure>\n\n\n\n<figure class=\"wp-block-gallery has-nested-images columns-1 is-cropped wp-block-gallery-15 is-layout-flex wp-block-gallery-is-layout-flex\" data-block-type=\"core\">\n<figure class=\"wp-block-image size-full\" data-block-type=\"core\"><img loading=\"lazy\" decoding=\"async\" width=\"1080\" height=\"720\" data-id=\"31533\" src=\"https:\/\/marcinkrokowski.com\/wp-content\/uploads\/2026\/01\/Fotograf-na-forum-ekonomii-spolecznej-094.jpg\" alt=\"Der Redner wendet sich an die Zuh&#xF6;rer im Konferenzraum. Er steht in der N&#xE4;he von Fahnen und einem gro&#xDF;en Bildschirm, auf dem Informationen in polnischer Sprache &#xFC;ber die Sozialwirtschaft und Ausgrenzung angezeigt werden. Die Teilnehmer sitzen, einige heben ihre H&#xE4;nde oder machen Fotos. \" class=\"wp-image-31533\" title=\"\" srcset=\"https:\/\/marcinkrokowski.com\/wp-content\/uploads\/2026\/01\/Fotograf-na-forum-ekonomii-spolecznej-094.jpg 1080w, https:\/\/marcinkrokowski.com\/wp-content\/uploads\/2026\/01\/Fotograf-na-forum-ekonomii-spolecznej-094-900x600.jpg 900w, https:\/\/marcinkrokowski.com\/wp-content\/uploads\/2026\/01\/Fotograf-na-forum-ekonomii-spolecznej-094-450x300.jpg 450w, https:\/\/marcinkrokowski.com\/wp-content\/uploads\/2026\/01\/Fotograf-na-forum-ekonomii-spolecznej-094-768x512.jpg 768w\" sizes=\"auto, (max-width: 1080px) 100vw, 1080px\" \/><\/figure>\n\n\n\n<figure class=\"wp-block-image size-full\" data-block-type=\"core\"><img loading=\"lazy\" decoding=\"async\" width=\"1080\" height=\"720\" data-id=\"31534\" src=\"https:\/\/marcinkrokowski.com\/wp-content\/uploads\/2026\/01\/Fotograf-na-forum-ekonomii-spolecznej-095.jpg\" alt=\"Eine Gruppe von Menschen steht vor einem blauen Hintergrund mit dem Logo des polnischen Ministeriums an einem Buffettisch an, h&#xE4;lt Teller in der Hand und serviert sich das Essen. Einige haben Taschen oder Jacken dabei. Die Szene befindet sich in einem Raum mit heller Beleuchtung. \" class=\"wp-image-31534\" title=\"\" srcset=\"https:\/\/marcinkrokowski.com\/wp-content\/uploads\/2026\/01\/Fotograf-na-forum-ekonomii-spolecznej-095.jpg 1080w, https:\/\/marcinkrokowski.com\/wp-content\/uploads\/2026\/01\/Fotograf-na-forum-ekonomii-spolecznej-095-900x600.jpg 900w, https:\/\/marcinkrokowski.com\/wp-content\/uploads\/2026\/01\/Fotograf-na-forum-ekonomii-spolecznej-095-450x300.jpg 450w, https:\/\/marcinkrokowski.com\/wp-content\/uploads\/2026\/01\/Fotograf-na-forum-ekonomii-spolecznej-095-768x512.jpg 768w\" sizes=\"auto, (max-width: 1080px) 100vw, 1080px\" \/><\/figure>\n\n\n\n<figure class=\"wp-block-image size-full\" data-block-type=\"core\"><img loading=\"lazy\" decoding=\"async\" width=\"1080\" height=\"720\" data-id=\"31537\" src=\"https:\/\/marcinkrokowski.com\/wp-content\/uploads\/2026\/01\/Fotograf-na-forum-ekonomii-spolecznej-098.jpg\" alt=\"Sechs Personen sitzen auf der B&#xFC;hne w&#xE4;hrend einer formellen Podiumsdiskussion vor einem Bildschirm mit der Aufschrift &#039;Oxford Debate&#039;. Hinter ihnen sind die Flaggen von Polen und der Europ&#xE4;ischen Union zu sehen. Eine Frau steht in der Mitte und spricht.  \" class=\"wp-image-31537\" title=\"\" srcset=\"https:\/\/marcinkrokowski.com\/wp-content\/uploads\/2026\/01\/Fotograf-na-forum-ekonomii-spolecznej-098.jpg 1080w, https:\/\/marcinkrokowski.com\/wp-content\/uploads\/2026\/01\/Fotograf-na-forum-ekonomii-spolecznej-098-900x600.jpg 900w, https:\/\/marcinkrokowski.com\/wp-content\/uploads\/2026\/01\/Fotograf-na-forum-ekonomii-spolecznej-098-450x300.jpg 450w, https:\/\/marcinkrokowski.com\/wp-content\/uploads\/2026\/01\/Fotograf-na-forum-ekonomii-spolecznej-098-768x512.jpg 768w\" sizes=\"auto, (max-width: 1080px) 100vw, 1080px\" \/><\/figure>\n\n\n\n\n\n\n<\/figure>\n\n\n\n<figure class=\"wp-block-gallery has-nested-images columns-default is-cropped wp-block-gallery-16 is-layout-flex wp-block-gallery-is-layout-flex\" data-block-type=\"core\">\n<figure class=\"wp-block-image size-large\" data-block-type=\"core\"><img loading=\"lazy\" decoding=\"async\" width=\"720\" height=\"1080\" data-id=\"31538\" src=\"https:\/\/marcinkrokowski.com\/wp-content\/uploads\/2026\/01\/Fotograf-na-forum-ekonomii-spolecznej-099.jpg\" alt=\"Eine Frau mit Brille und schulterlangem braunem Haar sitzt mit einem Mikrofon in der Hand. Sie tr&#xE4;gt eine schwarz-wei&#xDF; karierte Jacke, ein blaues Schl&#xFC;sselband und roten Nagellack. Im Hintergrund sind rote, wei&#xDF;e und blaue Fahnen zu sehen.  \" class=\"wp-image-31538\" title=\"\" srcset=\"https:\/\/marcinkrokowski.com\/wp-content\/uploads\/2026\/01\/Fotograf-na-forum-ekonomii-spolecznej-099.jpg 720w, https:\/\/marcinkrokowski.com\/wp-content\/uploads\/2026\/01\/Fotograf-na-forum-ekonomii-spolecznej-099-450x675.jpg 450w\" sizes=\"auto, (max-width: 720px) 100vw, 720px\" \/><\/figure>\n\n\n\n<figure class=\"wp-block-image size-large\" data-block-type=\"core\"><img loading=\"lazy\" decoding=\"async\" width=\"720\" height=\"1080\" data-id=\"31540\" src=\"https:\/\/marcinkrokowski.com\/wp-content\/uploads\/2026\/01\/Fotograf-na-forum-ekonomii-spolecznej-101.jpg\" alt=\"Eine Person mit kurzen Haaren, die eine Jacke und ein hellblaues Oberteil tr&#xE4;gt, spricht auf der B&#xFC;hne &#xFC;ber ein Mikrofon in einem Headset und h&#xE4;lt ein Tablet. Ein Teil des Textes und ein rotes Dreieck sind vor einem unscharfen Hintergrund zu sehen. \" class=\"wp-image-31540\" title=\"\" srcset=\"https:\/\/marcinkrokowski.com\/wp-content\/uploads\/2026\/01\/Fotograf-na-forum-ekonomii-spolecznej-101.jpg 720w, https:\/\/marcinkrokowski.com\/wp-content\/uploads\/2026\/01\/Fotograf-na-forum-ekonomii-spolecznej-101-450x675.jpg 450w\" sizes=\"auto, (max-width: 720px) 100vw, 720px\" \/><\/figure>\n\n\n\n<figure class=\"wp-block-image size-large\" data-block-type=\"core\"><img loading=\"lazy\" decoding=\"async\" width=\"720\" height=\"1080\" data-id=\"31542\" src=\"https:\/\/marcinkrokowski.com\/wp-content\/uploads\/2026\/01\/Fotograf-na-forum-ekonomii-spolecznej-103.jpg\" alt=\"Ein glatzk&#xF6;pfiger Mann mit Brille und grauem Bart, der eine blaue Jacke und ein helles Hemd tr&#xE4;gt, sitzt mit einem Notizblock und einem Stift in der Hand da und schaut aufmerksam. Eine rote geschwungene Linie ist auf dem wei&#xDF;en Hintergrund hinter ihm zu sehen. \" class=\"wp-image-31542\" title=\"\" srcset=\"https:\/\/marcinkrokowski.com\/wp-content\/uploads\/2026\/01\/Fotograf-na-forum-ekonomii-spolecznej-103.jpg 720w, https:\/\/marcinkrokowski.com\/wp-content\/uploads\/2026\/01\/Fotograf-na-forum-ekonomii-spolecznej-103-450x675.jpg 450w\" sizes=\"auto, (max-width: 720px) 100vw, 720px\" \/><\/figure>\n\n\n\n\n\n\n<\/figure>\n\n\n\n<figure class=\"wp-block-gallery has-nested-images columns-1 is-cropped wp-block-gallery-17 is-layout-flex wp-block-gallery-is-layout-flex\" data-block-type=\"core\">\n<figure class=\"wp-block-image size-full\" data-block-type=\"core\"><img loading=\"lazy\" decoding=\"async\" width=\"1080\" height=\"720\" data-id=\"31545\" src=\"https:\/\/marcinkrokowski.com\/wp-content\/uploads\/2026\/01\/Fotograf-na-forum-ekonomii-spolecznej-106.jpg\" alt=\"Eine Frau mit braunem Haar und Brille, die eine karierte Jacke und ein Schl&#xFC;sselband tr&#xE4;gt, sitzt l&#xE4;chelnd vor verschwommenen polnischen und EU-Flaggen. Sie h&#xE4;lt Dokumente in der Hand und scheint an einer Veranstaltung oder Konferenz teilzunehmen. \" class=\"wp-image-31545\" title=\"\" srcset=\"https:\/\/marcinkrokowski.com\/wp-content\/uploads\/2026\/01\/Fotograf-na-forum-ekonomii-spolecznej-106.jpg 1080w, https:\/\/marcinkrokowski.com\/wp-content\/uploads\/2026\/01\/Fotograf-na-forum-ekonomii-spolecznej-106-900x600.jpg 900w, https:\/\/marcinkrokowski.com\/wp-content\/uploads\/2026\/01\/Fotograf-na-forum-ekonomii-spolecznej-106-450x300.jpg 450w, https:\/\/marcinkrokowski.com\/wp-content\/uploads\/2026\/01\/Fotograf-na-forum-ekonomii-spolecznej-106-768x512.jpg 768w\" sizes=\"auto, (max-width: 1080px) 100vw, 1080px\" \/><\/figure>\n\n\n\n<figure class=\"wp-block-image size-full\" data-block-type=\"core\"><img loading=\"lazy\" decoding=\"async\" width=\"1080\" height=\"720\" data-id=\"31546\" src=\"https:\/\/marcinkrokowski.com\/wp-content\/uploads\/2026\/01\/Fotograf-na-forum-ekonomii-spolecznej-107.jpg\" alt=\"Vier Frauen sitzen und sprechen w&#xE4;hrend einer Podiumsdiskussion, l&#xE4;chelnd und mit Dokumenten in der Hand. Hinter ihnen wehen die Flaggen von Polen und der Europ&#xE4;ischen Union. Die Atmosph&#xE4;re scheint professionell und kooperativ zu sein.  \" class=\"wp-image-31546\" title=\"\" srcset=\"https:\/\/marcinkrokowski.com\/wp-content\/uploads\/2026\/01\/Fotograf-na-forum-ekonomii-spolecznej-107.jpg 1080w, https:\/\/marcinkrokowski.com\/wp-content\/uploads\/2026\/01\/Fotograf-na-forum-ekonomii-spolecznej-107-900x600.jpg 900w, https:\/\/marcinkrokowski.com\/wp-content\/uploads\/2026\/01\/Fotograf-na-forum-ekonomii-spolecznej-107-450x300.jpg 450w, https:\/\/marcinkrokowski.com\/wp-content\/uploads\/2026\/01\/Fotograf-na-forum-ekonomii-spolecznej-107-768x512.jpg 768w\" sizes=\"auto, (max-width: 1080px) 100vw, 1080px\" \/><\/figure>\n\n\n\n<figure class=\"wp-block-image size-full\" data-block-type=\"core\"><img loading=\"lazy\" decoding=\"async\" width=\"1080\" height=\"720\" data-id=\"31544\" src=\"https:\/\/marcinkrokowski.com\/wp-content\/uploads\/2026\/01\/Fotograf-na-forum-ekonomii-spolecznej-105.jpg\" alt=\"Ein Publikum verfolgt eine Podiumsdiskussion auf einer B&#xFC;hne, auf der mehrere Redner sitzen; jemand im Vordergrund nimmt ein Telefon in die Hand, um ein Foto zu machen. Im Hintergrund sind polnische Flaggen und ein gro&#xDF;er Bildschirm zu sehen, auf dem die &#039;Oxford-Debatte&#039; gezeigt wird. \" class=\"wp-image-31544\" title=\"\" srcset=\"https:\/\/marcinkrokowski.com\/wp-content\/uploads\/2026\/01\/Fotograf-na-forum-ekonomii-spolecznej-105.jpg 1080w, https:\/\/marcinkrokowski.com\/wp-content\/uploads\/2026\/01\/Fotograf-na-forum-ekonomii-spolecznej-105-900x600.jpg 900w, https:\/\/marcinkrokowski.com\/wp-content\/uploads\/2026\/01\/Fotograf-na-forum-ekonomii-spolecznej-105-450x300.jpg 450w, https:\/\/marcinkrokowski.com\/wp-content\/uploads\/2026\/01\/Fotograf-na-forum-ekonomii-spolecznej-105-768x512.jpg 768w\" sizes=\"auto, (max-width: 1080px) 100vw, 1080px\" \/><\/figure>\n\n\n\n<figure class=\"wp-block-image size-full\" data-block-type=\"core\"><img loading=\"lazy\" decoding=\"async\" width=\"1080\" height=\"720\" data-id=\"31547\" src=\"https:\/\/marcinkrokowski.com\/wp-content\/uploads\/2026\/01\/Fotograf-na-forum-ekonomii-spolecznej-108.jpg\" alt=\"Eine Gruppe von Menschen sitzt auf St&#xFC;hlen bei einer Konferenz oder einem Seminar. Die meisten von ihnen tragen Gesch&#xE4;ftskleidung und Schl&#xFC;sselb&#xE4;nder, einige h&#xF6;ren aufmerksam zu und andere sehen entspannt aus. Die Atmosph&#xE4;re wirkt professionell und engagiert.  \" class=\"wp-image-31547\" title=\"\" srcset=\"https:\/\/marcinkrokowski.com\/wp-content\/uploads\/2026\/01\/Fotograf-na-forum-ekonomii-spolecznej-108.jpg 1080w, https:\/\/marcinkrokowski.com\/wp-content\/uploads\/2026\/01\/Fotograf-na-forum-ekonomii-spolecznej-108-900x600.jpg 900w, https:\/\/marcinkrokowski.com\/wp-content\/uploads\/2026\/01\/Fotograf-na-forum-ekonomii-spolecznej-108-450x300.jpg 450w, https:\/\/marcinkrokowski.com\/wp-content\/uploads\/2026\/01\/Fotograf-na-forum-ekonomii-spolecznej-108-768x512.jpg 768w\" sizes=\"auto, (max-width: 1080px) 100vw, 1080px\" \/><\/figure>\n\n\n\n<figure class=\"wp-block-image size-full\" data-block-type=\"core\"><img loading=\"lazy\" decoding=\"async\" width=\"1080\" height=\"720\" data-id=\"31548\" src=\"https:\/\/marcinkrokowski.com\/wp-content\/uploads\/2026\/01\/Fotograf-na-forum-ekonomii-spolecznej-109.jpg\" alt=\"Drei Frauen sitzen w&#xE4;hrend einer Podiumsdiskussion und l&#xE4;cheln. Zwei von ihnen halten Dokumente in der Hand und tragen Schl&#xFC;sselb&#xE4;nder. Die Frau auf der linken Seite applaudiert und im Hintergrund sind Nationalflaggen zu sehen.  \" class=\"wp-image-31548\" title=\"\" srcset=\"https:\/\/marcinkrokowski.com\/wp-content\/uploads\/2026\/01\/Fotograf-na-forum-ekonomii-spolecznej-109.jpg 1080w, https:\/\/marcinkrokowski.com\/wp-content\/uploads\/2026\/01\/Fotograf-na-forum-ekonomii-spolecznej-109-900x600.jpg 900w, https:\/\/marcinkrokowski.com\/wp-content\/uploads\/2026\/01\/Fotograf-na-forum-ekonomii-spolecznej-109-450x300.jpg 450w, https:\/\/marcinkrokowski.com\/wp-content\/uploads\/2026\/01\/Fotograf-na-forum-ekonomii-spolecznej-109-768x512.jpg 768w\" sizes=\"auto, (max-width: 1080px) 100vw, 1080px\" \/><\/figure>\n\n\n\n<figure class=\"wp-block-image size-full\" data-block-type=\"core\"><img loading=\"lazy\" decoding=\"async\" width=\"1080\" height=\"720\" data-id=\"31551\" src=\"https:\/\/marcinkrokowski.com\/wp-content\/uploads\/2026\/01\/Fotograf-na-forum-ekonomii-spolecznej-112.jpg\" alt=\"Ein Redner wendet sich w&#xE4;hrend einer formellen Debatte in einem modernen Konferenzraum an das Publikum. Auf einem gro&#xDF;en Bildschirm im Hintergrund wird der Titel der Veranstaltung auf Polnisch angezeigt. Die Diskussionsteilnehmer sitzen an einem Tisch; Fahnen und Mitglieder des Publikums sind zu sehen.  \" class=\"wp-image-31551\" title=\"\" srcset=\"https:\/\/marcinkrokowski.com\/wp-content\/uploads\/2026\/01\/Fotograf-na-forum-ekonomii-spolecznej-112.jpg 1080w, https:\/\/marcinkrokowski.com\/wp-content\/uploads\/2026\/01\/Fotograf-na-forum-ekonomii-spolecznej-112-900x600.jpg 900w, https:\/\/marcinkrokowski.com\/wp-content\/uploads\/2026\/01\/Fotograf-na-forum-ekonomii-spolecznej-112-450x300.jpg 450w, https:\/\/marcinkrokowski.com\/wp-content\/uploads\/2026\/01\/Fotograf-na-forum-ekonomii-spolecznej-112-768x512.jpg 768w\" sizes=\"auto, (max-width: 1080px) 100vw, 1080px\" \/><\/figure>\n\n\n\n<figure class=\"wp-block-image size-full\" data-block-type=\"core\"><img loading=\"lazy\" decoding=\"async\" width=\"1080\" height=\"720\" data-id=\"31552\" src=\"https:\/\/marcinkrokowski.com\/wp-content\/uploads\/2026\/01\/Fotograf-na-forum-ekonomii-spolecznej-113.jpg\" alt=\"Eine Frau spricht in ein Mikrofon, w&#xE4;hrend sie mit zwei anderen Personen auf einem Podium sitzt. Alle drei sind in Gesch&#xE4;ftskleidung gekleidet und schauen konzentriert. Im Hintergrund ist ein gro&#xDF;es, abstraktes rot-wei&#xDF;es Muster zu sehen.  \" class=\"wp-image-31552\" title=\"\" srcset=\"https:\/\/marcinkrokowski.com\/wp-content\/uploads\/2026\/01\/Fotograf-na-forum-ekonomii-spolecznej-113.jpg 1080w, https:\/\/marcinkrokowski.com\/wp-content\/uploads\/2026\/01\/Fotograf-na-forum-ekonomii-spolecznej-113-900x600.jpg 900w, https:\/\/marcinkrokowski.com\/wp-content\/uploads\/2026\/01\/Fotograf-na-forum-ekonomii-spolecznej-113-450x300.jpg 450w, https:\/\/marcinkrokowski.com\/wp-content\/uploads\/2026\/01\/Fotograf-na-forum-ekonomii-spolecznej-113-768x512.jpg 768w\" sizes=\"auto, (max-width: 1080px) 100vw, 1080px\" \/><\/figure>\n\n\n\n\n\n\n<\/figure>\n\n\n\n<figure class=\"wp-block-gallery has-nested-images columns-default is-cropped wp-block-gallery-18 is-layout-flex wp-block-gallery-is-layout-flex\" data-block-type=\"core\">\n<figure class=\"wp-block-image size-large\" data-block-type=\"core\"><img loading=\"lazy\" decoding=\"async\" width=\"720\" height=\"1080\" data-id=\"31554\" src=\"https:\/\/marcinkrokowski.com\/wp-content\/uploads\/2026\/01\/Fotograf-na-forum-ekonomii-spolecznej-115.jpg\" alt=\"Zwei M&#xE4;nner in Anz&#xFC;gen sitzen w&#xE4;hrend einer Podiumsdiskussion auf der B&#xFC;hne. Einer von ihnen spricht in ein Mikrofon, w&#xE4;hrend der andere aufmerksam zuh&#xF6;rt. Beide tragen Konferenzschilder und hinter ihnen ist ein Pr&#xE4;sentationsbildschirm mit Text zu sehen.  \" class=\"wp-image-31554\" title=\"\" srcset=\"https:\/\/marcinkrokowski.com\/wp-content\/uploads\/2026\/01\/Fotograf-na-forum-ekonomii-spolecznej-115.jpg 720w, https:\/\/marcinkrokowski.com\/wp-content\/uploads\/2026\/01\/Fotograf-na-forum-ekonomii-spolecznej-115-450x675.jpg 450w\" sizes=\"auto, (max-width: 720px) 100vw, 720px\" \/><\/figure>\n\n\n\n<figure class=\"wp-block-image size-large\" data-block-type=\"core\"><img loading=\"lazy\" decoding=\"async\" width=\"720\" height=\"1080\" data-id=\"31555\" src=\"https:\/\/marcinkrokowski.com\/wp-content\/uploads\/2026\/01\/Fotograf-na-forum-ekonomii-spolecznej-116.jpg\" alt=\"Ein glatzk&#xF6;pfiger Mann mit Brille, Bart und blauer Jacke h&#xE4;lt ein Mikrofon, w&#xE4;hrend er auf der Veranstaltung sitzt und spricht. Im Hintergrund ist eine gro&#xDF;e rot-wei&#xDF;e Flagge zu sehen. \" class=\"wp-image-31555\" title=\"\" srcset=\"https:\/\/marcinkrokowski.com\/wp-content\/uploads\/2026\/01\/Fotograf-na-forum-ekonomii-spolecznej-116.jpg 720w, https:\/\/marcinkrokowski.com\/wp-content\/uploads\/2026\/01\/Fotograf-na-forum-ekonomii-spolecznej-116-450x675.jpg 450w\" sizes=\"auto, (max-width: 720px) 100vw, 720px\" \/><\/figure>\n<\/figure>\n\n\n\n<figure class=\"wp-block-gallery has-nested-images columns-1 is-cropped wp-block-gallery-19 is-layout-flex wp-block-gallery-is-layout-flex\" data-block-type=\"core\">\n<figure class=\"wp-block-image size-large\" data-block-type=\"core\"><img loading=\"lazy\" decoding=\"async\" width=\"1080\" height=\"720\" data-id=\"31556\" src=\"https:\/\/marcinkrokowski.com\/wp-content\/uploads\/2026\/01\/Fotograf-na-forum-ekonomii-spolecznej-117.jpg\" alt=\"Eine Frau, die ein Mikrofon h&#xE4;lt, spricht w&#xE4;hrend einer Podiumsdiskussion. Im Hintergrund sitzen mehrere Personen in einer Reihe mit undeutlichen Flaggen Polens und der Europ&#xE4;ischen Union hinter ihnen. \" class=\"wp-image-31556\" title=\"\" srcset=\"https:\/\/marcinkrokowski.com\/wp-content\/uploads\/2026\/01\/Fotograf-na-forum-ekonomii-spolecznej-117.jpg 1080w, https:\/\/marcinkrokowski.com\/wp-content\/uploads\/2026\/01\/Fotograf-na-forum-ekonomii-spolecznej-117-900x600.jpg 900w, https:\/\/marcinkrokowski.com\/wp-content\/uploads\/2026\/01\/Fotograf-na-forum-ekonomii-spolecznej-117-450x300.jpg 450w, https:\/\/marcinkrokowski.com\/wp-content\/uploads\/2026\/01\/Fotograf-na-forum-ekonomii-spolecznej-117-768x512.jpg 768w\" sizes=\"auto, (max-width: 1080px) 100vw, 1080px\" \/><\/figure>\n\n\n\n<figure class=\"wp-block-image size-large\" data-block-type=\"core\"><img loading=\"lazy\" decoding=\"async\" width=\"1080\" height=\"720\" data-id=\"31557\" src=\"https:\/\/marcinkrokowski.com\/wp-content\/uploads\/2026\/01\/Fotograf-na-forum-ekonomii-spolecznej-118.jpg\" alt=\"Drei Frauen sitzen auf der B&#xFC;hne einer Podiumsdiskussion. Eine spricht in ein Mikrofon, w&#xE4;hrend die anderen zuh&#xF6;ren. Im Hintergrund ist ein Pr&#xE4;sentationsbildschirm mit Text zu sehen. Im Vordergrund sind mehrere Zuh&#xF6;rer zu sehen.  \" class=\"wp-image-31557\" title=\"\" srcset=\"https:\/\/marcinkrokowski.com\/wp-content\/uploads\/2026\/01\/Fotograf-na-forum-ekonomii-spolecznej-118.jpg 1080w, https:\/\/marcinkrokowski.com\/wp-content\/uploads\/2026\/01\/Fotograf-na-forum-ekonomii-spolecznej-118-900x600.jpg 900w, https:\/\/marcinkrokowski.com\/wp-content\/uploads\/2026\/01\/Fotograf-na-forum-ekonomii-spolecznej-118-450x300.jpg 450w, https:\/\/marcinkrokowski.com\/wp-content\/uploads\/2026\/01\/Fotograf-na-forum-ekonomii-spolecznej-118-768x512.jpg 768w\" sizes=\"auto, (max-width: 1080px) 100vw, 1080px\" \/><\/figure>\n\n\n\n<figure class=\"wp-block-image size-large\" data-block-type=\"core\"><img loading=\"lazy\" decoding=\"async\" width=\"1080\" height=\"720\" data-id=\"31559\" src=\"https:\/\/marcinkrokowski.com\/wp-content\/uploads\/2026\/01\/Fotograf-na-forum-ekonomii-spolecznej-120.jpg\" alt=\"Eine Gruppe von Menschen sitzt in Reihen bei einer Konferenz oder einem Seminar. Zwei Frauen in der ersten Reihe l&#xE4;cheln und sprechen, w&#xE4;hrend andere aufmerksam zuh&#xF6;ren oder nach vorne schauen. Viele Teilnehmer tragen Anstecknadeln und Business-Kleidung.  \" class=\"wp-image-31559\" title=\"\" srcset=\"https:\/\/marcinkrokowski.com\/wp-content\/uploads\/2026\/01\/Fotograf-na-forum-ekonomii-spolecznej-120.jpg 1080w, https:\/\/marcinkrokowski.com\/wp-content\/uploads\/2026\/01\/Fotograf-na-forum-ekonomii-spolecznej-120-900x600.jpg 900w, https:\/\/marcinkrokowski.com\/wp-content\/uploads\/2026\/01\/Fotograf-na-forum-ekonomii-spolecznej-120-450x300.jpg 450w, https:\/\/marcinkrokowski.com\/wp-content\/uploads\/2026\/01\/Fotograf-na-forum-ekonomii-spolecznej-120-768x512.jpg 768w\" sizes=\"auto, (max-width: 1080px) 100vw, 1080px\" \/><\/figure>\n\n\n\n<figure class=\"wp-block-image size-large\" data-block-type=\"core\"><img loading=\"lazy\" decoding=\"async\" width=\"1080\" height=\"720\" data-id=\"31560\" src=\"https:\/\/marcinkrokowski.com\/wp-content\/uploads\/2026\/01\/Fotograf-na-forum-ekonomii-spolecznej-121.jpg\" alt=\"Vier Personen sitzen w&#xE4;hrend einer Podiumsdiskussion auf der B&#xFC;hne, das Publikum ist im Vordergrund zu sehen. Sie l&#xE4;cheln, hinter ihnen sind die Flaggen der Europ&#xE4;ischen Union und Polens zu sehen, und auf einem gro&#xDF;en Bildschirm wird polnischer Text angezeigt. \" class=\"wp-image-31560\" title=\"\" srcset=\"https:\/\/marcinkrokowski.com\/wp-content\/uploads\/2026\/01\/Fotograf-na-forum-ekonomii-spolecznej-121.jpg 1080w, https:\/\/marcinkrokowski.com\/wp-content\/uploads\/2026\/01\/Fotograf-na-forum-ekonomii-spolecznej-121-900x600.jpg 900w, https:\/\/marcinkrokowski.com\/wp-content\/uploads\/2026\/01\/Fotograf-na-forum-ekonomii-spolecznej-121-450x300.jpg 450w, https:\/\/marcinkrokowski.com\/wp-content\/uploads\/2026\/01\/Fotograf-na-forum-ekonomii-spolecznej-121-768x512.jpg 768w\" sizes=\"auto, (max-width: 1080px) 100vw, 1080px\" \/><\/figure>\n\n\n\n<figure class=\"wp-block-image size-large\" data-block-type=\"core\"><img loading=\"lazy\" decoding=\"async\" width=\"1080\" height=\"720\" data-id=\"31561\" src=\"https:\/\/marcinkrokowski.com\/wp-content\/uploads\/2026\/01\/Fotograf-na-forum-ekonomii-spolecznej-122.jpg\" alt=\"Die Videokamera nimmt eine Konferenz oder ein Seminar auf und konzentriert sich dabei auf den Redner, der vorne in einem Raum mit sitzenden Teilnehmern steht. Der Hintergrund ist unscharf und zeigt die Pr&#xE4;sentation und ein paar Fahnen. \" class=\"wp-image-31561\" title=\"\" srcset=\"https:\/\/marcinkrokowski.com\/wp-content\/uploads\/2026\/01\/Fotograf-na-forum-ekonomii-spolecznej-122.jpg 1080w, https:\/\/marcinkrokowski.com\/wp-content\/uploads\/2026\/01\/Fotograf-na-forum-ekonomii-spolecznej-122-900x600.jpg 900w, https:\/\/marcinkrokowski.com\/wp-content\/uploads\/2026\/01\/Fotograf-na-forum-ekonomii-spolecznej-122-450x300.jpg 450w, https:\/\/marcinkrokowski.com\/wp-content\/uploads\/2026\/01\/Fotograf-na-forum-ekonomii-spolecznej-122-768x512.jpg 768w\" sizes=\"auto, (max-width: 1080px) 100vw, 1080px\" \/><\/figure>\n\n\n\n<figure class=\"wp-block-image size-large\" data-block-type=\"core\"><img loading=\"lazy\" decoding=\"async\" width=\"1080\" height=\"720\" data-id=\"31562\" src=\"https:\/\/marcinkrokowski.com\/wp-content\/uploads\/2026\/01\/Fotograf-na-forum-ekonomii-spolecznej-123.jpg\" alt=\"Auf einem gro&#xDF;en Bildschirm im Konferenzraum ist ein Gruppenfoto von Menschen zu sehen, die drau&#xDF;en fr&#xF6;hlich posieren. Der Raum ist mit polnischen und EU-Flaggen geschm&#xFC;ckt und leere St&#xFC;hle stehen vor der B&#xFC;hne. \" class=\"wp-image-31562\" title=\"\" srcset=\"https:\/\/marcinkrokowski.com\/wp-content\/uploads\/2026\/01\/Fotograf-na-forum-ekonomii-spolecznej-123.jpg 1080w, https:\/\/marcinkrokowski.com\/wp-content\/uploads\/2026\/01\/Fotograf-na-forum-ekonomii-spolecznej-123-900x600.jpg 900w, https:\/\/marcinkrokowski.com\/wp-content\/uploads\/2026\/01\/Fotograf-na-forum-ekonomii-spolecznej-123-450x300.jpg 450w, https:\/\/marcinkrokowski.com\/wp-content\/uploads\/2026\/01\/Fotograf-na-forum-ekonomii-spolecznej-123-768x512.jpg 768w\" sizes=\"auto, (max-width: 1080px) 100vw, 1080px\" \/><\/figure>\n\n\n\n<figure class=\"wp-block-image size-large\" data-block-type=\"core\"><img loading=\"lazy\" decoding=\"async\" width=\"1080\" height=\"720\" data-id=\"31565\" src=\"https:\/\/marcinkrokowski.com\/wp-content\/uploads\/2026\/01\/Fotograf-na-forum-ekonomii-spolecznej-126.jpg\" alt=\"Eine Gruppe von Menschen in Gesch&#xE4;ftskleidung interagiert in einem Konferenzraum. Zwei M&#xE4;nner im Vordergrund sch&#xFC;tteln sich die H&#xE4;nde, w&#xE4;hrend andere im Hintergrund zusehen, reden oder Fotos machen.\" class=\"wp-image-31565\" title=\"\" srcset=\"https:\/\/marcinkrokowski.com\/wp-content\/uploads\/2026\/01\/Fotograf-na-forum-ekonomii-spolecznej-126.jpg 1080w, https:\/\/marcinkrokowski.com\/wp-content\/uploads\/2026\/01\/Fotograf-na-forum-ekonomii-spolecznej-126-900x600.jpg 900w, https:\/\/marcinkrokowski.com\/wp-content\/uploads\/2026\/01\/Fotograf-na-forum-ekonomii-spolecznej-126-450x300.jpg 450w, https:\/\/marcinkrokowski.com\/wp-content\/uploads\/2026\/01\/Fotograf-na-forum-ekonomii-spolecznej-126-768x512.jpg 768w\" sizes=\"auto, (max-width: 1080px) 100vw, 1080px\" \/><\/figure>\n\n\n\n<figure class=\"wp-block-image size-large\" data-block-type=\"core\"><img loading=\"lazy\" decoding=\"async\" width=\"1080\" height=\"720\" data-id=\"31566\" src=\"https:\/\/marcinkrokowski.com\/wp-content\/uploads\/2026\/01\/Fotograf-na-forum-ekonomii-spolecznej-127.jpg\" alt=\"Eine Frau in einem gestreiften Hemd sitzt und l&#xE4;chelt strahlend auf einer Zimmerparty, umgeben von anderen sitzenden Menschen, die in Gespr&#xE4;che und Aktivit&#xE4;ten vertieft sind.\" class=\"wp-image-31566\" title=\"\" srcset=\"https:\/\/marcinkrokowski.com\/wp-content\/uploads\/2026\/01\/Fotograf-na-forum-ekonomii-spolecznej-127.jpg 1080w, https:\/\/marcinkrokowski.com\/wp-content\/uploads\/2026\/01\/Fotograf-na-forum-ekonomii-spolecznej-127-900x600.jpg 900w, https:\/\/marcinkrokowski.com\/wp-content\/uploads\/2026\/01\/Fotograf-na-forum-ekonomii-spolecznej-127-450x300.jpg 450w, https:\/\/marcinkrokowski.com\/wp-content\/uploads\/2026\/01\/Fotograf-na-forum-ekonomii-spolecznej-127-768x512.jpg 768w\" sizes=\"auto, (max-width: 1080px) 100vw, 1080px\" \/><\/figure>\n\n\n\n<figure class=\"wp-block-image size-large\" data-block-type=\"core\"><img loading=\"lazy\" decoding=\"async\" width=\"1080\" height=\"720\" data-id=\"31567\" src=\"https:\/\/marcinkrokowski.com\/wp-content\/uploads\/2026\/01\/Fotograf-na-forum-ekonomii-spolecznej-128.jpg\" alt=\"Eine Person in einer roten Jacke h&#xE4;lt ein Smartphone in der Hand, um ein Foto oder ein Video w&#xE4;hrend einer Veranstaltung in einem Raum zu machen, in dem mehrere Personen sitzen und den Redner im Hintergrund beobachten.\" class=\"wp-image-31567\" title=\"\" srcset=\"https:\/\/marcinkrokowski.com\/wp-content\/uploads\/2026\/01\/Fotograf-na-forum-ekonomii-spolecznej-128.jpg 1080w, https:\/\/marcinkrokowski.com\/wp-content\/uploads\/2026\/01\/Fotograf-na-forum-ekonomii-spolecznej-128-900x600.jpg 900w, https:\/\/marcinkrokowski.com\/wp-content\/uploads\/2026\/01\/Fotograf-na-forum-ekonomii-spolecznej-128-450x300.jpg 450w, https:\/\/marcinkrokowski.com\/wp-content\/uploads\/2026\/01\/Fotograf-na-forum-ekonomii-spolecznej-128-768x512.jpg 768w\" sizes=\"auto, (max-width: 1080px) 100vw, 1080px\" \/><\/figure>\n\n\n\n<figure class=\"wp-block-image size-large\" data-block-type=\"core\"><img loading=\"lazy\" decoding=\"async\" width=\"1080\" height=\"720\" data-id=\"31568\" src=\"https:\/\/marcinkrokowski.com\/wp-content\/uploads\/2026\/01\/Fotograf-na-forum-ekonomii-spolecznej-129.jpg\" alt=\"Ein Chor von M&#xE4;nnern und Frauen steht auf der B&#xFC;hne und singt, angef&#xFC;hrt von einer Frau in einem orangefarbenen Anzug. Fahnen und ein Blumenstrau&#xDF; sind zu sehen, w&#xE4;hrend hinter ihnen ein gro&#xDF;er Bildschirm die &#039;Social Laurels&#039; und das Logo der Veranstaltung anzeigt. \" class=\"wp-image-31568\" title=\"\" srcset=\"https:\/\/marcinkrokowski.com\/wp-content\/uploads\/2026\/01\/Fotograf-na-forum-ekonomii-spolecznej-129.jpg 1080w, https:\/\/marcinkrokowski.com\/wp-content\/uploads\/2026\/01\/Fotograf-na-forum-ekonomii-spolecznej-129-900x600.jpg 900w, https:\/\/marcinkrokowski.com\/wp-content\/uploads\/2026\/01\/Fotograf-na-forum-ekonomii-spolecznej-129-450x300.jpg 450w, https:\/\/marcinkrokowski.com\/wp-content\/uploads\/2026\/01\/Fotograf-na-forum-ekonomii-spolecznej-129-768x512.jpg 768w\" sizes=\"auto, (max-width: 1080px) 100vw, 1080px\" \/><\/figure>\n\n\n\n<figure class=\"wp-block-image size-large\" data-block-type=\"core\"><img loading=\"lazy\" decoding=\"async\" width=\"1080\" height=\"720\" data-id=\"31569\" src=\"https:\/\/marcinkrokowski.com\/wp-content\/uploads\/2026\/01\/Fotograf-na-forum-ekonomii-spolecznej-130.jpg\" alt=\"Eine Frau in einem orangefarbenen Overall dirigiert oder spricht leidenschaftlich vor Mikrofonen und Notenst&#xE4;ndern, w&#xE4;hrend im Hintergrund polnische Flaggen und mehrere Menschen zu sehen sind.\" class=\"wp-image-31569\" title=\"\" srcset=\"https:\/\/marcinkrokowski.com\/wp-content\/uploads\/2026\/01\/Fotograf-na-forum-ekonomii-spolecznej-130.jpg 1080w, https:\/\/marcinkrokowski.com\/wp-content\/uploads\/2026\/01\/Fotograf-na-forum-ekonomii-spolecznej-130-900x600.jpg 900w, https:\/\/marcinkrokowski.com\/wp-content\/uploads\/2026\/01\/Fotograf-na-forum-ekonomii-spolecznej-130-450x300.jpg 450w, https:\/\/marcinkrokowski.com\/wp-content\/uploads\/2026\/01\/Fotograf-na-forum-ekonomii-spolecznej-130-768x512.jpg 768w\" sizes=\"auto, (max-width: 1080px) 100vw, 1080px\" \/><\/figure>\n\n\n\n<figure class=\"wp-block-image size-large\" data-block-type=\"core\"><img loading=\"lazy\" decoding=\"async\" width=\"1080\" height=\"718\" data-id=\"31570\" src=\"https:\/\/marcinkrokowski.com\/wp-content\/uploads\/2026\/01\/Fotograf-na-forum-ekonomii-spolecznej-131.jpg\" alt=\"Eine Gruppe von Menschen steht gemeinsam auf der B&#xFC;hne vor einem gro&#xDF;en Bildschirm, auf dem Text bei einer Veranstaltung in einer Halle angezeigt wird, w&#xE4;hrend das Publikum sitzt und zusieht. Rechts von der B&#xFC;hne sind Fahnen zu sehen. \" class=\"wp-image-31570\" title=\"\" srcset=\"https:\/\/marcinkrokowski.com\/wp-content\/uploads\/2026\/01\/Fotograf-na-forum-ekonomii-spolecznej-131.jpg 1080w, https:\/\/marcinkrokowski.com\/wp-content\/uploads\/2026\/01\/Fotograf-na-forum-ekonomii-spolecznej-131-900x598.jpg 900w, https:\/\/marcinkrokowski.com\/wp-content\/uploads\/2026\/01\/Fotograf-na-forum-ekonomii-spolecznej-131-450x299.jpg 450w, https:\/\/marcinkrokowski.com\/wp-content\/uploads\/2026\/01\/Fotograf-na-forum-ekonomii-spolecznej-131-768x511.jpg 768w\" sizes=\"auto, (max-width: 1080px) 100vw, 1080px\" \/><\/figure>\n\n\n\n<figure class=\"wp-block-image size-large\" data-block-type=\"core\"><img loading=\"lazy\" decoding=\"async\" width=\"1080\" height=\"720\" data-id=\"31571\" src=\"https:\/\/marcinkrokowski.com\/wp-content\/uploads\/2026\/01\/Fotograf-na-forum-ekonomii-spolecznej-132.jpg\" alt=\"Eine bunt gemischte Gruppe von Menschen in farbenfroher, halb-formeller Kleidung steht zusammen auf der B&#xFC;hne und singt in Mikrofone. Ein Bildschirm hinter ihnen zeigt einige der Logos und Texte an. \" class=\"wp-image-31571\" title=\"\" srcset=\"https:\/\/marcinkrokowski.com\/wp-content\/uploads\/2026\/01\/Fotograf-na-forum-ekonomii-spolecznej-132.jpg 1080w, https:\/\/marcinkrokowski.com\/wp-content\/uploads\/2026\/01\/Fotograf-na-forum-ekonomii-spolecznej-132-900x600.jpg 900w, https:\/\/marcinkrokowski.com\/wp-content\/uploads\/2026\/01\/Fotograf-na-forum-ekonomii-spolecznej-132-450x300.jpg 450w, https:\/\/marcinkrokowski.com\/wp-content\/uploads\/2026\/01\/Fotograf-na-forum-ekonomii-spolecznej-132-768x512.jpg 768w\" sizes=\"auto, (max-width: 1080px) 100vw, 1080px\" \/><\/figure>\n\n\n\n<figure class=\"wp-block-image size-large\" data-block-type=\"core\"><img loading=\"lazy\" decoding=\"async\" width=\"1080\" height=\"720\" data-id=\"31572\" src=\"https:\/\/marcinkrokowski.com\/wp-content\/uploads\/2026\/01\/Fotograf-na-forum-ekonomii-spolecznej-133.jpg\" alt=\"Eine Frau singt auf der B&#xFC;hne in ein Mikrofon, umgeben von einem bunten Chor. Die Gruppe steht vor einem gro&#xDF;en Bildschirm, auf dem die Worte &#039;QUALITY SIGN 2024&#039; mit blauen und gelben Grafiken zu sehen sind. \" class=\"wp-image-31572\" title=\"\" srcset=\"https:\/\/marcinkrokowski.com\/wp-content\/uploads\/2026\/01\/Fotograf-na-forum-ekonomii-spolecznej-133.jpg 1080w, https:\/\/marcinkrokowski.com\/wp-content\/uploads\/2026\/01\/Fotograf-na-forum-ekonomii-spolecznej-133-900x600.jpg 900w, https:\/\/marcinkrokowski.com\/wp-content\/uploads\/2026\/01\/Fotograf-na-forum-ekonomii-spolecznej-133-450x300.jpg 450w, https:\/\/marcinkrokowski.com\/wp-content\/uploads\/2026\/01\/Fotograf-na-forum-ekonomii-spolecznej-133-768x512.jpg 768w\" sizes=\"auto, (max-width: 1080px) 100vw, 1080px\" \/><\/figure>\n\n\n\n<figure class=\"wp-block-image size-large\" data-block-type=\"core\"><img loading=\"lazy\" decoding=\"async\" width=\"1080\" height=\"720\" data-id=\"31573\" src=\"https:\/\/marcinkrokowski.com\/wp-content\/uploads\/2026\/01\/Fotograf-na-forum-ekonomii-spolecznej-134.jpg\" alt=\"Zwei Frauen umarmen sich herzlich im Vordergrund w&#xE4;hrend einer Zimmerparty, w&#xE4;hrend andere Leute im Hintergrund stehen und sich unterhalten. Hinter ihnen ist ein gro&#xDF;es, teilweise sichtbares Schild zu sehen. \" class=\"wp-image-31573\" title=\"\" srcset=\"https:\/\/marcinkrokowski.com\/wp-content\/uploads\/2026\/01\/Fotograf-na-forum-ekonomii-spolecznej-134.jpg 1080w, https:\/\/marcinkrokowski.com\/wp-content\/uploads\/2026\/01\/Fotograf-na-forum-ekonomii-spolecznej-134-900x600.jpg 900w, https:\/\/marcinkrokowski.com\/wp-content\/uploads\/2026\/01\/Fotograf-na-forum-ekonomii-spolecznej-134-450x300.jpg 450w, https:\/\/marcinkrokowski.com\/wp-content\/uploads\/2026\/01\/Fotograf-na-forum-ekonomii-spolecznej-134-768x512.jpg 768w\" sizes=\"auto, (max-width: 1080px) 100vw, 1080px\" \/><\/figure>\n\n\n\n<figure class=\"wp-block-image size-large\" data-block-type=\"core\"><img loading=\"lazy\" decoding=\"async\" width=\"1080\" height=\"720\" data-id=\"31574\" src=\"https:\/\/marcinkrokowski.com\/wp-content\/uploads\/2026\/01\/Fotograf-na-forum-ekonomii-spolecznej-135.jpg\" alt=\"Eine gro&#xDF;e Gruppe von Menschen posiert zusammen in einem Raum, viele von ihnen halten Urkunden oder Auszeichnungen in der Hand. Hinter ihnen ist ein Bildschirm mit der Aufschrift &#039;SOCIAL AWARDS&#039; zu sehen. Es sieht aus wie eine Preisverleihung oder eine offizielle Veranstaltung.  \" class=\"wp-image-31574\" title=\"\" srcset=\"https:\/\/marcinkrokowski.com\/wp-content\/uploads\/2026\/01\/Fotograf-na-forum-ekonomii-spolecznej-135.jpg 1080w, https:\/\/marcinkrokowski.com\/wp-content\/uploads\/2026\/01\/Fotograf-na-forum-ekonomii-spolecznej-135-900x600.jpg 900w, https:\/\/marcinkrokowski.com\/wp-content\/uploads\/2026\/01\/Fotograf-na-forum-ekonomii-spolecznej-135-450x300.jpg 450w, https:\/\/marcinkrokowski.com\/wp-content\/uploads\/2026\/01\/Fotograf-na-forum-ekonomii-spolecznej-135-768x512.jpg 768w\" sizes=\"auto, (max-width: 1080px) 100vw, 1080px\" \/><\/figure>\n\n\n\n\n<\/figure>\n<\/div><\/div><\/div>\n<\/div><\/div>\n\n<p class=\"wp-block-paragraph\" data-block-type=\"core\"><\/p>\n","protected":false},"excerpt":{"rendered":"<p>Professionelle Fotografie f\u00fcr ein Expertenforum. Sehen Sie, wie ich Veranstaltungen im \u00f6ffentlichen Sektor dokumentiere und fertiges PR-Material in Rekordzeit liefere. <\/p>\n","protected":false},"author":1,"featured_media":31582,"parent":0,"comment_status":"closed","ping_status":"closed","template":"","kategoria_portfolio":[64,60],"class_list":["post-31581","portfolio","type-portfolio","status-publish","has-post-thumbnail","hentry","kategoria_portfolio-konferenzen","kategoria_portfolio-kultur-und-kunst","infinite-scroll-item","generate-columns","tablet-grid-50","mobile-grid-100","grid-parent","grid-33"],"_links":{"self":[{"href":"https:\/\/marcinkrokowski.com\/de\/wp-json\/wp\/v2\/portfolio\/31581","targetHints":{"allow":["GET"]}}],"collection":[{"href":"https:\/\/marcinkrokowski.com\/de\/wp-json\/wp\/v2\/portfolio"}],"about":[{"href":"https:\/\/marcinkrokowski.com\/de\/wp-json\/wp\/v2\/types\/portfolio"}],"author":[{"embeddable":true,"href":"https:\/\/marcinkrokowski.com\/de\/wp-json\/wp\/v2\/users\/1"}],"replies":[{"embeddable":true,"href":"https:\/\/marcinkrokowski.com\/de\/wp-json\/wp\/v2\/comments?post=31581"}],"version-history":[{"count":1,"href":"https:\/\/marcinkrokowski.com\/de\/wp-json\/wp\/v2\/portfolio\/31581\/revisions"}],"predecessor-version":[{"id":35779,"href":"https:\/\/marcinkrokowski.com\/de\/wp-json\/wp\/v2\/portfolio\/31581\/revisions\/35779"}],"wp:featuredmedia":[{"embeddable":true,"href":"https:\/\/marcinkrokowski.com\/de\/wp-json\/wp\/v2\/media\/31582"}],"wp:attachment":[{"href":"https:\/\/marcinkrokowski.com\/de\/wp-json\/wp\/v2\/media?parent=31581"}],"wp:term":[{"taxonomy":"kategoria_portfolio","embeddable":true,"href":"https:\/\/marcinkrokowski.com\/de\/wp-json\/wp\/v2\/kategoria_portfolio?post=31581"}],"curies":[{"name":"wp","href":"https:\/\/api.w.org\/{rel}","templated":true}]}}