{"id":25983,"date":"2022-08-03T18:45:00","date_gmt":"2022-08-03T16:45:00","guid":{"rendered":"https:\/\/marcinkrokowski.com\/portfolio\/blisko-konferenz-in-gdynia\/"},"modified":"2026-08-15T18:04:22","modified_gmt":"2026-08-15T16:04:22","slug":"blisko-konferenz-in-gdynia","status":"publish","type":"portfolio","link":"https:\/\/marcinkrokowski.com\/de\/portfolio\/blisko-konferenz-in-gdynia\/","title":{"rendered":"BLISKO-Konferenz in Gdynia"},"content":{"rendered":"\n<p class=\"wp-block-paragraph\" data-block-type=\"core\">Der 7. und 8. Juni 2022 waren f\u00fcr mich etwas Besonderes. Ich nahm als Veranstaltungsfotograf an der BLISKO-Konferenz in Gdynia teil, die sich an Bibliothekare und Bibliothekarinnen aus ganz Polen richtete. Die Teilnehmer waren Teilnehmer des BLISKO-Stipendienwettbewerbs, der vom <a href=\"https:\/\/www.nck.pl\/\" target=\"_blank\" rel=\"noopener\">Nationalen Zentrum f\u00fcr Kultur<\/a> im Rahmen von #NPRCz 2.0 organisiert und von der <a href=\"https:\/\/bibliotekagdynia.pl\/pl\" target=\"_blank\" rel=\"noopener\">Stadtbibliothek Gdynia<\/a> mitorganisiert wurde.   <\/p>\n\n<figure class=\"wp-block-image size-large\" data-block-type=\"core\"><img loading=\"lazy\" decoding=\"async\" width=\"1200\" height=\"800\" src=\"https:\/\/marcinkrokowski.com\/wp-content\/uploads\/2023\/02\/Fotorelacja-z-konferencji-BLISKO-w-Gdyni-1-1200x800.jpg\" alt=\"Eine Gruppe von Frauen steht um einen Tisch herum, der aussieht wie ein Registrierungs- oder Check-in-Bereich f&#xFC;r die Veranstaltung. Einige sehen sich Ausweise und Schl&#xFC;sselb&#xE4;nder an, andere pr&#xFC;fen Dokumente. Sie befinden sich in einem modernen Bereich mit heller Beleuchtung, perfekt f&#xFC;r jeden Eventfotografen warszawa oder Eventfotografen.  \" class=\"wp-image-8053\" title=\"\" srcset=\"https:\/\/marcinkrokowski.com\/wp-content\/uploads\/2023\/02\/Fotorelacja-z-konferencji-BLISKO-w-Gdyni-1-1200x800.jpg 1200w, https:\/\/marcinkrokowski.com\/wp-content\/uploads\/2023\/02\/Fotorelacja-z-konferencji-BLISKO-w-Gdyni-1-900x600.jpg 900w, https:\/\/marcinkrokowski.com\/wp-content\/uploads\/2023\/02\/Fotorelacja-z-konferencji-BLISKO-w-Gdyni-1-450x300.jpg 450w, https:\/\/marcinkrokowski.com\/wp-content\/uploads\/2023\/02\/Fotorelacja-z-konferencji-BLISKO-w-Gdyni-1.jpg 1920w\" sizes=\"auto, (max-width: 1200px) 100vw, 1200px\" \/><\/figure>\n\n\n\n<h2 class=\"wp-block-heading\" data-block-type=\"core\">Erster Tag<\/h2>\n\n<p class=\"wp-block-paragraph\" data-block-type=\"core\">Der erste Tag der Konferenz fand im <strong><a href=\"https:\/\/gcf.org.pl\" target=\"_blank\" rel=\"noopener\">Gdingener Filmzentrum<\/a><\/strong> statt und war voll von interessanten Veranstaltungen. Auf dem Programm standen unter anderem Podiumsdiskussionen \u00fcber die S\u00e4ulen des &#8218;Dritten Ortes&#8216; und die Nutzung von Forschungsergebnissen bei der Gestaltung des Angebots einer Institution. W\u00e4hrend des Networking-Workshops hatten die Teilnehmer die M\u00f6glichkeit, Erfahrungen auszutauschen und potenzielle Kooperationen aufzubauen. Ich als Fotograf hatte die Gelegenheit, all diese besonderen Momente festzuhalten.   <\/p>\n\n<figure class=\"wp-block-image size-medium\" data-block-type=\"core\"><img loading=\"lazy\" decoding=\"async\" width=\"900\" height=\"1350\" src=\"https:\/\/marcinkrokowski.com\/wp-content\/uploads\/2023\/02\/Fotorelacja-z-konferencji-BLISKO-w-Gdyni-2-900x1350.jpg\" alt=\"Eine Frau mit schwarzem Hemd und rotem Schl&#xFC;sselband hilft einer anderen Person an einem bunten Stand. Der Stand, der in einem Fotoessay von der Veranstaltung festgehalten wurde, hat leuchtende Tafeln in Orange, Blau und Gr&#xFC;n, auf denen teilweise Text zu sehen ist. Auf der Tischplatte stehen eine offene Schachtel und weitere Schl&#xFC;sselb&#xE4;nder.  \" class=\"wp-image-8054\" title=\"\" srcset=\"https:\/\/marcinkrokowski.com\/wp-content\/uploads\/2023\/02\/Fotorelacja-z-konferencji-BLISKO-w-Gdyni-2-900x1350.jpg 900w, https:\/\/marcinkrokowski.com\/wp-content\/uploads\/2023\/02\/Fotorelacja-z-konferencji-BLISKO-w-Gdyni-2-1200x1800.jpg 1200w, https:\/\/marcinkrokowski.com\/wp-content\/uploads\/2023\/02\/Fotorelacja-z-konferencji-BLISKO-w-Gdyni-2-450x675.jpg 450w, https:\/\/marcinkrokowski.com\/wp-content\/uploads\/2023\/02\/Fotorelacja-z-konferencji-BLISKO-w-Gdyni-2.jpg 1280w\" sizes=\"auto, (max-width: 900px) 100vw, 900px\" \/><\/figure>\n\n\n\n<h2 class=\"wp-block-heading\" data-block-type=\"core\">Zweiter Tag<\/h2>\n\n<p class=\"wp-block-paragraph\" data-block-type=\"core\">Der zweite Tag war ebenso intensiv. Die Teilnehmer nahmen an 6 parallelen Service Design Workshops teil, kombiniert mit Studienbesuchen in den Zweigstellen der Stadtbibliothek von Gdynia und dem   <strong><a href=\"https:\/\/www.bibliotekarumia.pl\" target=\"_blank\" rel=\"noopener\">Stacja Kultura &#8211; eine Zweigstelle der st\u00e4dtischen \u00f6ffentlichen Bibliothek Florian Ceynowa in Rumia <\/a><\/strong>. F\u00fcr mich als Fotografin war es eine gro\u00dfartige Erfahrung, diese Momente und die Atmosph\u00e4re der Konferenz einzufangen, was sehr inspirierend war.<\/p>\n\n<p class=\"wp-block-paragraph\" data-block-type=\"core\">Die BLISKO-Konferenz war Teil der Schulungsunterst\u00fctzung f\u00fcr die Teilnehmer des F\u00f6rderwettbewerbs und wurde vom Ministerium f\u00fcr Kultur und Nationales Erbe im Rahmen der Umsetzung des Nationalen Lesef\u00f6rderungsprogramms 2.0 f\u00fcr 2021-2025 kofinanziert.  <\/p>\n\n<h2 class=\"wp-block-heading\" data-block-type=\"core\">Studienbesuche<\/h2>\n\n<p class=\"wp-block-paragraph\" data-block-type=\"core\">Am zweiten Tag der BLISKO-Konferenz hatten die Teilnehmer die M\u00f6glichkeit, an 6 parallelen Service Design-Workshops teilzunehmen, deren Themen sich auf die Gestaltung des Bibliotheksangebots f\u00fcr verschiedene Publikumsgruppen konzentrierten. Im Rahmen dieser Workshops besuchten die Teilnehmer Zweigstellen der St\u00e4dtischen \u00d6ffentlichen Bibliothek Gdynia und Stacja Kultura &#8211; eine Zweigstelle der St\u00e4dtischen \u00d6ffentlichen Bibliothek Florian Ceynowy in Rumia.  <\/p>\n\n<figure class=\"wp-block-image size-large\" data-block-type=\"core\"><img loading=\"lazy\" decoding=\"async\" width=\"1200\" height=\"800\" src=\"https:\/\/marcinkrokowski.com\/wp-content\/uploads\/2023\/02\/Fotorelacja-z-konferencji-BLISKO-w-Gdyni-124-1200x800.jpg\" alt=\"Eine Frau mit Brille und braunem Haar schreibt auf eine gro&#xDF;e Karte, die auf einer Tafel mit der Aufschrift &#039;Nationales Lesef&#xF6;rderungsprogramm 2.0&#039; angebracht ist. Die Karte ist mit bunten Markierungen und Namen versehen, die auf die verschiedenen Orte hinweisen. Sie wurde von einem Eventfotografen in Warszawa lebendig eingefangen, so dass jedes Detail erhalten bleibt. \" class=\"wp-image-8176\" title=\"\" srcset=\"https:\/\/marcinkrokowski.com\/wp-content\/uploads\/2023\/02\/Fotorelacja-z-konferencji-BLISKO-w-Gdyni-124-1200x800.jpg 1200w, https:\/\/marcinkrokowski.com\/wp-content\/uploads\/2023\/02\/Fotorelacja-z-konferencji-BLISKO-w-Gdyni-124-900x600.jpg 900w, https:\/\/marcinkrokowski.com\/wp-content\/uploads\/2023\/02\/Fotorelacja-z-konferencji-BLISKO-w-Gdyni-124-450x300.jpg 450w, https:\/\/marcinkrokowski.com\/wp-content\/uploads\/2023\/02\/Fotorelacja-z-konferencji-BLISKO-w-Gdyni-124.jpg 1920w\" sizes=\"auto, (max-width: 1200px) 100vw, 1200px\" \/><\/figure>\n\n\n\n<h2 class=\"wp-block-heading\" data-block-type=\"core\">Fotoreportage von der Konferenz<\/h2>\n\n<p class=\"wp-block-paragraph\" data-block-type=\"core\">Als <strong><a href=\"https:\/\/marcinkrokowski.com\/de\/eventfotografie-fuer-unternehmen\/\" data-type=\"page\" data-id=\"40\">Veranstaltungsfotograf<\/a><\/strong>auf der BLISKO-Konferenz in Gdynia hatte ich die Gelegenheit, nicht nur die Konferenz selbst, sondern auch die Momente des gegenseitigen Erfahrungsaustauschs und der Integration der Teilnehmer auf Fotos zu verewigen. Die Konferenz war eine hervorragende Gelegenheit, sich weiterzubilden und neue Kontakte zu kn\u00fcpfen sowie neue L\u00f6sungen und Trends in der Bibliotheksbranche kennenzulernen. <\/p>\n\n<figure class=\"wp-block-image size-large\" data-block-type=\"core\"><img loading=\"lazy\" decoding=\"async\" width=\"1200\" height=\"800\" src=\"https:\/\/marcinkrokowski.com\/wp-content\/uploads\/2023\/02\/Fotorelacja-z-konferencji-BLISKO-w-Gdyni-3-1200x800.jpg\" alt=\"Ein schwarzes Mikrofon steht auf einem runden Tisch, umgeben von mehreren klaren Glaswasserflaschen. Im Hintergrund stehen drei t&#xFC;rkisfarbene St&#xFC;hle, die auf eine Podiumsdiskussion oder ein Interview hindeuten. Der Fotograf hat alles perfekt eingefangen. \" class=\"wp-image-8055\" title=\"\" srcset=\"https:\/\/marcinkrokowski.com\/wp-content\/uploads\/2023\/02\/Fotorelacja-z-konferencji-BLISKO-w-Gdyni-3-1200x800.jpg 1200w, https:\/\/marcinkrokowski.com\/wp-content\/uploads\/2023\/02\/Fotorelacja-z-konferencji-BLISKO-w-Gdyni-3-900x600.jpg 900w, https:\/\/marcinkrokowski.com\/wp-content\/uploads\/2023\/02\/Fotorelacja-z-konferencji-BLISKO-w-Gdyni-3-450x300.jpg 450w, https:\/\/marcinkrokowski.com\/wp-content\/uploads\/2023\/02\/Fotorelacja-z-konferencji-BLISKO-w-Gdyni-3.jpg 1920w\" sizes=\"auto, (max-width: 1200px) 100vw, 1200px\" \/><\/figure>\n\n\n\n<p class=\"wp-block-paragraph\" data-block-type=\"core\">Ich bin sehr stolz darauf, dass ich die Gelegenheit hatte, an einer so wertvollen Veranstaltung teilzunehmen und ihre unvergesslichen Momente in Fotos festzuhalten, die Teil meines Portfolios als Eventfotograf werden.<\/p>\n\n<h2 class=\"wp-block-heading\" data-block-type=\"core\">Fotos vom ersten Tag der Konferenz<\/h2>\n\n<figure class=\"wp-block-gallery has-nested-images columns-default is-cropped wp-block-gallery-1 is-layout-flex wp-block-gallery-is-layout-flex\" data-block-type=\"core\">\n<figure class=\"wp-block-image size-large\" data-block-type=\"core\"><img loading=\"lazy\" decoding=\"async\" width=\"1200\" height=\"800\" data-id=\"8177\" src=\"https:\/\/marcinkrokowski.com\/wp-content\/uploads\/2023\/02\/Fotorelacja-z-konferencji-BLISKO-w-Gdyni-125-1200x800.jpg\" alt=\"In einem Konferenzraum, in dem das Publikum mit Blick auf die B&#xFC;hne sitzt, sind f&#xFC;nf t&#xFC;rkisfarbene St&#xFC;hle neben dem Podium aufgestellt, auf dem der Redner steht. Dahinter wird das &#039;Nationale Programm f&#xFC;r die Entwicklung des Lesens 2.0&#039; auf einem gro&#xDF;en Bildschirm angezeigt, zusammen mit farbenfrohen abstrakten Motiven, die sich ideal f&#xFC;r die Fotoreportage der Veranstaltung durch jeden Veranstaltungsfotografen eignen. \" class=\"wp-image-8177\" title=\"\" srcset=\"https:\/\/marcinkrokowski.com\/wp-content\/uploads\/2023\/02\/Fotorelacja-z-konferencji-BLISKO-w-Gdyni-125-1200x800.jpg 1200w, https:\/\/marcinkrokowski.com\/wp-content\/uploads\/2023\/02\/Fotorelacja-z-konferencji-BLISKO-w-Gdyni-125-900x600.jpg 900w, https:\/\/marcinkrokowski.com\/wp-content\/uploads\/2023\/02\/Fotorelacja-z-konferencji-BLISKO-w-Gdyni-125-450x300.jpg 450w, https:\/\/marcinkrokowski.com\/wp-content\/uploads\/2023\/02\/Fotorelacja-z-konferencji-BLISKO-w-Gdyni-125.jpg 1920w\" sizes=\"auto, (max-width: 1200px) 100vw, 1200px\" \/><\/figure>\n\n\n\n<figure class=\"wp-block-image size-large\" data-block-type=\"core\"><img loading=\"lazy\" decoding=\"async\" width=\"1200\" height=\"800\" data-id=\"8056\" src=\"https:\/\/marcinkrokowski.com\/wp-content\/uploads\/2023\/02\/Fotorelacja-z-konferencji-BLISKO-w-Gdyni-4-1200x800.jpg\" alt=\"Eine Person sitzt im Zuschauerraum und h&#xE4;lt einen Block Papier mit einer Cartoon-Illustration und den Worten &#039;PLAYGO&#039; in der Hand. Ein roter Stift ist an der Tafel befestigt. Die Person, die vermutlich als Fotograf aus Warschau an der Veranstaltung teilnimmt, tr&#xE4;gt ein schwarzes Oberteil und eine gebl&#xFC;mte Hose, und andere Teilnehmer sitzen in der N&#xE4;he.  \" class=\"wp-image-8056\" title=\"\" srcset=\"https:\/\/marcinkrokowski.com\/wp-content\/uploads\/2023\/02\/Fotorelacja-z-konferencji-BLISKO-w-Gdyni-4-1200x800.jpg 1200w, https:\/\/marcinkrokowski.com\/wp-content\/uploads\/2023\/02\/Fotorelacja-z-konferencji-BLISKO-w-Gdyni-4-900x600.jpg 900w, https:\/\/marcinkrokowski.com\/wp-content\/uploads\/2023\/02\/Fotorelacja-z-konferencji-BLISKO-w-Gdyni-4-450x300.jpg 450w, https:\/\/marcinkrokowski.com\/wp-content\/uploads\/2023\/02\/Fotorelacja-z-konferencji-BLISKO-w-Gdyni-4.jpg 1920w\" sizes=\"auto, (max-width: 1200px) 100vw, 1200px\" \/><\/figure>\n\n\n\n<figure class=\"wp-block-image size-large\" data-block-type=\"core\"><img loading=\"lazy\" decoding=\"async\" width=\"1200\" height=\"800\" data-id=\"8058\" src=\"https:\/\/marcinkrokowski.com\/wp-content\/uploads\/2023\/02\/Fotorelacja-z-konferencji-BLISKO-w-Gdyni-6-1200x800.jpg\" alt=\"Eine Gruppe von vier Personen unterh&#xE4;lt sich. Ein Mann im Anzug spricht in ein Mikrofon, w&#xE4;hrend eine Frau und ein weiterer Mann, beide mit Schl&#xFC;sselb&#xE4;ndern, aufmerksam zuh&#xF6;ren. Der Eventfotograf warsaw hat den Moment eingefangen, in dem die vierte Person, die nur teilweise sichtbar ist, rechts steht.  \" class=\"wp-image-8058\" title=\"\" srcset=\"https:\/\/marcinkrokowski.com\/wp-content\/uploads\/2023\/02\/Fotorelacja-z-konferencji-BLISKO-w-Gdyni-6-1200x800.jpg 1200w, https:\/\/marcinkrokowski.com\/wp-content\/uploads\/2023\/02\/Fotorelacja-z-konferencji-BLISKO-w-Gdyni-6-900x600.jpg 900w, https:\/\/marcinkrokowski.com\/wp-content\/uploads\/2023\/02\/Fotorelacja-z-konferencji-BLISKO-w-Gdyni-6-450x300.jpg 450w, https:\/\/marcinkrokowski.com\/wp-content\/uploads\/2023\/02\/Fotorelacja-z-konferencji-BLISKO-w-Gdyni-6.jpg 1920w\" sizes=\"auto, (max-width: 1200px) 100vw, 1200px\" \/><\/figure>\n\n\n\n<figure class=\"wp-block-image size-large\" data-block-type=\"core\"><img loading=\"lazy\" decoding=\"async\" width=\"1200\" height=\"800\" data-id=\"8059\" src=\"https:\/\/marcinkrokowski.com\/wp-content\/uploads\/2023\/02\/Fotorelacja-z-konferencji-BLISKO-w-Gdyni-7-1200x800.jpg\" alt=\"Eine bunt gemischte Gruppe von Menschen sitzt im Auditorium und h&#xF6;rt der Pr&#xE4;sentation aufmerksam zu. Die Zuh&#xF6;rer sind aller Altersgruppen und wirken engagiert, manchmal klatschen sie. Diese Fotoreportage der Veranstaltung f&#xE4;ngt die Atmosph&#xE4;re perfekt ein und l&#xE4;sst auf eine gut organisierte Konferenz oder ein Seminar schlie&#xDF;en.  \" class=\"wp-image-8059\" title=\"\" srcset=\"https:\/\/marcinkrokowski.com\/wp-content\/uploads\/2023\/02\/Fotorelacja-z-konferencji-BLISKO-w-Gdyni-7-1200x800.jpg 1200w, https:\/\/marcinkrokowski.com\/wp-content\/uploads\/2023\/02\/Fotorelacja-z-konferencji-BLISKO-w-Gdyni-7-900x600.jpg 900w, https:\/\/marcinkrokowski.com\/wp-content\/uploads\/2023\/02\/Fotorelacja-z-konferencji-BLISKO-w-Gdyni-7-450x300.jpg 450w, https:\/\/marcinkrokowski.com\/wp-content\/uploads\/2023\/02\/Fotorelacja-z-konferencji-BLISKO-w-Gdyni-7.jpg 1920w\" sizes=\"auto, (max-width: 1200px) 100vw, 1200px\" \/><\/figure>\n\n\n\n<figure class=\"wp-block-image size-large\" data-block-type=\"core\"><img loading=\"lazy\" decoding=\"async\" width=\"1200\" height=\"800\" data-id=\"8060\" src=\"https:\/\/marcinkrokowski.com\/wp-content\/uploads\/2023\/02\/Fotorelacja-z-konferencji-BLISKO-w-Gdyni-8-1200x800.jpg\" alt=\"Eine Gruppe von vier Personen steht auf der B&#xFC;hne vor dem Publikum. Eine Person spricht und h&#xE4;lt ein Mikrofon in der Hand. Auf der B&#xFC;hne stehen ein blauer Sessel und ein kleiner runder Tisch, hinter denen ein Bildschirm mit gro&#xDF;en Buchstaben zu sehen ist. Ein Event-Fotograf f&#xE4;ngt den Moment ein, w&#xE4;hrend das Publikum gebannt zusieht.   \" class=\"wp-image-8060\" title=\"\" srcset=\"https:\/\/marcinkrokowski.com\/wp-content\/uploads\/2023\/02\/Fotorelacja-z-konferencji-BLISKO-w-Gdyni-8-1200x800.jpg 1200w, https:\/\/marcinkrokowski.com\/wp-content\/uploads\/2023\/02\/Fotorelacja-z-konferencji-BLISKO-w-Gdyni-8-900x600.jpg 900w, https:\/\/marcinkrokowski.com\/wp-content\/uploads\/2023\/02\/Fotorelacja-z-konferencji-BLISKO-w-Gdyni-8-450x300.jpg 450w, https:\/\/marcinkrokowski.com\/wp-content\/uploads\/2023\/02\/Fotorelacja-z-konferencji-BLISKO-w-Gdyni-8.jpg 1920w\" sizes=\"auto, (max-width: 1200px) 100vw, 1200px\" \/><\/figure>\n\n\n\n<figure class=\"wp-block-image size-large\" data-block-type=\"core\"><img loading=\"lazy\" decoding=\"async\" width=\"1200\" height=\"800\" data-id=\"8179\" src=\"https:\/\/marcinkrokowski.com\/wp-content\/uploads\/2023\/02\/Fotorelacja-z-konferencji-BLISKO-w-Gdyni-127-1200x800.jpg\" alt=\"Das gro&#xDF;e Publikum sitzt in Reihenbestuhlung und beobachtet aufmerksam den Redner, der sich au&#xDF;erhalb des Bildes befindet. Viele Teilnehmer machen sich Notizen und das Publikum ist in Bezug auf Alter und Aussehen bunt gemischt. Die Umgebung erinnert an einen H&#xF6;rsaal oder ein Auditorium mit ged&#xE4;mpfter Beleuchtung, ideal f&#xFC;r detaillierte Aufnahmen der Veranstaltung.  \" class=\"wp-image-8179\" title=\"\" srcset=\"https:\/\/marcinkrokowski.com\/wp-content\/uploads\/2023\/02\/Fotorelacja-z-konferencji-BLISKO-w-Gdyni-127-1200x800.jpg 1200w, https:\/\/marcinkrokowski.com\/wp-content\/uploads\/2023\/02\/Fotorelacja-z-konferencji-BLISKO-w-Gdyni-127-900x600.jpg 900w, https:\/\/marcinkrokowski.com\/wp-content\/uploads\/2023\/02\/Fotorelacja-z-konferencji-BLISKO-w-Gdyni-127-450x300.jpg 450w, https:\/\/marcinkrokowski.com\/wp-content\/uploads\/2023\/02\/Fotorelacja-z-konferencji-BLISKO-w-Gdyni-127.jpg 1920w\" sizes=\"auto, (max-width: 1200px) 100vw, 1200px\" \/><\/figure>\n\n\n\n<figure class=\"wp-block-image size-large\" data-block-type=\"core\"><img loading=\"lazy\" decoding=\"async\" width=\"1200\" height=\"800\" data-id=\"8061\" src=\"https:\/\/marcinkrokowski.com\/wp-content\/uploads\/2023\/02\/Fotorelacja-z-konferencji-BLISKO-w-Gdyni-9-1200x800.jpg\" alt=\"Eine bunt gemischte Gruppe von Menschen, meist Frauen, sitzt in den Reihen eines Theaters oder H&#xF6;rsaals. Sie h&#xF6;ren aufmerksam zu und l&#xE4;cheln, um zu zeigen, dass sie sich f&#xFC;r den Vortrag oder die Veranstaltung interessieren. Der Hintergrund ist schwach beleuchtet und konzentriert sich auf das Publikum - die perfekte B&#xFC;hne f&#xFC;r eine Fotoreportage einer Veranstaltung durch einen Fotografen aus Warschau.  \" class=\"wp-image-8061\" title=\"\" srcset=\"https:\/\/marcinkrokowski.com\/wp-content\/uploads\/2023\/02\/Fotorelacja-z-konferencji-BLISKO-w-Gdyni-9-1200x800.jpg 1200w, https:\/\/marcinkrokowski.com\/wp-content\/uploads\/2023\/02\/Fotorelacja-z-konferencji-BLISKO-w-Gdyni-9-900x600.jpg 900w, https:\/\/marcinkrokowski.com\/wp-content\/uploads\/2023\/02\/Fotorelacja-z-konferencji-BLISKO-w-Gdyni-9-450x300.jpg 450w, https:\/\/marcinkrokowski.com\/wp-content\/uploads\/2023\/02\/Fotorelacja-z-konferencji-BLISKO-w-Gdyni-9.jpg 1920w\" sizes=\"auto, (max-width: 1200px) 100vw, 1200px\" \/><\/figure>\n\n\n\n<figure class=\"wp-block-image size-large\" data-block-type=\"core\"><img loading=\"lazy\" decoding=\"async\" width=\"1200\" height=\"800\" data-id=\"8180\" src=\"https:\/\/marcinkrokowski.com\/wp-content\/uploads\/2023\/02\/Fotorelacja-z-konferencji-BLISKO-w-Gdyni-128-1200x800.jpg\" alt=\"Eine gro&#xDF;e Gruppe von Menschen sitzt in einem Auditorium mit abgestuften Sitzreihen und blickt nach vorne. Viele Menschen l&#xE4;cheln oder lachen, wodurch eine lebhafte und einnehmende Atmosph&#xE4;re entsteht. Das Publikum besteht aus einer Vielzahl von Menschen unterschiedlichen Alters und unterschiedlicher Herkunft, die alle von dem Fotografen bei der Veranstaltung in Warschau wundersch&#xF6;n eingefangen wurden.  \" class=\"wp-image-8180\" title=\"\" srcset=\"https:\/\/marcinkrokowski.com\/wp-content\/uploads\/2023\/02\/Fotorelacja-z-konferencji-BLISKO-w-Gdyni-128-1200x800.jpg 1200w, https:\/\/marcinkrokowski.com\/wp-content\/uploads\/2023\/02\/Fotorelacja-z-konferencji-BLISKO-w-Gdyni-128-900x600.jpg 900w, https:\/\/marcinkrokowski.com\/wp-content\/uploads\/2023\/02\/Fotorelacja-z-konferencji-BLISKO-w-Gdyni-128-450x300.jpg 450w, https:\/\/marcinkrokowski.com\/wp-content\/uploads\/2023\/02\/Fotorelacja-z-konferencji-BLISKO-w-Gdyni-128.jpg 1920w\" sizes=\"auto, (max-width: 1200px) 100vw, 1200px\" \/><\/figure>\n\n\n<\/figure>\n\n<figure class=\"wp-block-gallery has-nested-images columns-default is-cropped wp-block-gallery-2 is-layout-flex wp-block-gallery-is-layout-flex\" data-block-type=\"core\">\n<figure class=\"wp-block-image size-large\" data-block-type=\"core\"><img loading=\"lazy\" decoding=\"async\" width=\"1200\" height=\"800\" data-id=\"8062\" src=\"https:\/\/marcinkrokowski.com\/wp-content\/uploads\/2023\/02\/Fotorelacja-z-konferencji-BLISKO-w-Gdyni-10-1200x800.jpg\" alt=\"W&#xE4;hrend der Podiumsdiskussionen sitzen f&#xFC;nf Frauen auf der B&#xFC;hne, in t&#xFC;rkisfarbenen St&#xFC;hlen, vor denen ein kleiner Tisch steht. Hinter ihnen befindet sich eine gro&#xDF;e Leinwand, auf die &#xDC;bersichtssymbole projiziert werden. Das Publikum ist im Vordergrund zu sehen und die gesamte Szene wurde von dem Fotografen der Veranstaltung wundersch&#xF6;n eingefangen, so dass jeder Moment dokumentiert ist.  \" class=\"wp-image-8062\" title=\"\" srcset=\"https:\/\/marcinkrokowski.com\/wp-content\/uploads\/2023\/02\/Fotorelacja-z-konferencji-BLISKO-w-Gdyni-10-1200x800.jpg 1200w, https:\/\/marcinkrokowski.com\/wp-content\/uploads\/2023\/02\/Fotorelacja-z-konferencji-BLISKO-w-Gdyni-10-900x600.jpg 900w, https:\/\/marcinkrokowski.com\/wp-content\/uploads\/2023\/02\/Fotorelacja-z-konferencji-BLISKO-w-Gdyni-10-450x300.jpg 450w, https:\/\/marcinkrokowski.com\/wp-content\/uploads\/2023\/02\/Fotorelacja-z-konferencji-BLISKO-w-Gdyni-10.jpg 1920w\" sizes=\"auto, (max-width: 1200px) 100vw, 1200px\" \/><\/figure>\n\n\n\n<figure class=\"wp-block-image size-large\" data-block-type=\"core\"><img loading=\"lazy\" decoding=\"async\" width=\"1200\" height=\"800\" data-id=\"8182\" src=\"https:\/\/marcinkrokowski.com\/wp-content\/uploads\/2023\/02\/Fotorelacja-z-konferencji-BLISKO-w-Gdyni-130-1200x800.jpg\" alt=\"Eine Person mit Brille und schulterlangem Haar, wahrscheinlich ein Eventfotograf Warschau, spricht in einem schwach beleuchteten Raum in ein Mikrofon. Sie tr&#xE4;gt ein gemustertes Hemd und h&#xE4;lt ein Buch oder einen Notizblock in der Hand. Die W&#xE4;nde sind mit Akustikpaneelen verkleidet und im Hintergrund ist audiovisuelles Equipment zu sehen.  \" class=\"wp-image-8182\" title=\"\" srcset=\"https:\/\/marcinkrokowski.com\/wp-content\/uploads\/2023\/02\/Fotorelacja-z-konferencji-BLISKO-w-Gdyni-130-1200x800.jpg 1200w, https:\/\/marcinkrokowski.com\/wp-content\/uploads\/2023\/02\/Fotorelacja-z-konferencji-BLISKO-w-Gdyni-130-900x600.jpg 900w, https:\/\/marcinkrokowski.com\/wp-content\/uploads\/2023\/02\/Fotorelacja-z-konferencji-BLISKO-w-Gdyni-130-450x300.jpg 450w, https:\/\/marcinkrokowski.com\/wp-content\/uploads\/2023\/02\/Fotorelacja-z-konferencji-BLISKO-w-Gdyni-130.jpg 1920w\" sizes=\"auto, (max-width: 1200px) 100vw, 1200px\" \/><\/figure>\n\n\n<\/figure>\n\n<figure class=\"wp-block-gallery has-nested-images columns-default is-cropped wp-block-gallery-3 is-layout-flex wp-block-gallery-is-layout-flex\" data-block-type=\"core\">\n<figure class=\"wp-block-image size-medium\" data-block-type=\"core\"><img loading=\"lazy\" decoding=\"async\" width=\"900\" height=\"1350\" data-id=\"8065\" src=\"https:\/\/marcinkrokowski.com\/wp-content\/uploads\/2023\/02\/Fotorelacja-z-konferencji-BLISKO-w-Gdyni-13-900x1350.jpg\" alt=\"Die Frau im Vordergrund, die ein gr&#xFC;nes Kleid tr&#xE4;gt, sitzt inmitten einer Gruppe von Menschen in einem Auditorium. Sie schreibt in ein Notizbuch und l&#xE4;chelt. Andere sitzen um sie herum, einige konzentrieren sich auf ihre Notizen, andere h&#xF6;ren aufmerksam zu - die perfekte Szene f&#xFC;r einen Fotojournalismus durch einen erfahrenen Fotografen auf der Veranstaltung. Der Hintergrund ist leicht unscharf.   \" class=\"wp-image-8065\" title=\"\" srcset=\"https:\/\/marcinkrokowski.com\/wp-content\/uploads\/2023\/02\/Fotorelacja-z-konferencji-BLISKO-w-Gdyni-13-900x1350.jpg 900w, https:\/\/marcinkrokowski.com\/wp-content\/uploads\/2023\/02\/Fotorelacja-z-konferencji-BLISKO-w-Gdyni-13-1200x1800.jpg 1200w, https:\/\/marcinkrokowski.com\/wp-content\/uploads\/2023\/02\/Fotorelacja-z-konferencji-BLISKO-w-Gdyni-13-450x675.jpg 450w, https:\/\/marcinkrokowski.com\/wp-content\/uploads\/2023\/02\/Fotorelacja-z-konferencji-BLISKO-w-Gdyni-13.jpg 1280w\" sizes=\"auto, (max-width: 900px) 100vw, 900px\" \/><\/figure>\n<\/figure>\n\n<figure class=\"wp-block-gallery has-nested-images columns-default is-cropped wp-block-gallery-4 is-layout-flex wp-block-gallery-is-layout-flex\" data-block-type=\"core\">\n<figure class=\"wp-block-image size-large\" data-block-type=\"core\"><img loading=\"lazy\" decoding=\"async\" width=\"1200\" height=\"800\" data-id=\"8066\" src=\"https:\/\/marcinkrokowski.com\/wp-content\/uploads\/2023\/02\/Fotorelacja-z-konferencji-BLISKO-w-Gdyni-14-1200x800.jpg\" alt=\"Vier Personen sitzen in einer inszenierten Podiumsdiskussion. Eine Frau spricht in ein Mikrofon, zwei andere h&#xF6;ren aufmerksam zu. Im Vordergrund befindet sich eine weitere Person, die unscharf ist. Alle haben Wasserflaschen und tragen Konferenzb&#xE4;ndchen. Diese Szene f&#xE4;ngt die Essenz einer ansprechenden Veranstaltung in Warschau ein, perfekt f&#xFC;r einen Eventfotografen Warschau.    \" class=\"wp-image-8066\" title=\"\" srcset=\"https:\/\/marcinkrokowski.com\/wp-content\/uploads\/2023\/02\/Fotorelacja-z-konferencji-BLISKO-w-Gdyni-14-1200x800.jpg 1200w, https:\/\/marcinkrokowski.com\/wp-content\/uploads\/2023\/02\/Fotorelacja-z-konferencji-BLISKO-w-Gdyni-14-900x600.jpg 900w, https:\/\/marcinkrokowski.com\/wp-content\/uploads\/2023\/02\/Fotorelacja-z-konferencji-BLISKO-w-Gdyni-14-450x300.jpg 450w, https:\/\/marcinkrokowski.com\/wp-content\/uploads\/2023\/02\/Fotorelacja-z-konferencji-BLISKO-w-Gdyni-14.jpg 1920w\" sizes=\"auto, (max-width: 1200px) 100vw, 1200px\" \/><\/figure>\n\n\n<\/figure>\n\n<figure class=\"wp-block-gallery has-nested-images columns-default is-cropped wp-block-gallery-5 is-layout-flex wp-block-gallery-is-layout-flex\" data-block-type=\"core\">\n<figure class=\"wp-block-image size-large\" data-block-type=\"core\"><img loading=\"lazy\" decoding=\"async\" width=\"1200\" height=\"800\" data-id=\"8183\" src=\"https:\/\/marcinkrokowski.com\/wp-content\/uploads\/2023\/02\/Fotorelacja-z-konferencji-BLISKO-w-Gdyni-131-1200x800.jpg\" alt=\"Ein Mann in einem wei&#xDF;en Hemd sitzt in einem &#xFC;berf&#xFC;llten Raum und liest einen Zettel mit handschriftlichen Notizen. Auf dem Boden sitzen weitere Menschen, die mit verschiedenen Aktivit&#xE4;ten besch&#xE4;ftigt sind, und im hinteren Teil des Raums steht eine Person, die Momente f&#xFC;r einen Fotoessay eines Fotografen aus Warschau festh&#xE4;lt. \" class=\"wp-image-8183\" title=\"\" srcset=\"https:\/\/marcinkrokowski.com\/wp-content\/uploads\/2023\/02\/Fotorelacja-z-konferencji-BLISKO-w-Gdyni-131-1200x800.jpg 1200w, https:\/\/marcinkrokowski.com\/wp-content\/uploads\/2023\/02\/Fotorelacja-z-konferencji-BLISKO-w-Gdyni-131-900x600.jpg 900w, https:\/\/marcinkrokowski.com\/wp-content\/uploads\/2023\/02\/Fotorelacja-z-konferencji-BLISKO-w-Gdyni-131-450x300.jpg 450w, https:\/\/marcinkrokowski.com\/wp-content\/uploads\/2023\/02\/Fotorelacja-z-konferencji-BLISKO-w-Gdyni-131.jpg 1920w\" sizes=\"auto, (max-width: 1200px) 100vw, 1200px\" \/><\/figure>\n\n\n\n<figure class=\"wp-block-image size-large\" data-block-type=\"core\"><img loading=\"lazy\" decoding=\"async\" width=\"1200\" height=\"800\" data-id=\"8184\" src=\"https:\/\/marcinkrokowski.com\/wp-content\/uploads\/2023\/02\/Fotorelacja-z-konferencji-BLISKO-w-Gdyni-132-1200x800.jpg\" alt=\"Eine bunte Gruppe von Menschen sitzt in einem gro&#xDF;en Raum und blickt aufmerksam nach vorne, um Momente festzuhalten, die sich ideal f&#xFC;r ein Fotoessay &#xFC;ber das Ereignis eignen. Einige Personen sind in ein Gespr&#xE4;ch miteinander vertieft. Die Szenerie erinnert an eine Konferenz oder einen Vortrag, ideal f&#xFC;r jedes fotografische Ereignis.  \" class=\"wp-image-8184\" title=\"\" srcset=\"https:\/\/marcinkrokowski.com\/wp-content\/uploads\/2023\/02\/Fotorelacja-z-konferencji-BLISKO-w-Gdyni-132-1200x800.jpg 1200w, https:\/\/marcinkrokowski.com\/wp-content\/uploads\/2023\/02\/Fotorelacja-z-konferencji-BLISKO-w-Gdyni-132-900x600.jpg 900w, https:\/\/marcinkrokowski.com\/wp-content\/uploads\/2023\/02\/Fotorelacja-z-konferencji-BLISKO-w-Gdyni-132-450x300.jpg 450w, https:\/\/marcinkrokowski.com\/wp-content\/uploads\/2023\/02\/Fotorelacja-z-konferencji-BLISKO-w-Gdyni-132.jpg 1920w\" sizes=\"auto, (max-width: 1200px) 100vw, 1200px\" \/><\/figure>\n\n\n\n<figure class=\"wp-block-image size-large\" data-block-type=\"core\"><img loading=\"lazy\" decoding=\"async\" width=\"1200\" height=\"1800\" data-id=\"8069\" src=\"https:\/\/marcinkrokowski.com\/wp-content\/uploads\/2023\/02\/Fotorelacja-z-konferencji-BLISKO-w-Gdyni-17-1200x1800.jpg\" alt=\"Eine Person mit dunklem Haar, die ein dunkles Kleid und ein rotes Schl&#xFC;sselband tr&#xE4;gt, sitzt auf einer t&#xFC;rkisfarbenen Couch, spricht in ein Mikrofon und h&#xE4;lt einen Notizblock. Sie l&#xE4;chelt und sieht aus, als w&#xFC;rde sie an einer Podiumsdiskussion teilnehmen. Dieser Moment der Veranstaltung kann von jedem erfahrenen Eventfotografen in Warschau perfekt eingefangen werden.  \" class=\"wp-image-8069\" title=\"\" srcset=\"https:\/\/marcinkrokowski.com\/wp-content\/uploads\/2023\/02\/Fotorelacja-z-konferencji-BLISKO-w-Gdyni-17-1200x1800.jpg 1200w, https:\/\/marcinkrokowski.com\/wp-content\/uploads\/2023\/02\/Fotorelacja-z-konferencji-BLISKO-w-Gdyni-17-900x1350.jpg 900w, https:\/\/marcinkrokowski.com\/wp-content\/uploads\/2023\/02\/Fotorelacja-z-konferencji-BLISKO-w-Gdyni-17-450x675.jpg 450w, https:\/\/marcinkrokowski.com\/wp-content\/uploads\/2023\/02\/Fotorelacja-z-konferencji-BLISKO-w-Gdyni-17.jpg 1280w\" sizes=\"auto, (max-width: 1200px) 100vw, 1200px\" \/><\/figure>\n\n<figure class=\"wp-block-image size-large\" data-block-type=\"core\"><img loading=\"lazy\" decoding=\"async\" width=\"1200\" height=\"800\" data-id=\"8071\" src=\"https:\/\/marcinkrokowski.com\/wp-content\/uploads\/2023\/02\/Fotorelacja-z-konferencji-BLISKO-w-Gdyni-19-1200x800.jpg\" alt=\"Eine bunt gemischte Gruppe von Menschen sitzt im Auditorium und unterh&#xE4;lt sich, bevor die Veranstaltung beginnt. Einige tragen Schl&#xFC;sselb&#xE4;nder und ihre Gesichter sind unterschiedlich, was auf angeregte Diskussionen hindeutet. Im Hintergrund sehen Sie Stuhlreihen, die mit Teilnehmern gef&#xFC;llt sind und die Atmosph&#xE4;re des Fotojournalismus der Veranstaltung perfekt einfangen.  \" class=\"wp-image-8071\" title=\"\" srcset=\"https:\/\/marcinkrokowski.com\/wp-content\/uploads\/2023\/02\/Fotorelacja-z-konferencji-BLISKO-w-Gdyni-19-1200x800.jpg 1200w, https:\/\/marcinkrokowski.com\/wp-content\/uploads\/2023\/02\/Fotorelacja-z-konferencji-BLISKO-w-Gdyni-19-900x600.jpg 900w, https:\/\/marcinkrokowski.com\/wp-content\/uploads\/2023\/02\/Fotorelacja-z-konferencji-BLISKO-w-Gdyni-19-450x300.jpg 450w, https:\/\/marcinkrokowski.com\/wp-content\/uploads\/2023\/02\/Fotorelacja-z-konferencji-BLISKO-w-Gdyni-19.jpg 1920w\" sizes=\"auto, (max-width: 1200px) 100vw, 1200px\" \/><\/figure>\n\n\n<\/figure>\n\n<figure class=\"wp-block-gallery has-nested-images columns-default is-cropped wp-block-gallery-6 is-layout-flex wp-block-gallery-is-layout-flex\" data-block-type=\"core\">\n<figure class=\"wp-block-image size-large\" data-block-type=\"core\"><img loading=\"lazy\" decoding=\"async\" width=\"1200\" height=\"800\" data-id=\"8074\" src=\"https:\/\/marcinkrokowski.com\/wp-content\/uploads\/2023\/02\/Fotorelacja-z-konferencji-BLISKO-w-Gdyni-22-1200x800.jpg\" alt=\"F&#xFC;nf Personen nehmen an einer Podiumsdiskussion auf einer B&#xFC;hne mit einer Kulisse aus Text und Illustrationen teil. Sie sitzen auf t&#xFC;rkisfarbenen St&#xFC;hlen und einer schwarzen Couch. Eine Person spricht in ein Mikrofon und h&#xE4;lt Notizen hoch. Die anderen h&#xF6;ren aufmerksam zu, was der Fotograf auf der Veranstaltung f&#xFC;r einen Fotoessay &#xFC;ber die Veranstaltung festgehalten hat.   \" class=\"wp-image-8074\" title=\"\" srcset=\"https:\/\/marcinkrokowski.com\/wp-content\/uploads\/2023\/02\/Fotorelacja-z-konferencji-BLISKO-w-Gdyni-22-1200x800.jpg 1200w, https:\/\/marcinkrokowski.com\/wp-content\/uploads\/2023\/02\/Fotorelacja-z-konferencji-BLISKO-w-Gdyni-22-900x600.jpg 900w, https:\/\/marcinkrokowski.com\/wp-content\/uploads\/2023\/02\/Fotorelacja-z-konferencji-BLISKO-w-Gdyni-22-450x300.jpg 450w, https:\/\/marcinkrokowski.com\/wp-content\/uploads\/2023\/02\/Fotorelacja-z-konferencji-BLISKO-w-Gdyni-22.jpg 1920w\" sizes=\"auto, (max-width: 1200px) 100vw, 1200px\" \/><\/figure>\n\n\n\n<figure class=\"wp-block-image size-large\" data-block-type=\"core\"><img loading=\"lazy\" decoding=\"async\" width=\"1200\" height=\"800\" data-id=\"8189\" src=\"https:\/\/marcinkrokowski.com\/wp-content\/uploads\/2023\/02\/Fotorelacja-z-konferencji-BLISKO-w-Gdyni-137-1200x800.jpg\" alt=\"Nahaufnahme einer Tafel mit einem Klebezettel auf Polnisch &quot;DZIE&#x143; DOBRY! B&#x118;DZIE FAJNIE&quot;, vor dem Abschnitt mit dem Text &quot;EZ. Y&quot; und anderen teilweise sichtbaren Elementen. Die Kombination aus Text und Grafik suggeriert eine informative oder pr&#xE4;sentative Darstellung, ideal f&#xFC;r das Fotografieren von Veranstaltungen, bei denen Details eingefangen werden k&#xF6;nnen.   \" class=\"wp-image-8189\" title=\"\" srcset=\"https:\/\/marcinkrokowski.com\/wp-content\/uploads\/2023\/02\/Fotorelacja-z-konferencji-BLISKO-w-Gdyni-137-1200x800.jpg 1200w, https:\/\/marcinkrokowski.com\/wp-content\/uploads\/2023\/02\/Fotorelacja-z-konferencji-BLISKO-w-Gdyni-137-900x600.jpg 900w, https:\/\/marcinkrokowski.com\/wp-content\/uploads\/2023\/02\/Fotorelacja-z-konferencji-BLISKO-w-Gdyni-137-450x300.jpg 450w, https:\/\/marcinkrokowski.com\/wp-content\/uploads\/2023\/02\/Fotorelacja-z-konferencji-BLISKO-w-Gdyni-137.jpg 1920w\" sizes=\"auto, (max-width: 1200px) 100vw, 1200px\" \/><\/figure>\n<\/figure>\n\n<figure class=\"wp-block-gallery has-nested-images columns-default is-cropped wp-block-gallery-7 is-layout-flex wp-block-gallery-is-layout-flex\" data-block-type=\"core\">\n<figure class=\"wp-block-image size-large\" data-block-type=\"core\"><img loading=\"lazy\" decoding=\"async\" width=\"1200\" height=\"800\" data-id=\"8080\" src=\"https:\/\/marcinkrokowski.com\/wp-content\/uploads\/2023\/02\/Fotorelacja-z-konferencji-BLISKO-w-Gdyni-28-1200x800.jpg\" alt=\"Eine Nahaufnahme einer Karte mit handschriftlichen Notizen, Kreisen und farbigen Markern. Die Karte tr\u00e4gt den Titel &quot;WO IST IHRE BIBLIOTHEK?&quot; und markiert den Einstellungszeitraum f\u00fcr 2021-2023 mit dem Wort &quot;ENTER&quot;, gefolgt von einem Smiley.\" class=\"wp-image-8080\" title=\"\" srcset=\"https:\/\/marcinkrokowski.com\/wp-content\/uploads\/2023\/02\/Fotorelacja-z-konferencji-BLISKO-w-Gdyni-28-1200x800.jpg 1200w, https:\/\/marcinkrokowski.com\/wp-content\/uploads\/2023\/02\/Fotorelacja-z-konferencji-BLISKO-w-Gdyni-28-900x600.jpg 900w, https:\/\/marcinkrokowski.com\/wp-content\/uploads\/2023\/02\/Fotorelacja-z-konferencji-BLISKO-w-Gdyni-28-450x300.jpg 450w, https:\/\/marcinkrokowski.com\/wp-content\/uploads\/2023\/02\/Fotorelacja-z-konferencji-BLISKO-w-Gdyni-28.jpg 1920w\" sizes=\"auto, (max-width: 1200px) 100vw, 1200px\" \/><\/figure>\n\n\n\n<figure class=\"wp-block-image size-large\" data-block-type=\"core\"><img loading=\"lazy\" decoding=\"async\" width=\"1200\" height=\"800\" data-id=\"8190\" src=\"https:\/\/marcinkrokowski.com\/wp-content\/uploads\/2023\/02\/Fotorelacja-z-konferencji-BLISKO-w-Gdyni-138-1200x800.jpg\" alt=\"Der Redner steht auf einer B&#xFC;hne vor einem Publikum in einem schwach beleuchteten H&#xF6;rsaal. Das Publikum sitzt an Tischen mit Notizbl&#xF6;cken und Laptops und h&#xF6;rt aufmerksam zu. Ein Fotograf der Veranstaltung bewegt sich um das Rednerpult herum und h&#xE4;lt die Momente fest. Der Raum hat ein modernes Dekor mit dunklen W&#xE4;nden und gr&#xFC;nen St&#xFC;hlen.   \" class=\"wp-image-8190\" title=\"\" srcset=\"https:\/\/marcinkrokowski.com\/wp-content\/uploads\/2023\/02\/Fotorelacja-z-konferencji-BLISKO-w-Gdyni-138-1200x800.jpg 1200w, https:\/\/marcinkrokowski.com\/wp-content\/uploads\/2023\/02\/Fotorelacja-z-konferencji-BLISKO-w-Gdyni-138-900x600.jpg 900w, https:\/\/marcinkrokowski.com\/wp-content\/uploads\/2023\/02\/Fotorelacja-z-konferencji-BLISKO-w-Gdyni-138-450x300.jpg 450w, https:\/\/marcinkrokowski.com\/wp-content\/uploads\/2023\/02\/Fotorelacja-z-konferencji-BLISKO-w-Gdyni-138.jpg 1920w\" sizes=\"auto, (max-width: 1200px) 100vw, 1200px\" \/><\/figure>\n\n\n\n<figure class=\"wp-block-image size-large\" data-block-type=\"core\"><img loading=\"lazy\" decoding=\"async\" width=\"1200\" height=\"1800\" data-id=\"8083\" src=\"https:\/\/marcinkrokowski.com\/wp-content\/uploads\/2023\/02\/Fotorelacja-z-konferencji-BLISKO-w-Gdyni-31-1200x1800.jpg\" alt=\"Zwei Frauen sitzen w&#xE4;hrend einer Podiumsdiskussion auf t&#xFC;rkisfarbenen St&#xFC;hlen. Die Frau im Vordergrund, die von dem Fotografen auf der Veranstaltung aufgenommen wurde, tr&#xE4;gt ein schwarz-wei&#xDF; gemustertes Kleid und eine rote Schleife und schaut leicht zur Seite. Die Frau im Hintergrund tr&#xE4;gt ein hellgr&#xFC;nes Outfit und eine Brille.  \" class=\"wp-image-8083\" title=\"\" srcset=\"https:\/\/marcinkrokowski.com\/wp-content\/uploads\/2023\/02\/Fotorelacja-z-konferencji-BLISKO-w-Gdyni-31-1200x1800.jpg 1200w, https:\/\/marcinkrokowski.com\/wp-content\/uploads\/2023\/02\/Fotorelacja-z-konferencji-BLISKO-w-Gdyni-31-900x1350.jpg 900w, https:\/\/marcinkrokowski.com\/wp-content\/uploads\/2023\/02\/Fotorelacja-z-konferencji-BLISKO-w-Gdyni-31-450x675.jpg 450w, https:\/\/marcinkrokowski.com\/wp-content\/uploads\/2023\/02\/Fotorelacja-z-konferencji-BLISKO-w-Gdyni-31.jpg 1280w\" sizes=\"auto, (max-width: 1200px) 100vw, 1200px\" \/><\/figure>\n\n\n\n<figure class=\"wp-block-image size-large\" data-block-type=\"core\"><img loading=\"lazy\" decoding=\"async\" width=\"1200\" height=\"800\" data-id=\"8191\" src=\"https:\/\/marcinkrokowski.com\/wp-content\/uploads\/2023\/02\/Fotorelacja-z-konferencji-BLISKO-w-Gdyni-139-1200x800.jpg\" alt=\"Eine Gruppe von f&#xFC;nf Personen sitzt auf einer B&#xFC;hne im Auditorium und nimmt an einer Podiumsdiskussion teil. Hinter ihnen zeigt ein gro&#xDF;er Bildschirm bunte Illustrationen und Texte. Das Publikum schaut aufmerksam zu. Der Fotograf der Veranstaltung hat die lebhafte Atmosph&#xE4;re eingefangen und eine wunderbare Fotoreportage von der Veranstaltung erstellt, die allen in Erinnerung bleiben wird.   \" class=\"wp-image-8191\" title=\"\" srcset=\"https:\/\/marcinkrokowski.com\/wp-content\/uploads\/2023\/02\/Fotorelacja-z-konferencji-BLISKO-w-Gdyni-139-1200x800.jpg 1200w, https:\/\/marcinkrokowski.com\/wp-content\/uploads\/2023\/02\/Fotorelacja-z-konferencji-BLISKO-w-Gdyni-139-900x600.jpg 900w, https:\/\/marcinkrokowski.com\/wp-content\/uploads\/2023\/02\/Fotorelacja-z-konferencji-BLISKO-w-Gdyni-139-450x300.jpg 450w, https:\/\/marcinkrokowski.com\/wp-content\/uploads\/2023\/02\/Fotorelacja-z-konferencji-BLISKO-w-Gdyni-139.jpg 1920w\" sizes=\"auto, (max-width: 1200px) 100vw, 1200px\" \/><\/figure>\n\n\n\n<figure class=\"wp-block-image size-large\" data-block-type=\"core\"><img loading=\"lazy\" decoding=\"async\" width=\"1200\" height=\"800\" data-id=\"8084\" src=\"https:\/\/marcinkrokowski.com\/wp-content\/uploads\/2023\/02\/Fotorelacja-z-konferencji-BLISKO-w-Gdyni-32-1200x800.jpg\" alt=\"Eine Gruppe von f&#xFC;nf Frauen sitzt auf t&#xFC;rkisfarbenen St&#xFC;hlen auf einer B&#xFC;hne und f&#xFC;hrt eine Diskussion. Eine Rednerin spricht, die anderen h&#xF6;ren aufmerksam zu. Hinter ihnen zeigt ein gro&#xDF;er Bildschirm eine bunte Illustration und einen Text an. Sie alle tragen rote Schl&#xFC;sselb&#xE4;nder um den Hals - was von einem Fotografen aus Warschau bei der Veranstaltung perfekt eingefangen wurde.   \" class=\"wp-image-8084\" title=\"\" srcset=\"https:\/\/marcinkrokowski.com\/wp-content\/uploads\/2023\/02\/Fotorelacja-z-konferencji-BLISKO-w-Gdyni-32-1200x800.jpg 1200w, https:\/\/marcinkrokowski.com\/wp-content\/uploads\/2023\/02\/Fotorelacja-z-konferencji-BLISKO-w-Gdyni-32-900x600.jpg 900w, https:\/\/marcinkrokowski.com\/wp-content\/uploads\/2023\/02\/Fotorelacja-z-konferencji-BLISKO-w-Gdyni-32-450x300.jpg 450w, https:\/\/marcinkrokowski.com\/wp-content\/uploads\/2023\/02\/Fotorelacja-z-konferencji-BLISKO-w-Gdyni-32.jpg 1920w\" sizes=\"auto, (max-width: 1200px) 100vw, 1200px\" \/><\/figure>\n\n\n<\/figure>\n\n<figure class=\"wp-block-gallery has-nested-images columns-default is-cropped wp-block-gallery-8 is-layout-flex wp-block-gallery-is-layout-flex\" data-block-type=\"core\">\n<figure class=\"wp-block-image size-large\" data-block-type=\"core\"><img loading=\"lazy\" decoding=\"async\" width=\"1200\" height=\"1800\" data-id=\"8086\" src=\"https:\/\/marcinkrokowski.com\/wp-content\/uploads\/2023\/02\/Fotorelacja-z-konferencji-BLISKO-w-Gdyni-34-1200x1800.jpg\" alt=\"Eine Person mit lockigem Haar, die ein gr&#xFC;nes Kleid und eine helle Strickjacke tr&#xE4;gt, spricht auf der B&#xFC;hne der Veranstaltung in ein Mikrofon. Sie hat ein gelbes Namensschild um den Hals h&#xE4;ngen und scheint eine Pr&#xE4;sentation zu halten, die sich perfekt f&#xFC;r die Aufnahme eines Ereignisses eignet. \" class=\"wp-image-8086\" title=\"\" srcset=\"https:\/\/marcinkrokowski.com\/wp-content\/uploads\/2023\/02\/Fotorelacja-z-konferencji-BLISKO-w-Gdyni-34-1200x1800.jpg 1200w, https:\/\/marcinkrokowski.com\/wp-content\/uploads\/2023\/02\/Fotorelacja-z-konferencji-BLISKO-w-Gdyni-34-900x1350.jpg 900w, https:\/\/marcinkrokowski.com\/wp-content\/uploads\/2023\/02\/Fotorelacja-z-konferencji-BLISKO-w-Gdyni-34-450x675.jpg 450w, https:\/\/marcinkrokowski.com\/wp-content\/uploads\/2023\/02\/Fotorelacja-z-konferencji-BLISKO-w-Gdyni-34.jpg 1280w\" sizes=\"auto, (max-width: 1200px) 100vw, 1200px\" \/><\/figure>\n\n<figure class=\"wp-block-image size-large\" data-block-type=\"core\"><img loading=\"lazy\" decoding=\"async\" width=\"1200\" height=\"800\" data-id=\"8193\" src=\"https:\/\/marcinkrokowski.com\/wp-content\/uploads\/2023\/02\/Fotorelacja-z-konferencji-BLISKO-w-Gdyni-141-1200x800.jpg\" alt=\"Auf einem Holztisch, der drau&#xDF;en vor einer orangefarbenen Wand steht, stehen verschiedene Desserts, Schalen mit Erdbeeren und Stapel von Tellern. Im Mittelpunkt steht eine hohe gelbe Vase mit rosa Blumen. Die Szene wurde von einem Fotografen aus Warschau aufgenommen und zeigt &#xFC;ppiges Gr&#xFC;n im Hintergrund.  \" class=\"wp-image-8193\" title=\"\" srcset=\"https:\/\/marcinkrokowski.com\/wp-content\/uploads\/2023\/02\/Fotorelacja-z-konferencji-BLISKO-w-Gdyni-141-1200x800.jpg 1200w, https:\/\/marcinkrokowski.com\/wp-content\/uploads\/2023\/02\/Fotorelacja-z-konferencji-BLISKO-w-Gdyni-141-900x600.jpg 900w, https:\/\/marcinkrokowski.com\/wp-content\/uploads\/2023\/02\/Fotorelacja-z-konferencji-BLISKO-w-Gdyni-141-450x300.jpg 450w, https:\/\/marcinkrokowski.com\/wp-content\/uploads\/2023\/02\/Fotorelacja-z-konferencji-BLISKO-w-Gdyni-141.jpg 1920w\" sizes=\"auto, (max-width: 1200px) 100vw, 1200px\" \/><\/figure>\n\n\n<\/figure>\n\n<figure class=\"wp-block-gallery has-nested-images columns-default is-cropped wp-block-gallery-9 is-layout-flex wp-block-gallery-is-layout-flex\" data-block-type=\"core\">\n<figure class=\"wp-block-image size-large\" data-block-type=\"core\"><img loading=\"lazy\" decoding=\"async\" width=\"1200\" height=\"800\" data-id=\"8092\" src=\"https:\/\/marcinkrokowski.com\/wp-content\/uploads\/2023\/02\/Fotorelacja-z-konferencji-BLISKO-w-Gdyni-40-1200x800.jpg\" alt=\"Auf dem Tisch steht ein Glasteller mit frischen Erdbeeren. Die Erdbeeren sind reif und intensiv rot, die gr&#xFC;nen Bl&#xE4;tter sind noch dran. Links im Bild ist ein Rosmarinzweig in einem dunklen Topf zu sehen, der dem Bild einen Hauch von Eleganz verleiht, den der Fotograf bei der Veranstaltung eingefangen hat. Der Hintergrund ist leicht unscharf.   \" class=\"wp-image-8092\" title=\"\" srcset=\"https:\/\/marcinkrokowski.com\/wp-content\/uploads\/2023\/02\/Fotorelacja-z-konferencji-BLISKO-w-Gdyni-40-1200x800.jpg 1200w, https:\/\/marcinkrokowski.com\/wp-content\/uploads\/2023\/02\/Fotorelacja-z-konferencji-BLISKO-w-Gdyni-40-900x600.jpg 900w, https:\/\/marcinkrokowski.com\/wp-content\/uploads\/2023\/02\/Fotorelacja-z-konferencji-BLISKO-w-Gdyni-40-450x300.jpg 450w, https:\/\/marcinkrokowski.com\/wp-content\/uploads\/2023\/02\/Fotorelacja-z-konferencji-BLISKO-w-Gdyni-40.jpg 1920w\" sizes=\"auto, (max-width: 1200px) 100vw, 1200px\" \/><\/figure>\n\n\n\n<figure class=\"wp-block-image size-large\" data-block-type=\"core\"><img loading=\"lazy\" decoding=\"async\" width=\"1200\" height=\"800\" data-id=\"8093\" src=\"https:\/\/marcinkrokowski.com\/wp-content\/uploads\/2023\/02\/Fotorelacja-z-konferencji-BLISKO-w-Gdyni-41-1200x800.jpg\" alt=\"Eine gro&#xDF;e Gruppe von Menschen steht drau&#xDF;en vor einer farbenfrohen Kulisse und einem Geb&#xE4;ude zusammen. Die Gruppe besteht aus M&#xE4;nnern und Frauen aller Altersgruppen, gekleidet in verschiedenen Kleidungsstilen. Einige l&#xE4;cheln und posieren f&#xFC;r die Kamera. Im Hintergrund sehen Sie B&#xE4;ume, geparkte Autos und einen Fotografen aus Warschau, der einen lebhaften Schnappschuss von der Veranstaltung macht.   \" class=\"wp-image-8093\" title=\"\" srcset=\"https:\/\/marcinkrokowski.com\/wp-content\/uploads\/2023\/02\/Fotorelacja-z-konferencji-BLISKO-w-Gdyni-41-1200x800.jpg 1200w, https:\/\/marcinkrokowski.com\/wp-content\/uploads\/2023\/02\/Fotorelacja-z-konferencji-BLISKO-w-Gdyni-41-900x600.jpg 900w, https:\/\/marcinkrokowski.com\/wp-content\/uploads\/2023\/02\/Fotorelacja-z-konferencji-BLISKO-w-Gdyni-41-450x300.jpg 450w, https:\/\/marcinkrokowski.com\/wp-content\/uploads\/2023\/02\/Fotorelacja-z-konferencji-BLISKO-w-Gdyni-41.jpg 1920w\" sizes=\"auto, (max-width: 1200px) 100vw, 1200px\" \/><\/figure>\n\n<figure class=\"wp-block-image size-large\" data-block-type=\"core\"><img loading=\"lazy\" decoding=\"async\" width=\"1200\" height=\"800\" data-id=\"8095\" src=\"https:\/\/marcinkrokowski.com\/wp-content\/uploads\/2023\/02\/Fotorelacja-z-konferencji-BLISKO-w-Gdyni-43-1200x800.jpg\" alt=\"W&#xE4;hrend der Diskussion sitzen f&#xFC;nf Personen auf der B&#xFC;hne in t&#xFC;rkisfarbenen St&#xFC;hlen. Die Diskussionsteilnehmer sind drei Frauen und zwei M&#xE4;nner, von denen einer in ein Mikrofon spricht. Das Publikum schaut von seinen Pl&#xE4;tzen aus zu, w&#xE4;hrend im Hintergrund eine gro&#xDF;e Leinwand mit Grafiken zu sehen ist. Wenn Sie solche Momente festhalten m&#xF6;chten, sollten Sie einen Event-Fotografen engagieren, der auf Event-Fotojournalismus spezialisiert ist.   \" class=\"wp-image-8095\" title=\"\" srcset=\"https:\/\/marcinkrokowski.com\/wp-content\/uploads\/2023\/02\/Fotorelacja-z-konferencji-BLISKO-w-Gdyni-43-1200x800.jpg 1200w, https:\/\/marcinkrokowski.com\/wp-content\/uploads\/2023\/02\/Fotorelacja-z-konferencji-BLISKO-w-Gdyni-43-900x600.jpg 900w, https:\/\/marcinkrokowski.com\/wp-content\/uploads\/2023\/02\/Fotorelacja-z-konferencji-BLISKO-w-Gdyni-43-450x300.jpg 450w, https:\/\/marcinkrokowski.com\/wp-content\/uploads\/2023\/02\/Fotorelacja-z-konferencji-BLISKO-w-Gdyni-43.jpg 1920w\" sizes=\"auto, (max-width: 1200px) 100vw, 1200px\" \/><\/figure>\n\n\n\n<figure class=\"wp-block-image size-large\" data-block-type=\"core\"><img loading=\"lazy\" decoding=\"async\" width=\"1200\" height=\"800\" data-id=\"8096\" src=\"https:\/\/marcinkrokowski.com\/wp-content\/uploads\/2023\/02\/Fotorelacja-z-konferencji-BLISKO-w-Gdyni-44-1200x800.jpg\" alt=\"Drei Personen sitzen auf der B&#xFC;hne in t&#xFC;rkisfarbenen St&#xFC;hlen und nehmen an einer Podiumsdiskussion teil. Die Frau in der Mitte spricht in ein Mikrofon, w&#xE4;hrend die anderen aufmerksam zuh&#xF6;ren. Vor ihnen steht ein Tisch mit Wasserflaschen, und im Hintergrund befindet sich eine Leinwand mit R&#xE4;dern - perfekt f&#xFC;r Fotos von der Veranstaltung.  \" class=\"wp-image-8096\" title=\"\" srcset=\"https:\/\/marcinkrokowski.com\/wp-content\/uploads\/2023\/02\/Fotorelacja-z-konferencji-BLISKO-w-Gdyni-44-1200x800.jpg 1200w, https:\/\/marcinkrokowski.com\/wp-content\/uploads\/2023\/02\/Fotorelacja-z-konferencji-BLISKO-w-Gdyni-44-900x600.jpg 900w, https:\/\/marcinkrokowski.com\/wp-content\/uploads\/2023\/02\/Fotorelacja-z-konferencji-BLISKO-w-Gdyni-44-450x300.jpg 450w, https:\/\/marcinkrokowski.com\/wp-content\/uploads\/2023\/02\/Fotorelacja-z-konferencji-BLISKO-w-Gdyni-44.jpg 1920w\" sizes=\"auto, (max-width: 1200px) 100vw, 1200px\" \/><\/figure>\n\n\n\n<figure class=\"wp-block-image size-large\" data-block-type=\"core\"><img loading=\"lazy\" decoding=\"async\" width=\"1200\" height=\"800\" data-id=\"8098\" src=\"https:\/\/marcinkrokowski.com\/wp-content\/uploads\/2023\/02\/Fotorelacja-z-konferencji-BLISKO-w-Gdyni-46-1200x800.jpg\" alt=\"F&#xFC;nf Personen sitzen auf der B&#xFC;hne und nehmen an einer Podiumsdiskussion teil. Vier von ihnen sitzen auf farbigen St&#xFC;hlen und eine Person spricht in ein Mikrofon. Hinter ihnen wird eine Pr&#xE4;sentationsfolie mit Text und Grafiken auf eine Leinwand projiziert. Im Vordergrund ist das Publikum zu sehen, das von einem Eventfotografen Warschau aufgenommen wurde.   \" class=\"wp-image-8098\" title=\"\" srcset=\"https:\/\/marcinkrokowski.com\/wp-content\/uploads\/2023\/02\/Fotorelacja-z-konferencji-BLISKO-w-Gdyni-46-1200x800.jpg 1200w, https:\/\/marcinkrokowski.com\/wp-content\/uploads\/2023\/02\/Fotorelacja-z-konferencji-BLISKO-w-Gdyni-46-900x600.jpg 900w, https:\/\/marcinkrokowski.com\/wp-content\/uploads\/2023\/02\/Fotorelacja-z-konferencji-BLISKO-w-Gdyni-46-450x300.jpg 450w, https:\/\/marcinkrokowski.com\/wp-content\/uploads\/2023\/02\/Fotorelacja-z-konferencji-BLISKO-w-Gdyni-46.jpg 1920w\" sizes=\"auto, (max-width: 1200px) 100vw, 1200px\" \/><\/figure>\n\n\n<\/figure>\n\n<figure class=\"wp-block-gallery has-nested-images columns-default is-cropped wp-block-gallery-10 is-layout-flex wp-block-gallery-is-layout-flex\" data-block-type=\"core\">\n<figure class=\"wp-block-image size-large\" data-block-type=\"core\"><img loading=\"lazy\" decoding=\"async\" width=\"1200\" height=\"800\" data-id=\"8099\" src=\"https:\/\/marcinkrokowski.com\/wp-content\/uploads\/2023\/02\/Fotorelacja-z-konferencji-BLISKO-w-Gdyni-47-1200x800.jpg\" alt=\"Vier Personen sitzen in einer Podiumsdiskussion. Eine Frau in einem gemusterten Kleid steht unscharf im Vordergrund und h&#xE4;lt ein Mikrofon. Drei weitere Frauen sitzen auf blauen St&#xFC;hlen, die dem Publikum zugewandt sind. Hinter ihnen ist ein wei&#xDF;er Bildschirm mit einer minimalistischen Grafik von B&#xE4;umen und Wolken zu sehen, die von einem Fotografen auf der Veranstaltung aufgenommen wurde.   \" class=\"wp-image-8099\" title=\"\" srcset=\"https:\/\/marcinkrokowski.com\/wp-content\/uploads\/2023\/02\/Fotorelacja-z-konferencji-BLISKO-w-Gdyni-47-1200x800.jpg 1200w, https:\/\/marcinkrokowski.com\/wp-content\/uploads\/2023\/02\/Fotorelacja-z-konferencji-BLISKO-w-Gdyni-47-900x600.jpg 900w, https:\/\/marcinkrokowski.com\/wp-content\/uploads\/2023\/02\/Fotorelacja-z-konferencji-BLISKO-w-Gdyni-47-450x300.jpg 450w, https:\/\/marcinkrokowski.com\/wp-content\/uploads\/2023\/02\/Fotorelacja-z-konferencji-BLISKO-w-Gdyni-47.jpg 1920w\" sizes=\"auto, (max-width: 1200px) 100vw, 1200px\" \/><\/figure>\n\n\n<\/figure>\n\n<figure class=\"wp-block-gallery has-nested-images columns-default is-cropped wp-block-gallery-11 is-layout-flex wp-block-gallery-is-layout-flex\" data-block-type=\"core\">\n<figure class=\"wp-block-image size-large\" data-block-type=\"core\"><img loading=\"lazy\" decoding=\"async\" width=\"1200\" height=\"800\" data-id=\"8100\" src=\"https:\/\/marcinkrokowski.com\/wp-content\/uploads\/2023\/02\/Fotorelacja-z-konferencji-BLISKO-w-Gdyni-48-1200x800.jpg\" alt=\"Eine bunt gemischte Gruppe von Menschen sitzt im Auditorium, einige konzentriert, andere in ein Gespr&#xE4;ch vertieft. Sie sind leger gekleidet und tragen Namensschilder an roten Schl&#xFC;sselb&#xE4;ndern, was auf ein Seminar oder eine Konferenz hindeutet. Ein Fotograf f&#xE4;ngt jeden Moment ein und erstellt einen detaillierten Fotobericht &#xFC;ber die Veranstaltung.  \" class=\"wp-image-8100\" title=\"\" srcset=\"https:\/\/marcinkrokowski.com\/wp-content\/uploads\/2023\/02\/Fotorelacja-z-konferencji-BLISKO-w-Gdyni-48-1200x800.jpg 1200w, https:\/\/marcinkrokowski.com\/wp-content\/uploads\/2023\/02\/Fotorelacja-z-konferencji-BLISKO-w-Gdyni-48-900x600.jpg 900w, https:\/\/marcinkrokowski.com\/wp-content\/uploads\/2023\/02\/Fotorelacja-z-konferencji-BLISKO-w-Gdyni-48-450x300.jpg 450w, https:\/\/marcinkrokowski.com\/wp-content\/uploads\/2023\/02\/Fotorelacja-z-konferencji-BLISKO-w-Gdyni-48.jpg 1920w\" sizes=\"auto, (max-width: 1200px) 100vw, 1200px\" \/><\/figure>\n\n<figure class=\"wp-block-image size-large\" data-block-type=\"core\"><img loading=\"lazy\" decoding=\"async\" width=\"1200\" height=\"1800\" data-id=\"8101\" src=\"https:\/\/marcinkrokowski.com\/wp-content\/uploads\/2023\/02\/Fotorelacja-z-konferencji-BLISKO-w-Gdyni-49-1200x1800.jpg\" alt=\"Eine Person mit Brille und wei&#xDF;em Hemd, die auf einem t&#xFC;rkisfarbenen Stuhl sitzt, h&#xE4;lt ein Mikrofon und spricht. Sie hat einen nachdenklichen Gesichtsausdruck und tr&#xE4;gt eine gr&#xFC;ne Hose. Der dunkle Hintergrund kontrastiert mit dem Redner und dem Stuhl und hebt sie in der Szene hervor - perfekt f&#xFC;r einen Fotoessay &#xFC;ber die Veranstaltung.  \" class=\"wp-image-8101\" title=\"\" srcset=\"https:\/\/marcinkrokowski.com\/wp-content\/uploads\/2023\/02\/Fotorelacja-z-konferencji-BLISKO-w-Gdyni-49-1200x1800.jpg 1200w, https:\/\/marcinkrokowski.com\/wp-content\/uploads\/2023\/02\/Fotorelacja-z-konferencji-BLISKO-w-Gdyni-49-900x1350.jpg 900w, https:\/\/marcinkrokowski.com\/wp-content\/uploads\/2023\/02\/Fotorelacja-z-konferencji-BLISKO-w-Gdyni-49-450x675.jpg 450w, https:\/\/marcinkrokowski.com\/wp-content\/uploads\/2023\/02\/Fotorelacja-z-konferencji-BLISKO-w-Gdyni-49.jpg 1280w\" sizes=\"auto, (max-width: 1200px) 100vw, 1200px\" \/><\/figure>\n\n\n<\/figure>\n\n<figure class=\"wp-block-gallery has-nested-images columns-default is-cropped wp-block-gallery-12 is-layout-flex wp-block-gallery-is-layout-flex\" data-block-type=\"core\">\n<figure class=\"wp-block-image size-large\" data-block-type=\"core\"><img loading=\"lazy\" decoding=\"async\" width=\"1200\" height=\"800\" data-id=\"8198\" src=\"https:\/\/marcinkrokowski.com\/wp-content\/uploads\/2023\/02\/Fotorelacja-z-konferencji-BLISKO-w-Gdyni-146-1200x800.jpg\" alt=\"Die Pr&#xE4;sentationsfolie enth&#xE4;lt farbige Illustrationen und polnischen Text. Zu den Schl&#xFC;sselelementen geh&#xF6;ren eine Brosch&#xFC;re, ein Geb&#xE4;ude mit dem Wort &quot;Unbekannt&quot;, eine Figur mit dem Wort &quot;Ich wei&#xDF; es nicht&quot;, die Erw&#xE4;hnung von 78 Kindern und Leseaufgaben. In der oberen rechten Ecke befindet sich eine handschriftliche Notiz, die vom Eventfotografen Warschau aufgenommen wurde.  \" class=\"wp-image-8198\" title=\"\" srcset=\"https:\/\/marcinkrokowski.com\/wp-content\/uploads\/2023\/02\/Fotorelacja-z-konferencji-BLISKO-w-Gdyni-146-1200x800.jpg 1200w, https:\/\/marcinkrokowski.com\/wp-content\/uploads\/2023\/02\/Fotorelacja-z-konferencji-BLISKO-w-Gdyni-146-900x600.jpg 900w, https:\/\/marcinkrokowski.com\/wp-content\/uploads\/2023\/02\/Fotorelacja-z-konferencji-BLISKO-w-Gdyni-146-450x300.jpg 450w, https:\/\/marcinkrokowski.com\/wp-content\/uploads\/2023\/02\/Fotorelacja-z-konferencji-BLISKO-w-Gdyni-146.jpg 1920w\" sizes=\"auto, (max-width: 1200px) 100vw, 1200px\" \/><\/figure>\n\n\n\n<figure class=\"wp-block-image size-large\" data-block-type=\"core\"><img loading=\"lazy\" decoding=\"async\" width=\"1200\" height=\"1800\" data-id=\"8102\" src=\"https:\/\/marcinkrokowski.com\/wp-content\/uploads\/2023\/02\/Fotorelacja-z-konferencji-BLISKO-w-Gdyni-50-1200x1800.jpg\" alt=\"Eine Person mit wei&#xDF;em Hemd und gr&#xFC;ner Hose sitzt auf einem t&#xFC;rkisfarbenen Stuhl, h&#xE4;lt ein Mikrofon und spricht. Der Hintergrund ist dunkel und eine Projektionsfl&#xE4;che ist teilweise hinter ihnen zu sehen. Die Szene sieht aus, als stamme sie von einem Event-Fotoshooting oder wurde von einem Fotografen f&#xFC;r eine Veranstaltung aufgenommen.  \" class=\"wp-image-8102\" title=\"\" srcset=\"https:\/\/marcinkrokowski.com\/wp-content\/uploads\/2023\/02\/Fotorelacja-z-konferencji-BLISKO-w-Gdyni-50-1200x1800.jpg 1200w, https:\/\/marcinkrokowski.com\/wp-content\/uploads\/2023\/02\/Fotorelacja-z-konferencji-BLISKO-w-Gdyni-50-900x1350.jpg 900w, https:\/\/marcinkrokowski.com\/wp-content\/uploads\/2023\/02\/Fotorelacja-z-konferencji-BLISKO-w-Gdyni-50-450x675.jpg 450w, https:\/\/marcinkrokowski.com\/wp-content\/uploads\/2023\/02\/Fotorelacja-z-konferencji-BLISKO-w-Gdyni-50.jpg 1280w\" sizes=\"auto, (max-width: 1200px) 100vw, 1200px\" \/><\/figure>\n\n<figure class=\"wp-block-image size-large\" data-block-type=\"core\"><img loading=\"lazy\" decoding=\"async\" width=\"1200\" height=\"800\" data-id=\"8103\" src=\"https:\/\/marcinkrokowski.com\/wp-content\/uploads\/2023\/02\/Fotorelacja-z-konferencji-BLISKO-w-Gdyni-51-1200x800.jpg\" alt=\"Zwei Personen sitzen auf der B&#xFC;hne und sprechen in Mikrofone. Die Person auf der linken Seite h&#xE4;lt das Mikrofon und blickt nach vorne, w&#xE4;hrend die Person auf der rechten Seite spricht und dabei das Mikrofon dicht an den Mund h&#xE4;lt. Beide tragen Konferenzausweise - ein perfektes Foto-Essay der Veranstaltung durch den Fotografen der Veranstaltung.  \" class=\"wp-image-8103\" title=\"\" srcset=\"https:\/\/marcinkrokowski.com\/wp-content\/uploads\/2023\/02\/Fotorelacja-z-konferencji-BLISKO-w-Gdyni-51-1200x800.jpg 1200w, https:\/\/marcinkrokowski.com\/wp-content\/uploads\/2023\/02\/Fotorelacja-z-konferencji-BLISKO-w-Gdyni-51-900x600.jpg 900w, https:\/\/marcinkrokowski.com\/wp-content\/uploads\/2023\/02\/Fotorelacja-z-konferencji-BLISKO-w-Gdyni-51-450x300.jpg 450w, https:\/\/marcinkrokowski.com\/wp-content\/uploads\/2023\/02\/Fotorelacja-z-konferencji-BLISKO-w-Gdyni-51.jpg 1920w\" sizes=\"auto, (max-width: 1200px) 100vw, 1200px\" \/><\/figure>\n\n\n<\/figure>\n\n<figure class=\"wp-block-gallery has-nested-images columns-default is-cropped wp-block-gallery-13 is-layout-flex wp-block-gallery-is-layout-flex\" data-block-type=\"core\">\n<figure class=\"wp-block-image size-large\" data-block-type=\"core\"><img loading=\"lazy\" decoding=\"async\" width=\"1200\" height=\"800\" data-id=\"8105\" src=\"https:\/\/marcinkrokowski.com\/wp-content\/uploads\/2023\/02\/Fotorelacja-z-konferencji-BLISKO-w-Gdyni-53-1200x800.jpg\" alt=\"W&#xE4;hrend der Diskussion sitzt eine f&#xFC;nfk&#xF6;pfige Gruppe auf der B&#xFC;hne in t&#xFC;rkisfarbenen St&#xFC;hlen. Jeder h&#xE4;lt ein Mikrofon in der Hand und ist mit dem Reden besch&#xE4;ftigt. Die Diskussion wird von der Frau auf der linken Seite geleitet, und der Veranstaltungsfotograf warszawa f&#xE4;ngt den Moment ein. Der Hintergrund ist ein gro&#xDF;er, teilweise sichtbarer Bildschirm.   \" class=\"wp-image-8105\" title=\"\" srcset=\"https:\/\/marcinkrokowski.com\/wp-content\/uploads\/2023\/02\/Fotorelacja-z-konferencji-BLISKO-w-Gdyni-53-1200x800.jpg 1200w, https:\/\/marcinkrokowski.com\/wp-content\/uploads\/2023\/02\/Fotorelacja-z-konferencji-BLISKO-w-Gdyni-53-900x600.jpg 900w, https:\/\/marcinkrokowski.com\/wp-content\/uploads\/2023\/02\/Fotorelacja-z-konferencji-BLISKO-w-Gdyni-53-450x300.jpg 450w, https:\/\/marcinkrokowski.com\/wp-content\/uploads\/2023\/02\/Fotorelacja-z-konferencji-BLISKO-w-Gdyni-53.jpg 1920w\" sizes=\"auto, (max-width: 1200px) 100vw, 1200px\" \/><\/figure>\n\n\n\n<figure class=\"wp-block-image size-large\" data-block-type=\"core\"><img loading=\"lazy\" decoding=\"async\" width=\"1200\" height=\"800\" data-id=\"8106\" src=\"https:\/\/marcinkrokowski.com\/wp-content\/uploads\/2023\/02\/Fotorelacja-z-konferencji-BLISKO-w-Gdyni-54-1200x800.jpg\" alt=\"Auf der angezeigten Pr&#xE4;sentationsfolie steht der Satz &#039;Jugendarbeit erfordert Aufmerksamkeit&#039;, was soviel bedeutet wie &#039;Jugendarbeit erfordert Aufmerksamkeit&#039;. Unter dem Text befindet sich eine Illustration einer Hand, die mit dem Zeigefinger auf etwas zeigt und einen Moment festh&#xE4;lt, der an einen Fotobericht von einer Veranstaltung erinnert. \" class=\"wp-image-8106\" title=\"\" srcset=\"https:\/\/marcinkrokowski.com\/wp-content\/uploads\/2023\/02\/Fotorelacja-z-konferencji-BLISKO-w-Gdyni-54-1200x800.jpg 1200w, https:\/\/marcinkrokowski.com\/wp-content\/uploads\/2023\/02\/Fotorelacja-z-konferencji-BLISKO-w-Gdyni-54-900x600.jpg 900w, https:\/\/marcinkrokowski.com\/wp-content\/uploads\/2023\/02\/Fotorelacja-z-konferencji-BLISKO-w-Gdyni-54-450x300.jpg 450w, https:\/\/marcinkrokowski.com\/wp-content\/uploads\/2023\/02\/Fotorelacja-z-konferencji-BLISKO-w-Gdyni-54.jpg 1920w\" sizes=\"auto, (max-width: 1200px) 100vw, 1200px\" \/><\/figure>\n\n\n<\/figure>\n\n<figure class=\"wp-block-gallery has-nested-images columns-default is-cropped wp-block-gallery-14 is-layout-flex wp-block-gallery-is-layout-flex\" data-block-type=\"core\">\n<figure class=\"wp-block-image size-large\" data-block-type=\"core\"><img loading=\"lazy\" decoding=\"async\" width=\"1200\" height=\"800\" data-id=\"8107\" src=\"https:\/\/marcinkrokowski.com\/wp-content\/uploads\/2023\/02\/Fotorelacja-z-konferencji-BLISKO-w-Gdyni-55-1200x800.jpg\" alt=\"Eine Gruppe von Menschen sitzt in Reihen in einem schwach beleuchteten Raum und schaut oder h&#xF6;rt aufmerksam einer Pr&#xE4;sentation zu. Sie sehen engagiert aus, einige mit nachdenklichen Gesichtern, andere machen sich Notizen, was vom Eventfotografen warszawa wundersch&#xF6;n eingefangen wurde. \" class=\"wp-image-8107\" title=\"\" srcset=\"https:\/\/marcinkrokowski.com\/wp-content\/uploads\/2023\/02\/Fotorelacja-z-konferencji-BLISKO-w-Gdyni-55-1200x800.jpg 1200w, https:\/\/marcinkrokowski.com\/wp-content\/uploads\/2023\/02\/Fotorelacja-z-konferencji-BLISKO-w-Gdyni-55-900x600.jpg 900w, https:\/\/marcinkrokowski.com\/wp-content\/uploads\/2023\/02\/Fotorelacja-z-konferencji-BLISKO-w-Gdyni-55-450x300.jpg 450w, https:\/\/marcinkrokowski.com\/wp-content\/uploads\/2023\/02\/Fotorelacja-z-konferencji-BLISKO-w-Gdyni-55.jpg 1920w\" sizes=\"auto, (max-width: 1200px) 100vw, 1200px\" \/><\/figure>\n\n\n\n<figure class=\"wp-block-image size-large\" data-block-type=\"core\"><img loading=\"lazy\" decoding=\"async\" width=\"1200\" height=\"800\" data-id=\"8108\" src=\"https:\/\/marcinkrokowski.com\/wp-content\/uploads\/2023\/02\/Fotorelacja-z-konferencji-BLISKO-w-Gdyni-56-1200x800.jpg\" alt=\"Zwei Frauen sitzen auf der B&#xFC;hne. Die Frau auf der rechten Seite, die eine Brille und eine rote Jacke tr&#xE4;gt, spricht in ein Mikrofon. Die andere Frau, in einer hellen Jacke, h&#xF6;rt aufmerksam zu. Diese fesselnde Fotoreportage der Veranstaltung zeigt beide Frauen tief in die Diskussion oder Podiumsveranstaltung verwickelt.   \" class=\"wp-image-8108\" title=\"\" srcset=\"https:\/\/marcinkrokowski.com\/wp-content\/uploads\/2023\/02\/Fotorelacja-z-konferencji-BLISKO-w-Gdyni-56-1200x800.jpg 1200w, https:\/\/marcinkrokowski.com\/wp-content\/uploads\/2023\/02\/Fotorelacja-z-konferencji-BLISKO-w-Gdyni-56-900x600.jpg 900w, https:\/\/marcinkrokowski.com\/wp-content\/uploads\/2023\/02\/Fotorelacja-z-konferencji-BLISKO-w-Gdyni-56-450x300.jpg 450w, https:\/\/marcinkrokowski.com\/wp-content\/uploads\/2023\/02\/Fotorelacja-z-konferencji-BLISKO-w-Gdyni-56.jpg 1920w\" sizes=\"auto, (max-width: 1200px) 100vw, 1200px\" \/><\/figure>\n\n<figure class=\"wp-block-image size-large\" data-block-type=\"core\"><img loading=\"lazy\" decoding=\"async\" width=\"1200\" height=\"800\" data-id=\"8110\" src=\"https:\/\/marcinkrokowski.com\/wp-content\/uploads\/2023\/02\/Fotorelacja-z-konferencji-BLISKO-w-Gdyni-58-1200x800.jpg\" alt=\"Ein glatzk&#xF6;pfiger, b&#xE4;rtiger Mann in einem karierten Anzug mit rotem Schl&#xFC;sselband sitzt l&#xE4;chelnd auf einem Stuhl im Theaterstil inmitten einer Gruppe anderer sitzender Personen. Die Aufmerksamkeit ist auf den Mann gerichtet, w&#xE4;hrend die anderen Personen im Hintergrund leicht unscharf sind. Das Bild wurde von einem Fotografen aus Warschau, der sich auf Event-Fotojournalismus spezialisiert hat, wundersch&#xF6;n eingefangen. \" class=\"wp-image-8110\" title=\"\" srcset=\"https:\/\/marcinkrokowski.com\/wp-content\/uploads\/2023\/02\/Fotorelacja-z-konferencji-BLISKO-w-Gdyni-58-1200x800.jpg 1200w, https:\/\/marcinkrokowski.com\/wp-content\/uploads\/2023\/02\/Fotorelacja-z-konferencji-BLISKO-w-Gdyni-58-900x600.jpg 900w, https:\/\/marcinkrokowski.com\/wp-content\/uploads\/2023\/02\/Fotorelacja-z-konferencji-BLISKO-w-Gdyni-58-450x300.jpg 450w, https:\/\/marcinkrokowski.com\/wp-content\/uploads\/2023\/02\/Fotorelacja-z-konferencji-BLISKO-w-Gdyni-58.jpg 1920w\" sizes=\"auto, (max-width: 1200px) 100vw, 1200px\" \/><\/figure>\n\n\n\n<figure class=\"wp-block-image size-large\" data-block-type=\"core\"><img loading=\"lazy\" decoding=\"async\" width=\"1200\" height=\"1800\" data-id=\"8112\" src=\"https:\/\/marcinkrokowski.com\/wp-content\/uploads\/2023\/02\/Fotorelacja-z-konferencji-BLISKO-w-Gdyni-60-1200x1800.jpg\" alt=\"Ein Mann im Anzug, der auf einem t&#xFC;rkisfarbenen Stuhl sitzt, spricht in ein Mikrofon, was vom Eventfotografen Warschau perfekt eingefangen wird. Er hat kurze Haare und einen Bart und seine Beine sind gekreuzt, was den Eindruck erweckt, dass er im Mittelpunkt steht. Der dunkle Hintergrund verdeckt einen Teil des Bildschirms, auf dem ein Bild oder eine Pr&#xE4;sentation zu sehen ist, perfekt f&#xFC;r einen Fotoessay &#xFC;ber die Veranstaltung.  \" class=\"wp-image-8112\" title=\"\" srcset=\"https:\/\/marcinkrokowski.com\/wp-content\/uploads\/2023\/02\/Fotorelacja-z-konferencji-BLISKO-w-Gdyni-60-1200x1800.jpg 1200w, https:\/\/marcinkrokowski.com\/wp-content\/uploads\/2023\/02\/Fotorelacja-z-konferencji-BLISKO-w-Gdyni-60-900x1350.jpg 900w, https:\/\/marcinkrokowski.com\/wp-content\/uploads\/2023\/02\/Fotorelacja-z-konferencji-BLISKO-w-Gdyni-60-450x675.jpg 450w, https:\/\/marcinkrokowski.com\/wp-content\/uploads\/2023\/02\/Fotorelacja-z-konferencji-BLISKO-w-Gdyni-60.jpg 1280w\" sizes=\"auto, (max-width: 1200px) 100vw, 1200px\" \/><\/figure>\n\n\n\n<figure class=\"wp-block-image size-large\" data-block-type=\"core\"><img loading=\"lazy\" decoding=\"async\" width=\"1200\" height=\"1800\" data-id=\"8116\" src=\"https:\/\/marcinkrokowski.com\/wp-content\/uploads\/2023\/02\/Fotorelacja-z-konferencji-BLISKO-w-Gdyni-64-1200x1800.jpg\" alt=\"Eine Person zeichnet mit einem Stylus auf einem Tablet. Eine Zeichnung eines l&#xE4;chelnden Gesichts erscheint auf dem Bildschirm. Ein gelbes Konferenzabzeichen mit dem Namen &#039;Dorota Koto&#039; ist teilweise im Hintergrund zu sehen, und die Person h&#xE4;lt einen orangefarbenen Stift in der Hand. In der N&#xE4;he f&#xE4;ngt ein Eventfotograf Warschau den Moment ein.   &#010;\" class=\"wp-image-8116\" title=\"\" srcset=\"https:\/\/marcinkrokowski.com\/wp-content\/uploads\/2023\/02\/Fotorelacja-z-konferencji-BLISKO-w-Gdyni-64-1200x1800.jpg 1200w, https:\/\/marcinkrokowski.com\/wp-content\/uploads\/2023\/02\/Fotorelacja-z-konferencji-BLISKO-w-Gdyni-64-900x1350.jpg 900w, https:\/\/marcinkrokowski.com\/wp-content\/uploads\/2023\/02\/Fotorelacja-z-konferencji-BLISKO-w-Gdyni-64-450x675.jpg 450w, https:\/\/marcinkrokowski.com\/wp-content\/uploads\/2023\/02\/Fotorelacja-z-konferencji-BLISKO-w-Gdyni-64.jpg 1280w\" sizes=\"auto, (max-width: 1200px) 100vw, 1200px\" \/><\/figure>\n<\/figure>\n\n<figure class=\"wp-block-gallery has-nested-images columns-default is-cropped wp-block-gallery-15 is-layout-flex wp-block-gallery-is-layout-flex\" data-block-type=\"core\">\n<figure class=\"wp-block-image size-large\" data-block-type=\"core\"><img loading=\"lazy\" decoding=\"async\" width=\"1200\" height=\"800\" data-id=\"8200\" src=\"https:\/\/marcinkrokowski.com\/wp-content\/uploads\/2023\/02\/Fotorelacja-z-konferencji-BLISKO-w-Gdyni-148-1200x800.jpg\" alt=\"Eine gro&#xDF;e Gruppe von Menschen sitzt in einem Auditorium mit Blick auf die B&#xFC;hne, auf der f&#xFC;nf Personen auf einem Podium sitzen, mit einem Pr&#xE4;sentationsbildschirm hinter ihnen. Der Fokus liegt auf einer Frau im Vordergrund, die sich auf einem Tablet oder einem Notizblock Notizen macht, die vom Fotografen der Veranstaltung als Teil eines Fotoessays aufgenommen wurden. \" class=\"wp-image-8200\" title=\"\" srcset=\"https:\/\/marcinkrokowski.com\/wp-content\/uploads\/2023\/02\/Fotorelacja-z-konferencji-BLISKO-w-Gdyni-148-1200x800.jpg 1200w, https:\/\/marcinkrokowski.com\/wp-content\/uploads\/2023\/02\/Fotorelacja-z-konferencji-BLISKO-w-Gdyni-148-900x600.jpg 900w, https:\/\/marcinkrokowski.com\/wp-content\/uploads\/2023\/02\/Fotorelacja-z-konferencji-BLISKO-w-Gdyni-148-450x300.jpg 450w, https:\/\/marcinkrokowski.com\/wp-content\/uploads\/2023\/02\/Fotorelacja-z-konferencji-BLISKO-w-Gdyni-148.jpg 1920w\" sizes=\"auto, (max-width: 1200px) 100vw, 1200px\" \/><\/figure>\n\n\n<\/figure>\n\n<figure class=\"wp-block-gallery has-nested-images columns-default is-cropped wp-block-gallery-16 is-layout-flex wp-block-gallery-is-layout-flex\" data-block-type=\"core\">\n<figure class=\"wp-block-image size-large\" data-block-type=\"core\"><img loading=\"lazy\" decoding=\"async\" width=\"1200\" height=\"1800\" data-id=\"8117\" src=\"https:\/\/marcinkrokowski.com\/wp-content\/uploads\/2023\/02\/Fotorelacja-z-konferencji-BLISKO-w-Gdyni-65-1200x1800.jpg\" alt=\"Ein Mann im Anzug sitzt auf der B&#xFC;hne und spricht in ein Mikrofon. Im Hintergrund ist eine Projektionsfl&#xE4;che mit bunten Illustrationen und polnischem Text zu sehen. Vor ihm stehen zwei t&#xFC;rkisfarbene Sessel und ein runder schwarzer Tisch mit Wasserflaschen, die der Fotograf f&#xFC;r die Veranstaltung perfekt eingefangen hat.  \" class=\"wp-image-8117\" title=\"\" srcset=\"https:\/\/marcinkrokowski.com\/wp-content\/uploads\/2023\/02\/Fotorelacja-z-konferencji-BLISKO-w-Gdyni-65-1200x1800.jpg 1200w, https:\/\/marcinkrokowski.com\/wp-content\/uploads\/2023\/02\/Fotorelacja-z-konferencji-BLISKO-w-Gdyni-65-900x1350.jpg 900w, https:\/\/marcinkrokowski.com\/wp-content\/uploads\/2023\/02\/Fotorelacja-z-konferencji-BLISKO-w-Gdyni-65-450x675.jpg 450w, https:\/\/marcinkrokowski.com\/wp-content\/uploads\/2023\/02\/Fotorelacja-z-konferencji-BLISKO-w-Gdyni-65.jpg 1280w\" sizes=\"auto, (max-width: 1200px) 100vw, 1200px\" \/><\/figure>\n\n\n\n<figure class=\"wp-block-image size-large\" data-block-type=\"core\"><img loading=\"lazy\" decoding=\"async\" width=\"1200\" height=\"800\" data-id=\"8119\" src=\"https:\/\/marcinkrokowski.com\/wp-content\/uploads\/2023\/02\/Fotorelacja-z-konferencji-BLISKO-w-Gdyni-67-1200x800.jpg\" alt=\"F&#xFC;nf Personen, die an der Podiumsdiskussion teilnehmen, sitzen auf einer B&#xFC;hne mit Mikrofonen. Hinter ihnen ist eine Projektorleinwand zu sehen, auf der der illustrierte Inhalt zu sehen ist. Drei gr&#xFC;ne Sessel stehen auf der B&#xFC;hne und vor den Teilnehmern sind Tische mit Bidons aufgestellt - eine ideale B&#xFC;hne f&#xFC;r ein Foto der Veranstaltung.  \" class=\"wp-image-8119\" title=\"\" srcset=\"https:\/\/marcinkrokowski.com\/wp-content\/uploads\/2023\/02\/Fotorelacja-z-konferencji-BLISKO-w-Gdyni-67-1200x800.jpg 1200w, https:\/\/marcinkrokowski.com\/wp-content\/uploads\/2023\/02\/Fotorelacja-z-konferencji-BLISKO-w-Gdyni-67-900x600.jpg 900w, https:\/\/marcinkrokowski.com\/wp-content\/uploads\/2023\/02\/Fotorelacja-z-konferencji-BLISKO-w-Gdyni-67-450x300.jpg 450w, https:\/\/marcinkrokowski.com\/wp-content\/uploads\/2023\/02\/Fotorelacja-z-konferencji-BLISKO-w-Gdyni-67.jpg 1920w\" sizes=\"auto, (max-width: 1200px) 100vw, 1200px\" \/><\/figure>\n\n\n\n<figure class=\"wp-block-image size-large\" data-block-type=\"core\"><img loading=\"lazy\" decoding=\"async\" width=\"1200\" height=\"800\" data-id=\"8120\" src=\"https:\/\/marcinkrokowski.com\/wp-content\/uploads\/2023\/02\/Fotorelacja-z-konferencji-BLISKO-w-Gdyni-68-1200x800.jpg\" alt=\"Eine gro&#xDF;e Gruppe von Menschen, meist Frauen, sitzt in einem theater&#xE4;hnlichen Raum. Sie klatschen und wirken engagiert, mit dem Blick nach vorne. Einige l&#xE4;cheln, tragen Anstecker und machen sich Notizen. Die Atmosph&#xE4;re scheint lebhaft und aufmerksam zu sein - perfekt f&#xFC;r einen Fotografen bei einer Veranstaltung in Warschau.   \" class=\"wp-image-8120\" title=\"\" srcset=\"https:\/\/marcinkrokowski.com\/wp-content\/uploads\/2023\/02\/Fotorelacja-z-konferencji-BLISKO-w-Gdyni-68-1200x800.jpg 1200w, https:\/\/marcinkrokowski.com\/wp-content\/uploads\/2023\/02\/Fotorelacja-z-konferencji-BLISKO-w-Gdyni-68-900x600.jpg 900w, https:\/\/marcinkrokowski.com\/wp-content\/uploads\/2023\/02\/Fotorelacja-z-konferencji-BLISKO-w-Gdyni-68-450x300.jpg 450w, https:\/\/marcinkrokowski.com\/wp-content\/uploads\/2023\/02\/Fotorelacja-z-konferencji-BLISKO-w-Gdyni-68.jpg 1920w\" sizes=\"auto, (max-width: 1200px) 100vw, 1200px\" \/><\/figure>\n\n\n\n<figure class=\"wp-block-image size-large\" data-block-type=\"core\"><img loading=\"lazy\" decoding=\"async\" width=\"1200\" height=\"800\" data-id=\"8121\" src=\"https:\/\/marcinkrokowski.com\/wp-content\/uploads\/2023\/02\/Fotorelacja-z-konferencji-BLISKO-w-Gdyni-69-1200x800.jpg\" alt=\"Auf der Gedenktafel ist eine Liste mit Namen in schwarzer Tinte handgeschrieben, darunter Monica Schmeichel-Zarzeczna, Wojciech Gach, Agnieszka Borek und Aleksandra Korczy&#x144;ska. Daneben ist eine kleine, einfache Zeichnung zu sehen, die ein l&#xE4;chelndes Gesicht zeigt. Diese Szene f&#xE4;ngt die Erinnerungen an unseren Fotoessay &#xFC;ber das Ereignis ein.   \" class=\"wp-image-8121\" title=\"\" srcset=\"https:\/\/marcinkrokowski.com\/wp-content\/uploads\/2023\/02\/Fotorelacja-z-konferencji-BLISKO-w-Gdyni-69-1200x800.jpg 1200w, https:\/\/marcinkrokowski.com\/wp-content\/uploads\/2023\/02\/Fotorelacja-z-konferencji-BLISKO-w-Gdyni-69-900x600.jpg 900w, https:\/\/marcinkrokowski.com\/wp-content\/uploads\/2023\/02\/Fotorelacja-z-konferencji-BLISKO-w-Gdyni-69-450x300.jpg 450w, https:\/\/marcinkrokowski.com\/wp-content\/uploads\/2023\/02\/Fotorelacja-z-konferencji-BLISKO-w-Gdyni-69.jpg 1920w\" sizes=\"auto, (max-width: 1200px) 100vw, 1200px\" \/><\/figure>\n\n<figure class=\"wp-block-image size-large\" data-block-type=\"core\"><img loading=\"lazy\" decoding=\"async\" width=\"1200\" height=\"800\" data-id=\"8202\" src=\"https:\/\/marcinkrokowski.com\/wp-content\/uploads\/2023\/02\/Fotorelacja-z-konferencji-BLISKO-w-Gdyni-150-1200x800.jpg\" alt=\"Eine Gruppe von Menschen sitzt in einem Auditorium und unterh&#xE4;lt sich, bevor die Veranstaltung beginnt. Wir konzentrieren uns auf zwei Frauen im Vordergrund, die eine lebhafte Diskussion f&#xFC;hren, w&#xE4;hrend ein Eventfotograf Warschau andere Personen im Hintergrund einf&#xE4;ngt, die sich ebenfalls unterhalten und sich auf die Veranstaltung vorbereiten. \" class=\"wp-image-8202\" title=\"\" srcset=\"https:\/\/marcinkrokowski.com\/wp-content\/uploads\/2023\/02\/Fotorelacja-z-konferencji-BLISKO-w-Gdyni-150-1200x800.jpg 1200w, https:\/\/marcinkrokowski.com\/wp-content\/uploads\/2023\/02\/Fotorelacja-z-konferencji-BLISKO-w-Gdyni-150-900x600.jpg 900w, https:\/\/marcinkrokowski.com\/wp-content\/uploads\/2023\/02\/Fotorelacja-z-konferencji-BLISKO-w-Gdyni-150-450x300.jpg 450w, https:\/\/marcinkrokowski.com\/wp-content\/uploads\/2023\/02\/Fotorelacja-z-konferencji-BLISKO-w-Gdyni-150.jpg 1920w\" sizes=\"auto, (max-width: 1200px) 100vw, 1200px\" \/><\/figure>\n\n\n\n<figure class=\"wp-block-image size-large\" data-block-type=\"core\"><img loading=\"lazy\" decoding=\"async\" width=\"1200\" height=\"800\" data-id=\"8203\" src=\"https:\/\/marcinkrokowski.com\/wp-content\/uploads\/2023\/02\/Fotorelacja-z-konferencji-BLISKO-w-Gdyni-151-1200x800.jpg\" alt=\"Eine Gruppe von Menschen, die auf ihren Pl&#xE4;tzen im Theater sitzen, unterh&#xE4;lt sich, w&#xE4;hrend sie auf den Beginn der Vorstellung warten. Sie sind leger gekleidet und sehen engagiert aus. Im Hintergrund sind weitere Zuschauer zu sehen, was auf eine lebhafte Atmosph&#xE4;re im Zuschauerraum hindeutet, die von einem Fotografen aus Warschau perfekt eingefangen wurde.  \" class=\"wp-image-8203\" title=\"\" srcset=\"https:\/\/marcinkrokowski.com\/wp-content\/uploads\/2023\/02\/Fotorelacja-z-konferencji-BLISKO-w-Gdyni-151-1200x800.jpg 1200w, https:\/\/marcinkrokowski.com\/wp-content\/uploads\/2023\/02\/Fotorelacja-z-konferencji-BLISKO-w-Gdyni-151-900x600.jpg 900w, https:\/\/marcinkrokowski.com\/wp-content\/uploads\/2023\/02\/Fotorelacja-z-konferencji-BLISKO-w-Gdyni-151-450x300.jpg 450w, https:\/\/marcinkrokowski.com\/wp-content\/uploads\/2023\/02\/Fotorelacja-z-konferencji-BLISKO-w-Gdyni-151.jpg 1920w\" sizes=\"auto, (max-width: 1200px) 100vw, 1200px\" \/><\/figure>\n\n\n\n<figure class=\"wp-block-image size-large\" data-block-type=\"core\"><img loading=\"lazy\" decoding=\"async\" width=\"1200\" height=\"1800\" data-id=\"8123\" src=\"https:\/\/marcinkrokowski.com\/wp-content\/uploads\/2023\/02\/Fotorelacja-z-konferencji-BLISKO-w-Gdyni-71-1200x1800.jpg\" alt=\"Eine Person mit schulterlangem Haar, die ein wei&#xDF;es Hemd und ein rotes Schl&#xFC;sselband tr&#xE4;gt, lacht, w&#xE4;hrend sie inmitten der Menge sitzt und Freude und Engagement zeigt. Im Hintergrund sind unscharfe Personen und Elemente zu sehen, die auf ein Ereignis oder eine Umgebung hindeuten, die der Fotograf bei einer Veranstaltung aufgenommen hat. \" class=\"wp-image-8123\" title=\"\" srcset=\"https:\/\/marcinkrokowski.com\/wp-content\/uploads\/2023\/02\/Fotorelacja-z-konferencji-BLISKO-w-Gdyni-71-1200x1800.jpg 1200w, https:\/\/marcinkrokowski.com\/wp-content\/uploads\/2023\/02\/Fotorelacja-z-konferencji-BLISKO-w-Gdyni-71-900x1350.jpg 900w, https:\/\/marcinkrokowski.com\/wp-content\/uploads\/2023\/02\/Fotorelacja-z-konferencji-BLISKO-w-Gdyni-71-450x675.jpg 450w, https:\/\/marcinkrokowski.com\/wp-content\/uploads\/2023\/02\/Fotorelacja-z-konferencji-BLISKO-w-Gdyni-71.jpg 1280w\" sizes=\"auto, (max-width: 1200px) 100vw, 1200px\" \/><\/figure>\n\n<figure class=\"wp-block-image size-large\" data-block-type=\"core\"><img loading=\"lazy\" decoding=\"async\" width=\"1200\" height=\"800\" data-id=\"8124\" src=\"https:\/\/marcinkrokowski.com\/wp-content\/uploads\/2023\/02\/Fotorelacja-z-konferencji-BLISKO-w-Gdyni-72-1200x800.jpg\" alt=\"Ein Mann mit grauem Haar, der eine korallenfarbene Jacke tr&#xE4;gt, sitzt in einem Auditorium inmitten einer Menschenmenge. Er l&#xE4;chelt und sieht aus, als ob er sich mit jemandem neben ihm unterhalten w&#xFC;rde. Der Hintergrund ist unscharf und zeigt andere Teilnehmer, die in der N&#xE4;he sitzen - perfekt f&#xFC;r einen Fotoessay &#xFC;ber die Veranstaltung.  \" class=\"wp-image-8124\" title=\"\" srcset=\"https:\/\/marcinkrokowski.com\/wp-content\/uploads\/2023\/02\/Fotorelacja-z-konferencji-BLISKO-w-Gdyni-72-1200x800.jpg 1200w, https:\/\/marcinkrokowski.com\/wp-content\/uploads\/2023\/02\/Fotorelacja-z-konferencji-BLISKO-w-Gdyni-72-900x600.jpg 900w, https:\/\/marcinkrokowski.com\/wp-content\/uploads\/2023\/02\/Fotorelacja-z-konferencji-BLISKO-w-Gdyni-72-450x300.jpg 450w, https:\/\/marcinkrokowski.com\/wp-content\/uploads\/2023\/02\/Fotorelacja-z-konferencji-BLISKO-w-Gdyni-72.jpg 1920w\" sizes=\"auto, (max-width: 1200px) 100vw, 1200px\" \/><\/figure>\n\n\n\n<figure class=\"wp-block-image size-large\" data-block-type=\"core\"><img loading=\"lazy\" decoding=\"async\" width=\"1200\" height=\"800\" data-id=\"8125\" src=\"https:\/\/marcinkrokowski.com\/wp-content\/uploads\/2023\/02\/Fotorelacja-z-konferencji-BLISKO-w-Gdyni-73-1200x800.jpg\" alt=\"In einer auditoriums&#xE4;hnlichen Sitzordnung unterhalten sich die Menschen angeregt. Ein Mann in einem gemusterten blauen Hemd und einer Brille unterh&#xE4;lt sich angeregt mit einer rothaarigen Frau in einer wei&#xDF;en Bluse. Die lebhafte Szene der Interaktion wurde von dem Eventfotografen Warsaw wundersch&#xF6;n eingefangen, der die Erinnerungen f&#xFC;r den Event-Fotobericht dokumentierte.  \" class=\"wp-image-8125\" title=\"\" srcset=\"https:\/\/marcinkrokowski.com\/wp-content\/uploads\/2023\/02\/Fotorelacja-z-konferencji-BLISKO-w-Gdyni-73-1200x800.jpg 1200w, https:\/\/marcinkrokowski.com\/wp-content\/uploads\/2023\/02\/Fotorelacja-z-konferencji-BLISKO-w-Gdyni-73-900x600.jpg 900w, https:\/\/marcinkrokowski.com\/wp-content\/uploads\/2023\/02\/Fotorelacja-z-konferencji-BLISKO-w-Gdyni-73-450x300.jpg 450w, https:\/\/marcinkrokowski.com\/wp-content\/uploads\/2023\/02\/Fotorelacja-z-konferencji-BLISKO-w-Gdyni-73.jpg 1920w\" sizes=\"auto, (max-width: 1200px) 100vw, 1200px\" \/><\/figure>\n\n\n\n<figure class=\"wp-block-image size-large\" data-block-type=\"core\"><img loading=\"lazy\" decoding=\"async\" width=\"1200\" height=\"800\" data-id=\"8126\" src=\"https:\/\/marcinkrokowski.com\/wp-content\/uploads\/2023\/02\/Fotorelacja-z-konferencji-BLISKO-w-Gdyni-74-1200x800.jpg\" alt=\"Eine Frau in einer gr&#xFC;nen Bluse, die ein Telefon und einen Notizblock in der Hand h&#xE4;lt, l&#xE4;chelt und st&#xFC;tzt ihren Kopf auf ihre Hand, w&#xE4;hrend sie eine andere Person anschaut. Sie wurde w&#xE4;hrend eines Fotoshootings f&#xFC;r eine Veranstaltung von einem Fotografen f&#xFC;r die Veranstaltung aufgenommen. Sie sitzt inmitten einer Gruppe von Menschen in einem Raum, der einem H&#xF6;rsaal oder Auditorium &#xE4;hnelt. \" class=\"wp-image-8126\" title=\"\" srcset=\"https:\/\/marcinkrokowski.com\/wp-content\/uploads\/2023\/02\/Fotorelacja-z-konferencji-BLISKO-w-Gdyni-74-1200x800.jpg 1200w, https:\/\/marcinkrokowski.com\/wp-content\/uploads\/2023\/02\/Fotorelacja-z-konferencji-BLISKO-w-Gdyni-74-900x600.jpg 900w, https:\/\/marcinkrokowski.com\/wp-content\/uploads\/2023\/02\/Fotorelacja-z-konferencji-BLISKO-w-Gdyni-74-450x300.jpg 450w, https:\/\/marcinkrokowski.com\/wp-content\/uploads\/2023\/02\/Fotorelacja-z-konferencji-BLISKO-w-Gdyni-74.jpg 1920w\" sizes=\"auto, (max-width: 1200px) 100vw, 1200px\" \/><\/figure>\n\n\n\n<figure class=\"wp-block-image size-large\" data-block-type=\"core\"><img loading=\"lazy\" decoding=\"async\" width=\"1200\" height=\"800\" data-id=\"8204\" src=\"https:\/\/marcinkrokowski.com\/wp-content\/uploads\/2023\/02\/Fotorelacja-z-konferencji-BLISKO-w-Gdyni-152-1200x800.jpg\" alt=\"Eine Person mit Brille und Anzug h&#xE4;lt ein Mikrofon und eine blaue Aktentasche und spricht vor einem Bildschirm, auf dem Luftballons mit polnischem Text zu sehen sind. Im Hintergrund bunte Luftballons mit verschiedenen Spr&#xFC;chen und dekorativen Elementen, wundersch&#xF6;n eingefangen von einem Fotografen aus Warschau, der das Ereignis dokumentiert hat. \" class=\"wp-image-8204\" title=\"\" srcset=\"https:\/\/marcinkrokowski.com\/wp-content\/uploads\/2023\/02\/Fotorelacja-z-konferencji-BLISKO-w-Gdyni-152-1200x800.jpg 1200w, https:\/\/marcinkrokowski.com\/wp-content\/uploads\/2023\/02\/Fotorelacja-z-konferencji-BLISKO-w-Gdyni-152-900x600.jpg 900w, https:\/\/marcinkrokowski.com\/wp-content\/uploads\/2023\/02\/Fotorelacja-z-konferencji-BLISKO-w-Gdyni-152-450x300.jpg 450w, https:\/\/marcinkrokowski.com\/wp-content\/uploads\/2023\/02\/Fotorelacja-z-konferencji-BLISKO-w-Gdyni-152.jpg 1920w\" sizes=\"auto, (max-width: 1200px) 100vw, 1200px\" \/><\/figure>\n\n<figure class=\"wp-block-image size-large\" data-block-type=\"core\"><img loading=\"lazy\" decoding=\"async\" width=\"1200\" height=\"800\" data-id=\"8127\" src=\"https:\/\/marcinkrokowski.com\/wp-content\/uploads\/2023\/02\/Fotorelacja-z-konferencji-BLISKO-w-Gdyni-75-1200x800.jpg\" alt=\"Auf der B&#xFC;hne spricht ein Mann in einer karierten Jacke in ein Mikrofon. Hinter ihm befindet sich ein Pr&#xE4;sentationsbildschirm mit Text in einer Fremdsprache. Neben ihm sind blaue St&#xFC;hle aufgestellt, die einen Fotomoment der Veranstaltung festhalten.  \" class=\"wp-image-8127\" title=\"\" srcset=\"https:\/\/marcinkrokowski.com\/wp-content\/uploads\/2023\/02\/Fotorelacja-z-konferencji-BLISKO-w-Gdyni-75-1200x800.jpg 1200w, https:\/\/marcinkrokowski.com\/wp-content\/uploads\/2023\/02\/Fotorelacja-z-konferencji-BLISKO-w-Gdyni-75-900x600.jpg 900w, https:\/\/marcinkrokowski.com\/wp-content\/uploads\/2023\/02\/Fotorelacja-z-konferencji-BLISKO-w-Gdyni-75-450x300.jpg 450w, https:\/\/marcinkrokowski.com\/wp-content\/uploads\/2023\/02\/Fotorelacja-z-konferencji-BLISKO-w-Gdyni-75.jpg 1920w\" sizes=\"auto, (max-width: 1200px) 100vw, 1200px\" \/><\/figure>\n\n\n\n<figure class=\"wp-block-image size-large\" data-block-type=\"core\"><img loading=\"lazy\" decoding=\"async\" width=\"1200\" height=\"800\" data-id=\"8130\" src=\"https:\/\/marcinkrokowski.com\/wp-content\/uploads\/2023\/02\/Fotorelacja-z-konferencji-BLISKO-w-Gdyni-78-1200x800.jpg\" alt=\"Eine bunt gemischte Gruppe von Menschen sitzt in Reihen im Auditorium. Einige machen sich Notizen, andere h&#xF6;ren der Pr&#xE4;sentation aufmerksam zu. Im Vordergrund steht ein nachdenklicher Mann mit einem Stift am Kinn, der von einem Fotografen aus Warschau aufgenommen wurde, der die Veranstaltung fotografisch dokumentierte.  \" class=\"wp-image-8130\" title=\"\" srcset=\"https:\/\/marcinkrokowski.com\/wp-content\/uploads\/2023\/02\/Fotorelacja-z-konferencji-BLISKO-w-Gdyni-78-1200x800.jpg 1200w, https:\/\/marcinkrokowski.com\/wp-content\/uploads\/2023\/02\/Fotorelacja-z-konferencji-BLISKO-w-Gdyni-78-900x600.jpg 900w, https:\/\/marcinkrokowski.com\/wp-content\/uploads\/2023\/02\/Fotorelacja-z-konferencji-BLISKO-w-Gdyni-78-450x300.jpg 450w, https:\/\/marcinkrokowski.com\/wp-content\/uploads\/2023\/02\/Fotorelacja-z-konferencji-BLISKO-w-Gdyni-78.jpg 1920w\" sizes=\"auto, (max-width: 1200px) 100vw, 1200px\" \/><\/figure>\n\n<figure class=\"wp-block-image size-large\" data-block-type=\"core\"><img loading=\"lazy\" decoding=\"async\" width=\"1200\" height=\"800\" data-id=\"8207\" src=\"https:\/\/marcinkrokowski.com\/wp-content\/uploads\/2023\/02\/Fotorelacja-z-konferencji-BLISKO-w-Gdyni-155-1200x800.jpg\" alt=\"Eine Person verwendet ein Tablet mit einem Stift, um bunte, illustrierte Notizen zu machen. Die Notizen enthalten Zeichnungen, Text und hervorgehobene Abschnitte. Die Szene &#xE4;hnelt einer akademischen oder kreativen Umgebung, so wie ein Fotograf bei einer Veranstaltung die Energie der Veranstaltung mit digitalen Methoden des Event-Fotojournalismus einfangen kann.  \" class=\"wp-image-8207\" title=\"\" srcset=\"https:\/\/marcinkrokowski.com\/wp-content\/uploads\/2023\/02\/Fotorelacja-z-konferencji-BLISKO-w-Gdyni-155-1200x800.jpg 1200w, https:\/\/marcinkrokowski.com\/wp-content\/uploads\/2023\/02\/Fotorelacja-z-konferencji-BLISKO-w-Gdyni-155-900x600.jpg 900w, https:\/\/marcinkrokowski.com\/wp-content\/uploads\/2023\/02\/Fotorelacja-z-konferencji-BLISKO-w-Gdyni-155-450x300.jpg 450w, https:\/\/marcinkrokowski.com\/wp-content\/uploads\/2023\/02\/Fotorelacja-z-konferencji-BLISKO-w-Gdyni-155.jpg 1920w\" sizes=\"auto, (max-width: 1200px) 100vw, 1200px\" \/><\/figure>\n\n\n\n<figure class=\"wp-block-image size-large\" data-block-type=\"core\"><img loading=\"lazy\" decoding=\"async\" width=\"1200\" height=\"800\" data-id=\"8208\" src=\"https:\/\/marcinkrokowski.com\/wp-content\/uploads\/2023\/02\/Fotorelacja-z-konferencji-BLISKO-w-Gdyni-156-1200x800.jpg\" alt=\"Der Redner steht auf einer B&#xFC;hne mit einem Mikrofon und blickt auf einen gro&#xDF;en Bildschirm, auf dem ein Bild des Redners mit einem Banner mit der Aufschrift &#039;Municipal Public Library&#039; zu sehen ist. Auf der B&#xFC;hne stehen mehrere t&#xFC;rkisfarbene St&#xFC;hle, die die Essenz der lebhaften Konferenz einfangen. Die Veranstaltung wurde von einem Fotografen aus Warschau gekonnt in Szene gesetzt.  \" class=\"wp-image-8208\" title=\"\" srcset=\"https:\/\/marcinkrokowski.com\/wp-content\/uploads\/2023\/02\/Fotorelacja-z-konferencji-BLISKO-w-Gdyni-156-1200x800.jpg 1200w, https:\/\/marcinkrokowski.com\/wp-content\/uploads\/2023\/02\/Fotorelacja-z-konferencji-BLISKO-w-Gdyni-156-900x600.jpg 900w, https:\/\/marcinkrokowski.com\/wp-content\/uploads\/2023\/02\/Fotorelacja-z-konferencji-BLISKO-w-Gdyni-156-450x300.jpg 450w, https:\/\/marcinkrokowski.com\/wp-content\/uploads\/2023\/02\/Fotorelacja-z-konferencji-BLISKO-w-Gdyni-156.jpg 1920w\" sizes=\"auto, (max-width: 1200px) 100vw, 1200px\" \/><\/figure>\n\n\n\n<figure class=\"wp-block-image size-large\" data-block-type=\"core\"><img loading=\"lazy\" decoding=\"async\" width=\"1200\" height=\"800\" data-id=\"8210\" src=\"https:\/\/marcinkrokowski.com\/wp-content\/uploads\/2023\/02\/Fotorelacja-z-konferencji-BLISKO-w-Gdyni-158-1200x800.jpg\" alt=\"Ein modernes Kulturgeb&#xE4;ude mit einer gro&#xDF;en wei&#xDF;en Fassade und einer Glasbogenb&#xFC;hne ist von gr&#xFC;nen Rasenfl&#xE4;chen und verstreuten B&#xE4;umen umgeben. Die Menschen spazieren, sitzen und entspannen sich auf dem Gras und den Wegen unter dem klaren blauen Himmel - die perfekte Szene f&#xFC;r einen Eventfotografen Warschau zum Festhalten. \" class=\"wp-image-8210\" title=\"\" srcset=\"https:\/\/marcinkrokowski.com\/wp-content\/uploads\/2023\/02\/Fotorelacja-z-konferencji-BLISKO-w-Gdyni-158-1200x800.jpg 1200w, https:\/\/marcinkrokowski.com\/wp-content\/uploads\/2023\/02\/Fotorelacja-z-konferencji-BLISKO-w-Gdyni-158-900x600.jpg 900w, https:\/\/marcinkrokowski.com\/wp-content\/uploads\/2023\/02\/Fotorelacja-z-konferencji-BLISKO-w-Gdyni-158-450x300.jpg 450w, https:\/\/marcinkrokowski.com\/wp-content\/uploads\/2023\/02\/Fotorelacja-z-konferencji-BLISKO-w-Gdyni-158.jpg 1920w\" sizes=\"auto, (max-width: 1200px) 100vw, 1200px\" \/><\/figure>\n\n<figure class=\"wp-block-image size-large\" data-block-type=\"core\"><img loading=\"lazy\" decoding=\"async\" width=\"1200\" height=\"1800\" data-id=\"8211\" src=\"https:\/\/marcinkrokowski.com\/wp-content\/uploads\/2023\/02\/Fotorelacja-z-konferencji-BLISKO-w-Gdyni-159-1200x1800.jpg\" alt=\"Ein gro&#xDF;es, lebhaftes Wandgem&#xE4;lde, das ein Auge auf rotem Hintergrund zeigt, schm&#xFC;ckt das moderne Interieur. Von der Decke h&#xE4;ngen zahlreiche durchsichtige Leuchten in verschiedenen L&#xE4;ngen &#xFC;ber einer Treppe mit eleganten schwarzen Balustraden herab. Das Gesamtdesign ist modern und auffallend - perfekt f&#xFC;r jeden Warschauer Fotografen, um es festzuhalten.  \" class=\"wp-image-8211\" title=\"\" srcset=\"https:\/\/marcinkrokowski.com\/wp-content\/uploads\/2023\/02\/Fotorelacja-z-konferencji-BLISKO-w-Gdyni-159-1200x1800.jpg 1200w, https:\/\/marcinkrokowski.com\/wp-content\/uploads\/2023\/02\/Fotorelacja-z-konferencji-BLISKO-w-Gdyni-159-900x1350.jpg 900w, https:\/\/marcinkrokowski.com\/wp-content\/uploads\/2023\/02\/Fotorelacja-z-konferencji-BLISKO-w-Gdyni-159-450x675.jpg 450w, https:\/\/marcinkrokowski.com\/wp-content\/uploads\/2023\/02\/Fotorelacja-z-konferencji-BLISKO-w-Gdyni-159.jpg 1280w\" sizes=\"auto, (max-width: 1200px) 100vw, 1200px\" \/><\/figure>\n\n\n\n<figure class=\"wp-block-image size-large\" data-block-type=\"core\"><img loading=\"lazy\" decoding=\"async\" width=\"1200\" height=\"1800\" data-id=\"8212\" src=\"https:\/\/marcinkrokowski.com\/wp-content\/uploads\/2023\/02\/Fotorelacja-z-konferencji-BLISKO-w-Gdyni-160-1200x1800.jpg\" alt=\"Eine Treppe mit roten Stufen und eine schwarze Wand, die mit sechs identischen Plakaten geschm&#xFC;ckt ist. Die in einer diagonalen Linie angeordneten Plakate enthalten farbenfrohe Texte und Grafiken, die das Programm bewerben. Die B&#xFC;hne ist gut beleuchtet, was die lebhaften Farben hervorhebt - ideal f&#xFC;r Event-Fotojournalismus oder f&#xFC;r Event-Fotografen, die Erinnerungen festhalten.  \" class=\"wp-image-8212\" title=\"\" srcset=\"https:\/\/marcinkrokowski.com\/wp-content\/uploads\/2023\/02\/Fotorelacja-z-konferencji-BLISKO-w-Gdyni-160-1200x1800.jpg 1200w, https:\/\/marcinkrokowski.com\/wp-content\/uploads\/2023\/02\/Fotorelacja-z-konferencji-BLISKO-w-Gdyni-160-900x1350.jpg 900w, https:\/\/marcinkrokowski.com\/wp-content\/uploads\/2023\/02\/Fotorelacja-z-konferencji-BLISKO-w-Gdyni-160-450x675.jpg 450w, https:\/\/marcinkrokowski.com\/wp-content\/uploads\/2023\/02\/Fotorelacja-z-konferencji-BLISKO-w-Gdyni-160.jpg 1280w\" sizes=\"auto, (max-width: 1200px) 100vw, 1200px\" \/><\/figure>\n\n\n<\/figure>\n\n<figure class=\"wp-block-gallery has-nested-images columns-4 is-cropped wp-block-gallery-17 is-layout-flex wp-block-gallery-is-layout-flex\" data-block-type=\"core\">\n<figure class=\"wp-block-image size-large\" data-block-type=\"core\"><img loading=\"lazy\" decoding=\"async\" width=\"1200\" height=\"800\" data-id=\"8214\" src=\"https:\/\/marcinkrokowski.com\/wp-content\/uploads\/2023\/02\/Fotorelacja-z-konferencji-BLISKO-w-Gdyni-162-1200x800.jpg\" alt=\"Ein &#xFC;berf&#xFC;llter Saal mit Menschen, die in gestaffelten Reihen sitzen, viele mit Smartphones in der Hand. Mehrere Leute machen Fotos oder Videos von einer Frau, die auf der B&#xFC;hne neben einem gro&#xDF;en Bildschirm mit bunten Grafiken und Texten spricht. Auf der B&#xFC;hne stehen vier leere St&#xFC;hle, ideal f&#xFC;r einen umfassenden Fotoessay &#xFC;ber die Veranstaltung.  \" class=\"wp-image-8214\" title=\"\" srcset=\"https:\/\/marcinkrokowski.com\/wp-content\/uploads\/2023\/02\/Fotorelacja-z-konferencji-BLISKO-w-Gdyni-162-1200x800.jpg 1200w, https:\/\/marcinkrokowski.com\/wp-content\/uploads\/2023\/02\/Fotorelacja-z-konferencji-BLISKO-w-Gdyni-162-900x600.jpg 900w, https:\/\/marcinkrokowski.com\/wp-content\/uploads\/2023\/02\/Fotorelacja-z-konferencji-BLISKO-w-Gdyni-162-450x300.jpg 450w, https:\/\/marcinkrokowski.com\/wp-content\/uploads\/2023\/02\/Fotorelacja-z-konferencji-BLISKO-w-Gdyni-162.jpg 1920w\" sizes=\"auto, (max-width: 1200px) 100vw, 1200px\" \/><\/figure>\n\n\n\n<figure class=\"wp-block-image size-large\" data-block-type=\"core\"><img loading=\"lazy\" decoding=\"async\" width=\"1200\" height=\"800\" data-id=\"8215\" src=\"https:\/\/marcinkrokowski.com\/wp-content\/uploads\/2023\/02\/Fotorelacja-z-konferencji-BLISKO-w-Gdyni-163-1200x800.jpg\" alt=\"Eine Frau steht auf der B&#xFC;hne neben einem gro&#xDF;en illustrierten Pr&#xE4;sentationsbildschirm in einem Konferenzraum mit theater&#xE4;hnlicher Bestuhlung. Das Publikum sitzt und macht sich Notizen, w&#xE4;hrend ein Mann in der N&#xE4;he der B&#xFC;hne auf den Bildschirm zeigt. Auf der B&#xFC;hne stehen mehrere blaue St&#xFC;hle, die der Eventfotograf Warsaw perfekt eingefangen hat.  \" class=\"wp-image-8215\" title=\"\" srcset=\"https:\/\/marcinkrokowski.com\/wp-content\/uploads\/2023\/02\/Fotorelacja-z-konferencji-BLISKO-w-Gdyni-163-1200x800.jpg 1200w, https:\/\/marcinkrokowski.com\/wp-content\/uploads\/2023\/02\/Fotorelacja-z-konferencji-BLISKO-w-Gdyni-163-900x600.jpg 900w, https:\/\/marcinkrokowski.com\/wp-content\/uploads\/2023\/02\/Fotorelacja-z-konferencji-BLISKO-w-Gdyni-163-450x300.jpg 450w, https:\/\/marcinkrokowski.com\/wp-content\/uploads\/2023\/02\/Fotorelacja-z-konferencji-BLISKO-w-Gdyni-163.jpg 1920w\" sizes=\"auto, (max-width: 1200px) 100vw, 1200px\" \/><\/figure>\n\n\n<\/figure>\n\n<figure class=\"wp-block-gallery has-nested-images columns-default is-cropped wp-block-gallery-18 is-layout-flex wp-block-gallery-is-layout-flex\" data-block-type=\"core\">\n<figure class=\"wp-block-image size-large\" data-block-type=\"core\"><img loading=\"lazy\" decoding=\"async\" width=\"1200\" height=\"1800\" data-id=\"8135\" src=\"https:\/\/marcinkrokowski.com\/wp-content\/uploads\/2023\/02\/Fotorelacja-z-konferencji-BLISKO-w-Gdyni-83-1200x1800.jpg\" alt=\"Eine Frau mit blondem Haar sitzt in einem dunklen Raum und h&#xE4;lt ein St&#xFC;ck Papier in der Hand, auf dem das Wort &#039;PRESENT&#039; steht. Sie tr&#xE4;gt eine khakifarbene Jacke und ein Schl&#xFC;sselband um den Hals. Im Hintergrund sitzen weitere Personen, einige von ihnen sind unscharf. Das Bild wurde von dem Eventfotografen warszawa aufgenommen und strahlt Authentizit&#xE4;t und Engagement aus.   \" class=\"wp-image-8135\" title=\"\" srcset=\"https:\/\/marcinkrokowski.com\/wp-content\/uploads\/2023\/02\/Fotorelacja-z-konferencji-BLISKO-w-Gdyni-83-1200x1800.jpg 1200w, https:\/\/marcinkrokowski.com\/wp-content\/uploads\/2023\/02\/Fotorelacja-z-konferencji-BLISKO-w-Gdyni-83-900x1350.jpg 900w, https:\/\/marcinkrokowski.com\/wp-content\/uploads\/2023\/02\/Fotorelacja-z-konferencji-BLISKO-w-Gdyni-83-450x675.jpg 450w, https:\/\/marcinkrokowski.com\/wp-content\/uploads\/2023\/02\/Fotorelacja-z-konferencji-BLISKO-w-Gdyni-83.jpg 1280w\" sizes=\"auto, (max-width: 1200px) 100vw, 1200px\" \/><\/figure>\n\n\n\n<figure class=\"wp-block-image size-large\" data-block-type=\"core\"><img loading=\"lazy\" decoding=\"async\" width=\"1200\" height=\"800\" data-id=\"8216\" src=\"https:\/\/marcinkrokowski.com\/wp-content\/uploads\/2023\/02\/Fotorelacja-z-konferencji-BLISKO-w-Gdyni-164-1200x800.jpg\" alt=\"Eine Person h&#xE4;lt einen wei&#xDF;en Notizblock mit dem Wort &#039;DEVELOPMENT&#039; in blauer Tinte. Teilweise ist die Hand der Person mit dem Ring zu sehen, die das untere Ende des Notizblocks h&#xE4;lt. Der unscharfe und dunkle Hintergrund deutet auf einen Raum hin, der vielleicht von einem Fotografen bei der Veranstaltung aufgenommen wurde.  \" class=\"wp-image-8216\" title=\"\" srcset=\"https:\/\/marcinkrokowski.com\/wp-content\/uploads\/2023\/02\/Fotorelacja-z-konferencji-BLISKO-w-Gdyni-164-1200x800.jpg 1200w, https:\/\/marcinkrokowski.com\/wp-content\/uploads\/2023\/02\/Fotorelacja-z-konferencji-BLISKO-w-Gdyni-164-900x600.jpg 900w, https:\/\/marcinkrokowski.com\/wp-content\/uploads\/2023\/02\/Fotorelacja-z-konferencji-BLISKO-w-Gdyni-164-450x300.jpg 450w, https:\/\/marcinkrokowski.com\/wp-content\/uploads\/2023\/02\/Fotorelacja-z-konferencji-BLISKO-w-Gdyni-164.jpg 1920w\" sizes=\"auto, (max-width: 1200px) 100vw, 1200px\" \/><\/figure>\n\n\n<\/figure>\n\n<figure class=\"wp-block-gallery has-nested-images columns-default is-cropped wp-block-gallery-19 is-layout-flex wp-block-gallery-is-layout-flex\" data-block-type=\"core\">\n<figure class=\"wp-block-image size-large\" data-block-type=\"core\"><img loading=\"lazy\" decoding=\"async\" width=\"1200\" height=\"800\" data-id=\"8137\" src=\"https:\/\/marcinkrokowski.com\/wp-content\/uploads\/2023\/02\/Fotorelacja-z-konferencji-BLISKO-w-Gdyni-85-1200x800.jpg\" alt=\"Ein moderner Konferenzraum mit gro&#xDF;en Fenstern und Vorh&#xE4;ngen. Ein buntes Schild auf einer Staffelei verk&#xFC;ndet: &quot;Pr&#xE4;sentationsprogramm: E Z Y ABC&quot; mit Pfeilen, die nach links und rechts zeigen. Im Hintergrund stehen Tische und St&#xFC;hle und rechts ein Getr&#xE4;nketisch, perfekt f&#xFC;r jede Eventfotografensitzung in Warschau.  \" class=\"wp-image-8137\" title=\"\" srcset=\"https:\/\/marcinkrokowski.com\/wp-content\/uploads\/2023\/02\/Fotorelacja-z-konferencji-BLISKO-w-Gdyni-85-1200x800.jpg 1200w, https:\/\/marcinkrokowski.com\/wp-content\/uploads\/2023\/02\/Fotorelacja-z-konferencji-BLISKO-w-Gdyni-85-900x600.jpg 900w, https:\/\/marcinkrokowski.com\/wp-content\/uploads\/2023\/02\/Fotorelacja-z-konferencji-BLISKO-w-Gdyni-85-450x300.jpg 450w, https:\/\/marcinkrokowski.com\/wp-content\/uploads\/2023\/02\/Fotorelacja-z-konferencji-BLISKO-w-Gdyni-85.jpg 1920w\" sizes=\"auto, (max-width: 1200px) 100vw, 1200px\" \/><\/figure>\n\n\n\n<figure class=\"wp-block-image size-large\" data-block-type=\"core\"><img loading=\"lazy\" decoding=\"async\" width=\"1200\" height=\"800\" data-id=\"8140\" src=\"https:\/\/marcinkrokowski.com\/wp-content\/uploads\/2023\/02\/Fotorelacja-z-konferencji-BLISKO-w-Gdyni-88-1200x800.jpg\" alt=\"Eine Frau steht vor dem Flipchart und hinter ihr stehen drei weitere Frauen, die alle Namensschilder und Schl&#xFC;sselb&#xE4;nder tragen. Auf dem Flipchart befinden sich Beschriftungen und Zeichnungen. Sie scheinen sich in einem Konferenzraum mit gro&#xDF;en Fenstern im Hintergrund zu befinden, wundersch&#xF6;n eingefangen von einem erfahrenen Eventfotografen Warschau.  \" class=\"wp-image-8140\" title=\"\" srcset=\"https:\/\/marcinkrokowski.com\/wp-content\/uploads\/2023\/02\/Fotorelacja-z-konferencji-BLISKO-w-Gdyni-88-1200x800.jpg 1200w, https:\/\/marcinkrokowski.com\/wp-content\/uploads\/2023\/02\/Fotorelacja-z-konferencji-BLISKO-w-Gdyni-88-900x600.jpg 900w, https:\/\/marcinkrokowski.com\/wp-content\/uploads\/2023\/02\/Fotorelacja-z-konferencji-BLISKO-w-Gdyni-88-450x300.jpg 450w, https:\/\/marcinkrokowski.com\/wp-content\/uploads\/2023\/02\/Fotorelacja-z-konferencji-BLISKO-w-Gdyni-88.jpg 1920w\" sizes=\"auto, (max-width: 1200px) 100vw, 1200px\" \/><\/figure>\n\n\n<\/figure>\n\n<h2 class=\"wp-block-heading\" data-block-type=\"core\">Fotos vom zweiten Tag der Konferenz<\/h2>\n\n<figure class=\"wp-block-gallery has-nested-images columns-default is-cropped wp-block-gallery-20 is-layout-flex wp-block-gallery-is-layout-flex\" data-block-type=\"core\">\n<figure class=\"wp-block-image size-large\" data-block-type=\"core\"><img loading=\"lazy\" decoding=\"async\" width=\"1200\" height=\"800\" data-id=\"8142\" src=\"https:\/\/marcinkrokowski.com\/wp-content\/uploads\/2023\/02\/Fotorelacja-z-konferencji-BLISKO-w-Gdyni-90-1200x800.jpg\" alt=\"Eine Gruppe von Menschen hat sich in einem gut beleuchteten Raum um Tische versammelt. Zwei Personen, eine in einem schwarzen Hemd und die andere in einem dunkelgrauen Hemd, sitzen l&#xE4;chelnd und mit roten Schl&#xFC;sselb&#xE4;ndern um den Hals in die Kamera. Andere Personen sind teilweise im Vordergrund zu sehen. Das Bild wurde von einem talentierten Fotografen f&#xFC;r eine Veranstaltung in Warschau aufgenommen.  \" class=\"wp-image-8142\" title=\"\" srcset=\"https:\/\/marcinkrokowski.com\/wp-content\/uploads\/2023\/02\/Fotorelacja-z-konferencji-BLISKO-w-Gdyni-90-1200x800.jpg 1200w, https:\/\/marcinkrokowski.com\/wp-content\/uploads\/2023\/02\/Fotorelacja-z-konferencji-BLISKO-w-Gdyni-90-900x600.jpg 900w, https:\/\/marcinkrokowski.com\/wp-content\/uploads\/2023\/02\/Fotorelacja-z-konferencji-BLISKO-w-Gdyni-90-450x300.jpg 450w, https:\/\/marcinkrokowski.com\/wp-content\/uploads\/2023\/02\/Fotorelacja-z-konferencji-BLISKO-w-Gdyni-90.jpg 1920w\" sizes=\"auto, (max-width: 1200px) 100vw, 1200px\" \/><\/figure>\n\n\n\n<figure class=\"wp-block-image size-large\" data-block-type=\"core\"><img loading=\"lazy\" decoding=\"async\" width=\"1200\" height=\"800\" data-id=\"8143\" src=\"https:\/\/marcinkrokowski.com\/wp-content\/uploads\/2023\/02\/Fotorelacja-z-konferencji-BLISKO-w-Gdyni-91-1200x800.jpg\" alt=\"Eine Frau mit langen blonden Haaren, die eine gebl&#xFC;mte Bluse tr&#xE4;gt, sitzt an einem Konferenztisch und blickt in eine Kamera, die von einem Fotografen bei einer Veranstaltung aufgenommen wurde. Zwei andere Personen sind teilweise sichtbar, eine in einer blauen Bluse und die andere in einer wei&#xDF;en Jacke. Der Hintergrund ist ein moderner, gut beleuchteter Raum mit beigen W&#xE4;nden.  \" class=\"wp-image-8143\" title=\"\" srcset=\"https:\/\/marcinkrokowski.com\/wp-content\/uploads\/2023\/02\/Fotorelacja-z-konferencji-BLISKO-w-Gdyni-91-1200x800.jpg 1200w, https:\/\/marcinkrokowski.com\/wp-content\/uploads\/2023\/02\/Fotorelacja-z-konferencji-BLISKO-w-Gdyni-91-900x600.jpg 900w, https:\/\/marcinkrokowski.com\/wp-content\/uploads\/2023\/02\/Fotorelacja-z-konferencji-BLISKO-w-Gdyni-91-450x300.jpg 450w, https:\/\/marcinkrokowski.com\/wp-content\/uploads\/2023\/02\/Fotorelacja-z-konferencji-BLISKO-w-Gdyni-91.jpg 1920w\" sizes=\"auto, (max-width: 1200px) 100vw, 1200px\" \/><\/figure>\n\n\n\n<figure class=\"wp-block-image size-large\" data-block-type=\"core\"><img loading=\"lazy\" decoding=\"async\" width=\"1200\" height=\"800\" data-id=\"8144\" src=\"https:\/\/marcinkrokowski.com\/wp-content\/uploads\/2023\/02\/Fotorelacja-z-konferencji-BLISKO-w-Gdyni-92-1200x800.jpg\" alt=\"Eine Gruppe von Menschen sitzt um einen Tisch in einem hell erleuchteten Raum, unterh&#xE4;lt sich und l&#xE4;chelt. Einige Leute essen, andere unterhalten sich miteinander. Die gro&#xDF;en Fenster im Hintergrund lassen nat&#xFC;rliches Licht herein und fangen eine perfekte Fotoaufnahme des Ereignisses ein.  \" class=\"wp-image-8144\" title=\"\" srcset=\"https:\/\/marcinkrokowski.com\/wp-content\/uploads\/2023\/02\/Fotorelacja-z-konferencji-BLISKO-w-Gdyni-92-1200x800.jpg 1200w, https:\/\/marcinkrokowski.com\/wp-content\/uploads\/2023\/02\/Fotorelacja-z-konferencji-BLISKO-w-Gdyni-92-900x600.jpg 900w, https:\/\/marcinkrokowski.com\/wp-content\/uploads\/2023\/02\/Fotorelacja-z-konferencji-BLISKO-w-Gdyni-92-450x300.jpg 450w, https:\/\/marcinkrokowski.com\/wp-content\/uploads\/2023\/02\/Fotorelacja-z-konferencji-BLISKO-w-Gdyni-92.jpg 1920w\" sizes=\"auto, (max-width: 1200px) 100vw, 1200px\" \/><\/figure>\n\n\n\n<figure class=\"wp-block-image size-large\" data-block-type=\"core\"><img loading=\"lazy\" decoding=\"async\" width=\"1200\" height=\"800\" data-id=\"8145\" src=\"https:\/\/marcinkrokowski.com\/wp-content\/uploads\/2023\/02\/Fotorelacja-z-konferencji-BLISKO-w-Gdyni-93-1200x800.jpg\" alt=\"Eine Frau mit kurzen lockigen Haaren, gekleidet in ein helles Outfit und ein buntes Kopftuch, steht mit verschr&#xE4;nkten Armen da und h&#xF6;rt aufmerksam dem Gespr&#xE4;ch zwischen zwei M&#xE4;nnern in wei&#xDF;en Hemden in einem Raum mit hohen braunen Vorh&#xE4;ngen im Hintergrund zu - ein Moment, der von dem Fotografen auf der Veranstaltung perfekt eingefangen wurde.\" class=\"wp-image-8145\" title=\"\" srcset=\"https:\/\/marcinkrokowski.com\/wp-content\/uploads\/2023\/02\/Fotorelacja-z-konferencji-BLISKO-w-Gdyni-93-1200x800.jpg 1200w, https:\/\/marcinkrokowski.com\/wp-content\/uploads\/2023\/02\/Fotorelacja-z-konferencji-BLISKO-w-Gdyni-93-900x600.jpg 900w, https:\/\/marcinkrokowski.com\/wp-content\/uploads\/2023\/02\/Fotorelacja-z-konferencji-BLISKO-w-Gdyni-93-450x300.jpg 450w, https:\/\/marcinkrokowski.com\/wp-content\/uploads\/2023\/02\/Fotorelacja-z-konferencji-BLISKO-w-Gdyni-93.jpg 1920w\" sizes=\"auto, (max-width: 1200px) 100vw, 1200px\" \/><\/figure>\n\n\n\n<figure class=\"wp-block-image size-large\" data-block-type=\"core\"><img loading=\"lazy\" decoding=\"async\" width=\"1200\" height=\"800\" data-id=\"8146\" src=\"https:\/\/marcinkrokowski.com\/wp-content\/uploads\/2023\/02\/Fotorelacja-z-konferencji-BLISKO-w-Gdyni-94-1200x800.jpg\" alt=\"Eine Person h&#xE4;lt ein Mikrofon in der Hand und spricht zu einer Gruppe, die in einem Raum mit einer zwanglosen, konferenz&#xE4;hnlichen Atmosph&#xE4;re sitzt. Die Zuh&#xF6;rer scheinen engagiert zu sein. Sie sitzen an Tischen mit einem unscharfen Hintergrund, der den Redner hervorhebt, was vom Fotografen der Veranstaltung perfekt eingefangen wurde. \" class=\"wp-image-8146\" title=\"\" srcset=\"https:\/\/marcinkrokowski.com\/wp-content\/uploads\/2023\/02\/Fotorelacja-z-konferencji-BLISKO-w-Gdyni-94-1200x800.jpg 1200w, https:\/\/marcinkrokowski.com\/wp-content\/uploads\/2023\/02\/Fotorelacja-z-konferencji-BLISKO-w-Gdyni-94-900x600.jpg 900w, https:\/\/marcinkrokowski.com\/wp-content\/uploads\/2023\/02\/Fotorelacja-z-konferencji-BLISKO-w-Gdyni-94-450x300.jpg 450w, https:\/\/marcinkrokowski.com\/wp-content\/uploads\/2023\/02\/Fotorelacja-z-konferencji-BLISKO-w-Gdyni-94.jpg 1920w\" sizes=\"auto, (max-width: 1200px) 100vw, 1200px\" \/><\/figure>\n\n\n\n<figure class=\"wp-block-image size-large\" data-block-type=\"core\"><img loading=\"lazy\" decoding=\"async\" width=\"1200\" height=\"800\" data-id=\"8218\" src=\"https:\/\/marcinkrokowski.com\/wp-content\/uploads\/2023\/02\/Fotorelacja-z-konferencji-BLISKO-w-Gdyni-166-1200x800.jpg\" alt=\"Sechs Personen sitzen an einem Tisch und sind in eine ernste Diskussion vertieft. Die Person im Vordergrund, die der Kamera den R&#xFC;cken zuwendet, gestikuliert mit den H&#xE4;nden, w&#xE4;hrend sie spricht. Das Licht aus den gro&#xDF;en Fenstern erhellt den Raum hinter den teilweise zur Seite gezogenen Vorh&#xE4;ngen, den der Fotograf f&#xFC;r die Veranstaltung in Warschau perfekt eingefangen hat.  \" class=\"wp-image-8218\" title=\"\" srcset=\"https:\/\/marcinkrokowski.com\/wp-content\/uploads\/2023\/02\/Fotorelacja-z-konferencji-BLISKO-w-Gdyni-166-1200x800.jpg 1200w, https:\/\/marcinkrokowski.com\/wp-content\/uploads\/2023\/02\/Fotorelacja-z-konferencji-BLISKO-w-Gdyni-166-900x600.jpg 900w, https:\/\/marcinkrokowski.com\/wp-content\/uploads\/2023\/02\/Fotorelacja-z-konferencji-BLISKO-w-Gdyni-166-450x300.jpg 450w, https:\/\/marcinkrokowski.com\/wp-content\/uploads\/2023\/02\/Fotorelacja-z-konferencji-BLISKO-w-Gdyni-166.jpg 1920w\" sizes=\"auto, (max-width: 1200px) 100vw, 1200px\" \/><\/figure>\n\n\n\n<figure class=\"wp-block-image size-large\" data-block-type=\"core\"><img loading=\"lazy\" decoding=\"async\" width=\"1200\" height=\"800\" data-id=\"8147\" src=\"https:\/\/marcinkrokowski.com\/wp-content\/uploads\/2023\/02\/Fotorelacja-z-konferencji-BLISKO-w-Gdyni-95-1200x800.jpg\" alt=\"Vier Frauen sitzen in entspannter Atmosph&#xE4;re um einen Tisch und sind in ein Gespr&#xE4;ch vertieft. Drei schauen in die Kamera, eine ist nach hinten gedreht. Sie tragen Alltagskleidung und rote Schl&#xFC;sselb&#xE4;nder. Im Hintergrund sind Regale und K&#xFC;chenger&#xE4;te zu sehen, wundersch&#xF6;n eingefangen vom Eventfotografen Warsaw.   \" class=\"wp-image-8147\" title=\"\" srcset=\"https:\/\/marcinkrokowski.com\/wp-content\/uploads\/2023\/02\/Fotorelacja-z-konferencji-BLISKO-w-Gdyni-95-1200x800.jpg 1200w, https:\/\/marcinkrokowski.com\/wp-content\/uploads\/2023\/02\/Fotorelacja-z-konferencji-BLISKO-w-Gdyni-95-900x600.jpg 900w, https:\/\/marcinkrokowski.com\/wp-content\/uploads\/2023\/02\/Fotorelacja-z-konferencji-BLISKO-w-Gdyni-95-450x300.jpg 450w, https:\/\/marcinkrokowski.com\/wp-content\/uploads\/2023\/02\/Fotorelacja-z-konferencji-BLISKO-w-Gdyni-95.jpg 1920w\" sizes=\"auto, (max-width: 1200px) 100vw, 1200px\" \/><\/figure>\n\n\n\n<figure class=\"wp-block-image size-large\" data-block-type=\"core\"><img loading=\"lazy\" decoding=\"async\" width=\"1200\" height=\"800\" data-id=\"8148\" src=\"https:\/\/marcinkrokowski.com\/wp-content\/uploads\/2023\/02\/Fotorelacja-z-konferencji-BLISKO-w-Gdyni-96-1200x800.jpg\" alt=\"Eine l&#xE4;chelnde Frau mit blondem Haar, die ein schwarzes Hemd und ein rotes Schl&#xFC;sselband tr&#xE4;gt, sitzt an einem Tisch und unterh&#xE4;lt sich mit zwei anderen Frauen, deren Gesichter nicht zu sehen sind, sch&#xF6;n eingefangen von dem Fotografen f&#xFC;r die Veranstaltung. Der Hintergrund ist unscharf, mit warmen Beleuchtungsk&#xF6;rpern und modernem Dekor. \" class=\"wp-image-8148\" title=\"\" srcset=\"https:\/\/marcinkrokowski.com\/wp-content\/uploads\/2023\/02\/Fotorelacja-z-konferencji-BLISKO-w-Gdyni-96-1200x800.jpg 1200w, https:\/\/marcinkrokowski.com\/wp-content\/uploads\/2023\/02\/Fotorelacja-z-konferencji-BLISKO-w-Gdyni-96-900x600.jpg 900w, https:\/\/marcinkrokowski.com\/wp-content\/uploads\/2023\/02\/Fotorelacja-z-konferencji-BLISKO-w-Gdyni-96-450x300.jpg 450w, https:\/\/marcinkrokowski.com\/wp-content\/uploads\/2023\/02\/Fotorelacja-z-konferencji-BLISKO-w-Gdyni-96.jpg 1920w\" sizes=\"auto, (max-width: 1200px) 100vw, 1200px\" \/><\/figure>\n\n<figure class=\"wp-block-image size-large\" data-block-type=\"core\"><img loading=\"lazy\" decoding=\"async\" width=\"1200\" height=\"1800\" data-id=\"8149\" src=\"https:\/\/marcinkrokowski.com\/wp-content\/uploads\/2023\/02\/Fotorelacja-z-konferencji-BLISKO-w-Gdyni-97-1200x1800.jpg\" alt=\"An einem Tisch sitzt eine Person mit kurzen Haaren, die eine wei&#xDF;e Jacke &#xFC;ber einem gemusterten blauen Oberteil tr&#xE4;gt. Die Kulisse besteht aus einem farbenfrohen, modernen Dekor mit kugelf&#xF6;rmigen Metallleuchten. Die Person l&#xE4;chelt und erweckt den Eindruck, als sei sie in ein Gespr&#xE4;ch vertieft. Dies wurde von einem Fotografen aus Warschau in einer Fotoreportage der Veranstaltung perfekt eingefangen.  \" class=\"wp-image-8149\" title=\"\" srcset=\"https:\/\/marcinkrokowski.com\/wp-content\/uploads\/2023\/02\/Fotorelacja-z-konferencji-BLISKO-w-Gdyni-97-1200x1800.jpg 1200w, https:\/\/marcinkrokowski.com\/wp-content\/uploads\/2023\/02\/Fotorelacja-z-konferencji-BLISKO-w-Gdyni-97-900x1350.jpg 900w, https:\/\/marcinkrokowski.com\/wp-content\/uploads\/2023\/02\/Fotorelacja-z-konferencji-BLISKO-w-Gdyni-97-450x675.jpg 450w, https:\/\/marcinkrokowski.com\/wp-content\/uploads\/2023\/02\/Fotorelacja-z-konferencji-BLISKO-w-Gdyni-97.jpg 1280w\" sizes=\"auto, (max-width: 1200px) 100vw, 1200px\" \/><\/figure>\n<\/figure>\n\n<figure class=\"wp-block-gallery has-nested-images columns-default is-cropped wp-block-gallery-21 is-layout-flex wp-block-gallery-is-layout-flex\" data-block-type=\"core\">\n<figure class=\"wp-block-image size-large\" data-block-type=\"core\"><img loading=\"lazy\" decoding=\"async\" width=\"1200\" height=\"800\" data-id=\"8150\" src=\"https:\/\/marcinkrokowski.com\/wp-content\/uploads\/2023\/02\/Fotorelacja-z-konferencji-BLISKO-w-Gdyni-98-1200x800.jpg\" alt=\"Eine Gruppe von f&#xFC;nf Personen sitzt an einem rechteckigen Tisch in einem gut beleuchteten Raum und ist in ein Gespr&#xE4;ch vertieft. Sie sehen nachdenklich und konzentriert aus. Die Szenerie, die der Fotograf f&#xFC;r die Veranstaltung gekonnt eingefangen hat, umfasst ein gro&#xDF;es Fenster mit Vorh&#xE4;ngen, ein Flipchart und eine moderne H&#xE4;ngelampe. Andere Personen sind leicht unscharf im Vordergrund zu erkennen.   \" class=\"wp-image-8150\" title=\"\" srcset=\"https:\/\/marcinkrokowski.com\/wp-content\/uploads\/2023\/02\/Fotorelacja-z-konferencji-BLISKO-w-Gdyni-98-1200x800.jpg 1200w, https:\/\/marcinkrokowski.com\/wp-content\/uploads\/2023\/02\/Fotorelacja-z-konferencji-BLISKO-w-Gdyni-98-900x600.jpg 900w, https:\/\/marcinkrokowski.com\/wp-content\/uploads\/2023\/02\/Fotorelacja-z-konferencji-BLISKO-w-Gdyni-98-450x300.jpg 450w, https:\/\/marcinkrokowski.com\/wp-content\/uploads\/2023\/02\/Fotorelacja-z-konferencji-BLISKO-w-Gdyni-98.jpg 1920w\" sizes=\"auto, (max-width: 1200px) 100vw, 1200px\" \/><\/figure>\n\n\n<\/figure>\n\n<figure class=\"wp-block-gallery has-nested-images columns-default is-cropped wp-block-gallery-22 is-layout-flex wp-block-gallery-is-layout-flex\" data-block-type=\"core\">\n<figure class=\"wp-block-image size-large\" data-block-type=\"core\"><img loading=\"lazy\" decoding=\"async\" width=\"1200\" height=\"1800\" data-id=\"8151\" src=\"https:\/\/marcinkrokowski.com\/wp-content\/uploads\/2023\/02\/Fotorelacja-z-konferencji-BLISKO-w-Gdyni-99-1200x1800.jpg\" alt=\"Ein hell erleuchteter Raum, in dem Menschen ein Gespr&#xE4;ch f&#xFC;hren. Ein paar Frauen sitzen an einem runden Tisch und diskutieren, w&#xE4;hrend weitere Personen im Hintergrund stehen und sich unterhalten. Die moderne Einrichtung mit gro&#xDF;en Fenstern und H&#xE4;ngelampen schafft eine Szene, die f&#xFC;r einen Fotografen auf einer Veranstaltung ideal ist, um das Ereignis festzuhalten.  \" class=\"wp-image-8151\" title=\"\" srcset=\"https:\/\/marcinkrokowski.com\/wp-content\/uploads\/2023\/02\/Fotorelacja-z-konferencji-BLISKO-w-Gdyni-99-1200x1800.jpg 1200w, https:\/\/marcinkrokowski.com\/wp-content\/uploads\/2023\/02\/Fotorelacja-z-konferencji-BLISKO-w-Gdyni-99-900x1350.jpg 900w, https:\/\/marcinkrokowski.com\/wp-content\/uploads\/2023\/02\/Fotorelacja-z-konferencji-BLISKO-w-Gdyni-99-450x675.jpg 450w, https:\/\/marcinkrokowski.com\/wp-content\/uploads\/2023\/02\/Fotorelacja-z-konferencji-BLISKO-w-Gdyni-99.jpg 1280w\" sizes=\"auto, (max-width: 1200px) 100vw, 1200px\" \/><\/figure>\n\n\n\n<figure class=\"wp-block-image size-large\" data-block-type=\"core\"><img loading=\"lazy\" decoding=\"async\" width=\"1200\" height=\"800\" data-id=\"8152\" src=\"https:\/\/marcinkrokowski.com\/wp-content\/uploads\/2023\/02\/Fotorelacja-z-konferencji-BLISKO-w-Gdyni-100-1200x800.jpg\" alt=\"Eine Gruppe von f&#xFC;nf Personen, drei M&#xE4;nner und zwei Frauen, f&#xFC;hrt ein angeregtes Gespr&#xE4;ch. Eine der Frauen l&#xE4;chelt breit und st&#xFC;tzt ihre Hand auf ihr Kinn. Es sieht so aus, als ob alle die Diskussion in dem hellen Raum genie&#xDF;en - was vom Fotografen bei der Veranstaltung perfekt eingefangen wurde.  \" class=\"wp-image-8152\" title=\"\" srcset=\"https:\/\/marcinkrokowski.com\/wp-content\/uploads\/2023\/02\/Fotorelacja-z-konferencji-BLISKO-w-Gdyni-100-1200x800.jpg 1200w, https:\/\/marcinkrokowski.com\/wp-content\/uploads\/2023\/02\/Fotorelacja-z-konferencji-BLISKO-w-Gdyni-100-900x600.jpg 900w, https:\/\/marcinkrokowski.com\/wp-content\/uploads\/2023\/02\/Fotorelacja-z-konferencji-BLISKO-w-Gdyni-100-450x300.jpg 450w, https:\/\/marcinkrokowski.com\/wp-content\/uploads\/2023\/02\/Fotorelacja-z-konferencji-BLISKO-w-Gdyni-100.jpg 1920w\" sizes=\"auto, (max-width: 1200px) 100vw, 1200px\" \/><\/figure>\n<\/figure>\n\n<figure class=\"wp-block-gallery has-nested-images columns-default is-cropped wp-block-gallery-23 is-layout-flex wp-block-gallery-is-layout-flex\" data-block-type=\"core\">\n<figure class=\"wp-block-image size-large\" data-block-type=\"core\"><img loading=\"lazy\" decoding=\"async\" width=\"1200\" height=\"800\" data-id=\"8219\" src=\"https:\/\/marcinkrokowski.com\/wp-content\/uploads\/2023\/02\/Fotorelacja-z-konferencji-BLISKO-w-Gdyni-167-1200x800.jpg\" alt=\"Eine Frau steht neben einer Staffelei und h&#xE4;lt ein gro&#xDF;es Poster mit einer Karte und Text. Sie tr&#xE4;gt ein schwarzes Outfit mit einem roten Schl&#xFC;sselband und l&#xE4;chelt leicht. Hinter ihr steht ein Tresen mit Dekorationen und gerahmten Fotos an der Wand, die alle von einem talentierten Eventfotografen aus Warschau aufgenommen wurden.  \" class=\"wp-image-8219\" title=\"\" srcset=\"https:\/\/marcinkrokowski.com\/wp-content\/uploads\/2023\/02\/Fotorelacja-z-konferencji-BLISKO-w-Gdyni-167-1200x800.jpg 1200w, https:\/\/marcinkrokowski.com\/wp-content\/uploads\/2023\/02\/Fotorelacja-z-konferencji-BLISKO-w-Gdyni-167-900x600.jpg 900w, https:\/\/marcinkrokowski.com\/wp-content\/uploads\/2023\/02\/Fotorelacja-z-konferencji-BLISKO-w-Gdyni-167-450x300.jpg 450w, https:\/\/marcinkrokowski.com\/wp-content\/uploads\/2023\/02\/Fotorelacja-z-konferencji-BLISKO-w-Gdyni-167.jpg 1920w\" sizes=\"auto, (max-width: 1200px) 100vw, 1200px\" \/><\/figure>\n\n\n<\/figure>\n\n<figure class=\"wp-block-gallery has-nested-images columns-default is-cropped wp-block-gallery-24 is-layout-flex wp-block-gallery-is-layout-flex\" data-block-type=\"core\">\n<figure class=\"wp-block-image size-large\" data-block-type=\"core\"><img loading=\"lazy\" decoding=\"async\" width=\"1200\" height=\"800\" data-id=\"8220\" src=\"https:\/\/marcinkrokowski.com\/wp-content\/uploads\/2023\/02\/Fotorelacja-z-konferencji-BLISKO-w-Gdyni-168-1200x800.jpg\" alt=\"Eine Gruppe von Menschen versammelt sich in einem gut beleuchteten Raum mit vielen runden Tischen. Eine Frau steht an einer Staffelei mit einem gro&#xDF;en Notizblock und schreibt, w&#xE4;hrend andere um die Tische herum sitzen und aufmerksam zusehen. Die Umgebung deutet auf einen gemeinsamen Workshop oder ein Treffen hin, perfekt f&#xFC;r ein Fotoessay &#xFC;ber eine Veranstaltung eines Fotografen aus Warschau.  \" class=\"wp-image-8220\" title=\"\" srcset=\"https:\/\/marcinkrokowski.com\/wp-content\/uploads\/2023\/02\/Fotorelacja-z-konferencji-BLISKO-w-Gdyni-168-1200x800.jpg 1200w, https:\/\/marcinkrokowski.com\/wp-content\/uploads\/2023\/02\/Fotorelacja-z-konferencji-BLISKO-w-Gdyni-168-900x600.jpg 900w, https:\/\/marcinkrokowski.com\/wp-content\/uploads\/2023\/02\/Fotorelacja-z-konferencji-BLISKO-w-Gdyni-168-450x300.jpg 450w, https:\/\/marcinkrokowski.com\/wp-content\/uploads\/2023\/02\/Fotorelacja-z-konferencji-BLISKO-w-Gdyni-168.jpg 1920w\" sizes=\"auto, (max-width: 1200px) 100vw, 1200px\" \/><\/figure>\n\n\n<\/figure>\n\n<figure class=\"wp-block-gallery has-nested-images columns-default is-cropped wp-block-gallery-25 is-layout-flex wp-block-gallery-is-layout-flex\" data-block-type=\"core\">\n<figure class=\"wp-block-image size-large\" data-block-type=\"core\"><img loading=\"lazy\" decoding=\"async\" width=\"1200\" height=\"800\" data-id=\"8222\" src=\"https:\/\/marcinkrokowski.com\/wp-content\/uploads\/2023\/02\/Fotorelacja-z-konferencji-BLISKO-w-Gdyni-170-1200x800.jpg\" alt=\"Eine bunt gemischte Gruppe von Menschen, die um einen Tisch herum sitzt, unterh&#xE4;lt sich angeregt und lacht w&#xE4;hrend eines Treffens oder Workshops in einem ger&#xE4;umigen, gut beleuchteten Raum. Diese Fotoreportage der Veranstaltung f&#xE4;ngt die kollegiale und freundliche Atmosph&#xE4;re wunderbar ein. \" class=\"wp-image-8222\" title=\"\" srcset=\"https:\/\/marcinkrokowski.com\/wp-content\/uploads\/2023\/02\/Fotorelacja-z-konferencji-BLISKO-w-Gdyni-170-1200x800.jpg 1200w, https:\/\/marcinkrokowski.com\/wp-content\/uploads\/2023\/02\/Fotorelacja-z-konferencji-BLISKO-w-Gdyni-170-900x600.jpg 900w, https:\/\/marcinkrokowski.com\/wp-content\/uploads\/2023\/02\/Fotorelacja-z-konferencji-BLISKO-w-Gdyni-170-450x300.jpg 450w, https:\/\/marcinkrokowski.com\/wp-content\/uploads\/2023\/02\/Fotorelacja-z-konferencji-BLISKO-w-Gdyni-170.jpg 1920w\" sizes=\"auto, (max-width: 1200px) 100vw, 1200px\" \/><\/figure>\n\n\n<\/figure>\n\n<figure class=\"wp-block-gallery has-nested-images columns-default is-cropped wp-block-gallery-26 is-layout-flex wp-block-gallery-is-layout-flex\" data-block-type=\"core\">\n<figure class=\"wp-block-image size-large\" data-block-type=\"core\"><img loading=\"lazy\" decoding=\"async\" width=\"1200\" height=\"800\" data-id=\"8154\" src=\"https:\/\/marcinkrokowski.com\/wp-content\/uploads\/2023\/02\/Fotorelacja-z-konferencji-BLISKO-w-Gdyni-102-1200x800.jpg\" alt=\"Eine Frau steht und schreibt mit einem Marker auf einem Flipchart und interagiert mit einer Gruppe von sitzenden Frauen. Auf dem Flipchart befinden sich verschiedene handschriftliche Notizen. Die Szenerie, die *der Fotograf aus Warschau* eingefangen hat, erinnert an ein zwangloses Treffen oder einen Workshop in einem Raum mit nat&#xFC;rlichem Licht, das durch gro&#xDF;e Fenster einf&#xE4;llt.  \" class=\"wp-image-8154\" title=\"\" srcset=\"https:\/\/marcinkrokowski.com\/wp-content\/uploads\/2023\/02\/Fotorelacja-z-konferencji-BLISKO-w-Gdyni-102-1200x800.jpg 1200w, https:\/\/marcinkrokowski.com\/wp-content\/uploads\/2023\/02\/Fotorelacja-z-konferencji-BLISKO-w-Gdyni-102-900x600.jpg 900w, https:\/\/marcinkrokowski.com\/wp-content\/uploads\/2023\/02\/Fotorelacja-z-konferencji-BLISKO-w-Gdyni-102-450x300.jpg 450w, https:\/\/marcinkrokowski.com\/wp-content\/uploads\/2023\/02\/Fotorelacja-z-konferencji-BLISKO-w-Gdyni-102.jpg 1920w\" sizes=\"auto, (max-width: 1200px) 100vw, 1200px\" \/><\/figure>\n\n<figure class=\"wp-block-image size-large\" data-block-type=\"core\"><img loading=\"lazy\" decoding=\"async\" width=\"1200\" height=\"1800\" data-id=\"8156\" src=\"https:\/\/marcinkrokowski.com\/wp-content\/uploads\/2023\/02\/Fotorelacja-z-konferencji-BLISKO-w-Gdyni-104-1200x1800.jpg\" alt=\"Auf dem Flipchart befindet sich ein handgeschriebenes Poster mit bunten Beschriftungen: &quot;AMAZING&quot;, &quot;ACCEPTABLE&quot;, &quot;ELASTIC&quot;, &quot;ATTRACTIVE&quot; und &quot;ACCESSIBLE&quot;.\" class=\"wp-image-8156\" title=\"\" srcset=\"https:\/\/marcinkrokowski.com\/wp-content\/uploads\/2023\/02\/Fotorelacja-z-konferencji-BLISKO-w-Gdyni-104-1200x1800.jpg 1200w, https:\/\/marcinkrokowski.com\/wp-content\/uploads\/2023\/02\/Fotorelacja-z-konferencji-BLISKO-w-Gdyni-104-900x1350.jpg 900w, https:\/\/marcinkrokowski.com\/wp-content\/uploads\/2023\/02\/Fotorelacja-z-konferencji-BLISKO-w-Gdyni-104-450x675.jpg 450w, https:\/\/marcinkrokowski.com\/wp-content\/uploads\/2023\/02\/Fotorelacja-z-konferencji-BLISKO-w-Gdyni-104.jpg 1280w\" sizes=\"auto, (max-width: 1200px) 100vw, 1200px\" \/><\/figure>\n\n<figure class=\"wp-block-image size-large\" data-block-type=\"core\"><img loading=\"lazy\" decoding=\"async\" width=\"1200\" height=\"800\" data-id=\"8157\" src=\"https:\/\/marcinkrokowski.com\/wp-content\/uploads\/2023\/02\/Fotorelacja-z-konferencji-BLISKO-w-Gdyni-105-1200x800.jpg\" alt=\"Eine Gruppe von Menschen sitzt an einem Tisch in eine Diskussion vertieft. Zwei Frauen mit Namensschildern sitzen an prominenter Stelle. Eine macht sich Notizen, w&#xE4;hrend die anderen zuh&#xF6;ren. Im Hintergrund ist ein Flipchart mit handschriftlichen Notizen zu sehen. Der Raum, den der Eventfotograf Warsaw aufgenommen hat, ist hell und nat&#xFC;rlich beleuchtet.   \" class=\"wp-image-8157\" title=\"\" srcset=\"https:\/\/marcinkrokowski.com\/wp-content\/uploads\/2023\/02\/Fotorelacja-z-konferencji-BLISKO-w-Gdyni-105-1200x800.jpg 1200w, https:\/\/marcinkrokowski.com\/wp-content\/uploads\/2023\/02\/Fotorelacja-z-konferencji-BLISKO-w-Gdyni-105-900x600.jpg 900w, https:\/\/marcinkrokowski.com\/wp-content\/uploads\/2023\/02\/Fotorelacja-z-konferencji-BLISKO-w-Gdyni-105-450x300.jpg 450w, https:\/\/marcinkrokowski.com\/wp-content\/uploads\/2023\/02\/Fotorelacja-z-konferencji-BLISKO-w-Gdyni-105.jpg 1920w\" sizes=\"auto, (max-width: 1200px) 100vw, 1200px\" \/><\/figure>\n\n\n<\/figure>\n\n<figure class=\"wp-block-gallery has-nested-images columns-default is-cropped wp-block-gallery-27 is-layout-flex wp-block-gallery-is-layout-flex\" data-block-type=\"core\">\n<figure class=\"wp-block-image size-large\" data-block-type=\"core\"><img loading=\"lazy\" decoding=\"async\" width=\"1200\" height=\"800\" data-id=\"8158\" src=\"https:\/\/marcinkrokowski.com\/wp-content\/uploads\/2023\/02\/Fotorelacja-z-konferencji-BLISKO-w-Gdyni-106-1200x800.jpg\" alt=\"Eine Frau steht neben einem Flipchart in einem Konferenzraum und spricht zu einer Gruppe, die um einen Tisch herum sitzt. Die Teilnehmer, die Namensschilder tragen, h&#xF6;ren aufmerksam zu und beteiligen sich an der Diskussion. Die Umgebung sieht professionell aus und der Raum wird von nat&#xFC;rlichem Licht erhellt - das perfekte Szenario f&#xFC;r eine Fotoveranstaltung.  \" class=\"wp-image-8158\" title=\"\" srcset=\"https:\/\/marcinkrokowski.com\/wp-content\/uploads\/2023\/02\/Fotorelacja-z-konferencji-BLISKO-w-Gdyni-106-1200x800.jpg 1200w, https:\/\/marcinkrokowski.com\/wp-content\/uploads\/2023\/02\/Fotorelacja-z-konferencji-BLISKO-w-Gdyni-106-900x600.jpg 900w, https:\/\/marcinkrokowski.com\/wp-content\/uploads\/2023\/02\/Fotorelacja-z-konferencji-BLISKO-w-Gdyni-106-450x300.jpg 450w, https:\/\/marcinkrokowski.com\/wp-content\/uploads\/2023\/02\/Fotorelacja-z-konferencji-BLISKO-w-Gdyni-106.jpg 1920w\" sizes=\"auto, (max-width: 1200px) 100vw, 1200px\" \/><\/figure>\n\n\n<\/figure>\n\n<figure class=\"wp-block-gallery has-nested-images columns-default is-cropped wp-block-gallery-28 is-layout-flex wp-block-gallery-is-layout-flex\" data-block-type=\"core\">\n<figure class=\"wp-block-image size-large\" data-block-type=\"core\"><img loading=\"lazy\" decoding=\"async\" width=\"1200\" height=\"800\" data-id=\"8160\" src=\"https:\/\/marcinkrokowski.com\/wp-content\/uploads\/2023\/02\/Fotorelacja-z-konferencji-BLISKO-w-Gdyni-108-1200x800.jpg\" alt=\"Eine Gruppe von Menschen diskutiert und arbeitet in einem gro&#xDF;en, modernen Raum mit gro&#xDF;en Fenstern zusammen. Einige sitzen an Tischen, andere stehen in Gruppen. Die Atmosph&#xE4;re scheint eine Mischung aus einem zwanglosen Treffen und einer Brainstorming-Sitzung zu sein, perfekt f&#xFC;r einen Eventfotografen in Warschau, um die Momente festzuhalten.  \" class=\"wp-image-8160\" title=\"\" srcset=\"https:\/\/marcinkrokowski.com\/wp-content\/uploads\/2023\/02\/Fotorelacja-z-konferencji-BLISKO-w-Gdyni-108-1200x800.jpg 1200w, https:\/\/marcinkrokowski.com\/wp-content\/uploads\/2023\/02\/Fotorelacja-z-konferencji-BLISKO-w-Gdyni-108-900x600.jpg 900w, https:\/\/marcinkrokowski.com\/wp-content\/uploads\/2023\/02\/Fotorelacja-z-konferencji-BLISKO-w-Gdyni-108-450x300.jpg 450w, https:\/\/marcinkrokowski.com\/wp-content\/uploads\/2023\/02\/Fotorelacja-z-konferencji-BLISKO-w-Gdyni-108.jpg 1920w\" sizes=\"auto, (max-width: 1200px) 100vw, 1200px\" \/><\/figure>\n\n<figure class=\"wp-block-image size-large\" data-block-type=\"core\"><img loading=\"lazy\" decoding=\"async\" width=\"1200\" height=\"800\" data-id=\"8226\" src=\"https:\/\/marcinkrokowski.com\/wp-content\/uploads\/2023\/02\/Fotorelacja-z-konferencji-BLISKO-w-Gdyni-174-1200x800.jpg\" alt=\"Ein Flipchart steht im Raum neben der gro&#xDF;en Karte mit der Nummer 9. Auf dem Flipchart, das mit &#039;TUTOR&#039; beschriftet und mit der Illustration eines Papierbootes verziert ist, stehen Notizen in einer fremden Sprache. Im Hintergrund sind Vorh&#xE4;nge und unscharfe St&#xFC;hle zu sehen, die von einem Fotografen aus Warschau w&#xE4;hrend der Veranstaltung wundersch&#xF6;n eingefangen wurden.  \" class=\"wp-image-8226\" title=\"\" srcset=\"https:\/\/marcinkrokowski.com\/wp-content\/uploads\/2023\/02\/Fotorelacja-z-konferencji-BLISKO-w-Gdyni-174-1200x800.jpg 1200w, https:\/\/marcinkrokowski.com\/wp-content\/uploads\/2023\/02\/Fotorelacja-z-konferencji-BLISKO-w-Gdyni-174-900x600.jpg 900w, https:\/\/marcinkrokowski.com\/wp-content\/uploads\/2023\/02\/Fotorelacja-z-konferencji-BLISKO-w-Gdyni-174-450x300.jpg 450w, https:\/\/marcinkrokowski.com\/wp-content\/uploads\/2023\/02\/Fotorelacja-z-konferencji-BLISKO-w-Gdyni-174.jpg 1920w\" sizes=\"auto, (max-width: 1200px) 100vw, 1200px\" \/><\/figure>\n\n\n<\/figure>\n\n<figure class=\"wp-block-gallery has-nested-images columns-default is-cropped wp-block-gallery-29 is-layout-flex wp-block-gallery-is-layout-flex\" data-block-type=\"core\">\n<figure class=\"wp-block-image size-large\" data-block-type=\"core\"><img loading=\"lazy\" decoding=\"async\" width=\"1200\" height=\"1800\" data-id=\"8161\" src=\"https:\/\/marcinkrokowski.com\/wp-content\/uploads\/2023\/02\/Fotorelacja-z-konferencji-BLISKO-w-Gdyni-109-1200x1800.jpg\" alt=\"Eine Frau mit blondem Haar und einer gemusterten Bluse sitzt mit gefalteten H&#xE4;nden an einem Tisch und starrt in die Runde. Neben ihr sitzt eine andere Frau und schaut auf ihr Telefon. Die Szenerie erinnert an ein gew&#xF6;hnliches Treffen oder eine Diskussion in einem Raum, die von einem erfahrenen Eventfotografen perfekt f&#xFC;r die Fotoreportage eingefangen wurde.  \" class=\"wp-image-8161\" title=\"\" srcset=\"https:\/\/marcinkrokowski.com\/wp-content\/uploads\/2023\/02\/Fotorelacja-z-konferencji-BLISKO-w-Gdyni-109-1200x1800.jpg 1200w, https:\/\/marcinkrokowski.com\/wp-content\/uploads\/2023\/02\/Fotorelacja-z-konferencji-BLISKO-w-Gdyni-109-900x1350.jpg 900w, https:\/\/marcinkrokowski.com\/wp-content\/uploads\/2023\/02\/Fotorelacja-z-konferencji-BLISKO-w-Gdyni-109-450x675.jpg 450w, https:\/\/marcinkrokowski.com\/wp-content\/uploads\/2023\/02\/Fotorelacja-z-konferencji-BLISKO-w-Gdyni-109.jpg 1280w\" sizes=\"auto, (max-width: 1200px) 100vw, 1200px\" \/><\/figure>\n<\/figure>\n\n<figure class=\"wp-block-gallery has-nested-images columns-default is-cropped wp-block-gallery-30 is-layout-flex wp-block-gallery-is-layout-flex\" data-block-type=\"core\">\n<figure class=\"wp-block-image size-large\" data-block-type=\"core\"><img loading=\"lazy\" decoding=\"async\" width=\"1200\" height=\"800\" data-id=\"8162\" src=\"https:\/\/marcinkrokowski.com\/wp-content\/uploads\/2023\/02\/Fotorelacja-z-konferencji-BLISKO-w-Gdyni-110-1200x800.jpg\" alt=\"Eine Gruppe von Menschen diskutiert in einem hellen Raum mit gro&#xDF;en Fenstern. Zwei Frauen stehen an einem Whiteboard mit Notizen und leiten das Gespr&#xE4;ch. Die anderen Teilnehmer, die sitzen oder stehen, h&#xF6;ren aufmerksam zu. Dokumente und Marker sind zu sehen, die das Wesentliche der Fotoreportage der Veranstaltung festhalten.   \" class=\"wp-image-8162\" title=\"\" srcset=\"https:\/\/marcinkrokowski.com\/wp-content\/uploads\/2023\/02\/Fotorelacja-z-konferencji-BLISKO-w-Gdyni-110-1200x800.jpg 1200w, https:\/\/marcinkrokowski.com\/wp-content\/uploads\/2023\/02\/Fotorelacja-z-konferencji-BLISKO-w-Gdyni-110-900x600.jpg 900w, https:\/\/marcinkrokowski.com\/wp-content\/uploads\/2023\/02\/Fotorelacja-z-konferencji-BLISKO-w-Gdyni-110-450x300.jpg 450w, https:\/\/marcinkrokowski.com\/wp-content\/uploads\/2023\/02\/Fotorelacja-z-konferencji-BLISKO-w-Gdyni-110.jpg 1920w\" sizes=\"auto, (max-width: 1200px) 100vw, 1200px\" \/><\/figure>\n\n\n\n<figure class=\"wp-block-image size-large\" data-block-type=\"core\"><img loading=\"lazy\" decoding=\"async\" width=\"1200\" height=\"800\" data-id=\"8163\" src=\"https:\/\/marcinkrokowski.com\/wp-content\/uploads\/2023\/02\/Fotorelacja-z-konferencji-BLISKO-w-Gdyni-111-1200x800.jpg\" alt=\"Eine Person, die eine Brille und ein wei&#xDF;es Hemd tr&#xE4;gt, schreibt auf ein Flipchart mit der Aufschrift &#039;Teacher&#039;, das mit einer Papierzeichnung eines Bootes verziert ist. Die Tafel enth&#xE4;lt handschriftliche Notizen in einer anderen Sprache als Englisch. Rechts von der Tafel ist ein sichtbares &#039;10&#039;-Zeichen zu sehen, das von einem Fotografen aus Warschau wundersch&#xF6;n eingefangen wurde.  \" class=\"wp-image-8163\" title=\"\" srcset=\"https:\/\/marcinkrokowski.com\/wp-content\/uploads\/2023\/02\/Fotorelacja-z-konferencji-BLISKO-w-Gdyni-111-1200x800.jpg 1200w, https:\/\/marcinkrokowski.com\/wp-content\/uploads\/2023\/02\/Fotorelacja-z-konferencji-BLISKO-w-Gdyni-111-900x600.jpg 900w, https:\/\/marcinkrokowski.com\/wp-content\/uploads\/2023\/02\/Fotorelacja-z-konferencji-BLISKO-w-Gdyni-111-450x300.jpg 450w, https:\/\/marcinkrokowski.com\/wp-content\/uploads\/2023\/02\/Fotorelacja-z-konferencji-BLISKO-w-Gdyni-111.jpg 1920w\" sizes=\"auto, (max-width: 1200px) 100vw, 1200px\" \/><\/figure>\n\n<figure class=\"wp-block-image size-large\" data-block-type=\"core\"><img loading=\"lazy\" decoding=\"async\" width=\"1200\" height=\"800\" data-id=\"8228\" src=\"https:\/\/marcinkrokowski.com\/wp-content\/uploads\/2023\/02\/Fotorelacja-z-konferencji-BLISKO-w-Gdyni-176-1200x800.jpg\" alt=\"Eine Gruppe von Personen steht in einem Konferenzraum um ein Flipchart herum. Eine Person schreibt auf dem Flipchart, w&#xE4;hrend die anderen zusehen und diskutieren. Der Raum, der von Eventfotograf Warsaw aufgenommen wurde, hat gro&#xDF;e Fenster mit Blick auf das Geb&#xE4;ude und die B&#xE4;ume drau&#xDF;en. Im Vordergrund steht eine Tischplatte mit einer Teetasse.   \" class=\"wp-image-8228\" title=\"\" srcset=\"https:\/\/marcinkrokowski.com\/wp-content\/uploads\/2023\/02\/Fotorelacja-z-konferencji-BLISKO-w-Gdyni-176-1200x800.jpg 1200w, https:\/\/marcinkrokowski.com\/wp-content\/uploads\/2023\/02\/Fotorelacja-z-konferencji-BLISKO-w-Gdyni-176-900x600.jpg 900w, https:\/\/marcinkrokowski.com\/wp-content\/uploads\/2023\/02\/Fotorelacja-z-konferencji-BLISKO-w-Gdyni-176-450x300.jpg 450w, https:\/\/marcinkrokowski.com\/wp-content\/uploads\/2023\/02\/Fotorelacja-z-konferencji-BLISKO-w-Gdyni-176.jpg 1920w\" sizes=\"auto, (max-width: 1200px) 100vw, 1200px\" \/><\/figure>\n\n<figure class=\"wp-block-image size-large\" data-block-type=\"core\"><img loading=\"lazy\" decoding=\"async\" width=\"1200\" height=\"800\" data-id=\"8166\" src=\"https:\/\/marcinkrokowski.com\/wp-content\/uploads\/2023\/02\/Fotorelacja-z-konferencji-BLISKO-w-Gdyni-114-1200x800.jpg\" alt=\"Eine Frau steht und spricht w&#xE4;hrend eines Workshops vor einer Gruppe von sitzenden Personen. Hinter ihr steht ein Flipchart mit bunten Zeichnungen. Die Teilnehmer sind engagiert und h&#xF6;ren aufmerksam zu. Die Umgebung scheint ein legerer, moderner Konferenzraum zu sein, der von einem Fotografen f&#xFC;r eine Veranstaltung in Warschau wundersch&#xF6;n eingefangen wurde.   \" class=\"wp-image-8166\" title=\"\" srcset=\"https:\/\/marcinkrokowski.com\/wp-content\/uploads\/2023\/02\/Fotorelacja-z-konferencji-BLISKO-w-Gdyni-114-1200x800.jpg 1200w, https:\/\/marcinkrokowski.com\/wp-content\/uploads\/2023\/02\/Fotorelacja-z-konferencji-BLISKO-w-Gdyni-114-900x600.jpg 900w, https:\/\/marcinkrokowski.com\/wp-content\/uploads\/2023\/02\/Fotorelacja-z-konferencji-BLISKO-w-Gdyni-114-450x300.jpg 450w, https:\/\/marcinkrokowski.com\/wp-content\/uploads\/2023\/02\/Fotorelacja-z-konferencji-BLISKO-w-Gdyni-114.jpg 1920w\" sizes=\"auto, (max-width: 1200px) 100vw, 1200px\" \/><\/figure>\n\n\n\n<figure class=\"wp-block-image size-large\" data-block-type=\"core\"><img loading=\"lazy\" decoding=\"async\" width=\"1200\" height=\"800\" data-id=\"8229\" src=\"https:\/\/marcinkrokowski.com\/wp-content\/uploads\/2023\/02\/Fotorelacja-z-konferencji-BLISKO-w-Gdyni-177-1200x800.jpg\" alt=\"Eine Gruppe von Frauen sitzt an runden Tischen in einem modernen, gut beleuchteten Konferenzraum mit h&#xF6;lzernen Akzenten und kupfernen Pendelleuchten. Eine Frau steht auf, spricht und gestikuliert, die anderen h&#xF6;ren aufmerksam zu. Ein Fotograf aus Warschau f&#xE4;ngt diesen Schnappschuss der Veranstaltung auf Papieren und Notizbl&#xF6;cken ein, die auf den Tischen verstreut sind.  \" class=\"wp-image-8229\" title=\"\" srcset=\"https:\/\/marcinkrokowski.com\/wp-content\/uploads\/2023\/02\/Fotorelacja-z-konferencji-BLISKO-w-Gdyni-177-1200x800.jpg 1200w, https:\/\/marcinkrokowski.com\/wp-content\/uploads\/2023\/02\/Fotorelacja-z-konferencji-BLISKO-w-Gdyni-177-900x600.jpg 900w, https:\/\/marcinkrokowski.com\/wp-content\/uploads\/2023\/02\/Fotorelacja-z-konferencji-BLISKO-w-Gdyni-177-450x300.jpg 450w, https:\/\/marcinkrokowski.com\/wp-content\/uploads\/2023\/02\/Fotorelacja-z-konferencji-BLISKO-w-Gdyni-177.jpg 1920w\" sizes=\"auto, (max-width: 1200px) 100vw, 1200px\" \/><\/figure>\n\n\n\n<figure class=\"wp-block-image size-large\" data-block-type=\"core\"><img loading=\"lazy\" decoding=\"async\" width=\"1200\" height=\"800\" data-id=\"8167\" src=\"https:\/\/marcinkrokowski.com\/wp-content\/uploads\/2023\/02\/Fotorelacja-z-konferencji-BLISKO-w-Gdyni-115-1200x800.jpg\" alt=\"Eine Gruppe von Menschen, die um einen Tisch sitzen, in ein Gespr&#xE4;ch vertieft sind und l&#xE4;cheln. Die Veranstaltung scheint in einem geschlossenen Raum stattzufinden, wahrscheinlich eine Konferenz oder ein geselliges Beisammensein. Im Hintergrund, wo ein Warschauer Eventfotograf einen Schnappschuss der Veranstaltung eingefangen haben k&#xF6;nnte, sind weitere Personen zu sehen, die stehen und sich unterhalten.  \" class=\"wp-image-8167\" title=\"\" srcset=\"https:\/\/marcinkrokowski.com\/wp-content\/uploads\/2023\/02\/Fotorelacja-z-konferencji-BLISKO-w-Gdyni-115-1200x800.jpg 1200w, https:\/\/marcinkrokowski.com\/wp-content\/uploads\/2023\/02\/Fotorelacja-z-konferencji-BLISKO-w-Gdyni-115-900x600.jpg 900w, https:\/\/marcinkrokowski.com\/wp-content\/uploads\/2023\/02\/Fotorelacja-z-konferencji-BLISKO-w-Gdyni-115-450x300.jpg 450w, https:\/\/marcinkrokowski.com\/wp-content\/uploads\/2023\/02\/Fotorelacja-z-konferencji-BLISKO-w-Gdyni-115.jpg 1920w\" sizes=\"auto, (max-width: 1200px) 100vw, 1200px\" \/><\/figure>\n\n\n\n<figure class=\"wp-block-image size-large\" data-block-type=\"core\"><img loading=\"lazy\" decoding=\"async\" width=\"1200\" height=\"800\" data-id=\"8230\" src=\"https:\/\/marcinkrokowski.com\/wp-content\/uploads\/2023\/02\/Fotorelacja-z-konferencji-BLISKO-w-Gdyni-178-1200x800.jpg\" alt=\"Eine Frau spricht zu einer Gruppe von Menschen, die um einen Tisch herum sitzen, was wie ein Treffen oder ein Workshop aussieht. Sie macht ein Friedenszeichen mit ihrer Hand. Ein modern eingerichteter Raum mit Glastrennw&#xE4;nden und sanfter Beleuchtung, ideal, um Momente bei einer Fotoveranstaltung in Warschau einzufangen.  \" class=\"wp-image-8230\" title=\"\" srcset=\"https:\/\/marcinkrokowski.com\/wp-content\/uploads\/2023\/02\/Fotorelacja-z-konferencji-BLISKO-w-Gdyni-178-1200x800.jpg 1200w, https:\/\/marcinkrokowski.com\/wp-content\/uploads\/2023\/02\/Fotorelacja-z-konferencji-BLISKO-w-Gdyni-178-900x600.jpg 900w, https:\/\/marcinkrokowski.com\/wp-content\/uploads\/2023\/02\/Fotorelacja-z-konferencji-BLISKO-w-Gdyni-178-450x300.jpg 450w, https:\/\/marcinkrokowski.com\/wp-content\/uploads\/2023\/02\/Fotorelacja-z-konferencji-BLISKO-w-Gdyni-178.jpg 1920w\" sizes=\"auto, (max-width: 1200px) 100vw, 1200px\" \/><\/figure>\n\n\n\n<figure class=\"wp-block-image size-large\" data-block-type=\"core\"><img loading=\"lazy\" decoding=\"async\" width=\"1200\" height=\"800\" data-id=\"8231\" src=\"https:\/\/marcinkrokowski.com\/wp-content\/uploads\/2023\/02\/Fotorelacja-z-konferencji-BLISKO-w-Gdyni-179-1200x800.jpg\" alt=\"Eine Frau in einem gebl&#xFC;mten Kleid steht neben einem Flipchart, unter dem die Worte &#039;PARTNERS&#039; geschrieben stehen. Darunter befindet sich ein handgeschriebener Text, der die H&#xF6;hepunkte in einem Fotoessay der Veranstaltung zeigt. Das Flipchart ist mit 1 nummeriert. Im Hintergrund sind andere Personen durch das mit Vorh&#xE4;ngen versehene Fenster zu sehen.  \" class=\"wp-image-8231\" title=\"\" srcset=\"https:\/\/marcinkrokowski.com\/wp-content\/uploads\/2023\/02\/Fotorelacja-z-konferencji-BLISKO-w-Gdyni-179-1200x800.jpg 1200w, https:\/\/marcinkrokowski.com\/wp-content\/uploads\/2023\/02\/Fotorelacja-z-konferencji-BLISKO-w-Gdyni-179-900x600.jpg 900w, https:\/\/marcinkrokowski.com\/wp-content\/uploads\/2023\/02\/Fotorelacja-z-konferencji-BLISKO-w-Gdyni-179-450x300.jpg 450w, https:\/\/marcinkrokowski.com\/wp-content\/uploads\/2023\/02\/Fotorelacja-z-konferencji-BLISKO-w-Gdyni-179.jpg 1920w\" sizes=\"auto, (max-width: 1200px) 100vw, 1200px\" \/><\/figure>\n\n\n\n<figure class=\"wp-block-image size-large\" data-block-type=\"core\"><img loading=\"lazy\" decoding=\"async\" width=\"1200\" height=\"800\" data-id=\"8232\" src=\"https:\/\/marcinkrokowski.com\/wp-content\/uploads\/2023\/02\/Fotorelacja-z-konferencji-BLISKO-w-Gdyni-180-1200x800.jpg\" alt=\"W&#xE4;hrend einer Konferenz oder eines Workshops stehen drei Personen neben gro&#xDF;en Papier-Flipcharts, auf denen bunte Beschriftungen und Diagramme abgebildet sind. Eine Frau im Vordergrund tr&#xE4;gt eine Jeansjacke und ein Namensschild und scheint mit der T&#xE4;tigkeit besch&#xE4;ftigt zu sein, w&#xE4;hrend die anderen zusehen und l&#xE4;cheln. Dies ist ein Teil unserer Fotoreportage von der Veranstaltung durch unseren talentierten Fotografen f&#xFC;r die Veranstaltung.  \" class=\"wp-image-8232\" title=\"\" srcset=\"https:\/\/marcinkrokowski.com\/wp-content\/uploads\/2023\/02\/Fotorelacja-z-konferencji-BLISKO-w-Gdyni-180-1200x800.jpg 1200w, https:\/\/marcinkrokowski.com\/wp-content\/uploads\/2023\/02\/Fotorelacja-z-konferencji-BLISKO-w-Gdyni-180-900x600.jpg 900w, https:\/\/marcinkrokowski.com\/wp-content\/uploads\/2023\/02\/Fotorelacja-z-konferencji-BLISKO-w-Gdyni-180-450x300.jpg 450w, https:\/\/marcinkrokowski.com\/wp-content\/uploads\/2023\/02\/Fotorelacja-z-konferencji-BLISKO-w-Gdyni-180.jpg 1920w\" sizes=\"auto, (max-width: 1200px) 100vw, 1200px\" \/><\/figure>\n\n\n<\/figure>\n\n<figure class=\"wp-block-gallery has-nested-images columns-default is-cropped wp-block-gallery-31 is-layout-flex wp-block-gallery-is-layout-flex\" data-block-type=\"core\">\n<figure class=\"wp-block-image size-large\" data-block-type=\"core\"><img loading=\"lazy\" decoding=\"async\" width=\"1200\" height=\"1800\" data-id=\"8168\" src=\"https:\/\/marcinkrokowski.com\/wp-content\/uploads\/2023\/02\/Fotorelacja-z-konferencji-BLISKO-w-Gdyni-116-1200x1800.jpg\" alt=\"Ein Mann in einem blau gemusterten Hemd, der ein Mikrofon in der Hand h&#xE4;lt, zeigt auf ein Flipchart mit handgeschriebenem Text. Die &#xDC;berschrift lautet &#039;Anulista&#039; und enth&#xE4;lt mehrere nummerierte Aufz&#xE4;hlungspunkte. Der Mann tr&#xE4;gt eine Brille und hat sich eine Tasche &#xFC;ber die Schulter geh&#xE4;ngt. Der unscharfe Hintergrund unterstreicht die Eleganz des Fotoessays &#xFC;ber die Veranstaltung.   \" class=\"wp-image-8168\" title=\"\" srcset=\"https:\/\/marcinkrokowski.com\/wp-content\/uploads\/2023\/02\/Fotorelacja-z-konferencji-BLISKO-w-Gdyni-116-1200x1800.jpg 1200w, https:\/\/marcinkrokowski.com\/wp-content\/uploads\/2023\/02\/Fotorelacja-z-konferencji-BLISKO-w-Gdyni-116-900x1350.jpg 900w, https:\/\/marcinkrokowski.com\/wp-content\/uploads\/2023\/02\/Fotorelacja-z-konferencji-BLISKO-w-Gdyni-116-450x675.jpg 450w, https:\/\/marcinkrokowski.com\/wp-content\/uploads\/2023\/02\/Fotorelacja-z-konferencji-BLISKO-w-Gdyni-116.jpg 1280w\" sizes=\"auto, (max-width: 1200px) 100vw, 1200px\" \/><\/figure>\n\n<figure class=\"wp-block-image size-large\" data-block-type=\"core\"><img loading=\"lazy\" decoding=\"async\" width=\"1200\" height=\"800\" data-id=\"8233\" src=\"https:\/\/marcinkrokowski.com\/wp-content\/uploads\/2023\/02\/Fotorelacja-z-konferencji-BLISKO-w-Gdyni-181-1200x800.jpg\" alt=\"Drei Personen stehen vor den Tafeln in dem gut beleuchteten Raum und bilden ein perfektes Fotomotiv f&#xFC;r die Veranstaltung. Sie alle tragen rote Schl&#xFC;sselb&#xE4;nder mit Namensschildern. Die Frau auf der linken Seite tr&#xE4;gt ein gebl&#xFC;mtes Kleid, der Mann in der Mitte ein gebl&#xFC;mtes Hemd und eine Brille und die Frau auf der rechten Seite tr&#xE4;gt ein schwarzes Hemd und eine Brille.  \" class=\"wp-image-8233\" title=\"\" srcset=\"https:\/\/marcinkrokowski.com\/wp-content\/uploads\/2023\/02\/Fotorelacja-z-konferencji-BLISKO-w-Gdyni-181-1200x800.jpg 1200w, https:\/\/marcinkrokowski.com\/wp-content\/uploads\/2023\/02\/Fotorelacja-z-konferencji-BLISKO-w-Gdyni-181-900x600.jpg 900w, https:\/\/marcinkrokowski.com\/wp-content\/uploads\/2023\/02\/Fotorelacja-z-konferencji-BLISKO-w-Gdyni-181-450x300.jpg 450w, https:\/\/marcinkrokowski.com\/wp-content\/uploads\/2023\/02\/Fotorelacja-z-konferencji-BLISKO-w-Gdyni-181.jpg 1920w\" sizes=\"auto, (max-width: 1200px) 100vw, 1200px\" \/><\/figure>\n\n\n\n<figure class=\"wp-block-image size-large\" data-block-type=\"core\"><img loading=\"lazy\" decoding=\"async\" width=\"1200\" height=\"800\" data-id=\"8235\" src=\"https:\/\/marcinkrokowski.com\/wp-content\/uploads\/2023\/02\/Fotorelacja-z-konferencji-BLISKO-w-Gdyni-183-1200x800.jpg\" alt=\"Drei Personen stehen in einem Konferenzraum, l&#xE4;cheln und klatschen. Sie sitzen vor Flipcharts, an denen verschiedene Notizen und Papiere befestigt sind. Die Szenerie erinnert an einen Workshop oder eine Pr&#xE4;sentation, sch&#xF6;n eingefangen f&#xFC;r einen Fotoessay der Veranstaltung. Die einzelnen Personen tragen Namensschilder an Lanyards um den Hals.   \" class=\"wp-image-8235\" title=\"\" srcset=\"https:\/\/marcinkrokowski.com\/wp-content\/uploads\/2023\/02\/Fotorelacja-z-konferencji-BLISKO-w-Gdyni-183-1200x800.jpg 1200w, https:\/\/marcinkrokowski.com\/wp-content\/uploads\/2023\/02\/Fotorelacja-z-konferencji-BLISKO-w-Gdyni-183-900x600.jpg 900w, https:\/\/marcinkrokowski.com\/wp-content\/uploads\/2023\/02\/Fotorelacja-z-konferencji-BLISKO-w-Gdyni-183-450x300.jpg 450w, https:\/\/marcinkrokowski.com\/wp-content\/uploads\/2023\/02\/Fotorelacja-z-konferencji-BLISKO-w-Gdyni-183.jpg 1920w\" sizes=\"auto, (max-width: 1200px) 100vw, 1200px\" \/><\/figure>\n\n\n\n<figure class=\"wp-block-image size-large\" data-block-type=\"core\"><img loading=\"lazy\" decoding=\"async\" width=\"1200\" height=\"800\" data-id=\"8236\" src=\"https:\/\/marcinkrokowski.com\/wp-content\/uploads\/2023\/02\/Fotorelacja-z-konferencji-BLISKO-w-Gdyni-184-1200x800.jpg\" alt=\"Eine Frau mit einem Mikrofon steht w&#xE4;hrend einer Veranstaltung vor einem Flipchart mit handschriftlichen Notizen. Sie scheint den Inhalt des Flipcharts zu pr&#xE4;sentieren oder zu diskutieren. Im Hintergrund sind zwei weitere Flipcharts mit der Aufschrift &#039;7&#039; und &#039;8&#039; zu sehen - ein Moment, der von einem Fotografen aus Warschau eingefangen wurde.  \" class=\"wp-image-8236\" title=\"\" srcset=\"https:\/\/marcinkrokowski.com\/wp-content\/uploads\/2023\/02\/Fotorelacja-z-konferencji-BLISKO-w-Gdyni-184-1200x800.jpg 1200w, https:\/\/marcinkrokowski.com\/wp-content\/uploads\/2023\/02\/Fotorelacja-z-konferencji-BLISKO-w-Gdyni-184-900x600.jpg 900w, https:\/\/marcinkrokowski.com\/wp-content\/uploads\/2023\/02\/Fotorelacja-z-konferencji-BLISKO-w-Gdyni-184-450x300.jpg 450w, https:\/\/marcinkrokowski.com\/wp-content\/uploads\/2023\/02\/Fotorelacja-z-konferencji-BLISKO-w-Gdyni-184.jpg 1920w\" sizes=\"auto, (max-width: 1200px) 100vw, 1200px\" \/><\/figure>\n\n\n\n<figure class=\"wp-block-image size-large\" data-block-type=\"core\"><img loading=\"lazy\" decoding=\"async\" width=\"1200\" height=\"800\" data-id=\"8237\" src=\"https:\/\/marcinkrokowski.com\/wp-content\/uploads\/2023\/02\/Fotorelacja-z-konferencji-BLISKO-w-Gdyni-185-1200x800.jpg\" alt=\"Vier Frauen stehen in einem Konferenzraum neben Flipcharts mit Notizen. Einige besch&#xE4;ftigen sich mit den Inhalten auf den Charts. Der Raum ist mit runden Holztischen und St&#xFC;hlen im Vordergrund ausgestattet. Die Atmosph&#xE4;re, die von einem Fotografen aus Warschau wundersch&#xF6;n eingefangen wurde, vermittelt den Eindruck von Gemeinschaft und Zwanglosigkeit.   \" class=\"wp-image-8237\" title=\"\" srcset=\"https:\/\/marcinkrokowski.com\/wp-content\/uploads\/2023\/02\/Fotorelacja-z-konferencji-BLISKO-w-Gdyni-185-1200x800.jpg 1200w, https:\/\/marcinkrokowski.com\/wp-content\/uploads\/2023\/02\/Fotorelacja-z-konferencji-BLISKO-w-Gdyni-185-900x600.jpg 900w, https:\/\/marcinkrokowski.com\/wp-content\/uploads\/2023\/02\/Fotorelacja-z-konferencji-BLISKO-w-Gdyni-185-450x300.jpg 450w, https:\/\/marcinkrokowski.com\/wp-content\/uploads\/2023\/02\/Fotorelacja-z-konferencji-BLISKO-w-Gdyni-185.jpg 1920w\" sizes=\"auto, (max-width: 1200px) 100vw, 1200px\" \/><\/figure>\n\n\n\n<figure class=\"wp-block-image size-large\" data-block-type=\"core\"><img loading=\"lazy\" decoding=\"async\" width=\"1200\" height=\"800\" data-id=\"8238\" src=\"https:\/\/marcinkrokowski.com\/wp-content\/uploads\/2023\/02\/Fotorelacja-z-konferencji-BLISKO-w-Gdyni-186-1200x800.jpg\" alt=\"Eine Gruppe von sieben Frauen, die alle Namensschilder und Schl&#xFC;sselb&#xE4;nder tragen, stehen zusammen in einem Raum mit gro&#xDF;en Fenstern und Vorh&#xE4;ngen. Sie l&#xE4;cheln und wirken gl&#xFC;cklich &#xFC;ber die Konferenz. Der Fotograf der Veranstaltung hat sie wundersch&#xF6;n eingefangen. Im Hintergrund sehen Sie die verschwommenen Teilnehmer, die sich unter sie mischen.  \" class=\"wp-image-8238\" title=\"\" srcset=\"https:\/\/marcinkrokowski.com\/wp-content\/uploads\/2023\/02\/Fotorelacja-z-konferencji-BLISKO-w-Gdyni-186-1200x800.jpg 1200w, https:\/\/marcinkrokowski.com\/wp-content\/uploads\/2023\/02\/Fotorelacja-z-konferencji-BLISKO-w-Gdyni-186-900x600.jpg 900w, https:\/\/marcinkrokowski.com\/wp-content\/uploads\/2023\/02\/Fotorelacja-z-konferencji-BLISKO-w-Gdyni-186-450x300.jpg 450w, https:\/\/marcinkrokowski.com\/wp-content\/uploads\/2023\/02\/Fotorelacja-z-konferencji-BLISKO-w-Gdyni-186.jpg 1920w\" sizes=\"auto, (max-width: 1200px) 100vw, 1200px\" \/><\/figure>\n\n\n\n<figure class=\"wp-block-image size-large\" data-block-type=\"core\"><img loading=\"lazy\" decoding=\"async\" width=\"1200\" height=\"800\" data-id=\"8169\" src=\"https:\/\/marcinkrokowski.com\/wp-content\/uploads\/2023\/02\/Fotorelacja-z-konferencji-BLISKO-w-Gdyni-117-1200x800.jpg\" alt=\"Eine Frau mit braunen Haaren, die eine dunkle gebl&#xFC;mte Bluse und ein Namensschild tr&#xE4;gt, klatscht in die H&#xE4;nde und geht durch den Raum. Im Hintergrund sehen Sie Menschen und gro&#xDF;e Papierbl&#xF6;cke auf einer Staffelei, was auf einen Workshop oder ein Seminar hindeutet. Diese Szene f&#xE4;ngt die Essenz der lebendigen Fotostory der Veranstaltung ein.  \" class=\"wp-image-8169\" title=\"\" srcset=\"https:\/\/marcinkrokowski.com\/wp-content\/uploads\/2023\/02\/Fotorelacja-z-konferencji-BLISKO-w-Gdyni-117-1200x800.jpg 1200w, https:\/\/marcinkrokowski.com\/wp-content\/uploads\/2023\/02\/Fotorelacja-z-konferencji-BLISKO-w-Gdyni-117-900x600.jpg 900w, https:\/\/marcinkrokowski.com\/wp-content\/uploads\/2023\/02\/Fotorelacja-z-konferencji-BLISKO-w-Gdyni-117-450x300.jpg 450w, https:\/\/marcinkrokowski.com\/wp-content\/uploads\/2023\/02\/Fotorelacja-z-konferencji-BLISKO-w-Gdyni-117.jpg 1920w\" sizes=\"auto, (max-width: 1200px) 100vw, 1200px\" \/><\/figure>\n\n\n\n<figure class=\"wp-block-image size-large\" data-block-type=\"core\"><img loading=\"lazy\" decoding=\"async\" width=\"1200\" height=\"800\" data-id=\"8239\" src=\"https:\/\/marcinkrokowski.com\/wp-content\/uploads\/2023\/02\/Fotorelacja-z-konferencji-BLISKO-w-Gdyni-187-1200x800.jpg\" alt=\"Eine Frau, die eine Brille und ein gemustertes Hemd tr&#xE4;gt, h&#xE4;lt ein Mikrofon und spricht bei einer Veranstaltung in einem Raum. In ihrer anderen Hand h&#xE4;lt sie Dokumente und ein Smartphone. Im Hintergrund versammeln sich Menschen und es sind Tafeln mit Notizen zu sehen, die von einem Fotografen aus Warschau aufgenommen wurden, der die Veranstaltung fotografisch begleitet.  \" class=\"wp-image-8239\" title=\"\" srcset=\"https:\/\/marcinkrokowski.com\/wp-content\/uploads\/2023\/02\/Fotorelacja-z-konferencji-BLISKO-w-Gdyni-187-1200x800.jpg 1200w, https:\/\/marcinkrokowski.com\/wp-content\/uploads\/2023\/02\/Fotorelacja-z-konferencji-BLISKO-w-Gdyni-187-900x600.jpg 900w, https:\/\/marcinkrokowski.com\/wp-content\/uploads\/2023\/02\/Fotorelacja-z-konferencji-BLISKO-w-Gdyni-187-450x300.jpg 450w, https:\/\/marcinkrokowski.com\/wp-content\/uploads\/2023\/02\/Fotorelacja-z-konferencji-BLISKO-w-Gdyni-187.jpg 1920w\" sizes=\"auto, (max-width: 1200px) 100vw, 1200px\" \/><\/figure>\n\n\n\n<figure class=\"wp-block-image size-large\" data-block-type=\"core\"><img loading=\"lazy\" decoding=\"async\" width=\"1200\" height=\"800\" data-id=\"8240\" src=\"https:\/\/marcinkrokowski.com\/wp-content\/uploads\/2023\/02\/Fotorelacja-z-konferencji-BLISKO-w-Gdyni-188-1200x800.jpg\" alt=\"Eine Gruppe von Menschen, meist Frauen, steht in einem gut beleuchteten Raum mit gro&#xDF;en Fenstern. Sie klatschen und wirken engagiert und aufmerksam. Einige tragen Namensschilder und die Atmosph&#xE4;re scheint positiv und unterst&#xFC;tzend zu sein. Im Vordergrund stehen St&#xFC;hle und Tische aus hellem Holz, die der Eventfotograf Warsaw perfekt eingefangen hat.   \" class=\"wp-image-8240\" title=\"\" srcset=\"https:\/\/marcinkrokowski.com\/wp-content\/uploads\/2023\/02\/Fotorelacja-z-konferencji-BLISKO-w-Gdyni-188-1200x800.jpg 1200w, https:\/\/marcinkrokowski.com\/wp-content\/uploads\/2023\/02\/Fotorelacja-z-konferencji-BLISKO-w-Gdyni-188-900x600.jpg 900w, https:\/\/marcinkrokowski.com\/wp-content\/uploads\/2023\/02\/Fotorelacja-z-konferencji-BLISKO-w-Gdyni-188-450x300.jpg 450w, https:\/\/marcinkrokowski.com\/wp-content\/uploads\/2023\/02\/Fotorelacja-z-konferencji-BLISKO-w-Gdyni-188.jpg 1920w\" sizes=\"auto, (max-width: 1200px) 100vw, 1200px\" \/><\/figure>\n\n\n\n<figure class=\"wp-block-image size-large\" data-block-type=\"core\"><img loading=\"lazy\" decoding=\"async\" width=\"1200\" height=\"800\" data-id=\"8170\" src=\"https:\/\/marcinkrokowski.com\/wp-content\/uploads\/2023\/02\/Fotorelacja-z-konferencji-BLISKO-w-Gdyni-118-1200x800.jpg\" alt=\"Eine Gruppe von Menschen, meist Frauen, steht in einem Raum zusammen und klatscht, sie wirken engagiert und positiv. Viele tragen Namensschilder und Schl&#xFC;sselb&#xE4;nder. Die Kulisse mit gro&#xDF;en Fenstern und nat&#xFC;rlichem Licht schafft eine einladende Atmosph&#xE4;re - eine perfekte Fotoreportage der Veranstaltung von einem talentierten Fotografen aus Warschau.  \" class=\"wp-image-8170\" title=\"\" srcset=\"https:\/\/marcinkrokowski.com\/wp-content\/uploads\/2023\/02\/Fotorelacja-z-konferencji-BLISKO-w-Gdyni-118-1200x800.jpg 1200w, https:\/\/marcinkrokowski.com\/wp-content\/uploads\/2023\/02\/Fotorelacja-z-konferencji-BLISKO-w-Gdyni-118-900x600.jpg 900w, https:\/\/marcinkrokowski.com\/wp-content\/uploads\/2023\/02\/Fotorelacja-z-konferencji-BLISKO-w-Gdyni-118-450x300.jpg 450w, https:\/\/marcinkrokowski.com\/wp-content\/uploads\/2023\/02\/Fotorelacja-z-konferencji-BLISKO-w-Gdyni-118.jpg 1920w\" sizes=\"auto, (max-width: 1200px) 100vw, 1200px\" \/><\/figure>\n\n\n\n<figure class=\"wp-block-image size-large\" data-block-type=\"core\"><img loading=\"lazy\" decoding=\"async\" width=\"1200\" height=\"800\" data-id=\"8171\" src=\"https:\/\/marcinkrokowski.com\/wp-content\/uploads\/2023\/02\/Fotorelacja-z-konferencji-BLISKO-w-Gdyni-119-1200x800.jpg\" alt=\"Drei Frauen stehen l&#xE4;chelnd vor Flipcharts in einem hell erleuchteten Raum und fangen einen Moment w&#xE4;hrend eines Workshops oder einer Pr&#xE4;sentation ein. St&#xFC;hle und weitere Personen sind unscharf im Vordergrund zu sehen und bilden den perfekten Rahmen f&#xFC;r eine Fotoreportage der Veranstaltung. \" class=\"wp-image-8171\" title=\"\" srcset=\"https:\/\/marcinkrokowski.com\/wp-content\/uploads\/2023\/02\/Fotorelacja-z-konferencji-BLISKO-w-Gdyni-119-1200x800.jpg 1200w, https:\/\/marcinkrokowski.com\/wp-content\/uploads\/2023\/02\/Fotorelacja-z-konferencji-BLISKO-w-Gdyni-119-900x600.jpg 900w, https:\/\/marcinkrokowski.com\/wp-content\/uploads\/2023\/02\/Fotorelacja-z-konferencji-BLISKO-w-Gdyni-119-450x300.jpg 450w, https:\/\/marcinkrokowski.com\/wp-content\/uploads\/2023\/02\/Fotorelacja-z-konferencji-BLISKO-w-Gdyni-119.jpg 1920w\" sizes=\"auto, (max-width: 1200px) 100vw, 1200px\" \/><\/figure>\n\n\n\n<figure class=\"wp-block-image size-large\" data-block-type=\"core\"><img loading=\"lazy\" decoding=\"async\" width=\"1200\" height=\"800\" data-id=\"8172\" src=\"https:\/\/marcinkrokowski.com\/wp-content\/uploads\/2023\/02\/Fotorelacja-z-konferencji-BLISKO-w-Gdyni-120-1200x800.jpg\" alt=\"Eine Gruppe von Menschen steht aufmerksam in einem gut beleuchteten Raum, vermutlich w&#xE4;hrend eines Workshops oder Seminars. Im Vordergrund h&#xE4;lt eine Frau eine graue Tasche mit der Aufschrift &#039;ALLE MEIN WISSEN SIND K&#xDC;NSTLER&#039;, w&#xE4;hrend ein Fotograf aus Warschau diesen Moment des Fotojournalismus von der Veranstaltung festh&#xE4;lt. \" class=\"wp-image-8172\" title=\"\" srcset=\"https:\/\/marcinkrokowski.com\/wp-content\/uploads\/2023\/02\/Fotorelacja-z-konferencji-BLISKO-w-Gdyni-120-1200x800.jpg 1200w, https:\/\/marcinkrokowski.com\/wp-content\/uploads\/2023\/02\/Fotorelacja-z-konferencji-BLISKO-w-Gdyni-120-900x600.jpg 900w, https:\/\/marcinkrokowski.com\/wp-content\/uploads\/2023\/02\/Fotorelacja-z-konferencji-BLISKO-w-Gdyni-120-450x300.jpg 450w, https:\/\/marcinkrokowski.com\/wp-content\/uploads\/2023\/02\/Fotorelacja-z-konferencji-BLISKO-w-Gdyni-120.jpg 1920w\" sizes=\"auto, (max-width: 1200px) 100vw, 1200px\" \/><\/figure>\n\n\n\n<figure class=\"wp-block-image size-large\" data-block-type=\"core\"><img loading=\"lazy\" decoding=\"async\" width=\"1200\" height=\"800\" data-id=\"8241\" src=\"https:\/\/marcinkrokowski.com\/wp-content\/uploads\/2023\/02\/Fotorelacja-z-konferencji-BLISKO-w-Gdyni-189-1200x800.jpg\" alt=\"Eine Gruppe von f&#xFC;nf Frauen steht in einem Raum, l&#xE4;chelt und f&#xFC;hrt ein Gespr&#xE4;ch. Sie sitzen vor wei&#xDF;en Flipcharts und tragen jeweils ein Namensschild um den Hals. Der Hintergrund sind hellbraune W&#xE4;nde mit einem dezenten Blattmuster. Diese fesselnde Fotoreportage der Veranstaltung zeigt ihre lebhafte Interaktion.   \" class=\"wp-image-8241\" title=\"\" srcset=\"https:\/\/marcinkrokowski.com\/wp-content\/uploads\/2023\/02\/Fotorelacja-z-konferencji-BLISKO-w-Gdyni-189-1200x800.jpg 1200w, https:\/\/marcinkrokowski.com\/wp-content\/uploads\/2023\/02\/Fotorelacja-z-konferencji-BLISKO-w-Gdyni-189-900x600.jpg 900w, https:\/\/marcinkrokowski.com\/wp-content\/uploads\/2023\/02\/Fotorelacja-z-konferencji-BLISKO-w-Gdyni-189-450x300.jpg 450w, https:\/\/marcinkrokowski.com\/wp-content\/uploads\/2023\/02\/Fotorelacja-z-konferencji-BLISKO-w-Gdyni-189.jpg 1920w\" sizes=\"auto, (max-width: 1200px) 100vw, 1200px\" \/><\/figure>\n\n\n\n<figure class=\"wp-block-image size-large\" data-block-type=\"core\"><img loading=\"lazy\" decoding=\"async\" width=\"1200\" height=\"800\" data-id=\"8173\" src=\"https:\/\/marcinkrokowski.com\/wp-content\/uploads\/2023\/02\/Fotorelacja-z-konferencji-BLISKO-w-Gdyni-121-1200x800.jpg\" alt=\"Eine Gruppe von Frauen hat sich in dem Raum versammelt, sie l&#xE4;cheln und sehen engagiert aus. Einige von ihnen tragen Schl&#xFC;sselb&#xE4;nder mit Namensschildern. Die Frau im Vordergrund, die eine Brille und dunkles Haar tr&#xE4;gt, verschr&#xE4;nkt ihre H&#xE4;nde unter ihrem Kinn. Die Atmosph&#xE4;re wirkt lebendig und positiv, was der Fotograf der Veranstaltung aus Warschau perfekt eingefangen hat.   \" class=\"wp-image-8173\" title=\"\" srcset=\"https:\/\/marcinkrokowski.com\/wp-content\/uploads\/2023\/02\/Fotorelacja-z-konferencji-BLISKO-w-Gdyni-121-1200x800.jpg 1200w, https:\/\/marcinkrokowski.com\/wp-content\/uploads\/2023\/02\/Fotorelacja-z-konferencji-BLISKO-w-Gdyni-121-900x600.jpg 900w, https:\/\/marcinkrokowski.com\/wp-content\/uploads\/2023\/02\/Fotorelacja-z-konferencji-BLISKO-w-Gdyni-121-450x300.jpg 450w, https:\/\/marcinkrokowski.com\/wp-content\/uploads\/2023\/02\/Fotorelacja-z-konferencji-BLISKO-w-Gdyni-121.jpg 1920w\" sizes=\"auto, (max-width: 1200px) 100vw, 1200px\" \/><\/figure>\n\n\n\n<figure class=\"wp-block-image size-large\" data-block-type=\"core\"><img loading=\"lazy\" decoding=\"async\" width=\"1200\" height=\"800\" data-id=\"8174\" src=\"https:\/\/marcinkrokowski.com\/wp-content\/uploads\/2023\/02\/Fotorelacja-z-konferencji-BLISKO-w-Gdyni-122-1200x800.jpg\" alt=\"Eine Gruppe l&#xE4;chelnder und lachender Menschen in einem gut beleuchteten Raum, perfekt eingefangen vom Fotografen f&#xFC;r die Veranstaltung. Sie sind leger gekleidet und die unscharfen Hintergrundelemente lassen vermuten, dass sie sich an einem gesellschaftlichen oder beruflichen Treffpunkt befinden. Der Raum ist mit nat&#xFC;rlichem Licht und Holzm&#xF6;beln ausgestattet.  \" class=\"wp-image-8174\" title=\"\" srcset=\"https:\/\/marcinkrokowski.com\/wp-content\/uploads\/2023\/02\/Fotorelacja-z-konferencji-BLISKO-w-Gdyni-122-1200x800.jpg 1200w, https:\/\/marcinkrokowski.com\/wp-content\/uploads\/2023\/02\/Fotorelacja-z-konferencji-BLISKO-w-Gdyni-122-900x600.jpg 900w, https:\/\/marcinkrokowski.com\/wp-content\/uploads\/2023\/02\/Fotorelacja-z-konferencji-BLISKO-w-Gdyni-122-450x300.jpg 450w, https:\/\/marcinkrokowski.com\/wp-content\/uploads\/2023\/02\/Fotorelacja-z-konferencji-BLISKO-w-Gdyni-122.jpg 1920w\" sizes=\"auto, (max-width: 1200px) 100vw, 1200px\" \/><\/figure>\n\n\n\n<figure class=\"wp-block-image size-large\" data-block-type=\"core\"><img loading=\"lazy\" decoding=\"async\" width=\"1200\" height=\"800\" data-id=\"8175\" src=\"https:\/\/marcinkrokowski.com\/wp-content\/uploads\/2023\/02\/Fotorelacja-z-konferencji-BLISKO-w-Gdyni-123-1200x800.jpg\" alt=\"Eine Gruppe von Menschen steht in einem Halbkreis in einem hellen Raum mit gro&#xDF;en Fenstern. Sie heben ihre H&#xE4;nde und l&#xE4;cheln, offensichtlich in einer kollektiven Aktion engagiert. Mehrere Personen tragen Abzeichen und links ist ein Kameramann zu sehen, vielleicht ein Fotograf aus Warschau, der an der Veranstaltung teilnimmt.  \" class=\"wp-image-8175\" title=\"\" srcset=\"https:\/\/marcinkrokowski.com\/wp-content\/uploads\/2023\/02\/Fotorelacja-z-konferencji-BLISKO-w-Gdyni-123-1200x800.jpg 1200w, https:\/\/marcinkrokowski.com\/wp-content\/uploads\/2023\/02\/Fotorelacja-z-konferencji-BLISKO-w-Gdyni-123-900x600.jpg 900w, https:\/\/marcinkrokowski.com\/wp-content\/uploads\/2023\/02\/Fotorelacja-z-konferencji-BLISKO-w-Gdyni-123-450x300.jpg 450w, https:\/\/marcinkrokowski.com\/wp-content\/uploads\/2023\/02\/Fotorelacja-z-konferencji-BLISKO-w-Gdyni-123.jpg 1920w\" sizes=\"auto, (max-width: 1200px) 100vw, 1200px\" \/><\/figure>\n\n<figure class=\"wp-block-image size-large\" data-block-type=\"core\"><img loading=\"lazy\" decoding=\"async\" width=\"1200\" height=\"800\" data-id=\"8242\" src=\"https:\/\/marcinkrokowski.com\/wp-content\/uploads\/2023\/02\/Fotorelacja-z-konferencji-BLISKO-w-Gdyni-190-1200x800.jpg\" alt=\"Eine Gruppe von Menschen in einem ger&#xE4;umigen, gut beleuchteten Raum hebt enthusiastisch die H&#xE4;nde. Sie sitzen auf St&#xFC;hlen, die in Reihen angeordnet sind, und der unscharfe Hintergrund deutet auf ein gemeinschaftliches oder feierliches Ereignis hin, das von einem Eventfotografen Warschau perfekt eingefangen worden ist. \" class=\"wp-image-8242\" title=\"\" srcset=\"https:\/\/marcinkrokowski.com\/wp-content\/uploads\/2023\/02\/Fotorelacja-z-konferencji-BLISKO-w-Gdyni-190-1200x800.jpg 1200w, https:\/\/marcinkrokowski.com\/wp-content\/uploads\/2023\/02\/Fotorelacja-z-konferencji-BLISKO-w-Gdyni-190-900x600.jpg 900w, https:\/\/marcinkrokowski.com\/wp-content\/uploads\/2023\/02\/Fotorelacja-z-konferencji-BLISKO-w-Gdyni-190-450x300.jpg 450w, https:\/\/marcinkrokowski.com\/wp-content\/uploads\/2023\/02\/Fotorelacja-z-konferencji-BLISKO-w-Gdyni-190.jpg 1920w\" sizes=\"auto, (max-width: 1200px) 100vw, 1200px\" \/><\/figure>\n\n\n\n<figure class=\"wp-block-image size-large\" data-block-type=\"core\"><img loading=\"lazy\" decoding=\"async\" width=\"1200\" height=\"800\" data-id=\"8363\" src=\"https:\/\/marcinkrokowski.com\/wp-content\/uploads\/2023\/02\/zbiorka-002-1200x800.jpg\" alt=\"Eine bunte Gruppe von Menschen verl&#xE4;sst ein modernes Geb&#xE4;ude durch eine Glast&#xFC;r. Einige tragen Taschen, andere halten Getr&#xE4;nke in der Hand und wieder andere sind in ein Gespr&#xE4;ch vertieft. Die Szene, die der Eventfotograf Warsaw bei Tageslicht aufgenommen hat, ist von einer entspannten, lebhaften Atmosph&#xE4;re gepr&#xE4;gt.  \" class=\"wp-image-8363\" title=\"\" srcset=\"https:\/\/marcinkrokowski.com\/wp-content\/uploads\/2023\/02\/zbiorka-002-1200x800.jpg 1200w, https:\/\/marcinkrokowski.com\/wp-content\/uploads\/2023\/02\/zbiorka-002-900x600.jpg 900w, https:\/\/marcinkrokowski.com\/wp-content\/uploads\/2023\/02\/zbiorka-002-450x300.jpg 450w, https:\/\/marcinkrokowski.com\/wp-content\/uploads\/2023\/02\/zbiorka-002.jpg 1920w\" sizes=\"auto, (max-width: 1200px) 100vw, 1200px\" \/><\/figure>\n\n\n\n<figure class=\"wp-block-image size-large\" data-block-type=\"core\"><img loading=\"lazy\" decoding=\"async\" width=\"1200\" height=\"800\" data-id=\"8362\" src=\"https:\/\/marcinkrokowski.com\/wp-content\/uploads\/2023\/02\/zbiorka-001-1200x800.jpg\" alt=\"Eine gro&#xDF;e Gruppe von Menschen mit Gep&#xE4;ck steht vor dem Eingang des Mercure Hotels, unterh&#xE4;lt sich und wartet. Eine Person geht vom Hoteleingang weg. Das moderne Geb&#xE4;ude mit seiner grau-wei&#xDF;en Fassade bildet einen sch&#xF6;nen Kontrast zum blauen Himmel, perfekt f&#xFC;r einen Eventfotografen Warschau zum Festhalten.  \" class=\"wp-image-8362\" title=\"\" srcset=\"https:\/\/marcinkrokowski.com\/wp-content\/uploads\/2023\/02\/zbiorka-001-1200x800.jpg 1200w, https:\/\/marcinkrokowski.com\/wp-content\/uploads\/2023\/02\/zbiorka-001-900x600.jpg 900w, https:\/\/marcinkrokowski.com\/wp-content\/uploads\/2023\/02\/zbiorka-001-450x300.jpg 450w, https:\/\/marcinkrokowski.com\/wp-content\/uploads\/2023\/02\/zbiorka-001.jpg 1920w\" sizes=\"auto, (max-width: 1200px) 100vw, 1200px\" \/><\/figure>\n\n\n<\/figure>\n\n<figure class=\"wp-block-gallery has-nested-images columns-default is-cropped wp-block-gallery-32 is-layout-flex wp-block-gallery-is-layout-flex\" data-block-type=\"core\">\n<figure class=\"wp-block-image size-large\" data-block-type=\"core\"><img loading=\"lazy\" decoding=\"async\" width=\"1200\" height=\"773\" data-id=\"8366\" src=\"https:\/\/marcinkrokowski.com\/wp-content\/uploads\/2023\/02\/zbiorka-014-1200x773.jpg\" alt=\"In der Gruppe steht eine Frau mit langen dunklen Haaren, die ein schwarzes Hemd und eine gestreifte Strickjacke tr&#xE4;gt. Sie l&#xE4;chelt und st&#xFC;tzt ihre Hand unter ihr Kinn, w&#xE4;hrend sie jemanden au&#xDF;erhalb des Bildes anschaut. Dieses Veranstaltungsfoto zeigt einen leicht verschwommenen Hintergrund mit mehreren Personen, die sich unterhalten.  \" class=\"wp-image-8366\" title=\"\" srcset=\"https:\/\/marcinkrokowski.com\/wp-content\/uploads\/2023\/02\/zbiorka-014-1200x773.jpg 1200w, https:\/\/marcinkrokowski.com\/wp-content\/uploads\/2023\/02\/zbiorka-014-900x579.jpg 900w, https:\/\/marcinkrokowski.com\/wp-content\/uploads\/2023\/02\/zbiorka-014-450x290.jpg 450w, https:\/\/marcinkrokowski.com\/wp-content\/uploads\/2023\/02\/zbiorka-014.jpg 1920w\" sizes=\"auto, (max-width: 1200px) 100vw, 1200px\" \/><\/figure>\n\n\n\n<figure class=\"wp-block-image size-large\" data-block-type=\"core\"><img loading=\"lazy\" decoding=\"async\" width=\"1200\" height=\"1800\" data-id=\"8367\" src=\"https:\/\/marcinkrokowski.com\/wp-content\/uploads\/2023\/02\/zbiorka-015-1200x1800.jpg\" alt=\"Eine Frau mit lockigem Haar und einer Brille auf dem Kopf l&#xE4;chelt in die Kamera. Sie tr&#xE4;gt ein dunkles Hemd und ein rotes Schl&#xFC;sselband. Der Hintergrund ist unscharf und f&#xE4;ngt die Essenz des Fotojournalismus des Ereignisses ein, w&#xE4;hrend die andere Person im Vordergrund unscharf bleibt.  \" class=\"wp-image-8367\" title=\"\" srcset=\"https:\/\/marcinkrokowski.com\/wp-content\/uploads\/2023\/02\/zbiorka-015-1200x1800.jpg 1200w, https:\/\/marcinkrokowski.com\/wp-content\/uploads\/2023\/02\/zbiorka-015-900x1350.jpg 900w, https:\/\/marcinkrokowski.com\/wp-content\/uploads\/2023\/02\/zbiorka-015-450x675.jpg 450w, https:\/\/marcinkrokowski.com\/wp-content\/uploads\/2023\/02\/zbiorka-015.jpg 1280w\" sizes=\"auto, (max-width: 1200px) 100vw, 1200px\" \/><\/figure>\n\n\n<\/figure>\n\n<figure class=\"wp-block-gallery has-nested-images columns-default is-cropped wp-block-gallery-33 is-layout-flex wp-block-gallery-is-layout-flex\" data-block-type=\"core\">\n<figure class=\"wp-block-image size-large\" data-block-type=\"core\"><img loading=\"lazy\" decoding=\"async\" width=\"1200\" height=\"800\" data-id=\"8369\" src=\"https:\/\/marcinkrokowski.com\/wp-content\/uploads\/2023\/02\/zbiorka-020-1200x800.jpg\" alt=\"Eine Gruppe von Menschen steht drau&#xDF;en in der N&#xE4;he des Geb&#xE4;udes. Eine Person h&#xE4;lt ein orangefarbenes Schild in der Hand und nimmt vermutlich an einer F&#xFC;hrung oder einer Versammlung teil. Gep&#xE4;ck ist zu sehen und im Hintergrund sind B&#xE4;ume zu sehen. Die urbane Szene deutet darauf hin, dass es sich um eine Fotoreportage eines Fotografen aus Warschau handelt.  \" class=\"wp-image-8369\" title=\"\" srcset=\"https:\/\/marcinkrokowski.com\/wp-content\/uploads\/2023\/02\/zbiorka-020-1200x800.jpg 1200w, https:\/\/marcinkrokowski.com\/wp-content\/uploads\/2023\/02\/zbiorka-020-900x600.jpg 900w, https:\/\/marcinkrokowski.com\/wp-content\/uploads\/2023\/02\/zbiorka-020-450x300.jpg 450w, https:\/\/marcinkrokowski.com\/wp-content\/uploads\/2023\/02\/zbiorka-020.jpg 1920w\" sizes=\"auto, (max-width: 1200px) 100vw, 1200px\" \/><\/figure>\n\n\n\n<figure class=\"wp-block-image size-large\" data-block-type=\"core\"><img loading=\"lazy\" decoding=\"async\" width=\"1200\" height=\"800\" data-id=\"8370\" src=\"https:\/\/marcinkrokowski.com\/wp-content\/uploads\/2023\/02\/zbiorka-022-1200x800.jpg\" alt=\"Eine Menschenmenge vor einem Geb&#xE4;ude, einige in ein Gespr&#xE4;ch vertieft. Im Vordergrund umarmt ein Mann in einem schwarzen Hemd eine andere, wei&#xDF; gekleidete Person. Im Hintergrund sehen Sie ein modernes Geb&#xE4;ude mit Fenstern und lilafarbenen Akzenten, das von einem Fotografen aus Warschau wundersch&#xF6;n eingefangen wurde, w&#xE4;hrend die Menschen vorbeigehen.  \" class=\"wp-image-8370\" title=\"\" srcset=\"https:\/\/marcinkrokowski.com\/wp-content\/uploads\/2023\/02\/zbiorka-022-1200x800.jpg 1200w, https:\/\/marcinkrokowski.com\/wp-content\/uploads\/2023\/02\/zbiorka-022-900x600.jpg 900w, https:\/\/marcinkrokowski.com\/wp-content\/uploads\/2023\/02\/zbiorka-022-450x300.jpg 450w, https:\/\/marcinkrokowski.com\/wp-content\/uploads\/2023\/02\/zbiorka-022.jpg 1920w\" sizes=\"auto, (max-width: 1200px) 100vw, 1200px\" \/><\/figure>\n\n\n\n<figure class=\"wp-block-image size-large\" data-block-type=\"core\"><img loading=\"lazy\" decoding=\"async\" width=\"1200\" height=\"800\" data-id=\"8371\" src=\"https:\/\/marcinkrokowski.com\/wp-content\/uploads\/2023\/02\/zbiorka-023-1200x800.jpg\" alt=\"Zwei Menschen umarmen sich herzlich in einer Umgebung im Freien, wundersch&#xF6;n eingefangen von einem Fotografen aus Warschau. Nur der Oberk&#xF6;rper und die Arme sind zu sehen, wobei die Hand des einen sanft auf dem R&#xFC;cken des anderen ruht. Der Hintergrund ist unscharf, was auf das Gr&#xFC;n und die unscharfen Figuren anspielt.  \" class=\"wp-image-8371\" title=\"\" srcset=\"https:\/\/marcinkrokowski.com\/wp-content\/uploads\/2023\/02\/zbiorka-023-1200x800.jpg 1200w, https:\/\/marcinkrokowski.com\/wp-content\/uploads\/2023\/02\/zbiorka-023-900x600.jpg 900w, https:\/\/marcinkrokowski.com\/wp-content\/uploads\/2023\/02\/zbiorka-023-450x300.jpg 450w, https:\/\/marcinkrokowski.com\/wp-content\/uploads\/2023\/02\/zbiorka-023.jpg 1920w\" sizes=\"auto, (max-width: 1200px) 100vw, 1200px\" \/><\/figure>\n\n\n\n<figure class=\"wp-block-image size-large\" data-block-type=\"core\"><img loading=\"lazy\" decoding=\"async\" width=\"1200\" height=\"800\" data-id=\"8376\" src=\"https:\/\/marcinkrokowski.com\/wp-content\/uploads\/2023\/02\/zbiorka-030-1200x800.jpg\" alt=\"Eine Gruppe von Menschen mit Gep&#xE4;ck geht auf das Geb&#xE4;ude zu und winkt mit den H&#xE4;nden. Das Parkplatzschild ist auf der Stra&#xDF;e zu sehen, neben verschiedenen Geb&#xE4;uden und B&#xE4;umen im sonnigen Hintergrund. Dieser Moment kann von einem Fotografen f&#xFC;r eine Veranstaltung als Teil eines wunderbaren Fotoessays einer Veranstaltung in Warschau wunderbar eingefangen werden.  \" class=\"wp-image-8376\" title=\"\" srcset=\"https:\/\/marcinkrokowski.com\/wp-content\/uploads\/2023\/02\/zbiorka-030-1200x800.jpg 1200w, https:\/\/marcinkrokowski.com\/wp-content\/uploads\/2023\/02\/zbiorka-030-900x600.jpg 900w, https:\/\/marcinkrokowski.com\/wp-content\/uploads\/2023\/02\/zbiorka-030-450x300.jpg 450w, https:\/\/marcinkrokowski.com\/wp-content\/uploads\/2023\/02\/zbiorka-030.jpg 1920w\" sizes=\"auto, (max-width: 1200px) 100vw, 1200px\" \/><\/figure>\n\n<figure class=\"wp-block-image size-large\" data-block-type=\"core\"><img loading=\"lazy\" decoding=\"async\" width=\"1200\" height=\"800\" data-id=\"8372\" src=\"https:\/\/marcinkrokowski.com\/wp-content\/uploads\/2023\/02\/zbiorka-024-1200x800.jpg\" alt=\"Eine Person h&#xE4;lt ein leuchtend blaues Plakat mit der gelben Aufschrift &#039;Library with Passion&#039;, was auf Englisch &#039;Bibliothek mit Leidenschaft&#039; bedeutet. Die Person, die vom Eventfotografen Warsaw aufgenommen wurde, tr&#xE4;gt ein gemustertes Outfit mit schwarzen und wei&#xDF;en Mustern. \" class=\"wp-image-8372\" title=\"\" srcset=\"https:\/\/marcinkrokowski.com\/wp-content\/uploads\/2023\/02\/zbiorka-024-1200x800.jpg 1200w, https:\/\/marcinkrokowski.com\/wp-content\/uploads\/2023\/02\/zbiorka-024-900x600.jpg 900w, https:\/\/marcinkrokowski.com\/wp-content\/uploads\/2023\/02\/zbiorka-024-450x300.jpg 450w, https:\/\/marcinkrokowski.com\/wp-content\/uploads\/2023\/02\/zbiorka-024.jpg 1920w\" sizes=\"auto, (max-width: 1200px) 100vw, 1200px\" \/><\/figure>\n\n<figure class=\"wp-block-image size-large\" data-block-type=\"core\"><img loading=\"lazy\" decoding=\"async\" width=\"1200\" height=\"1800\" data-id=\"8373\" src=\"https:\/\/marcinkrokowski.com\/wp-content\/uploads\/2023\/02\/zbiorka-026-1200x1800.jpg\" alt=\"Die l&#xE4;chelnde Person, die auf dem *Foto aus Warschau* zu sehen ist, h&#xE4;lt ein gr&#xFC;nes Schild mit der Aufschrift &#039;Chylonia Library&#039; in gelber Schrift hoch. Sie tr&#xE4;gt ein schwarzes Hemd und ein rotes Schl&#xFC;sselband. Im Hintergrund sehen Sie unscharfe Menschen und Gr&#xFC;nfl&#xE4;chen.  \" class=\"wp-image-8373\" title=\"\" srcset=\"https:\/\/marcinkrokowski.com\/wp-content\/uploads\/2023\/02\/zbiorka-026-1200x1800.jpg 1200w, https:\/\/marcinkrokowski.com\/wp-content\/uploads\/2023\/02\/zbiorka-026-900x1350.jpg 900w, https:\/\/marcinkrokowski.com\/wp-content\/uploads\/2023\/02\/zbiorka-026-450x675.jpg 450w, https:\/\/marcinkrokowski.com\/wp-content\/uploads\/2023\/02\/zbiorka-026.jpg 1280w\" sizes=\"auto, (max-width: 1200px) 100vw, 1200px\" \/><\/figure>\n\n<figure class=\"wp-block-image size-large\" data-block-type=\"core\"><img loading=\"lazy\" decoding=\"async\" width=\"1200\" height=\"800\" data-id=\"8374\" src=\"https:\/\/marcinkrokowski.com\/wp-content\/uploads\/2023\/02\/zbiorka-027-1200x800.jpg\" alt=\"Eine Gruppe von Menschen steht vor einem Geb&#xE4;ude mit einem Schild mit der Aufschrift &#039;WINESTONE&#039;. Eine Frau in der Mitte, die eine Brosch&#xFC;re in der Hand h&#xE4;lt, spricht zu der Gruppe. Einige tragen Schl&#xFC;sselb&#xE4;nder, die auf eine Konferenz oder eine Tour hinweisen. Andere tragen Gep&#xE4;ck, und alle scheinen in ein Gespr&#xE4;ch vertieft zu sein - perfekt f&#xFC;r jeden *Warschau-Fotografen*, um den Moment festzuhalten.   \" class=\"wp-image-8374\" title=\"\" srcset=\"https:\/\/marcinkrokowski.com\/wp-content\/uploads\/2023\/02\/zbiorka-027-1200x800.jpg 1200w, https:\/\/marcinkrokowski.com\/wp-content\/uploads\/2023\/02\/zbiorka-027-900x600.jpg 900w, https:\/\/marcinkrokowski.com\/wp-content\/uploads\/2023\/02\/zbiorka-027-450x300.jpg 450w, https:\/\/marcinkrokowski.com\/wp-content\/uploads\/2023\/02\/zbiorka-027.jpg 1920w\" sizes=\"auto, (max-width: 1200px) 100vw, 1200px\" \/><\/figure>\n\n\n\n<figure class=\"wp-block-image size-large\" data-block-type=\"core\"><img loading=\"lazy\" decoding=\"async\" width=\"1200\" height=\"800\" data-id=\"8332\" src=\"https:\/\/marcinkrokowski.com\/wp-content\/uploads\/2023\/02\/stacja-kultura-002-1200x800.jpg\" alt=\"Ein modernes beigefarbenes Geb&#xE4;ude mit der Aufschrift &#039;STATION CULTURE&#039; in gro&#xDF;en Buchstaben. Das Design umfasst kleine Fenster und einen subtilen &#xDC;berhang. Der Himmel ist bedeckt, was der Szene ein weiches, diffuses Licht verleiht - perfekt f&#xFC;r die Eventfotografie durch den Eventfotografen Warschau.  \" class=\"wp-image-8332\" title=\"\" srcset=\"https:\/\/marcinkrokowski.com\/wp-content\/uploads\/2023\/02\/stacja-kultura-002-1200x800.jpg 1200w, https:\/\/marcinkrokowski.com\/wp-content\/uploads\/2023\/02\/stacja-kultura-002-900x600.jpg 900w, https:\/\/marcinkrokowski.com\/wp-content\/uploads\/2023\/02\/stacja-kultura-002-450x300.jpg 450w, https:\/\/marcinkrokowski.com\/wp-content\/uploads\/2023\/02\/stacja-kultura-002.jpg 1920w\" sizes=\"auto, (max-width: 1200px) 100vw, 1200px\" \/><\/figure>\n\n\n\n<figure class=\"wp-block-image size-large\" data-block-type=\"core\"><img loading=\"lazy\" decoding=\"async\" width=\"1200\" height=\"800\" data-id=\"8341\" src=\"https:\/\/marcinkrokowski.com\/wp-content\/uploads\/2023\/02\/stacja-kultura-018-1200x800.jpg\" alt=\"Eine hell erleuchtete Bibliothek mit Regalen voller bunter B&#xFC;cher. Mehrere Menschen gehen oder stehen, in ein Gespr&#xE4;ch vertieft. Der Raum hat hohe Decken mit modernen H&#xE4;ngelampen und mehrere Staffeleien halten Fotografien oder Kunstwerke des aktuellen Eventfotografen Warschau.  \" class=\"wp-image-8341\" title=\"\" srcset=\"https:\/\/marcinkrokowski.com\/wp-content\/uploads\/2023\/02\/stacja-kultura-018-1200x800.jpg 1200w, https:\/\/marcinkrokowski.com\/wp-content\/uploads\/2023\/02\/stacja-kultura-018-900x600.jpg 900w, https:\/\/marcinkrokowski.com\/wp-content\/uploads\/2023\/02\/stacja-kultura-018-450x300.jpg 450w, https:\/\/marcinkrokowski.com\/wp-content\/uploads\/2023\/02\/stacja-kultura-018.jpg 1920w\" sizes=\"auto, (max-width: 1200px) 100vw, 1200px\" \/><\/figure>\n\n\n\n<figure class=\"wp-block-image size-large\" data-block-type=\"core\"><img loading=\"lazy\" decoding=\"async\" width=\"1200\" height=\"800\" data-id=\"8338\" src=\"https:\/\/marcinkrokowski.com\/wp-content\/uploads\/2023\/02\/stacja-kultura-013-1200x800.jpg\" alt=\"Das Innere der Bibliothek mit einem gro&#xDF;en Schild mit der Aufschrift &#039;Culture Station&#039; in roten Buchstaben, das von der Decke h&#xE4;ngt. Unter dem Schild befinden sich Regale voller B&#xFC;cher. Zwischen den Worten befindet sich eine moderne, runde schwarz-wei&#xDF;e Wanduhr - perfekt f&#xFC;r die Fotoreportage der Veranstaltung durch einen beliebigen Eventfotografen Warschau.  \" class=\"wp-image-8338\" title=\"\" srcset=\"https:\/\/marcinkrokowski.com\/wp-content\/uploads\/2023\/02\/stacja-kultura-013-1200x800.jpg 1200w, https:\/\/marcinkrokowski.com\/wp-content\/uploads\/2023\/02\/stacja-kultura-013-900x600.jpg 900w, https:\/\/marcinkrokowski.com\/wp-content\/uploads\/2023\/02\/stacja-kultura-013-450x300.jpg 450w, https:\/\/marcinkrokowski.com\/wp-content\/uploads\/2023\/02\/stacja-kultura-013.jpg 1920w\" sizes=\"auto, (max-width: 1200px) 100vw, 1200px\" \/><\/figure>\n\n\n\n<figure class=\"wp-block-image size-large\" data-block-type=\"core\"><img loading=\"lazy\" decoding=\"async\" width=\"1200\" height=\"800\" data-id=\"8342\" src=\"https:\/\/marcinkrokowski.com\/wp-content\/uploads\/2023\/02\/stacja-kultura-021-1200x800.jpg\" alt=\"Ein Mann in einem schwarzen Hemd steht vor einer Gruppe von Menschen und h&#xF6;rt aufmerksam zu. Er scheint sich in einem &#xF6;ffentlichen Raum wie einem B&#xFC;ro oder einem Gemeindezentrum zu befinden. Im Hintergrund sind B&#xFC;cher in Regalen zu sehen und eine Frau, die an einem Schreibtisch sitzt, brillant eingefangen vom Eventfotografen Warsaw.  \" class=\"wp-image-8342\" title=\"\" srcset=\"https:\/\/marcinkrokowski.com\/wp-content\/uploads\/2023\/02\/stacja-kultura-021-1200x800.jpg 1200w, https:\/\/marcinkrokowski.com\/wp-content\/uploads\/2023\/02\/stacja-kultura-021-900x600.jpg 900w, https:\/\/marcinkrokowski.com\/wp-content\/uploads\/2023\/02\/stacja-kultura-021-450x300.jpg 450w, https:\/\/marcinkrokowski.com\/wp-content\/uploads\/2023\/02\/stacja-kultura-021.jpg 1920w\" sizes=\"auto, (max-width: 1200px) 100vw, 1200px\" \/><\/figure>\n\n\n\n<figure class=\"wp-block-image size-large\" data-block-type=\"core\"><img loading=\"lazy\" decoding=\"async\" width=\"1200\" height=\"800\" data-id=\"8339\" src=\"https:\/\/marcinkrokowski.com\/wp-content\/uploads\/2023\/02\/stacja-kultura-014-1200x800.jpg\" alt=\"Eine Ausstellung von Kinderb&#xFC;chern auf dem roten Tisch. Zu den Titeln geh&#xF6;ren &#039;Pippi kommt an Bord&#039;, &#039;Bambi&#039; und &#039;Giganten&#039;. Die farbenfrohen Einb&#xE4;nde zeigen lustige Illustrationen und Figuren wie ein M&#xE4;dchen mit einem Koffer und ein Reh. Einige der B&#xFC;cher sind gestapelt und wurden von einem Fotografen aus Warschau aufgenommen.   \" class=\"wp-image-8339\" title=\"\" srcset=\"https:\/\/marcinkrokowski.com\/wp-content\/uploads\/2023\/02\/stacja-kultura-014-1200x800.jpg 1200w, https:\/\/marcinkrokowski.com\/wp-content\/uploads\/2023\/02\/stacja-kultura-014-900x600.jpg 900w, https:\/\/marcinkrokowski.com\/wp-content\/uploads\/2023\/02\/stacja-kultura-014-450x300.jpg 450w, https:\/\/marcinkrokowski.com\/wp-content\/uploads\/2023\/02\/stacja-kultura-014.jpg 1920w\" sizes=\"auto, (max-width: 1200px) 100vw, 1200px\" \/><\/figure>\n\n\n\n<figure class=\"wp-block-image size-large\" data-block-type=\"core\"><img loading=\"lazy\" decoding=\"async\" width=\"1200\" height=\"800\" data-id=\"8344\" src=\"https:\/\/marcinkrokowski.com\/wp-content\/uploads\/2023\/02\/stacja-kultura-025-1200x800.jpg\" alt=\"Eine Frau in einer roten Jacke macht mit ihrem Smartphone ein Foto von einem Museumsexponat. Das Exponat zeigt historische Bilder und Texte an der Wand. Auf der rechten Seite sind Regale mit B&#xFC;chern zu sehen, die Momente festhalten, die einen aufschlussreichen Fotobericht &#xFC;ber das Ereignis liefern k&#xF6;nnten.  \" class=\"wp-image-8344\" title=\"\" srcset=\"https:\/\/marcinkrokowski.com\/wp-content\/uploads\/2023\/02\/stacja-kultura-025-1200x800.jpg 1200w, https:\/\/marcinkrokowski.com\/wp-content\/uploads\/2023\/02\/stacja-kultura-025-900x600.jpg 900w, https:\/\/marcinkrokowski.com\/wp-content\/uploads\/2023\/02\/stacja-kultura-025-450x300.jpg 450w, https:\/\/marcinkrokowski.com\/wp-content\/uploads\/2023\/02\/stacja-kultura-025.jpg 1920w\" sizes=\"auto, (max-width: 1200px) 100vw, 1200px\" \/><\/figure>\n\n\n\n<figure class=\"wp-block-image size-large\" data-block-type=\"core\"><img loading=\"lazy\" decoding=\"async\" width=\"1200\" height=\"800\" data-id=\"8345\" src=\"https:\/\/marcinkrokowski.com\/wp-content\/uploads\/2023\/02\/stacja-kultura-027-1200x800.jpg\" alt=\"Das Innere einer Bibliothek mit Regalen voller B&#xFC;cher. Wir konzentrieren uns auf einen h&#xF6;lzernen Schrank, an dem ein Poster h&#xE4;ngt, das eine Frau mit braunem Haar und ernstem Gesichtsausdruck zeigt. Die Bildunterschrift lautet: &#039;Kob Maria Konopnicka&#039;. Die roten T&#xFC;rrahmen und die verschiedenen Dekorationen bieten die perfekte Kulisse f&#xFC;r jeden Eventfotografen Warschaus.   \" class=\"wp-image-8345\" title=\"\" srcset=\"https:\/\/marcinkrokowski.com\/wp-content\/uploads\/2023\/02\/stacja-kultura-027-1200x800.jpg 1200w, https:\/\/marcinkrokowski.com\/wp-content\/uploads\/2023\/02\/stacja-kultura-027-900x600.jpg 900w, https:\/\/marcinkrokowski.com\/wp-content\/uploads\/2023\/02\/stacja-kultura-027-450x300.jpg 450w, https:\/\/marcinkrokowski.com\/wp-content\/uploads\/2023\/02\/stacja-kultura-027.jpg 1920w\" sizes=\"auto, (max-width: 1200px) 100vw, 1200px\" \/><\/figure>\n\n\n<\/figure>\n\n<figure class=\"wp-block-gallery has-nested-images columns-default is-cropped wp-block-gallery-34 is-layout-flex wp-block-gallery-is-layout-flex\" data-block-type=\"core\">\n<figure class=\"wp-block-image size-large\" data-block-type=\"core\"><img loading=\"lazy\" decoding=\"async\" width=\"1200\" height=\"800\" data-id=\"8346\" src=\"https:\/\/marcinkrokowski.com\/wp-content\/uploads\/2023\/02\/stacja-kultura-030-1200x800.jpg\" alt=\"Eine moderne Bibliothek mit hohen Regalen, gef&#xFC;llt mit B&#xFC;chern und bunten Einb&#xE4;nden. Die Regale sind in die Holzwand mit vertikalen Paneelen in einer hellen Farbe integriert. Zwischen den Regalen sind gro&#xDF;e Werke traditioneller asiatischer Kalligraphiekunst aufgeh&#xE4;ngt, perfekt f&#xFC;r einen Eventfotografen Warschau, der eine Fotoreportage der Veranstaltung einf&#xE4;ngt.  \" class=\"wp-image-8346\" title=\"\" srcset=\"https:\/\/marcinkrokowski.com\/wp-content\/uploads\/2023\/02\/stacja-kultura-030-1200x800.jpg 1200w, https:\/\/marcinkrokowski.com\/wp-content\/uploads\/2023\/02\/stacja-kultura-030-900x600.jpg 900w, https:\/\/marcinkrokowski.com\/wp-content\/uploads\/2023\/02\/stacja-kultura-030-450x300.jpg 450w, https:\/\/marcinkrokowski.com\/wp-content\/uploads\/2023\/02\/stacja-kultura-030.jpg 1920w\" sizes=\"auto, (max-width: 1200px) 100vw, 1200px\" \/><\/figure>\n\n\n<\/figure>\n\n<figure class=\"wp-block-gallery has-nested-images columns-default is-cropped wp-block-gallery-35 is-layout-flex wp-block-gallery-is-layout-flex\" data-block-type=\"core\">\n<figure class=\"wp-block-image size-large\" data-block-type=\"core\"><img loading=\"lazy\" decoding=\"async\" width=\"1200\" height=\"800\" data-id=\"8347\" src=\"https:\/\/marcinkrokowski.com\/wp-content\/uploads\/2023\/02\/stacja-kultura-031-1200x800.jpg\" alt=\"Zwei Frauen stehen in einem Raum neben einem Tisch. Die Frau auf der linken Seite, die ein rotes Hemd tr&#xE4;gt, gestikuliert mit ihrer Hand. Die Frau auf der rechten Seite, die ein schwarz-wei&#xDF; gestreiftes Hemd tr&#xE4;gt, h&#xE4;lt ein gelbes Schild mit der Aufschrift &#039;Culture Station - Rumia Library&#039;. Diese Fotoreportage von der Veranstaltung f&#xE4;ngt ihr anregendes Gespr&#xE4;ch perfekt ein.   \" class=\"wp-image-8347\" title=\"\" srcset=\"https:\/\/marcinkrokowski.com\/wp-content\/uploads\/2023\/02\/stacja-kultura-031-1200x800.jpg 1200w, https:\/\/marcinkrokowski.com\/wp-content\/uploads\/2023\/02\/stacja-kultura-031-900x600.jpg 900w, https:\/\/marcinkrokowski.com\/wp-content\/uploads\/2023\/02\/stacja-kultura-031-450x300.jpg 450w, https:\/\/marcinkrokowski.com\/wp-content\/uploads\/2023\/02\/stacja-kultura-031.jpg 1920w\" sizes=\"auto, (max-width: 1200px) 100vw, 1200px\" \/><\/figure>\n\n\n\n<figure class=\"wp-block-image size-large\" data-block-type=\"core\"><img loading=\"lazy\" decoding=\"async\" width=\"1200\" height=\"800\" data-id=\"8348\" src=\"https:\/\/marcinkrokowski.com\/wp-content\/uploads\/2023\/02\/stacja-kultura-032-1200x800.jpg\" alt=\"Vier Frauen stehen und posieren f&#xFC;r ein Foto in einem Raum mit Tischen und St&#xFC;hlen. Sie tragen legere Kleidung und Konferenzabzeichen. Der Raum hat ein modernes, minimalistisches Dekor mit Holzt&#xFC;ren und wei&#xDF;en W&#xE4;nden im Hintergrund - der perfekte Ort, um jeden Eventfotografen Warschau zu fotografieren.  \" class=\"wp-image-8348\" title=\"\" srcset=\"https:\/\/marcinkrokowski.com\/wp-content\/uploads\/2023\/02\/stacja-kultura-032-1200x800.jpg 1200w, https:\/\/marcinkrokowski.com\/wp-content\/uploads\/2023\/02\/stacja-kultura-032-900x600.jpg 900w, https:\/\/marcinkrokowski.com\/wp-content\/uploads\/2023\/02\/stacja-kultura-032-450x300.jpg 450w, https:\/\/marcinkrokowski.com\/wp-content\/uploads\/2023\/02\/stacja-kultura-032.jpg 1920w\" sizes=\"auto, (max-width: 1200px) 100vw, 1200px\" \/><\/figure>\n\n\n\n<figure class=\"wp-block-image size-large\" data-block-type=\"core\"><img loading=\"lazy\" decoding=\"async\" width=\"1200\" height=\"800\" data-id=\"8349\" src=\"https:\/\/marcinkrokowski.com\/wp-content\/uploads\/2023\/02\/stacja-kultura-033-1200x800.jpg\" alt=\"Eine ger&#xE4;umige, moderne Bibliothek mit einem zweigeschossigen Grundriss. In der unteren Etage befinden sich B&#xFC;cherregale und Arbeitsbereiche, w&#xE4;hrend die obere Etage mit einer Glasbalustrade und zus&#xE4;tzlichen B&#xFC;cherregalen ausgestattet ist. Mehrere Personen schm&#xF6;kern und lesen in B&#xFC;chern, vielleicht bereiten sie sich auf einen Fotoessay &#xFC;ber die Veranstaltung vor. Gro&#xDF;e Fenster lassen nat&#xFC;rliches Licht in den Raum fallen.   \" class=\"wp-image-8349\" title=\"\" srcset=\"https:\/\/marcinkrokowski.com\/wp-content\/uploads\/2023\/02\/stacja-kultura-033-1200x800.jpg 1200w, https:\/\/marcinkrokowski.com\/wp-content\/uploads\/2023\/02\/stacja-kultura-033-900x600.jpg 900w, https:\/\/marcinkrokowski.com\/wp-content\/uploads\/2023\/02\/stacja-kultura-033-450x300.jpg 450w, https:\/\/marcinkrokowski.com\/wp-content\/uploads\/2023\/02\/stacja-kultura-033.jpg 1920w\" sizes=\"auto, (max-width: 1200px) 100vw, 1200px\" \/><\/figure>\n\n\n\n<figure class=\"wp-block-image size-large\" data-block-type=\"core\"><img loading=\"lazy\" decoding=\"async\" width=\"1200\" height=\"1800\" data-id=\"8350\" src=\"https:\/\/marcinkrokowski.com\/wp-content\/uploads\/2023\/02\/stacja-kultura-034-1200x1800.jpg\" alt=\"F&#xFC;nf Personen stehen auf dem Boden einer modernen Bibliothek und lehnen sich gegen eine Glaswand. Unter ihnen stehen stilvolle B&#xFC;cherregale mit einer Vielzahl von B&#xFC;chern. Die Gruppe macht einen entspannten Eindruck. Jeder tr&#xE4;gt ein Schl&#xFC;sselband, was auf ein professionelles oder akademisches Umfeld schlie&#xDF;en l&#xE4;sst - ideal f&#xFC;r ein Event-Fotoshooting in Warschau (Eventfotograf Warschau).  \" class=\"wp-image-8350\" title=\"\" srcset=\"https:\/\/marcinkrokowski.com\/wp-content\/uploads\/2023\/02\/stacja-kultura-034-1200x1800.jpg 1200w, https:\/\/marcinkrokowski.com\/wp-content\/uploads\/2023\/02\/stacja-kultura-034-900x1350.jpg 900w, https:\/\/marcinkrokowski.com\/wp-content\/uploads\/2023\/02\/stacja-kultura-034-450x675.jpg 450w, https:\/\/marcinkrokowski.com\/wp-content\/uploads\/2023\/02\/stacja-kultura-034.jpg 1280w\" sizes=\"auto, (max-width: 1200px) 100vw, 1200px\" \/><\/figure>\n\n<figure class=\"wp-block-image size-large\" data-block-type=\"core\"><img loading=\"lazy\" decoding=\"async\" width=\"1200\" height=\"800\" data-id=\"8354\" src=\"https:\/\/marcinkrokowski.com\/wp-content\/uploads\/2023\/02\/stacja-kultura-041-1200x800.jpg\" alt=\"Eine Frau in einem roten Hemd steht in einer Kunstgalerie und spricht mit einer kleinen Gruppe von Menschen. Hinter ihr h&#xE4;ngt ein gerahmter Druck. Andere Teilnehmer h&#xF6;ren aufmerksam zu, darunter ein Mann in einem schwarzen Hemd und mehrere Frauen, eine davon in einem gestreiften Hemd. Der Fotograf der Veranstaltung f&#xE4;ngt den Moment perfekt ein.   \" class=\"wp-image-8354\" title=\"\" srcset=\"https:\/\/marcinkrokowski.com\/wp-content\/uploads\/2023\/02\/stacja-kultura-041-1200x800.jpg 1200w, https:\/\/marcinkrokowski.com\/wp-content\/uploads\/2023\/02\/stacja-kultura-041-900x600.jpg 900w, https:\/\/marcinkrokowski.com\/wp-content\/uploads\/2023\/02\/stacja-kultura-041-450x300.jpg 450w, https:\/\/marcinkrokowski.com\/wp-content\/uploads\/2023\/02\/stacja-kultura-041.jpg 1920w\" sizes=\"auto, (max-width: 1200px) 100vw, 1200px\" \/><\/figure>\n\n\n<\/figure>\n\n<figure class=\"wp-block-gallery has-nested-images columns-default is-cropped wp-block-gallery-36 is-layout-flex wp-block-gallery-is-layout-flex\" data-block-type=\"core\">\n<figure class=\"wp-block-image size-large\" data-block-type=\"core\"><img loading=\"lazy\" decoding=\"async\" width=\"1200\" height=\"800\" data-id=\"8356\" src=\"https:\/\/marcinkrokowski.com\/wp-content\/uploads\/2023\/02\/stacja-kultura-044-1200x800.jpg\" alt=\"Eine Frau in einer rot gemusterten Bluse steht in einem Raum und h&#xE4;lt eine Pr&#xE4;sentation. Zu ihrer Linken ein Bildschirm mit der Aufschrift &#039;Nationales Lesef&#xF6;rderungsprogramm 2.0&#039;. An der Wand hinter ihr sind gerahmte Kunstwerke zu sehen und neben ihr mehrere leere St&#xFC;hle und ein Tisch, die von einem Fotografen aus Warschau perfekt eingefangen wurden.  \" class=\"wp-image-8356\" title=\"\" srcset=\"https:\/\/marcinkrokowski.com\/wp-content\/uploads\/2023\/02\/stacja-kultura-044-1200x800.jpg 1200w, https:\/\/marcinkrokowski.com\/wp-content\/uploads\/2023\/02\/stacja-kultura-044-900x600.jpg 900w, https:\/\/marcinkrokowski.com\/wp-content\/uploads\/2023\/02\/stacja-kultura-044-450x300.jpg 450w, https:\/\/marcinkrokowski.com\/wp-content\/uploads\/2023\/02\/stacja-kultura-044.jpg 1920w\" sizes=\"auto, (max-width: 1200px) 100vw, 1200px\" \/><\/figure>\n\n\n\n<figure class=\"wp-block-image size-large\" data-block-type=\"core\"><img loading=\"lazy\" decoding=\"async\" width=\"1200\" height=\"800\" data-id=\"8357\" src=\"https:\/\/marcinkrokowski.com\/wp-content\/uploads\/2023\/02\/stacja-kultura-048-1200x800.jpg\" alt=\"Eine Frau in einer roten Bluse steht vorne im Klassenzimmer und spricht zu einer Gruppe von Menschen, die an Tischen sitzen. Der Raum ist modern beleuchtet, an den W&#xE4;nden h&#xE4;ngen Kunstwerke und auf einem Beistelltisch stehen Erfrischungen. Ein Projektor mit einem Laptop ist aufgestellt, um die Pr&#xE4;sentation zu unterst&#xFC;tzen - eine B&#xFC;hne, die perfekt f&#xFC;r jede Veranstaltung des Fotografen Warsaw ist.  \" class=\"wp-image-8357\" title=\"\" srcset=\"https:\/\/marcinkrokowski.com\/wp-content\/uploads\/2023\/02\/stacja-kultura-048-1200x800.jpg 1200w, https:\/\/marcinkrokowski.com\/wp-content\/uploads\/2023\/02\/stacja-kultura-048-900x600.jpg 900w, https:\/\/marcinkrokowski.com\/wp-content\/uploads\/2023\/02\/stacja-kultura-048-450x300.jpg 450w, https:\/\/marcinkrokowski.com\/wp-content\/uploads\/2023\/02\/stacja-kultura-048.jpg 1920w\" sizes=\"auto, (max-width: 1200px) 100vw, 1200px\" \/><\/figure>\n\n\n<\/figure>\n\n<figure class=\"wp-block-gallery has-nested-images columns-default is-cropped wp-block-gallery-37 is-layout-flex wp-block-gallery-is-layout-flex\" data-block-type=\"core\">\n<figure class=\"wp-block-image size-large\" data-block-type=\"core\"><img loading=\"lazy\" decoding=\"async\" width=\"1200\" height=\"800\" data-id=\"8358\" src=\"https:\/\/marcinkrokowski.com\/wp-content\/uploads\/2023\/02\/stacja-kultura-049-1200x800.jpg\" alt=\"Eine Frau in einer rot gemusterten Bluse steht vor einem Pr&#xE4;sentationsbildschirm, auf dem die Tagesordnung des Tages angezeigt wird. Auf dem Bildschirm sind drei Punkte mit Symbolen zu sehen: &quot;Study Visit Inspiration&quot;, &quot;Recipients&quot; und &quot;Networking Generation&quot;. Im Hintergrund ist ein Flipchart zu sehen, das von einem Fotografen bei der Veranstaltung aufgenommen wurde.  \" class=\"wp-image-8358\" title=\"\" srcset=\"https:\/\/marcinkrokowski.com\/wp-content\/uploads\/2023\/02\/stacja-kultura-049-1200x800.jpg 1200w, https:\/\/marcinkrokowski.com\/wp-content\/uploads\/2023\/02\/stacja-kultura-049-900x600.jpg 900w, https:\/\/marcinkrokowski.com\/wp-content\/uploads\/2023\/02\/stacja-kultura-049-450x300.jpg 450w, https:\/\/marcinkrokowski.com\/wp-content\/uploads\/2023\/02\/stacja-kultura-049.jpg 1920w\" sizes=\"auto, (max-width: 1200px) 100vw, 1200px\" \/><\/figure>\n\n<figure class=\"wp-block-image size-large\" data-block-type=\"core\"><img loading=\"lazy\" decoding=\"async\" width=\"1200\" height=\"1800\" data-id=\"8360\" src=\"https:\/\/marcinkrokowski.com\/wp-content\/uploads\/2023\/02\/stacja-kultura-053-1200x1800.jpg\" alt=\"Eine Person, die ein wei&#xDF;es Hemd und eine blaue Uhr tr&#xE4;gt, einen blauen Stift und eine orangefarbene Karte in der Hand h&#xE4;lt und eine T&#xE4;towierung auf dem Unterarm hat. Die Person sitzt an einem Tisch mit Papieren und einem Telefon. Im Hintergrund sind die H&#xE4;nde einer anderen Person zu sehen. Dies ist Teil eines dynamischen Event-Fotoshootings, das von einem erfahrenen Eventfotografen in Warschau aufgenommen wurde.  \" class=\"wp-image-8360\" title=\"\" srcset=\"https:\/\/marcinkrokowski.com\/wp-content\/uploads\/2023\/02\/stacja-kultura-053-1200x1800.jpg 1200w, https:\/\/marcinkrokowski.com\/wp-content\/uploads\/2023\/02\/stacja-kultura-053-900x1350.jpg 900w, https:\/\/marcinkrokowski.com\/wp-content\/uploads\/2023\/02\/stacja-kultura-053-450x675.jpg 450w, https:\/\/marcinkrokowski.com\/wp-content\/uploads\/2023\/02\/stacja-kultura-053.jpg 1280w\" sizes=\"auto, (max-width: 1200px) 100vw, 1200px\" \/><\/figure>\n\n\n\n<figure class=\"wp-block-image size-large\" data-block-type=\"core\"><img loading=\"lazy\" decoding=\"async\" width=\"1200\" height=\"800\" data-id=\"8310\" src=\"https:\/\/marcinkrokowski.com\/wp-content\/uploads\/2023\/02\/przystan-chylonska-001-1200x800.jpg\" alt=\"Der moderne Eingang des Geb&#xE4;udes mit seiner gelben T&#xFC;r und den dazu passenden gelben S&#xE4;ulen an der grauen Fassade, perfekt f&#xFC;r einen Warschauer Fotografen zum Festhalten. Briefk&#xE4;sten auf der rechten Seite, gr&#xFC;nes Gras auf der Vorderseite und gro&#xDF;e Fenster in den oberen Etagen erg&#xE4;nzen das &#039;PRZYSTA&#x143;&#039;-Schild in gelber Schrift &#xFC;ber der T&#xFC;r. \" class=\"wp-image-8310\" title=\"\" srcset=\"https:\/\/marcinkrokowski.com\/wp-content\/uploads\/2023\/02\/przystan-chylonska-001-1200x800.jpg 1200w, https:\/\/marcinkrokowski.com\/wp-content\/uploads\/2023\/02\/przystan-chylonska-001-900x600.jpg 900w, https:\/\/marcinkrokowski.com\/wp-content\/uploads\/2023\/02\/przystan-chylonska-001-450x300.jpg 450w, https:\/\/marcinkrokowski.com\/wp-content\/uploads\/2023\/02\/przystan-chylonska-001.jpg 1920w\" sizes=\"auto, (max-width: 1200px) 100vw, 1200px\" \/><\/figure>\n\n\n\n<figure class=\"wp-block-image size-large\" data-block-type=\"core\"><img loading=\"lazy\" decoding=\"async\" width=\"1200\" height=\"800\" data-id=\"8328\" src=\"https:\/\/marcinkrokowski.com\/wp-content\/uploads\/2023\/02\/przystan-chylonska-022-1200x800.jpg\" alt=\"Vier Frauen sitzen an Tischen in einem Raum mit blauen W&#xE4;nden. Sie sehen konzentriert aus, lesen und schreiben auf Karten. Eine Frau hat rotes Haar und eine Brille, eine andere hat kurzes braunes Haar und eine Brille. Auf dem Tisch liegen Getr&#xE4;nke und Notizen. Die Studioatmosph&#xE4;re wurde von einem Fotografen aus Warschau eingefangen, der die Veranstaltung fotografierte.    \" class=\"wp-image-8328\" title=\"\" srcset=\"https:\/\/marcinkrokowski.com\/wp-content\/uploads\/2023\/02\/przystan-chylonska-022-1200x800.jpg 1200w, https:\/\/marcinkrokowski.com\/wp-content\/uploads\/2023\/02\/przystan-chylonska-022-900x600.jpg 900w, https:\/\/marcinkrokowski.com\/wp-content\/uploads\/2023\/02\/przystan-chylonska-022-450x300.jpg 450w, https:\/\/marcinkrokowski.com\/wp-content\/uploads\/2023\/02\/przystan-chylonska-022.jpg 1920w\" sizes=\"auto, (max-width: 1200px) 100vw, 1200px\" \/><\/figure>\n\n\n<\/figure>\n\n<figure class=\"wp-block-gallery has-nested-images columns-default is-cropped wp-block-gallery-38 is-layout-flex wp-block-gallery-is-layout-flex\" data-block-type=\"core\">\n<figure class=\"wp-block-image size-large\" data-block-type=\"core\"><img loading=\"lazy\" decoding=\"async\" width=\"1200\" height=\"800\" data-id=\"8329\" src=\"https:\/\/marcinkrokowski.com\/wp-content\/uploads\/2023\/02\/przystan-chylonska-023-1200x800.jpg\" alt=\"Eine Gruppe von Frauen sitzt um Tische in einem hell erleuchteten Konferenzraum mit einer blauen Wand mit der Aufschrift &#039;Besprechungsraum&#039; (Meeting Room). Sie diskutieren, einige halten Papiere in der Hand und tragen Schl&#xFC;sselb&#xE4;nder. Im Hintergrund ist eine Treppe zu sehen, die von einem Fotografen aus Warschau wundersch&#xF6;n eingefangen wurde.  \" class=\"wp-image-8329\" title=\"\" srcset=\"https:\/\/marcinkrokowski.com\/wp-content\/uploads\/2023\/02\/przystan-chylonska-023-1200x800.jpg 1200w, https:\/\/marcinkrokowski.com\/wp-content\/uploads\/2023\/02\/przystan-chylonska-023-900x600.jpg 900w, https:\/\/marcinkrokowski.com\/wp-content\/uploads\/2023\/02\/przystan-chylonska-023-450x300.jpg 450w, https:\/\/marcinkrokowski.com\/wp-content\/uploads\/2023\/02\/przystan-chylonska-023.jpg 1920w\" sizes=\"auto, (max-width: 1200px) 100vw, 1200px\" \/><\/figure>\n\n\n\n<figure class=\"wp-block-image size-large\" data-block-type=\"core\"><img loading=\"lazy\" decoding=\"async\" width=\"1200\" height=\"800\" data-id=\"8330\" src=\"https:\/\/marcinkrokowski.com\/wp-content\/uploads\/2023\/02\/przystan-chylonska-025-1200x800.jpg\" alt=\"Eine Gruppe von Menschen sitzt an einem Tisch und liest Dokumente. Der Ort sieht aus wie ein gew&#xF6;hnliches B&#xFC;ro oder ein Konferenzraum mit t&#xFC;rkisfarbenen runden Wanddekorationen und gemusterten Designs. Der Event-Fotograf Warschau f&#xE4;ngt die konzentrierte Atmosph&#xE4;re ein, in der jeder seine Papiere durchbl&#xE4;ttert, w&#xE4;hrend die Getr&#xE4;nke auf dem Tisch stehen.  \" class=\"wp-image-8330\" title=\"\" srcset=\"https:\/\/marcinkrokowski.com\/wp-content\/uploads\/2023\/02\/przystan-chylonska-025-1200x800.jpg 1200w, https:\/\/marcinkrokowski.com\/wp-content\/uploads\/2023\/02\/przystan-chylonska-025-900x600.jpg 900w, https:\/\/marcinkrokowski.com\/wp-content\/uploads\/2023\/02\/przystan-chylonska-025-450x300.jpg 450w, https:\/\/marcinkrokowski.com\/wp-content\/uploads\/2023\/02\/przystan-chylonska-025.jpg 1920w\" sizes=\"auto, (max-width: 1200px) 100vw, 1200px\" \/><\/figure>\n\n\n<\/figure>\n\n<figure class=\"wp-block-gallery has-nested-images columns-default is-cropped wp-block-gallery-39 is-layout-flex wp-block-gallery-is-layout-flex\" data-block-type=\"core\">\n<figure class=\"wp-block-image size-large\" data-block-type=\"core\"><img loading=\"lazy\" decoding=\"async\" width=\"1200\" height=\"800\" data-id=\"8326\" src=\"https:\/\/marcinkrokowski.com\/wp-content\/uploads\/2023\/02\/przystan-chylonska-018-1200x800.jpg\" alt=\"Ein Tisch mit Tabletts mit Kuchen und Stapeln von quadratischen wei&#xDF;en Tellern. Im Hintergrund ein pastellfarbenes Schild mit der Aufschrift &#039;Cisowa Bibliothek&#039;. Die Szenerie deutet auf ein Essen hin, vielleicht f&#xFC;r eine Party oder ein Treffen, das von dem talentierten Eventfotografen Warsaw perfekt in einem Foto festgehalten wurde. Hinter ihnen befindet sich eine ruhige blaue Wand.   \" class=\"wp-image-8326\" title=\"\" srcset=\"https:\/\/marcinkrokowski.com\/wp-content\/uploads\/2023\/02\/przystan-chylonska-018-1200x800.jpg 1200w, https:\/\/marcinkrokowski.com\/wp-content\/uploads\/2023\/02\/przystan-chylonska-018-900x600.jpg 900w, https:\/\/marcinkrokowski.com\/wp-content\/uploads\/2023\/02\/przystan-chylonska-018-450x300.jpg 450w, https:\/\/marcinkrokowski.com\/wp-content\/uploads\/2023\/02\/przystan-chylonska-018.jpg 1920w\" sizes=\"auto, (max-width: 1200px) 100vw, 1200px\" \/><\/figure>\n\n\n\n<figure class=\"wp-block-image size-large\" data-block-type=\"core\"><img loading=\"lazy\" decoding=\"async\" width=\"1200\" height=\"800\" data-id=\"8315\" src=\"https:\/\/marcinkrokowski.com\/wp-content\/uploads\/2023\/02\/przystan-chylonska-006-1200x800.jpg\" alt=\"Ein Regal in der Bibliothek zeigt eine Vielzahl von Kriminalromanen in polnischer Sprache. Die Regale sind mit &quot;Krimis&quot; beschriftet. Die B&#xFC;cher sind alphabetisch nach Autoren geordnet, wobei Titel wie &quot;Jas Kol&quot; und &quot;Sowa&quot; deutlich hervorstechen. Die weiche Unsch&#xE4;rfe erinnert an den ausdrucksstarken Stil des in Warschau lebenden Fotografen.   \" class=\"wp-image-8315\" title=\"\" srcset=\"https:\/\/marcinkrokowski.com\/wp-content\/uploads\/2023\/02\/przystan-chylonska-006-1200x800.jpg 1200w, https:\/\/marcinkrokowski.com\/wp-content\/uploads\/2023\/02\/przystan-chylonska-006-900x600.jpg 900w, https:\/\/marcinkrokowski.com\/wp-content\/uploads\/2023\/02\/przystan-chylonska-006-450x300.jpg 450w, https:\/\/marcinkrokowski.com\/wp-content\/uploads\/2023\/02\/przystan-chylonska-006.jpg 1920w\" sizes=\"auto, (max-width: 1200px) 100vw, 1200px\" \/><\/figure>\n\n\n\n<figure class=\"wp-block-image size-large\" data-block-type=\"core\"><img loading=\"lazy\" decoding=\"async\" width=\"1200\" height=\"800\" data-id=\"8317\" src=\"https:\/\/marcinkrokowski.com\/wp-content\/uploads\/2023\/02\/przystan-chylonska-009-1200x800.jpg\" alt=\"Das B&#xFC;cherregal mit der Aufschrift &#039;H&#xF6;rb&#xFC;cher&#039; enth&#xE4;lt eine Vielzahl von H&#xF6;rb&#xFC;chern im CD-Format. Die sorgf&#xE4;ltig sortierte Sammlung hat Buchr&#xFC;cken in verschiedenen Farben und Stilen, was auf eine vielf&#xE4;ltige Auswahl an Titeln hinweist. Im Hintergrund erg&#xE4;nzt ein sanft verschwommenes Foto der Veranstaltung die Einrichtung der Bibliothek oder des Gesch&#xE4;fts.  &#010;\" class=\"wp-image-8317\" title=\"\" srcset=\"https:\/\/marcinkrokowski.com\/wp-content\/uploads\/2023\/02\/przystan-chylonska-009-1200x800.jpg 1200w, https:\/\/marcinkrokowski.com\/wp-content\/uploads\/2023\/02\/przystan-chylonska-009-900x600.jpg 900w, https:\/\/marcinkrokowski.com\/wp-content\/uploads\/2023\/02\/przystan-chylonska-009-450x300.jpg 450w, https:\/\/marcinkrokowski.com\/wp-content\/uploads\/2023\/02\/przystan-chylonska-009.jpg 1920w\" sizes=\"auto, (max-width: 1200px) 100vw, 1200px\" \/><\/figure>\n\n\n\n<figure class=\"wp-block-image size-large\" data-block-type=\"core\"><img loading=\"lazy\" decoding=\"async\" width=\"1200\" height=\"800\" data-id=\"8318\" src=\"https:\/\/marcinkrokowski.com\/wp-content\/uploads\/2023\/02\/przystan-chylonska-010-1200x800.jpg\" alt=\"Auf der blauen Wand der Bibliothek steht der wei&#xDF;e Text &#039;Bibliothek f&#xFC;r das Volk&#039;, was auf Polnisch &#039;die Bibliothek ist das Volk&#039; bedeutet. Unterhalb des Textes sind ein Teil der h&#xF6;lzernen B&#xFC;cherregale und ein Bereich mit dem Titel &#039;BIOGRAPHIEN&#039; zu sehen, der von einem Fotografen aus Warschau perfekt eingefangen wurde. \" class=\"wp-image-8318\" title=\"\" srcset=\"https:\/\/marcinkrokowski.com\/wp-content\/uploads\/2023\/02\/przystan-chylonska-010-1200x800.jpg 1200w, https:\/\/marcinkrokowski.com\/wp-content\/uploads\/2023\/02\/przystan-chylonska-010-900x600.jpg 900w, https:\/\/marcinkrokowski.com\/wp-content\/uploads\/2023\/02\/przystan-chylonska-010-450x300.jpg 450w, https:\/\/marcinkrokowski.com\/wp-content\/uploads\/2023\/02\/przystan-chylonska-010.jpg 1920w\" sizes=\"auto, (max-width: 1200px) 100vw, 1200px\" \/><\/figure>\n\n\n\n<figure class=\"wp-block-image size-large\" data-block-type=\"core\"><img loading=\"lazy\" decoding=\"async\" width=\"1200\" height=\"800\" data-id=\"8322\" src=\"https:\/\/marcinkrokowski.com\/wp-content\/uploads\/2023\/02\/przystan-chylonska-014-1200x800.jpg\" alt=\"Die moderne Bibliothek mit Holzboden ist mit wei&#xDF;en B&#xFC;cherregalen voller B&#xFC;cher ausgestattet. Zwei ergonomische St&#xFC;hle und Computerschreibtische befinden sich in der N&#xE4;he der gro&#xDF;en Fenster. Eine gro&#xDF;e runde blaue Leseecke ist in die Holzstruktur integriert und bietet einen gem&#xFC;tlichen Leseplatz, der ideal zum Entspannen nach einem Fototermin ist.  \" class=\"wp-image-8322\" title=\"\" srcset=\"https:\/\/marcinkrokowski.com\/wp-content\/uploads\/2023\/02\/przystan-chylonska-014-1200x800.jpg 1200w, https:\/\/marcinkrokowski.com\/wp-content\/uploads\/2023\/02\/przystan-chylonska-014-900x600.jpg 900w, https:\/\/marcinkrokowski.com\/wp-content\/uploads\/2023\/02\/przystan-chylonska-014-450x300.jpg 450w, https:\/\/marcinkrokowski.com\/wp-content\/uploads\/2023\/02\/przystan-chylonska-014.jpg 1920w\" sizes=\"auto, (max-width: 1200px) 100vw, 1200px\" \/><\/figure>\n\n\n<\/figure>\n\n<figure class=\"wp-block-gallery has-nested-images columns-default is-cropped wp-block-gallery-40 is-layout-flex wp-block-gallery-is-layout-flex\" data-block-type=\"core\">\n<figure class=\"wp-block-image size-large\" data-block-type=\"core\"><img loading=\"lazy\" decoding=\"async\" width=\"1200\" height=\"800\" data-id=\"8323\" src=\"https:\/\/marcinkrokowski.com\/wp-content\/uploads\/2023\/02\/przystan-chylonska-015-1200x800.jpg\" alt=\"Ein gut beleuchteter Bereich einer Kinderbuchhandlung mit bunten B&#xFC;chern in wei&#xDF;en Regalen. Auf den Regalen steht oben auf Polnisch &quot;KSI&#x104;&#x17B;KI DLA NAJM&#x141;ODSZYCH&quot;, was so viel bedeutet wie &quot;B&#xFC;cher f&#xFC;r die J&#xFC;ngsten&quot;. Ein Warschauer Fotograf hat diesen charmanten Raum eingefangen, in dem auch B&#xFC;cher auf einem angrenzenden Holzregal zu finden sind.  \" class=\"wp-image-8323\" title=\"\" srcset=\"https:\/\/marcinkrokowski.com\/wp-content\/uploads\/2023\/02\/przystan-chylonska-015-1200x800.jpg 1200w, https:\/\/marcinkrokowski.com\/wp-content\/uploads\/2023\/02\/przystan-chylonska-015-900x600.jpg 900w, https:\/\/marcinkrokowski.com\/wp-content\/uploads\/2023\/02\/przystan-chylonska-015-450x300.jpg 450w, https:\/\/marcinkrokowski.com\/wp-content\/uploads\/2023\/02\/przystan-chylonska-015.jpg 1920w\" sizes=\"auto, (max-width: 1200px) 100vw, 1200px\" \/><\/figure>\n\n<figure class=\"wp-block-image size-large\" data-block-type=\"core\"><img loading=\"lazy\" decoding=\"async\" width=\"1200\" height=\"800\" data-id=\"8312\" src=\"https:\/\/marcinkrokowski.com\/wp-content\/uploads\/2023\/02\/przystan-chylonska-003-1200x800.jpg\" alt=\"Ein Set aus wei&#xDF;en Stoffliegen mit Holzrahmen, die auf einem Holzboden angeordnet sind. Die St&#xFC;hle sind mit mehrsprachigem Text versehen, darunter &#039;Bibliothek f&#xFC;r alle&#039; und &#039;&#x411;&#x456;&#x431;&#x43B;&#x456;&#x43E;&#x442;&#x435;&#x43A;&#x430; &#x434;&#x43B;&#x44F; &#x43A;&#x43E;&#x436;&#x43D;&#x43E;&#x433;&#x43E;&#039;, sowie bunten abstrakten Mustern in Rot und Orange. Perfekt f&#xFC;r Ihr n&#xE4;chstes Foto-Event.  \" class=\"wp-image-8312\" title=\"\" srcset=\"https:\/\/marcinkrokowski.com\/wp-content\/uploads\/2023\/02\/przystan-chylonska-003-1200x800.jpg 1200w, https:\/\/marcinkrokowski.com\/wp-content\/uploads\/2023\/02\/przystan-chylonska-003-900x600.jpg 900w, https:\/\/marcinkrokowski.com\/wp-content\/uploads\/2023\/02\/przystan-chylonska-003-450x300.jpg 450w, https:\/\/marcinkrokowski.com\/wp-content\/uploads\/2023\/02\/przystan-chylonska-003.jpg 1920w\" sizes=\"auto, (max-width: 1200px) 100vw, 1200px\" \/><\/figure>\n\n\n<\/figure>\n\n<figure class=\"wp-block-gallery has-nested-images columns-default is-cropped wp-block-gallery-41 is-layout-flex wp-block-gallery-is-layout-flex\" data-block-type=\"core\">\n<figure class=\"wp-block-image size-large\" data-block-type=\"core\"><img loading=\"lazy\" decoding=\"async\" width=\"1200\" height=\"800\" data-id=\"8314\" src=\"https:\/\/marcinkrokowski.com\/wp-content\/uploads\/2023\/02\/przystan-chylonska-005-1200x800.jpg\" alt=\"Wei&#xDF;er Gartenschirm mit dem Aufdruck &#039;Library for Everyone&#039; (Bibliothek f&#xFC;r alle) in schwarzer Schrift, Logo und Symbolen auf der Seite. Der bunt gestreifte Regenschirm vor einem Geb&#xE4;ude mit Fenstern eignet sich perfekt, um ihn in einem Fotoessay &#xFC;ber die Veranstaltung festzuhalten. \" class=\"wp-image-8314\" title=\"\" srcset=\"https:\/\/marcinkrokowski.com\/wp-content\/uploads\/2023\/02\/przystan-chylonska-005-1200x800.jpg 1200w, https:\/\/marcinkrokowski.com\/wp-content\/uploads\/2023\/02\/przystan-chylonska-005-900x600.jpg 900w, https:\/\/marcinkrokowski.com\/wp-content\/uploads\/2023\/02\/przystan-chylonska-005-450x300.jpg 450w, https:\/\/marcinkrokowski.com\/wp-content\/uploads\/2023\/02\/przystan-chylonska-005.jpg 1920w\" sizes=\"auto, (max-width: 1200px) 100vw, 1200px\" \/><\/figure>\n\n\n\n<figure class=\"wp-block-image size-large\" data-block-type=\"core\"><img loading=\"lazy\" decoding=\"async\" width=\"1200\" height=\"1800\" data-id=\"8311\" src=\"https:\/\/marcinkrokowski.com\/wp-content\/uploads\/2023\/02\/przystan-chylonska-002-1200x1800.jpg\" alt=\"Ein dunkelblauer B&#xFC;cherr&#xFC;ckgabekasten, der von einem Fotografen aus Warschau aufgenommen wurde, steht vor einem Geb&#xE4;ude mit mehreren Fenstern. Der Kasten enth&#xE4;lt einen Text auf Polnisch, der besagt, dass er f&#xFC;r die R&#xFC;ckgabe von B&#xFC;chern an die Bibliothek bestimmt ist. Der Boden rund um den Kasten ist mit gelblich-gr&#xFC;nem Gras bewachsen.  \" class=\"wp-image-8311\" title=\"\" srcset=\"https:\/\/marcinkrokowski.com\/wp-content\/uploads\/2023\/02\/przystan-chylonska-002-1200x1800.jpg 1200w, https:\/\/marcinkrokowski.com\/wp-content\/uploads\/2023\/02\/przystan-chylonska-002-900x1350.jpg 900w, https:\/\/marcinkrokowski.com\/wp-content\/uploads\/2023\/02\/przystan-chylonska-002-450x675.jpg 450w, https:\/\/marcinkrokowski.com\/wp-content\/uploads\/2023\/02\/przystan-chylonska-002.jpg 1280w\" sizes=\"auto, (max-width: 1200px) 100vw, 1200px\" \/><\/figure>\n\n\n\n<figure class=\"wp-block-image size-large\" data-block-type=\"core\"><img loading=\"lazy\" decoding=\"async\" width=\"1200\" height=\"800\" data-id=\"8256\" src=\"https:\/\/marcinkrokowski.com\/wp-content\/uploads\/2023\/02\/biblioteka-srodmiescie-001-1200x800.jpg\" alt=\"Eine moderne Bibliothek mit bunten geometrischen Mustern an den W&#xE4;nden, aufgenommen von einem Fotografen f&#xFC;r eine Veranstaltung in Warschau. Die Schilder auf Polnisch lauten: &quot;Downtown Library&quot;, &quot;Katalog&quot;, &quot;Ged&#xE4;chtnislabor&quot; und &quot;Fragen&quot;. Im Hintergrund sind B&#xFC;cherregale und Arbeitsbereiche zu sehen, mit Oberlicht und einer wei&#xDF;en S&#xE4;ule im Vordergrund.  \" class=\"wp-image-8256\" title=\"\" srcset=\"https:\/\/marcinkrokowski.com\/wp-content\/uploads\/2023\/02\/biblioteka-srodmiescie-001-1200x800.jpg 1200w, https:\/\/marcinkrokowski.com\/wp-content\/uploads\/2023\/02\/biblioteka-srodmiescie-001-900x600.jpg 900w, https:\/\/marcinkrokowski.com\/wp-content\/uploads\/2023\/02\/biblioteka-srodmiescie-001-450x300.jpg 450w, https:\/\/marcinkrokowski.com\/wp-content\/uploads\/2023\/02\/biblioteka-srodmiescie-001.jpg 1920w\" sizes=\"auto, (max-width: 1200px) 100vw, 1200px\" \/><\/figure>\n\n\n\n<figure class=\"wp-block-image size-large\" data-block-type=\"core\"><img loading=\"lazy\" decoding=\"async\" width=\"1200\" height=\"800\" data-id=\"8257\" src=\"https:\/\/marcinkrokowski.com\/wp-content\/uploads\/2023\/02\/biblioteka-srodmiescie-002-1200x800.jpg\" alt=\"Eine Person mit schulterlangem blondem Haar steht in einer Bibliothek vor hohen, beigen B&#xFC;cherregalen, die mit verschiedenen B&#xFC;chern gef&#xFC;llt sind. Die Person durchst&#xF6;bert die B&#xFC;cherregale, vermutlich auf der Suche nach einem Buch. Die Umgebung ist sauber und aufger&#xE4;umt und erinnert an eine aufwendige Fotografie einer Veranstaltung, die von einem talentierten Fotografen aus Warschau aufgenommen wurde.  \" class=\"wp-image-8257\" title=\"\" srcset=\"https:\/\/marcinkrokowski.com\/wp-content\/uploads\/2023\/02\/biblioteka-srodmiescie-002-1200x800.jpg 1200w, https:\/\/marcinkrokowski.com\/wp-content\/uploads\/2023\/02\/biblioteka-srodmiescie-002-900x600.jpg 900w, https:\/\/marcinkrokowski.com\/wp-content\/uploads\/2023\/02\/biblioteka-srodmiescie-002-450x300.jpg 450w, https:\/\/marcinkrokowski.com\/wp-content\/uploads\/2023\/02\/biblioteka-srodmiescie-002.jpg 1920w\" sizes=\"auto, (max-width: 1200px) 100vw, 1200px\" \/><\/figure>\n\n\n\n<figure class=\"wp-block-image size-large\" data-block-type=\"core\"><img loading=\"lazy\" decoding=\"async\" width=\"1200\" height=\"800\" data-id=\"8258\" src=\"https:\/\/marcinkrokowski.com\/wp-content\/uploads\/2023\/02\/biblioteka-srodmiescie-005-1200x800.jpg\" alt=\"Das Foto zeigt das helle und farbenfrohe Innere der Bibliothek mit Regalen voller B&#xFC;cher. Es gibt einen Sitzbereich mit Tischen und St&#xFC;hlen, eine Auslage mit B&#xFC;chern und Kunstwerken und zwei runde, versenkte, gepolsterte Sitze, die in die B&#xFC;cherregale eingebaut sind. An der Wand h&#xE4;ngt ein Schild mit der Aufschrift &#039;Base&#039;, das wie ein gut geplanter Fotobericht von einer Veranstaltung die Essenz der Veranstaltung einf&#xE4;ngt.  \" class=\"wp-image-8258\" title=\"\" srcset=\"https:\/\/marcinkrokowski.com\/wp-content\/uploads\/2023\/02\/biblioteka-srodmiescie-005-1200x800.jpg 1200w, https:\/\/marcinkrokowski.com\/wp-content\/uploads\/2023\/02\/biblioteka-srodmiescie-005-900x600.jpg 900w, https:\/\/marcinkrokowski.com\/wp-content\/uploads\/2023\/02\/biblioteka-srodmiescie-005-450x300.jpg 450w, https:\/\/marcinkrokowski.com\/wp-content\/uploads\/2023\/02\/biblioteka-srodmiescie-005.jpg 1920w\" sizes=\"auto, (max-width: 1200px) 100vw, 1200px\" \/><\/figure>\n\n\n\n<figure class=\"wp-block-image size-large\" data-block-type=\"core\"><img loading=\"lazy\" decoding=\"async\" width=\"1200\" height=\"800\" data-id=\"8259\" src=\"https:\/\/marcinkrokowski.com\/wp-content\/uploads\/2023\/02\/biblioteka-srodmiescie-009-1200x800.jpg\" alt=\"Auf einer Holzfl&#xE4;che liegt eine Brosch&#xFC;re mit dem Titel &#039;Bielsko&#039;. Die Brosch&#xFC;re, die von dem talentierten Eventfotografen Warsaw entworfen wurde, zeigt lustige Illustrationen wie eine Lupe, Luftballons und eine kleine Stadtlandschaft. Verschiedene andere bunte Papiere und ein gerahmtes Foto sind teilweise um die Brosch&#xFC;re herum zu sehen.  \" class=\"wp-image-8259\" title=\"\" srcset=\"https:\/\/marcinkrokowski.com\/wp-content\/uploads\/2023\/02\/biblioteka-srodmiescie-009-1200x800.jpg 1200w, https:\/\/marcinkrokowski.com\/wp-content\/uploads\/2023\/02\/biblioteka-srodmiescie-009-900x600.jpg 900w, https:\/\/marcinkrokowski.com\/wp-content\/uploads\/2023\/02\/biblioteka-srodmiescie-009-450x300.jpg 450w, https:\/\/marcinkrokowski.com\/wp-content\/uploads\/2023\/02\/biblioteka-srodmiescie-009.jpg 1920w\" sizes=\"auto, (max-width: 1200px) 100vw, 1200px\" \/><\/figure>\n\n\n\n<figure class=\"wp-block-image size-large\" data-block-type=\"core\"><img loading=\"lazy\" decoding=\"async\" width=\"1200\" height=\"800\" data-id=\"8260\" src=\"https:\/\/marcinkrokowski.com\/wp-content\/uploads\/2023\/02\/biblioteka-srodmiescie-010-1200x800.jpg\" alt=\"Unter dem Hashtag &#039;#bibliotekatoludz&#039; ist eine Reihe von bunten Kinderb&#xFC;chern in einem Regal aufgereiht. Im Hintergrund sitzt ein Warschauer Fotograf an einem Schreibtisch mit B&#xFC;chern auf beiden Seiten und bunten Luftballons an der Wand. Der Boden hat ein geometrisches Muster.  \" class=\"wp-image-8260\" title=\"\" srcset=\"https:\/\/marcinkrokowski.com\/wp-content\/uploads\/2023\/02\/biblioteka-srodmiescie-010-1200x800.jpg 1200w, https:\/\/marcinkrokowski.com\/wp-content\/uploads\/2023\/02\/biblioteka-srodmiescie-010-900x600.jpg 900w, https:\/\/marcinkrokowski.com\/wp-content\/uploads\/2023\/02\/biblioteka-srodmiescie-010-450x300.jpg 450w, https:\/\/marcinkrokowski.com\/wp-content\/uploads\/2023\/02\/biblioteka-srodmiescie-010.jpg 1920w\" sizes=\"auto, (max-width: 1200px) 100vw, 1200px\" \/><\/figure>\n\n\n\n<figure class=\"wp-block-image size-large\" data-block-type=\"core\"><img loading=\"lazy\" decoding=\"async\" width=\"1200\" height=\"800\" data-id=\"8271\" src=\"https:\/\/marcinkrokowski.com\/wp-content\/uploads\/2023\/02\/biblioteka-srodmiescie-033-1200x800.jpg\" alt=\"Eine Gruppe von Leuten sitzt an Tischen in einem Klassenzimmer und diskutiert. Auf den Tischen stapeln sich Papiere, Notizb&#xFC;cher und Schreibutensilien. Im Hintergrund sehen Sie Regale mit bunten Ordnern und eine Tafel. Sie erwecken den Eindruck, als seien sie auf eine gemeinsame Aufgabe konzentriert - perfekt f&#xFC;r eine Fotoreportage der Veranstaltung durch einen Fotografen aus Warschau.   \" class=\"wp-image-8271\" title=\"\" srcset=\"https:\/\/marcinkrokowski.com\/wp-content\/uploads\/2023\/02\/biblioteka-srodmiescie-033-1200x800.jpg 1200w, https:\/\/marcinkrokowski.com\/wp-content\/uploads\/2023\/02\/biblioteka-srodmiescie-033-900x600.jpg 900w, https:\/\/marcinkrokowski.com\/wp-content\/uploads\/2023\/02\/biblioteka-srodmiescie-033-450x300.jpg 450w, https:\/\/marcinkrokowski.com\/wp-content\/uploads\/2023\/02\/biblioteka-srodmiescie-033.jpg 1920w\" sizes=\"auto, (max-width: 1200px) 100vw, 1200px\" \/><\/figure>\n<\/figure>\n\n<figure class=\"wp-block-gallery has-nested-images columns-default is-cropped wp-block-gallery-42 is-layout-flex wp-block-gallery-is-layout-flex\" data-block-type=\"core\">\n<figure class=\"wp-block-image size-large\" data-block-type=\"core\"><img loading=\"lazy\" decoding=\"async\" width=\"1200\" height=\"1800\" data-id=\"8272\" src=\"https:\/\/marcinkrokowski.com\/wp-content\/uploads\/2023\/02\/biblioteka-srodmiescie-034-1200x1800.jpg\" alt=\"Eine l&#xE4;chelnde Person mit Brille sitzt an einem Tisch und f&#xFC;hrt ein Gespr&#xE4;ch. Sie tr&#xE4;gt ein dunkles Hemd mit einem Hirschaufdruck und ein rotes Schl&#xFC;sselband. Im Hintergrund sind ein farbenfrohes Plakat und unscharfe Figuren zu sehen, die der Fotograf der Veranstaltung aus Warschau perfekt eingefangen hat.  \" class=\"wp-image-8272\" title=\"\" srcset=\"https:\/\/marcinkrokowski.com\/wp-content\/uploads\/2023\/02\/biblioteka-srodmiescie-034-1200x1800.jpg 1200w, https:\/\/marcinkrokowski.com\/wp-content\/uploads\/2023\/02\/biblioteka-srodmiescie-034-900x1350.jpg 900w, https:\/\/marcinkrokowski.com\/wp-content\/uploads\/2023\/02\/biblioteka-srodmiescie-034-450x675.jpg 450w, https:\/\/marcinkrokowski.com\/wp-content\/uploads\/2023\/02\/biblioteka-srodmiescie-034.jpg 1280w\" sizes=\"auto, (max-width: 1200px) 100vw, 1200px\" \/><\/figure>\n<\/figure>\n\n<figure class=\"wp-block-gallery has-nested-images columns-default is-cropped wp-block-gallery-43 is-layout-flex wp-block-gallery-is-layout-flex\" data-block-type=\"core\">\n<figure class=\"wp-block-image size-large\" data-block-type=\"core\"><img loading=\"lazy\" decoding=\"async\" width=\"1200\" height=\"800\" data-id=\"8274\" src=\"https:\/\/marcinkrokowski.com\/wp-content\/uploads\/2023\/02\/biblioteka-srodmiescie-038-1200x800.jpg\" alt=\"Eine Gruppe von vier Frauen sitzt um einen Tisch in der Bibliothek, vertieft in eine Diskussion oder gemeinsame Arbeit. Auf dem Tisch liegen Papiere, Notizb&#xFC;cher und ein Glas Wasser. Im Hintergrund sehen Sie B&#xFC;cherregale und das Schild &#039;Zone der Stille&#039; (Ruhezone). Die nahtlose Aufnahme dieses Moments verdanken wir einem Fotografen aus Warschau.   \" class=\"wp-image-8274\" title=\"\" srcset=\"https:\/\/marcinkrokowski.com\/wp-content\/uploads\/2023\/02\/biblioteka-srodmiescie-038-1200x800.jpg 1200w, https:\/\/marcinkrokowski.com\/wp-content\/uploads\/2023\/02\/biblioteka-srodmiescie-038-900x600.jpg 900w, https:\/\/marcinkrokowski.com\/wp-content\/uploads\/2023\/02\/biblioteka-srodmiescie-038-450x300.jpg 450w, https:\/\/marcinkrokowski.com\/wp-content\/uploads\/2023\/02\/biblioteka-srodmiescie-038.jpg 1920w\" sizes=\"auto, (max-width: 1200px) 100vw, 1200px\" \/><\/figure>\n\n\n\n<figure class=\"wp-block-image size-large\" data-block-type=\"core\"><img loading=\"lazy\" decoding=\"async\" width=\"1200\" height=\"800\" data-id=\"8275\" src=\"https:\/\/marcinkrokowski.com\/wp-content\/uploads\/2023\/02\/biblioteka-srodmiescie-039-1200x800.jpg\" alt=\"Drei Personen sitzen an einem Tisch in der Bibliothek und sind in eine lebhafte Diskussion vertieft. Sie haben Papiere, Stifte und Getr&#xE4;nke vor sich liegen. Im Hintergrund sehen Sie Regale voller B&#xFC;cher - eine perfekte Szene, die jeder Eventfotograf Warschau einfangen wird.  \" class=\"wp-image-8275\" title=\"\" srcset=\"https:\/\/marcinkrokowski.com\/wp-content\/uploads\/2023\/02\/biblioteka-srodmiescie-039-1200x800.jpg 1200w, https:\/\/marcinkrokowski.com\/wp-content\/uploads\/2023\/02\/biblioteka-srodmiescie-039-900x600.jpg 900w, https:\/\/marcinkrokowski.com\/wp-content\/uploads\/2023\/02\/biblioteka-srodmiescie-039-450x300.jpg 450w, https:\/\/marcinkrokowski.com\/wp-content\/uploads\/2023\/02\/biblioteka-srodmiescie-039.jpg 1920w\" sizes=\"auto, (max-width: 1200px) 100vw, 1200px\" \/><\/figure>\n\n\n\n<figure class=\"wp-block-image size-large\" data-block-type=\"core\"><img loading=\"lazy\" decoding=\"async\" width=\"1200\" height=\"800\" data-id=\"8278\" src=\"https:\/\/marcinkrokowski.com\/wp-content\/uploads\/2023\/02\/biblioteka-srodmiescie-045-1200x800.jpg\" alt=\"Eine Gruppe von Personen sitzt um einen wei&#xDF;en Tisch herum und arbeitet gemeinsam an Dokumenten, um etwas zu erstellen, das wie ein typischer Fotobericht eines Ereignisses aussieht. Verschiedene Papiere, Notizb&#xFC;cher und elektronische Ger&#xE4;te liegen auf dem Tisch verstreut. Eine Person trinkt Kaffee und eine andere ein Glas Orangensaft. Nur ihre H&#xE4;nde sind sichtbar.   \" class=\"wp-image-8278\" title=\"\" srcset=\"https:\/\/marcinkrokowski.com\/wp-content\/uploads\/2023\/02\/biblioteka-srodmiescie-045-1200x800.jpg 1200w, https:\/\/marcinkrokowski.com\/wp-content\/uploads\/2023\/02\/biblioteka-srodmiescie-045-900x600.jpg 900w, https:\/\/marcinkrokowski.com\/wp-content\/uploads\/2023\/02\/biblioteka-srodmiescie-045-450x300.jpg 450w, https:\/\/marcinkrokowski.com\/wp-content\/uploads\/2023\/02\/biblioteka-srodmiescie-045.jpg 1920w\" sizes=\"auto, (max-width: 1200px) 100vw, 1200px\" \/><\/figure>\n\n\n\n<figure class=\"wp-block-image size-large\" data-block-type=\"core\"><img loading=\"lazy\" decoding=\"async\" width=\"1200\" height=\"800\" data-id=\"8263\" src=\"https:\/\/marcinkrokowski.com\/wp-content\/uploads\/2023\/02\/biblioteka-srodmiescie-016-1200x800.jpg\" alt=\"Ein Display mit Vinyl-Schallplatten, die vertikal in Wandhalterungen aufbewahrt werden. Zu den sichtbaren Covern geh&#xF6;rt ein Album mit einem stilisierten blauen Hintergrund und wei&#xDF;en Grafiken von Kraftwerk mit dem Titel &#039;Autobahn&#039;. Im Hintergrund schaffen weitere Schallplatten und Regale mit verschiedenen Objekten eine Szene, die an ein Foto-Event erinnert.  \" class=\"wp-image-8263\" title=\"\" srcset=\"https:\/\/marcinkrokowski.com\/wp-content\/uploads\/2023\/02\/biblioteka-srodmiescie-016-1200x800.jpg 1200w, https:\/\/marcinkrokowski.com\/wp-content\/uploads\/2023\/02\/biblioteka-srodmiescie-016-900x600.jpg 900w, https:\/\/marcinkrokowski.com\/wp-content\/uploads\/2023\/02\/biblioteka-srodmiescie-016-450x300.jpg 450w, https:\/\/marcinkrokowski.com\/wp-content\/uploads\/2023\/02\/biblioteka-srodmiescie-016.jpg 1920w\" sizes=\"auto, (max-width: 1200px) 100vw, 1200px\" \/><\/figure>\n\n\n\n<figure class=\"wp-block-image size-large\" data-block-type=\"core\"><img loading=\"lazy\" decoding=\"async\" width=\"1200\" height=\"800\" data-id=\"8264\" src=\"https:\/\/marcinkrokowski.com\/wp-content\/uploads\/2023\/02\/biblioteka-srodmiescie-017-1200x800.jpg\" alt=\"Auf einem wei&#xDF;en Regal steht ein Plattenspieler mit schwarzen Kopfh&#xF6;rern und einem kleinen schwarzen Audioger&#xE4;t, das daran angeschlossen ist. Hinter den Kopfh&#xF6;rern eine gerahmte Plakette mit polnischem Text, die auf einen Fotobericht &#xFC;ber das Ereignis hindeutet. Im Vordergrund ist ein Teil eines t&#xFC;rkisfarbenen Stuhls zu sehen.  \" class=\"wp-image-8264\" title=\"\" srcset=\"https:\/\/marcinkrokowski.com\/wp-content\/uploads\/2023\/02\/biblioteka-srodmiescie-017-1200x800.jpg 1200w, https:\/\/marcinkrokowski.com\/wp-content\/uploads\/2023\/02\/biblioteka-srodmiescie-017-900x600.jpg 900w, https:\/\/marcinkrokowski.com\/wp-content\/uploads\/2023\/02\/biblioteka-srodmiescie-017-450x300.jpg 450w, https:\/\/marcinkrokowski.com\/wp-content\/uploads\/2023\/02\/biblioteka-srodmiescie-017.jpg 1920w\" sizes=\"auto, (max-width: 1200px) 100vw, 1200px\" \/><\/figure>\n\n\n\n<figure class=\"wp-block-image size-large\" data-block-type=\"core\"><img loading=\"lazy\" decoding=\"async\" width=\"1200\" height=\"800\" data-id=\"8267\" src=\"https:\/\/marcinkrokowski.com\/wp-content\/uploads\/2023\/02\/biblioteka-srodmiescie-025-1200x800.jpg\" alt=\"Ein schwarzer Retro-VHS- und DVD-Player steht auf einer wei&#xDF;en Fl&#xE4;che. Dahinter ein gerahmtes Schild mit Text auf Polnisch und Bibliothekssymbolen, perfekt eingefangen von einem Fotografen aus Warschau. Das Schild ist leicht unscharf.  \" class=\"wp-image-8267\" title=\"\" srcset=\"https:\/\/marcinkrokowski.com\/wp-content\/uploads\/2023\/02\/biblioteka-srodmiescie-025-1200x800.jpg 1200w, https:\/\/marcinkrokowski.com\/wp-content\/uploads\/2023\/02\/biblioteka-srodmiescie-025-900x600.jpg 900w, https:\/\/marcinkrokowski.com\/wp-content\/uploads\/2023\/02\/biblioteka-srodmiescie-025-450x300.jpg 450w, https:\/\/marcinkrokowski.com\/wp-content\/uploads\/2023\/02\/biblioteka-srodmiescie-025.jpg 1920w\" sizes=\"auto, (max-width: 1200px) 100vw, 1200px\" \/><\/figure>\n\n\n\n<figure class=\"wp-block-image size-large\" data-block-type=\"core\"><img loading=\"lazy\" decoding=\"async\" width=\"1200\" height=\"800\" data-id=\"8279\" src=\"https:\/\/marcinkrokowski.com\/wp-content\/uploads\/2023\/02\/biblioteka-srodmiescie-047-1200x800.jpg\" alt=\"Eine Frau steht vor einer Gruppe von sitzenden Menschen und tritt in einem gut beleuchteten Raum auf. Hinter ihr zeigt eine Projektionsfl&#xE4;che einen Text auf Polnisch. Auf der rechten Seite des Raums sind B&#xFC;cherregale zu sehen. Die Teilnehmer sind engagiert und wirken, als w&#xFC;rden sie an einem Workshop teilnehmen, der von unserem Eventfotografen Warschau wundersch&#xF6;n eingefangen wurde.   \" class=\"wp-image-8279\" title=\"\" srcset=\"https:\/\/marcinkrokowski.com\/wp-content\/uploads\/2023\/02\/biblioteka-srodmiescie-047-1200x800.jpg 1200w, https:\/\/marcinkrokowski.com\/wp-content\/uploads\/2023\/02\/biblioteka-srodmiescie-047-900x600.jpg 900w, https:\/\/marcinkrokowski.com\/wp-content\/uploads\/2023\/02\/biblioteka-srodmiescie-047-450x300.jpg 450w, https:\/\/marcinkrokowski.com\/wp-content\/uploads\/2023\/02\/biblioteka-srodmiescie-047.jpg 1920w\" sizes=\"auto, (max-width: 1200px) 100vw, 1200px\" \/><\/figure>\n\n\n\n<figure class=\"wp-block-image size-large\" data-block-type=\"core\"><img loading=\"lazy\" decoding=\"async\" width=\"1200\" height=\"800\" data-id=\"8280\" src=\"https:\/\/marcinkrokowski.com\/wp-content\/uploads\/2023\/02\/biblioteka-srodmiescie-048-1200x800.jpg\" alt=\"Zwei Frauen unterhalten sich in einem Raum, der wie eine Bibliothek oder eine Buchhandlung aussieht. Die Frau auf der linken Seite, die ein Namensschild tr&#xE4;gt, gestikuliert lebhaft. Die Frau auf der rechten Seite, die eine Jeansjacke tr&#xE4;gt, h&#xF6;rt aufmerksam zu. Sie sind von B&#xFC;cherregalen umgeben - die perfekte Kulisse f&#xFC;r ein Event-Fotoessay, aufgenommen von Eventfotograf Warsaw.   \" class=\"wp-image-8280\" title=\"\" srcset=\"https:\/\/marcinkrokowski.com\/wp-content\/uploads\/2023\/02\/biblioteka-srodmiescie-048-1200x800.jpg 1200w, https:\/\/marcinkrokowski.com\/wp-content\/uploads\/2023\/02\/biblioteka-srodmiescie-048-900x600.jpg 900w, https:\/\/marcinkrokowski.com\/wp-content\/uploads\/2023\/02\/biblioteka-srodmiescie-048-450x300.jpg 450w, https:\/\/marcinkrokowski.com\/wp-content\/uploads\/2023\/02\/biblioteka-srodmiescie-048.jpg 1920w\" sizes=\"auto, (max-width: 1200px) 100vw, 1200px\" \/><\/figure>\n\n<figure class=\"wp-block-image size-large\" data-block-type=\"core\"><img loading=\"lazy\" decoding=\"async\" width=\"1200\" height=\"1800\" data-id=\"8281\" src=\"https:\/\/marcinkrokowski.com\/wp-content\/uploads\/2023\/02\/biblioteka-srodmiescie-050-1200x1800.jpg\" alt=\"Eine Person steht und spricht vor einer Gruppe in einem Raum. Sie tr&#xE4;gt ein wei&#xDF;es Hemd, ein rotes Schl&#xFC;sselband und ein Namensschild. Hinter ihr wird eine Folie mit Text und Grafiken projiziert. Der Text auf der Folie scheint auf Polnisch zu sein. Die anderen Teilnehmer sitzen und h&#xF6;ren aufmerksam zu, als ob sie darauf warten, dass die Fotoreportage &#xFC;ber das Ereignis beginnt.    \" class=\"wp-image-8281\" title=\"\" srcset=\"https:\/\/marcinkrokowski.com\/wp-content\/uploads\/2023\/02\/biblioteka-srodmiescie-050-1200x1800.jpg 1200w, https:\/\/marcinkrokowski.com\/wp-content\/uploads\/2023\/02\/biblioteka-srodmiescie-050-900x1350.jpg 900w, https:\/\/marcinkrokowski.com\/wp-content\/uploads\/2023\/02\/biblioteka-srodmiescie-050-450x675.jpg 450w, https:\/\/marcinkrokowski.com\/wp-content\/uploads\/2023\/02\/biblioteka-srodmiescie-050.jpg 1280w\" sizes=\"auto, (max-width: 1200px) 100vw, 1200px\" \/><\/figure>\n\n\n\n<figure class=\"wp-block-image size-large\" data-block-type=\"core\"><img loading=\"lazy\" decoding=\"async\" width=\"1200\" height=\"1800\" data-id=\"8285\" src=\"https:\/\/marcinkrokowski.com\/wp-content\/uploads\/2023\/02\/biblioteka-srodmiescie-056-1200x1800.jpg\" alt=\"Zwei Frauen diskutieren an einem Flipchartst&#xE4;nder, w&#xE4;hrend eine aufsteht und auf ein Diagramm auf dem Papier zeigt. Das Diagramm besteht aus Blumenformen und Kreisen, die durch Linien verbunden sind. Die sitzende Frau beobachtet es. Beide tragen rote Schl&#xFC;sselb&#xE4;nder. Im Hintergrund ist ein Banner zu sehen, das der Fotograf bei der Veranstaltung perfekt eingefangen hat.    \" class=\"wp-image-8285\" title=\"\" srcset=\"https:\/\/marcinkrokowski.com\/wp-content\/uploads\/2023\/02\/biblioteka-srodmiescie-056-1200x1800.jpg 1200w, https:\/\/marcinkrokowski.com\/wp-content\/uploads\/2023\/02\/biblioteka-srodmiescie-056-900x1350.jpg 900w, https:\/\/marcinkrokowski.com\/wp-content\/uploads\/2023\/02\/biblioteka-srodmiescie-056-450x675.jpg 450w, https:\/\/marcinkrokowski.com\/wp-content\/uploads\/2023\/02\/biblioteka-srodmiescie-056.jpg 1280w\" sizes=\"auto, (max-width: 1200px) 100vw, 1200px\" \/><\/figure>\n\n<figure class=\"wp-block-image size-large\" data-block-type=\"core\"><img loading=\"lazy\" decoding=\"async\" width=\"1200\" height=\"800\" data-id=\"8287\" src=\"https:\/\/marcinkrokowski.com\/wp-content\/uploads\/2023\/02\/biblioteka-z-pasja-001-1200x800.jpg\" alt=\"An der Wand des Geb&#xE4;udes sind ein gro&#xDF;es wei&#xDF;es Logo und der Text &#039;Library Gdynia&#039; zu sehen. Das Geb&#xE4;ude hat ein modernes Design, das sich durch klare Linien und eine Kombination aus Beton- und Holzelementen auszeichnet, mit einem teilweise bew&#xF6;lkten Himmel im Hintergrund. Ein talentierter Fotograf aus Warschau hat diese bewegende Szene eingefangen.  \" class=\"wp-image-8287\" title=\"\" srcset=\"https:\/\/marcinkrokowski.com\/wp-content\/uploads\/2023\/02\/biblioteka-z-pasja-001-1200x800.jpg 1200w, https:\/\/marcinkrokowski.com\/wp-content\/uploads\/2023\/02\/biblioteka-z-pasja-001-900x600.jpg 900w, https:\/\/marcinkrokowski.com\/wp-content\/uploads\/2023\/02\/biblioteka-z-pasja-001-450x300.jpg 450w, https:\/\/marcinkrokowski.com\/wp-content\/uploads\/2023\/02\/biblioteka-z-pasja-001.jpg 1920w\" sizes=\"auto, (max-width: 1200px) 100vw, 1200px\" \/><\/figure>\n\n\n\n<figure class=\"wp-block-image size-large\" data-block-type=\"core\"><img loading=\"lazy\" decoding=\"async\" width=\"1200\" height=\"800\" data-id=\"8288\" src=\"https:\/\/marcinkrokowski.com\/wp-content\/uploads\/2023\/02\/biblioteka-z-pasja-004-1200x800.jpg\" alt=\"Eine moderne Bibliothek mit Holzfu&#xDF;boden und heller Beleuchtung ist mit ordentlich angeordneten Regalen mit B&#xFC;chern und Zeitschriften ausgestattet. Mehrere Personen st&#xF6;bern in der Sammlung. Gro&#xDF;e Fenster auf der linken Seite lassen nat&#xFC;rliches Licht herein, perfekt, um das Ereignis eines Fotografen aus Warschau festzuhalten. Am Eingang befinden sich eine Pflanze und Informationsplakate.   \" class=\"wp-image-8288\" title=\"\" srcset=\"https:\/\/marcinkrokowski.com\/wp-content\/uploads\/2023\/02\/biblioteka-z-pasja-004-1200x800.jpg 1200w, https:\/\/marcinkrokowski.com\/wp-content\/uploads\/2023\/02\/biblioteka-z-pasja-004-900x600.jpg 900w, https:\/\/marcinkrokowski.com\/wp-content\/uploads\/2023\/02\/biblioteka-z-pasja-004-450x300.jpg 450w, https:\/\/marcinkrokowski.com\/wp-content\/uploads\/2023\/02\/biblioteka-z-pasja-004.jpg 1920w\" sizes=\"auto, (max-width: 1200px) 100vw, 1200px\" \/><\/figure>\n\n\n\n<figure class=\"wp-block-image size-large\" data-block-type=\"core\"><img loading=\"lazy\" decoding=\"async\" width=\"1200\" height=\"800\" data-id=\"8303\" src=\"https:\/\/marcinkrokowski.com\/wp-content\/uploads\/2023\/02\/biblioteka-z-pasja-026-1200x800.jpg\" alt=\"Zwei Frauen gehen durch eine Bibliothek, beide tragen bunt gemusterte Blusen. Die Frau vor ihr hat dunkles, zur&#xFC;ckgebundenes Haar und eine Brille, die Frau hinter ihr hat langes, helles Haar. Sie l&#xE4;cheln, als sie an Regalen mit B&#xFC;chern und Zeitschriften vorbeigehen, die die Ereignisse, die der Fotograf na.  \" class=\"wp-image-8303\" title=\"\" srcset=\"https:\/\/marcinkrokowski.com\/wp-content\/uploads\/2023\/02\/biblioteka-z-pasja-026-1200x800.jpg 1200w, https:\/\/marcinkrokowski.com\/wp-content\/uploads\/2023\/02\/biblioteka-z-pasja-026-900x600.jpg 900w, https:\/\/marcinkrokowski.com\/wp-content\/uploads\/2023\/02\/biblioteka-z-pasja-026-450x300.jpg 450w, https:\/\/marcinkrokowski.com\/wp-content\/uploads\/2023\/02\/biblioteka-z-pasja-026.jpg 1920w\" sizes=\"auto, (max-width: 1200px) 100vw, 1200px\" \/><\/figure>\n\n\n\n<figure class=\"wp-block-image size-large\" data-block-type=\"core\"><img loading=\"lazy\" decoding=\"async\" width=\"1200\" height=\"800\" data-id=\"8304\" src=\"https:\/\/marcinkrokowski.com\/wp-content\/uploads\/2023\/02\/biblioteka-z-pasja-027-1200x800.jpg\" alt=\"Eine Gruppe von sechs Personen arbeitet an einem Tisch in der Bibliothek zusammen. Der Tisch ist mit Papieren und B&#xFC;chern vollgestopft, perfekt f&#xFC;r ein Foto der Veranstaltung. Im Hintergrund stehen B&#xFC;cherregale voller bunter B&#xFC;cher, die eine gem&#xFC;tliche und lernfreundliche Atmosph&#xE4;re schaffen.  \" class=\"wp-image-8304\" title=\"\" srcset=\"https:\/\/marcinkrokowski.com\/wp-content\/uploads\/2023\/02\/biblioteka-z-pasja-027-1200x800.jpg 1200w, https:\/\/marcinkrokowski.com\/wp-content\/uploads\/2023\/02\/biblioteka-z-pasja-027-900x600.jpg 900w, https:\/\/marcinkrokowski.com\/wp-content\/uploads\/2023\/02\/biblioteka-z-pasja-027-450x300.jpg 450w, https:\/\/marcinkrokowski.com\/wp-content\/uploads\/2023\/02\/biblioteka-z-pasja-027.jpg 1920w\" sizes=\"auto, (max-width: 1200px) 100vw, 1200px\" \/><\/figure>\n\n\n\n<figure class=\"wp-block-image size-large\" data-block-type=\"core\"><img loading=\"lazy\" decoding=\"async\" width=\"1200\" height=\"800\" data-id=\"8290\" src=\"https:\/\/marcinkrokowski.com\/wp-content\/uploads\/2023\/02\/biblioteka-z-pasja-006-1200x800.jpg\" alt=\"Eine moderne Bibliothekseinrichtung mit Holzb&#xF6;den, mit B&#xFC;chern gef&#xFC;llten Regalen und gem&#xFC;tlichen Sitzecken. Zwei blaue Sessel stehen neben einem kleinen Tisch vor einem B&#xFC;cherregal im Hintergrund. Im Vordergrund sind Regale und weitere B&#xFC;cher zu sehen. Perfekt f&#xFC;r den Warschauer Eventfotografen, um den Charme der Bibliothek einzufangen.  \" class=\"wp-image-8290\" title=\"\" srcset=\"https:\/\/marcinkrokowski.com\/wp-content\/uploads\/2023\/02\/biblioteka-z-pasja-006-1200x800.jpg 1200w, https:\/\/marcinkrokowski.com\/wp-content\/uploads\/2023\/02\/biblioteka-z-pasja-006-900x600.jpg 900w, https:\/\/marcinkrokowski.com\/wp-content\/uploads\/2023\/02\/biblioteka-z-pasja-006-450x300.jpg 450w, https:\/\/marcinkrokowski.com\/wp-content\/uploads\/2023\/02\/biblioteka-z-pasja-006.jpg 1920w\" sizes=\"auto, (max-width: 1200px) 100vw, 1200px\" \/><\/figure>\n\n\n\n<figure class=\"wp-block-image size-large\" data-block-type=\"core\"><img loading=\"lazy\" decoding=\"async\" width=\"1200\" height=\"800\" data-id=\"8291\" src=\"https:\/\/marcinkrokowski.com\/wp-content\/uploads\/2023\/02\/biblioteka-z-pasja-007-1200x800.jpg\" alt=\"Die hell erleuchtete Abteilung der Buchhandlung, die oben mit &#039;Fantasy&#039; beschriftet ist, mit schwarzen Regalen, die mit zahlreichen Fantasy-B&#xFC;chern gef&#xFC;llt sind. Die Regale sind mit farbigen Buchr&#xFC;cken geordnet. Im Vordergrund eine unscharfe, partielle Ansicht von B&#xFC;chern in der N&#xE4;he und Hinweise auf den Fotografen bei der Veranstaltung, die die magische Atmosph&#xE4;re einfangen.  \" class=\"wp-image-8291\" title=\"\" srcset=\"https:\/\/marcinkrokowski.com\/wp-content\/uploads\/2023\/02\/biblioteka-z-pasja-007-1200x800.jpg 1200w, https:\/\/marcinkrokowski.com\/wp-content\/uploads\/2023\/02\/biblioteka-z-pasja-007-900x600.jpg 900w, https:\/\/marcinkrokowski.com\/wp-content\/uploads\/2023\/02\/biblioteka-z-pasja-007-450x300.jpg 450w, https:\/\/marcinkrokowski.com\/wp-content\/uploads\/2023\/02\/biblioteka-z-pasja-007.jpg 1920w\" sizes=\"auto, (max-width: 1200px) 100vw, 1200px\" \/><\/figure>\n\n\n\n<figure class=\"wp-block-image size-large\" data-block-type=\"core\"><img loading=\"lazy\" decoding=\"async\" width=\"1200\" height=\"1800\" data-id=\"8295\" src=\"https:\/\/marcinkrokowski.com\/wp-content\/uploads\/2023\/02\/biblioteka-z-pasja-011-1200x1800.jpg\" alt=\"Unscharfes Bild von B&#xFC;chern in einem wei&#xDF;en Regal mit weiteren B&#xFC;chern in einem schwarzen Regal im Hintergrund. Wir konzentrieren uns auf den Hintergrund und schaffen so die Atmosph&#xE4;re eines Foto-Events mit einer Sammlung von B&#xFC;chern und DVDs, darunter auch Titel aus der Warcraft-Serie. \" class=\"wp-image-8295\" title=\"\" srcset=\"https:\/\/marcinkrokowski.com\/wp-content\/uploads\/2023\/02\/biblioteka-z-pasja-011-1200x1800.jpg 1200w, https:\/\/marcinkrokowski.com\/wp-content\/uploads\/2023\/02\/biblioteka-z-pasja-011-900x1350.jpg 900w, https:\/\/marcinkrokowski.com\/wp-content\/uploads\/2023\/02\/biblioteka-z-pasja-011-450x675.jpg 450w, https:\/\/marcinkrokowski.com\/wp-content\/uploads\/2023\/02\/biblioteka-z-pasja-011.jpg 1280w\" sizes=\"auto, (max-width: 1200px) 100vw, 1200px\" \/><\/figure>\n\n\n\n<figure class=\"wp-block-image size-large\" data-block-type=\"core\"><img loading=\"lazy\" decoding=\"async\" width=\"1200\" height=\"1800\" data-id=\"8305\" src=\"https:\/\/marcinkrokowski.com\/wp-content\/uploads\/2023\/02\/biblioteka-z-pasja-030-1200x1800.jpg\" alt=\"Eine Frau mit Brille sitzt auf einem Kissen in der Bibliothek und unterh&#xE4;lt sich mit der Person, die ihr gegen&#xFC;ber steht. Sie hat ein Schl&#xFC;sselband um den Hals und Papiere vor sich ausgebreitet. Im Hintergrund sind bunte Regale voller B&#xFC;cher zu sehen, aufgenommen von Event Photographer Warsaw.  \" class=\"wp-image-8305\" title=\"\" srcset=\"https:\/\/marcinkrokowski.com\/wp-content\/uploads\/2023\/02\/biblioteka-z-pasja-030-1200x1800.jpg 1200w, https:\/\/marcinkrokowski.com\/wp-content\/uploads\/2023\/02\/biblioteka-z-pasja-030-900x1350.jpg 900w, https:\/\/marcinkrokowski.com\/wp-content\/uploads\/2023\/02\/biblioteka-z-pasja-030-450x675.jpg 450w, https:\/\/marcinkrokowski.com\/wp-content\/uploads\/2023\/02\/biblioteka-z-pasja-030.jpg 1280w\" sizes=\"auto, (max-width: 1200px) 100vw, 1200px\" \/><\/figure>\n\n\n\n<figure class=\"wp-block-image size-large\" data-block-type=\"core\"><img loading=\"lazy\" decoding=\"async\" width=\"1200\" height=\"1800\" data-id=\"8298\" src=\"https:\/\/marcinkrokowski.com\/wp-content\/uploads\/2023\/02\/biblioteka-z-pasja-016-1200x1800.jpg\" alt=\"Eine Tafel mit Holzbeinen steht in einem Raum. Sie enth\u00e4lt handgeschriebene Anweisungen auf Polnisch: &quot;BIBLIOTEKA&quot; ganz oben, mit Pfeilen, die &quot;HAUPTRAUM&quot;, &quot;BIBLIOTHEK&quot; und &quot;KONFERENZRAUM&quot; anzeigen.\" class=\"wp-image-8298\" title=\"\" srcset=\"https:\/\/marcinkrokowski.com\/wp-content\/uploads\/2023\/02\/biblioteka-z-pasja-016-1200x1800.jpg 1200w, https:\/\/marcinkrokowski.com\/wp-content\/uploads\/2023\/02\/biblioteka-z-pasja-016-900x1350.jpg 900w, https:\/\/marcinkrokowski.com\/wp-content\/uploads\/2023\/02\/biblioteka-z-pasja-016-450x675.jpg 450w, https:\/\/marcinkrokowski.com\/wp-content\/uploads\/2023\/02\/biblioteka-z-pasja-016.jpg 1280w\" sizes=\"auto, (max-width: 1200px) 100vw, 1200px\" \/><\/figure>\n\n\n<\/figure>\n\n<figure class=\"wp-block-gallery has-nested-images columns-4 is-cropped wp-block-gallery-44 is-layout-flex wp-block-gallery-is-layout-flex\" data-block-type=\"core\">\n<figure class=\"wp-block-image size-large\" data-block-type=\"core\"><img loading=\"lazy\" decoding=\"async\" width=\"1200\" height=\"800\" data-id=\"8307\" src=\"https:\/\/marcinkrokowski.com\/wp-content\/uploads\/2023\/02\/biblioteka-z-pasja-035-1200x800.jpg\" alt=\"Eine Person mit hellblauem Nagellack und dekorativer Nagelkunst h&#xE4;lt einen gelben Klebezettel in der Hand und schreibt darauf mit einem schwarzen Sharpie-Marker. Auf dem Zettel stehen mit schwarzer Tinte geschriebene Worte. Der Hintergrund ist verschwommen und undeutlich und erinnert an ein Veranstaltungsfoto eines Fotografen f&#xFC;r eine Veranstaltung in Warschau.  \" class=\"wp-image-8307\" title=\"\" srcset=\"https:\/\/marcinkrokowski.com\/wp-content\/uploads\/2023\/02\/biblioteka-z-pasja-035-1200x800.jpg 1200w, https:\/\/marcinkrokowski.com\/wp-content\/uploads\/2023\/02\/biblioteka-z-pasja-035-900x600.jpg 900w, https:\/\/marcinkrokowski.com\/wp-content\/uploads\/2023\/02\/biblioteka-z-pasja-035-450x300.jpg 450w, https:\/\/marcinkrokowski.com\/wp-content\/uploads\/2023\/02\/biblioteka-z-pasja-035.jpg 1920w\" sizes=\"auto, (max-width: 1200px) 100vw, 1200px\" \/><\/figure>\n\n<figure class=\"wp-block-image size-large\" data-block-type=\"core\"><img loading=\"lazy\" decoding=\"async\" width=\"1200\" height=\"800\" data-id=\"8299\" src=\"https:\/\/marcinkrokowski.com\/wp-content\/uploads\/2023\/02\/biblioteka-z-pasja-020-1200x800.jpg\" alt=\"Ein orangefarbenes B&#xFC;chlein mit der Illustration eines Kindes, das eine gr&#xFC;ne Pflanze h&#xE4;lt, liegt auf einer h&#xF6;lzernen Oberfl&#xE4;che neben einer Topfpflanze, die an eine Fotoaufnahme eines Ereignisses erinnert. Der Text auf dem Buchdeckel ist in einem nicht-lateinischen Alphabet geschrieben und im Hintergrund ist ein Fenster mit einer verschwommenen Au&#xDF;enlandschaft zu sehen. \" class=\"wp-image-8299\" title=\"\" srcset=\"https:\/\/marcinkrokowski.com\/wp-content\/uploads\/2023\/02\/biblioteka-z-pasja-020-1200x800.jpg 1200w, https:\/\/marcinkrokowski.com\/wp-content\/uploads\/2023\/02\/biblioteka-z-pasja-020-900x600.jpg 900w, https:\/\/marcinkrokowski.com\/wp-content\/uploads\/2023\/02\/biblioteka-z-pasja-020-450x300.jpg 450w, https:\/\/marcinkrokowski.com\/wp-content\/uploads\/2023\/02\/biblioteka-z-pasja-020.jpg 1920w\" sizes=\"auto, (max-width: 1200px) 100vw, 1200px\" \/><\/figure>\n\n\n<\/figure>\n\n<figure class=\"wp-block-gallery has-nested-images columns-default is-cropped wp-block-gallery-45 is-layout-flex wp-block-gallery-is-layout-flex\" data-block-type=\"core\">\n<figure class=\"wp-block-image size-large\" data-block-type=\"core\"><img loading=\"lazy\" decoding=\"async\" width=\"1200\" height=\"800\" data-id=\"8308\" src=\"https:\/\/marcinkrokowski.com\/wp-content\/uploads\/2023\/02\/biblioteka-z-pasja-042-1200x800.jpg\" alt=\"Bewertung der Eventfotografie Warschau\" class=\"wp-image-8308\" title=\"\" srcset=\"https:\/\/marcinkrokowski.com\/wp-content\/uploads\/2023\/02\/biblioteka-z-pasja-042-1200x800.jpg 1200w, https:\/\/marcinkrokowski.com\/wp-content\/uploads\/2023\/02\/biblioteka-z-pasja-042-900x600.jpg 900w, https:\/\/marcinkrokowski.com\/wp-content\/uploads\/2023\/02\/biblioteka-z-pasja-042-450x300.jpg 450w, https:\/\/marcinkrokowski.com\/wp-content\/uploads\/2023\/02\/biblioteka-z-pasja-042.jpg 1920w\" sizes=\"auto, (max-width: 1200px) 100vw, 1200px\" \/><\/figure>\n\n<figure class=\"wp-block-image size-large\" data-block-type=\"core\"><img loading=\"lazy\" decoding=\"async\" width=\"1200\" height=\"1800\" data-id=\"8309\" src=\"https:\/\/marcinkrokowski.com\/wp-content\/uploads\/2023\/02\/biblioteka-z-pasja-043-1200x1800.jpg\" alt=\"Eine Person in einem orangefarbenen Hemd beugt sich &#xFC;ber den Tisch und schreibt mit einem blauen Stift auf einen Klebezettel. Der Tisch ist mit zahlreichen gelben, blauen und gr&#xFC;nen Haftnotizen bedeckt, einige mit sichtbarem Text. Im Hintergrund liegt ein gr&#xFC;nes Kissen, perfekt f&#xFC;r jedes fotografische Ereignis.  \" class=\"wp-image-8309\" title=\"\" srcset=\"https:\/\/marcinkrokowski.com\/wp-content\/uploads\/2023\/02\/biblioteka-z-pasja-043-1200x1800.jpg 1200w, https:\/\/marcinkrokowski.com\/wp-content\/uploads\/2023\/02\/biblioteka-z-pasja-043-900x1350.jpg 900w, https:\/\/marcinkrokowski.com\/wp-content\/uploads\/2023\/02\/biblioteka-z-pasja-043-450x675.jpg 450w, https:\/\/marcinkrokowski.com\/wp-content\/uploads\/2023\/02\/biblioteka-z-pasja-043.jpg 1280w\" sizes=\"auto, (max-width: 1200px) 100vw, 1200px\" \/><\/figure>\n\n<figure class=\"wp-block-image size-large\" data-block-type=\"core\"><img loading=\"lazy\" decoding=\"async\" width=\"1200\" height=\"800\" data-id=\"8302\" src=\"https:\/\/marcinkrokowski.com\/wp-content\/uploads\/2023\/02\/biblioteka-z-pasja-024-1200x800.jpg\" alt=\"Die gem&#xFC;tliche Leseecke ist mit bequemen St&#xFC;hlen, einer Klappbank am Fenster und einem kleinen Tisch ausgestattet. Die W&#xE4;nde sind mit Regalen voller B&#xFC;cher dekoriert und in der Ecke steht ein Klavier. Durch die gro&#xDF;en Fenster str&#xF6;mt nat&#xFC;rliches Licht herein und schafft eine warme Atmosph&#xE4;re, die ideal ist, um ein Foto-Essay des Ereignisses festzuhalten.  \" class=\"wp-image-8302\" title=\"\" srcset=\"https:\/\/marcinkrokowski.com\/wp-content\/uploads\/2023\/02\/biblioteka-z-pasja-024-1200x800.jpg 1200w, https:\/\/marcinkrokowski.com\/wp-content\/uploads\/2023\/02\/biblioteka-z-pasja-024-900x600.jpg 900w, https:\/\/marcinkrokowski.com\/wp-content\/uploads\/2023\/02\/biblioteka-z-pasja-024-450x300.jpg 450w, https:\/\/marcinkrokowski.com\/wp-content\/uploads\/2023\/02\/biblioteka-z-pasja-024.jpg 1920w\" sizes=\"auto, (max-width: 1200px) 100vw, 1200px\" \/><\/figure>\n\n\n\n<figure class=\"wp-block-image size-large\" data-block-type=\"core\"><img loading=\"lazy\" decoding=\"async\" width=\"1200\" height=\"800\" data-id=\"8245\" src=\"https:\/\/marcinkrokowski.com\/wp-content\/uploads\/2023\/02\/biblioteka-gdynia-001-1200x800.jpg\" alt=\"Graues zweist&#xF6;ckiges Geb&#xE4;ude mit einem Schild im Fenster, auf dem &#039;Bibliothek&#039; steht. B&#xE4;ume und Str&#xE4;ucher verdecken teilweise die unteren Fenster, was den Charme der Szene noch verst&#xE4;rkt. Die Adresse &quot;141-145&quot; ist von au&#xDF;en sichtbar. Perfekt, um von einem Warschauer Fotografen eingefangen zu werden, hat dieser Ort einen ganz besonderen Charme.   \" class=\"wp-image-8245\" title=\"\" srcset=\"https:\/\/marcinkrokowski.com\/wp-content\/uploads\/2023\/02\/biblioteka-gdynia-001-1200x800.jpg 1200w, https:\/\/marcinkrokowski.com\/wp-content\/uploads\/2023\/02\/biblioteka-gdynia-001-900x600.jpg 900w, https:\/\/marcinkrokowski.com\/wp-content\/uploads\/2023\/02\/biblioteka-gdynia-001-450x300.jpg 450w, https:\/\/marcinkrokowski.com\/wp-content\/uploads\/2023\/02\/biblioteka-gdynia-001.jpg 1920w\" sizes=\"auto, (max-width: 1200px) 100vw, 1200px\" \/><\/figure>\n\n<figure class=\"wp-block-image size-large\" data-block-type=\"core\"><img loading=\"lazy\" decoding=\"async\" width=\"1200\" height=\"800\" data-id=\"8248\" src=\"https:\/\/marcinkrokowski.com\/wp-content\/uploads\/2023\/02\/biblioteka-gdynia-005-1200x800.jpg\" alt=\"Eine moderne Bibliothek mit wei&#xDF;en Regalen, die auf beiden Seiten mit B&#xFC;chern gef&#xFC;llt sind. In der Mitte wirbt ein buntes Poster auf einer Staffelei f&#xFC;r die Veranstaltung. Hinter dem Plakat f&#xFC;hrt eine Glast&#xFC;r mit dem Wort &#039;Saal&#039; in einen anderen Teil der Bibliothek, wo ein Foto der Veranstaltung zu sehen ist.  \" class=\"wp-image-8248\" title=\"\" srcset=\"https:\/\/marcinkrokowski.com\/wp-content\/uploads\/2023\/02\/biblioteka-gdynia-005-1200x800.jpg 1200w, https:\/\/marcinkrokowski.com\/wp-content\/uploads\/2023\/02\/biblioteka-gdynia-005-900x600.jpg 900w, https:\/\/marcinkrokowski.com\/wp-content\/uploads\/2023\/02\/biblioteka-gdynia-005-450x300.jpg 450w, https:\/\/marcinkrokowski.com\/wp-content\/uploads\/2023\/02\/biblioteka-gdynia-005.jpg 1920w\" sizes=\"auto, (max-width: 1200px) 100vw, 1200px\" \/><\/figure>\n\n\n\n<figure class=\"wp-block-image size-large\" data-block-type=\"core\"><img loading=\"lazy\" decoding=\"async\" width=\"1200\" height=\"800\" data-id=\"8249\" src=\"https:\/\/marcinkrokowski.com\/wp-content\/uploads\/2023\/02\/biblioteka-gdynia-006-1200x800.jpg\" alt=\"B&#xFC;cherregale in einer Bibliothek mit zwei B&#xFC;chern an prominenter Stelle auf einem wei&#xDF;en Regal, deren Titel auf Polnisch sind. Das Regal und die B&#xFC;cher sind fokussiert und die Regale im Hintergrund mit den zus&#xE4;tzlichen B&#xFC;chern sind leicht unscharf, was an eine raffinierte Komposition des Fotografen bei der Veranstaltung erinnert. \" class=\"wp-image-8249\" title=\"\" srcset=\"https:\/\/marcinkrokowski.com\/wp-content\/uploads\/2023\/02\/biblioteka-gdynia-006-1200x800.jpg 1200w, https:\/\/marcinkrokowski.com\/wp-content\/uploads\/2023\/02\/biblioteka-gdynia-006-900x600.jpg 900w, https:\/\/marcinkrokowski.com\/wp-content\/uploads\/2023\/02\/biblioteka-gdynia-006-450x300.jpg 450w, https:\/\/marcinkrokowski.com\/wp-content\/uploads\/2023\/02\/biblioteka-gdynia-006.jpg 1920w\" sizes=\"auto, (max-width: 1200px) 100vw, 1200px\" \/><\/figure>\n\n\n\n<figure class=\"wp-block-image size-large\" data-block-type=\"core\"><img loading=\"lazy\" decoding=\"async\" width=\"1200\" height=\"800\" data-id=\"8252\" src=\"https:\/\/marcinkrokowski.com\/wp-content\/uploads\/2023\/02\/biblioteka-gdynia-009-1200x800.jpg\" alt=\"Auf einem blauen gew&#xF6;lbten Regal stehen vier B&#xFC;cher. Von links nach rechts: ein Buch mit dem Wappen von Gda&#x144;sk, ein Schwarz-Wei&#xDF;-Buch mit dem Titel &#039;The Solidarity Fighting Press Anthology. &quot;Anthologie der Solidarno&#x15B;&#x107; Walczacka Press&quot; und zwei weitere B&#xFC;cher mit illustrativen Einb&#xE4;nden, die architektonische Szenen zeigen, die von einem Fotografen aus Warschau aufgenommen wurden.  \" class=\"wp-image-8252\" title=\"\" srcset=\"https:\/\/marcinkrokowski.com\/wp-content\/uploads\/2023\/02\/biblioteka-gdynia-009-1200x800.jpg 1200w, https:\/\/marcinkrokowski.com\/wp-content\/uploads\/2023\/02\/biblioteka-gdynia-009-900x600.jpg 900w, https:\/\/marcinkrokowski.com\/wp-content\/uploads\/2023\/02\/biblioteka-gdynia-009-450x300.jpg 450w, https:\/\/marcinkrokowski.com\/wp-content\/uploads\/2023\/02\/biblioteka-gdynia-009.jpg 1920w\" sizes=\"auto, (max-width: 1200px) 100vw, 1200px\" \/><\/figure>\n\n\n<\/figure>\n\n<figure class=\"wp-block-gallery has-nested-images columns-default is-cropped wp-block-gallery-46 is-layout-flex wp-block-gallery-is-layout-flex\" data-block-type=\"core\">\n<figure class=\"wp-block-image size-large\" data-block-type=\"core\"><img loading=\"lazy\" decoding=\"async\" width=\"1200\" height=\"800\" data-id=\"8254\" src=\"https:\/\/marcinkrokowski.com\/wp-content\/uploads\/2023\/02\/biblioteka-gdynia-011-1200x800.jpg\" alt=\"Im gut beleuchteten Inneren der Bibliothek befindet sich ein blauer Kiosk mit der Aufschrift &#039;Katalog&#039; und einer Computerschnittstelle f&#xFC;r die Suche im Katalog. Die B&#xFC;cherregale sind mit einer Vielzahl von B&#xFC;chern best&#xFC;ckt und ein kleineres Regal mit der Aufschrift &#039;Cosmos&#039; enth&#xE4;lt weitere B&#xFC;cher und Zeitschriften, die sich ideal f&#xFC;r einen Fotoessay &#xFC;ber die Veranstaltung eignen. \" class=\"wp-image-8254\" title=\"\" srcset=\"https:\/\/marcinkrokowski.com\/wp-content\/uploads\/2023\/02\/biblioteka-gdynia-011-1200x800.jpg 1200w, https:\/\/marcinkrokowski.com\/wp-content\/uploads\/2023\/02\/biblioteka-gdynia-011-900x600.jpg 900w, https:\/\/marcinkrokowski.com\/wp-content\/uploads\/2023\/02\/biblioteka-gdynia-011-450x300.jpg 450w, https:\/\/marcinkrokowski.com\/wp-content\/uploads\/2023\/02\/biblioteka-gdynia-011.jpg 1920w\" sizes=\"auto, (max-width: 1200px) 100vw, 1200px\" \/><\/figure>\n\n\n\n<figure class=\"wp-block-image size-large\" data-block-type=\"core\"><img loading=\"lazy\" decoding=\"async\" width=\"1200\" height=\"800\" data-id=\"8255\" src=\"https:\/\/marcinkrokowski.com\/wp-content\/uploads\/2023\/02\/biblioteka-gdynia-013-1200x800.jpg\" alt=\"Eine gem&#xFC;tliche Bibliotheksecke mit modernem Design, ideal f&#xFC;r eine ruhige Lekt&#xFC;re oder zum Fotoshoppen bei einer Veranstaltung. Sie besteht aus einem leuchtend gelben Sofa, einem kleinen wei&#xDF;en Tisch und einem senffarbenen Sessel. Die Wand dahinter ist mit vertikalen Linien und dem Schriftzug &#039;LIBRARY&#039; verziert. Gro&#xDF;e Fenster lassen nat&#xFC;rliches Licht herein.   \" class=\"wp-image-8255\" title=\"\" srcset=\"https:\/\/marcinkrokowski.com\/wp-content\/uploads\/2023\/02\/biblioteka-gdynia-013-1200x800.jpg 1200w, https:\/\/marcinkrokowski.com\/wp-content\/uploads\/2023\/02\/biblioteka-gdynia-013-900x600.jpg 900w, https:\/\/marcinkrokowski.com\/wp-content\/uploads\/2023\/02\/biblioteka-gdynia-013-450x300.jpg 450w, https:\/\/marcinkrokowski.com\/wp-content\/uploads\/2023\/02\/biblioteka-gdynia-013.jpg 1920w\" sizes=\"auto, (max-width: 1200px) 100vw, 1200px\" \/><\/figure>\n\n\n<\/figure>\n\n<figure class=\"wp-block-gallery has-nested-images columns-default is-cropped wp-block-gallery-47 is-layout-flex wp-block-gallery-is-layout-flex\" data-block-type=\"core\">\n<figure class=\"wp-block-image size-large\" data-block-type=\"core\"><img loading=\"lazy\" decoding=\"async\" width=\"1200\" height=\"1800\" data-id=\"8247\" src=\"https:\/\/marcinkrokowski.com\/wp-content\/uploads\/2023\/02\/biblioteka-gdynia-004-1200x1800.jpg\" alt=\"Ein Wandbild, das einen Astronauten mit einem roten Feuerl\u00f6scher zeigt, der an der Stelle angebracht ist, an der sonst der Rucksack des Astronauten steht. \u00dcber dem Astronauten steht der polnische Text: &quot;Wussten Sie, dass die Sonne auf dem Orbitaldeck alle 90 Minuten auf- und untergeht?&quot;\" class=\"wp-image-8247\" title=\"\" srcset=\"https:\/\/marcinkrokowski.com\/wp-content\/uploads\/2023\/02\/biblioteka-gdynia-004-1200x1800.jpg 1200w, https:\/\/marcinkrokowski.com\/wp-content\/uploads\/2023\/02\/biblioteka-gdynia-004-900x1350.jpg 900w, https:\/\/marcinkrokowski.com\/wp-content\/uploads\/2023\/02\/biblioteka-gdynia-004-450x675.jpg 450w, https:\/\/marcinkrokowski.com\/wp-content\/uploads\/2023\/02\/biblioteka-gdynia-004.jpg 1280w\" sizes=\"auto, (max-width: 1200px) 100vw, 1200px\" \/><\/figure>\n\n<figure class=\"wp-block-image size-large\" data-block-type=\"core\"><img loading=\"lazy\" decoding=\"async\" width=\"1200\" height=\"1800\" data-id=\"8246\" src=\"https:\/\/marcinkrokowski.com\/wp-content\/uploads\/2023\/02\/biblioteka-gdynia-003-1200x1800.jpg\" alt=\"Eine Wand mit dem Logo und Namen &#039;Knowledge Library&#039; auf Polnisch und einem Muster aus farbigen Linien. Auf der linken Seite ist ein h&#xF6;lzerner Gazetteer mit mehreren Zeitungen zu sehen - perfekt f&#xFC;r den Eventfotografen Warschau zum Einfangen. \" class=\"wp-image-8246\" title=\"\" srcset=\"https:\/\/marcinkrokowski.com\/wp-content\/uploads\/2023\/02\/biblioteka-gdynia-003-1200x1800.jpg 1200w, https:\/\/marcinkrokowski.com\/wp-content\/uploads\/2023\/02\/biblioteka-gdynia-003-900x1350.jpg 900w, https:\/\/marcinkrokowski.com\/wp-content\/uploads\/2023\/02\/biblioteka-gdynia-003-450x675.jpg 450w, https:\/\/marcinkrokowski.com\/wp-content\/uploads\/2023\/02\/biblioteka-gdynia-003.jpg 1280w\" sizes=\"auto, (max-width: 1200px) 100vw, 1200px\" \/><\/figure>\n\n\n<\/figure>\n\n<p class=\"wp-block-paragraph\" data-block-type=\"core\">zu streichender Absatz<\/p>\n\n<p class=\"wp-block-paragraph\" data-block-type=\"core\"><\/p>\n","protected":false},"excerpt":{"rendered":"<p>Fotobericht von der BLISKO-Konferenz in Gdynia! Ich berichte \u00fcber die Veranstaltung vom 7. bis 8. Juni 2022, bei der sich Bibliothekare und Bibliothekarinnen aus ganz Polen zu einer Konferenz trafen, die Teil der Schulungsunterst\u00fctzung f\u00fcr die Beschreibungen des BLISKO-F\u00f6rderwettbewerbs war. <\/p>\n","protected":false},"author":1,"featured_media":26356,"parent":0,"comment_status":"closed","ping_status":"closed","template":"","kategoria_portfolio":[64],"class_list":["post-25983","portfolio","type-portfolio","status-publish","has-post-thumbnail","hentry","kategoria_portfolio-konferenzen","infinite-scroll-item","generate-columns","tablet-grid-50","mobile-grid-100","grid-parent","grid-33"],"_links":{"self":[{"href":"https:\/\/marcinkrokowski.com\/de\/wp-json\/wp\/v2\/portfolio\/25983","targetHints":{"allow":["GET"]}}],"collection":[{"href":"https:\/\/marcinkrokowski.com\/de\/wp-json\/wp\/v2\/portfolio"}],"about":[{"href":"https:\/\/marcinkrokowski.com\/de\/wp-json\/wp\/v2\/types\/portfolio"}],"author":[{"embeddable":true,"href":"https:\/\/marcinkrokowski.com\/de\/wp-json\/wp\/v2\/users\/1"}],"replies":[{"embeddable":true,"href":"https:\/\/marcinkrokowski.com\/de\/wp-json\/wp\/v2\/comments?post=25983"}],"version-history":[{"count":3,"href":"https:\/\/marcinkrokowski.com\/de\/wp-json\/wp\/v2\/portfolio\/25983\/revisions"}],"predecessor-version":[{"id":35210,"href":"https:\/\/marcinkrokowski.com\/de\/wp-json\/wp\/v2\/portfolio\/25983\/revisions\/35210"}],"wp:featuredmedia":[{"embeddable":true,"href":"https:\/\/marcinkrokowski.com\/de\/wp-json\/wp\/v2\/media\/26356"}],"wp:attachment":[{"href":"https:\/\/marcinkrokowski.com\/de\/wp-json\/wp\/v2\/media?parent=25983"}],"wp:term":[{"taxonomy":"kategoria_portfolio","embeddable":true,"href":"https:\/\/marcinkrokowski.com\/de\/wp-json\/wp\/v2\/kategoria_portfolio?post=25983"}],"curies":[{"name":"wp","href":"https:\/\/api.w.org\/{rel}","templated":true}]}}