{"id":25937,"date":"2023-03-08T15:19:57","date_gmt":"2023-03-08T14:19:57","guid":{"rendered":"https:\/\/marcinkrokowski.com\/portfolio\/fotoreportage-von-der-pressekonferenz-des-ostens-der-kultur\/"},"modified":"2025-09-04T17:52:54","modified_gmt":"2025-09-04T15:52:54","slug":"fotoreportage-von-der-pressekonferenz-des-ostens-der-kultur","status":"publish","type":"portfolio","link":"https:\/\/marcinkrokowski.com\/de\/portfolio\/fotoreportage-von-der-pressekonferenz-des-ostens-der-kultur\/","title":{"rendered":"Fotoreportage von der Pressekonferenz des Ostens der Kultur"},"content":{"rendered":"\n<p>Ich hatte die Gelegenheit, an der Pressekonferenz von East of Culture in Warschau teilzunehmen. Es war ein au\u00dfergew\u00f6hnlicher und emotionaler Moment, bei dem wir die Gelegenheit hatten, die eingeladenen K\u00fcnstler zu treffen und etwas \u00fcber die diesj\u00e4hrige Ausgabe des Festivals zu erfahren. <\/p>\n\n<figure class=\"wp-block-image size-large\"><img loading=\"lazy\" decoding=\"async\" width=\"1200\" height=\"800\" src=\"https:\/\/marcinkrokowski.com\/wp-content\/uploads\/2023\/03\/fotorelacja-z-konferencji-prasowej-kultura-6-1200x800.jpg\" alt=\"W&#xE4;hrend der Konferenz sitzt eine Gruppe von sieben Personen auf einem Podium, f&#xFC;nf auf St&#xFC;hlen und zwei Moderatoren. Hinter ihnen ist ein Banner mit dem Namen der Veranstaltung zu sehen, das von Marcin Krokowski, einem Fotografen in Warschau, aufgenommen wurde. Auf der B&#xFC;hne stehen Wasserflaschen, ein gro&#xDF;er Bildschirm und eine von der Seite sichtbare Pflanze.  \" class=\"wp-image-9520\" title=\"\" srcset=\"https:\/\/marcinkrokowski.com\/wp-content\/uploads\/2023\/03\/fotorelacja-z-konferencji-prasowej-kultura-6-1200x800.jpg 1200w, https:\/\/marcinkrokowski.com\/wp-content\/uploads\/2023\/03\/fotorelacja-z-konferencji-prasowej-kultura-6-900x600.jpg 900w, https:\/\/marcinkrokowski.com\/wp-content\/uploads\/2023\/03\/fotorelacja-z-konferencji-prasowej-kultura-6-450x300.jpg 450w, https:\/\/marcinkrokowski.com\/wp-content\/uploads\/2023\/03\/fotorelacja-z-konferencji-prasowej-kultura-6-768x512.jpg 768w, https:\/\/marcinkrokowski.com\/wp-content\/uploads\/2023\/03\/fotorelacja-z-konferencji-prasowej-kultura-6-1536x1024.jpg 1536w, https:\/\/marcinkrokowski.com\/wp-content\/uploads\/2023\/03\/fotorelacja-z-konferencji-prasowej-kultura-6.jpg 1920w\" sizes=\"auto, (max-width: 1200px) 100vw, 1200px\" \/><\/figure>\n\n<p>Einer der H\u00f6hepunkte der Konferenz war eine Rede von Dr. Jaros\u0142aw Sellin, Staatssekret\u00e4r im Ministerium f\u00fcr Kultur und Nationales Erbe. Dr. Sellin betonte, wie wichtig es ist, die Kultur unserer Nachbarn zu unterst\u00fctzen, insbesondere im Zusammenhang mit dem anhaltenden Krieg in der Ukraine. Daher wird die Ukraine w\u00e4hrend des diesj\u00e4hrigen Ostens der Kultur einen besonderen Platz einnehmen und polnische K\u00fcnstler werden die M\u00f6glichkeit haben, sich neben K\u00fcnstlern aus unserem \u00f6stlichen Nachbarland zu pr\u00e4sentieren.   <\/p>\n\n<figure class=\"wp-block-gallery has-nested-images columns-1 is-cropped wp-block-gallery-1 is-layout-flex wp-block-gallery-is-layout-flex\">\n<figure class=\"wp-block-image size-large\"><img loading=\"lazy\" decoding=\"async\" width=\"1200\" height=\"800\" data-id=\"9515\" src=\"https:\/\/marcinkrokowski.com\/wp-content\/uploads\/2023\/03\/fotorelacja-z-konferencji-prasowej-kultura-1-1200x800.jpg\" alt=\"Das Plakat ist in einem modernen Glasgeb&#xE4;ude ausgestellt. Das Plakat mit dem Titel &#039;EAST OF CULTURE&#039; zeigt verschiedene geometrische Formen mit St&#xE4;dtenamen und Veranstaltungsdetails in polnischer Sprache und am unteren Rand Bilder der auftretenden Band und kultureller Ikonen, die vom renommierten Veranstaltungsfotografen Marcin Krokowski aufgenommen wurden. \" class=\"wp-image-9515\" title=\"\" srcset=\"https:\/\/marcinkrokowski.com\/wp-content\/uploads\/2023\/03\/fotorelacja-z-konferencji-prasowej-kultura-1-1200x800.jpg 1200w, https:\/\/marcinkrokowski.com\/wp-content\/uploads\/2023\/03\/fotorelacja-z-konferencji-prasowej-kultura-1-900x600.jpg 900w, https:\/\/marcinkrokowski.com\/wp-content\/uploads\/2023\/03\/fotorelacja-z-konferencji-prasowej-kultura-1-450x300.jpg 450w, https:\/\/marcinkrokowski.com\/wp-content\/uploads\/2023\/03\/fotorelacja-z-konferencji-prasowej-kultura-1-768x512.jpg 768w, https:\/\/marcinkrokowski.com\/wp-content\/uploads\/2023\/03\/fotorelacja-z-konferencji-prasowej-kultura-1-1536x1024.jpg 1536w, https:\/\/marcinkrokowski.com\/wp-content\/uploads\/2023\/03\/fotorelacja-z-konferencji-prasowej-kultura-1.jpg 1920w\" sizes=\"auto, (max-width: 1200px) 100vw, 1200px\" \/><\/figure>\n\n\n\n<figure class=\"wp-block-image size-large\"><img loading=\"lazy\" decoding=\"async\" width=\"1200\" height=\"801\" data-id=\"9519\" src=\"https:\/\/marcinkrokowski.com\/wp-content\/uploads\/2023\/03\/fotorelacja-z-konferencji-prasowej-kultura-5-1200x801.jpg\" alt=\"  F&#xFC;nf Personen sitzen w&#xE4;hrend einer Podiumsdiskussion bei einem Kulturfestival auf der B&#xFC;hne. Sie sitzen auf senffarbenen St&#xFC;hlen vor einem Hintergrund mit dem Logo der Veranstaltung und einem lebhaften Design. Vier von ihnen tragen Anz&#xFC;ge und einer hat ein wei&#xDF;es Outfit an. Zwischen ihnen stehen Mikrofone und Wasserflaschen auf einem Tisch. Das Bild wurde von Marcin Krokowski, einem angesehenen Fotografen in Warschau, der sich auf die Fotografie spezialisiert hat, perfekt eingefangen.   \" class=\"wp-image-9519\" title=\"\" srcset=\"https:\/\/marcinkrokowski.com\/wp-content\/uploads\/2023\/03\/fotorelacja-z-konferencji-prasowej-kultura-5-1200x801.jpg 1200w, https:\/\/marcinkrokowski.com\/wp-content\/uploads\/2023\/03\/fotorelacja-z-konferencji-prasowej-kultura-5-900x600.jpg 900w, https:\/\/marcinkrokowski.com\/wp-content\/uploads\/2023\/03\/fotorelacja-z-konferencji-prasowej-kultura-5-450x300.jpg 450w, https:\/\/marcinkrokowski.com\/wp-content\/uploads\/2023\/03\/fotorelacja-z-konferencji-prasowej-kultura-5-768x512.jpg 768w, https:\/\/marcinkrokowski.com\/wp-content\/uploads\/2023\/03\/fotorelacja-z-konferencji-prasowej-kultura-5-1536x1025.jpg 1536w, https:\/\/marcinkrokowski.com\/wp-content\/uploads\/2023\/03\/fotorelacja-z-konferencji-prasowej-kultura-5.jpg 1920w\" sizes=\"auto, (max-width: 1200px) 100vw, 1200px\" \/><\/figure>\n\n\n\n<figure class=\"wp-block-image size-large\"><img loading=\"lazy\" decoding=\"async\" width=\"1200\" height=\"800\" data-id=\"9521\" src=\"https:\/\/marcinkrokowski.com\/wp-content\/uploads\/2023\/03\/fotorelacja-z-konferencji-prasowej-kultura-7-1200x800.jpg\" alt=\"In dem Konferenzraum sitzt eine Gruppe von Menschen und h&#xF6;rt aufmerksam zu. Der Fokus liegt auf vier Personen in der ersten Reihe, zwei M&#xE4;nner und zwei Frauen, die formell gekleidet sind. Das Bild wurde von Marcin Krokowski, einem Fotografen in Warschau, aufgenommen. Der Raum ist durch Deckenlampen gut beleuchtet und schafft eine professionelle Atmosph&#xE4;re.  \" class=\"wp-image-9521\" title=\"\" srcset=\"https:\/\/marcinkrokowski.com\/wp-content\/uploads\/2023\/03\/fotorelacja-z-konferencji-prasowej-kultura-7-1200x800.jpg 1200w, https:\/\/marcinkrokowski.com\/wp-content\/uploads\/2023\/03\/fotorelacja-z-konferencji-prasowej-kultura-7-900x600.jpg 900w, https:\/\/marcinkrokowski.com\/wp-content\/uploads\/2023\/03\/fotorelacja-z-konferencji-prasowej-kultura-7-450x300.jpg 450w, https:\/\/marcinkrokowski.com\/wp-content\/uploads\/2023\/03\/fotorelacja-z-konferencji-prasowej-kultura-7-768x512.jpg 768w, https:\/\/marcinkrokowski.com\/wp-content\/uploads\/2023\/03\/fotorelacja-z-konferencji-prasowej-kultura-7-1536x1024.jpg 1536w, https:\/\/marcinkrokowski.com\/wp-content\/uploads\/2023\/03\/fotorelacja-z-konferencji-prasowej-kultura-7.jpg 1920w\" sizes=\"auto, (max-width: 1200px) 100vw, 1200px\" \/><\/figure>\n\n\n\n<figure class=\"wp-block-image size-large\"><img loading=\"lazy\" decoding=\"async\" width=\"1200\" height=\"800\" data-id=\"9522\" src=\"https:\/\/marcinkrokowski.com\/wp-content\/uploads\/2023\/03\/fotorelacja-z-konferencji-prasowej-kultura-8-1200x800.jpg\" alt=\"Ein bunt gemischtes, sitzendes und aufmerksames Publikum verfolgt die Pr&#xE4;sentation in einem modernen Konferenzraum. Im Hintergrund steht der Redner vor einem Bildschirm mit Bildmaterial, w&#xE4;hrend Marcin Krokowski, ein Fotograf in Warschau, die Veranstaltung mit anderen Fotografen und Kameraleuten festh&#xE4;lt. Die Atmosph&#xE4;re ist professionell und engagiert.  \" class=\"wp-image-9522\" title=\"\" srcset=\"https:\/\/marcinkrokowski.com\/wp-content\/uploads\/2023\/03\/fotorelacja-z-konferencji-prasowej-kultura-8-1200x800.jpg 1200w, https:\/\/marcinkrokowski.com\/wp-content\/uploads\/2023\/03\/fotorelacja-z-konferencji-prasowej-kultura-8-900x600.jpg 900w, https:\/\/marcinkrokowski.com\/wp-content\/uploads\/2023\/03\/fotorelacja-z-konferencji-prasowej-kultura-8-450x300.jpg 450w, https:\/\/marcinkrokowski.com\/wp-content\/uploads\/2023\/03\/fotorelacja-z-konferencji-prasowej-kultura-8-768x512.jpg 768w, https:\/\/marcinkrokowski.com\/wp-content\/uploads\/2023\/03\/fotorelacja-z-konferencji-prasowej-kultura-8-1536x1024.jpg 1536w, https:\/\/marcinkrokowski.com\/wp-content\/uploads\/2023\/03\/fotorelacja-z-konferencji-prasowej-kultura-8.jpg 1920w\" sizes=\"auto, (max-width: 1200px) 100vw, 1200px\" \/><\/figure>\n\n\n\n<figure class=\"wp-block-image size-large\"><img loading=\"lazy\" decoding=\"async\" width=\"1200\" height=\"800\" data-id=\"9523\" src=\"https:\/\/marcinkrokowski.com\/wp-content\/uploads\/2023\/03\/fotorelacja-z-konferencji-prasowej-kultura-9-1200x800.jpg\" alt=\"Eine Gruppe von f&#xFC;nf Rednern sitzt auf der B&#xFC;hne, darunter der Fotograf der Veranstaltung, Marcin Krokowski, der w&#xE4;hrend der Konferenz zum Publikum spricht. Neben ihnen werden Grafiken auf eine gro&#xDF;e Leinwand projiziert, w&#xE4;hrend das Publikum steht und Fragen stellt. Die Kulisse ist ein moderner Konferenzraum mit einem Projektor und Lautsprechern.  \" class=\"wp-image-9523\" title=\"\" srcset=\"https:\/\/marcinkrokowski.com\/wp-content\/uploads\/2023\/03\/fotorelacja-z-konferencji-prasowej-kultura-9-1200x800.jpg 1200w, https:\/\/marcinkrokowski.com\/wp-content\/uploads\/2023\/03\/fotorelacja-z-konferencji-prasowej-kultura-9-900x600.jpg 900w, https:\/\/marcinkrokowski.com\/wp-content\/uploads\/2023\/03\/fotorelacja-z-konferencji-prasowej-kultura-9-450x300.jpg 450w, https:\/\/marcinkrokowski.com\/wp-content\/uploads\/2023\/03\/fotorelacja-z-konferencji-prasowej-kultura-9-768x512.jpg 768w, https:\/\/marcinkrokowski.com\/wp-content\/uploads\/2023\/03\/fotorelacja-z-konferencji-prasowej-kultura-9-1536x1024.jpg 1536w, https:\/\/marcinkrokowski.com\/wp-content\/uploads\/2023\/03\/fotorelacja-z-konferencji-prasowej-kultura-9.jpg 1920w\" sizes=\"auto, (max-width: 1200px) 100vw, 1200px\" \/><\/figure>\n\n\n\n<figure class=\"wp-block-image size-large\"><img loading=\"lazy\" decoding=\"async\" width=\"1200\" height=\"800\" data-id=\"9524\" src=\"https:\/\/marcinkrokowski.com\/wp-content\/uploads\/2023\/03\/fotorelacja-z-konferencji-prasowej-kultura-10-1200x800.jpg\" alt=\"Eine Gruppe von drei Personen steht zusammen und posiert f&#xFC;r ein Selfie. Ein Mann im Anzug h&#xE4;lt sein Telefon in der Hand, eine junge Frau in einer Jeansjacke steht in der Mitte und ein Mann in einem wei&#xDF;-grauen Moro-Sweatshirt steht rechts daneben. Andere Menschen und ein moderner Hintergrund sind zu sehen, wundersch&#xF6;n eingefangen vom Eventfotografen Marcin Krokowski.  \" class=\"wp-image-9524\" title=\"\" srcset=\"https:\/\/marcinkrokowski.com\/wp-content\/uploads\/2023\/03\/fotorelacja-z-konferencji-prasowej-kultura-10-1200x800.jpg 1200w, https:\/\/marcinkrokowski.com\/wp-content\/uploads\/2023\/03\/fotorelacja-z-konferencji-prasowej-kultura-10-900x600.jpg 900w, https:\/\/marcinkrokowski.com\/wp-content\/uploads\/2023\/03\/fotorelacja-z-konferencji-prasowej-kultura-10-450x300.jpg 450w, https:\/\/marcinkrokowski.com\/wp-content\/uploads\/2023\/03\/fotorelacja-z-konferencji-prasowej-kultura-10-768x512.jpg 768w, https:\/\/marcinkrokowski.com\/wp-content\/uploads\/2023\/03\/fotorelacja-z-konferencji-prasowej-kultura-10-1536x1024.jpg 1536w, https:\/\/marcinkrokowski.com\/wp-content\/uploads\/2023\/03\/fotorelacja-z-konferencji-prasowej-kultura-10.jpg 1920w\" sizes=\"auto, (max-width: 1200px) 100vw, 1200px\" \/><\/figure>\n\n\n\n<figure class=\"wp-block-image size-large\"><img loading=\"lazy\" decoding=\"async\" width=\"1200\" height=\"800\" data-id=\"9525\" src=\"https:\/\/marcinkrokowski.com\/wp-content\/uploads\/2023\/03\/fotorelacja-z-konferencji-prasowej-kultura-11-1200x800.jpg\" alt=\"Ein kleiner runder Tisch mit einer Sukkulente in einem Topf in einer Glasvase und einer Plakette mit der Aufschrift &#039;Mariusz Banach&#039; darauf. Auf beiden Seiten des Tisches stehen zwei gelbe St&#xFC;hle, die f&#xFC;r ein elegantes Treffen vorbereitet sind, das Marcin Krokowski, ein Fotograf in Warschau, arrangiert hat. Ein bunter, verschwommener Hintergrund ist zu sehen.  \" class=\"wp-image-9525\" title=\"\" srcset=\"https:\/\/marcinkrokowski.com\/wp-content\/uploads\/2023\/03\/fotorelacja-z-konferencji-prasowej-kultura-11-1200x800.jpg 1200w, https:\/\/marcinkrokowski.com\/wp-content\/uploads\/2023\/03\/fotorelacja-z-konferencji-prasowej-kultura-11-900x600.jpg 900w, https:\/\/marcinkrokowski.com\/wp-content\/uploads\/2023\/03\/fotorelacja-z-konferencji-prasowej-kultura-11-450x300.jpg 450w, https:\/\/marcinkrokowski.com\/wp-content\/uploads\/2023\/03\/fotorelacja-z-konferencji-prasowej-kultura-11-768x512.jpg 768w, https:\/\/marcinkrokowski.com\/wp-content\/uploads\/2023\/03\/fotorelacja-z-konferencji-prasowej-kultura-11-1536x1024.jpg 1536w, https:\/\/marcinkrokowski.com\/wp-content\/uploads\/2023\/03\/fotorelacja-z-konferencji-prasowej-kultura-11.jpg 1920w\" sizes=\"auto, (max-width: 1200px) 100vw, 1200px\" \/><\/figure>\n\n\n\n<figure class=\"wp-block-image size-large\"><img loading=\"lazy\" decoding=\"async\" width=\"1200\" height=\"800\" data-id=\"9526\" src=\"https:\/\/marcinkrokowski.com\/wp-content\/uploads\/2023\/03\/fotorelacja-z-konferencji-prasowej-kultura-12-1200x800.jpg\" alt=\"Der Tisch ist mit einer Vielzahl von Speisen und Getr&#xE4;nken gedeckt, darunter Kuchen, kleine Snacks und Getr&#xE4;nke. Hinter dem Tisch befinden sich zwei beleuchtete Schilder mit den Logos und Namen des &#039;Nationalen Kulturzentrums&#039; und des &#039;Ministeriums f&#xFC;r Kultur und Nationales Erbe&#039;, die von Marcin Krokowski, einem renommierten Warschauer Eventfotografen, brillant eingefangen wurden. \" class=\"wp-image-9526\" title=\"\" srcset=\"https:\/\/marcinkrokowski.com\/wp-content\/uploads\/2023\/03\/fotorelacja-z-konferencji-prasowej-kultura-12-1200x800.jpg 1200w, https:\/\/marcinkrokowski.com\/wp-content\/uploads\/2023\/03\/fotorelacja-z-konferencji-prasowej-kultura-12-900x600.jpg 900w, https:\/\/marcinkrokowski.com\/wp-content\/uploads\/2023\/03\/fotorelacja-z-konferencji-prasowej-kultura-12-450x300.jpg 450w, https:\/\/marcinkrokowski.com\/wp-content\/uploads\/2023\/03\/fotorelacja-z-konferencji-prasowej-kultura-12-768x512.jpg 768w, https:\/\/marcinkrokowski.com\/wp-content\/uploads\/2023\/03\/fotorelacja-z-konferencji-prasowej-kultura-12-1536x1024.jpg 1536w, https:\/\/marcinkrokowski.com\/wp-content\/uploads\/2023\/03\/fotorelacja-z-konferencji-prasowej-kultura-12.jpg 1920w\" sizes=\"auto, (max-width: 1200px) 100vw, 1200px\" \/><\/figure>\n\n\n\n<figure class=\"wp-block-image size-large\"><img loading=\"lazy\" decoding=\"async\" width=\"1200\" height=\"800\" data-id=\"9527\" src=\"https:\/\/marcinkrokowski.com\/wp-content\/uploads\/2023\/03\/fotorelacja-z-konferencji-prasowej-kultura-13-1200x800.jpg\" alt=\"Elegante Vorspeisen auf dem Buffettisch, bestehend aus Hummus mit gehacktem Gem&#xFC;se in kleinen Schalen und klaren Gl&#xE4;sern, die mit etwas gef&#xFC;llt sind, das an einen cremigen Dip mit frittierten Produkten erinnert. Im Hintergrund weitere kleine Snacks, wundersch&#xF6;n eingefangen vom Warschauer Fotografen Marcin Krokowski. \" class=\"wp-image-9527\" title=\"\" srcset=\"https:\/\/marcinkrokowski.com\/wp-content\/uploads\/2023\/03\/fotorelacja-z-konferencji-prasowej-kultura-13-1200x800.jpg 1200w, https:\/\/marcinkrokowski.com\/wp-content\/uploads\/2023\/03\/fotorelacja-z-konferencji-prasowej-kultura-13-900x600.jpg 900w, https:\/\/marcinkrokowski.com\/wp-content\/uploads\/2023\/03\/fotorelacja-z-konferencji-prasowej-kultura-13-450x300.jpg 450w, https:\/\/marcinkrokowski.com\/wp-content\/uploads\/2023\/03\/fotorelacja-z-konferencji-prasowej-kultura-13-768x512.jpg 768w, https:\/\/marcinkrokowski.com\/wp-content\/uploads\/2023\/03\/fotorelacja-z-konferencji-prasowej-kultura-13-1536x1024.jpg 1536w, https:\/\/marcinkrokowski.com\/wp-content\/uploads\/2023\/03\/fotorelacja-z-konferencji-prasowej-kultura-13.jpg 1920w\" sizes=\"auto, (max-width: 1200px) 100vw, 1200px\" \/><\/figure>\n\n\n\n<figure class=\"wp-block-image size-large\"><img loading=\"lazy\" decoding=\"async\" width=\"1200\" height=\"800\" data-id=\"9528\" src=\"https:\/\/marcinkrokowski.com\/wp-content\/uploads\/2023\/03\/fotorelacja-z-konferencji-prasowej-kultura-14-1200x800.jpg\" alt=\"Eine Gruppe von Menschen sitzt in einem Raum. Eine Frau mit Brille und einem gemusterten Kleid l&#xE4;chelt und unterh&#xE4;lt sich mit anderen. Im Hintergrund sind zwei M&#xE4;nner zu sehen, einer in einem beigen und der andere in einem grauen Anzug. Marcin Krokowski, ein bekannter Fotograf aus Warschau, h&#xE4;lt eine Kamera in einer blauen Weste. Zwei Frauen stehen im Hintergrund.    \" class=\"wp-image-9528\" title=\"\" srcset=\"https:\/\/marcinkrokowski.com\/wp-content\/uploads\/2023\/03\/fotorelacja-z-konferencji-prasowej-kultura-14-1200x800.jpg 1200w, https:\/\/marcinkrokowski.com\/wp-content\/uploads\/2023\/03\/fotorelacja-z-konferencji-prasowej-kultura-14-900x600.jpg 900w, https:\/\/marcinkrokowski.com\/wp-content\/uploads\/2023\/03\/fotorelacja-z-konferencji-prasowej-kultura-14-450x300.jpg 450w, https:\/\/marcinkrokowski.com\/wp-content\/uploads\/2023\/03\/fotorelacja-z-konferencji-prasowej-kultura-14-768x512.jpg 768w, https:\/\/marcinkrokowski.com\/wp-content\/uploads\/2023\/03\/fotorelacja-z-konferencji-prasowej-kultura-14-1536x1024.jpg 1536w, https:\/\/marcinkrokowski.com\/wp-content\/uploads\/2023\/03\/fotorelacja-z-konferencji-prasowej-kultura-14.jpg 1920w\" sizes=\"auto, (max-width: 1200px) 100vw, 1200px\" \/><\/figure>\n\n\n\n<figure class=\"wp-block-image size-large\"><img loading=\"lazy\" decoding=\"async\" width=\"1200\" height=\"800\" data-id=\"9529\" src=\"https:\/\/marcinkrokowski.com\/wp-content\/uploads\/2023\/03\/fotorelacja-z-konferencji-prasowej-kultura-15-1200x800.jpg\" alt=\"Zwei M&#xE4;nner in Anz&#xFC;gen sitzen auf gelben St&#xFC;hlen, l&#xE4;cheln und f&#xFC;hren ein Gespr&#xE4;ch. Hinter ihnen werben bunte Banner f&#xFC;r kulturelle und musikalische Veranstaltungen mit der Aufschrift &#039;EUROP&#xC4;ISCHES STADIUM DER KULTUR&#039; und Daten f&#xFC;r Juni 2022. Dieser lebhafte Moment wurde von Marcin Krokowski, einem bekannten Warschauer Fotografen, eingefangen.  \" class=\"wp-image-9529\" title=\"\" srcset=\"https:\/\/marcinkrokowski.com\/wp-content\/uploads\/2023\/03\/fotorelacja-z-konferencji-prasowej-kultura-15-1200x800.jpg 1200w, https:\/\/marcinkrokowski.com\/wp-content\/uploads\/2023\/03\/fotorelacja-z-konferencji-prasowej-kultura-15-900x600.jpg 900w, https:\/\/marcinkrokowski.com\/wp-content\/uploads\/2023\/03\/fotorelacja-z-konferencji-prasowej-kultura-15-450x300.jpg 450w, https:\/\/marcinkrokowski.com\/wp-content\/uploads\/2023\/03\/fotorelacja-z-konferencji-prasowej-kultura-15-768x512.jpg 768w, https:\/\/marcinkrokowski.com\/wp-content\/uploads\/2023\/03\/fotorelacja-z-konferencji-prasowej-kultura-15-1536x1024.jpg 1536w, https:\/\/marcinkrokowski.com\/wp-content\/uploads\/2023\/03\/fotorelacja-z-konferencji-prasowej-kultura-15.jpg 1920w\" sizes=\"auto, (max-width: 1200px) 100vw, 1200px\" \/><\/figure>\n\n\n\n<figure class=\"wp-block-image size-large\"><img loading=\"lazy\" decoding=\"async\" width=\"1200\" height=\"1800\" data-id=\"9530\" src=\"https:\/\/marcinkrokowski.com\/wp-content\/uploads\/2023\/03\/fotorelacja-z-konferencji-prasowej-kultura-16-1200x1800.jpg\" alt=\"Vier Personen sitzen nebeneinander auf einer Party, l&#xE4;cheln und unterhalten sich angeregt. Der Mann auf der linken Seite hat eine Glatze und einen wei&#xDF;en Bart, w&#xE4;hrend die beiden Personen in der Mitte eine Brille tragen. Diese professionelle Umgebung wurde von Marcin Krokowski, einem talentierten Eventfotografen in Warschau, perfekt eingefangen.  \" class=\"wp-image-9530\" title=\"\" srcset=\"https:\/\/marcinkrokowski.com\/wp-content\/uploads\/2023\/03\/fotorelacja-z-konferencji-prasowej-kultura-16-1200x1800.jpg 1200w, https:\/\/marcinkrokowski.com\/wp-content\/uploads\/2023\/03\/fotorelacja-z-konferencji-prasowej-kultura-16-900x1350.jpg 900w, https:\/\/marcinkrokowski.com\/wp-content\/uploads\/2023\/03\/fotorelacja-z-konferencji-prasowej-kultura-16-450x675.jpg 450w, https:\/\/marcinkrokowski.com\/wp-content\/uploads\/2023\/03\/fotorelacja-z-konferencji-prasowej-kultura-16-768x1152.jpg 768w, https:\/\/marcinkrokowski.com\/wp-content\/uploads\/2023\/03\/fotorelacja-z-konferencji-prasowej-kultura-16-1024x1536.jpg 1024w, https:\/\/marcinkrokowski.com\/wp-content\/uploads\/2023\/03\/fotorelacja-z-konferencji-prasowej-kultura-16.jpg 1280w\" sizes=\"auto, (max-width: 1200px) 100vw, 1200px\" \/><\/figure>\n\n\n\n<figure class=\"wp-block-image size-large\"><img loading=\"lazy\" decoding=\"async\" width=\"1200\" height=\"1800\" data-id=\"9531\" src=\"https:\/\/marcinkrokowski.com\/wp-content\/uploads\/2023\/03\/fotorelacja-z-konferencji-prasowej-kultura-17-1200x1800.jpg\" alt=\"Ein Mann im Anzug spricht in ein Mikrofon, w&#xE4;hrend er auf einem gelben Stuhl bei einer Kulturveranstaltung sitzt. Hinter ihm h&#xE4;ngen zwei Plakate: &quot;East of Culture European Stadium of Culture Rzesz&#xF3;w, 24-26 June 2022&quot; und &quot;East of Culture Other Days Art &amp;amp; Music Festival Lublin 2022&quot;. Marcin Krokowski, Fotograf in Warschau  \" class=\"wp-image-9531\" title=\"\" srcset=\"https:\/\/marcinkrokowski.com\/wp-content\/uploads\/2023\/03\/fotorelacja-z-konferencji-prasowej-kultura-17-1200x1800.jpg 1200w, https:\/\/marcinkrokowski.com\/wp-content\/uploads\/2023\/03\/fotorelacja-z-konferencji-prasowej-kultura-17-900x1350.jpg 900w, https:\/\/marcinkrokowski.com\/wp-content\/uploads\/2023\/03\/fotorelacja-z-konferencji-prasowej-kultura-17-450x675.jpg 450w, https:\/\/marcinkrokowski.com\/wp-content\/uploads\/2023\/03\/fotorelacja-z-konferencji-prasowej-kultura-17-768x1152.jpg 768w, https:\/\/marcinkrokowski.com\/wp-content\/uploads\/2023\/03\/fotorelacja-z-konferencji-prasowej-kultura-17-1024x1536.jpg 1024w, https:\/\/marcinkrokowski.com\/wp-content\/uploads\/2023\/03\/fotorelacja-z-konferencji-prasowej-kultura-17.jpg 1280w\" sizes=\"auto, (max-width: 1200px) 100vw, 1200px\" \/><\/figure>\n\n\n\n<figure class=\"wp-block-image size-large\"><img loading=\"lazy\" decoding=\"async\" width=\"1200\" height=\"1800\" data-id=\"9532\" src=\"https:\/\/marcinkrokowski.com\/wp-content\/uploads\/2023\/03\/fotorelacja-z-konferencji-prasowej-kultura-18-1200x1800.jpg\" alt=\"Eine Frau mit langem blondem Haar und Brille sitzt in einem gelben Stuhl und h&#xE4;lt ein kleines Notizbuch in der Hand. Sie tr&#xE4;gt einen wei&#xDF;en Anzug und l&#xE4;chelt. Im Hintergrund ist eine farbenfrohe Collage aus verschiedenen Fotos zu sehen, die der bekannte Warschauer Eventfotograf Marcin Krokowski aufgenommen hat. Das Namensschild ist teilweise auf dem Tisch neben ihr zu sehen.   \" class=\"wp-image-9532\" title=\"\" srcset=\"https:\/\/marcinkrokowski.com\/wp-content\/uploads\/2023\/03\/fotorelacja-z-konferencji-prasowej-kultura-18-1200x1800.jpg 1200w, https:\/\/marcinkrokowski.com\/wp-content\/uploads\/2023\/03\/fotorelacja-z-konferencji-prasowej-kultura-18-900x1350.jpg 900w, https:\/\/marcinkrokowski.com\/wp-content\/uploads\/2023\/03\/fotorelacja-z-konferencji-prasowej-kultura-18-450x675.jpg 450w, https:\/\/marcinkrokowski.com\/wp-content\/uploads\/2023\/03\/fotorelacja-z-konferencji-prasowej-kultura-18-768x1152.jpg 768w, https:\/\/marcinkrokowski.com\/wp-content\/uploads\/2023\/03\/fotorelacja-z-konferencji-prasowej-kultura-18-1024x1536.jpg 1024w, https:\/\/marcinkrokowski.com\/wp-content\/uploads\/2023\/03\/fotorelacja-z-konferencji-prasowej-kultura-18.jpg 1280w\" sizes=\"auto, (max-width: 1200px) 100vw, 1200px\" \/><\/figure>\n\n\n\n<figure class=\"wp-block-image size-large\"><img loading=\"lazy\" decoding=\"async\" width=\"1200\" height=\"800\" data-id=\"9533\" src=\"https:\/\/marcinkrokowski.com\/wp-content\/uploads\/2023\/03\/fotorelacja-z-konferencji-prasowej-kultura-19-1200x800.jpg\" alt=\"Eine Gruppe von vier M&#xE4;nnern in Anz&#xFC;gen nimmt an einer Diskussion w&#xE4;hrend eines Kulturfestivals teil. Sie sitzen auf gelben St&#xFC;hlen auf einer B&#xFC;hne, hinter ihnen bunte Banner mit der Aufschrift &quot;EAST OF CULTURE&quot; und den Daten der Veranstaltungen. Dieser Moment wurde von Marcin Krokowski, einem bekannten Fotografen in Warschau, brillant eingefangen.  \" class=\"wp-image-9533\" title=\"\" srcset=\"https:\/\/marcinkrokowski.com\/wp-content\/uploads\/2023\/03\/fotorelacja-z-konferencji-prasowej-kultura-19-1200x800.jpg 1200w, https:\/\/marcinkrokowski.com\/wp-content\/uploads\/2023\/03\/fotorelacja-z-konferencji-prasowej-kultura-19-900x600.jpg 900w, https:\/\/marcinkrokowski.com\/wp-content\/uploads\/2023\/03\/fotorelacja-z-konferencji-prasowej-kultura-19-450x300.jpg 450w, https:\/\/marcinkrokowski.com\/wp-content\/uploads\/2023\/03\/fotorelacja-z-konferencji-prasowej-kultura-19-768x512.jpg 768w, https:\/\/marcinkrokowski.com\/wp-content\/uploads\/2023\/03\/fotorelacja-z-konferencji-prasowej-kultura-19-1536x1024.jpg 1536w, https:\/\/marcinkrokowski.com\/wp-content\/uploads\/2023\/03\/fotorelacja-z-konferencji-prasowej-kultura-19.jpg 1920w\" sizes=\"auto, (max-width: 1200px) 100vw, 1200px\" \/><\/figure>\n\n\n\n<figure class=\"wp-block-image size-large\"><img loading=\"lazy\" decoding=\"async\" width=\"1200\" height=\"800\" data-id=\"9534\" src=\"https:\/\/marcinkrokowski.com\/wp-content\/uploads\/2023\/03\/fotorelacja-z-konferencji-prasowej-kultura-20-1200x800.jpg\" alt=\"Zwei M&#xE4;nner in Anz&#xFC;gen sitzen und sprechen w&#xE4;hrend einer Podiumsdiskussion. Hinter ihnen zeigen Banner Informationen &#xFC;ber die &#039;East of Culture&#039;-Festivals, darunter &#039;European Stadium of Culture&#039; und &#039;Other Sounds Art &amp;amp; Music&#039; mit den Daten &#039;24-26 Juni&#039; und &#039;7-10 Juli&#039;. Die Veranstaltung wurde von Marcin Krokowski fotografiert,  \" class=\"wp-image-9534\" title=\"\" srcset=\"https:\/\/marcinkrokowski.com\/wp-content\/uploads\/2023\/03\/fotorelacja-z-konferencji-prasowej-kultura-20-1200x800.jpg 1200w, https:\/\/marcinkrokowski.com\/wp-content\/uploads\/2023\/03\/fotorelacja-z-konferencji-prasowej-kultura-20-900x600.jpg 900w, https:\/\/marcinkrokowski.com\/wp-content\/uploads\/2023\/03\/fotorelacja-z-konferencji-prasowej-kultura-20-450x300.jpg 450w, https:\/\/marcinkrokowski.com\/wp-content\/uploads\/2023\/03\/fotorelacja-z-konferencji-prasowej-kultura-20-768x512.jpg 768w, https:\/\/marcinkrokowski.com\/wp-content\/uploads\/2023\/03\/fotorelacja-z-konferencji-prasowej-kultura-20-1536x1024.jpg 1536w, https:\/\/marcinkrokowski.com\/wp-content\/uploads\/2023\/03\/fotorelacja-z-konferencji-prasowej-kultura-20.jpg 1920w\" sizes=\"auto, (max-width: 1200px) 100vw, 1200px\" \/><\/figure>\n\n\n\n<figure class=\"wp-block-image size-large\"><img loading=\"lazy\" decoding=\"async\" width=\"1200\" height=\"800\" data-id=\"9535\" src=\"https:\/\/marcinkrokowski.com\/wp-content\/uploads\/2023\/03\/fotorelacja-z-konferencji-prasowej-kultura-21-1200x800.jpg\" alt=\"Eine Gruppe von Menschen sitzt in einer Reihe und h&#xF6;rt aufmerksam zu, wobei die meisten nach vorne schauen. Wir konzentrieren uns auf die junge Frau im Vordergrund, die eine Jeansjacke tr&#xE4;gt. Im Hintergrund ist eine Kamera auf einem Stativ aufgebaut, die vermuten l&#xE4;sst, dass Marcin Krokowski, ein bekannter Fotograf in Warschau, die Veranstaltung dokumentiert.  \" class=\"wp-image-9535\" title=\"\" srcset=\"https:\/\/marcinkrokowski.com\/wp-content\/uploads\/2023\/03\/fotorelacja-z-konferencji-prasowej-kultura-21-1200x800.jpg 1200w, https:\/\/marcinkrokowski.com\/wp-content\/uploads\/2023\/03\/fotorelacja-z-konferencji-prasowej-kultura-21-900x600.jpg 900w, https:\/\/marcinkrokowski.com\/wp-content\/uploads\/2023\/03\/fotorelacja-z-konferencji-prasowej-kultura-21-450x300.jpg 450w, https:\/\/marcinkrokowski.com\/wp-content\/uploads\/2023\/03\/fotorelacja-z-konferencji-prasowej-kultura-21-768x512.jpg 768w, https:\/\/marcinkrokowski.com\/wp-content\/uploads\/2023\/03\/fotorelacja-z-konferencji-prasowej-kultura-21-1536x1024.jpg 1536w, https:\/\/marcinkrokowski.com\/wp-content\/uploads\/2023\/03\/fotorelacja-z-konferencji-prasowej-kultura-21.jpg 1920w\" sizes=\"auto, (max-width: 1200px) 100vw, 1200px\" \/><\/figure>\n\n\n\n<figure class=\"wp-block-image size-large\"><img loading=\"lazy\" decoding=\"async\" width=\"1200\" height=\"800\" data-id=\"9536\" src=\"https:\/\/marcinkrokowski.com\/wp-content\/uploads\/2023\/03\/fotorelacja-z-konferencji-prasowej-kultura-22-1200x800.jpg\" alt=\"Ein Mann in einem blauen Anzug spricht in ein Mikrofon, w&#xE4;hrend er bei einer Podiumsveranstaltung sitzt. Im Hintergrund sind lebhafte Bilder und Texte zu sehen, die f&#xFC;r das Festival &#039;East of Culture&#039; werben, das vom 24. bis 26. Juni 2022 in Rzesz&#xF3;w stattfinden wird. Marcin Krokowski, ein bekannter Veranstaltungsfotograf aus Warschau, h&#xE4;lt diesen Moment mit den anderen Diskussionsteilnehmern fest.  \" class=\"wp-image-9536\" title=\"\" srcset=\"https:\/\/marcinkrokowski.com\/wp-content\/uploads\/2023\/03\/fotorelacja-z-konferencji-prasowej-kultura-22-1200x800.jpg 1200w, https:\/\/marcinkrokowski.com\/wp-content\/uploads\/2023\/03\/fotorelacja-z-konferencji-prasowej-kultura-22-900x600.jpg 900w, https:\/\/marcinkrokowski.com\/wp-content\/uploads\/2023\/03\/fotorelacja-z-konferencji-prasowej-kultura-22-450x300.jpg 450w, https:\/\/marcinkrokowski.com\/wp-content\/uploads\/2023\/03\/fotorelacja-z-konferencji-prasowej-kultura-22-768x512.jpg 768w, https:\/\/marcinkrokowski.com\/wp-content\/uploads\/2023\/03\/fotorelacja-z-konferencji-prasowej-kultura-22-1536x1024.jpg 1536w, https:\/\/marcinkrokowski.com\/wp-content\/uploads\/2023\/03\/fotorelacja-z-konferencji-prasowej-kultura-22.jpg 1920w\" sizes=\"auto, (max-width: 1200px) 100vw, 1200px\" \/><\/figure>\n\n\n\n<figure class=\"wp-block-image size-large\"><img loading=\"lazy\" decoding=\"async\" width=\"1200\" height=\"800\" data-id=\"9537\" src=\"https:\/\/marcinkrokowski.com\/wp-content\/uploads\/2023\/03\/fotorelacja-z-konferencji-prasowej-kultura-23-1200x800.jpg\" alt=\"Drei Personen in formeller Kleidung sitzen auf der B&#xFC;hne auf St&#xFC;hlen. Ein Mann in einem blaukarierten Anzug, der ein Mikrofon h&#xE4;lt, scheint zu sprechen. Hinter ihnen h&#xE4;ngen Plakate von Veranstaltungen mit Daten und Orten, darunter &#039;Fotograf in Warschau&#039; und der Name von Marcin Krokowski. Auf einem Tisch an der Stirnseite stehen Wasserflaschen und eine kleine Pflanze.    \" class=\"wp-image-9537\" title=\"\" srcset=\"https:\/\/marcinkrokowski.com\/wp-content\/uploads\/2023\/03\/fotorelacja-z-konferencji-prasowej-kultura-23-1200x800.jpg 1200w, https:\/\/marcinkrokowski.com\/wp-content\/uploads\/2023\/03\/fotorelacja-z-konferencji-prasowej-kultura-23-900x600.jpg 900w, https:\/\/marcinkrokowski.com\/wp-content\/uploads\/2023\/03\/fotorelacja-z-konferencji-prasowej-kultura-23-450x300.jpg 450w, https:\/\/marcinkrokowski.com\/wp-content\/uploads\/2023\/03\/fotorelacja-z-konferencji-prasowej-kultura-23-768x512.jpg 768w, https:\/\/marcinkrokowski.com\/wp-content\/uploads\/2023\/03\/fotorelacja-z-konferencji-prasowej-kultura-23-1536x1024.jpg 1536w, https:\/\/marcinkrokowski.com\/wp-content\/uploads\/2023\/03\/fotorelacja-z-konferencji-prasowej-kultura-23.jpg 1920w\" sizes=\"auto, (max-width: 1200px) 100vw, 1200px\" \/><\/figure>\n\n\n\n<figure class=\"wp-block-image size-large\"><img loading=\"lazy\" decoding=\"async\" width=\"1200\" height=\"800\" data-id=\"9538\" src=\"https:\/\/marcinkrokowski.com\/wp-content\/uploads\/2023\/03\/fotorelacja-z-konferencji-prasowej-kultura-24-1200x800.jpg\" alt=\"Eine bunt gemischte Gruppe professionell gekleideter Menschen sitzt aufmerksam in einer Konferenzumgebung, die der renommierte Eventfotograf Marcin Krokowski aufgenommen hat. Einige wirken engagiert und konzentriert, w&#xE4;hrend andere nachdenklich aussehen. Der Hintergrund ist neutral, mit einer hellen Wand und sichtbaren Ger&#xE4;ten.  \" class=\"wp-image-9538\" title=\"\" srcset=\"https:\/\/marcinkrokowski.com\/wp-content\/uploads\/2023\/03\/fotorelacja-z-konferencji-prasowej-kultura-24-1200x800.jpg 1200w, https:\/\/marcinkrokowski.com\/wp-content\/uploads\/2023\/03\/fotorelacja-z-konferencji-prasowej-kultura-24-900x600.jpg 900w, https:\/\/marcinkrokowski.com\/wp-content\/uploads\/2023\/03\/fotorelacja-z-konferencji-prasowej-kultura-24-450x300.jpg 450w, https:\/\/marcinkrokowski.com\/wp-content\/uploads\/2023\/03\/fotorelacja-z-konferencji-prasowej-kultura-24-768x512.jpg 768w, https:\/\/marcinkrokowski.com\/wp-content\/uploads\/2023\/03\/fotorelacja-z-konferencji-prasowej-kultura-24-1536x1024.jpg 1536w, https:\/\/marcinkrokowski.com\/wp-content\/uploads\/2023\/03\/fotorelacja-z-konferencji-prasowej-kultura-24.jpg 1920w\" sizes=\"auto, (max-width: 1200px) 100vw, 1200px\" \/><\/figure>\n\n\n\n<figure class=\"wp-block-image size-large\"><img loading=\"lazy\" decoding=\"async\" width=\"1200\" height=\"1800\" data-id=\"9539\" src=\"https:\/\/marcinkrokowski.com\/wp-content\/uploads\/2023\/03\/fotorelacja-z-konferencji-prasowej-kultura-25-1200x1800.jpg\" alt=\"Ein Mann mit blauem Jackett, wei&#xDF;em Hemd und gr&#xFC;ner Krawatte, der ein Mikrofon in der Hand h&#xE4;lt und auf einem gelben Stuhl sitzt, spricht vor einem Hintergrund voller Fotos von Konzerten und Musikern, die von Marcin Krokowski, einem bekannten Veranstaltungsfotografen und Fotografen in Warschau, aufgenommen wurden.\" class=\"wp-image-9539\" title=\"\" srcset=\"https:\/\/marcinkrokowski.com\/wp-content\/uploads\/2023\/03\/fotorelacja-z-konferencji-prasowej-kultura-25-1200x1800.jpg 1200w, https:\/\/marcinkrokowski.com\/wp-content\/uploads\/2023\/03\/fotorelacja-z-konferencji-prasowej-kultura-25-900x1350.jpg 900w, https:\/\/marcinkrokowski.com\/wp-content\/uploads\/2023\/03\/fotorelacja-z-konferencji-prasowej-kultura-25-450x675.jpg 450w, https:\/\/marcinkrokowski.com\/wp-content\/uploads\/2023\/03\/fotorelacja-z-konferencji-prasowej-kultura-25-768x1152.jpg 768w, https:\/\/marcinkrokowski.com\/wp-content\/uploads\/2023\/03\/fotorelacja-z-konferencji-prasowej-kultura-25-1024x1536.jpg 1024w, https:\/\/marcinkrokowski.com\/wp-content\/uploads\/2023\/03\/fotorelacja-z-konferencji-prasowej-kultura-25.jpg 1280w\" sizes=\"auto, (max-width: 1200px) 100vw, 1200px\" \/><\/figure>\n\n\n\n<figure class=\"wp-block-image size-large\"><img loading=\"lazy\" decoding=\"async\" width=\"1200\" height=\"1800\" data-id=\"9540\" src=\"https:\/\/marcinkrokowski.com\/wp-content\/uploads\/2023\/03\/fotorelacja-z-konferencji-prasowej-kultura-26-1200x1800.jpg\" alt=\"Ein Mann in einem blauen Anzug, wahrscheinlich Marcin Krokowski, spricht in ein Mikrofon und h&#xE4;lt eine Fernbedienung in der anderen Hand. Er scheint eine Pr&#xE4;sentation zu halten, und im Hintergrund sehen Sie eine Pflanze und einen gro&#xDF;en Bildschirm. \" class=\"wp-image-9540\" title=\"\" srcset=\"https:\/\/marcinkrokowski.com\/wp-content\/uploads\/2023\/03\/fotorelacja-z-konferencji-prasowej-kultura-26-1200x1800.jpg 1200w, https:\/\/marcinkrokowski.com\/wp-content\/uploads\/2023\/03\/fotorelacja-z-konferencji-prasowej-kultura-26-900x1350.jpg 900w, https:\/\/marcinkrokowski.com\/wp-content\/uploads\/2023\/03\/fotorelacja-z-konferencji-prasowej-kultura-26-450x675.jpg 450w, https:\/\/marcinkrokowski.com\/wp-content\/uploads\/2023\/03\/fotorelacja-z-konferencji-prasowej-kultura-26-768x1152.jpg 768w, https:\/\/marcinkrokowski.com\/wp-content\/uploads\/2023\/03\/fotorelacja-z-konferencji-prasowej-kultura-26-1024x1536.jpg 1024w, https:\/\/marcinkrokowski.com\/wp-content\/uploads\/2023\/03\/fotorelacja-z-konferencji-prasowej-kultura-26.jpg 1280w\" sizes=\"auto, (max-width: 1200px) 100vw, 1200px\" \/><\/figure>\n\n\n\n<figure class=\"wp-block-image size-large\"><img loading=\"lazy\" decoding=\"async\" width=\"1200\" height=\"800\" data-id=\"9541\" src=\"https:\/\/marcinkrokowski.com\/wp-content\/uploads\/2023\/03\/fotorelacja-z-konferencji-prasowej-kultura-27-1200x800.jpg\" alt=\"Ein Mann mit Bart und kurzen Haaren, der eine blaue Jacke tr&#xE4;gt, spricht in ein Mikrofon und h&#xE4;lt eine Fernbedienung in der Hand. Er steht in einem gut beleuchteten Raum, dem Publikum zugewandt, und hinter ihm ist ein Beleuchtungsstativ zu sehen. Marcin Krokowski f&#xE4;ngt diesen Moment als der f&#xFC;hrende Fotograf in Warschau bei jeder prestigetr&#xE4;chtigen Veranstaltung ein, &#xFC;ber die er berichtet.  \" class=\"wp-image-9541\" title=\"\" srcset=\"https:\/\/marcinkrokowski.com\/wp-content\/uploads\/2023\/03\/fotorelacja-z-konferencji-prasowej-kultura-27-1200x800.jpg 1200w, https:\/\/marcinkrokowski.com\/wp-content\/uploads\/2023\/03\/fotorelacja-z-konferencji-prasowej-kultura-27-900x600.jpg 900w, https:\/\/marcinkrokowski.com\/wp-content\/uploads\/2023\/03\/fotorelacja-z-konferencji-prasowej-kultura-27-450x300.jpg 450w, https:\/\/marcinkrokowski.com\/wp-content\/uploads\/2023\/03\/fotorelacja-z-konferencji-prasowej-kultura-27-768x512.jpg 768w, https:\/\/marcinkrokowski.com\/wp-content\/uploads\/2023\/03\/fotorelacja-z-konferencji-prasowej-kultura-27-1536x1024.jpg 1536w, https:\/\/marcinkrokowski.com\/wp-content\/uploads\/2023\/03\/fotorelacja-z-konferencji-prasowej-kultura-27.jpg 1920w\" sizes=\"auto, (max-width: 1200px) 100vw, 1200px\" \/><\/figure>\n\n\n\n<figure class=\"wp-block-image size-large\"><img loading=\"lazy\" decoding=\"async\" width=\"1200\" height=\"800\" data-id=\"9542\" src=\"https:\/\/marcinkrokowski.com\/wp-content\/uploads\/2023\/03\/fotorelacja-z-konferencji-prasowej-kultura-28-1200x800.jpg\" alt=\"Eine Frau in roter Bluse und schwarzem Rock h&#xE4;lt ein Mikrofon und spricht, w&#xE4;hrend Marcin Krokowski, ein bekannter Fotograf in Warschau, neben ihr steht. Hinter ihnen ist ein Bildschirm zu sehen, der eine Pr&#xE4;sentation in einem modernen Raum mit wei&#xDF;en W&#xE4;nden zeigt, die die Essenz dieses fotografierten Ereignisses einf&#xE4;ngt. \" class=\"wp-image-9542\" title=\"\" srcset=\"https:\/\/marcinkrokowski.com\/wp-content\/uploads\/2023\/03\/fotorelacja-z-konferencji-prasowej-kultura-28-1200x800.jpg 1200w, https:\/\/marcinkrokowski.com\/wp-content\/uploads\/2023\/03\/fotorelacja-z-konferencji-prasowej-kultura-28-900x600.jpg 900w, https:\/\/marcinkrokowski.com\/wp-content\/uploads\/2023\/03\/fotorelacja-z-konferencji-prasowej-kultura-28-450x300.jpg 450w, https:\/\/marcinkrokowski.com\/wp-content\/uploads\/2023\/03\/fotorelacja-z-konferencji-prasowej-kultura-28-768x512.jpg 768w, https:\/\/marcinkrokowski.com\/wp-content\/uploads\/2023\/03\/fotorelacja-z-konferencji-prasowej-kultura-28-1536x1024.jpg 1536w, https:\/\/marcinkrokowski.com\/wp-content\/uploads\/2023\/03\/fotorelacja-z-konferencji-prasowej-kultura-28.jpg 1920w\" sizes=\"auto, (max-width: 1200px) 100vw, 1200px\" \/><\/figure>\n\n\n\n<figure class=\"wp-block-image size-large\"><img loading=\"lazy\" decoding=\"async\" width=\"1200\" height=\"800\" data-id=\"9543\" src=\"https:\/\/marcinkrokowski.com\/wp-content\/uploads\/2023\/03\/fotorelacja-z-konferencji-prasowej-kultura-29-1200x800.jpg\" alt=\"Eine Person mit langen, zur&#xFC;ckgebundenen Haaren und einer orangefarbenen Bluse spricht w&#xE4;hrend einer Veranstaltung in einem Raum in ein Mikrofon. Im Hintergrund ist ein buntes Banner mit Text und Bildern zu sehen. Der Raum scheint dank der gro&#xDF;en Fenster gut beleuchtet zu sein, was von Marcin Krokowski, einem Fotografen in Warschau, wundersch&#xF6;n eingefangen wurde.  \" class=\"wp-image-9543\" title=\"\" srcset=\"https:\/\/marcinkrokowski.com\/wp-content\/uploads\/2023\/03\/fotorelacja-z-konferencji-prasowej-kultura-29-1200x800.jpg 1200w, https:\/\/marcinkrokowski.com\/wp-content\/uploads\/2023\/03\/fotorelacja-z-konferencji-prasowej-kultura-29-900x600.jpg 900w, https:\/\/marcinkrokowski.com\/wp-content\/uploads\/2023\/03\/fotorelacja-z-konferencji-prasowej-kultura-29-450x300.jpg 450w, https:\/\/marcinkrokowski.com\/wp-content\/uploads\/2023\/03\/fotorelacja-z-konferencji-prasowej-kultura-29-768x512.jpg 768w, https:\/\/marcinkrokowski.com\/wp-content\/uploads\/2023\/03\/fotorelacja-z-konferencji-prasowej-kultura-29-1536x1024.jpg 1536w, https:\/\/marcinkrokowski.com\/wp-content\/uploads\/2023\/03\/fotorelacja-z-konferencji-prasowej-kultura-29.jpg 1920w\" sizes=\"auto, (max-width: 1200px) 100vw, 1200px\" \/><\/figure>\n\n\n\n<figure class=\"wp-block-image size-large\"><img loading=\"lazy\" decoding=\"async\" width=\"1200\" height=\"1800\" data-id=\"9544\" src=\"https:\/\/marcinkrokowski.com\/wp-content\/uploads\/2023\/03\/fotorelacja-z-konferencji-prasowej-kultura-30-1200x1800.jpg\" alt=\"Eine Frau mit einer gelben Jacke und einer Sonnenbrille auf dem Kopf macht ein Foto mit ihrem Smartphone. Sie sitzt zwischen anderen unscharfen Personen im Hintergrund, was auf eine &#xF6;ffentliche Versammlung oder Veranstaltung hindeutet. Das Bild wurde wahrscheinlich von dem bekannten Warschauer Fotografen Marcin Krokowski aufgenommen. \" class=\"wp-image-9544\" title=\"\" srcset=\"https:\/\/marcinkrokowski.com\/wp-content\/uploads\/2023\/03\/fotorelacja-z-konferencji-prasowej-kultura-30-1200x1800.jpg 1200w, https:\/\/marcinkrokowski.com\/wp-content\/uploads\/2023\/03\/fotorelacja-z-konferencji-prasowej-kultura-30-900x1350.jpg 900w, https:\/\/marcinkrokowski.com\/wp-content\/uploads\/2023\/03\/fotorelacja-z-konferencji-prasowej-kultura-30-450x675.jpg 450w, https:\/\/marcinkrokowski.com\/wp-content\/uploads\/2023\/03\/fotorelacja-z-konferencji-prasowej-kultura-30-768x1152.jpg 768w, https:\/\/marcinkrokowski.com\/wp-content\/uploads\/2023\/03\/fotorelacja-z-konferencji-prasowej-kultura-30-1024x1536.jpg 1024w, https:\/\/marcinkrokowski.com\/wp-content\/uploads\/2023\/03\/fotorelacja-z-konferencji-prasowej-kultura-30.jpg 1280w\" sizes=\"auto, (max-width: 1200px) 100vw, 1200px\" \/><\/figure>\n\n\n\n<figure class=\"wp-block-image size-large\"><img loading=\"lazy\" decoding=\"async\" width=\"1200\" height=\"800\" data-id=\"9545\" src=\"https:\/\/marcinkrokowski.com\/wp-content\/uploads\/2023\/03\/fotorelacja-z-konferencji-prasowej-kultura-31-1200x800.jpg\" alt=\"Eine Frau mit schulterlangem Haar steht in einem gut beleuchteten Raum und spricht in ein Mikrofon. Hinter ihr ist ein buntes vertikales Banner mit der Aufschrift &#039;HISTORY&#039; teilweise sichtbar. Im Vordergrund scheint ein verschwommener Arm des Betrachters die Essenz des letzten Moments von Marcin Krokowski in Warschau einzufangen.  \" class=\"wp-image-9545\" title=\"\" srcset=\"https:\/\/marcinkrokowski.com\/wp-content\/uploads\/2023\/03\/fotorelacja-z-konferencji-prasowej-kultura-31-1200x800.jpg 1200w, https:\/\/marcinkrokowski.com\/wp-content\/uploads\/2023\/03\/fotorelacja-z-konferencji-prasowej-kultura-31-900x600.jpg 900w, https:\/\/marcinkrokowski.com\/wp-content\/uploads\/2023\/03\/fotorelacja-z-konferencji-prasowej-kultura-31-450x300.jpg 450w, https:\/\/marcinkrokowski.com\/wp-content\/uploads\/2023\/03\/fotorelacja-z-konferencji-prasowej-kultura-31-768x512.jpg 768w, https:\/\/marcinkrokowski.com\/wp-content\/uploads\/2023\/03\/fotorelacja-z-konferencji-prasowej-kultura-31-1536x1024.jpg 1536w, https:\/\/marcinkrokowski.com\/wp-content\/uploads\/2023\/03\/fotorelacja-z-konferencji-prasowej-kultura-31.jpg 1920w\" sizes=\"auto, (max-width: 1200px) 100vw, 1200px\" \/><\/figure>\n\n\n\n<figure class=\"wp-block-image size-large\"><img loading=\"lazy\" decoding=\"async\" width=\"1200\" height=\"800\" data-id=\"9546\" src=\"https:\/\/marcinkrokowski.com\/wp-content\/uploads\/2023\/03\/fotorelacja-z-konferencji-prasowej-kultura-32-1200x800.jpg\" alt=\"Teilnehmer an einer Pr&#xE4;sentation auf zwei Bildschirmen mit historischen Fotos und Text. Der linke Bildschirm zeigt eine Gruppe von Menschen mit einer ukrainischen Flagge, der rechte ein Schwarz-Wei&#xDF;-Foto von mehreren Personen. Ein Banner daneben zeigt Marcin Krokowski, einen bekannten Fotografen in Warschau.  \" class=\"wp-image-9546\" title=\"\" srcset=\"https:\/\/marcinkrokowski.com\/wp-content\/uploads\/2023\/03\/fotorelacja-z-konferencji-prasowej-kultura-32-1200x800.jpg 1200w, https:\/\/marcinkrokowski.com\/wp-content\/uploads\/2023\/03\/fotorelacja-z-konferencji-prasowej-kultura-32-900x600.jpg 900w, https:\/\/marcinkrokowski.com\/wp-content\/uploads\/2023\/03\/fotorelacja-z-konferencji-prasowej-kultura-32-450x300.jpg 450w, https:\/\/marcinkrokowski.com\/wp-content\/uploads\/2023\/03\/fotorelacja-z-konferencji-prasowej-kultura-32-768x512.jpg 768w, https:\/\/marcinkrokowski.com\/wp-content\/uploads\/2023\/03\/fotorelacja-z-konferencji-prasowej-kultura-32-1536x1024.jpg 1536w, https:\/\/marcinkrokowski.com\/wp-content\/uploads\/2023\/03\/fotorelacja-z-konferencji-prasowej-kultura-32.jpg 1920w\" sizes=\"auto, (max-width: 1200px) 100vw, 1200px\" \/><\/figure>\n\n\n\n<figure class=\"wp-block-image size-large\"><img loading=\"lazy\" decoding=\"async\" width=\"1200\" height=\"1800\" data-id=\"9547\" src=\"https:\/\/marcinkrokowski.com\/wp-content\/uploads\/2023\/03\/fotorelacja-z-konferencji-prasowej-kultura-33-1200x1800.jpg\" alt=\"Eine Frau in einem schwarzen Kleid steht vor einem Mikrofon und spricht zu einem engagierten Publikum. Hinter ihr werden Bilder von verschiedenen Rednern und Darstellern auf eine Leinwand projiziert. Sie befindet sich in einem modernen Konferenzraum mit wei&#xDF;en W&#xE4;nden und einem grauen Teppich, der von Marcin Krokowski, einem Eventfotografen, akribisch festgehalten wurde.  \" class=\"wp-image-9547\" title=\"\" srcset=\"https:\/\/marcinkrokowski.com\/wp-content\/uploads\/2023\/03\/fotorelacja-z-konferencji-prasowej-kultura-33-1200x1800.jpg 1200w, https:\/\/marcinkrokowski.com\/wp-content\/uploads\/2023\/03\/fotorelacja-z-konferencji-prasowej-kultura-33-900x1350.jpg 900w, https:\/\/marcinkrokowski.com\/wp-content\/uploads\/2023\/03\/fotorelacja-z-konferencji-prasowej-kultura-33-450x675.jpg 450w, https:\/\/marcinkrokowski.com\/wp-content\/uploads\/2023\/03\/fotorelacja-z-konferencji-prasowej-kultura-33-768x1152.jpg 768w, https:\/\/marcinkrokowski.com\/wp-content\/uploads\/2023\/03\/fotorelacja-z-konferencji-prasowej-kultura-33-1024x1536.jpg 1024w, https:\/\/marcinkrokowski.com\/wp-content\/uploads\/2023\/03\/fotorelacja-z-konferencji-prasowej-kultura-33.jpg 1280w\" sizes=\"auto, (max-width: 1200px) 100vw, 1200px\" \/><\/figure>\n\n\n\n<figure class=\"wp-block-image size-large\"><img loading=\"lazy\" decoding=\"async\" width=\"1200\" height=\"800\" data-id=\"9548\" src=\"https:\/\/marcinkrokowski.com\/wp-content\/uploads\/2023\/03\/fotorelacja-z-konferencji-prasowej-kultura-34-1200x800.jpg\" alt=\"Eine Gruppe von Menschen sitzt aufmerksam in einem geschlossenen Raum. In der ersten Reihe sitzen drei Frauen, zwei mit blondem Haar und eine mit Brille. Hinter ihnen sind weitere Personen zu sehen, darunter ein b&#xE4;rtiger Mann und ein Crewmitglied, das eine Kamera bedient. Die Atmosph&#xE4;re wirkt f&#xF6;rmlich und wird von Marcin Krokowski, einem Fotografen in Warschau, perfekt eingefangen.   &#010;\" class=\"wp-image-9548\" title=\"\" srcset=\"https:\/\/marcinkrokowski.com\/wp-content\/uploads\/2023\/03\/fotorelacja-z-konferencji-prasowej-kultura-34-1200x800.jpg 1200w, https:\/\/marcinkrokowski.com\/wp-content\/uploads\/2023\/03\/fotorelacja-z-konferencji-prasowej-kultura-34-900x600.jpg 900w, https:\/\/marcinkrokowski.com\/wp-content\/uploads\/2023\/03\/fotorelacja-z-konferencji-prasowej-kultura-34-450x300.jpg 450w, https:\/\/marcinkrokowski.com\/wp-content\/uploads\/2023\/03\/fotorelacja-z-konferencji-prasowej-kultura-34-768x512.jpg 768w, https:\/\/marcinkrokowski.com\/wp-content\/uploads\/2023\/03\/fotorelacja-z-konferencji-prasowej-kultura-34-1536x1024.jpg 1536w, https:\/\/marcinkrokowski.com\/wp-content\/uploads\/2023\/03\/fotorelacja-z-konferencji-prasowej-kultura-34.jpg 1920w\" sizes=\"auto, (max-width: 1200px) 100vw, 1200px\" \/><\/figure>\n\n\n\n<figure class=\"wp-block-image size-large\"><img loading=\"lazy\" decoding=\"async\" width=\"1200\" height=\"800\" data-id=\"9549\" src=\"https:\/\/marcinkrokowski.com\/wp-content\/uploads\/2023\/03\/fotorelacja-z-konferencji-prasowej-kultura-35-1200x800.jpg\" alt=\"Eine Frau in einem wei&#xDF;en Anzug und mit Brille sitzt auf einem Stuhl und l&#xE4;chelt, w&#xE4;hrend im Vordergrund eine undeutliche Gestalt in ein Mikrofon spricht. Im Hintergrund sind Banner mit polnischem Text zu sehen, die f&#xFC;r ein Kunst- und Musikfestival werben. Das Bild wurde von dem Eventfotografen Marcin Krokowski aufgenommen. \" class=\"wp-image-9549\" title=\"\" srcset=\"https:\/\/marcinkrokowski.com\/wp-content\/uploads\/2023\/03\/fotorelacja-z-konferencji-prasowej-kultura-35-1200x800.jpg 1200w, https:\/\/marcinkrokowski.com\/wp-content\/uploads\/2023\/03\/fotorelacja-z-konferencji-prasowej-kultura-35-900x600.jpg 900w, https:\/\/marcinkrokowski.com\/wp-content\/uploads\/2023\/03\/fotorelacja-z-konferencji-prasowej-kultura-35-450x300.jpg 450w, https:\/\/marcinkrokowski.com\/wp-content\/uploads\/2023\/03\/fotorelacja-z-konferencji-prasowej-kultura-35-768x512.jpg 768w, https:\/\/marcinkrokowski.com\/wp-content\/uploads\/2023\/03\/fotorelacja-z-konferencji-prasowej-kultura-35-1536x1024.jpg 1536w, https:\/\/marcinkrokowski.com\/wp-content\/uploads\/2023\/03\/fotorelacja-z-konferencji-prasowej-kultura-35.jpg 1920w\" sizes=\"auto, (max-width: 1200px) 100vw, 1200px\" \/><\/figure>\n\n\n\n<figure class=\"wp-block-image size-large\"><img loading=\"lazy\" decoding=\"async\" width=\"1200\" height=\"800\" data-id=\"9550\" src=\"https:\/\/marcinkrokowski.com\/wp-content\/uploads\/2023\/03\/fotorelacja-z-konferencji-prasowej-kultura-36-1200x800.jpg\" alt=\"W&#xE4;hrend der Podiumsdiskussion sitzen zwei M&#xE4;nner in Anz&#xFC;gen auf der B&#xFC;hne und eine Frau, die etwas verschwommen im Vordergrund zu sehen ist, spricht in das Mikrofon. Hinter ihnen sind Banner mit Texten &#xFC;ber das Festival East of Culture zu sehen, auf denen Einzelheiten &#xFC;ber die Veranstaltung in Rzesz&#xF3;w und Lublin im Jahr 2022 angegeben sind. (Foto: Marcin Krokowski)  \" class=\"wp-image-9550\" title=\"\" srcset=\"https:\/\/marcinkrokowski.com\/wp-content\/uploads\/2023\/03\/fotorelacja-z-konferencji-prasowej-kultura-36-1200x800.jpg 1200w, https:\/\/marcinkrokowski.com\/wp-content\/uploads\/2023\/03\/fotorelacja-z-konferencji-prasowej-kultura-36-900x600.jpg 900w, https:\/\/marcinkrokowski.com\/wp-content\/uploads\/2023\/03\/fotorelacja-z-konferencji-prasowej-kultura-36-450x300.jpg 450w, https:\/\/marcinkrokowski.com\/wp-content\/uploads\/2023\/03\/fotorelacja-z-konferencji-prasowej-kultura-36-768x512.jpg 768w, https:\/\/marcinkrokowski.com\/wp-content\/uploads\/2023\/03\/fotorelacja-z-konferencji-prasowej-kultura-36-1536x1024.jpg 1536w, https:\/\/marcinkrokowski.com\/wp-content\/uploads\/2023\/03\/fotorelacja-z-konferencji-prasowej-kultura-36.jpg 1920w\" sizes=\"auto, (max-width: 1200px) 100vw, 1200px\" \/><\/figure>\n\n\n\n<figure class=\"wp-block-image size-large\"><img loading=\"lazy\" decoding=\"async\" width=\"1200\" height=\"800\" data-id=\"9551\" src=\"https:\/\/marcinkrokowski.com\/wp-content\/uploads\/2023\/03\/fotorelacja-z-konferencji-prasowej-kultura-37-1200x800.jpg\" alt=\"Eine Frau mit langen dunklen Haaren spricht bei einer Veranstaltung in ein Mikrofon. Sie tr&#xE4;gt eine helle Jeansjacke. Im Hintergrund sitzen mehrere M&#xE4;nner in Anz&#xFC;gen auf der B&#xFC;hne, hinter ihnen sind verschwommene Banner zu sehen. Die Atmosph&#xE4;re deutet auf einen formellen oder professionellen Rahmen hin, der von Marcin Krokowski, einem Fotografen in Warschau, eingefangen wurde.   \" class=\"wp-image-9551\" title=\"\" srcset=\"https:\/\/marcinkrokowski.com\/wp-content\/uploads\/2023\/03\/fotorelacja-z-konferencji-prasowej-kultura-37-1200x800.jpg 1200w, https:\/\/marcinkrokowski.com\/wp-content\/uploads\/2023\/03\/fotorelacja-z-konferencji-prasowej-kultura-37-900x600.jpg 900w, https:\/\/marcinkrokowski.com\/wp-content\/uploads\/2023\/03\/fotorelacja-z-konferencji-prasowej-kultura-37-450x300.jpg 450w, https:\/\/marcinkrokowski.com\/wp-content\/uploads\/2023\/03\/fotorelacja-z-konferencji-prasowej-kultura-37-768x512.jpg 768w, https:\/\/marcinkrokowski.com\/wp-content\/uploads\/2023\/03\/fotorelacja-z-konferencji-prasowej-kultura-37-1536x1024.jpg 1536w, https:\/\/marcinkrokowski.com\/wp-content\/uploads\/2023\/03\/fotorelacja-z-konferencji-prasowej-kultura-37.jpg 1920w\" sizes=\"auto, (max-width: 1200px) 100vw, 1200px\" \/><\/figure>\n\n\n\n<figure class=\"wp-block-image size-large\"><img loading=\"lazy\" decoding=\"async\" width=\"1200\" height=\"1800\" data-id=\"9552\" src=\"https:\/\/marcinkrokowski.com\/wp-content\/uploads\/2023\/03\/fotorelacja-z-konferencji-prasowej-kultura-38-1200x1800.jpg\" alt=\"Eine junge Frau mit langen dunklen Haaren spricht in ein Mikrofon, w&#xE4;hrend sie vor einem gro&#xDF;en Bildschirm steht. Sie tr&#xE4;gt eine hellblaue Jeansjacke und steht neben einem schwarzen Mikrofonst&#xE4;nder. Im Hintergrund sind gr&#xFC;ne Pflanzen und eine wei&#xDF;e Wand zu sehen, perfekt eingefangen von Marcin Krokowski, einem Eventfotografen in Warschau.  \" class=\"wp-image-9552\" title=\"\" srcset=\"https:\/\/marcinkrokowski.com\/wp-content\/uploads\/2023\/03\/fotorelacja-z-konferencji-prasowej-kultura-38-1200x1800.jpg 1200w, https:\/\/marcinkrokowski.com\/wp-content\/uploads\/2023\/03\/fotorelacja-z-konferencji-prasowej-kultura-38-900x1350.jpg 900w, https:\/\/marcinkrokowski.com\/wp-content\/uploads\/2023\/03\/fotorelacja-z-konferencji-prasowej-kultura-38-450x675.jpg 450w, https:\/\/marcinkrokowski.com\/wp-content\/uploads\/2023\/03\/fotorelacja-z-konferencji-prasowej-kultura-38-768x1152.jpg 768w, https:\/\/marcinkrokowski.com\/wp-content\/uploads\/2023\/03\/fotorelacja-z-konferencji-prasowej-kultura-38-1024x1536.jpg 1024w, https:\/\/marcinkrokowski.com\/wp-content\/uploads\/2023\/03\/fotorelacja-z-konferencji-prasowej-kultura-38.jpg 1280w\" sizes=\"auto, (max-width: 1200px) 100vw, 1200px\" \/><\/figure>\n\n\n\n<figure class=\"wp-block-image size-large\"><img loading=\"lazy\" decoding=\"async\" width=\"1200\" height=\"800\" data-id=\"9553\" src=\"https:\/\/marcinkrokowski.com\/wp-content\/uploads\/2023\/03\/fotorelacja-z-konferencji-prasowej-kultura-39-1200x800.jpg\" alt=\"Marcin Krokowski, ein bekannter Eventfotograf, tr&#xE4;gt einen gemusterten Kapuzenpulli und eine Brille, spricht in ein Mikrofon und gestikuliert mit der Hand. Er steht in einem modernen, gut beleuchteten Raum mit einem gro&#xDF;en Bildschirm im Hintergrund und Gr&#xFC;npflanzen an den Seiten. \" class=\"wp-image-9553\" title=\"\" srcset=\"https:\/\/marcinkrokowski.com\/wp-content\/uploads\/2023\/03\/fotorelacja-z-konferencji-prasowej-kultura-39-1200x800.jpg 1200w, https:\/\/marcinkrokowski.com\/wp-content\/uploads\/2023\/03\/fotorelacja-z-konferencji-prasowej-kultura-39-900x600.jpg 900w, https:\/\/marcinkrokowski.com\/wp-content\/uploads\/2023\/03\/fotorelacja-z-konferencji-prasowej-kultura-39-450x300.jpg 450w, https:\/\/marcinkrokowski.com\/wp-content\/uploads\/2023\/03\/fotorelacja-z-konferencji-prasowej-kultura-39-768x512.jpg 768w, https:\/\/marcinkrokowski.com\/wp-content\/uploads\/2023\/03\/fotorelacja-z-konferencji-prasowej-kultura-39-1536x1024.jpg 1536w, https:\/\/marcinkrokowski.com\/wp-content\/uploads\/2023\/03\/fotorelacja-z-konferencji-prasowej-kultura-39.jpg 1920w\" sizes=\"auto, (max-width: 1200px) 100vw, 1200px\" \/><\/figure>\n\n\n\n<figure class=\"wp-block-image size-large\"><img loading=\"lazy\" decoding=\"async\" width=\"1200\" height=\"800\" data-id=\"9554\" src=\"https:\/\/marcinkrokowski.com\/wp-content\/uploads\/2023\/03\/fotorelacja-z-konferencji-prasowej-kultura-40-1200x800.jpg\" alt=\"Eine Reihe von sitzenden Personen, die aufmerksam eine Veranstaltung oder Pr&#xE4;sentation beobachten. Ein Mann in einem blauen Anzug und eine Frau mit Brille sind im Fokus, andere sind leicht verschwommen. Im Hintergrund ist eine Kamera auf einem Stativ zu sehen, die Momente mit der f&#xFC;r den bekannten Warschauer Fotografen Marcin Krokowski charakteristischen Pr&#xE4;zision einf&#xE4;ngt.  \" class=\"wp-image-9554\" title=\"\" srcset=\"https:\/\/marcinkrokowski.com\/wp-content\/uploads\/2023\/03\/fotorelacja-z-konferencji-prasowej-kultura-40-1200x800.jpg 1200w, https:\/\/marcinkrokowski.com\/wp-content\/uploads\/2023\/03\/fotorelacja-z-konferencji-prasowej-kultura-40-900x600.jpg 900w, https:\/\/marcinkrokowski.com\/wp-content\/uploads\/2023\/03\/fotorelacja-z-konferencji-prasowej-kultura-40-450x300.jpg 450w, https:\/\/marcinkrokowski.com\/wp-content\/uploads\/2023\/03\/fotorelacja-z-konferencji-prasowej-kultura-40-768x512.jpg 768w, https:\/\/marcinkrokowski.com\/wp-content\/uploads\/2023\/03\/fotorelacja-z-konferencji-prasowej-kultura-40-1536x1024.jpg 1536w, https:\/\/marcinkrokowski.com\/wp-content\/uploads\/2023\/03\/fotorelacja-z-konferencji-prasowej-kultura-40.jpg 1920w\" sizes=\"auto, (max-width: 1200px) 100vw, 1200px\" \/><\/figure>\n\n\n\n<figure class=\"wp-block-image size-large\"><img loading=\"lazy\" decoding=\"async\" width=\"1200\" height=\"800\" data-id=\"9555\" src=\"https:\/\/marcinkrokowski.com\/wp-content\/uploads\/2023\/03\/fotorelacja-z-konferencji-prasowej-kultura-41-1200x800.jpg\" alt=\"Drei Personen sitzen w&#xE4;hrend einer Veranstaltung im Osten der Kultur auf der B&#xFC;hne. Zwei M&#xE4;nner in Anz&#xFC;gen sitzen auf St&#xFC;hlen und h&#xF6;ren zu, wie die Person im Vordergrund in ein Mikrofon spricht. Banner im Hintergrund zeigen Informationen &#xFC;ber die Veranstaltung, die von einem bekannten Fotografen in Warschau, Marcin Krokowski, aufgenommen wurden. Die Atmosph&#xE4;re ist formell und professionell.   \" class=\"wp-image-9555\" title=\"\" srcset=\"https:\/\/marcinkrokowski.com\/wp-content\/uploads\/2023\/03\/fotorelacja-z-konferencji-prasowej-kultura-41-1200x800.jpg 1200w, https:\/\/marcinkrokowski.com\/wp-content\/uploads\/2023\/03\/fotorelacja-z-konferencji-prasowej-kultura-41-900x600.jpg 900w, https:\/\/marcinkrokowski.com\/wp-content\/uploads\/2023\/03\/fotorelacja-z-konferencji-prasowej-kultura-41-450x300.jpg 450w, https:\/\/marcinkrokowski.com\/wp-content\/uploads\/2023\/03\/fotorelacja-z-konferencji-prasowej-kultura-41-768x512.jpg 768w, https:\/\/marcinkrokowski.com\/wp-content\/uploads\/2023\/03\/fotorelacja-z-konferencji-prasowej-kultura-41-1536x1024.jpg 1536w, https:\/\/marcinkrokowski.com\/wp-content\/uploads\/2023\/03\/fotorelacja-z-konferencji-prasowej-kultura-41.jpg 1920w\" sizes=\"auto, (max-width: 1200px) 100vw, 1200px\" \/><\/figure>\n\n\n\n<figure class=\"wp-block-image size-large\"><img loading=\"lazy\" decoding=\"async\" width=\"1200\" height=\"800\" data-id=\"9556\" src=\"https:\/\/marcinkrokowski.com\/wp-content\/uploads\/2023\/03\/fotorelacja-z-konferencji-prasowej-kultura-42-1200x800.jpg\" alt=\"Eine junge Frau mit langem, dunklem Haar h&#xF6;rt w&#xE4;hrend der Veranstaltung aufmerksam zu. Sie sitzt konzentriert in der Menge, tr&#xE4;gt eine graue Jacke und h&#xE4;lt einen Notizblock in der Hand. Im Hintergrund sind Kameras und andere Teilnehmer zu sehen. Das Bild scheint von Marcin Krokowski aufgenommen worden zu sein, einem bekannten Veranstaltungsfotografen in Warschau.  \" class=\"wp-image-9556\" title=\"\" srcset=\"https:\/\/marcinkrokowski.com\/wp-content\/uploads\/2023\/03\/fotorelacja-z-konferencji-prasowej-kultura-42-1200x800.jpg 1200w, https:\/\/marcinkrokowski.com\/wp-content\/uploads\/2023\/03\/fotorelacja-z-konferencji-prasowej-kultura-42-900x600.jpg 900w, https:\/\/marcinkrokowski.com\/wp-content\/uploads\/2023\/03\/fotorelacja-z-konferencji-prasowej-kultura-42-450x300.jpg 450w, https:\/\/marcinkrokowski.com\/wp-content\/uploads\/2023\/03\/fotorelacja-z-konferencji-prasowej-kultura-42-768x512.jpg 768w, https:\/\/marcinkrokowski.com\/wp-content\/uploads\/2023\/03\/fotorelacja-z-konferencji-prasowej-kultura-42-1536x1024.jpg 1536w, https:\/\/marcinkrokowski.com\/wp-content\/uploads\/2023\/03\/fotorelacja-z-konferencji-prasowej-kultura-42.jpg 1920w\" sizes=\"auto, (max-width: 1200px) 100vw, 1200px\" \/><\/figure>\n\n\n\n<figure class=\"wp-block-image size-large\"><img loading=\"lazy\" decoding=\"async\" width=\"1200\" height=\"800\" data-id=\"9557\" src=\"https:\/\/marcinkrokowski.com\/wp-content\/uploads\/2023\/03\/fotorelacja-z-konferencji-prasowej-kultura-43-1200x800.jpg\" alt=\"W&#xE4;hrend etwas, das wie eine Konferenz oder ein Seminar aussieht, sitzt eine Gruppe von Menschen und h&#xF6;rt aufmerksam zu. Eine l&#xE4;chelnde Frau mit blondem Haar sticht im Vordergrund hervor. Im Hintergrund stehen M&#xE4;nner und Frauen mit Notizbl&#xF6;cken und elektronischen Ger&#xE4;ten, die der bekannte Warschauer Fotograf Marcin Krokowski auf geniale Weise eingefangen hat.  \" class=\"wp-image-9557\" title=\"\" srcset=\"https:\/\/marcinkrokowski.com\/wp-content\/uploads\/2023\/03\/fotorelacja-z-konferencji-prasowej-kultura-43-1200x800.jpg 1200w, https:\/\/marcinkrokowski.com\/wp-content\/uploads\/2023\/03\/fotorelacja-z-konferencji-prasowej-kultura-43-900x600.jpg 900w, https:\/\/marcinkrokowski.com\/wp-content\/uploads\/2023\/03\/fotorelacja-z-konferencji-prasowej-kultura-43-450x300.jpg 450w, https:\/\/marcinkrokowski.com\/wp-content\/uploads\/2023\/03\/fotorelacja-z-konferencji-prasowej-kultura-43-768x512.jpg 768w, https:\/\/marcinkrokowski.com\/wp-content\/uploads\/2023\/03\/fotorelacja-z-konferencji-prasowej-kultura-43-1536x1024.jpg 1536w, https:\/\/marcinkrokowski.com\/wp-content\/uploads\/2023\/03\/fotorelacja-z-konferencji-prasowej-kultura-43.jpg 1920w\" sizes=\"auto, (max-width: 1200px) 100vw, 1200px\" \/><\/figure>\n\n\n\n<figure class=\"wp-block-image size-large\"><img loading=\"lazy\" decoding=\"async\" width=\"1200\" height=\"800\" data-id=\"9558\" src=\"https:\/\/marcinkrokowski.com\/wp-content\/uploads\/2023\/03\/fotorelacja-z-konferencji-prasowej-kultura-44-1200x800.jpg\" alt=\"Eine Gruppe von Menschen, die in einem gut beleuchteten Raum sitzen und applaudieren. Im Vordergrund steht ein l&#xE4;chelnder Mann im Anzug, der mit seiner Brille klatscht. Neben ihm klatschen auch ein Mann in einem beigen Anzug und eine Frau mit dunklem Haar. Im Hintergrund sind die anderen Teilnehmer zu sehen, wundersch&#xF6;n eingefangen vom Eventfotografen Marcin Krokowski.   \" class=\"wp-image-9558\" title=\"\" srcset=\"https:\/\/marcinkrokowski.com\/wp-content\/uploads\/2023\/03\/fotorelacja-z-konferencji-prasowej-kultura-44-1200x800.jpg 1200w, https:\/\/marcinkrokowski.com\/wp-content\/uploads\/2023\/03\/fotorelacja-z-konferencji-prasowej-kultura-44-900x600.jpg 900w, https:\/\/marcinkrokowski.com\/wp-content\/uploads\/2023\/03\/fotorelacja-z-konferencji-prasowej-kultura-44-450x300.jpg 450w, https:\/\/marcinkrokowski.com\/wp-content\/uploads\/2023\/03\/fotorelacja-z-konferencji-prasowej-kultura-44-768x512.jpg 768w, https:\/\/marcinkrokowski.com\/wp-content\/uploads\/2023\/03\/fotorelacja-z-konferencji-prasowej-kultura-44-1536x1024.jpg 1536w, https:\/\/marcinkrokowski.com\/wp-content\/uploads\/2023\/03\/fotorelacja-z-konferencji-prasowej-kultura-44.jpg 1920w\" sizes=\"auto, (max-width: 1200px) 100vw, 1200px\" \/><\/figure>\n<\/figure>\n","protected":false},"excerpt":{"rendered":"<p>Ich hatte die Gelegenheit, an der Pressekonferenz zum Osten der Kultur in Warschau teilzunehmen. Es war ein au\u00dfergew\u00f6hnlicher und emotionaler Moment. <\/p>\n","protected":false},"author":1,"featured_media":25942,"parent":0,"comment_status":"open","ping_status":"closed","template":"","kategoria_portfolio":[70],"class_list":["post-25937","portfolio","type-portfolio","status-publish","has-post-thumbnail","hentry","kategoria_portfolio-treffen-mit-der-presse","infinite-scroll-item","generate-columns","tablet-grid-50","mobile-grid-100","grid-parent","grid-33"],"featured_image_urls_v2":{"full":["https:\/\/marcinkrokowski.com\/wp-content\/uploads\/2023\/03\/fotorelacja-z-konferencji-prasowej-kultura-5.jpg",1920,1281,false],"thumbnail":["https:\/\/marcinkrokowski.com\/wp-content\/uploads\/2023\/03\/fotorelacja-z-konferencji-prasowej-kultura-5-450x300.jpg",450,300,true],"medium":["https:\/\/marcinkrokowski.com\/wp-content\/uploads\/2023\/03\/fotorelacja-z-konferencji-prasowej-kultura-5-900x600.jpg",900,600,true],"medium_large":["https:\/\/marcinkrokowski.com\/wp-content\/uploads\/2023\/03\/fotorelacja-z-konferencji-prasowej-kultura-5-768x512.jpg",768,512,true],"large":["https:\/\/marcinkrokowski.com\/wp-content\/uploads\/2023\/03\/fotorelacja-z-konferencji-prasowej-kultura-5-1200x801.jpg",1200,801,true],"1536x1536":["https:\/\/marcinkrokowski.com\/wp-content\/uploads\/2023\/03\/fotorelacja-z-konferencji-prasowej-kultura-5-1536x1025.jpg",1536,1025,true],"2048x2048":["https:\/\/marcinkrokowski.com\/wp-content\/uploads\/2023\/03\/fotorelacja-z-konferencji-prasowej-kultura-5.jpg",1920,1281,false],"gform-image-choice-sm":["https:\/\/marcinkrokowski.com\/wp-content\/uploads\/2023\/03\/fotorelacja-z-konferencji-prasowej-kultura-5.jpg",300,200,false],"gform-image-choice-md":["https:\/\/marcinkrokowski.com\/wp-content\/uploads\/2023\/03\/fotorelacja-z-konferencji-prasowej-kultura-5.jpg",400,267,false],"gform-image-choice-lg":["https:\/\/marcinkrokowski.com\/wp-content\/uploads\/2023\/03\/fotorelacja-z-konferencji-prasowej-kultura-5.jpg",600,400,false]},"post_excerpt_stackable_v2":"<p>Ich hatte die Gelegenheit, an der Pressekonferenz zum Osten der Kultur in Warschau teilzunehmen. Es war ein au\u00dfergew\u00f6hnlicher und emotionaler Moment. <\/p>\n","category_list_v2":"","author_info_v2":{"name":"Marcin","url":"https:\/\/marcinkrokowski.com\/de\/author\/marcinkompele_k2gxbthi\/"},"comments_num_v2":"0 comments","_links":{"self":[{"href":"https:\/\/marcinkrokowski.com\/de\/wp-json\/wp\/v2\/portfolio\/25937","targetHints":{"allow":["GET"]}}],"collection":[{"href":"https:\/\/marcinkrokowski.com\/de\/wp-json\/wp\/v2\/portfolio"}],"about":[{"href":"https:\/\/marcinkrokowski.com\/de\/wp-json\/wp\/v2\/types\/portfolio"}],"author":[{"embeddable":true,"href":"https:\/\/marcinkrokowski.com\/de\/wp-json\/wp\/v2\/users\/1"}],"replies":[{"embeddable":true,"href":"https:\/\/marcinkrokowski.com\/de\/wp-json\/wp\/v2\/comments?post=25937"}],"version-history":[{"count":1,"href":"https:\/\/marcinkrokowski.com\/de\/wp-json\/wp\/v2\/portfolio\/25937\/revisions"}],"predecessor-version":[{"id":25981,"href":"https:\/\/marcinkrokowski.com\/de\/wp-json\/wp\/v2\/portfolio\/25937\/revisions\/25981"}],"wp:featuredmedia":[{"embeddable":true,"href":"https:\/\/marcinkrokowski.com\/de\/wp-json\/wp\/v2\/media\/25942"}],"wp:attachment":[{"href":"https:\/\/marcinkrokowski.com\/de\/wp-json\/wp\/v2\/media?parent=25937"}],"wp:term":[{"taxonomy":"kategoria_portfolio","embeddable":true,"href":"https:\/\/marcinkrokowski.com\/de\/wp-json\/wp\/v2\/kategoria_portfolio?post=25937"}],"curies":[{"name":"wp","href":"https:\/\/api.w.org\/{rel}","templated":true}]}}