{"id":20636,"date":"2022-05-31T14:23:00","date_gmt":"2022-05-31T12:23:00","guid":{"rendered":"https:\/\/marcinkrokowski.com\/portfolio\/pressegespraech-bei-der-attraktion-local-capital\/"},"modified":"2025-09-04T17:50:37","modified_gmt":"2025-09-04T15:50:37","slug":"pressegespraech-bei-der-attraktion-local-capital","status":"publish","type":"portfolio","link":"https:\/\/marcinkrokowski.com\/de\/portfolio\/pressegespraech-bei-der-attraktion-local-capital\/","title":{"rendered":"Pressegespr\u00e4ch bei der Attraktion Local Capital"},"content":{"rendered":"\n<p>Als erfahrener <strong><a href=\"https:\/\/marcinkrokowski.com\/de\/kategoria-portfolio\/treffen-mit-der-presse\/\" data-type=\"link\" data-id=\"https:\/\/marcinkrokowski.com\/kategoria-portfolio\/spotkania-prasowe\/\">Fotograf f\u00fcr Presseveranstaltungen<\/a><\/strong>bin ich bereit, jedes Ereignis einzufangen, das professionelle Fotografie erfordert. Im Laufe der Jahre hatte ich die Gelegenheit, eine Vielzahl von Veranstaltungen zu fotografieren, darunter Filmpremieren, Konzerte, <a href=\"https:\/\/marcinkrokowski.com\/de\/kategoria-portfolio\/konferenzen\/\" data-type=\"kategoria_portfolio\" data-id=\"23\">Konferenzen<\/a> und nat\u00fcrlich Pressegespr\u00e4che. Meine Liebe zur Fotografie begann schon als Kind, als ich die Freude daran entdeckte, fl\u00fcchtige Momente festzuhalten und bleibende Erinnerungen zu schaffen. Ich entwickle meine F\u00e4higkeiten st\u00e4ndig weiter und halte mich mit neuen fotografischen Techniken und Tools auf dem Laufenden.   <\/p>\n\n<figure class=\"wp-block-image size-large\"><img loading=\"lazy\" decoding=\"async\" width=\"1200\" height=\"800\" src=\"https:\/\/marcinkrokowski.com\/wp-content\/uploads\/2023\/01\/fotorelacja-premiera-procesorow-Intel-w-LAS-61-1200x800.jpg\" alt=\"Ein Mann steht in einem Raum und h&#xE4;lt eine Computer-Hauptplatine sowie verschiedene Computerkomponenten und Verpackungen auf einem Tisch vor sich. Ein gro&#xDF;es Banner mit der Aufschrift &#039;Interview&#039; ist teilweise im Hintergrund zu sehen, was darauf hindeutet, dass es sich um eine Pressekonferenz handelt. Der Raum ist mit Pflanzen und B&#xFC;cherregalen dekoriert.  \" class=\"wp-image-7465\" title=\"\" srcset=\"https:\/\/marcinkrokowski.com\/wp-content\/uploads\/2023\/01\/fotorelacja-premiera-procesorow-Intel-w-LAS-61-1200x800.jpg 1200w, https:\/\/marcinkrokowski.com\/wp-content\/uploads\/2023\/01\/fotorelacja-premiera-procesorow-Intel-w-LAS-61-900x600.jpg 900w, https:\/\/marcinkrokowski.com\/wp-content\/uploads\/2023\/01\/fotorelacja-premiera-procesorow-Intel-w-LAS-61-450x300.jpg 450w, https:\/\/marcinkrokowski.com\/wp-content\/uploads\/2023\/01\/fotorelacja-premiera-procesorow-Intel-w-LAS-61.jpg 1920w\" sizes=\"auto, (max-width: 1200px) 100vw, 1200px\" \/><\/figure>\n\n<h2 class=\"wp-block-heading\">Pressegespr\u00e4ch bei der Attraktion Local Capital<\/h2>\n\n<p>Eines meiner letzten Projekte war das Fotografieren eines Pressebriefings in einer <a href=\"https:\/\/www.facebook.com\/las.warszawa\" target=\"_blank\" rel=\"noopener\">lokalen Hauptstadtattraktion<\/a> w\u00e4hrend der Einf\u00fchrung der neuen 12. Generation der Desktop-Prozessoren von Intel. Es war ein gro\u00dfartiger Tag voller Aufregung und neuer Erfahrungen, und ich war dabei, um jeden Moment festzuhalten. <\/p>\n\n<p>Als Fotograf f\u00fcr ein Pressegespr\u00e4ch ist es mir wichtig, nicht nur die wichtigsten Ereignisse einzufangen, sondern auch die Details, die jedem Foto Tiefe und Geschichte verleihen. Daher versuche ich, nicht nur die Pr\u00e4sentationen und Reden einzufangen, sondern auch die Atmosph\u00e4re und Stimmung des Veranstaltungsortes. <\/p>\n\n<figure class=\"wp-block-gallery has-nested-images columns-default is-cropped wp-block-gallery-1 is-layout-flex wp-block-gallery-is-layout-flex\">\n<figure class=\"wp-block-image size-large\"><img loading=\"lazy\" decoding=\"async\" width=\"1200\" height=\"800\" data-id=\"7405\" src=\"https:\/\/marcinkrokowski.com\/wp-content\/uploads\/2023\/01\/fotorelacja-premiera-procesorow-Intel-w-LAS-1-1200x800.jpg\" alt=\"Ein modernes Caf&#xE9; mit einem Sitzbereich im Freien, auf dem das &#039;LAP&#039;-Logo auf einer wei&#xDF;en Wand prangt. Ein idealer Ort f&#xFC;r Eventfotografie, umgeben von &#xFC;ppigem Gr&#xFC;n und Herbstlaub. Eine Lichterkette sorgt f&#xFC;r eine gem&#xFC;tliche Atmosph&#xE4;re, und eine Treppe f&#xFC;hrt hinauf zum Lounge-Bereich.  \" class=\"wp-image-7405\" title=\"\" srcset=\"https:\/\/marcinkrokowski.com\/wp-content\/uploads\/2023\/01\/fotorelacja-premiera-procesorow-Intel-w-LAS-1-1200x800.jpg 1200w, https:\/\/marcinkrokowski.com\/wp-content\/uploads\/2023\/01\/fotorelacja-premiera-procesorow-Intel-w-LAS-1-900x600.jpg 900w, https:\/\/marcinkrokowski.com\/wp-content\/uploads\/2023\/01\/fotorelacja-premiera-procesorow-Intel-w-LAS-1-450x300.jpg 450w, https:\/\/marcinkrokowski.com\/wp-content\/uploads\/2023\/01\/fotorelacja-premiera-procesorow-Intel-w-LAS-1.jpg 1920w\" sizes=\"auto, (max-width: 1200px) 100vw, 1200px\" \/><\/figure>\n<\/figure>\n\n<figure class=\"wp-block-gallery has-nested-images columns-default is-cropped wp-block-gallery-2 is-layout-flex wp-block-gallery-is-layout-flex\">\n<figure class=\"wp-block-image size-medium\"><img loading=\"lazy\" decoding=\"async\" width=\"900\" height=\"1350\" data-id=\"7406\" src=\"https:\/\/marcinkrokowski.com\/wp-content\/uploads\/2023\/01\/fotorelacja-premiera-procesorow-Intel-w-LAS-2-900x1350.jpg\" alt=\"Eine Holzschaukel h&#xE4;ngt an den &#xC4;sten eines Baumes mit Herbstlaub im Garten. Der Boden ist mit abgefallenen Bl&#xE4;ttern bedeckt und in der N&#xE4;he stehen Topfpflanzen. Die Atmosph&#xE4;re ist friedlich und malerisch, perfekt f&#xFC;r Eventfotografie an einem so charmanten Ort.  \" class=\"wp-image-7406\" title=\"\" srcset=\"https:\/\/marcinkrokowski.com\/wp-content\/uploads\/2023\/01\/fotorelacja-premiera-procesorow-Intel-w-LAS-2-900x1350.jpg 900w, https:\/\/marcinkrokowski.com\/wp-content\/uploads\/2023\/01\/fotorelacja-premiera-procesorow-Intel-w-LAS-2-1200x1800.jpg 1200w, https:\/\/marcinkrokowski.com\/wp-content\/uploads\/2023\/01\/fotorelacja-premiera-procesorow-Intel-w-LAS-2-450x675.jpg 450w, https:\/\/marcinkrokowski.com\/wp-content\/uploads\/2023\/01\/fotorelacja-premiera-procesorow-Intel-w-LAS-2.jpg 1280w\" sizes=\"auto, (max-width: 900px) 100vw, 900px\" \/><\/figure>\n\n\n\n<figure class=\"wp-block-image size-medium\"><img loading=\"lazy\" decoding=\"async\" width=\"900\" height=\"1350\" data-id=\"7407\" src=\"https:\/\/marcinkrokowski.com\/wp-content\/uploads\/2023\/01\/fotorelacja-premiera-procesorow-Intel-w-LAS-3-900x1350.jpg\" alt=\"H&#xE4;ngende dekorative Pendelleuchten mit Lampenschirmen aus Drahtgeflecht sind an den &#xC4;sten eines Baumes in einer ruhigen Waldlandschaft aufgeh&#xE4;ngt. Die Leuchten strahlen ein warmes, einladendes Licht aus, das die nat&#xFC;rliche Atmosph&#xE4;re des Waldes unterstreicht - ideal f&#xFC;r Eventfotografie oder Fotoshootings. \" class=\"wp-image-7407\" title=\"\" srcset=\"https:\/\/marcinkrokowski.com\/wp-content\/uploads\/2023\/01\/fotorelacja-premiera-procesorow-Intel-w-LAS-3-900x1350.jpg 900w, https:\/\/marcinkrokowski.com\/wp-content\/uploads\/2023\/01\/fotorelacja-premiera-procesorow-Intel-w-LAS-3-1200x1800.jpg 1200w, https:\/\/marcinkrokowski.com\/wp-content\/uploads\/2023\/01\/fotorelacja-premiera-procesorow-Intel-w-LAS-3-450x675.jpg 450w, https:\/\/marcinkrokowski.com\/wp-content\/uploads\/2023\/01\/fotorelacja-premiera-procesorow-Intel-w-LAS-3.jpg 1280w\" sizes=\"auto, (max-width: 900px) 100vw, 900px\" \/><\/figure>\n<\/figure>\n\n<figure class=\"wp-block-gallery has-nested-images columns-1 is-cropped wp-block-gallery-3 is-layout-flex wp-block-gallery-is-layout-flex\">\n<figure class=\"wp-block-image size-large\"><img loading=\"lazy\" decoding=\"async\" width=\"1200\" height=\"800\" data-id=\"7408\" src=\"https:\/\/marcinkrokowski.com\/wp-content\/uploads\/2023\/01\/fotorelacja-premiera-procesorow-Intel-w-LAS-4-1200x800.jpg\" alt=\"Ein Banner mit dem Intel-Logo und Text auf Polnisch, der die 12. Generation der Intel Core Desktop-Prozessoren bewirbt, ist von gr&#xFC;nen Pflanzen umgeben. Dieses Set ist ideal f&#xFC;r Event-Fotojournalismus oder jede Art von Eventfotografie und verbindet nahtlos technologische Innovation mit nat&#xFC;rlicher &#xC4;sthetik.  \" class=\"wp-image-7408\" title=\"\" srcset=\"https:\/\/marcinkrokowski.com\/wp-content\/uploads\/2023\/01\/fotorelacja-premiera-procesorow-Intel-w-LAS-4-1200x800.jpg 1200w, https:\/\/marcinkrokowski.com\/wp-content\/uploads\/2023\/01\/fotorelacja-premiera-procesorow-Intel-w-LAS-4-900x600.jpg 900w, https:\/\/marcinkrokowski.com\/wp-content\/uploads\/2023\/01\/fotorelacja-premiera-procesorow-Intel-w-LAS-4-450x300.jpg 450w, https:\/\/marcinkrokowski.com\/wp-content\/uploads\/2023\/01\/fotorelacja-premiera-procesorow-Intel-w-LAS-4.jpg 1920w\" sizes=\"auto, (max-width: 1200px) 100vw, 1200px\" \/><\/figure>\n\n\n\n<figure class=\"wp-block-image size-large\"><img loading=\"lazy\" decoding=\"async\" width=\"1200\" height=\"800\" data-id=\"7409\" src=\"https:\/\/marcinkrokowski.com\/wp-content\/uploads\/2023\/01\/fotorelacja-premiera-procesorow-Intel-w-LAS-5-1200x800.jpg\" alt=\"Abstraktes Gem&#xE4;lde, das ein chaotisches Muster aus spritzenden und tropfenden Linien in einer Vielzahl von Farben, darunter Wei&#xDF;, T&#xFC;rkis und Oliv, vor einem dunklen Hintergrund darstellt. Die Linien &#xFC;berschneiden und &#xFC;berlagern sich, wodurch ein Gef&#xFC;hl von Bewegung und Komplexit&#xE4;t entsteht, das an die Eventfotografie erinnert, die die dynamische Energie eines Ereignisses einf&#xE4;ngt. \" class=\"wp-image-7409\" title=\"\" srcset=\"https:\/\/marcinkrokowski.com\/wp-content\/uploads\/2023\/01\/fotorelacja-premiera-procesorow-Intel-w-LAS-5-1200x800.jpg 1200w, https:\/\/marcinkrokowski.com\/wp-content\/uploads\/2023\/01\/fotorelacja-premiera-procesorow-Intel-w-LAS-5-900x600.jpg 900w, https:\/\/marcinkrokowski.com\/wp-content\/uploads\/2023\/01\/fotorelacja-premiera-procesorow-Intel-w-LAS-5-450x300.jpg 450w, https:\/\/marcinkrokowski.com\/wp-content\/uploads\/2023\/01\/fotorelacja-premiera-procesorow-Intel-w-LAS-5.jpg 1920w\" sizes=\"auto, (max-width: 1200px) 100vw, 1200px\" \/><\/figure>\n\n\n\n<figure class=\"wp-block-image size-large\"><img loading=\"lazy\" decoding=\"async\" width=\"1200\" height=\"800\" data-id=\"7411\" src=\"https:\/\/marcinkrokowski.com\/wp-content\/uploads\/2023\/01\/fotorelacja-premiera-procesorow-Intel-w-LAS-7-1200x800.jpg\" alt=\"Auf einem Regal aus Holz und schwarzem Metall sind verschiedene Gegenst&#xE4;nde ausgestellt, darunter kleine Topfpflanzen in rosafarbenen T&#xF6;pfen, ein Stapel K&#xFC;rbisse, eine Schale aus klarem Glas, ein Weidenkorb und ein blaues B&#xFC;chlein mit dem Titel &quot;Eine Geschichte der Welt&quot;. &quot;Weltgeschichte&quot;. Es scheint die perfekte Kulisse f&#xFC;r Eventfotografie oder Event-Fotojournalismus zu sein.   \" class=\"wp-image-7411\" title=\"\" srcset=\"https:\/\/marcinkrokowski.com\/wp-content\/uploads\/2023\/01\/fotorelacja-premiera-procesorow-Intel-w-LAS-7-1200x800.jpg 1200w, https:\/\/marcinkrokowski.com\/wp-content\/uploads\/2023\/01\/fotorelacja-premiera-procesorow-Intel-w-LAS-7-900x600.jpg 900w, https:\/\/marcinkrokowski.com\/wp-content\/uploads\/2023\/01\/fotorelacja-premiera-procesorow-Intel-w-LAS-7-450x300.jpg 450w, https:\/\/marcinkrokowski.com\/wp-content\/uploads\/2023\/01\/fotorelacja-premiera-procesorow-Intel-w-LAS-7.jpg 1920w\" sizes=\"auto, (max-width: 1200px) 100vw, 1200px\" \/><\/figure>\n\n\n\n<figure class=\"wp-block-image size-large\"><img loading=\"lazy\" decoding=\"async\" width=\"1200\" height=\"800\" data-id=\"7412\" src=\"https:\/\/marcinkrokowski.com\/wp-content\/uploads\/2023\/01\/fotorelacja-premiera-procesorow-Intel-w-LAS-8-1200x800.jpg\" alt=\"Eine Wand mit einer Sammlung von gerahmten Fotografien und Gem&#xE4;lden in verschiedenen Gr&#xF6;&#xDF;en und Ausrichtungen. Die Fotos auf dunkelgrauem Hintergrund zeigen Szenen aus fotojournalistischen Ereignissen. Der Lautsprecher ist in der oberen linken Ecke der Wand angebracht.  \" class=\"wp-image-7412\" title=\"\" srcset=\"https:\/\/marcinkrokowski.com\/wp-content\/uploads\/2023\/01\/fotorelacja-premiera-procesorow-Intel-w-LAS-8-1200x800.jpg 1200w, https:\/\/marcinkrokowski.com\/wp-content\/uploads\/2023\/01\/fotorelacja-premiera-procesorow-Intel-w-LAS-8-900x600.jpg 900w, https:\/\/marcinkrokowski.com\/wp-content\/uploads\/2023\/01\/fotorelacja-premiera-procesorow-Intel-w-LAS-8-450x300.jpg 450w, https:\/\/marcinkrokowski.com\/wp-content\/uploads\/2023\/01\/fotorelacja-premiera-procesorow-Intel-w-LAS-8.jpg 1920w\" sizes=\"auto, (max-width: 1200px) 100vw, 1200px\" \/><\/figure>\n<\/figure>\n\n<figure class=\"wp-block-gallery has-nested-images columns-default is-cropped wp-block-gallery-4 is-layout-flex wp-block-gallery-is-layout-flex\">\n<figure class=\"wp-block-image size-medium\"><img loading=\"lazy\" decoding=\"async\" width=\"900\" height=\"1350\" data-id=\"7410\" src=\"https:\/\/marcinkrokowski.com\/wp-content\/uploads\/2023\/01\/fotorelacja-premiera-procesorow-Intel-w-LAS-6-900x1350.jpg\" alt=\"Ein gem&#xFC;tliches Wohnzimmer mit einem dunkelgr&#xFC;nen Sofa, das vor einem gro&#xDF;en Fenster steht. Vor dem Sofa stehen drei runde Couchtische aus Holz, die unterschiedlich hoch sind. Topfpflanzen zieren die Fensterbank mit Blick auf einen Garten mit B&#xE4;umen und einem Holzzaun - perfekt f&#xFC;r eine intime Veranstaltung.  \" class=\"wp-image-7410\" title=\"\" srcset=\"https:\/\/marcinkrokowski.com\/wp-content\/uploads\/2023\/01\/fotorelacja-premiera-procesorow-Intel-w-LAS-6-900x1350.jpg 900w, https:\/\/marcinkrokowski.com\/wp-content\/uploads\/2023\/01\/fotorelacja-premiera-procesorow-Intel-w-LAS-6-1200x1800.jpg 1200w, https:\/\/marcinkrokowski.com\/wp-content\/uploads\/2023\/01\/fotorelacja-premiera-procesorow-Intel-w-LAS-6-450x675.jpg 450w, https:\/\/marcinkrokowski.com\/wp-content\/uploads\/2023\/01\/fotorelacja-premiera-procesorow-Intel-w-LAS-6.jpg 1280w\" sizes=\"auto, (max-width: 900px) 100vw, 900px\" \/><\/figure>\n\n\n\n<figure class=\"wp-block-image size-medium\"><img loading=\"lazy\" decoding=\"async\" width=\"900\" height=\"1350\" data-id=\"7413\" src=\"https:\/\/marcinkrokowski.com\/wp-content\/uploads\/2023\/01\/fotorelacja-premiera-procesorow-Intel-w-LAS-9-900x1350.jpg\" alt=\"Ein gem&#xFC;tliches Caf&#xE9;-Interieur mit gro&#xDF;en Fenstern, die den Raum mit nat&#xFC;rlichem Licht erhellen. Mit verschiedenen Topfpflanzen gef&#xFC;llte Regale schaffen eine gr&#xFC;ne, einladende Atmosph&#xE4;re, die perfekt f&#xFC;r ein Foto-Event ist. St&#xFC;hle und Tische aus Holz stehen im Vordergrund.  \" class=\"wp-image-7413\" title=\"\" srcset=\"https:\/\/marcinkrokowski.com\/wp-content\/uploads\/2023\/01\/fotorelacja-premiera-procesorow-Intel-w-LAS-9-900x1350.jpg 900w, https:\/\/marcinkrokowski.com\/wp-content\/uploads\/2023\/01\/fotorelacja-premiera-procesorow-Intel-w-LAS-9-1200x1800.jpg 1200w, https:\/\/marcinkrokowski.com\/wp-content\/uploads\/2023\/01\/fotorelacja-premiera-procesorow-Intel-w-LAS-9-450x675.jpg 450w, https:\/\/marcinkrokowski.com\/wp-content\/uploads\/2023\/01\/fotorelacja-premiera-procesorow-Intel-w-LAS-9.jpg 1280w\" sizes=\"auto, (max-width: 900px) 100vw, 900px\" \/><\/figure>\n<\/figure>\n\n<figure class=\"wp-block-gallery has-nested-images columns-default is-cropped wp-block-gallery-5 is-layout-flex wp-block-gallery-is-layout-flex\">\n<figure class=\"wp-block-image size-thumbnail\"><img loading=\"lazy\" decoding=\"async\" width=\"450\" height=\"675\" data-id=\"7415\" src=\"https:\/\/marcinkrokowski.com\/wp-content\/uploads\/2023\/01\/fotorelacja-premiera-procesorow-Intel-w-LAS-11-450x675.jpg\" alt=\"Ein Perfect Day Buch mit kariertem Einband steht aufrecht auf einer h&#xF6;lzernen Oberfl&#xE4;che neben einem anderen Buch, das flach liegt. Die Szene ist sanft beleuchtet und im Vordergrund ist ein unscharfes Element zu sehen, vielleicht dekorative getrocknete Pflanzen in einer Vase, die den Moment wie von einem erfahrenen Eventfotografen Warschau eingefangen haben. \" class=\"wp-image-7415\" title=\"\" srcset=\"https:\/\/marcinkrokowski.com\/wp-content\/uploads\/2023\/01\/fotorelacja-premiera-procesorow-Intel-w-LAS-11-450x675.jpg 450w, https:\/\/marcinkrokowski.com\/wp-content\/uploads\/2023\/01\/fotorelacja-premiera-procesorow-Intel-w-LAS-11-900x1350.jpg 900w, https:\/\/marcinkrokowski.com\/wp-content\/uploads\/2023\/01\/fotorelacja-premiera-procesorow-Intel-w-LAS-11-1200x1800.jpg 1200w, https:\/\/marcinkrokowski.com\/wp-content\/uploads\/2023\/01\/fotorelacja-premiera-procesorow-Intel-w-LAS-11.jpg 1280w\" sizes=\"auto, (max-width: 450px) 100vw, 450px\" \/><\/figure>\n\n\n\n<figure class=\"wp-block-image size-thumbnail\"><img loading=\"lazy\" decoding=\"async\" width=\"450\" height=\"675\" data-id=\"7418\" src=\"https:\/\/marcinkrokowski.com\/wp-content\/uploads\/2023\/01\/fotorelacja-premiera-procesorow-Intel-w-LAS-14-450x675.jpg\" alt=\"Nahaufnahme eines Holzparketts, das in einem Fischgr&#xE4;tenmuster verlegt ist, das an eine elegante Pressebesprechung erinnert. Die nat&#xFC;rliche Maserung des Holzes und die Farbunterschiede sorgen f&#xFC;r einen strukturierten und komplizierten visuellen Effekt. Die Oberfl&#xE4;che weist leichte Gebrauchsspuren und Kratzer auf, die dem Boden Charakter verleihen.  \" class=\"wp-image-7418\" title=\"\" srcset=\"https:\/\/marcinkrokowski.com\/wp-content\/uploads\/2023\/01\/fotorelacja-premiera-procesorow-Intel-w-LAS-14-450x675.jpg 450w, https:\/\/marcinkrokowski.com\/wp-content\/uploads\/2023\/01\/fotorelacja-premiera-procesorow-Intel-w-LAS-14-900x1350.jpg 900w, https:\/\/marcinkrokowski.com\/wp-content\/uploads\/2023\/01\/fotorelacja-premiera-procesorow-Intel-w-LAS-14-1200x1800.jpg 1200w, https:\/\/marcinkrokowski.com\/wp-content\/uploads\/2023\/01\/fotorelacja-premiera-procesorow-Intel-w-LAS-14.jpg 1280w\" sizes=\"auto, (max-width: 450px) 100vw, 450px\" \/><\/figure>\n\n\n\n<figure class=\"wp-block-image size-thumbnail\"><img loading=\"lazy\" decoding=\"async\" width=\"450\" height=\"675\" data-id=\"7416\" src=\"https:\/\/marcinkrokowski.com\/wp-content\/uploads\/2023\/01\/fotorelacja-premiera-procesorow-Intel-w-LAS-12-450x675.jpg\" alt=\"Ein B&#xFC;cherregal, auf dem mehrere B&#xFC;cher verstreut sind, darunter ein durchsichtiges Buch in T&#xFC;rkis, das schr&#xE4;g auf dem unteren Regal liegt. Andere B&#xFC;cher mit dunkleren Einb&#xE4;nden sind ebenfalls auf dem Regal und im Hintergrund zu sehen, was an eine Fotoreportage der Ereignisse erinnert. Der Boden ist aus Holz.  \" class=\"wp-image-7416\" title=\"\" srcset=\"https:\/\/marcinkrokowski.com\/wp-content\/uploads\/2023\/01\/fotorelacja-premiera-procesorow-Intel-w-LAS-12-450x675.jpg 450w, https:\/\/marcinkrokowski.com\/wp-content\/uploads\/2023\/01\/fotorelacja-premiera-procesorow-Intel-w-LAS-12-900x1350.jpg 900w, https:\/\/marcinkrokowski.com\/wp-content\/uploads\/2023\/01\/fotorelacja-premiera-procesorow-Intel-w-LAS-12-1200x1800.jpg 1200w, https:\/\/marcinkrokowski.com\/wp-content\/uploads\/2023\/01\/fotorelacja-premiera-procesorow-Intel-w-LAS-12.jpg 1280w\" sizes=\"auto, (max-width: 450px) 100vw, 450px\" \/><\/figure>\n<\/figure>\n\n<figure class=\"wp-block-gallery has-nested-images columns-1 is-cropped wp-block-gallery-6 is-layout-flex wp-block-gallery-is-layout-flex\">\n<figure class=\"wp-block-image size-large\"><img loading=\"lazy\" decoding=\"async\" width=\"1200\" height=\"800\" data-id=\"7421\" src=\"https:\/\/marcinkrokowski.com\/wp-content\/uploads\/2023\/01\/fotorelacja-premiera-procesorow-Intel-w-LAS-17-1200x800.jpg\" alt=\"Eine Nahaufnahme der Holzoberfl&#xE4;che zeigt die detaillierten Baummaserungen und nat&#xFC;rlichen Holzmaserungsmuster, die an die reichhaltigen Texturen erinnern, die man bei einem Pressetreffen sehen kann. Ein auff&#xE4;lliger Riss zieht sich durch die Mitte, wobei verschiedene Braun- und Beiget&#xF6;ne eine organische, erdige Textur erzeugen. \" class=\"wp-image-7421\" title=\"\" srcset=\"https:\/\/marcinkrokowski.com\/wp-content\/uploads\/2023\/01\/fotorelacja-premiera-procesorow-Intel-w-LAS-17-1200x800.jpg 1200w, https:\/\/marcinkrokowski.com\/wp-content\/uploads\/2023\/01\/fotorelacja-premiera-procesorow-Intel-w-LAS-17-900x600.jpg 900w, https:\/\/marcinkrokowski.com\/wp-content\/uploads\/2023\/01\/fotorelacja-premiera-procesorow-Intel-w-LAS-17-450x300.jpg 450w, https:\/\/marcinkrokowski.com\/wp-content\/uploads\/2023\/01\/fotorelacja-premiera-procesorow-Intel-w-LAS-17.jpg 1920w\" sizes=\"auto, (max-width: 1200px) 100vw, 1200px\" \/><\/figure>\n\n\n\n<figure class=\"wp-block-image size-large\"><img loading=\"lazy\" decoding=\"async\" width=\"1200\" height=\"800\" data-id=\"7417\" src=\"https:\/\/marcinkrokowski.com\/wp-content\/uploads\/2023\/01\/fotorelacja-premiera-procesorow-Intel-w-LAS-13-1200x800.jpg\" alt=\"Nahaufnahme einer Reihe moderner, dunkelblau gepolsterter St&#xFC;hle bei schwachem Licht. Die St&#xFC;hle, die vielleicht f&#xFC;r ein Pressegespr&#xE4;ch vorbereitet sind, sind aufgereiht und lehnen sich nach rechts. Die sanften Kurven und weichen Strukturen werden durch die subtile Beleuchtung hervorgehoben. Ein undeutlicher, dunkler Hintergrund mit Vorh&#xE4;ngen.  \" class=\"wp-image-7417\" title=\"\" srcset=\"https:\/\/marcinkrokowski.com\/wp-content\/uploads\/2023\/01\/fotorelacja-premiera-procesorow-Intel-w-LAS-13-1200x800.jpg 1200w, https:\/\/marcinkrokowski.com\/wp-content\/uploads\/2023\/01\/fotorelacja-premiera-procesorow-Intel-w-LAS-13-900x600.jpg 900w, https:\/\/marcinkrokowski.com\/wp-content\/uploads\/2023\/01\/fotorelacja-premiera-procesorow-Intel-w-LAS-13-450x300.jpg 450w, https:\/\/marcinkrokowski.com\/wp-content\/uploads\/2023\/01\/fotorelacja-premiera-procesorow-Intel-w-LAS-13.jpg 1920w\" sizes=\"auto, (max-width: 1200px) 100vw, 1200px\" \/><\/figure>\n\n\n\n<figure class=\"wp-block-image size-large\"><img loading=\"lazy\" decoding=\"async\" width=\"1200\" height=\"800\" data-id=\"7419\" src=\"https:\/\/marcinkrokowski.com\/wp-content\/uploads\/2023\/01\/fotorelacja-premiera-procesorow-Intel-w-LAS-15-1200x800.jpg\" alt=\"Ein kleiner Bonsai-Baum in einem Glasterrarium, das mit Kieselsteinen und gr&#xFC;nem Moos gef&#xFC;llt ist. Im Hintergrund eine Grafikkartenbox mit dem Nvidia RTX-Logo und einem Textst&#xFC;ck, das vermutlich von einer k&#xFC;rzlich stattgefundenen Presseveranstaltung stammt. \" class=\"wp-image-7419\" title=\"\" srcset=\"https:\/\/marcinkrokowski.com\/wp-content\/uploads\/2023\/01\/fotorelacja-premiera-procesorow-Intel-w-LAS-15-1200x800.jpg 1200w, https:\/\/marcinkrokowski.com\/wp-content\/uploads\/2023\/01\/fotorelacja-premiera-procesorow-Intel-w-LAS-15-900x600.jpg 900w, https:\/\/marcinkrokowski.com\/wp-content\/uploads\/2023\/01\/fotorelacja-premiera-procesorow-Intel-w-LAS-15-450x300.jpg 450w, https:\/\/marcinkrokowski.com\/wp-content\/uploads\/2023\/01\/fotorelacja-premiera-procesorow-Intel-w-LAS-15.jpg 1920w\" sizes=\"auto, (max-width: 1200px) 100vw, 1200px\" \/><\/figure>\n\n\n\n<figure class=\"wp-block-image size-large\"><img loading=\"lazy\" decoding=\"async\" width=\"1200\" height=\"800\" data-id=\"7420\" src=\"https:\/\/marcinkrokowski.com\/wp-content\/uploads\/2023\/01\/fotorelacja-premiera-procesorow-Intel-w-LAS-16-1200x800.jpg\" alt=\"Auf einem Holzregal stehen eine kleine Sukkulente in einem Topf und zwei B&#xFC;cher. Das Buch auf der rechten Seite tr&#xE4;gt den Titel &#039;Kalender Polen - Welt&#039; und hat einen blauen Einband, w&#xE4;hrend das andere, etwas versteckt darunter, &#039;Steinerne Tische&#039; von Wojciech &#x17B;ukrowski ist. Dies ist die perfekte Kulisse f&#xFC;r das Pressegespr&#xE4;ch.  \" class=\"wp-image-7420\" title=\"\" srcset=\"https:\/\/marcinkrokowski.com\/wp-content\/uploads\/2023\/01\/fotorelacja-premiera-procesorow-Intel-w-LAS-16-1200x800.jpg 1200w, https:\/\/marcinkrokowski.com\/wp-content\/uploads\/2023\/01\/fotorelacja-premiera-procesorow-Intel-w-LAS-16-900x600.jpg 900w, https:\/\/marcinkrokowski.com\/wp-content\/uploads\/2023\/01\/fotorelacja-premiera-procesorow-Intel-w-LAS-16-450x300.jpg 450w, https:\/\/marcinkrokowski.com\/wp-content\/uploads\/2023\/01\/fotorelacja-premiera-procesorow-Intel-w-LAS-16.jpg 1920w\" sizes=\"auto, (max-width: 1200px) 100vw, 1200px\" \/><\/figure>\n<\/figure>\n\n<figure class=\"wp-block-gallery has-nested-images columns-default is-cropped wp-block-gallery-7 is-layout-flex wp-block-gallery-is-layout-flex\">\n<figure class=\"wp-block-image size-thumbnail\"><img loading=\"lazy\" decoding=\"async\" width=\"450\" height=\"675\" data-id=\"7422\" src=\"https:\/\/marcinkrokowski.com\/wp-content\/uploads\/2023\/01\/fotorelacja-premiera-procesorow-Intel-w-LAS-18-450x675.jpg\" alt=\"Der moderne Wohnraum ist mit Regalen aus Holz und schwarzem Metall ausgestattet, auf denen dekorative Gegenst&#xE4;nde wie B&#xFC;cher, Kerzen und Topfpflanzen stehen. Im Hintergrund sitzt eine Person auf einem Holzstuhl an einem Tisch w&#xE4;hrend eines Pressegespr&#xE4;chs. Der Raum hat ein minimalistisches Dekor mit nat&#xFC;rlichem Licht.  \" class=\"wp-image-7422\" title=\"\" srcset=\"https:\/\/marcinkrokowski.com\/wp-content\/uploads\/2023\/01\/fotorelacja-premiera-procesorow-Intel-w-LAS-18-450x675.jpg 450w, https:\/\/marcinkrokowski.com\/wp-content\/uploads\/2023\/01\/fotorelacja-premiera-procesorow-Intel-w-LAS-18-900x1350.jpg 900w, https:\/\/marcinkrokowski.com\/wp-content\/uploads\/2023\/01\/fotorelacja-premiera-procesorow-Intel-w-LAS-18-1200x1800.jpg 1200w, https:\/\/marcinkrokowski.com\/wp-content\/uploads\/2023\/01\/fotorelacja-premiera-procesorow-Intel-w-LAS-18.jpg 1280w\" sizes=\"auto, (max-width: 450px) 100vw, 450px\" \/><\/figure>\n\n\n\n<figure class=\"wp-block-image size-thumbnail\"><img loading=\"lazy\" decoding=\"async\" width=\"450\" height=\"675\" data-id=\"7423\" src=\"https:\/\/marcinkrokowski.com\/wp-content\/uploads\/2023\/01\/fotorelacja-premiera-procesorow-Intel-w-LAS-19-450x675.jpg\" alt=\"Nahaufnahme von getrockneten Pflanzen, die an Weizen in einer Vase erinnern, mit besonderem Augenmerk auf die zarten, gefiederten St&#xE4;ngel. Der Hintergrund besteht aus einem verwischten rot-wei&#xDF;-blauen kreisf&#xF6;rmigen Muster auf der Oberfl&#xE4;che, das an die Dekoration erinnert, die man oft bei Pressekonferenzen sieht, und Teil eines Modells eines Geb&#xE4;udes oder einer Backsteinstruktur ist. \" class=\"wp-image-7423\" title=\"\" srcset=\"https:\/\/marcinkrokowski.com\/wp-content\/uploads\/2023\/01\/fotorelacja-premiera-procesorow-Intel-w-LAS-19-450x675.jpg 450w, https:\/\/marcinkrokowski.com\/wp-content\/uploads\/2023\/01\/fotorelacja-premiera-procesorow-Intel-w-LAS-19-900x1350.jpg 900w, https:\/\/marcinkrokowski.com\/wp-content\/uploads\/2023\/01\/fotorelacja-premiera-procesorow-Intel-w-LAS-19-1200x1800.jpg 1200w, https:\/\/marcinkrokowski.com\/wp-content\/uploads\/2023\/01\/fotorelacja-premiera-procesorow-Intel-w-LAS-19.jpg 1280w\" sizes=\"auto, (max-width: 450px) 100vw, 450px\" \/><\/figure>\n\n\n\n<figure class=\"wp-block-image size-thumbnail\"><img loading=\"lazy\" decoding=\"async\" width=\"450\" height=\"675\" data-id=\"7424\" src=\"https:\/\/marcinkrokowski.com\/wp-content\/uploads\/2023\/01\/fotorelacja-premiera-procesorow-Intel-w-LAS-20-450x675.jpg\" alt=\"Ein kleiner wei&#xDF;er K&#xFC;rbis steht auf einer h&#xF6;lzernen Fl&#xE4;che neben einer Pflanze mit gr&#xFC;nen und gelben Bl&#xE4;ttern, die von einem nahe gelegenen Fenster mit weichem, nat&#xFC;rlichem Licht beleuchtet wird - wie bei einem intimen Pressegespr&#xE4;ch. Die Szene hat eine gem&#xFC;tliche und herbstliche Atmosph&#xE4;re. \" class=\"wp-image-7424\" title=\"\" srcset=\"https:\/\/marcinkrokowski.com\/wp-content\/uploads\/2023\/01\/fotorelacja-premiera-procesorow-Intel-w-LAS-20-450x675.jpg 450w, https:\/\/marcinkrokowski.com\/wp-content\/uploads\/2023\/01\/fotorelacja-premiera-procesorow-Intel-w-LAS-20-900x1350.jpg 900w, https:\/\/marcinkrokowski.com\/wp-content\/uploads\/2023\/01\/fotorelacja-premiera-procesorow-Intel-w-LAS-20-1200x1800.jpg 1200w, https:\/\/marcinkrokowski.com\/wp-content\/uploads\/2023\/01\/fotorelacja-premiera-procesorow-Intel-w-LAS-20.jpg 1280w\" sizes=\"auto, (max-width: 450px) 100vw, 450px\" \/><\/figure>\n<\/figure>\n\n<figure class=\"wp-block-gallery has-nested-images columns-1 is-cropped wp-block-gallery-8 is-layout-flex wp-block-gallery-is-layout-flex\">\n<figure class=\"wp-block-image size-large\"><img loading=\"lazy\" decoding=\"async\" width=\"1200\" height=\"800\" data-id=\"7425\" src=\"https:\/\/marcinkrokowski.com\/wp-content\/uploads\/2023\/01\/fotorelacja-premiera-procesorow-Intel-w-LAS-21-1200x800.jpg\" alt=\"Der Holztisch neben dem Fenster ist mit vielen Tellern mit Kuchen und Geb&#xE4;ck dekoriert, was eine einladende Atmosph&#xE4;re f&#xFC;r ein Pressegespr&#xE4;ch schafft. Daneben stehen Stapel von wei&#xDF;en Tellern, die fein s&#xE4;uberlich angeordnet sind. Im Hintergrund lassen Topfpflanzen und teilweise ge&#xF6;ffnete Vorh&#xE4;nge das nat&#xFC;rliche Licht herein.  \" class=\"wp-image-7425\" title=\"\" srcset=\"https:\/\/marcinkrokowski.com\/wp-content\/uploads\/2023\/01\/fotorelacja-premiera-procesorow-Intel-w-LAS-21-1200x800.jpg 1200w, https:\/\/marcinkrokowski.com\/wp-content\/uploads\/2023\/01\/fotorelacja-premiera-procesorow-Intel-w-LAS-21-900x600.jpg 900w, https:\/\/marcinkrokowski.com\/wp-content\/uploads\/2023\/01\/fotorelacja-premiera-procesorow-Intel-w-LAS-21-450x300.jpg 450w, https:\/\/marcinkrokowski.com\/wp-content\/uploads\/2023\/01\/fotorelacja-premiera-procesorow-Intel-w-LAS-21.jpg 1920w\" sizes=\"auto, (max-width: 1200px) 100vw, 1200px\" \/><\/figure>\n\n\n\n<figure class=\"wp-block-image size-large\"><img loading=\"lazy\" decoding=\"async\" width=\"1200\" height=\"800\" data-id=\"7426\" src=\"https:\/\/marcinkrokowski.com\/wp-content\/uploads\/2023\/01\/fotorelacja-premiera-procesorow-Intel-w-LAS-22-1200x800.jpg\" alt=\"Der Tisch ist mit einer Vielzahl von Desserts gedeckt, darunter kleine T&#xF6;rtchen mit Schokoladenst&#xFC;ckchen und gehackten N&#xFC;ssen auf einem wei&#xDF;en Teller und andere Kuchen und Geb&#xE4;ckst&#xFC;cke auf verschiedenen Tellern im Hintergrund. Die Desserts werden in einem warm beleuchteten Raum pr&#xE4;sentiert, der ideal f&#xFC;r ein elegantes Pressegespr&#xE4;ch ist. \" class=\"wp-image-7426\" title=\"\" srcset=\"https:\/\/marcinkrokowski.com\/wp-content\/uploads\/2023\/01\/fotorelacja-premiera-procesorow-Intel-w-LAS-22-1200x800.jpg 1200w, https:\/\/marcinkrokowski.com\/wp-content\/uploads\/2023\/01\/fotorelacja-premiera-procesorow-Intel-w-LAS-22-900x600.jpg 900w, https:\/\/marcinkrokowski.com\/wp-content\/uploads\/2023\/01\/fotorelacja-premiera-procesorow-Intel-w-LAS-22-450x300.jpg 450w, https:\/\/marcinkrokowski.com\/wp-content\/uploads\/2023\/01\/fotorelacja-premiera-procesorow-Intel-w-LAS-22.jpg 1920w\" sizes=\"auto, (max-width: 1200px) 100vw, 1200px\" \/><\/figure>\n\n\n\n<figure class=\"wp-block-image size-large\"><img loading=\"lazy\" decoding=\"async\" width=\"1200\" height=\"800\" data-id=\"7428\" src=\"https:\/\/marcinkrokowski.com\/wp-content\/uploads\/2023\/01\/fotorelacja-premiera-procesorow-Intel-w-LAS-24-1200x800.jpg\" alt=\"Draufsicht auf ein Glas Wasser mit einer Zitronenscheibe, die auf der Oberfl&#xE4;che schwimmt. Das Glas steht auf einem Holztisch, umgeben von einem weiteren Glas und einem Beh&#xE4;lter mit Eisw&#xFC;rfeln und Kr&#xE4;utern. Wahrscheinlich handelt es sich um ein erfrischendes Getr&#xE4;nk f&#xFC;r ein Pressegespr&#xE4;ch. \" class=\"wp-image-7428\" title=\"\" srcset=\"https:\/\/marcinkrokowski.com\/wp-content\/uploads\/2023\/01\/fotorelacja-premiera-procesorow-Intel-w-LAS-24-1200x800.jpg 1200w, https:\/\/marcinkrokowski.com\/wp-content\/uploads\/2023\/01\/fotorelacja-premiera-procesorow-Intel-w-LAS-24-900x600.jpg 900w, https:\/\/marcinkrokowski.com\/wp-content\/uploads\/2023\/01\/fotorelacja-premiera-procesorow-Intel-w-LAS-24-450x300.jpg 450w, https:\/\/marcinkrokowski.com\/wp-content\/uploads\/2023\/01\/fotorelacja-premiera-procesorow-Intel-w-LAS-24.jpg 1920w\" sizes=\"auto, (max-width: 1200px) 100vw, 1200px\" \/><\/figure>\n\n\n\n<figure class=\"wp-block-image size-large\"><img loading=\"lazy\" decoding=\"async\" width=\"1200\" height=\"800\" data-id=\"7429\" src=\"https:\/\/marcinkrokowski.com\/wp-content\/uploads\/2023\/01\/fotorelacja-premiera-procesorow-Intel-w-LAS-25-1200x800.jpg\" alt=\"Nahaufnahme eines Tisches mit verschiedenen Lebensmitteln bei einem Pressegespr&#xE4;ch. Im Vordergrund ein Teller mit aufgeschnittenen Wraps, gef&#xFC;llt mit Gr&#xFC;nzeug und anderen Zutaten. Links ein Korb mit geschnittenem Brot, rechts zwei gr&#xFC;ne Salatsch&#xFC;sseln aus Keramik.  \" class=\"wp-image-7429\" title=\"\" srcset=\"https:\/\/marcinkrokowski.com\/wp-content\/uploads\/2023\/01\/fotorelacja-premiera-procesorow-Intel-w-LAS-25-1200x800.jpg 1200w, https:\/\/marcinkrokowski.com\/wp-content\/uploads\/2023\/01\/fotorelacja-premiera-procesorow-Intel-w-LAS-25-900x600.jpg 900w, https:\/\/marcinkrokowski.com\/wp-content\/uploads\/2023\/01\/fotorelacja-premiera-procesorow-Intel-w-LAS-25-450x300.jpg 450w, https:\/\/marcinkrokowski.com\/wp-content\/uploads\/2023\/01\/fotorelacja-premiera-procesorow-Intel-w-LAS-25.jpg 1920w\" sizes=\"auto, (max-width: 1200px) 100vw, 1200px\" \/><\/figure>\n<\/figure>\n\n<figure class=\"wp-block-gallery has-nested-images columns-default is-cropped wp-block-gallery-9 is-layout-flex wp-block-gallery-is-layout-flex\">\n<figure class=\"wp-block-image size-medium\"><img loading=\"lazy\" decoding=\"async\" width=\"900\" height=\"1350\" data-id=\"7427\" src=\"https:\/\/marcinkrokowski.com\/wp-content\/uploads\/2023\/01\/fotorelacja-premiera-procesorow-Intel-w-LAS-23-900x1350.jpg\" alt=\"Eine Visitenkarte, die mit einer Drahtklammer an einem St&#xE4;nder befestigt ist, steht auf einem Holztisch. Dahinter stehen Gl&#xE4;ser mit Wasser und Zitronenscheiben und ein Glas mit einem braunen Getr&#xE4;nk. Die Karte, die wahrscheinlich von einem Pressetermin stammt, hat ein florales Motiv mit unleserlichem Text.  \" class=\"wp-image-7427\" title=\"\" srcset=\"https:\/\/marcinkrokowski.com\/wp-content\/uploads\/2023\/01\/fotorelacja-premiera-procesorow-Intel-w-LAS-23-900x1350.jpg 900w, https:\/\/marcinkrokowski.com\/wp-content\/uploads\/2023\/01\/fotorelacja-premiera-procesorow-Intel-w-LAS-23-1200x1800.jpg 1200w, https:\/\/marcinkrokowski.com\/wp-content\/uploads\/2023\/01\/fotorelacja-premiera-procesorow-Intel-w-LAS-23-450x675.jpg 450w, https:\/\/marcinkrokowski.com\/wp-content\/uploads\/2023\/01\/fotorelacja-premiera-procesorow-Intel-w-LAS-23.jpg 1280w\" sizes=\"auto, (max-width: 900px) 100vw, 900px\" \/><\/figure>\n\n\n\n<figure class=\"wp-block-image size-medium\"><img loading=\"lazy\" decoding=\"async\" width=\"900\" height=\"1350\" data-id=\"7431\" src=\"https:\/\/marcinkrokowski.com\/wp-content\/uploads\/2023\/01\/fotorelacja-premiera-procesorow-Intel-w-LAS-27-900x1350.jpg\" alt=\"Auf dem Holztisch stehen verschiedene kleine Schalen mit Salaten, gebratenem Gem&#xFC;se und anderen farbenfrohen Gerichten. Im Hintergrund sorgen Pflanzen am Fenster f&#xFC;r eine frische und einladende Atmosph&#xE4;re, ideal f&#xFC;r ein intimes Pressegespr&#xE4;ch. \" class=\"wp-image-7431\" title=\"\" srcset=\"https:\/\/marcinkrokowski.com\/wp-content\/uploads\/2023\/01\/fotorelacja-premiera-procesorow-Intel-w-LAS-27-900x1350.jpg 900w, https:\/\/marcinkrokowski.com\/wp-content\/uploads\/2023\/01\/fotorelacja-premiera-procesorow-Intel-w-LAS-27-1200x1800.jpg 1200w, https:\/\/marcinkrokowski.com\/wp-content\/uploads\/2023\/01\/fotorelacja-premiera-procesorow-Intel-w-LAS-27-450x675.jpg 450w, https:\/\/marcinkrokowski.com\/wp-content\/uploads\/2023\/01\/fotorelacja-premiera-procesorow-Intel-w-LAS-27.jpg 1280w\" sizes=\"auto, (max-width: 900px) 100vw, 900px\" \/><\/figure>\n<\/figure>\n\n<figure class=\"wp-block-gallery has-nested-images columns-default is-cropped wp-block-gallery-10 is-layout-flex wp-block-gallery-is-layout-flex\">\n<figure class=\"wp-block-image size-large\"><img loading=\"lazy\" decoding=\"async\" width=\"1200\" height=\"800\" data-id=\"7430\" src=\"https:\/\/marcinkrokowski.com\/wp-content\/uploads\/2023\/01\/fotorelacja-premiera-procesorow-Intel-w-LAS-26-1200x800.jpg\" alt=\"Eine Person h&#xE4;lt einen wei&#xDF;en Teller mit einem St&#xFC;ck Fladenbrot und zwei kleinen roten Gem&#xFC;sesorten, wahrscheinlich Tomaten. Der Hintergrund, der an ein Buffet bei einem Pressegespr&#xE4;ch erinnert, enth&#xE4;lt verschiedene unscharfe Gerichte, die auf gemeinsame Mahlzeiten hindeuten. \" class=\"wp-image-7430\" title=\"\" srcset=\"https:\/\/marcinkrokowski.com\/wp-content\/uploads\/2023\/01\/fotorelacja-premiera-procesorow-Intel-w-LAS-26-1200x800.jpg 1200w, https:\/\/marcinkrokowski.com\/wp-content\/uploads\/2023\/01\/fotorelacja-premiera-procesorow-Intel-w-LAS-26-900x600.jpg 900w, https:\/\/marcinkrokowski.com\/wp-content\/uploads\/2023\/01\/fotorelacja-premiera-procesorow-Intel-w-LAS-26-450x300.jpg 450w, https:\/\/marcinkrokowski.com\/wp-content\/uploads\/2023\/01\/fotorelacja-premiera-procesorow-Intel-w-LAS-26.jpg 1920w\" sizes=\"auto, (max-width: 1200px) 100vw, 1200px\" \/><\/figure>\n<\/figure>\n\n<h2 class=\"wp-block-heading\">Fotograf f\u00fcr Ihr Event<\/h2>\n\n<p>Wenn Sie auf der Suche nach einem Fotografen sind, der Ihre Bed\u00fcrfnisse voll und ganz versteht und Ihnen unvergessliche Erinnerungen an Ihre Veranstaltung bieten kann, bin ich bereit, Ihnen zu helfen. Als professioneller Fotograf, der die Eventfotografie liebt, wei\u00df ich, wie wichtig es ist, jeden wichtigen Moment festzuhalten und eine unvergessliche Geschichte zu schaffen. <\/p>\n\n<p>Meine Leidenschaft f\u00fcr die Eventfotografie in Warschau erm\u00f6glicht es mir, Bilder zu schaffen, die f\u00fcr immer bleiben werden. Ich versuche immer, mich an die individuellen Bed\u00fcrfnisse und Anforderungen jedes Kunden anzupassen, um sicherzustellen, dass jedes Detail genau so ist, wie Sie es sich w\u00fcnschen. <\/p>\n\n<p>Als erfahrene Fotografin verf\u00fcge ich \u00fcber das Wissen und die F\u00e4higkeiten, die n\u00f6tig sind, um denkw\u00fcrdige Bilder zu schaffen. Ich bin immer bereit, meine Herangehensweise und meinen Stil auf die Bed\u00fcrfnisse jedes Ereignisses abzustimmen, um sicherzustellen, dass Sie unvergessliche Fotos erhalten, die Sie noch Jahre sp\u00e4ter bewundern k\u00f6nnen. <\/p>\n\n<p>Wenn Sie daran interessiert sind, meine Dienste als Eventfotograf in Anspruch zu nehmen, z\u00f6gern Sie bitte nicht, mich zu kontaktieren <strong><a href=\"https:\/\/marcinkrokowski.com\/de\/kontakt\/\" data-type=\"page\" data-id=\"574\">mich zu kontaktieren<\/a><\/strong>. Ich beantworte gerne alle Ihre Fragen und helfe Ihnen, unvergessliche Erinnerungen an Ihre Veranstaltung zu schaffen. <\/p>\n\n<figure class=\"wp-block-gallery has-nested-images columns-1 is-cropped wp-block-gallery-11 is-layout-flex wp-block-gallery-is-layout-flex\">\n<figure class=\"wp-block-image size-large\"><img loading=\"lazy\" decoding=\"async\" width=\"1200\" height=\"800\" data-id=\"7432\" src=\"https:\/\/marcinkrokowski.com\/wp-content\/uploads\/2023\/01\/fotorelacja-premiera-procesorow-Intel-w-LAS-28-1200x800.jpg\" alt=\"Nahaufnahme von H&#xE4;nden, die einen Schraubenzieher benutzen, um Computerhardware zusammenzubauen oder zu reparieren. Im Vordergrund sind verpackte Komponenten und Werkzeuge auf einem Tisch zu sehen, &#xE4;hnlich denen, die bei der Pressekonferenz pr&#xE4;sentiert wurden. Die Betonung liegt auf den H&#xE4;nden und dem K&#xFC;hlgebl&#xE4;se, was auf eine Heimwerker- oder technische Reparaturaktivit&#xE4;t hindeutet.  \" class=\"wp-image-7432\" title=\"\" srcset=\"https:\/\/marcinkrokowski.com\/wp-content\/uploads\/2023\/01\/fotorelacja-premiera-procesorow-Intel-w-LAS-28-1200x800.jpg 1200w, https:\/\/marcinkrokowski.com\/wp-content\/uploads\/2023\/01\/fotorelacja-premiera-procesorow-Intel-w-LAS-28-900x600.jpg 900w, https:\/\/marcinkrokowski.com\/wp-content\/uploads\/2023\/01\/fotorelacja-premiera-procesorow-Intel-w-LAS-28-450x300.jpg 450w, https:\/\/marcinkrokowski.com\/wp-content\/uploads\/2023\/01\/fotorelacja-premiera-procesorow-Intel-w-LAS-28.jpg 1920w\" sizes=\"auto, (max-width: 1200px) 100vw, 1200px\" \/><\/figure>\n\n\n\n<figure class=\"wp-block-image size-large\"><img loading=\"lazy\" decoding=\"async\" width=\"1200\" height=\"800\" data-id=\"7433\" src=\"https:\/\/marcinkrokowski.com\/wp-content\/uploads\/2023\/01\/fotorelacja-premiera-procesorow-Intel-w-LAS-29-1200x800.jpg\" alt=\"Das modern gestaltete Heimb&#xFC;ro zeigt einen gro&#xDF;en Bildschirm mit dem Intel-Logo, als ob es sich auf ein Pressegespr&#xE4;ch vorbereiten w&#xFC;rde. Im Vordergrund sind unscharfe gr&#xFC;ne Bl&#xE4;tter zu sehen. Der Raum ist mit dunklen W&#xE4;nden, einem Holzboden, einem Tisch mit St&#xFC;hlen, Regalen und verschiedenen Dekorationsgegenst&#xE4;nden ausgestattet. \" class=\"wp-image-7433\" title=\"\" srcset=\"https:\/\/marcinkrokowski.com\/wp-content\/uploads\/2023\/01\/fotorelacja-premiera-procesorow-Intel-w-LAS-29-1200x800.jpg 1200w, https:\/\/marcinkrokowski.com\/wp-content\/uploads\/2023\/01\/fotorelacja-premiera-procesorow-Intel-w-LAS-29-900x600.jpg 900w, https:\/\/marcinkrokowski.com\/wp-content\/uploads\/2023\/01\/fotorelacja-premiera-procesorow-Intel-w-LAS-29-450x300.jpg 450w, https:\/\/marcinkrokowski.com\/wp-content\/uploads\/2023\/01\/fotorelacja-premiera-procesorow-Intel-w-LAS-29.jpg 1920w\" sizes=\"auto, (max-width: 1200px) 100vw, 1200px\" \/><\/figure>\n\n\n\n<figure class=\"wp-block-image size-large\"><img loading=\"lazy\" decoding=\"async\" width=\"1200\" height=\"800\" data-id=\"7434\" src=\"https:\/\/marcinkrokowski.com\/wp-content\/uploads\/2023\/01\/fotorelacja-premiera-procesorow-Intel-w-LAS-30-1200x800.jpg\" alt=\"Auf dem Fernsehbildschirm ist das Intel-Logo vor einem blauen Hintergrund scharf dargestellt, mit unscharfen gr&#xFC;nen Pflanzen im Vordergrund. Der Fernseher steht in einem modernen, stilvollen Raum, der mit verschiedenen Designelementen dekoriert ist und den Eindruck erweckt, dass er f&#xFC;r eine Pressekonferenz eingerichtet wurde. \" class=\"wp-image-7434\" title=\"\" srcset=\"https:\/\/marcinkrokowski.com\/wp-content\/uploads\/2023\/01\/fotorelacja-premiera-procesorow-Intel-w-LAS-30-1200x800.jpg 1200w, https:\/\/marcinkrokowski.com\/wp-content\/uploads\/2023\/01\/fotorelacja-premiera-procesorow-Intel-w-LAS-30-900x600.jpg 900w, https:\/\/marcinkrokowski.com\/wp-content\/uploads\/2023\/01\/fotorelacja-premiera-procesorow-Intel-w-LAS-30-450x300.jpg 450w, https:\/\/marcinkrokowski.com\/wp-content\/uploads\/2023\/01\/fotorelacja-premiera-procesorow-Intel-w-LAS-30.jpg 1920w\" sizes=\"auto, (max-width: 1200px) 100vw, 1200px\" \/><\/figure>\n\n\n\n<figure class=\"wp-block-image size-large\"><img loading=\"lazy\" decoding=\"async\" width=\"1200\" height=\"800\" data-id=\"7435\" src=\"https:\/\/marcinkrokowski.com\/wp-content\/uploads\/2023\/01\/fotorelacja-premiera-procesorow-Intel-w-LAS-31-1200x800.jpg\" alt=\"Nahaufnahme der Verpackung der ASUS ROG Strix Gaming-Grafikkarte mit dem Aufdruck &#039;GeForce RTX&#039; und &#039;12GB GDDR6X&#039;, die vermutlich auf der Presseveranstaltung vorgestellt wurde. Die Schachtel enth&#xE4;lt die Grafikkarte mit drei L&#xFC;ftern und RGB-Lichteffekten, w&#xE4;hrend im Hintergrund verschiedene andere Komponenten und Verpackungen zu sehen sind. \" class=\"wp-image-7435\" title=\"\" srcset=\"https:\/\/marcinkrokowski.com\/wp-content\/uploads\/2023\/01\/fotorelacja-premiera-procesorow-Intel-w-LAS-31-1200x800.jpg 1200w, https:\/\/marcinkrokowski.com\/wp-content\/uploads\/2023\/01\/fotorelacja-premiera-procesorow-Intel-w-LAS-31-900x600.jpg 900w, https:\/\/marcinkrokowski.com\/wp-content\/uploads\/2023\/01\/fotorelacja-premiera-procesorow-Intel-w-LAS-31-450x300.jpg 450w, https:\/\/marcinkrokowski.com\/wp-content\/uploads\/2023\/01\/fotorelacja-premiera-procesorow-Intel-w-LAS-31.jpg 1920w\" sizes=\"auto, (max-width: 1200px) 100vw, 1200px\" \/><\/figure>\n\n\n\n<figure class=\"wp-block-image size-large\"><img loading=\"lazy\" decoding=\"async\" width=\"1200\" height=\"800\" data-id=\"7436\" src=\"https:\/\/marcinkrokowski.com\/wp-content\/uploads\/2023\/01\/fotorelacja-premiera-procesorow-Intel-w-LAS-32-1200x800.jpg\" alt=\"Ein gut beleuchteter Raum mit zwei Personen, die an einem Tisch mit Blick auf ein gro&#xDF;es Fenster und Regale mit B&#xFC;chern und Pflanzen sitzen. Eine Person arbeitet an einem Laptop und bereitet sich vermutlich auf ein Pressegespr&#xE4;ch vor. In der N&#xE4;he des Fensters stehen weitere Pflanzen und die Szene sieht gem&#xFC;tlich und friedlich aus.  \" class=\"wp-image-7436\" title=\"\" srcset=\"https:\/\/marcinkrokowski.com\/wp-content\/uploads\/2023\/01\/fotorelacja-premiera-procesorow-Intel-w-LAS-32-1200x800.jpg 1200w, https:\/\/marcinkrokowski.com\/wp-content\/uploads\/2023\/01\/fotorelacja-premiera-procesorow-Intel-w-LAS-32-900x600.jpg 900w, https:\/\/marcinkrokowski.com\/wp-content\/uploads\/2023\/01\/fotorelacja-premiera-procesorow-Intel-w-LAS-32-450x300.jpg 450w, https:\/\/marcinkrokowski.com\/wp-content\/uploads\/2023\/01\/fotorelacja-premiera-procesorow-Intel-w-LAS-32.jpg 1920w\" sizes=\"auto, (max-width: 1200px) 100vw, 1200px\" \/><\/figure>\n\n\n\n<figure class=\"wp-block-image size-large\"><img loading=\"lazy\" decoding=\"async\" width=\"1200\" height=\"800\" data-id=\"7437\" src=\"https:\/\/marcinkrokowski.com\/wp-content\/uploads\/2023\/01\/fotorelacja-premiera-procesorow-Intel-w-LAS-33-1200x800.jpg\" alt=\"Eine Gruppe von Menschen unterh&#xE4;lt sich in einem scheinbar zwanglosen Raum. Zwei Personen im Vordergrund sch&#xFC;tteln sich die H&#xE4;nde, w&#xE4;hrend andere im Hintergrund stehen und sich unterhalten. Die Atmosph&#xE4;re wirkt informell und freundlich, wie bei einem lockeren Pressegespr&#xE4;ch.  \" class=\"wp-image-7437\" title=\"\" srcset=\"https:\/\/marcinkrokowski.com\/wp-content\/uploads\/2023\/01\/fotorelacja-premiera-procesorow-Intel-w-LAS-33-1200x800.jpg 1200w, https:\/\/marcinkrokowski.com\/wp-content\/uploads\/2023\/01\/fotorelacja-premiera-procesorow-Intel-w-LAS-33-900x600.jpg 900w, https:\/\/marcinkrokowski.com\/wp-content\/uploads\/2023\/01\/fotorelacja-premiera-procesorow-Intel-w-LAS-33-450x300.jpg 450w, https:\/\/marcinkrokowski.com\/wp-content\/uploads\/2023\/01\/fotorelacja-premiera-procesorow-Intel-w-LAS-33.jpg 1920w\" sizes=\"auto, (max-width: 1200px) 100vw, 1200px\" \/><\/figure>\n<\/figure>\n\n<figure class=\"wp-block-gallery has-nested-images columns-default is-cropped wp-block-gallery-12 is-layout-flex wp-block-gallery-is-layout-flex\">\n<figure class=\"wp-block-image size-medium\"><img loading=\"lazy\" decoding=\"async\" width=\"900\" height=\"1350\" data-id=\"7438\" src=\"https:\/\/marcinkrokowski.com\/wp-content\/uploads\/2023\/01\/fotorelacja-premiera-procesorow-Intel-w-LAS-34-900x1350.jpg\" alt=\"W&#xE4;hrend einer Pressekonferenz steht ein Mann mit kurzen dunklen Haaren und Brille, der ein schwarzes Hemd und eine graue Strickjacke tr&#xE4;gt, in einem Raum und st&#xFC;tzt seine H&#xE4;nde auf einen Tisch. Im unscharfen Hintergrund sind andere Personen und Zimmerpflanzen zu sehen. \" class=\"wp-image-7438\" title=\"\" srcset=\"https:\/\/marcinkrokowski.com\/wp-content\/uploads\/2023\/01\/fotorelacja-premiera-procesorow-Intel-w-LAS-34-900x1350.jpg 900w, https:\/\/marcinkrokowski.com\/wp-content\/uploads\/2023\/01\/fotorelacja-premiera-procesorow-Intel-w-LAS-34-1200x1800.jpg 1200w, https:\/\/marcinkrokowski.com\/wp-content\/uploads\/2023\/01\/fotorelacja-premiera-procesorow-Intel-w-LAS-34-450x675.jpg 450w, https:\/\/marcinkrokowski.com\/wp-content\/uploads\/2023\/01\/fotorelacja-premiera-procesorow-Intel-w-LAS-34.jpg 1280w\" sizes=\"auto, (max-width: 900px) 100vw, 900px\" \/><\/figure>\n\n\n\n<figure class=\"wp-block-image size-medium\"><img loading=\"lazy\" decoding=\"async\" width=\"900\" height=\"1350\" data-id=\"7439\" src=\"https:\/\/marcinkrokowski.com\/wp-content\/uploads\/2023\/01\/fotorelacja-premiera-procesorow-Intel-w-LAS-35-900x1350.jpg\" alt=\"Ein Mann mit M&#xFC;tze und Brille sitzt auf einem gr&#xFC;nen Sofa mit einem Laptop auf dem Scho&#xDF; in einem gem&#xFC;tlichen Raum und bereitet sich auf ein Pressegespr&#xE4;ch vor. Vor ihm steht eine Tasse Kaffee auf einem Tisch, hinter ihm lassen gro&#xDF;e Fenster das nat&#xFC;rliche Licht herein. Topfpflanzen stehen auf der Fensterbank.  \" class=\"wp-image-7439\" title=\"\" srcset=\"https:\/\/marcinkrokowski.com\/wp-content\/uploads\/2023\/01\/fotorelacja-premiera-procesorow-Intel-w-LAS-35-900x1350.jpg 900w, https:\/\/marcinkrokowski.com\/wp-content\/uploads\/2023\/01\/fotorelacja-premiera-procesorow-Intel-w-LAS-35-1200x1800.jpg 1200w, https:\/\/marcinkrokowski.com\/wp-content\/uploads\/2023\/01\/fotorelacja-premiera-procesorow-Intel-w-LAS-35-450x675.jpg 450w, https:\/\/marcinkrokowski.com\/wp-content\/uploads\/2023\/01\/fotorelacja-premiera-procesorow-Intel-w-LAS-35.jpg 1280w\" sizes=\"auto, (max-width: 900px) 100vw, 900px\" \/><\/figure>\n<\/figure>\n\n<figure class=\"wp-block-gallery has-nested-images columns-1 is-cropped wp-block-gallery-13 is-layout-flex wp-block-gallery-is-layout-flex\">\n<figure class=\"wp-block-image size-large\"><img loading=\"lazy\" decoding=\"async\" width=\"1200\" height=\"800\" data-id=\"7440\" src=\"https:\/\/marcinkrokowski.com\/wp-content\/uploads\/2023\/01\/fotorelacja-premiera-procesorow-Intel-w-LAS-36-1200x800.jpg\" alt=\"Eine Gruppe von Menschen steht zusammen und unterh&#xE4;lt sich in einem warm beleuchteten, modernen Raum. Im Hintergrund stehen Pflanzen und Regale, und gro&#xDF;e Fenster lassen nat&#xFC;rliches Licht herein. Die Teilnehmer sind leger gekleidet und in ein Gespr&#xE4;ch vertieft. Es scheint, als w&#xFC;rden sie ein informelles Pressegespr&#xE4;ch genie&#xDF;en.  \" class=\"wp-image-7440\" title=\"\" srcset=\"https:\/\/marcinkrokowski.com\/wp-content\/uploads\/2023\/01\/fotorelacja-premiera-procesorow-Intel-w-LAS-36-1200x800.jpg 1200w, https:\/\/marcinkrokowski.com\/wp-content\/uploads\/2023\/01\/fotorelacja-premiera-procesorow-Intel-w-LAS-36-900x600.jpg 900w, https:\/\/marcinkrokowski.com\/wp-content\/uploads\/2023\/01\/fotorelacja-premiera-procesorow-Intel-w-LAS-36-450x300.jpg 450w, https:\/\/marcinkrokowski.com\/wp-content\/uploads\/2023\/01\/fotorelacja-premiera-procesorow-Intel-w-LAS-36.jpg 1920w\" sizes=\"auto, (max-width: 1200px) 100vw, 1200px\" \/><\/figure>\n\n\n\n<figure class=\"wp-block-image size-large\"><img loading=\"lazy\" decoding=\"async\" width=\"1200\" height=\"800\" data-id=\"7441\" src=\"https:\/\/marcinkrokowski.com\/wp-content\/uploads\/2023\/01\/fotorelacja-premiera-procesorow-Intel-w-LAS-37-1200x800.jpg\" alt=\"Nahaufnahme von zwei Personen, die bei einem Pressetermin auf einem Holzboden mit Fischgr&#xE4;tenmuster stehen. Eine Person tr&#xE4;gt eine blaue Jeans und graue Tennisschuhe, die andere eine braune Hose und wei&#xDF;e Tennisschuhe. Beide stehen neben einem schwarzen Metalltisch oder Stuhlbein.  \" class=\"wp-image-7441\" title=\"\" srcset=\"https:\/\/marcinkrokowski.com\/wp-content\/uploads\/2023\/01\/fotorelacja-premiera-procesorow-Intel-w-LAS-37-1200x800.jpg 1200w, https:\/\/marcinkrokowski.com\/wp-content\/uploads\/2023\/01\/fotorelacja-premiera-procesorow-Intel-w-LAS-37-900x600.jpg 900w, https:\/\/marcinkrokowski.com\/wp-content\/uploads\/2023\/01\/fotorelacja-premiera-procesorow-Intel-w-LAS-37-450x300.jpg 450w, https:\/\/marcinkrokowski.com\/wp-content\/uploads\/2023\/01\/fotorelacja-premiera-procesorow-Intel-w-LAS-37.jpg 1920w\" sizes=\"auto, (max-width: 1200px) 100vw, 1200px\" \/><\/figure>\n\n\n\n<figure class=\"wp-block-image size-large\"><img loading=\"lazy\" decoding=\"async\" width=\"1200\" height=\"800\" data-id=\"7442\" src=\"https:\/\/marcinkrokowski.com\/wp-content\/uploads\/2023\/01\/fotorelacja-premiera-procesorow-Intel-w-LAS-38-1200x800.jpg\" alt=\"Eine Gruppe von Menschen trifft sich in einem geschlossenen Raum. Ein glatzk&#xF6;pfiger Mann mit Brille und schwarzem Hemd l&#xE4;chelt und setzt sich. Ein anderer Mann in einem blauen Hemd steht und h&#xE4;lt ein Getr&#xE4;nk in der Hand, vermutlich bei einem Pressegespr&#xE4;ch. Im Hintergrund sind verschwommene Figuren zu sehen, die eine lockere und freundliche Atmosph&#xE4;re schaffen.   \" class=\"wp-image-7442\" title=\"\" srcset=\"https:\/\/marcinkrokowski.com\/wp-content\/uploads\/2023\/01\/fotorelacja-premiera-procesorow-Intel-w-LAS-38-1200x800.jpg 1200w, https:\/\/marcinkrokowski.com\/wp-content\/uploads\/2023\/01\/fotorelacja-premiera-procesorow-Intel-w-LAS-38-900x600.jpg 900w, https:\/\/marcinkrokowski.com\/wp-content\/uploads\/2023\/01\/fotorelacja-premiera-procesorow-Intel-w-LAS-38-450x300.jpg 450w, https:\/\/marcinkrokowski.com\/wp-content\/uploads\/2023\/01\/fotorelacja-premiera-procesorow-Intel-w-LAS-38.jpg 1920w\" sizes=\"auto, (max-width: 1200px) 100vw, 1200px\" \/><\/figure>\n\n\n\n<figure class=\"wp-block-image size-large\"><img loading=\"lazy\" decoding=\"async\" width=\"1200\" height=\"800\" data-id=\"7443\" src=\"https:\/\/marcinkrokowski.com\/wp-content\/uploads\/2023\/01\/fotorelacja-premiera-procesorow-Intel-w-LAS-39-1200x800.jpg\" alt=\"Vier M&#xE4;nner sitzen in einem hellen Raum zusammen, reden und lachen. Zwei halten Getr&#xE4;nke in der Hand; einer mit Bart l&#xE4;chelt den anderen Mann mit Brille breit an. Im Hintergrund sind unscharfe Figuren und Pflanzen zu sehen, die eine warme und entspannte Atmosph&#xE4;re schaffen, &#xE4;hnlich wie bei einem lockeren Pressegespr&#xE4;ch.  \" class=\"wp-image-7443\" title=\"\" srcset=\"https:\/\/marcinkrokowski.com\/wp-content\/uploads\/2023\/01\/fotorelacja-premiera-procesorow-Intel-w-LAS-39-1200x800.jpg 1200w, https:\/\/marcinkrokowski.com\/wp-content\/uploads\/2023\/01\/fotorelacja-premiera-procesorow-Intel-w-LAS-39-900x600.jpg 900w, https:\/\/marcinkrokowski.com\/wp-content\/uploads\/2023\/01\/fotorelacja-premiera-procesorow-Intel-w-LAS-39-450x300.jpg 450w, https:\/\/marcinkrokowski.com\/wp-content\/uploads\/2023\/01\/fotorelacja-premiera-procesorow-Intel-w-LAS-39.jpg 1920w\" sizes=\"auto, (max-width: 1200px) 100vw, 1200px\" \/><\/figure>\n\n\n\n<figure class=\"wp-block-image size-large\"><img loading=\"lazy\" decoding=\"async\" width=\"1200\" height=\"800\" data-id=\"7444\" src=\"https:\/\/marcinkrokowski.com\/wp-content\/uploads\/2023\/01\/fotorelacja-premiera-procesorow-Intel-w-LAS-40-1200x800.jpg\" alt=\"Eine Person in einem blauen Hemd h&#xE4;lt ein Glas mit roter Fl&#xFC;ssigkeit, wahrscheinlich ein Getr&#xE4;nk, in der Hand. Das Bild ist eng beschnitten und konzentriert sich auf die Hand und das Glas. Der Hintergrund ist unscharf und hebt das Glas und das Getr&#xE4;nk hervor - vielleicht ein Moment bei einem informellen Pressegespr&#xE4;ch.  \" class=\"wp-image-7444\" title=\"\" srcset=\"https:\/\/marcinkrokowski.com\/wp-content\/uploads\/2023\/01\/fotorelacja-premiera-procesorow-Intel-w-LAS-40-1200x800.jpg 1200w, https:\/\/marcinkrokowski.com\/wp-content\/uploads\/2023\/01\/fotorelacja-premiera-procesorow-Intel-w-LAS-40-900x600.jpg 900w, https:\/\/marcinkrokowski.com\/wp-content\/uploads\/2023\/01\/fotorelacja-premiera-procesorow-Intel-w-LAS-40-450x300.jpg 450w, https:\/\/marcinkrokowski.com\/wp-content\/uploads\/2023\/01\/fotorelacja-premiera-procesorow-Intel-w-LAS-40.jpg 1920w\" sizes=\"auto, (max-width: 1200px) 100vw, 1200px\" \/><\/figure>\n\n\n\n<figure class=\"wp-block-image size-large\"><img loading=\"lazy\" decoding=\"async\" width=\"1200\" height=\"800\" data-id=\"7445\" src=\"https:\/\/marcinkrokowski.com\/wp-content\/uploads\/2023\/01\/fotorelacja-premiera-procesorow-Intel-w-LAS-41-1200x800.jpg\" alt=\"Eine Frau h&#xE4;lt eine Pr&#xE4;sentation in einem Raum mit mehreren Teilnehmern. Sie steht neben einem gro&#xDF;en Bildschirm mit dem Intel-Logo, was darauf hindeutet, dass es sich um eine Pressekonferenz handeln k&#xF6;nnte. Die Zuh&#xF6;rer sitzen auf Holzst&#xFC;hlen, einige machen Notizen oder Fotos. Der Raum ist mit Pflanzen, B&#xFC;cherregalen und modernem Dekor ausgestattet.   \" class=\"wp-image-7445\" title=\"\" srcset=\"https:\/\/marcinkrokowski.com\/wp-content\/uploads\/2023\/01\/fotorelacja-premiera-procesorow-Intel-w-LAS-41-1200x800.jpg 1200w, https:\/\/marcinkrokowski.com\/wp-content\/uploads\/2023\/01\/fotorelacja-premiera-procesorow-Intel-w-LAS-41-900x600.jpg 900w, https:\/\/marcinkrokowski.com\/wp-content\/uploads\/2023\/01\/fotorelacja-premiera-procesorow-Intel-w-LAS-41-450x300.jpg 450w, https:\/\/marcinkrokowski.com\/wp-content\/uploads\/2023\/01\/fotorelacja-premiera-procesorow-Intel-w-LAS-41.jpg 1920w\" sizes=\"auto, (max-width: 1200px) 100vw, 1200px\" \/><\/figure>\n\n\n\n<figure class=\"wp-block-image size-large\"><img loading=\"lazy\" decoding=\"async\" width=\"1200\" height=\"800\" data-id=\"7446\" src=\"https:\/\/marcinkrokowski.com\/wp-content\/uploads\/2023\/01\/fotorelacja-premiera-procesorow-Intel-w-LAS-42-1200x800.jpg\" alt=\"Eine Frau steht vor einem gro&#xDF;en Pr&#xE4;sentationsbildschirm und spricht zu einem kleinen Publikum, das in dem Raum sitzt. Auf dem Bildschirm erscheint eine Folie mit Informationen &#xFC;ber das Embargo f&#xFC;r &#xDC;berpr&#xFC;fungen und Tests, mit Details auf Polnisch. Im Hintergrund sind Pflanzen und ein Holzstuhl zu sehen, die den Rahmen f&#xFC;r das Pressebriefing bilden.  \" class=\"wp-image-7446\" title=\"\" srcset=\"https:\/\/marcinkrokowski.com\/wp-content\/uploads\/2023\/01\/fotorelacja-premiera-procesorow-Intel-w-LAS-42-1200x800.jpg 1200w, https:\/\/marcinkrokowski.com\/wp-content\/uploads\/2023\/01\/fotorelacja-premiera-procesorow-Intel-w-LAS-42-900x600.jpg 900w, https:\/\/marcinkrokowski.com\/wp-content\/uploads\/2023\/01\/fotorelacja-premiera-procesorow-Intel-w-LAS-42-450x300.jpg 450w, https:\/\/marcinkrokowski.com\/wp-content\/uploads\/2023\/01\/fotorelacja-premiera-procesorow-Intel-w-LAS-42.jpg 1920w\" sizes=\"auto, (max-width: 1200px) 100vw, 1200px\" \/><\/figure>\n<\/figure>\n\n<figure class=\"wp-block-gallery has-nested-images columns-default is-cropped wp-block-gallery-14 is-layout-flex wp-block-gallery-is-layout-flex\">\n<figure class=\"wp-block-image size-medium\"><img loading=\"lazy\" decoding=\"async\" width=\"900\" height=\"1350\" data-id=\"7447\" src=\"https:\/\/marcinkrokowski.com\/wp-content\/uploads\/2023\/01\/fotorelacja-premiera-procesorow-Intel-w-LAS-43-900x1350.jpg\" alt=\"Neben dem Podium steht ein l&#xE4;chelnder Mann in einem blaukarierten Anzug, daneben ein weiterer Mann in einem dunklen Hemd. Im Vordergrund stehen mehrere sitzende Personen in Freizeitkleidung und h&#xF6;ren aufmerksam zu. Der Raum ist gut beleuchtet, mit gro&#xDF;en Fenstern und einer modernen Einrichtung, die zu dem Pressegespr&#xE4;ch passt.  \" class=\"wp-image-7447\" title=\"\" srcset=\"https:\/\/marcinkrokowski.com\/wp-content\/uploads\/2023\/01\/fotorelacja-premiera-procesorow-Intel-w-LAS-43-900x1350.jpg 900w, https:\/\/marcinkrokowski.com\/wp-content\/uploads\/2023\/01\/fotorelacja-premiera-procesorow-Intel-w-LAS-43-1200x1800.jpg 1200w, https:\/\/marcinkrokowski.com\/wp-content\/uploads\/2023\/01\/fotorelacja-premiera-procesorow-Intel-w-LAS-43-450x675.jpg 450w, https:\/\/marcinkrokowski.com\/wp-content\/uploads\/2023\/01\/fotorelacja-premiera-procesorow-Intel-w-LAS-43.jpg 1280w\" sizes=\"auto, (max-width: 900px) 100vw, 900px\" \/><\/figure>\n\n\n\n<figure class=\"wp-block-image size-medium\"><img loading=\"lazy\" decoding=\"async\" width=\"900\" height=\"1350\" data-id=\"7448\" src=\"https:\/\/marcinkrokowski.com\/wp-content\/uploads\/2023\/01\/fotorelacja-premiera-procesorow-Intel-w-LAS-44-900x1350.jpg\" alt=\"Ein Mann im Anzug steht und spricht in einem hellen Raum mit gro&#xDF;en Fenstern, in dem anscheinend ein Pressegespr&#xE4;ch stattfindet. Auf einem Holztisch im Vordergrund ist ein Laptop mit einer ge&#xF6;ffneten App zu sehen. In dem Raum steht auch ein B&#xFC;cherregal und von der Decke h&#xE4;ngen moderne Pendelleuchten.  \" class=\"wp-image-7448\" title=\"\" srcset=\"https:\/\/marcinkrokowski.com\/wp-content\/uploads\/2023\/01\/fotorelacja-premiera-procesorow-Intel-w-LAS-44-900x1350.jpg 900w, https:\/\/marcinkrokowski.com\/wp-content\/uploads\/2023\/01\/fotorelacja-premiera-procesorow-Intel-w-LAS-44-1200x1800.jpg 1200w, https:\/\/marcinkrokowski.com\/wp-content\/uploads\/2023\/01\/fotorelacja-premiera-procesorow-Intel-w-LAS-44-450x675.jpg 450w, https:\/\/marcinkrokowski.com\/wp-content\/uploads\/2023\/01\/fotorelacja-premiera-procesorow-Intel-w-LAS-44.jpg 1280w\" sizes=\"auto, (max-width: 900px) 100vw, 900px\" \/><\/figure>\n<\/figure>\n\n<figure class=\"wp-block-gallery has-nested-images columns-1 is-cropped wp-block-gallery-15 is-layout-flex wp-block-gallery-is-layout-flex\">\n<figure class=\"wp-block-image size-large\"><img loading=\"lazy\" decoding=\"async\" width=\"1200\" height=\"800\" data-id=\"7449\" src=\"https:\/\/marcinkrokowski.com\/wp-content\/uploads\/2023\/01\/fotorelacja-premiera-procesorow-Intel-w-LAS-45-1200x800.jpg\" alt=\"Ein Mann im Anzug h&#xE4;lt eine Pr&#xE4;sentation in einem modernen B&#xFC;roraum, der an ein Pressegespr&#xE4;ch erinnert. Er steht neben einem gro&#xDF;en Bildschirm, auf dem der Titel &#039;Four superpowers&#039; erscheint. Die sitzenden Teilnehmer h&#xF6;ren zu, w&#xE4;hrend einer Notizen macht. Der Raum ist mit Holzm&#xF6;beln, Pflanzen und Fenstern ausgestattet, die nat&#xFC;rliches Licht hereinlassen.   \" class=\"wp-image-7449\" title=\"\" srcset=\"https:\/\/marcinkrokowski.com\/wp-content\/uploads\/2023\/01\/fotorelacja-premiera-procesorow-Intel-w-LAS-45-1200x800.jpg 1200w, https:\/\/marcinkrokowski.com\/wp-content\/uploads\/2023\/01\/fotorelacja-premiera-procesorow-Intel-w-LAS-45-900x600.jpg 900w, https:\/\/marcinkrokowski.com\/wp-content\/uploads\/2023\/01\/fotorelacja-premiera-procesorow-Intel-w-LAS-45-450x300.jpg 450w, https:\/\/marcinkrokowski.com\/wp-content\/uploads\/2023\/01\/fotorelacja-premiera-procesorow-Intel-w-LAS-45.jpg 1920w\" sizes=\"auto, (max-width: 1200px) 100vw, 1200px\" \/><\/figure>\n\n\n\n<figure class=\"wp-block-image size-large\"><img loading=\"lazy\" decoding=\"async\" width=\"1200\" height=\"800\" data-id=\"7450\" src=\"https:\/\/marcinkrokowski.com\/wp-content\/uploads\/2023\/01\/fotorelacja-premiera-procesorow-Intel-w-LAS-46-1200x800.jpg\" alt=\"Ein Mann im Anzug leitet eine Pr&#xE4;sentation in einem modernen Raum und zeigt auf einen gro&#xDF;en Bildschirm mit der &#xDC;berschrift &quot;Vier Superm&#xE4;chte&quot;. Auf dem Bildschirm, der Teil eines Pressebriefings ist, werden allgegenw&#xE4;rtiges Computing, Infrastrukturen von der Cloud bis zum Edge, allgegenw&#xE4;rtige Konnektivit&#xE4;t und k&#xFC;nstliche Intelligenz (KI) aufgelistet. \" class=\"wp-image-7450\" title=\"\" srcset=\"https:\/\/marcinkrokowski.com\/wp-content\/uploads\/2023\/01\/fotorelacja-premiera-procesorow-Intel-w-LAS-46-1200x800.jpg 1200w, https:\/\/marcinkrokowski.com\/wp-content\/uploads\/2023\/01\/fotorelacja-premiera-procesorow-Intel-w-LAS-46-900x600.jpg 900w, https:\/\/marcinkrokowski.com\/wp-content\/uploads\/2023\/01\/fotorelacja-premiera-procesorow-Intel-w-LAS-46-450x300.jpg 450w, https:\/\/marcinkrokowski.com\/wp-content\/uploads\/2023\/01\/fotorelacja-premiera-procesorow-Intel-w-LAS-46.jpg 1920w\" sizes=\"auto, (max-width: 1200px) 100vw, 1200px\" \/><\/figure>\n\n\n\n<figure class=\"wp-block-image size-large\"><img loading=\"lazy\" decoding=\"async\" width=\"1200\" height=\"800\" data-id=\"7452\" src=\"https:\/\/marcinkrokowski.com\/wp-content\/uploads\/2023\/01\/fotorelacja-premiera-procesorow-Intel-w-LAS-48-1200x800.jpg\" alt=\"Ein b&#xE4;rtiger Mann in einem lang&#xE4;rmeligen schwarzen Hemd sitzt und scheint tief in Gedanken versunken zu sein. Seine Hand ruht auf seinem Kinn, w&#xE4;hrend es sich um ein Pressegespr&#xE4;ch zu handeln scheint. Der Hintergrund ist leicht unscharf und zeigt einige M&#xF6;bel und Gr&#xFC;npflanzen. \" class=\"wp-image-7452\" title=\"\" srcset=\"https:\/\/marcinkrokowski.com\/wp-content\/uploads\/2023\/01\/fotorelacja-premiera-procesorow-Intel-w-LAS-48-1200x800.jpg 1200w, https:\/\/marcinkrokowski.com\/wp-content\/uploads\/2023\/01\/fotorelacja-premiera-procesorow-Intel-w-LAS-48-900x600.jpg 900w, https:\/\/marcinkrokowski.com\/wp-content\/uploads\/2023\/01\/fotorelacja-premiera-procesorow-Intel-w-LAS-48-450x300.jpg 450w, https:\/\/marcinkrokowski.com\/wp-content\/uploads\/2023\/01\/fotorelacja-premiera-procesorow-Intel-w-LAS-48.jpg 1920w\" sizes=\"auto, (max-width: 1200px) 100vw, 1200px\" \/><\/figure>\n\n\n\n<figure class=\"wp-block-image size-large\"><img loading=\"lazy\" decoding=\"async\" width=\"1200\" height=\"800\" data-id=\"7453\" src=\"https:\/\/marcinkrokowski.com\/wp-content\/uploads\/2023\/01\/fotorelacja-premiera-procesorow-Intel-w-LAS-49-1200x800.jpg\" alt=\"Ein Mann im Anzug steht vor einer Gruppe von sitzenden Menschen und h&#xE4;lt eine Pr&#xE4;sentation. Hinter ihm zeigt ein gro&#xDF;er Bildschirm mit dem Titel &#039;Vier Superkr&#xE4;fte&#039; Diagramme an. Der Raum, der an ein professionelles Pressegespr&#xE4;ch erinnert, ist mit nat&#xFC;rlichem Licht gut beleuchtet und mit Pflanzen und modernen M&#xF6;beln dekoriert.  \" class=\"wp-image-7453\" title=\"\" srcset=\"https:\/\/marcinkrokowski.com\/wp-content\/uploads\/2023\/01\/fotorelacja-premiera-procesorow-Intel-w-LAS-49-1200x800.jpg 1200w, https:\/\/marcinkrokowski.com\/wp-content\/uploads\/2023\/01\/fotorelacja-premiera-procesorow-Intel-w-LAS-49-900x600.jpg 900w, https:\/\/marcinkrokowski.com\/wp-content\/uploads\/2023\/01\/fotorelacja-premiera-procesorow-Intel-w-LAS-49-450x300.jpg 450w, https:\/\/marcinkrokowski.com\/wp-content\/uploads\/2023\/01\/fotorelacja-premiera-procesorow-Intel-w-LAS-49.jpg 1920w\" sizes=\"auto, (max-width: 1200px) 100vw, 1200px\" \/><\/figure>\n\n\n\n<figure class=\"wp-block-image size-large\"><img loading=\"lazy\" decoding=\"async\" width=\"1200\" height=\"800\" data-id=\"7454\" src=\"https:\/\/marcinkrokowski.com\/wp-content\/uploads\/2023\/01\/fotorelacja-premiera-procesorow-Intel-w-LAS-50-1200x800.jpg\" alt=\"Ein Mann im Anzug h&#xE4;lt eine Pr&#xE4;sentation in einem modernen Raum mit skandinavischem Dekor. Er steht neben einem gro&#xDF;en Bildschirm, auf dem der Schriftzug &#039;Intel Innovation&#039; auf einem farbenfrohen, von der Technologie inspirierten Hintergrund zu sehen ist. W&#xE4;hrend des Pressegespr&#xE4;chs str&#xF6;mt nat&#xFC;rliches Licht durch die Fenster herein.  \" class=\"wp-image-7454\" title=\"\" srcset=\"https:\/\/marcinkrokowski.com\/wp-content\/uploads\/2023\/01\/fotorelacja-premiera-procesorow-Intel-w-LAS-50-1200x800.jpg 1200w, https:\/\/marcinkrokowski.com\/wp-content\/uploads\/2023\/01\/fotorelacja-premiera-procesorow-Intel-w-LAS-50-900x600.jpg 900w, https:\/\/marcinkrokowski.com\/wp-content\/uploads\/2023\/01\/fotorelacja-premiera-procesorow-Intel-w-LAS-50-450x300.jpg 450w, https:\/\/marcinkrokowski.com\/wp-content\/uploads\/2023\/01\/fotorelacja-premiera-procesorow-Intel-w-LAS-50.jpg 1920w\" sizes=\"auto, (max-width: 1200px) 100vw, 1200px\" \/><\/figure>\n\n\n\n<figure class=\"wp-block-image size-large\"><img loading=\"lazy\" decoding=\"async\" width=\"1200\" height=\"800\" data-id=\"7455\" src=\"https:\/\/marcinkrokowski.com\/wp-content\/uploads\/2023\/01\/fotorelacja-premiera-procesorow-Intel-w-LAS-51-1200x800.jpg\" alt=\"Ein Mann im Anzug steht und spricht zu einem kleinen Publikum, das in einem modernen Raum mit gro&#xDF;en Fenstern, Pflanzen und einem B&#xFC;cherregal sitzt. Ein gro&#xDF;er Bildschirm neben ihm zeigt blaue Grafiken an. Einige Zuh&#xF6;rer haben Laptops und eine Person macht sich Notizen; es ist klar, dass es sich um ein wichtiges Pressegespr&#xE4;ch handelt.  \" class=\"wp-image-7455\" title=\"\" srcset=\"https:\/\/marcinkrokowski.com\/wp-content\/uploads\/2023\/01\/fotorelacja-premiera-procesorow-Intel-w-LAS-51-1200x800.jpg 1200w, https:\/\/marcinkrokowski.com\/wp-content\/uploads\/2023\/01\/fotorelacja-premiera-procesorow-Intel-w-LAS-51-900x600.jpg 900w, https:\/\/marcinkrokowski.com\/wp-content\/uploads\/2023\/01\/fotorelacja-premiera-procesorow-Intel-w-LAS-51-450x300.jpg 450w, https:\/\/marcinkrokowski.com\/wp-content\/uploads\/2023\/01\/fotorelacja-premiera-procesorow-Intel-w-LAS-51.jpg 1920w\" sizes=\"auto, (max-width: 1200px) 100vw, 1200px\" \/><\/figure>\n\n\n\n<figure class=\"wp-block-image size-large\"><img loading=\"lazy\" decoding=\"async\" width=\"1200\" height=\"800\" data-id=\"7456\" src=\"https:\/\/marcinkrokowski.com\/wp-content\/uploads\/2023\/01\/fotorelacja-premiera-procesorow-Intel-w-LAS-52-1200x800.jpg\" alt=\"Ein b&#xE4;rtiger Mann in einem blauen Hemd sitzt an einem Tisch mit einem Getr&#xE4;nk in der Hand und l&#xE4;chelt einen anderen Mann in einem wei&#xDF;en Kapuzensweatshirt an, der sein Gesicht mit der Hand bedeckt. Mehrere andere Personen verschwimmen im Hintergrund und schaffen eine warme und gesellige Atmosph&#xE4;re, die an ein informelles Pressegespr&#xE4;ch erinnert. \" class=\"wp-image-7456\" title=\"\" srcset=\"https:\/\/marcinkrokowski.com\/wp-content\/uploads\/2023\/01\/fotorelacja-premiera-procesorow-Intel-w-LAS-52-1200x800.jpg 1200w, https:\/\/marcinkrokowski.com\/wp-content\/uploads\/2023\/01\/fotorelacja-premiera-procesorow-Intel-w-LAS-52-900x600.jpg 900w, https:\/\/marcinkrokowski.com\/wp-content\/uploads\/2023\/01\/fotorelacja-premiera-procesorow-Intel-w-LAS-52-450x300.jpg 450w, https:\/\/marcinkrokowski.com\/wp-content\/uploads\/2023\/01\/fotorelacja-premiera-procesorow-Intel-w-LAS-52.jpg 1920w\" sizes=\"auto, (max-width: 1200px) 100vw, 1200px\" \/><\/figure>\n<\/figure>\n\n<figure class=\"wp-block-gallery has-nested-images columns-2 is-cropped wp-block-gallery-16 is-layout-flex wp-block-gallery-is-layout-flex\">\n<figure class=\"wp-block-image size-medium\"><img loading=\"lazy\" decoding=\"async\" width=\"900\" height=\"1350\" data-id=\"7451\" src=\"https:\/\/marcinkrokowski.com\/wp-content\/uploads\/2023\/01\/fotorelacja-premiera-procesorow-Intel-w-LAS-47-900x1350.jpg\" alt=\"Die Person im Anzug zeigt auf eine Pr&#xE4;sentationsfolie auf dem Bildschirm. Die Folie mit dem Titel &#039;Unsere Superm&#xE4;chte&#039; enth&#xE4;lt Symbole und Text. W&#xE4;hrend des Pressebriefings sorgen dunkle W&#xE4;nde und gr&#xFC;ne Pflanzen im Hintergrund f&#xFC;r einen eleganten Rahmen.  \" class=\"wp-image-7451\" title=\"\" srcset=\"https:\/\/marcinkrokowski.com\/wp-content\/uploads\/2023\/01\/fotorelacja-premiera-procesorow-Intel-w-LAS-47-900x1350.jpg 900w, https:\/\/marcinkrokowski.com\/wp-content\/uploads\/2023\/01\/fotorelacja-premiera-procesorow-Intel-w-LAS-47-1200x1800.jpg 1200w, https:\/\/marcinkrokowski.com\/wp-content\/uploads\/2023\/01\/fotorelacja-premiera-procesorow-Intel-w-LAS-47-450x675.jpg 450w, https:\/\/marcinkrokowski.com\/wp-content\/uploads\/2023\/01\/fotorelacja-premiera-procesorow-Intel-w-LAS-47.jpg 1280w\" sizes=\"auto, (max-width: 900px) 100vw, 900px\" \/><\/figure>\n\n\n\n<figure class=\"wp-block-image size-medium\"><img loading=\"lazy\" decoding=\"async\" width=\"900\" height=\"1350\" data-id=\"7457\" src=\"https:\/\/marcinkrokowski.com\/wp-content\/uploads\/2023\/01\/fotorelacja-premiera-procesorow-Intel-w-LAS-53-900x1350.jpg\" alt=\"Ein Mann in einem dunklen Anzug und wei&#xDF;em Hemd spricht vor einem gro&#xDF;en Bildschirm mit einem Text, der an ein Pressegespr&#xE4;ch erinnert. Er h&#xE4;lt seine H&#xE4;nde zusammen, als wolle er einen Punkt betonen. Im Hintergrund sind gro&#xDF;e gr&#xFC;ne Bl&#xE4;tter einer Pflanze zu sehen, die eine professionelle oder gesch&#xE4;ftliche Atmosph&#xE4;re schaffen. \" class=\"wp-image-7457\" title=\"\" srcset=\"https:\/\/marcinkrokowski.com\/wp-content\/uploads\/2023\/01\/fotorelacja-premiera-procesorow-Intel-w-LAS-53-900x1350.jpg 900w, https:\/\/marcinkrokowski.com\/wp-content\/uploads\/2023\/01\/fotorelacja-premiera-procesorow-Intel-w-LAS-53-1200x1800.jpg 1200w, https:\/\/marcinkrokowski.com\/wp-content\/uploads\/2023\/01\/fotorelacja-premiera-procesorow-Intel-w-LAS-53-450x675.jpg 450w, https:\/\/marcinkrokowski.com\/wp-content\/uploads\/2023\/01\/fotorelacja-premiera-procesorow-Intel-w-LAS-53.jpg 1280w\" sizes=\"auto, (max-width: 900px) 100vw, 900px\" \/><\/figure>\n<\/figure>\n\n<figure class=\"wp-block-gallery has-nested-images columns-1 is-cropped wp-block-gallery-17 is-layout-flex wp-block-gallery-is-layout-flex\">\n<figure class=\"wp-block-image size-large\"><img loading=\"lazy\" decoding=\"async\" width=\"1200\" height=\"800\" data-id=\"7458\" src=\"https:\/\/marcinkrokowski.com\/wp-content\/uploads\/2023\/01\/fotorelacja-premiera-procesorow-Intel-w-LAS-54-1200x800.jpg\" alt=\"Ein Mann im Anzug h&#xE4;lt eine Pr&#xE4;sentation in einem modernen Raum mit Pflanzen und einem gro&#xDF;en Bildschirm, auf dem Dias gezeigt werden. Der Raum ist mit Holzb&#xF6;den und modernen M&#xF6;beln ausgestattet. Die Dias auf dem Bildschirm erwecken den Eindruck, als enthielten sie Text und Bilder, so dass die Atmosph&#xE4;re eines engagierten Pressegespr&#xE4;chs entsteht.  \" class=\"wp-image-7458\" title=\"\" srcset=\"https:\/\/marcinkrokowski.com\/wp-content\/uploads\/2023\/01\/fotorelacja-premiera-procesorow-Intel-w-LAS-54-1200x800.jpg 1200w, https:\/\/marcinkrokowski.com\/wp-content\/uploads\/2023\/01\/fotorelacja-premiera-procesorow-Intel-w-LAS-54-900x600.jpg 900w, https:\/\/marcinkrokowski.com\/wp-content\/uploads\/2023\/01\/fotorelacja-premiera-procesorow-Intel-w-LAS-54-450x300.jpg 450w, https:\/\/marcinkrokowski.com\/wp-content\/uploads\/2023\/01\/fotorelacja-premiera-procesorow-Intel-w-LAS-54.jpg 1920w\" sizes=\"auto, (max-width: 1200px) 100vw, 1200px\" \/><\/figure>\n\n\n\n<figure class=\"wp-block-image size-large\"><img loading=\"lazy\" decoding=\"async\" width=\"1200\" height=\"800\" data-id=\"7460\" src=\"https:\/\/marcinkrokowski.com\/wp-content\/uploads\/2023\/01\/fotorelacja-premiera-procesorow-Intel-w-LAS-56-1200x800.jpg\" alt=\"Eine Person mit kurzen Haaren, gekleidet in eine Lederjacke und ein blaukariertes Hemd, sitzt aufmerksam in einer Umgebung, die an ein Pressegespr&#xE4;ch erinnert, mit Regalen und Pflanzen im Hintergrund. Auf einem Stuhl oder Tisch neben ihnen liegt ein blauer Rucksack. \" class=\"wp-image-7460\" title=\"\" srcset=\"https:\/\/marcinkrokowski.com\/wp-content\/uploads\/2023\/01\/fotorelacja-premiera-procesorow-Intel-w-LAS-56-1200x800.jpg 1200w, https:\/\/marcinkrokowski.com\/wp-content\/uploads\/2023\/01\/fotorelacja-premiera-procesorow-Intel-w-LAS-56-900x600.jpg 900w, https:\/\/marcinkrokowski.com\/wp-content\/uploads\/2023\/01\/fotorelacja-premiera-procesorow-Intel-w-LAS-56-450x300.jpg 450w, https:\/\/marcinkrokowski.com\/wp-content\/uploads\/2023\/01\/fotorelacja-premiera-procesorow-Intel-w-LAS-56.jpg 1920w\" sizes=\"auto, (max-width: 1200px) 100vw, 1200px\" \/><\/figure>\n\n\n\n<figure class=\"wp-block-image size-large\"><img loading=\"lazy\" decoding=\"async\" width=\"1200\" height=\"800\" data-id=\"7461\" src=\"https:\/\/marcinkrokowski.com\/wp-content\/uploads\/2023\/01\/fotorelacja-premiera-procesorow-Intel-w-LAS-57-1200x800.jpg\" alt=\"Ein Mann steht hinter einem Tisch mit einer Vielzahl von Computerger&#xE4;ten, darunter eine GeForce RTX-Grafikkarte, in einem Raum mit gro&#xDF;en Blattpflanzen. W&#xE4;hrend er spricht, gestikuliert er mit einer Hand, um anzudeuten, dass er etwas erkl&#xE4;rt oder pr&#xE4;sentiert, was wie ein Pressegespr&#xE4;ch aussieht. \" class=\"wp-image-7461\" title=\"\" srcset=\"https:\/\/marcinkrokowski.com\/wp-content\/uploads\/2023\/01\/fotorelacja-premiera-procesorow-Intel-w-LAS-57-1200x800.jpg 1200w, https:\/\/marcinkrokowski.com\/wp-content\/uploads\/2023\/01\/fotorelacja-premiera-procesorow-Intel-w-LAS-57-900x600.jpg 900w, https:\/\/marcinkrokowski.com\/wp-content\/uploads\/2023\/01\/fotorelacja-premiera-procesorow-Intel-w-LAS-57-450x300.jpg 450w, https:\/\/marcinkrokowski.com\/wp-content\/uploads\/2023\/01\/fotorelacja-premiera-procesorow-Intel-w-LAS-57.jpg 1920w\" sizes=\"auto, (max-width: 1200px) 100vw, 1200px\" \/><\/figure>\n\n\n\n<figure class=\"wp-block-image size-large\"><img loading=\"lazy\" decoding=\"async\" width=\"1200\" height=\"800\" data-id=\"7462\" src=\"https:\/\/marcinkrokowski.com\/wp-content\/uploads\/2023\/01\/fotorelacja-premiera-procesorow-Intel-w-LAS-58-1200x800.jpg\" alt=\"Eine Gruppe von M&#xE4;nnern sitzt in entspannter Atmosph&#xE4;re, einige l&#xE4;cheln und f&#xFC;hren ein Gespr&#xE4;ch. W&#xE4;hrend dieses lebhaften Pressegespr&#xE4;chs hebt ein b&#xE4;rtiger Mann die Hand und ein anderer in einem wei&#xDF;en Sweatshirt schaut ihm l&#xE4;chelnd entgegen. Im Hintergrund sehen Sie weitere Menschen und Regale mit Pflanzen und Gegenst&#xE4;nden.  \" class=\"wp-image-7462\" title=\"\" srcset=\"https:\/\/marcinkrokowski.com\/wp-content\/uploads\/2023\/01\/fotorelacja-premiera-procesorow-Intel-w-LAS-58-1200x800.jpg 1200w, https:\/\/marcinkrokowski.com\/wp-content\/uploads\/2023\/01\/fotorelacja-premiera-procesorow-Intel-w-LAS-58-900x600.jpg 900w, https:\/\/marcinkrokowski.com\/wp-content\/uploads\/2023\/01\/fotorelacja-premiera-procesorow-Intel-w-LAS-58-450x300.jpg 450w, https:\/\/marcinkrokowski.com\/wp-content\/uploads\/2023\/01\/fotorelacja-premiera-procesorow-Intel-w-LAS-58.jpg 1920w\" sizes=\"auto, (max-width: 1200px) 100vw, 1200px\" \/><\/figure>\n\n\n\n<figure class=\"wp-block-image size-large\"><img loading=\"lazy\" decoding=\"async\" width=\"1200\" height=\"800\" data-id=\"7463\" src=\"https:\/\/marcinkrokowski.com\/wp-content\/uploads\/2023\/01\/fotorelacja-premiera-procesorow-Intel-w-LAS-59-1200x800.jpg\" alt=\"Eine lebhafte Szene in einem modernen, gut beleuchteten Raum mit Holzakzenten. Im Vordergrund erhebt ein b&#xE4;rtiger Mann in einem blauen Hemd enthusiastisch seine H&#xE4;nde und h&#xE4;lt ein Glas. Die Atmosph&#xE4;re erinnert an ein informelles Pressetreffen. Um ihn herum sitzen andere, einige l&#xE4;cheln, andere sind in ein Gespr&#xE4;ch vertieft.  \" class=\"wp-image-7463\" title=\"\" srcset=\"https:\/\/marcinkrokowski.com\/wp-content\/uploads\/2023\/01\/fotorelacja-premiera-procesorow-Intel-w-LAS-59-1200x800.jpg 1200w, https:\/\/marcinkrokowski.com\/wp-content\/uploads\/2023\/01\/fotorelacja-premiera-procesorow-Intel-w-LAS-59-900x600.jpg 900w, https:\/\/marcinkrokowski.com\/wp-content\/uploads\/2023\/01\/fotorelacja-premiera-procesorow-Intel-w-LAS-59-450x300.jpg 450w, https:\/\/marcinkrokowski.com\/wp-content\/uploads\/2023\/01\/fotorelacja-premiera-procesorow-Intel-w-LAS-59.jpg 1920w\" sizes=\"auto, (max-width: 1200px) 100vw, 1200px\" \/><\/figure>\n<\/figure>\n\n<figure class=\"wp-block-gallery has-nested-images columns-default is-cropped wp-block-gallery-18 is-layout-flex wp-block-gallery-is-layout-flex\">\n<figure class=\"wp-block-image size-medium\"><img loading=\"lazy\" decoding=\"async\" width=\"900\" height=\"1350\" data-id=\"7459\" src=\"https:\/\/marcinkrokowski.com\/wp-content\/uploads\/2023\/01\/fotorelacja-premiera-procesorow-Intel-w-LAS-55-900x1350.jpg\" alt=\"Eine Gruppe von vier M&#xE4;nnern, die in einem Raum sitzen, l&#xE4;chelnd und in ein Gespr&#xE4;ch vertieft. Ein Mann, der eine Brille tr&#xE4;gt und eine Glatze hat, scheint zu lachen. Ein anderer Mann im Hintergrund beugt sich vor und arbeitet wahrscheinlich oder unterh&#xE4;lt sich mit jemandem au&#xDF;erhalb des Bildes, w&#xE4;hrend es sich um ein informelles Pressegespr&#xE4;ch zu handeln scheint. Sie befinden sich in einem gem&#xFC;tlichen Raum voller Pflanzen.   \" class=\"wp-image-7459\" title=\"\" srcset=\"https:\/\/marcinkrokowski.com\/wp-content\/uploads\/2023\/01\/fotorelacja-premiera-procesorow-Intel-w-LAS-55-900x1350.jpg 900w, https:\/\/marcinkrokowski.com\/wp-content\/uploads\/2023\/01\/fotorelacja-premiera-procesorow-Intel-w-LAS-55-1200x1800.jpg 1200w, https:\/\/marcinkrokowski.com\/wp-content\/uploads\/2023\/01\/fotorelacja-premiera-procesorow-Intel-w-LAS-55-450x675.jpg 450w, https:\/\/marcinkrokowski.com\/wp-content\/uploads\/2023\/01\/fotorelacja-premiera-procesorow-Intel-w-LAS-55.jpg 1280w\" sizes=\"auto, (max-width: 900px) 100vw, 900px\" \/><\/figure>\n\n\n\n<figure class=\"wp-block-image size-medium\"><img loading=\"lazy\" decoding=\"async\" width=\"900\" height=\"1350\" data-id=\"7464\" src=\"https:\/\/marcinkrokowski.com\/wp-content\/uploads\/2023\/01\/fotorelacja-premiera-procesorow-Intel-w-LAS-60-900x1350.jpg\" alt=\"Ein l&#xE4;chelnder Mann mit rasiertem Kopf, der ein blaues Sweatshirt mit Kapuze tr&#xE4;gt, sitzt l&#xE4;ssig auf einem Holzstuhl und h&#xE4;lt ein Getr&#xE4;nk in der Hand. Eine andere Person, die ebenfalls l&#xE4;chelt, ist teilweise im Hintergrund zu sehen. Die Umgebung wirkt entspannt und informell, fast wie ein improvisiertes Pressegespr&#xE4;ch.  \" class=\"wp-image-7464\" title=\"\" srcset=\"https:\/\/marcinkrokowski.com\/wp-content\/uploads\/2023\/01\/fotorelacja-premiera-procesorow-Intel-w-LAS-60-900x1350.jpg 900w, https:\/\/marcinkrokowski.com\/wp-content\/uploads\/2023\/01\/fotorelacja-premiera-procesorow-Intel-w-LAS-60-1200x1800.jpg 1200w, https:\/\/marcinkrokowski.com\/wp-content\/uploads\/2023\/01\/fotorelacja-premiera-procesorow-Intel-w-LAS-60-450x675.jpg 450w, https:\/\/marcinkrokowski.com\/wp-content\/uploads\/2023\/01\/fotorelacja-premiera-procesorow-Intel-w-LAS-60.jpg 1280w\" sizes=\"auto, (max-width: 900px) 100vw, 900px\" \/><\/figure>\n<\/figure>\n\n<figure class=\"wp-block-gallery has-nested-images columns-1 is-cropped wp-block-gallery-19 is-layout-flex wp-block-gallery-is-layout-flex\">\n<figure class=\"wp-block-image size-large\"><img loading=\"lazy\" decoding=\"async\" width=\"1200\" height=\"800\" data-id=\"7467\" src=\"https:\/\/marcinkrokowski.com\/wp-content\/uploads\/2023\/01\/fotorelacja-premiera-procesorow-Intel-w-LAS-63-1200x800.jpg\" alt=\"Nahaufnahme von H&#xE4;nden, die an einem Computer-Motherboard arbeiten, mit besonderem Augenmerk auf den Prozessorsockel. Ein Metallhebel wird angehoben, um den Prozessor ein- oder auszubauen. Die Oberfl&#xE4;che, die an die Hardware bei einer Pressekonferenz erinnert, ist mit verschiedenen Komponenten und Anschl&#xFC;ssen &#xFC;bers&#xE4;t.  \" class=\"wp-image-7467\" title=\"\" srcset=\"https:\/\/marcinkrokowski.com\/wp-content\/uploads\/2023\/01\/fotorelacja-premiera-procesorow-Intel-w-LAS-63-1200x800.jpg 1200w, https:\/\/marcinkrokowski.com\/wp-content\/uploads\/2023\/01\/fotorelacja-premiera-procesorow-Intel-w-LAS-63-900x600.jpg 900w, https:\/\/marcinkrokowski.com\/wp-content\/uploads\/2023\/01\/fotorelacja-premiera-procesorow-Intel-w-LAS-63-450x300.jpg 450w, https:\/\/marcinkrokowski.com\/wp-content\/uploads\/2023\/01\/fotorelacja-premiera-procesorow-Intel-w-LAS-63.jpg 1920w\" sizes=\"auto, (max-width: 1200px) 100vw, 1200px\" \/><\/figure>\n\n\n\n<figure class=\"wp-block-image size-large\"><img loading=\"lazy\" decoding=\"async\" width=\"1200\" height=\"800\" data-id=\"7468\" src=\"https:\/\/marcinkrokowski.com\/wp-content\/uploads\/2023\/01\/fotorelacja-premiera-procesorow-Intel-w-LAS-64-1200x800.jpg\" alt=\"Drei Personen sind um einen Holztisch versammelt und betrachten ein Computer-Motherboard und andere Hardwarekomponenten. Zwei von ihnen benutzen Smartphones, vielleicht um die Hardware zu dokumentieren oder zu untersuchen, was an ein Pressegespr&#xE4;ch erinnert, w&#xE4;hrend die dritte Person auf die Hauptplatine zeigt. \" class=\"wp-image-7468\" title=\"\" srcset=\"https:\/\/marcinkrokowski.com\/wp-content\/uploads\/2023\/01\/fotorelacja-premiera-procesorow-Intel-w-LAS-64-1200x800.jpg 1200w, https:\/\/marcinkrokowski.com\/wp-content\/uploads\/2023\/01\/fotorelacja-premiera-procesorow-Intel-w-LAS-64-900x600.jpg 900w, https:\/\/marcinkrokowski.com\/wp-content\/uploads\/2023\/01\/fotorelacja-premiera-procesorow-Intel-w-LAS-64-450x300.jpg 450w, https:\/\/marcinkrokowski.com\/wp-content\/uploads\/2023\/01\/fotorelacja-premiera-procesorow-Intel-w-LAS-64.jpg 1920w\" sizes=\"auto, (max-width: 1200px) 100vw, 1200px\" \/><\/figure>\n\n\n\n<figure class=\"wp-block-image size-large\"><img loading=\"lazy\" decoding=\"async\" width=\"1200\" height=\"800\" data-id=\"7469\" src=\"https:\/\/marcinkrokowski.com\/wp-content\/uploads\/2023\/01\/fotorelacja-premiera-procesorow-Intel-w-LAS-65-1200x800.jpg\" alt=\"Eine Person verwendet ein Smartphone, um eine Nahaufnahme einer Computer-Hauptplatine auf einer Holzoberfl&#xE4;che zu machen. Die Hauptplatine ist teilweise zusammengebaut, Komponenten und Schaltkreise sind sichtbar. In der N&#xE4;he sind die H&#xE4;nde einer anderen Person zu sehen, was auf eine Zusammenarbeit oder Anweisung hindeutet - vielleicht im Rahmen eines Pressebriefings.  \" class=\"wp-image-7469\" title=\"\" srcset=\"https:\/\/marcinkrokowski.com\/wp-content\/uploads\/2023\/01\/fotorelacja-premiera-procesorow-Intel-w-LAS-65-1200x800.jpg 1200w, https:\/\/marcinkrokowski.com\/wp-content\/uploads\/2023\/01\/fotorelacja-premiera-procesorow-Intel-w-LAS-65-900x600.jpg 900w, https:\/\/marcinkrokowski.com\/wp-content\/uploads\/2023\/01\/fotorelacja-premiera-procesorow-Intel-w-LAS-65-450x300.jpg 450w, https:\/\/marcinkrokowski.com\/wp-content\/uploads\/2023\/01\/fotorelacja-premiera-procesorow-Intel-w-LAS-65.jpg 1920w\" sizes=\"auto, (max-width: 1200px) 100vw, 1200px\" \/><\/figure>\n\n\n\n<figure class=\"wp-block-image size-large\"><img loading=\"lazy\" decoding=\"async\" width=\"1200\" height=\"800\" data-id=\"7470\" src=\"https:\/\/marcinkrokowski.com\/wp-content\/uploads\/2023\/01\/fotorelacja-premiera-procesorow-Intel-w-LAS-66-1200x800.jpg\" alt=\"Zwei M&#xE4;nner in dem Raum untersuchen sorgf&#xE4;ltig eine Platine. Der eine hat einen Bart und tr&#xE4;gt ein blaues Hemd, der andere eine Glatze, eine Brille und ein schwarzes Hemd. Im Hintergrund sind Regale mit B&#xFC;chern und verschiedenen Gegenst&#xE4;nden zu sehen, die darauf hindeuten, dass ihre detaillierte Arbeit mit einer bevorstehenden Pressekonferenz zu tun haben k&#xF6;nnte.  \" class=\"wp-image-7470\" title=\"\" srcset=\"https:\/\/marcinkrokowski.com\/wp-content\/uploads\/2023\/01\/fotorelacja-premiera-procesorow-Intel-w-LAS-66-1200x800.jpg 1200w, https:\/\/marcinkrokowski.com\/wp-content\/uploads\/2023\/01\/fotorelacja-premiera-procesorow-Intel-w-LAS-66-900x600.jpg 900w, https:\/\/marcinkrokowski.com\/wp-content\/uploads\/2023\/01\/fotorelacja-premiera-procesorow-Intel-w-LAS-66-450x300.jpg 450w, https:\/\/marcinkrokowski.com\/wp-content\/uploads\/2023\/01\/fotorelacja-premiera-procesorow-Intel-w-LAS-66.jpg 1920w\" sizes=\"auto, (max-width: 1200px) 100vw, 1200px\" \/><\/figure>\n<\/figure>\n\n<figure class=\"wp-block-gallery has-nested-images columns-default is-cropped wp-block-gallery-20 is-layout-flex wp-block-gallery-is-layout-flex\">\n<figure class=\"wp-block-image size-medium\"><img loading=\"lazy\" decoding=\"async\" width=\"900\" height=\"1350\" data-id=\"7466\" src=\"https:\/\/marcinkrokowski.com\/wp-content\/uploads\/2023\/01\/fotorelacja-premiera-procesorow-Intel-w-LAS-62-900x1350.jpg\" alt=\"Ein Mann mit rasiertem Kopf und Bart sitzt auf einem Holzstuhl in einem gem&#xFC;tlichen, gut beleuchteten Raum und bereitet sich vielleicht auf ein Pressegespr&#xE4;ch vor. Er tr&#xE4;gt ein dunkles, gemustertes lang&#xE4;rmeliges Hemd und h&#xE4;lt ein Telefon in den H&#xE4;nden. Zwei andere Personen sind im Hintergrund zu sehen, etwas unscharf.  \" class=\"wp-image-7466\" title=\"\" srcset=\"https:\/\/marcinkrokowski.com\/wp-content\/uploads\/2023\/01\/fotorelacja-premiera-procesorow-Intel-w-LAS-62-900x1350.jpg 900w, https:\/\/marcinkrokowski.com\/wp-content\/uploads\/2023\/01\/fotorelacja-premiera-procesorow-Intel-w-LAS-62-1200x1800.jpg 1200w, https:\/\/marcinkrokowski.com\/wp-content\/uploads\/2023\/01\/fotorelacja-premiera-procesorow-Intel-w-LAS-62-450x675.jpg 450w, https:\/\/marcinkrokowski.com\/wp-content\/uploads\/2023\/01\/fotorelacja-premiera-procesorow-Intel-w-LAS-62.jpg 1280w\" sizes=\"auto, (max-width: 900px) 100vw, 900px\" \/><\/figure>\n\n\n\n<figure class=\"wp-block-image size-medium\"><img loading=\"lazy\" decoding=\"async\" width=\"900\" height=\"1350\" data-id=\"7471\" src=\"https:\/\/marcinkrokowski.com\/wp-content\/uploads\/2023\/01\/fotorelacja-premiera-procesorow-Intel-w-LAS-67-900x1350.jpg\" alt=\"Eine Person ist dabei, auf einem Holztisch ein Computer-Motherboard zusammenzubauen oder daran zu arbeiten, wobei verschiedene Werkzeuge und Computerteile herumliegen. Die Szene, die eher an eine konzentrierte Werkstatt als an ein Pressegespr&#xE4;ch erinnert, wird von einem nahe gelegenen rosa Lampenschirm warm beleuchtet und andere Personen sind unscharf im Hintergrund zu sehen. \" class=\"wp-image-7471\" title=\"\" srcset=\"https:\/\/marcinkrokowski.com\/wp-content\/uploads\/2023\/01\/fotorelacja-premiera-procesorow-Intel-w-LAS-67-900x1350.jpg 900w, https:\/\/marcinkrokowski.com\/wp-content\/uploads\/2023\/01\/fotorelacja-premiera-procesorow-Intel-w-LAS-67-1200x1800.jpg 1200w, https:\/\/marcinkrokowski.com\/wp-content\/uploads\/2023\/01\/fotorelacja-premiera-procesorow-Intel-w-LAS-67-450x675.jpg 450w, https:\/\/marcinkrokowski.com\/wp-content\/uploads\/2023\/01\/fotorelacja-premiera-procesorow-Intel-w-LAS-67.jpg 1280w\" sizes=\"auto, (max-width: 900px) 100vw, 900px\" \/><\/figure>\n<\/figure>\n\n<figure class=\"wp-block-gallery has-nested-images columns-1 is-cropped wp-block-gallery-21 is-layout-flex wp-block-gallery-is-layout-flex\">\n<figure class=\"wp-block-image size-large\"><img loading=\"lazy\" decoding=\"async\" width=\"1200\" height=\"800\" data-id=\"7472\" src=\"https:\/\/marcinkrokowski.com\/wp-content\/uploads\/2023\/01\/fotorelacja-premiera-procesorow-Intel-w-LAS-68-1200x800.jpg\" alt=\"Nahaufnahme der H&#xE4;nde beim Zusammenbau einer Computer-Hauptplatine. Das Foto konzentriert sich auf die H&#xE4;nde einer Person, die mit Werkzeugen Komponenten an einer auf einer Holzfl&#xE4;che platzierten Platine befestigt. Im Hintergrund sind verschiedene elektronische Teile zu sehen, die an die akribischen Vorbereitungen f&#xFC;r ein Pressegespr&#xE4;ch erinnern.  \" class=\"wp-image-7472\" title=\"\" srcset=\"https:\/\/marcinkrokowski.com\/wp-content\/uploads\/2023\/01\/fotorelacja-premiera-procesorow-Intel-w-LAS-68-1200x800.jpg 1200w, https:\/\/marcinkrokowski.com\/wp-content\/uploads\/2023\/01\/fotorelacja-premiera-procesorow-Intel-w-LAS-68-900x600.jpg 900w, https:\/\/marcinkrokowski.com\/wp-content\/uploads\/2023\/01\/fotorelacja-premiera-procesorow-Intel-w-LAS-68-450x300.jpg 450w, https:\/\/marcinkrokowski.com\/wp-content\/uploads\/2023\/01\/fotorelacja-premiera-procesorow-Intel-w-LAS-68.jpg 1920w\" sizes=\"auto, (max-width: 1200px) 100vw, 1200px\" \/><\/figure>\n\n\n\n<figure class=\"wp-block-image size-large\"><img loading=\"lazy\" decoding=\"async\" width=\"1200\" height=\"800\" data-id=\"7473\" src=\"https:\/\/marcinkrokowski.com\/wp-content\/uploads\/2023\/01\/fotorelacja-premiera-procesorow-Intel-w-LAS-69-1200x800.jpg\" alt=\"Nahaufnahme einer Computer-Hauptplatine mit dem Prozessorsockel und dem eingebauten Prozessor. Verschiedene elektronische Komponenten sind zu sehen, darunter Kondensatoren, Widerst&#xE4;nde und RAM-Sockel. Die Hauptplatine ist mit der Aufschrift &#039;F&#xFC;r diejenigen, die sich trauen&#039; versehen. Dies k&#xF6;nnte der H&#xF6;hepunkt einer jeden Pressekonferenz sein.   \" class=\"wp-image-7473\" title=\"\" srcset=\"https:\/\/marcinkrokowski.com\/wp-content\/uploads\/2023\/01\/fotorelacja-premiera-procesorow-Intel-w-LAS-69-1200x800.jpg 1200w, https:\/\/marcinkrokowski.com\/wp-content\/uploads\/2023\/01\/fotorelacja-premiera-procesorow-Intel-w-LAS-69-900x600.jpg 900w, https:\/\/marcinkrokowski.com\/wp-content\/uploads\/2023\/01\/fotorelacja-premiera-procesorow-Intel-w-LAS-69-450x300.jpg 450w, https:\/\/marcinkrokowski.com\/wp-content\/uploads\/2023\/01\/fotorelacja-premiera-procesorow-Intel-w-LAS-69.jpg 1920w\" sizes=\"auto, (max-width: 1200px) 100vw, 1200px\" \/><\/figure>\n\n\n\n<figure class=\"wp-block-image size-large\"><img loading=\"lazy\" decoding=\"async\" width=\"1200\" height=\"800\" data-id=\"7474\" src=\"https:\/\/marcinkrokowski.com\/wp-content\/uploads\/2023\/01\/fotorelacja-premiera-procesorow-Intel-w-LAS-70-1200x800.jpg\" alt=\"Die Person, die den PC zusammenbaut, h&#xE4;lt eine Box mit dem ROG-Logo in der Hand, als ob sie sich auf eine Pressekonferenz vorbereiten w&#xFC;rde. Auf einem Tisch im Hintergrund sind mehrere andere Computerkomponenten und Werkzeugk&#xE4;sten zu sehen. Eine andere Person hilft bei der Montage und ihre H&#xE4;nde arbeiten an einer Komponente.  \" class=\"wp-image-7474\" title=\"\" srcset=\"https:\/\/marcinkrokowski.com\/wp-content\/uploads\/2023\/01\/fotorelacja-premiera-procesorow-Intel-w-LAS-70-1200x800.jpg 1200w, https:\/\/marcinkrokowski.com\/wp-content\/uploads\/2023\/01\/fotorelacja-premiera-procesorow-Intel-w-LAS-70-900x600.jpg 900w, https:\/\/marcinkrokowski.com\/wp-content\/uploads\/2023\/01\/fotorelacja-premiera-procesorow-Intel-w-LAS-70-450x300.jpg 450w, https:\/\/marcinkrokowski.com\/wp-content\/uploads\/2023\/01\/fotorelacja-premiera-procesorow-Intel-w-LAS-70.jpg 1920w\" sizes=\"auto, (max-width: 1200px) 100vw, 1200px\" \/><\/figure>\n\n\n\n<figure class=\"wp-block-image size-large\"><img loading=\"lazy\" decoding=\"async\" width=\"1200\" height=\"800\" data-id=\"7475\" src=\"https:\/\/marcinkrokowski.com\/wp-content\/uploads\/2023\/01\/fotorelacja-premiera-procesorow-Intel-w-LAS-71-1200x800.jpg\" alt=\"Eine Person mit Brille und schwarzem Hemd sitzt an einem Tisch mit elektronischen Ger&#xE4;ten, die wie Computerteile aussehen. Dahinter ein Banner mit dem Intel-Logo und polnischem Text &#xFC;ber Intel Core-Prozessoren f&#xFC;r Desktop-Computer, der auf ein Pressegespr&#xE4;ch hinweist. \" class=\"wp-image-7475\" title=\"\" srcset=\"https:\/\/marcinkrokowski.com\/wp-content\/uploads\/2023\/01\/fotorelacja-premiera-procesorow-Intel-w-LAS-71-1200x800.jpg 1200w, https:\/\/marcinkrokowski.com\/wp-content\/uploads\/2023\/01\/fotorelacja-premiera-procesorow-Intel-w-LAS-71-900x600.jpg 900w, https:\/\/marcinkrokowski.com\/wp-content\/uploads\/2023\/01\/fotorelacja-premiera-procesorow-Intel-w-LAS-71-450x300.jpg 450w, https:\/\/marcinkrokowski.com\/wp-content\/uploads\/2023\/01\/fotorelacja-premiera-procesorow-Intel-w-LAS-71.jpg 1920w\" sizes=\"auto, (max-width: 1200px) 100vw, 1200px\" \/><\/figure>\n\n\n\n<figure class=\"wp-block-image size-large\"><img loading=\"lazy\" decoding=\"async\" width=\"1200\" height=\"800\" data-id=\"7476\" src=\"https:\/\/marcinkrokowski.com\/wp-content\/uploads\/2023\/01\/fotorelacja-premiera-procesorow-Intel-w-LAS-72-1200x800.jpg\" alt=\"Ein Mann sitzt an einem Tisch und baut ein Netzteil in ein Computergeh&#xE4;use ein. Er h&#xE4;lt die Kabel und schlie&#xDF;t sie an das Ger&#xE4;t an. Die Szenerie erinnert an eine Technologiewerkstatt oder ein Pressetreffen, mit anderen Personen und Ger&#xE4;ten im Hintergrund.  \" class=\"wp-image-7476\" title=\"\" srcset=\"https:\/\/marcinkrokowski.com\/wp-content\/uploads\/2023\/01\/fotorelacja-premiera-procesorow-Intel-w-LAS-72-1200x800.jpg 1200w, https:\/\/marcinkrokowski.com\/wp-content\/uploads\/2023\/01\/fotorelacja-premiera-procesorow-Intel-w-LAS-72-900x600.jpg 900w, https:\/\/marcinkrokowski.com\/wp-content\/uploads\/2023\/01\/fotorelacja-premiera-procesorow-Intel-w-LAS-72-450x300.jpg 450w, https:\/\/marcinkrokowski.com\/wp-content\/uploads\/2023\/01\/fotorelacja-premiera-procesorow-Intel-w-LAS-72.jpg 1920w\" sizes=\"auto, (max-width: 1200px) 100vw, 1200px\" \/><\/figure>\n\n\n\n<figure class=\"wp-block-image size-large\"><img loading=\"lazy\" decoding=\"async\" width=\"1200\" height=\"800\" data-id=\"7477\" src=\"https:\/\/marcinkrokowski.com\/wp-content\/uploads\/2023\/01\/fotorelacja-premiera-procesorow-Intel-w-LAS-73-1200x800.jpg\" alt=\"Ein glatzk&#xF6;pfiger Mann mit Brille ist intensiv mit dem Zusammenbau von Computerkomponenten besch&#xE4;ftigt und schlie&#xDF;t Kabel an ein Netzteil auf einem Schreibtisch an. Ein paar Leute, die vielleicht zu einem Pressebriefing versammelt sind, stehen im Hintergrund und schauen zu, ihre Aufmerksamkeit ist auf etwas anderes gerichtet. \" class=\"wp-image-7477\" title=\"\" srcset=\"https:\/\/marcinkrokowski.com\/wp-content\/uploads\/2023\/01\/fotorelacja-premiera-procesorow-Intel-w-LAS-73-1200x800.jpg 1200w, https:\/\/marcinkrokowski.com\/wp-content\/uploads\/2023\/01\/fotorelacja-premiera-procesorow-Intel-w-LAS-73-900x600.jpg 900w, https:\/\/marcinkrokowski.com\/wp-content\/uploads\/2023\/01\/fotorelacja-premiera-procesorow-Intel-w-LAS-73-450x300.jpg 450w, https:\/\/marcinkrokowski.com\/wp-content\/uploads\/2023\/01\/fotorelacja-premiera-procesorow-Intel-w-LAS-73.jpg 1920w\" sizes=\"auto, (max-width: 1200px) 100vw, 1200px\" \/><\/figure>\n\n\n\n<figure class=\"wp-block-image size-large\"><img loading=\"lazy\" decoding=\"async\" width=\"1200\" height=\"800\" data-id=\"7478\" src=\"https:\/\/marcinkrokowski.com\/wp-content\/uploads\/2023\/01\/fotorelacja-premiera-procesorow-Intel-w-LAS-74-1200x800.jpg\" alt=\"Eine Gruppe von sechs Personen steht herum und konzentriert sich auf etwas Unsichtbares im Vordergrund. Sie scheinen sich in einem modernen, gut beleuchteten B&#xFC;ro oder Arbeitsplatz zu befinden, mit Pflanzen und Regalen im Hintergrund. Vor allem eine Person lehnt sich nach vorne und blickt konzentriert auf ein Objekt, das wie ein Pressegespr&#xE4;ch aussieht.  \" class=\"wp-image-7478\" title=\"\" srcset=\"https:\/\/marcinkrokowski.com\/wp-content\/uploads\/2023\/01\/fotorelacja-premiera-procesorow-Intel-w-LAS-74-1200x800.jpg 1200w, https:\/\/marcinkrokowski.com\/wp-content\/uploads\/2023\/01\/fotorelacja-premiera-procesorow-Intel-w-LAS-74-900x600.jpg 900w, https:\/\/marcinkrokowski.com\/wp-content\/uploads\/2023\/01\/fotorelacja-premiera-procesorow-Intel-w-LAS-74-450x300.jpg 450w, https:\/\/marcinkrokowski.com\/wp-content\/uploads\/2023\/01\/fotorelacja-premiera-procesorow-Intel-w-LAS-74.jpg 1920w\" sizes=\"auto, (max-width: 1200px) 100vw, 1200px\" \/><\/figure>\n\n\n\n<figure class=\"wp-block-image size-large\"><img loading=\"lazy\" decoding=\"async\" width=\"1200\" height=\"800\" data-id=\"7479\" src=\"https:\/\/marcinkrokowski.com\/wp-content\/uploads\/2023\/01\/fotorelacja-premiera-procesorow-Intel-w-LAS-75-1200x800.jpg\" alt=\"Eine Person mit Glatze und Brille baut eine Komponente in ein offenes Desktop-Computergeh&#xE4;use auf einem Holztisch ein. Im Vordergrund erscheint eine verschwommene Person, die vielleicht etwas aus einem Pressegespr&#xE4;ch bespricht. Im Hintergrund stehen Regale mit verschiedenen Gegenst&#xE4;nden und eine gro&#xDF;e Pflanze.  \" class=\"wp-image-7479\" title=\"\" srcset=\"https:\/\/marcinkrokowski.com\/wp-content\/uploads\/2023\/01\/fotorelacja-premiera-procesorow-Intel-w-LAS-75-1200x800.jpg 1200w, https:\/\/marcinkrokowski.com\/wp-content\/uploads\/2023\/01\/fotorelacja-premiera-procesorow-Intel-w-LAS-75-900x600.jpg 900w, https:\/\/marcinkrokowski.com\/wp-content\/uploads\/2023\/01\/fotorelacja-premiera-procesorow-Intel-w-LAS-75-450x300.jpg 450w, https:\/\/marcinkrokowski.com\/wp-content\/uploads\/2023\/01\/fotorelacja-premiera-procesorow-Intel-w-LAS-75.jpg 1920w\" sizes=\"auto, (max-width: 1200px) 100vw, 1200px\" \/><\/figure>\n\n\n\n<figure class=\"wp-block-image size-large\"><img loading=\"lazy\" decoding=\"async\" width=\"1200\" height=\"800\" data-id=\"7480\" src=\"https:\/\/marcinkrokowski.com\/wp-content\/uploads\/2023\/01\/fotorelacja-premiera-procesorow-Intel-w-LAS-76-1200x800.jpg\" alt=\"Auf einem Holztisch baut eine Person ein Netzteil in ein Computergeh&#xE4;use ein, was an die akribischen Vorbereitungen vor einem Pressetermin erinnert. Der Fokus liegt auf den H&#xE4;nden, die das Bauteil in das Geh&#xE4;use f&#xFC;hren, w&#xE4;hrend im Hintergrund Kabel und andere Teile des Computers zu sehen sind. \" class=\"wp-image-7480\" title=\"\" srcset=\"https:\/\/marcinkrokowski.com\/wp-content\/uploads\/2023\/01\/fotorelacja-premiera-procesorow-Intel-w-LAS-76-1200x800.jpg 1200w, https:\/\/marcinkrokowski.com\/wp-content\/uploads\/2023\/01\/fotorelacja-premiera-procesorow-Intel-w-LAS-76-900x600.jpg 900w, https:\/\/marcinkrokowski.com\/wp-content\/uploads\/2023\/01\/fotorelacja-premiera-procesorow-Intel-w-LAS-76-450x300.jpg 450w, https:\/\/marcinkrokowski.com\/wp-content\/uploads\/2023\/01\/fotorelacja-premiera-procesorow-Intel-w-LAS-76.jpg 1920w\" sizes=\"auto, (max-width: 1200px) 100vw, 1200px\" \/><\/figure>\n\n\n\n<figure class=\"wp-block-image size-large\"><img loading=\"lazy\" decoding=\"async\" width=\"1200\" height=\"800\" data-id=\"7482\" src=\"https:\/\/marcinkrokowski.com\/wp-content\/uploads\/2023\/01\/fotorelacja-premiera-procesorow-Intel-w-LAS-78-1200x800.jpg\" alt=\"Ein Mann arbeitet am Zusammenbau eines Computers an einem Tisch, auf dem verschiedene Werkzeuge und Komponenten ausgebreitet sind, als ob er sich auf ein Pressegespr&#xE4;ch vorbereitet. Er konzentriert sich darauf, die Dr&#xE4;hte im Inneren des Computergeh&#xE4;uses zu verbinden. Eine andere Person steht in der N&#xE4;he und beobachtet ihn. Im Hintergrund sind eine gro&#xDF;e Pflanze und ein Schrank zu sehen.   \" class=\"wp-image-7482\" title=\"\" srcset=\"https:\/\/marcinkrokowski.com\/wp-content\/uploads\/2023\/01\/fotorelacja-premiera-procesorow-Intel-w-LAS-78-1200x800.jpg 1200w, https:\/\/marcinkrokowski.com\/wp-content\/uploads\/2023\/01\/fotorelacja-premiera-procesorow-Intel-w-LAS-78-900x600.jpg 900w, https:\/\/marcinkrokowski.com\/wp-content\/uploads\/2023\/01\/fotorelacja-premiera-procesorow-Intel-w-LAS-78-450x300.jpg 450w, https:\/\/marcinkrokowski.com\/wp-content\/uploads\/2023\/01\/fotorelacja-premiera-procesorow-Intel-w-LAS-78.jpg 1920w\" sizes=\"auto, (max-width: 1200px) 100vw, 1200px\" \/><\/figure>\n\n\n\n<figure class=\"wp-block-image size-large\"><img loading=\"lazy\" decoding=\"async\" width=\"1200\" height=\"800\" data-id=\"7483\" src=\"https:\/\/marcinkrokowski.com\/wp-content\/uploads\/2023\/01\/fotorelacja-premiera-procesorow-Intel-w-LAS-79-1200x800.jpg\" alt=\"Eine Person, die eine schwarze Armbanduhr tr&#xE4;gt, wischt ein Computerbauteil mit einem Tuch ab. Das Bauteil hat ein rundes Kupferteil und ein schwarzes Geh&#xE4;use. Im Hintergrund sind weitere Computerteile und unscharfe Figuren zu sehen, die sich vielleicht zu einem Pressetermin versammelt haben.  \" class=\"wp-image-7483\" title=\"\" srcset=\"https:\/\/marcinkrokowski.com\/wp-content\/uploads\/2023\/01\/fotorelacja-premiera-procesorow-Intel-w-LAS-79-1200x800.jpg 1200w, https:\/\/marcinkrokowski.com\/wp-content\/uploads\/2023\/01\/fotorelacja-premiera-procesorow-Intel-w-LAS-79-900x600.jpg 900w, https:\/\/marcinkrokowski.com\/wp-content\/uploads\/2023\/01\/fotorelacja-premiera-procesorow-Intel-w-LAS-79-450x300.jpg 450w, https:\/\/marcinkrokowski.com\/wp-content\/uploads\/2023\/01\/fotorelacja-premiera-procesorow-Intel-w-LAS-79.jpg 1920w\" sizes=\"auto, (max-width: 1200px) 100vw, 1200px\" \/><\/figure>\n<\/figure>\n\n<figure class=\"wp-block-gallery has-nested-images columns-default is-cropped wp-block-gallery-22 is-layout-flex wp-block-gallery-is-layout-flex\">\n<figure class=\"wp-block-image size-medium\"><img loading=\"lazy\" decoding=\"async\" width=\"900\" height=\"1350\" data-id=\"7481\" src=\"https:\/\/marcinkrokowski.com\/wp-content\/uploads\/2023\/01\/fotorelacja-premiera-procesorow-Intel-w-LAS-77-900x1350.jpg\" alt=\"Eine Person mit Brille arbeitet an den internen Komponenten des Computers, w&#xE4;hrend eine andere Person eine Taschenlampe h&#xE4;lt, um den Bereich zu beleuchten. Das Computergeh&#xE4;use wird ge&#xF6;ffnet und gibt den Blick auf das Motherboard, den L&#xFC;fter und andere Hardwarekomponenten frei - fast so faszinierend wie das *Pressegespr&#xE4;ch*, bei dem die neue Technologie vorgestellt wird. \" class=\"wp-image-7481\" title=\"\" srcset=\"https:\/\/marcinkrokowski.com\/wp-content\/uploads\/2023\/01\/fotorelacja-premiera-procesorow-Intel-w-LAS-77-900x1350.jpg 900w, https:\/\/marcinkrokowski.com\/wp-content\/uploads\/2023\/01\/fotorelacja-premiera-procesorow-Intel-w-LAS-77-1200x1800.jpg 1200w, https:\/\/marcinkrokowski.com\/wp-content\/uploads\/2023\/01\/fotorelacja-premiera-procesorow-Intel-w-LAS-77-450x675.jpg 450w, https:\/\/marcinkrokowski.com\/wp-content\/uploads\/2023\/01\/fotorelacja-premiera-procesorow-Intel-w-LAS-77.jpg 1280w\" sizes=\"auto, (max-width: 900px) 100vw, 900px\" \/><\/figure>\n\n\n\n<figure class=\"wp-block-image size-medium\"><img loading=\"lazy\" decoding=\"async\" width=\"900\" height=\"1350\" data-id=\"7484\" src=\"https:\/\/marcinkrokowski.com\/wp-content\/uploads\/2023\/01\/fotorelacja-premiera-procesorow-Intel-w-LAS-80-900x1350.jpg\" alt=\"Nahaufnahme von H&#xE4;nden, die W&#xE4;rmeleitpaste auf einen Prozessor im Inneren eines Computers auftragen, wie bei einer Pressekonferenz. Der Prozessor befindet sich auf der Hauptplatine, umgeben von dunklen Metallelementen, die von der Beleuchtung hervorgehoben werden. Eine Person verwendet eine Spritze, um die W&#xE4;rmeleitpaste gleichm&#xE4;&#xDF;ig zu verteilen.  \" class=\"wp-image-7484\" title=\"\" srcset=\"https:\/\/marcinkrokowski.com\/wp-content\/uploads\/2023\/01\/fotorelacja-premiera-procesorow-Intel-w-LAS-80-900x1350.jpg 900w, https:\/\/marcinkrokowski.com\/wp-content\/uploads\/2023\/01\/fotorelacja-premiera-procesorow-Intel-w-LAS-80-1200x1800.jpg 1200w, https:\/\/marcinkrokowski.com\/wp-content\/uploads\/2023\/01\/fotorelacja-premiera-procesorow-Intel-w-LAS-80-450x675.jpg 450w, https:\/\/marcinkrokowski.com\/wp-content\/uploads\/2023\/01\/fotorelacja-premiera-procesorow-Intel-w-LAS-80.jpg 1280w\" sizes=\"auto, (max-width: 900px) 100vw, 900px\" \/><\/figure>\n<\/figure>\n\n<figure class=\"wp-block-gallery has-nested-images columns-1 is-cropped wp-block-gallery-23 is-layout-flex wp-block-gallery-is-layout-flex\">\n<figure class=\"wp-block-image size-large\"><img loading=\"lazy\" decoding=\"async\" width=\"1200\" height=\"800\" data-id=\"7486\" src=\"https:\/\/marcinkrokowski.com\/wp-content\/uploads\/2023\/01\/fotorelacja-premiera-procesorow-Intel-w-LAS-82-1200x800.jpg\" alt=\"Vier M&#xE4;nner stehen l&#xE4;chelnd in einem gem&#xFC;tlichen Raum mit Holzm&#xF6;beln und gro&#xDF;en Fenstern, als w&#xE4;ren sie bei einem informellen Pressegespr&#xE4;ch. Ein Mann tr&#xE4;gt ein blaues Hemd, ein anderer ein schwarzes T-Shirt und der dritte ein dunkles lang&#xE4;rmeliges Hemd. Sie scheinen sich unbeschwert an einem Tisch mit einigen elektronischen Ger&#xE4;ten zu unterhalten.  \" class=\"wp-image-7486\" title=\"\" srcset=\"https:\/\/marcinkrokowski.com\/wp-content\/uploads\/2023\/01\/fotorelacja-premiera-procesorow-Intel-w-LAS-82-1200x800.jpg 1200w, https:\/\/marcinkrokowski.com\/wp-content\/uploads\/2023\/01\/fotorelacja-premiera-procesorow-Intel-w-LAS-82-900x600.jpg 900w, https:\/\/marcinkrokowski.com\/wp-content\/uploads\/2023\/01\/fotorelacja-premiera-procesorow-Intel-w-LAS-82-450x300.jpg 450w, https:\/\/marcinkrokowski.com\/wp-content\/uploads\/2023\/01\/fotorelacja-premiera-procesorow-Intel-w-LAS-82.jpg 1920w\" sizes=\"auto, (max-width: 1200px) 100vw, 1200px\" \/><\/figure>\n\n\n\n<figure class=\"wp-block-image size-large\"><img loading=\"lazy\" decoding=\"async\" width=\"1200\" height=\"800\" data-id=\"7487\" src=\"https:\/\/marcinkrokowski.com\/wp-content\/uploads\/2023\/01\/fotorelacja-premiera-procesorow-Intel-w-LAS-83-1200x800.jpg\" alt=\"Die drei M&#xE4;nner versammeln sich um den Computer und richten ihre Aufmerksamkeit auf dessen interne Komponenten. Ein Mann benutzt ein Smartphone, vermutlich f&#xFC;r Wegbeschreibungen oder Anweisungen. Ein Tablet im Hintergrund zeigt &quot;Intel&quot; an und erw&#xE4;hnt Intel Core Prozessoren auf Polnisch, als ob es sich um eine improvisierte Pressekonferenz handelt.  \" class=\"wp-image-7487\" title=\"\" srcset=\"https:\/\/marcinkrokowski.com\/wp-content\/uploads\/2023\/01\/fotorelacja-premiera-procesorow-Intel-w-LAS-83-1200x800.jpg 1200w, https:\/\/marcinkrokowski.com\/wp-content\/uploads\/2023\/01\/fotorelacja-premiera-procesorow-Intel-w-LAS-83-900x600.jpg 900w, https:\/\/marcinkrokowski.com\/wp-content\/uploads\/2023\/01\/fotorelacja-premiera-procesorow-Intel-w-LAS-83-450x300.jpg 450w, https:\/\/marcinkrokowski.com\/wp-content\/uploads\/2023\/01\/fotorelacja-premiera-procesorow-Intel-w-LAS-83.jpg 1920w\" sizes=\"auto, (max-width: 1200px) 100vw, 1200px\" \/><\/figure>\n\n\n\n<figure class=\"wp-block-image size-large\"><img loading=\"lazy\" decoding=\"async\" width=\"1200\" height=\"800\" data-id=\"7488\" src=\"https:\/\/marcinkrokowski.com\/wp-content\/uploads\/2023\/01\/fotorelacja-premiera-procesorow-Intel-w-LAS-84-1200x800.jpg\" alt=\"Die schwarze iFixit-Werkzeugrolle liegt offen auf einer h&#xF6;lzernen Oberfl&#xE4;che und zeigt verschiedene Pr&#xE4;zisionswerkzeuge, die ordentlich in F&#xE4;chern angeordnet sind, bereit f&#xFC;r den n&#xE4;chsten Pressetermin. Die Au&#xDF;enseite der Rolle zeigt das iFixit-Logo und ein blaues, kreisf&#xF6;rmiges Emblem mit einem wei&#xDF;en &#039;X&#039;. \" class=\"wp-image-7488\" title=\"\" srcset=\"https:\/\/marcinkrokowski.com\/wp-content\/uploads\/2023\/01\/fotorelacja-premiera-procesorow-Intel-w-LAS-84-1200x800.jpg 1200w, https:\/\/marcinkrokowski.com\/wp-content\/uploads\/2023\/01\/fotorelacja-premiera-procesorow-Intel-w-LAS-84-900x600.jpg 900w, https:\/\/marcinkrokowski.com\/wp-content\/uploads\/2023\/01\/fotorelacja-premiera-procesorow-Intel-w-LAS-84-450x300.jpg 450w, https:\/\/marcinkrokowski.com\/wp-content\/uploads\/2023\/01\/fotorelacja-premiera-procesorow-Intel-w-LAS-84.jpg 1920w\" sizes=\"auto, (max-width: 1200px) 100vw, 1200px\" \/><\/figure>\n\n\n\n<figure class=\"wp-block-image size-large\"><img loading=\"lazy\" decoding=\"async\" width=\"1200\" height=\"800\" data-id=\"7489\" src=\"https:\/\/marcinkrokowski.com\/wp-content\/uploads\/2023\/01\/fotorelacja-premiera-procesorow-Intel-w-LAS-85-1200x800.jpg\" alt=\"Die drei unterhalten sich in einer geselligen Atmosph&#xE4;re, die an ein lebhaftes Pressegespr&#xE4;ch erinnert. Sie scheinen zu l&#xE4;cheln und ihre Drinks zu genie&#xDF;en. Im Hintergrund sind weitere Personen zu sehen, die sich unterhalten. Das deutet auf eine lebhafte Atmosph&#xE4;re in einem Raum mit gro&#xDF;en Fenstern hin, die nat&#xFC;rliches Licht hereinlassen.  \" class=\"wp-image-7489\" title=\"\" srcset=\"https:\/\/marcinkrokowski.com\/wp-content\/uploads\/2023\/01\/fotorelacja-premiera-procesorow-Intel-w-LAS-85-1200x800.jpg 1200w, https:\/\/marcinkrokowski.com\/wp-content\/uploads\/2023\/01\/fotorelacja-premiera-procesorow-Intel-w-LAS-85-900x600.jpg 900w, https:\/\/marcinkrokowski.com\/wp-content\/uploads\/2023\/01\/fotorelacja-premiera-procesorow-Intel-w-LAS-85-450x300.jpg 450w, https:\/\/marcinkrokowski.com\/wp-content\/uploads\/2023\/01\/fotorelacja-premiera-procesorow-Intel-w-LAS-85.jpg 1920w\" sizes=\"auto, (max-width: 1200px) 100vw, 1200px\" \/><\/figure>\n<\/figure>\n\n<figure class=\"wp-block-gallery has-nested-images columns-default is-cropped wp-block-gallery-24 is-layout-flex wp-block-gallery-is-layout-flex\">\n<figure class=\"wp-block-image size-thumbnail\"><img loading=\"lazy\" decoding=\"async\" width=\"450\" height=\"675\" data-id=\"7485\" src=\"https:\/\/marcinkrokowski.com\/wp-content\/uploads\/2023\/01\/fotorelacja-premiera-procesorow-Intel-w-LAS-81-450x675.jpg\" alt=\"Eine Person mit kurzen dunklen Haaren, die ein schwarzes T-Shirt mit roten Zahlen tr&#xE4;gt, l&#xE4;chelt und steht mit der Hand auf dem Kinn in einem hell erleuchteten Raum w&#xE4;hrend eines Pressegespr&#xE4;chs. Im Hintergrund sind unscharfe Lichter und Vorh&#xE4;nge zu sehen. \" class=\"wp-image-7485\" title=\"\" srcset=\"https:\/\/marcinkrokowski.com\/wp-content\/uploads\/2023\/01\/fotorelacja-premiera-procesorow-Intel-w-LAS-81-450x675.jpg 450w, https:\/\/marcinkrokowski.com\/wp-content\/uploads\/2023\/01\/fotorelacja-premiera-procesorow-Intel-w-LAS-81-900x1350.jpg 900w, https:\/\/marcinkrokowski.com\/wp-content\/uploads\/2023\/01\/fotorelacja-premiera-procesorow-Intel-w-LAS-81-1200x1800.jpg 1200w, https:\/\/marcinkrokowski.com\/wp-content\/uploads\/2023\/01\/fotorelacja-premiera-procesorow-Intel-w-LAS-81.jpg 1280w\" sizes=\"auto, (max-width: 450px) 100vw, 450px\" \/><\/figure>\n\n\n\n<figure class=\"wp-block-image size-thumbnail\"><img loading=\"lazy\" decoding=\"async\" width=\"450\" height=\"675\" data-id=\"7490\" src=\"https:\/\/marcinkrokowski.com\/wp-content\/uploads\/2023\/01\/fotorelacja-premiera-procesorow-Intel-w-LAS-86-450x675.jpg\" alt=\"Nahaufnahme einer Hand, die Kabel mit einer Computerkomponente verbindet. Das Foto zeigt Finger, die sorgf&#xE4;ltig Kabel mit der Computerhardware verbinden. Der Fokus liegt auf den komplexen Verbindungen und Schaltkreisen in der Maschine, die an die Vorbereitungen f&#xFC;r eine bevorstehende Pressekonferenz erinnern. Der Hintergrund ist sp&#xE4;rlich beleuchtet.  \" class=\"wp-image-7490\" title=\"\" srcset=\"https:\/\/marcinkrokowski.com\/wp-content\/uploads\/2023\/01\/fotorelacja-premiera-procesorow-Intel-w-LAS-86-450x675.jpg 450w, https:\/\/marcinkrokowski.com\/wp-content\/uploads\/2023\/01\/fotorelacja-premiera-procesorow-Intel-w-LAS-86-900x1350.jpg 900w, https:\/\/marcinkrokowski.com\/wp-content\/uploads\/2023\/01\/fotorelacja-premiera-procesorow-Intel-w-LAS-86-1200x1800.jpg 1200w, https:\/\/marcinkrokowski.com\/wp-content\/uploads\/2023\/01\/fotorelacja-premiera-procesorow-Intel-w-LAS-86.jpg 1280w\" sizes=\"auto, (max-width: 450px) 100vw, 450px\" \/><\/figure>\n\n\n\n<figure class=\"wp-block-image size-thumbnail\"><img loading=\"lazy\" decoding=\"async\" width=\"450\" height=\"675\" data-id=\"7491\" src=\"https:\/\/marcinkrokowski.com\/wp-content\/uploads\/2023\/01\/fotorelacja-premiera-procesorow-Intel-w-LAS-87-450x675.jpg\" alt=\"Eine Person, die einen grauen Pullover und eine Brille tr&#xE4;gt, l&#xE4;chelt und steht an einem kleinen Holztisch mit zwei Gl&#xE4;sern Wasser, angeblich bei einem Pressetermin. Im Hintergrund stehen Regale mit Pflanzen und Dekorationselementen, und zwei teilweise sichtbare Personen unterhalten sich mit ihnen. \" class=\"wp-image-7491\" title=\"\" srcset=\"https:\/\/marcinkrokowski.com\/wp-content\/uploads\/2023\/01\/fotorelacja-premiera-procesorow-Intel-w-LAS-87-450x675.jpg 450w, https:\/\/marcinkrokowski.com\/wp-content\/uploads\/2023\/01\/fotorelacja-premiera-procesorow-Intel-w-LAS-87-900x1350.jpg 900w, https:\/\/marcinkrokowski.com\/wp-content\/uploads\/2023\/01\/fotorelacja-premiera-procesorow-Intel-w-LAS-87-1200x1800.jpg 1200w, https:\/\/marcinkrokowski.com\/wp-content\/uploads\/2023\/01\/fotorelacja-premiera-procesorow-Intel-w-LAS-87.jpg 1280w\" sizes=\"auto, (max-width: 450px) 100vw, 450px\" \/><\/figure>\n<\/figure>\n\n<figure class=\"wp-block-gallery has-nested-images columns-1 is-cropped wp-block-gallery-25 is-layout-flex wp-block-gallery-is-layout-flex\">\n<figure class=\"wp-block-image size-large\"><img loading=\"lazy\" decoding=\"async\" width=\"1200\" height=\"800\" data-id=\"7492\" src=\"https:\/\/marcinkrokowski.com\/wp-content\/uploads\/2023\/01\/fotorelacja-premiera-procesorow-Intel-w-LAS-88-1200x800.jpg\" alt=\"Die Kingston FURY Beast DDR5-Speichermodulpackung ist auf einer Holzoberfl&#xE4;che untergebracht. Auf der Verpackung befinden sich zwei RAM-W&#xFC;rfel mit dem Logo &quot;Kingston FURY&quot;. In der N&#xE4;he, wie auch nach der Pressekonferenz, sind im Hintergrund teilweise Kisten mit anderen Computerkomponenten zu sehen.  \" class=\"wp-image-7492\" title=\"\" srcset=\"https:\/\/marcinkrokowski.com\/wp-content\/uploads\/2023\/01\/fotorelacja-premiera-procesorow-Intel-w-LAS-88-1200x800.jpg 1200w, https:\/\/marcinkrokowski.com\/wp-content\/uploads\/2023\/01\/fotorelacja-premiera-procesorow-Intel-w-LAS-88-900x600.jpg 900w, https:\/\/marcinkrokowski.com\/wp-content\/uploads\/2023\/01\/fotorelacja-premiera-procesorow-Intel-w-LAS-88-450x300.jpg 450w, https:\/\/marcinkrokowski.com\/wp-content\/uploads\/2023\/01\/fotorelacja-premiera-procesorow-Intel-w-LAS-88.jpg 1920w\" sizes=\"auto, (max-width: 1200px) 100vw, 1200px\" \/><\/figure>\n\n\n\n<figure class=\"wp-block-image size-large\"><img loading=\"lazy\" decoding=\"async\" width=\"1200\" height=\"800\" data-id=\"7493\" src=\"https:\/\/marcinkrokowski.com\/wp-content\/uploads\/2023\/01\/fotorelacja-premiera-procesorow-Intel-w-LAS-89-1200x800.jpg\" alt=\"Nahaufnahme eines ge&#xF6;ffneten Computergeh&#xE4;uses mit eingebauten Komponenten, darunter eine sichtbare NVIDIA GeForce RTX Grafikkarte. Unscharfe Bilder im Hintergrund lassen auf eine Pressekonferenz schlie&#xDF;en, bei der eine Person neben anderer Hardware steht. \" class=\"wp-image-7493\" title=\"\" srcset=\"https:\/\/marcinkrokowski.com\/wp-content\/uploads\/2023\/01\/fotorelacja-premiera-procesorow-Intel-w-LAS-89-1200x800.jpg 1200w, https:\/\/marcinkrokowski.com\/wp-content\/uploads\/2023\/01\/fotorelacja-premiera-procesorow-Intel-w-LAS-89-900x600.jpg 900w, https:\/\/marcinkrokowski.com\/wp-content\/uploads\/2023\/01\/fotorelacja-premiera-procesorow-Intel-w-LAS-89-450x300.jpg 450w, https:\/\/marcinkrokowski.com\/wp-content\/uploads\/2023\/01\/fotorelacja-premiera-procesorow-Intel-w-LAS-89.jpg 1920w\" sizes=\"auto, (max-width: 1200px) 100vw, 1200px\" \/><\/figure>\n\n\n\n<figure class=\"wp-block-image size-large\"><img loading=\"lazy\" decoding=\"async\" width=\"1200\" height=\"800\" data-id=\"7494\" src=\"https:\/\/marcinkrokowski.com\/wp-content\/uploads\/2023\/01\/fotorelacja-premiera-procesorow-Intel-w-LAS-90-1200x800.jpg\" alt=\"Eine Sammlung von Hardware-Komponenten auf einem Holzstuhl, darunter ein ASUS ROG Strix Motherboard, ein MSI MPG Series Netzteil, eine Kingston NV1 500 GB SSD, eine Corsair MP400 SSD und ein schwarzes Stromkabel - das erinnert an ein Pressetreffen f&#xFC;r Technikbegeisterte.\" class=\"wp-image-7494\" title=\"\" srcset=\"https:\/\/marcinkrokowski.com\/wp-content\/uploads\/2023\/01\/fotorelacja-premiera-procesorow-Intel-w-LAS-90-1200x800.jpg 1200w, https:\/\/marcinkrokowski.com\/wp-content\/uploads\/2023\/01\/fotorelacja-premiera-procesorow-Intel-w-LAS-90-900x600.jpg 900w, https:\/\/marcinkrokowski.com\/wp-content\/uploads\/2023\/01\/fotorelacja-premiera-procesorow-Intel-w-LAS-90-450x300.jpg 450w, https:\/\/marcinkrokowski.com\/wp-content\/uploads\/2023\/01\/fotorelacja-premiera-procesorow-Intel-w-LAS-90.jpg 1920w\" sizes=\"auto, (max-width: 1200px) 100vw, 1200px\" \/><\/figure>\n\n\n\n<figure class=\"wp-block-image size-large\"><img loading=\"lazy\" decoding=\"async\" width=\"1200\" height=\"800\" data-id=\"7495\" src=\"https:\/\/marcinkrokowski.com\/wp-content\/uploads\/2023\/01\/fotorelacja-premiera-procesorow-Intel-w-LAS-91-1200x800.jpg\" alt=\"Ein glatzk&#xF6;pfiger Mann mit Brille ist damit besch&#xE4;ftigt, einen Computer zusammenzubauen oder zu reparieren. Er ist von Werkzeugen und Teilen umgeben, und das ge&#xF6;ffnete Computergeh&#xE4;use zeigt zahlreiche Dr&#xE4;hte. Im Hintergrund sind gr&#xFC;ne Pflanzen und Holzregale zu sehen, als ob er sich auf ein Pressegespr&#xE4;ch vorbereitet.  \" class=\"wp-image-7495\" title=\"\" srcset=\"https:\/\/marcinkrokowski.com\/wp-content\/uploads\/2023\/01\/fotorelacja-premiera-procesorow-Intel-w-LAS-91-1200x800.jpg 1200w, https:\/\/marcinkrokowski.com\/wp-content\/uploads\/2023\/01\/fotorelacja-premiera-procesorow-Intel-w-LAS-91-900x600.jpg 900w, https:\/\/marcinkrokowski.com\/wp-content\/uploads\/2023\/01\/fotorelacja-premiera-procesorow-Intel-w-LAS-91-450x300.jpg 450w, https:\/\/marcinkrokowski.com\/wp-content\/uploads\/2023\/01\/fotorelacja-premiera-procesorow-Intel-w-LAS-91.jpg 1920w\" sizes=\"auto, (max-width: 1200px) 100vw, 1200px\" \/><\/figure>\n\n\n\n<figure class=\"wp-block-image size-large\"><img loading=\"lazy\" decoding=\"async\" width=\"1200\" height=\"800\" data-id=\"7496\" src=\"https:\/\/marcinkrokowski.com\/wp-content\/uploads\/2023\/01\/fotorelacja-premiera-procesorow-Intel-w-LAS-92-1200x800.jpg\" alt=\"Ein Mann mit einem schwarzen T-Shirt gestikuliert mit seiner rechten Hand. Er steht in einem Raum, der von gro&#xDF;en Gr&#xFC;npflanzen umgeben ist. Vor einem unscharfen Hintergrund sind andere Personen zu sehen, die sich unterhalten, was die lockere und entspannte Atmosph&#xE4;re eines Pressegespr&#xE4;chs andeutet.  \" class=\"wp-image-7496\" title=\"\" srcset=\"https:\/\/marcinkrokowski.com\/wp-content\/uploads\/2023\/01\/fotorelacja-premiera-procesorow-Intel-w-LAS-92-1200x800.jpg 1200w, https:\/\/marcinkrokowski.com\/wp-content\/uploads\/2023\/01\/fotorelacja-premiera-procesorow-Intel-w-LAS-92-900x600.jpg 900w, https:\/\/marcinkrokowski.com\/wp-content\/uploads\/2023\/01\/fotorelacja-premiera-procesorow-Intel-w-LAS-92-450x300.jpg 450w, https:\/\/marcinkrokowski.com\/wp-content\/uploads\/2023\/01\/fotorelacja-premiera-procesorow-Intel-w-LAS-92.jpg 1920w\" sizes=\"auto, (max-width: 1200px) 100vw, 1200px\" \/><\/figure>\n\n\n\n<figure class=\"wp-block-image size-large\"><img loading=\"lazy\" decoding=\"async\" width=\"1200\" height=\"800\" data-id=\"7498\" src=\"https:\/\/marcinkrokowski.com\/wp-content\/uploads\/2023\/01\/fotorelacja-premiera-procesorow-Intel-w-LAS-94-1200x800.jpg\" alt=\"Eine Gruppe von f&#xFC;nf Personen f&#xFC;hrt in einem Raum ein lebhaftes Gespr&#xE4;ch. Vier von ihnen stehen vor einem gro&#xDF;en Bildschirm und einem reflektierenden Rahmen, der an ein Pressegespr&#xE4;ch erinnert, eine Person im Hintergrund arbeitet an einem Tisch. Die Umgebung wirkt zwanglos, aber gesch&#xE4;ftsm&#xE4;&#xDF;ig.  \" class=\"wp-image-7498\" title=\"\" srcset=\"https:\/\/marcinkrokowski.com\/wp-content\/uploads\/2023\/01\/fotorelacja-premiera-procesorow-Intel-w-LAS-94-1200x800.jpg 1200w, https:\/\/marcinkrokowski.com\/wp-content\/uploads\/2023\/01\/fotorelacja-premiera-procesorow-Intel-w-LAS-94-900x600.jpg 900w, https:\/\/marcinkrokowski.com\/wp-content\/uploads\/2023\/01\/fotorelacja-premiera-procesorow-Intel-w-LAS-94-450x300.jpg 450w, https:\/\/marcinkrokowski.com\/wp-content\/uploads\/2023\/01\/fotorelacja-premiera-procesorow-Intel-w-LAS-94.jpg 1920w\" sizes=\"auto, (max-width: 1200px) 100vw, 1200px\" \/><\/figure>\n<\/figure>\n\n<figure class=\"wp-block-gallery has-nested-images columns-default is-cropped wp-block-gallery-26 is-layout-flex wp-block-gallery-is-layout-flex\">\n<figure class=\"wp-block-image size-thumbnail\"><img loading=\"lazy\" decoding=\"async\" width=\"450\" height=\"675\" data-id=\"7497\" src=\"https:\/\/marcinkrokowski.com\/wp-content\/uploads\/2023\/01\/fotorelacja-premiera-procesorow-Intel-w-LAS-93-450x675.jpg\" alt=\"Eine junge Person in einem dunklen Hemd steht konzentriert an einem Laptop an einem Schreibtisch in einem gut beleuchteten Raum mit gro&#xDF;en Fenstern und Vorh&#xE4;ngen und bereitet sich auf ein Pressegespr&#xE4;ch vor. &#xDC;ber ihnen ist eine moderne Pendelleuchte mit f&#xFC;nf Gl&#xFC;hbirnen zu sehen, die ein perfektes Licht wirft. Auf einer Seite des Schreibtischs steht eine kleine Pflanze.  \" class=\"wp-image-7497\" title=\"\" srcset=\"https:\/\/marcinkrokowski.com\/wp-content\/uploads\/2023\/01\/fotorelacja-premiera-procesorow-Intel-w-LAS-93-450x675.jpg 450w, https:\/\/marcinkrokowski.com\/wp-content\/uploads\/2023\/01\/fotorelacja-premiera-procesorow-Intel-w-LAS-93-900x1350.jpg 900w, https:\/\/marcinkrokowski.com\/wp-content\/uploads\/2023\/01\/fotorelacja-premiera-procesorow-Intel-w-LAS-93-1200x1800.jpg 1200w, https:\/\/marcinkrokowski.com\/wp-content\/uploads\/2023\/01\/fotorelacja-premiera-procesorow-Intel-w-LAS-93.jpg 1280w\" sizes=\"auto, (max-width: 450px) 100vw, 450px\" \/><\/figure>\n\n\n\n<figure class=\"wp-block-image size-thumbnail\"><img loading=\"lazy\" decoding=\"async\" width=\"450\" height=\"675\" data-id=\"7499\" src=\"https:\/\/marcinkrokowski.com\/wp-content\/uploads\/2023\/01\/fotorelacja-premiera-procesorow-Intel-w-LAS-95-450x675.jpg\" alt=\"Ein Mann mit Brille und Bart f&#xFC;hrt ein lockeres Pressegespr&#xE4;ch. Er tr&#xE4;gt ein schwarzes T-Shirt und gestikuliert mit seinen H&#xE4;nden. Im Hintergrund sind eine gro&#xDF;e Gr&#xFC;npflanze und eine vage Person zu sehen, die ihm gegen&#xFC;bersteht und eine lockere Atmosph&#xE4;re schafft.  \" class=\"wp-image-7499\" title=\"\" srcset=\"https:\/\/marcinkrokowski.com\/wp-content\/uploads\/2023\/01\/fotorelacja-premiera-procesorow-Intel-w-LAS-95-450x675.jpg 450w, https:\/\/marcinkrokowski.com\/wp-content\/uploads\/2023\/01\/fotorelacja-premiera-procesorow-Intel-w-LAS-95-900x1350.jpg 900w, https:\/\/marcinkrokowski.com\/wp-content\/uploads\/2023\/01\/fotorelacja-premiera-procesorow-Intel-w-LAS-95-1200x1800.jpg 1200w, https:\/\/marcinkrokowski.com\/wp-content\/uploads\/2023\/01\/fotorelacja-premiera-procesorow-Intel-w-LAS-95.jpg 1280w\" sizes=\"auto, (max-width: 450px) 100vw, 450px\" \/><\/figure>\n\n\n\n<figure class=\"wp-block-image size-thumbnail\"><img loading=\"lazy\" decoding=\"async\" width=\"450\" height=\"675\" data-id=\"7500\" src=\"https:\/\/marcinkrokowski.com\/wp-content\/uploads\/2023\/01\/fotorelacja-premiera-procesorow-Intel-w-LAS-96-450x675.jpg\" alt=\"Eine Frau mit blondem Haar, das zu einem unordentlichen Dutt zusammengebunden ist, tr&#xE4;gt ein wei&#xDF;es, in der Taille gebundenes Button-Down-Hemd und dunkle Jeans und l&#xE4;chelt, w&#xE4;hrend sie einen Drink in der Hand h&#xE4;lt. Sie steht in einer gem&#xFC;tlichen Umgebung, die an ein Pressegespr&#xE4;ch erinnert, mit einer anderen Person, die auf einem Stuhl sitzt, und verschiedenen M&#xF6;belst&#xFC;cken im Hintergrund. \" class=\"wp-image-7500\" title=\"\" srcset=\"https:\/\/marcinkrokowski.com\/wp-content\/uploads\/2023\/01\/fotorelacja-premiera-procesorow-Intel-w-LAS-96-450x675.jpg 450w, https:\/\/marcinkrokowski.com\/wp-content\/uploads\/2023\/01\/fotorelacja-premiera-procesorow-Intel-w-LAS-96-900x1350.jpg 900w, https:\/\/marcinkrokowski.com\/wp-content\/uploads\/2023\/01\/fotorelacja-premiera-procesorow-Intel-w-LAS-96-1200x1800.jpg 1200w, https:\/\/marcinkrokowski.com\/wp-content\/uploads\/2023\/01\/fotorelacja-premiera-procesorow-Intel-w-LAS-96.jpg 1280w\" sizes=\"auto, (max-width: 450px) 100vw, 450px\" \/><\/figure>\n<\/figure>\n\n<figure class=\"wp-block-gallery has-nested-images columns-default is-cropped wp-block-gallery-27 is-layout-flex wp-block-gallery-is-layout-flex\">\n<figure class=\"wp-block-image size-medium\"><img loading=\"lazy\" decoding=\"async\" width=\"900\" height=\"1350\" data-id=\"7501\" src=\"https:\/\/marcinkrokowski.com\/wp-content\/uploads\/2023\/01\/fotorelacja-premiera-procesorow-Intel-w-LAS-97-900x1350.jpg\" alt=\"Nahaufnahme der R&#xFC;ckseite eines Computermonitors, auf der der rote Einschaltknopf zu sehen ist. Der Hintergrund ist unscharf und zeigt eine farbige, hintergrundbeleuchtete Tastatur auf einem Holztisch, der an eine Pressekonferenz erinnert, sowie einige unscharfe Elemente auf der linken Seite. \" class=\"wp-image-7501\" title=\"\" srcset=\"https:\/\/marcinkrokowski.com\/wp-content\/uploads\/2023\/01\/fotorelacja-premiera-procesorow-Intel-w-LAS-97-900x1350.jpg 900w, https:\/\/marcinkrokowski.com\/wp-content\/uploads\/2023\/01\/fotorelacja-premiera-procesorow-Intel-w-LAS-97-1200x1800.jpg 1200w, https:\/\/marcinkrokowski.com\/wp-content\/uploads\/2023\/01\/fotorelacja-premiera-procesorow-Intel-w-LAS-97-450x675.jpg 450w, https:\/\/marcinkrokowski.com\/wp-content\/uploads\/2023\/01\/fotorelacja-premiera-procesorow-Intel-w-LAS-97.jpg 1280w\" sizes=\"auto, (max-width: 900px) 100vw, 900px\" \/><\/figure>\n\n\n\n<figure class=\"wp-block-image size-medium\"><img loading=\"lazy\" decoding=\"async\" width=\"900\" height=\"1350\" data-id=\"7502\" src=\"https:\/\/marcinkrokowski.com\/wp-content\/uploads\/2023\/01\/fotorelacja-premiera-procesorow-Intel-w-LAS-98-900x1350.jpg\" alt=\"Das Highlight ist der Desktop-Tower mit einer offenen Seitenwand, auf der die internen Komponenten zu sehen sind, fast wie bei einem Pressebriefing. Zu sehen sind der gro&#xDF;e L&#xFC;fter, die GeForce RTX Grafikkarte, die farbige RGB-Beleuchtung und die ordentliche Verkabelung. Das Geh&#xE4;use tr&#xE4;gt den Schriftzug &quot;be Quiet!&quot; auf der Vorderseite.\" class=\"wp-image-7502\" title=\"\" srcset=\"https:\/\/marcinkrokowski.com\/wp-content\/uploads\/2023\/01\/fotorelacja-premiera-procesorow-Intel-w-LAS-98-900x1350.jpg 900w, https:\/\/marcinkrokowski.com\/wp-content\/uploads\/2023\/01\/fotorelacja-premiera-procesorow-Intel-w-LAS-98-1200x1800.jpg 1200w, https:\/\/marcinkrokowski.com\/wp-content\/uploads\/2023\/01\/fotorelacja-premiera-procesorow-Intel-w-LAS-98-450x675.jpg 450w, https:\/\/marcinkrokowski.com\/wp-content\/uploads\/2023\/01\/fotorelacja-premiera-procesorow-Intel-w-LAS-98.jpg 1280w\" sizes=\"auto, (max-width: 900px) 100vw, 900px\" \/><\/figure>\n<\/figure>\n\n<figure class=\"wp-block-gallery has-nested-images columns-1 is-cropped wp-block-gallery-28 is-layout-flex wp-block-gallery-is-layout-flex\">\n<figure class=\"wp-block-image size-large\"><img loading=\"lazy\" decoding=\"async\" width=\"1200\" height=\"800\" data-id=\"7503\" src=\"https:\/\/marcinkrokowski.com\/wp-content\/uploads\/2023\/01\/fotorelacja-premiera-procesorow-Intel-w-LAS-99-1200x800.jpg\" alt=\"Eine Person mit Brille und dunkler Kleidung arbeitet im Inneren eines Computerturms und konzentriert sich auf dessen Elemente. Die Hand einer anderen Person, die ein Werkzeug h&#xE4;lt, hilft von oben. Die Szene wird von warmem Licht beleuchtet, das an ein intimes Pressegespr&#xE4;ch erinnert.  \" class=\"wp-image-7503\" title=\"\" srcset=\"https:\/\/marcinkrokowski.com\/wp-content\/uploads\/2023\/01\/fotorelacja-premiera-procesorow-Intel-w-LAS-99-1200x800.jpg 1200w, https:\/\/marcinkrokowski.com\/wp-content\/uploads\/2023\/01\/fotorelacja-premiera-procesorow-Intel-w-LAS-99-900x600.jpg 900w, https:\/\/marcinkrokowski.com\/wp-content\/uploads\/2023\/01\/fotorelacja-premiera-procesorow-Intel-w-LAS-99-450x300.jpg 450w, https:\/\/marcinkrokowski.com\/wp-content\/uploads\/2023\/01\/fotorelacja-premiera-procesorow-Intel-w-LAS-99.jpg 1920w\" sizes=\"auto, (max-width: 1200px) 100vw, 1200px\" \/><\/figure>\n\n\n\n<figure class=\"wp-block-image size-large\"><img loading=\"lazy\" decoding=\"async\" width=\"1200\" height=\"800\" data-id=\"7504\" src=\"https:\/\/marcinkrokowski.com\/wp-content\/uploads\/2023\/01\/fotorelacja-premiera-procesorow-Intel-w-LAS-100-1200x800.jpg\" alt=\"Nahaufnahme der Oberseite eines schwarzen Computer-Towers mit mehreren USB-Anschl&#xFC;ssen, einer blau beleuchteten Power-Taste und dem &quot;be Quiet!&quot;-Logo. Eine farbenfrohe RGB-Tastatur mit Hintergrundbeleuchtung und unscharfen bunten Lichtern ist w&#xE4;hrend der Pressekonferenz teilweise im Hintergrund zu sehen.\" class=\"wp-image-7504\" title=\"\" srcset=\"https:\/\/marcinkrokowski.com\/wp-content\/uploads\/2023\/01\/fotorelacja-premiera-procesorow-Intel-w-LAS-100-1200x800.jpg 1200w, https:\/\/marcinkrokowski.com\/wp-content\/uploads\/2023\/01\/fotorelacja-premiera-procesorow-Intel-w-LAS-100-900x600.jpg 900w, https:\/\/marcinkrokowski.com\/wp-content\/uploads\/2023\/01\/fotorelacja-premiera-procesorow-Intel-w-LAS-100-450x300.jpg 450w, https:\/\/marcinkrokowski.com\/wp-content\/uploads\/2023\/01\/fotorelacja-premiera-procesorow-Intel-w-LAS-100.jpg 1920w\" sizes=\"auto, (max-width: 1200px) 100vw, 1200px\" \/><\/figure>\n\n\n\n<figure class=\"wp-block-image size-large\"><img loading=\"lazy\" decoding=\"async\" width=\"1200\" height=\"800\" data-id=\"7505\" src=\"https:\/\/marcinkrokowski.com\/wp-content\/uploads\/2023\/01\/fotorelacja-premiera-procesorow-Intel-w-LAS-101-1200x800.jpg\" alt=\"Drei Personen sind um einen Tisch versammelt und konzentrieren sich auf einen Laptop-Bildschirm, auf dem ein Dokument angezeigt wird, vielleicht &#xFC;ber ein bevorstehendes Pressegespr&#xE4;ch. Die Umgebung scheint ein informeller Konferenzraum mit Holzm&#xF6;beln und Topfpflanzen auf Regalen und Fensterb&#xE4;nken zu sein. Eine Person deutet auf den Laptop-Bildschirm.  \" class=\"wp-image-7505\" title=\"\" srcset=\"https:\/\/marcinkrokowski.com\/wp-content\/uploads\/2023\/01\/fotorelacja-premiera-procesorow-Intel-w-LAS-101-1200x800.jpg 1200w, https:\/\/marcinkrokowski.com\/wp-content\/uploads\/2023\/01\/fotorelacja-premiera-procesorow-Intel-w-LAS-101-900x600.jpg 900w, https:\/\/marcinkrokowski.com\/wp-content\/uploads\/2023\/01\/fotorelacja-premiera-procesorow-Intel-w-LAS-101-450x300.jpg 450w, https:\/\/marcinkrokowski.com\/wp-content\/uploads\/2023\/01\/fotorelacja-premiera-procesorow-Intel-w-LAS-101.jpg 1920w\" sizes=\"auto, (max-width: 1200px) 100vw, 1200px\" \/><\/figure>\n\n\n\n<figure class=\"wp-block-image size-large\"><img loading=\"lazy\" decoding=\"async\" width=\"1200\" height=\"800\" data-id=\"7506\" src=\"https:\/\/marcinkrokowski.com\/wp-content\/uploads\/2023\/01\/fotorelacja-premiera-procesorow-Intel-w-LAS-102-1200x800.jpg\" alt=\"Zwei Personen untersuchen die internen Komponenten eines Desktop-Computers. Eine Person h&#xE4;lt ein Smartphone mit sichtbarem Bildschirm, w&#xE4;hrend die andere Person ein anderes Smartphone als Lichtquelle zu verwenden scheint. Im Inneren des Computers ist eine GeForce RTX-Grafikkarte zu sehen, was an Technikbegeisterte bei einer Pressekonferenz erinnert.  \" class=\"wp-image-7506\" title=\"\" srcset=\"https:\/\/marcinkrokowski.com\/wp-content\/uploads\/2023\/01\/fotorelacja-premiera-procesorow-Intel-w-LAS-102-1200x800.jpg 1200w, https:\/\/marcinkrokowski.com\/wp-content\/uploads\/2023\/01\/fotorelacja-premiera-procesorow-Intel-w-LAS-102-900x600.jpg 900w, https:\/\/marcinkrokowski.com\/wp-content\/uploads\/2023\/01\/fotorelacja-premiera-procesorow-Intel-w-LAS-102-450x300.jpg 450w, https:\/\/marcinkrokowski.com\/wp-content\/uploads\/2023\/01\/fotorelacja-premiera-procesorow-Intel-w-LAS-102.jpg 1920w\" sizes=\"auto, (max-width: 1200px) 100vw, 1200px\" \/><\/figure>\n\n\n\n<figure class=\"wp-block-image size-large\"><img loading=\"lazy\" decoding=\"async\" width=\"1200\" height=\"800\" data-id=\"7507\" src=\"https:\/\/marcinkrokowski.com\/wp-content\/uploads\/2023\/01\/fotorelacja-premiera-procesorow-Intel-w-LAS-103-1200x800.jpg\" alt=\"Eine Gruppe von Menschen, die um einen Schreibtisch in einem B&#xFC;ro versammelt sind und auf einen Computermonitor blicken. Einige stehen und beugen sich vor, um den Bildschirm genau zu betrachten, als ob sie sich auf ein Pressegespr&#xE4;ch vorbereiten. Der Raum ist mit Pflanzen und modernen M&#xF6;beln dekoriert, die eine ungezwungene Atmosph&#xE4;re f&#xFC;r die Zusammenarbeit schaffen.  \" class=\"wp-image-7507\" title=\"\" srcset=\"https:\/\/marcinkrokowski.com\/wp-content\/uploads\/2023\/01\/fotorelacja-premiera-procesorow-Intel-w-LAS-103-1200x800.jpg 1200w, https:\/\/marcinkrokowski.com\/wp-content\/uploads\/2023\/01\/fotorelacja-premiera-procesorow-Intel-w-LAS-103-900x600.jpg 900w, https:\/\/marcinkrokowski.com\/wp-content\/uploads\/2023\/01\/fotorelacja-premiera-procesorow-Intel-w-LAS-103-450x300.jpg 450w, https:\/\/marcinkrokowski.com\/wp-content\/uploads\/2023\/01\/fotorelacja-premiera-procesorow-Intel-w-LAS-103.jpg 1920w\" sizes=\"auto, (max-width: 1200px) 100vw, 1200px\" \/><\/figure>\n\n\n\n<figure class=\"wp-block-image size-large\"><img loading=\"lazy\" decoding=\"async\" width=\"1200\" height=\"800\" data-id=\"7509\" src=\"https:\/\/marcinkrokowski.com\/wp-content\/uploads\/2023\/01\/fotorelacja-premiera-procesorow-Intel-w-LAS-105-1200x800.jpg\" alt=\"Eine Gruppe von f&#xFC;nf Personen, vier M&#xE4;nner und eine Frau, versammelt sich um einen gro&#xDF;en Computermonitor. Sie sind in eine Diskussion vertieft und wirken konzentriert und nachdenklich. Im Hintergrund sind eine gro&#xDF;e Pflanze und verschiedene Gegenst&#xE4;nde auf dem Schreibtisch verstreut und schaffen eine Atmosph&#xE4;re, die an ein Pressegespr&#xE4;ch erinnert.  \" class=\"wp-image-7509\" title=\"\" srcset=\"https:\/\/marcinkrokowski.com\/wp-content\/uploads\/2023\/01\/fotorelacja-premiera-procesorow-Intel-w-LAS-105-1200x800.jpg 1200w, https:\/\/marcinkrokowski.com\/wp-content\/uploads\/2023\/01\/fotorelacja-premiera-procesorow-Intel-w-LAS-105-900x600.jpg 900w, https:\/\/marcinkrokowski.com\/wp-content\/uploads\/2023\/01\/fotorelacja-premiera-procesorow-Intel-w-LAS-105-450x300.jpg 450w, https:\/\/marcinkrokowski.com\/wp-content\/uploads\/2023\/01\/fotorelacja-premiera-procesorow-Intel-w-LAS-105.jpg 1920w\" sizes=\"auto, (max-width: 1200px) 100vw, 1200px\" \/><\/figure>\n<\/figure>\n\n<figure class=\"wp-block-gallery has-nested-images columns-default is-cropped wp-block-gallery-29 is-layout-flex wp-block-gallery-is-layout-flex\">\n<figure class=\"wp-block-image size-medium\"><img loading=\"lazy\" decoding=\"async\" width=\"900\" height=\"1350\" data-id=\"7508\" src=\"https:\/\/marcinkrokowski.com\/wp-content\/uploads\/2023\/01\/fotorelacja-premiera-procesorow-Intel-w-LAS-104-900x1350.jpg\" alt=\"Eine Nahaufnahme eines ge&#xF6;ffneten Desktop-PC-Geh&#xE4;uses zeigt die internen Komponenten wie das Motherboard, die L&#xFC;fter, die Stromkabel und die Schl&#xE4;uche zur Fl&#xFC;ssigkeitsk&#xFC;hlung. Die Konfiguration umfasst verschiedene Hardwarekomponenten f&#xFC;r die K&#xFC;hlung und Verarbeitung - stellen Sie sich das auf einer High-Tech-Pressekonferenz vor. \" class=\"wp-image-7508\" title=\"\" srcset=\"https:\/\/marcinkrokowski.com\/wp-content\/uploads\/2023\/01\/fotorelacja-premiera-procesorow-Intel-w-LAS-104-900x1350.jpg 900w, https:\/\/marcinkrokowski.com\/wp-content\/uploads\/2023\/01\/fotorelacja-premiera-procesorow-Intel-w-LAS-104-1200x1800.jpg 1200w, https:\/\/marcinkrokowski.com\/wp-content\/uploads\/2023\/01\/fotorelacja-premiera-procesorow-Intel-w-LAS-104-450x675.jpg 450w, https:\/\/marcinkrokowski.com\/wp-content\/uploads\/2023\/01\/fotorelacja-premiera-procesorow-Intel-w-LAS-104.jpg 1280w\" sizes=\"auto, (max-width: 900px) 100vw, 900px\" \/><\/figure>\n\n\n\n<figure class=\"wp-block-image size-medium\"><img loading=\"lazy\" decoding=\"async\" width=\"900\" height=\"1350\" data-id=\"7510\" src=\"https:\/\/marcinkrokowski.com\/wp-content\/uploads\/2023\/01\/fotorelacja-premiera-procesorow-Intel-w-LAS-106-900x1350.jpg\" alt=\"Eine Vielzahl von Computer-Hardware-Komponenten und Zubeh&#xF6;r, darunter verpackte Intel-Prozessoren und ASUS ROG-Grafikkarten, werden w&#xE4;hrend der Pressekonferenz auf einem Ausstellungstisch pr&#xE4;sentiert. Hinter dem Tisch wirbt ein Banner mit dem Intel-Logo f&#xFC;r die 12. Generation der Core-Desktop-Prozessoren von Intel.  \" class=\"wp-image-7510\" title=\"\" srcset=\"https:\/\/marcinkrokowski.com\/wp-content\/uploads\/2023\/01\/fotorelacja-premiera-procesorow-Intel-w-LAS-106-900x1350.jpg 900w, https:\/\/marcinkrokowski.com\/wp-content\/uploads\/2023\/01\/fotorelacja-premiera-procesorow-Intel-w-LAS-106-1200x1800.jpg 1200w, https:\/\/marcinkrokowski.com\/wp-content\/uploads\/2023\/01\/fotorelacja-premiera-procesorow-Intel-w-LAS-106-450x675.jpg 450w, https:\/\/marcinkrokowski.com\/wp-content\/uploads\/2023\/01\/fotorelacja-premiera-procesorow-Intel-w-LAS-106.jpg 1280w\" sizes=\"auto, (max-width: 900px) 100vw, 900px\" \/><\/figure>\n<\/figure>\n\n<figure class=\"wp-block-gallery has-nested-images columns-default is-cropped wp-block-gallery-30 is-layout-flex wp-block-gallery-is-layout-flex\">\n<figure class=\"wp-block-image size-large\"><img loading=\"lazy\" decoding=\"async\" width=\"1200\" height=\"800\" data-id=\"7511\" src=\"https:\/\/marcinkrokowski.com\/wp-content\/uploads\/2023\/01\/fotorelacja-premiera-procesorow-Intel-w-LAS-107-1200x800.jpg\" alt=\"Ein rundes schwarzes Schild mit wei&#xDF;en neonartigen Buchstaben ist an einer hellen Wand angebracht. In der Mitte des Schildes stehen die Buchstaben &#039;AS&#039; und rundherum die Aufschrift &#039;LOKALE ATTRAKTION DER STADT&#039;. Die Bl&#xE4;tter rahmen das Bild teilweise ein und lassen es wie die perfekte Kulisse f&#xFC;r ein Pressegespr&#xE4;ch aussehen.  \" class=\"wp-image-7511\" title=\"\" srcset=\"https:\/\/marcinkrokowski.com\/wp-content\/uploads\/2023\/01\/fotorelacja-premiera-procesorow-Intel-w-LAS-107-1200x800.jpg 1200w, https:\/\/marcinkrokowski.com\/wp-content\/uploads\/2023\/01\/fotorelacja-premiera-procesorow-Intel-w-LAS-107-900x600.jpg 900w, https:\/\/marcinkrokowski.com\/wp-content\/uploads\/2023\/01\/fotorelacja-premiera-procesorow-Intel-w-LAS-107-450x300.jpg 450w, https:\/\/marcinkrokowski.com\/wp-content\/uploads\/2023\/01\/fotorelacja-premiera-procesorow-Intel-w-LAS-107.jpg 1920w\" sizes=\"auto, (max-width: 1200px) 100vw, 1200px\" \/><\/figure>\n<\/figure>\n","protected":false},"excerpt":{"rendered":"<p>Als erfahrener Fotograf f\u00fcr Presseveranstaltungenbin ich bereit, jedes Ereignis einzufangen, das professionelle Fotografie erfordert. Im Laufe der Jahre hatte ich die Gelegenheit, eine Vielzahl von<\/p>\n","protected":false},"author":1,"featured_media":20681,"parent":0,"comment_status":"open","ping_status":"closed","template":"","kategoria_portfolio":[70],"class_list":["post-20636","portfolio","type-portfolio","status-publish","has-post-thumbnail","hentry","kategoria_portfolio-treffen-mit-der-presse","infinite-scroll-item","generate-columns","tablet-grid-50","mobile-grid-100","grid-parent","grid-33"],"featured_image_urls_v2":{"full":["https:\/\/marcinkrokowski.com\/wp-content\/uploads\/2023\/01\/fotorelacja-premiera-procesorow-Intel-w-LAS-45.jpg",1920,1280,false],"thumbnail":["https:\/\/marcinkrokowski.com\/wp-content\/uploads\/2023\/01\/fotorelacja-premiera-procesorow-Intel-w-LAS-45-450x300.jpg",450,300,true],"medium":["https:\/\/marcinkrokowski.com\/wp-content\/uploads\/2023\/01\/fotorelacja-premiera-procesorow-Intel-w-LAS-45-900x600.jpg",900,600,true],"medium_large":["https:\/\/marcinkrokowski.com\/wp-content\/uploads\/2023\/01\/fotorelacja-premiera-procesorow-Intel-w-LAS-45.jpg",768,512,false],"large":["https:\/\/marcinkrokowski.com\/wp-content\/uploads\/2023\/01\/fotorelacja-premiera-procesorow-Intel-w-LAS-45-1200x800.jpg",1200,800,true],"1536x1536":["https:\/\/marcinkrokowski.com\/wp-content\/uploads\/2023\/01\/fotorelacja-premiera-procesorow-Intel-w-LAS-45.jpg",1536,1024,false],"2048x2048":["https:\/\/marcinkrokowski.com\/wp-content\/uploads\/2023\/01\/fotorelacja-premiera-procesorow-Intel-w-LAS-45.jpg",1920,1280,false],"gform-image-choice-sm":["https:\/\/marcinkrokowski.com\/wp-content\/uploads\/2023\/01\/fotorelacja-premiera-procesorow-Intel-w-LAS-45.jpg",300,200,false],"gform-image-choice-md":["https:\/\/marcinkrokowski.com\/wp-content\/uploads\/2023\/01\/fotorelacja-premiera-procesorow-Intel-w-LAS-45.jpg",400,267,false],"gform-image-choice-lg":["https:\/\/marcinkrokowski.com\/wp-content\/uploads\/2023\/01\/fotorelacja-premiera-procesorow-Intel-w-LAS-45.jpg",600,400,false]},"post_excerpt_stackable_v2":"<p>Als erfahrener Fotograf f\u00fcr Presseveranstaltungenbin ich bereit, jedes Ereignis einzufangen, das professionelle Fotografie erfordert. Im Laufe der Jahre hatte ich die Gelegenheit, eine Vielzahl von Veranstaltungen zu fotografieren, darunter Filmpremieren, Konzerte, Konferenzen und nat\u00fcrlich Pressegespr\u00e4che. Meine Liebe zur Fotografie begann schon als Kind, als ich die Freude daran entdeckte, fl\u00fcchtige Momente festzuhalten und bleibende Erinnerungen zu schaffen. Ich entwickle meine F\u00e4higkeiten st\u00e4ndig weiter und halte mich mit neuen fotografischen Techniken und Tools auf dem Laufenden. Pressegespr\u00e4ch bei der Attraktion Local Capital Eines meiner letzten Projekte war das Fotografieren eines Pressebriefings in einer lokalen Hauptstadtattraktion w\u00e4hrend der Einf\u00fchrung der neuen 12&#8230;.<\/p>\n","category_list_v2":"","author_info_v2":{"name":"Marcin","url":"https:\/\/marcinkrokowski.com\/de\/author\/marcinkompele_k2gxbthi\/"},"comments_num_v2":"0 comments","_links":{"self":[{"href":"https:\/\/marcinkrokowski.com\/de\/wp-json\/wp\/v2\/portfolio\/20636","targetHints":{"allow":["GET"]}}],"collection":[{"href":"https:\/\/marcinkrokowski.com\/de\/wp-json\/wp\/v2\/portfolio"}],"about":[{"href":"https:\/\/marcinkrokowski.com\/de\/wp-json\/wp\/v2\/types\/portfolio"}],"author":[{"embeddable":true,"href":"https:\/\/marcinkrokowski.com\/de\/wp-json\/wp\/v2\/users\/1"}],"replies":[{"embeddable":true,"href":"https:\/\/marcinkrokowski.com\/de\/wp-json\/wp\/v2\/comments?post=20636"}],"version-history":[{"count":2,"href":"https:\/\/marcinkrokowski.com\/de\/wp-json\/wp\/v2\/portfolio\/20636\/revisions"}],"predecessor-version":[{"id":22226,"href":"https:\/\/marcinkrokowski.com\/de\/wp-json\/wp\/v2\/portfolio\/20636\/revisions\/22226"}],"wp:featuredmedia":[{"embeddable":true,"href":"https:\/\/marcinkrokowski.com\/de\/wp-json\/wp\/v2\/media\/20681"}],"wp:attachment":[{"href":"https:\/\/marcinkrokowski.com\/de\/wp-json\/wp\/v2\/media?parent=20636"}],"wp:term":[{"taxonomy":"kategoria_portfolio","embeddable":true,"href":"https:\/\/marcinkrokowski.com\/de\/wp-json\/wp\/v2\/kategoria_portfolio?post=20636"}],"curies":[{"name":"wp","href":"https:\/\/api.w.org\/{rel}","templated":true}]}}