{"id":20135,"date":"2018-04-02T14:00:00","date_gmt":"2018-04-02T12:00:00","guid":{"rendered":"https:\/\/marcinkrokowski.com\/portfolio\/eroeffnung-der-temporaeren-kunstgalerie\/"},"modified":"2025-09-04T17:49:37","modified_gmt":"2025-09-04T15:49:37","slug":"eroeffnung-der-temporaeren-kunstgalerie","status":"publish","type":"portfolio","link":"https:\/\/marcinkrokowski.com\/de\/portfolio\/eroeffnung-der-temporaeren-kunstgalerie\/","title":{"rendered":"Er\u00f6ffnung der &#8222;Tempor\u00e4ren&#8220; Kunstgalerie"},"content":{"rendered":"\n<p>2018 wurde im Business Garden Warsaw eine tempor\u00e4re Kunstgalerie mit dem Namen &#8218;Temporary&#8216; er\u00f6ffnet, um die Verg\u00e4nglichkeit zu unterstreichen. W\u00e4hrend ihrer Dauer hatten viele K\u00fcnstler die Gelegenheit, ihre Werke vorzubereiten. Ich hatte die Gelegenheit, die Er\u00f6ffnung der Galerie an ihrem allerersten Tag zu fotografieren.  <\/p>\n\n<figure class=\"wp-block-gallery has-nested-images columns-1 wp-block-gallery-1 is-layout-flex wp-block-gallery-is-layout-flex\">\n<figure class=\"wp-block-image size-medium\"><img loading=\"lazy\" decoding=\"async\" width=\"900\" height=\"600\" data-id=\"2718\" src=\"https:\/\/marcinkrokowski.com\/wp-content\/uploads\/2022\/04\/fotograf-na-otwarcie-galerii-tymczasowa-3-900x600.jpg\" alt=\"Fotograf f&#xFC;r die Er&#xF6;ffnung der Tempor&#xE4;ren Galerie in Warschau\" class=\"wp-image-2718\" title=\"\" srcset=\"https:\/\/marcinkrokowski.com\/wp-content\/uploads\/2022\/04\/fotograf-na-otwarcie-galerii-tymczasowa-3-900x600.jpg 900w, https:\/\/marcinkrokowski.com\/wp-content\/uploads\/2022\/04\/fotograf-na-otwarcie-galerii-tymczasowa-3-1200x801.jpg 1200w, https:\/\/marcinkrokowski.com\/wp-content\/uploads\/2022\/04\/fotograf-na-otwarcie-galerii-tymczasowa-3-450x300.jpg 450w, https:\/\/marcinkrokowski.com\/wp-content\/uploads\/2022\/04\/fotograf-na-otwarcie-galerii-tymczasowa-3.jpg 1920w\" sizes=\"auto, (max-width: 900px) 100vw, 900px\" \/><\/figure>\n\n\n\n<figure class=\"wp-block-image size-medium\"><img loading=\"lazy\" decoding=\"async\" width=\"900\" height=\"600\" data-id=\"2717\" src=\"https:\/\/marcinkrokowski.com\/wp-content\/uploads\/2022\/04\/fotograf-na-otwarcie-galerii-tymczasowa-2-900x600.jpg\" alt=\"Vor&#xFC;bergehend\" class=\"wp-image-2717\" title=\"\" srcset=\"https:\/\/marcinkrokowski.com\/wp-content\/uploads\/2022\/04\/fotograf-na-otwarcie-galerii-tymczasowa-2-900x600.jpg 900w, https:\/\/marcinkrokowski.com\/wp-content\/uploads\/2022\/04\/fotograf-na-otwarcie-galerii-tymczasowa-2-1200x801.jpg 1200w, https:\/\/marcinkrokowski.com\/wp-content\/uploads\/2022\/04\/fotograf-na-otwarcie-galerii-tymczasowa-2-450x300.jpg 450w, https:\/\/marcinkrokowski.com\/wp-content\/uploads\/2022\/04\/fotograf-na-otwarcie-galerii-tymczasowa-2.jpg 1920w\" sizes=\"auto, (max-width: 900px) 100vw, 900px\" \/><\/figure>\n\n\n\n<figure class=\"wp-block-image size-medium\"><img loading=\"lazy\" decoding=\"async\" width=\"900\" height=\"601\" data-id=\"2719\" src=\"https:\/\/marcinkrokowski.com\/wp-content\/uploads\/2022\/04\/fotograf-na-otwarcie-galerii-tymczasowa-4-900x601.jpg\" alt=\"Kunstgalerie in WArszawa Innenaufnahmen\" class=\"wp-image-2719\" title=\"\" srcset=\"https:\/\/marcinkrokowski.com\/wp-content\/uploads\/2022\/04\/fotograf-na-otwarcie-galerii-tymczasowa-4-900x601.jpg 900w, https:\/\/marcinkrokowski.com\/wp-content\/uploads\/2022\/04\/fotograf-na-otwarcie-galerii-tymczasowa-4-1200x801.jpg 1200w, https:\/\/marcinkrokowski.com\/wp-content\/uploads\/2022\/04\/fotograf-na-otwarcie-galerii-tymczasowa-4-450x300.jpg 450w, https:\/\/marcinkrokowski.com\/wp-content\/uploads\/2022\/04\/fotograf-na-otwarcie-galerii-tymczasowa-4.jpg 1920w\" sizes=\"auto, (max-width: 900px) 100vw, 900px\" \/><\/figure>\n\n\n\n<figure class=\"wp-block-image size-medium\"><img loading=\"lazy\" decoding=\"async\" width=\"900\" height=\"600\" data-id=\"2720\" src=\"https:\/\/marcinkrokowski.com\/wp-content\/uploads\/2022\/04\/fotograf-na-otwarcie-galerii-tymczasowa-5-900x600.jpg\" alt=\"Kunstgalerie in WArszawa Innenaufnahmen\" class=\"wp-image-2720\" title=\"\" srcset=\"https:\/\/marcinkrokowski.com\/wp-content\/uploads\/2022\/04\/fotograf-na-otwarcie-galerii-tymczasowa-5-900x600.jpg 900w, https:\/\/marcinkrokowski.com\/wp-content\/uploads\/2022\/04\/fotograf-na-otwarcie-galerii-tymczasowa-5-1200x801.jpg 1200w, https:\/\/marcinkrokowski.com\/wp-content\/uploads\/2022\/04\/fotograf-na-otwarcie-galerii-tymczasowa-5-450x300.jpg 450w, https:\/\/marcinkrokowski.com\/wp-content\/uploads\/2022\/04\/fotograf-na-otwarcie-galerii-tymczasowa-5.jpg 1920w\" sizes=\"auto, (max-width: 900px) 100vw, 900px\" \/><\/figure>\n\n\n\n<figure class=\"wp-block-image size-medium\"><img loading=\"lazy\" decoding=\"async\" width=\"900\" height=\"600\" data-id=\"2721\" src=\"https:\/\/marcinkrokowski.com\/wp-content\/uploads\/2022\/04\/fotograf-na-otwarcie-galerii-tymczasowa-6-900x600.jpg\" alt=\"Kunstgalerie in WArszawa Innenaufnahmen\" class=\"wp-image-2721\" title=\"\" srcset=\"https:\/\/marcinkrokowski.com\/wp-content\/uploads\/2022\/04\/fotograf-na-otwarcie-galerii-tymczasowa-6-900x600.jpg 900w, https:\/\/marcinkrokowski.com\/wp-content\/uploads\/2022\/04\/fotograf-na-otwarcie-galerii-tymczasowa-6-1200x801.jpg 1200w, https:\/\/marcinkrokowski.com\/wp-content\/uploads\/2022\/04\/fotograf-na-otwarcie-galerii-tymczasowa-6-450x300.jpg 450w, https:\/\/marcinkrokowski.com\/wp-content\/uploads\/2022\/04\/fotograf-na-otwarcie-galerii-tymczasowa-6.jpg 1920w\" sizes=\"auto, (max-width: 900px) 100vw, 900px\" \/><\/figure>\n<\/figure>\n\n<h2 class=\"wp-block-heading\">Fotoreportage \u00fcber die Er\u00f6ffnung der Kunstgalerie<\/h2>\n\n<p>Zur Er\u00f6ffnung der Galerie gab es eine Ausstellung mit dem Titel ABSTRAKCJA, die von den beiden K\u00fcnstlerinnen Magda Fokt und Joanna Pongowska pr\u00e4sentiert wurde. Die Veranstaltung wurde von einem ebenso interessanten Duo, bestehend aus einem DJ und einem Trompeter, begleitet. Die Veranstaltung war sehr intim, mit Kellnern, die Erfrischungen servierten und G\u00e4sten, die Champagner genossen. Diese Form erm\u00f6glichte es, die Werke ungest\u00f6rt zu bewundern und gleichzeitig einen interessanten Dialog mit den K\u00fcnstlern selbst zu f\u00fchren, die sich bereitwillig an den Diskussionen mit den Ausstellungsg\u00e4sten beteiligten. Die von mir erstellte Fotoreportage \u00fcber die Er\u00f6ffnung der Kunstgalerie k\u00f6nnte zur Pr\u00e4sentation des Raums und zur Werbung f\u00fcr k\u00fcnftige Veranstaltungen an diesem Ort verwendet werden.    <\/p>\n\n<figure class=\"wp-block-gallery has-nested-images columns-default is-cropped wp-block-gallery-2 is-layout-flex wp-block-gallery-is-layout-flex\">\n<figure class=\"wp-block-image size-thumbnail\"><a href=\"https:\/\/marcinkrokowski.com\/wp-content\/uploads\/2022\/04\/fotograf-na-otwarcie-galerii-tymczasowa-59-450x677.jpg\"><img loading=\"lazy\" decoding=\"async\" width=\"450\" height=\"677\" data-id=\"2774\" src=\"https:\/\/marcinkrokowski.com\/wp-content\/uploads\/2022\/04\/fotograf-na-otwarcie-galerii-tymczasowa-59-450x677.jpg\" alt=\"Tempor&#xE4;re Galerie im Business Warsaw Garden\" class=\"wp-image-2774\" title=\"\" srcset=\"https:\/\/marcinkrokowski.com\/wp-content\/uploads\/2022\/04\/fotograf-na-otwarcie-galerii-tymczasowa-59-450x677.jpg 450w, https:\/\/marcinkrokowski.com\/wp-content\/uploads\/2022\/04\/fotograf-na-otwarcie-galerii-tymczasowa-59-900x1353.jpg 900w, https:\/\/marcinkrokowski.com\/wp-content\/uploads\/2022\/04\/fotograf-na-otwarcie-galerii-tymczasowa-59-1200x1804.jpg 1200w, https:\/\/marcinkrokowski.com\/wp-content\/uploads\/2022\/04\/fotograf-na-otwarcie-galerii-tymczasowa-59.jpg 1277w\" sizes=\"auto, (max-width: 450px) 100vw, 450px\" \/><\/a><\/figure>\n\n\n\n<figure class=\"wp-block-image size-thumbnail\"><a href=\"https:\/\/marcinkrokowski.com\/wp-content\/uploads\/2022\/04\/fotograf-na-otwarcie-galerii-tymczasowa-7-450x674.jpg\"><img loading=\"lazy\" decoding=\"async\" width=\"450\" height=\"674\" data-id=\"2722\" src=\"https:\/\/marcinkrokowski.com\/wp-content\/uploads\/2022\/04\/fotograf-na-otwarcie-galerii-tymczasowa-7-450x674.jpg\" alt=\"Zeigen Sie\" class=\"wp-image-2722\" title=\"\" srcset=\"https:\/\/marcinkrokowski.com\/wp-content\/uploads\/2022\/04\/fotograf-na-otwarcie-galerii-tymczasowa-7-450x674.jpg 450w, https:\/\/marcinkrokowski.com\/wp-content\/uploads\/2022\/04\/fotograf-na-otwarcie-galerii-tymczasowa-7-900x1349.jpg 900w, https:\/\/marcinkrokowski.com\/wp-content\/uploads\/2022\/04\/fotograf-na-otwarcie-galerii-tymczasowa-7-1200x1799.jpg 1200w, https:\/\/marcinkrokowski.com\/wp-content\/uploads\/2022\/04\/fotograf-na-otwarcie-galerii-tymczasowa-7.jpg 1281w\" sizes=\"auto, (max-width: 450px) 100vw, 450px\" \/><\/a><\/figure>\n<\/figure>\n\n<h2 class=\"wp-block-heading\">Fotograf f\u00fcr die Er\u00f6ffnung einer Kunstgalerie<\/h2>\n\n<p>Als <a href=\"https:\/\/marcinkrokowski.com\/de\/angebot\/\" class=\"ek-link\"><strong>Event-Fotograf<\/strong><\/a> muss ich mich bei Veranstaltungen mit verschiedenen Herausforderungen auseinandersetzen, in der Regel mit begrenztem Raum und Bewegungsfreiheit. Bei einem Fotoshooting f\u00fcr die Er\u00f6ffnung der Kunstgalerie &#8222;Temporary&#8220; f\u00fchlte ich mich wie ein Fisch im Wasser. Ein gro\u00dfer, aber nicht riesiger Raum, in dem ich alles gut im Blick hatte und nicht in aller Ruhe aus jeder Perspektive fotografieren konnte. Wenn ich einen interessanten Rahmen in Sichtweite hatte, musste ich nicht herumlaufen und damit die Veranstaltung st\u00f6ren. Ich hatte alles zur Hand und musste mich gleichzeitig nicht durch die Menschenmassen quetschen.    <\/p>\n\n<figure class=\"wp-block-gallery has-nested-images columns-1 wp-block-gallery-3 is-layout-flex wp-block-gallery-is-layout-flex\">\n<figure class=\"wp-block-image size-medium\"><img loading=\"lazy\" decoding=\"async\" width=\"900\" height=\"600\" data-id=\"2723\" src=\"https:\/\/marcinkrokowski.com\/wp-content\/uploads\/2022\/04\/fotograf-na-otwarcie-galerii-tymczasowa-8-900x600.jpg\" alt=\"Kunstgalerie in WArszawa Innenaufnahmen\" class=\"wp-image-2723\" title=\"\" srcset=\"https:\/\/marcinkrokowski.com\/wp-content\/uploads\/2022\/04\/fotograf-na-otwarcie-galerii-tymczasowa-8-900x600.jpg 900w, https:\/\/marcinkrokowski.com\/wp-content\/uploads\/2022\/04\/fotograf-na-otwarcie-galerii-tymczasowa-8-1200x801.jpg 1200w, https:\/\/marcinkrokowski.com\/wp-content\/uploads\/2022\/04\/fotograf-na-otwarcie-galerii-tymczasowa-8-450x300.jpg 450w, https:\/\/marcinkrokowski.com\/wp-content\/uploads\/2022\/04\/fotograf-na-otwarcie-galerii-tymczasowa-8.jpg 1920w\" sizes=\"auto, (max-width: 900px) 100vw, 900px\" \/><\/figure>\n\n\n\n<figure class=\"wp-block-image size-medium\"><img loading=\"lazy\" decoding=\"async\" width=\"900\" height=\"600\" data-id=\"2724\" src=\"https:\/\/marcinkrokowski.com\/wp-content\/uploads\/2022\/04\/fotograf-na-otwarcie-galerii-tymczasowa-9-900x600.jpg\" alt=\"Kunstgalerie in WArszawa Innenaufnahmen\" class=\"wp-image-2724\" title=\"\" srcset=\"https:\/\/marcinkrokowski.com\/wp-content\/uploads\/2022\/04\/fotograf-na-otwarcie-galerii-tymczasowa-9-900x600.jpg 900w, https:\/\/marcinkrokowski.com\/wp-content\/uploads\/2022\/04\/fotograf-na-otwarcie-galerii-tymczasowa-9-1200x801.jpg 1200w, https:\/\/marcinkrokowski.com\/wp-content\/uploads\/2022\/04\/fotograf-na-otwarcie-galerii-tymczasowa-9-450x300.jpg 450w, https:\/\/marcinkrokowski.com\/wp-content\/uploads\/2022\/04\/fotograf-na-otwarcie-galerii-tymczasowa-9.jpg 1920w\" sizes=\"auto, (max-width: 900px) 100vw, 900px\" \/><\/figure>\n\n\n\n<figure class=\"wp-block-image size-medium\"><img loading=\"lazy\" decoding=\"async\" width=\"900\" height=\"601\" data-id=\"2725\" src=\"https:\/\/marcinkrokowski.com\/wp-content\/uploads\/2022\/04\/fotograf-na-otwarcie-galerii-tymczasowa-10-900x601.jpg\" alt=\"Kunstgalerie in WArszawa Innenaufnahmen\" class=\"wp-image-2725\" title=\"\" srcset=\"https:\/\/marcinkrokowski.com\/wp-content\/uploads\/2022\/04\/fotograf-na-otwarcie-galerii-tymczasowa-10-900x601.jpg 900w, https:\/\/marcinkrokowski.com\/wp-content\/uploads\/2022\/04\/fotograf-na-otwarcie-galerii-tymczasowa-10-1200x801.jpg 1200w, https:\/\/marcinkrokowski.com\/wp-content\/uploads\/2022\/04\/fotograf-na-otwarcie-galerii-tymczasowa-10-450x300.jpg 450w, https:\/\/marcinkrokowski.com\/wp-content\/uploads\/2022\/04\/fotograf-na-otwarcie-galerii-tymczasowa-10.jpg 1920w\" sizes=\"auto, (max-width: 900px) 100vw, 900px\" \/><\/figure>\n\n\n\n<figure class=\"wp-block-image size-medium\"><img loading=\"lazy\" decoding=\"async\" width=\"900\" height=\"600\" data-id=\"2726\" src=\"https:\/\/marcinkrokowski.com\/wp-content\/uploads\/2022\/04\/fotograf-na-otwarcie-galerii-tymczasowa-11-900x600.jpg\" alt=\"Kunstgalerie in WArszawa Innenaufnahmen\" class=\"wp-image-2726\" title=\"\" srcset=\"https:\/\/marcinkrokowski.com\/wp-content\/uploads\/2022\/04\/fotograf-na-otwarcie-galerii-tymczasowa-11-900x600.jpg 900w, https:\/\/marcinkrokowski.com\/wp-content\/uploads\/2022\/04\/fotograf-na-otwarcie-galerii-tymczasowa-11-1200x801.jpg 1200w, https:\/\/marcinkrokowski.com\/wp-content\/uploads\/2022\/04\/fotograf-na-otwarcie-galerii-tymczasowa-11-450x300.jpg 450w, https:\/\/marcinkrokowski.com\/wp-content\/uploads\/2022\/04\/fotograf-na-otwarcie-galerii-tymczasowa-11.jpg 1920w\" sizes=\"auto, (max-width: 900px) 100vw, 900px\" \/><\/figure>\n\n\n\n<figure class=\"wp-block-image size-medium\"><img loading=\"lazy\" decoding=\"async\" width=\"900\" height=\"600\" data-id=\"2727\" src=\"https:\/\/marcinkrokowski.com\/wp-content\/uploads\/2022\/04\/fotograf-na-otwarcie-galerii-tymczasowa-12-900x600.jpg\" alt=\"Kunstgalerie in WArszawa Innenaufnahmen\" class=\"wp-image-2727\" title=\"\" srcset=\"https:\/\/marcinkrokowski.com\/wp-content\/uploads\/2022\/04\/fotograf-na-otwarcie-galerii-tymczasowa-12-900x600.jpg 900w, https:\/\/marcinkrokowski.com\/wp-content\/uploads\/2022\/04\/fotograf-na-otwarcie-galerii-tymczasowa-12-1200x801.jpg 1200w, https:\/\/marcinkrokowski.com\/wp-content\/uploads\/2022\/04\/fotograf-na-otwarcie-galerii-tymczasowa-12-450x300.jpg 450w, https:\/\/marcinkrokowski.com\/wp-content\/uploads\/2022\/04\/fotograf-na-otwarcie-galerii-tymczasowa-12.jpg 1920w\" sizes=\"auto, (max-width: 900px) 100vw, 900px\" \/><\/figure>\n\n\n\n<figure class=\"wp-block-image size-medium\"><img loading=\"lazy\" decoding=\"async\" width=\"900\" height=\"600\" data-id=\"2728\" src=\"https:\/\/marcinkrokowski.com\/wp-content\/uploads\/2022\/04\/fotograf-na-otwarcie-galerii-tymczasowa-13-900x600.jpg\" alt=\"Kunstgalerie in WArszawa Innenaufnahmen\" class=\"wp-image-2728\" title=\"\" srcset=\"https:\/\/marcinkrokowski.com\/wp-content\/uploads\/2022\/04\/fotograf-na-otwarcie-galerii-tymczasowa-13-900x600.jpg 900w, https:\/\/marcinkrokowski.com\/wp-content\/uploads\/2022\/04\/fotograf-na-otwarcie-galerii-tymczasowa-13-1200x801.jpg 1200w, https:\/\/marcinkrokowski.com\/wp-content\/uploads\/2022\/04\/fotograf-na-otwarcie-galerii-tymczasowa-13-450x300.jpg 450w, https:\/\/marcinkrokowski.com\/wp-content\/uploads\/2022\/04\/fotograf-na-otwarcie-galerii-tymczasowa-13.jpg 1920w\" sizes=\"auto, (max-width: 900px) 100vw, 900px\" \/><\/figure>\n\n\n\n<figure class=\"wp-block-image size-medium\"><img loading=\"lazy\" decoding=\"async\" width=\"900\" height=\"600\" data-id=\"2729\" src=\"https:\/\/marcinkrokowski.com\/wp-content\/uploads\/2022\/04\/fotograf-na-otwarcie-galerii-tymczasowa-14-900x600.jpg\" alt=\"Kunstgalerie in WArszawa Innenaufnahmen\" class=\"wp-image-2729\" title=\"\" srcset=\"https:\/\/marcinkrokowski.com\/wp-content\/uploads\/2022\/04\/fotograf-na-otwarcie-galerii-tymczasowa-14-900x600.jpg 900w, https:\/\/marcinkrokowski.com\/wp-content\/uploads\/2022\/04\/fotograf-na-otwarcie-galerii-tymczasowa-14-1200x801.jpg 1200w, https:\/\/marcinkrokowski.com\/wp-content\/uploads\/2022\/04\/fotograf-na-otwarcie-galerii-tymczasowa-14-450x300.jpg 450w, https:\/\/marcinkrokowski.com\/wp-content\/uploads\/2022\/04\/fotograf-na-otwarcie-galerii-tymczasowa-14.jpg 1920w\" sizes=\"auto, (max-width: 900px) 100vw, 900px\" \/><\/figure>\n\n\n\n<figure class=\"wp-block-image size-medium\"><img loading=\"lazy\" decoding=\"async\" width=\"900\" height=\"601\" data-id=\"2730\" src=\"https:\/\/marcinkrokowski.com\/wp-content\/uploads\/2022\/04\/fotograf-na-otwarcie-galerii-tymczasowa-15-900x601.jpg\" alt=\"Fotograf f&#xFC;r die Er&#xF6;ffnung der Kunstgalerie in Warschau\" class=\"wp-image-2730\" title=\"\" srcset=\"https:\/\/marcinkrokowski.com\/wp-content\/uploads\/2022\/04\/fotograf-na-otwarcie-galerii-tymczasowa-15-900x601.jpg 900w, https:\/\/marcinkrokowski.com\/wp-content\/uploads\/2022\/04\/fotograf-na-otwarcie-galerii-tymczasowa-15-1200x801.jpg 1200w, https:\/\/marcinkrokowski.com\/wp-content\/uploads\/2022\/04\/fotograf-na-otwarcie-galerii-tymczasowa-15-450x300.jpg 450w, https:\/\/marcinkrokowski.com\/wp-content\/uploads\/2022\/04\/fotograf-na-otwarcie-galerii-tymczasowa-15.jpg 1920w\" sizes=\"auto, (max-width: 900px) 100vw, 900px\" \/><\/figure>\n\n\n\n<figure class=\"wp-block-image size-medium\"><img loading=\"lazy\" decoding=\"async\" width=\"900\" height=\"600\" data-id=\"2732\" src=\"https:\/\/marcinkrokowski.com\/wp-content\/uploads\/2022\/04\/fotograf-na-otwarcie-galerii-tymczasowa-17-900x600.jpg\" alt=\"Garderobe in einer Kunstgalerie\" class=\"wp-image-2732\" title=\"\" srcset=\"https:\/\/marcinkrokowski.com\/wp-content\/uploads\/2022\/04\/fotograf-na-otwarcie-galerii-tymczasowa-17-900x600.jpg 900w, https:\/\/marcinkrokowski.com\/wp-content\/uploads\/2022\/04\/fotograf-na-otwarcie-galerii-tymczasowa-17-1200x801.jpg 1200w, https:\/\/marcinkrokowski.com\/wp-content\/uploads\/2022\/04\/fotograf-na-otwarcie-galerii-tymczasowa-17-450x300.jpg 450w, https:\/\/marcinkrokowski.com\/wp-content\/uploads\/2022\/04\/fotograf-na-otwarcie-galerii-tymczasowa-17.jpg 1920w\" sizes=\"auto, (max-width: 900px) 100vw, 900px\" \/><\/figure>\n\n\n\n<figure class=\"wp-block-image size-medium\"><img loading=\"lazy\" decoding=\"async\" width=\"900\" height=\"600\" data-id=\"2733\" src=\"https:\/\/marcinkrokowski.com\/wp-content\/uploads\/2022\/04\/fotograf-na-otwarcie-galerii-tymczasowa-18-900x600.jpg\" alt=\"Kunstgalerie in Warschau\" class=\"wp-image-2733\" title=\"\" srcset=\"https:\/\/marcinkrokowski.com\/wp-content\/uploads\/2022\/04\/fotograf-na-otwarcie-galerii-tymczasowa-18-900x600.jpg 900w, https:\/\/marcinkrokowski.com\/wp-content\/uploads\/2022\/04\/fotograf-na-otwarcie-galerii-tymczasowa-18-1200x801.jpg 1200w, https:\/\/marcinkrokowski.com\/wp-content\/uploads\/2022\/04\/fotograf-na-otwarcie-galerii-tymczasowa-18-450x300.jpg 450w, https:\/\/marcinkrokowski.com\/wp-content\/uploads\/2022\/04\/fotograf-na-otwarcie-galerii-tymczasowa-18.jpg 1920w\" sizes=\"auto, (max-width: 900px) 100vw, 900px\" \/><\/figure>\n\n\n\n<figure class=\"wp-block-image size-medium\"><img loading=\"lazy\" decoding=\"async\" width=\"900\" height=\"600\" data-id=\"2734\" src=\"https:\/\/marcinkrokowski.com\/wp-content\/uploads\/2022\/04\/fotograf-na-otwarcie-galerii-tymczasowa-19-900x600.jpg\" alt=\"Dunkle Silhouetten von Frauen betrachtet Bild mit L&#xF6;chern\" class=\"wp-image-2734\" title=\"\" srcset=\"https:\/\/marcinkrokowski.com\/wp-content\/uploads\/2022\/04\/fotograf-na-otwarcie-galerii-tymczasowa-19-900x600.jpg 900w, https:\/\/marcinkrokowski.com\/wp-content\/uploads\/2022\/04\/fotograf-na-otwarcie-galerii-tymczasowa-19-1200x801.jpg 1200w, https:\/\/marcinkrokowski.com\/wp-content\/uploads\/2022\/04\/fotograf-na-otwarcie-galerii-tymczasowa-19-450x300.jpg 450w, https:\/\/marcinkrokowski.com\/wp-content\/uploads\/2022\/04\/fotograf-na-otwarcie-galerii-tymczasowa-19.jpg 1920w\" sizes=\"auto, (max-width: 900px) 100vw, 900px\" \/><\/figure>\n\n\n\n<figure class=\"wp-block-image size-medium\"><img loading=\"lazy\" decoding=\"async\" width=\"900\" height=\"600\" data-id=\"2735\" src=\"https:\/\/marcinkrokowski.com\/wp-content\/uploads\/2022\/04\/fotograf-na-otwarcie-galerii-tymczasowa-20-900x600.jpg\" alt=\"Fotograf f&#xFC;r die Er&#xF6;ffnung der Kunstgalerie in Warschau\" class=\"wp-image-2735\" title=\"\" srcset=\"https:\/\/marcinkrokowski.com\/wp-content\/uploads\/2022\/04\/fotograf-na-otwarcie-galerii-tymczasowa-20-900x600.jpg 900w, https:\/\/marcinkrokowski.com\/wp-content\/uploads\/2022\/04\/fotograf-na-otwarcie-galerii-tymczasowa-20-1200x801.jpg 1200w, https:\/\/marcinkrokowski.com\/wp-content\/uploads\/2022\/04\/fotograf-na-otwarcie-galerii-tymczasowa-20-450x300.jpg 450w, https:\/\/marcinkrokowski.com\/wp-content\/uploads\/2022\/04\/fotograf-na-otwarcie-galerii-tymczasowa-20.jpg 1920w\" sizes=\"auto, (max-width: 900px) 100vw, 900px\" \/><\/figure>\n\n\n\n<figure class=\"wp-block-image size-medium\"><img loading=\"lazy\" decoding=\"async\" width=\"900\" height=\"600\" data-id=\"2736\" src=\"https:\/\/marcinkrokowski.com\/wp-content\/uploads\/2022\/04\/fotograf-na-otwarcie-galerii-tymczasowa-21-900x600.jpg\" alt=\"Fotograf f&#xFC;r die Er&#xF6;ffnung der Kunstgalerie in Warschau\" class=\"wp-image-2736\" title=\"\" srcset=\"https:\/\/marcinkrokowski.com\/wp-content\/uploads\/2022\/04\/fotograf-na-otwarcie-galerii-tymczasowa-21-900x600.jpg 900w, https:\/\/marcinkrokowski.com\/wp-content\/uploads\/2022\/04\/fotograf-na-otwarcie-galerii-tymczasowa-21-1200x801.jpg 1200w, https:\/\/marcinkrokowski.com\/wp-content\/uploads\/2022\/04\/fotograf-na-otwarcie-galerii-tymczasowa-21-450x300.jpg 450w, https:\/\/marcinkrokowski.com\/wp-content\/uploads\/2022\/04\/fotograf-na-otwarcie-galerii-tymczasowa-21.jpg 1920w\" sizes=\"auto, (max-width: 900px) 100vw, 900px\" \/><\/figure>\n<\/figure>\n\n<h2 class=\"wp-block-heading\">Sauberes Personal<\/h2>\n\n<p>Au\u00dferdem erm\u00f6glicht ein gut gestalteter Raum ohne Unordnung im Rahmen sehr saubere Rahmen, die in einer Weitwinkelperspektive nur schwer zu erstellen sind, weil etwas Unerw\u00fcnschtes zu finden ist. Diesmal war es anders und ich konnte mir mehr Weitwinkelaufnahmen erlauben, die auf Unordnung im Rahmen basieren. <\/p>\n\n<figure class=\"wp-block-gallery has-nested-images columns-default wp-block-gallery-4 is-layout-flex wp-block-gallery-is-layout-flex\">\n<figure class=\"wp-block-image size-thumbnail\"><a href=\"https:\/\/marcinkrokowski.com\/wp-content\/uploads\/2022\/04\/fotograf-na-otwarcie-galerii-tymczasowa-50-450x677.jpg\"><img loading=\"lazy\" decoding=\"async\" width=\"450\" height=\"677\" data-id=\"2765\" src=\"https:\/\/marcinkrokowski.com\/wp-content\/uploads\/2022\/04\/fotograf-na-otwarcie-galerii-tymczasowa-50-450x677.jpg\" alt=\"Beschreibung der Ausstellung\" class=\"wp-image-2765\" title=\"\" srcset=\"https:\/\/marcinkrokowski.com\/wp-content\/uploads\/2022\/04\/fotograf-na-otwarcie-galerii-tymczasowa-50-450x677.jpg 450w, https:\/\/marcinkrokowski.com\/wp-content\/uploads\/2022\/04\/fotograf-na-otwarcie-galerii-tymczasowa-50-900x1353.jpg 900w, https:\/\/marcinkrokowski.com\/wp-content\/uploads\/2022\/04\/fotograf-na-otwarcie-galerii-tymczasowa-50-1200x1804.jpg 1200w, https:\/\/marcinkrokowski.com\/wp-content\/uploads\/2022\/04\/fotograf-na-otwarcie-galerii-tymczasowa-50.jpg 1277w\" sizes=\"auto, (max-width: 450px) 100vw, 450px\" \/><\/a><\/figure>\n\n\n\n<figure class=\"wp-block-image size-thumbnail\"><a href=\"https:\/\/marcinkrokowski.com\/wp-content\/uploads\/2022\/04\/fotograf-na-otwarcie-galerii-tymczasowa-22-450x674.jpg\"><img loading=\"lazy\" decoding=\"async\" width=\"450\" height=\"674\" data-id=\"2737\" src=\"https:\/\/marcinkrokowski.com\/wp-content\/uploads\/2022\/04\/fotograf-na-otwarcie-galerii-tymczasowa-22-450x674.jpg\" alt=\"Frau mit wei&#xDF;em Haar und wei&#xDF;em Hemd schaut sich Bilder an\" class=\"wp-image-2737\" title=\"\" srcset=\"https:\/\/marcinkrokowski.com\/wp-content\/uploads\/2022\/04\/fotograf-na-otwarcie-galerii-tymczasowa-22-450x674.jpg 450w, https:\/\/marcinkrokowski.com\/wp-content\/uploads\/2022\/04\/fotograf-na-otwarcie-galerii-tymczasowa-22-900x1349.jpg 900w, https:\/\/marcinkrokowski.com\/wp-content\/uploads\/2022\/04\/fotograf-na-otwarcie-galerii-tymczasowa-22-1200x1799.jpg 1200w, https:\/\/marcinkrokowski.com\/wp-content\/uploads\/2022\/04\/fotograf-na-otwarcie-galerii-tymczasowa-22.jpg 1281w\" sizes=\"auto, (max-width: 450px) 100vw, 450px\" \/><\/a><\/figure>\n<\/figure>\n\n<figure class=\"wp-block-gallery has-nested-images columns-1 is-cropped wp-block-gallery-5 is-layout-flex wp-block-gallery-is-layout-flex\">\n<figure class=\"wp-block-image size-medium\"><img loading=\"lazy\" decoding=\"async\" width=\"900\" height=\"601\" data-id=\"2738\" src=\"https:\/\/marcinkrokowski.com\/wp-content\/uploads\/2022\/04\/fotograf-na-otwarcie-galerii-tymczasowa-23-900x601.jpg\" alt=\"Fotograf f&#xFC;r die Er&#xF6;ffnung der Kunstgalerie in Warschau\" class=\"wp-image-2738\" title=\"\" srcset=\"https:\/\/marcinkrokowski.com\/wp-content\/uploads\/2022\/04\/fotograf-na-otwarcie-galerii-tymczasowa-23-900x601.jpg 900w, https:\/\/marcinkrokowski.com\/wp-content\/uploads\/2022\/04\/fotograf-na-otwarcie-galerii-tymczasowa-23-1200x801.jpg 1200w, https:\/\/marcinkrokowski.com\/wp-content\/uploads\/2022\/04\/fotograf-na-otwarcie-galerii-tymczasowa-23-450x300.jpg 450w, https:\/\/marcinkrokowski.com\/wp-content\/uploads\/2022\/04\/fotograf-na-otwarcie-galerii-tymczasowa-23.jpg 1920w\" sizes=\"auto, (max-width: 900px) 100vw, 900px\" \/><\/figure>\n\n\n\n<figure class=\"wp-block-image size-medium\"><img loading=\"lazy\" decoding=\"async\" width=\"900\" height=\"600\" data-id=\"2739\" src=\"https:\/\/marcinkrokowski.com\/wp-content\/uploads\/2022\/04\/fotograf-na-otwarcie-galerii-tymczasowa-24-900x600.jpg\" alt=\"Fotograf f&#xFC;r die Er&#xF6;ffnung der Kunstgalerie in Warschau\" class=\"wp-image-2739\" title=\"\" srcset=\"https:\/\/marcinkrokowski.com\/wp-content\/uploads\/2022\/04\/fotograf-na-otwarcie-galerii-tymczasowa-24-900x600.jpg 900w, https:\/\/marcinkrokowski.com\/wp-content\/uploads\/2022\/04\/fotograf-na-otwarcie-galerii-tymczasowa-24-1200x801.jpg 1200w, https:\/\/marcinkrokowski.com\/wp-content\/uploads\/2022\/04\/fotograf-na-otwarcie-galerii-tymczasowa-24-450x300.jpg 450w, https:\/\/marcinkrokowski.com\/wp-content\/uploads\/2022\/04\/fotograf-na-otwarcie-galerii-tymczasowa-24.jpg 1920w\" sizes=\"auto, (max-width: 900px) 100vw, 900px\" \/><\/figure>\n\n\n\n<figure class=\"wp-block-image size-medium\"><img loading=\"lazy\" decoding=\"async\" width=\"900\" height=\"601\" data-id=\"2740\" src=\"https:\/\/marcinkrokowski.com\/wp-content\/uploads\/2022\/04\/fotograf-na-otwarcie-galerii-tymczasowa-25-900x601.jpg\" alt=\"Vom Kellner gehaltenes Snack-Tablett\" class=\"wp-image-2740\" title=\"\" srcset=\"https:\/\/marcinkrokowski.com\/wp-content\/uploads\/2022\/04\/fotograf-na-otwarcie-galerii-tymczasowa-25-900x601.jpg 900w, https:\/\/marcinkrokowski.com\/wp-content\/uploads\/2022\/04\/fotograf-na-otwarcie-galerii-tymczasowa-25-1200x801.jpg 1200w, https:\/\/marcinkrokowski.com\/wp-content\/uploads\/2022\/04\/fotograf-na-otwarcie-galerii-tymczasowa-25-450x300.jpg 450w, https:\/\/marcinkrokowski.com\/wp-content\/uploads\/2022\/04\/fotograf-na-otwarcie-galerii-tymczasowa-25.jpg 1920w\" sizes=\"auto, (max-width: 900px) 100vw, 900px\" \/><\/figure>\n\n\n\n<figure class=\"wp-block-image size-medium\"><img loading=\"lazy\" decoding=\"async\" width=\"900\" height=\"600\" data-id=\"2741\" src=\"https:\/\/marcinkrokowski.com\/wp-content\/uploads\/2022\/04\/fotograf-na-otwarcie-galerii-tymczasowa-26-900x600.jpg\" alt=\"L&#xE4;chelnde Menschen mit Weingl&#xE4;sern\" class=\"wp-image-2741\" title=\"\" srcset=\"https:\/\/marcinkrokowski.com\/wp-content\/uploads\/2022\/04\/fotograf-na-otwarcie-galerii-tymczasowa-26-900x600.jpg 900w, https:\/\/marcinkrokowski.com\/wp-content\/uploads\/2022\/04\/fotograf-na-otwarcie-galerii-tymczasowa-26-1200x801.jpg 1200w, https:\/\/marcinkrokowski.com\/wp-content\/uploads\/2022\/04\/fotograf-na-otwarcie-galerii-tymczasowa-26-450x300.jpg 450w, https:\/\/marcinkrokowski.com\/wp-content\/uploads\/2022\/04\/fotograf-na-otwarcie-galerii-tymczasowa-26.jpg 1920w\" sizes=\"auto, (max-width: 900px) 100vw, 900px\" \/><\/figure>\n\n\n\n<figure class=\"wp-block-image size-medium\"><img loading=\"lazy\" decoding=\"async\" width=\"900\" height=\"601\" data-id=\"2742\" src=\"https:\/\/marcinkrokowski.com\/wp-content\/uploads\/2022\/04\/fotograf-na-otwarcie-galerii-tymczasowa-27-900x601.jpg\" alt=\"Eine Frau spricht, w&#xE4;hrend sie ein Glas Wein h&#xE4;lt und mit der anderen Hand gestikuliert\" class=\"wp-image-2742\" title=\"\" srcset=\"https:\/\/marcinkrokowski.com\/wp-content\/uploads\/2022\/04\/fotograf-na-otwarcie-galerii-tymczasowa-27-900x601.jpg 900w, https:\/\/marcinkrokowski.com\/wp-content\/uploads\/2022\/04\/fotograf-na-otwarcie-galerii-tymczasowa-27-1200x801.jpg 1200w, https:\/\/marcinkrokowski.com\/wp-content\/uploads\/2022\/04\/fotograf-na-otwarcie-galerii-tymczasowa-27-450x300.jpg 450w, https:\/\/marcinkrokowski.com\/wp-content\/uploads\/2022\/04\/fotograf-na-otwarcie-galerii-tymczasowa-27.jpg 1920w\" sizes=\"auto, (max-width: 900px) 100vw, 900px\" \/><\/figure>\n\n\n\n<figure class=\"wp-block-image size-medium\"><img loading=\"lazy\" decoding=\"async\" width=\"900\" height=\"601\" data-id=\"2743\" src=\"https:\/\/marcinkrokowski.com\/wp-content\/uploads\/2022\/04\/fotograf-na-otwarcie-galerii-tymczasowa-28-900x601.jpg\" alt=\"Mann schaut sich Gem&#xE4;lde an\" class=\"wp-image-2743\" title=\"\" srcset=\"https:\/\/marcinkrokowski.com\/wp-content\/uploads\/2022\/04\/fotograf-na-otwarcie-galerii-tymczasowa-28-900x601.jpg 900w, https:\/\/marcinkrokowski.com\/wp-content\/uploads\/2022\/04\/fotograf-na-otwarcie-galerii-tymczasowa-28-1200x801.jpg 1200w, https:\/\/marcinkrokowski.com\/wp-content\/uploads\/2022\/04\/fotograf-na-otwarcie-galerii-tymczasowa-28-450x300.jpg 450w, https:\/\/marcinkrokowski.com\/wp-content\/uploads\/2022\/04\/fotograf-na-otwarcie-galerii-tymczasowa-28.jpg 1920w\" sizes=\"auto, (max-width: 900px) 100vw, 900px\" \/><\/figure>\n\n\n\n<figure class=\"wp-block-image size-medium\"><img loading=\"lazy\" decoding=\"async\" width=\"900\" height=\"601\" data-id=\"2744\" src=\"https:\/\/marcinkrokowski.com\/wp-content\/uploads\/2022\/04\/fotograf-na-otwarcie-galerii-tymczasowa-29-900x601.jpg\" alt=\"Ausstellung von Gem&#xE4;lden in der Galerie\" class=\"wp-image-2744\" title=\"\" srcset=\"https:\/\/marcinkrokowski.com\/wp-content\/uploads\/2022\/04\/fotograf-na-otwarcie-galerii-tymczasowa-29-900x601.jpg 900w, https:\/\/marcinkrokowski.com\/wp-content\/uploads\/2022\/04\/fotograf-na-otwarcie-galerii-tymczasowa-29-1200x801.jpg 1200w, https:\/\/marcinkrokowski.com\/wp-content\/uploads\/2022\/04\/fotograf-na-otwarcie-galerii-tymczasowa-29-450x300.jpg 450w, https:\/\/marcinkrokowski.com\/wp-content\/uploads\/2022\/04\/fotograf-na-otwarcie-galerii-tymczasowa-29.jpg 1920w\" sizes=\"auto, (max-width: 900px) 100vw, 900px\" \/><\/figure>\n<\/figure>\n\n<figure class=\"wp-block-gallery has-nested-images columns-default wp-block-gallery-6 is-layout-flex wp-block-gallery-is-layout-flex\">\n<figure class=\"wp-block-image size-thumbnail\"><a href=\"https:\/\/marcinkrokowski.com\/wp-content\/uploads\/2022\/04\/fotograf-na-otwarcie-galerii-tymczasowa-30-450x674.jpg\"><img loading=\"lazy\" decoding=\"async\" width=\"450\" height=\"674\" data-id=\"2745\" src=\"https:\/\/marcinkrokowski.com\/wp-content\/uploads\/2022\/04\/fotograf-na-otwarcie-galerii-tymczasowa-30-450x674.jpg\" alt=\"Silhouette eines Mannes vor einem Hintergrund von Gem&#xE4;lden\" class=\"wp-image-2745\" title=\"\" srcset=\"https:\/\/marcinkrokowski.com\/wp-content\/uploads\/2022\/04\/fotograf-na-otwarcie-galerii-tymczasowa-30-450x674.jpg 450w, https:\/\/marcinkrokowski.com\/wp-content\/uploads\/2022\/04\/fotograf-na-otwarcie-galerii-tymczasowa-30-900x1348.jpg 900w, https:\/\/marcinkrokowski.com\/wp-content\/uploads\/2022\/04\/fotograf-na-otwarcie-galerii-tymczasowa-30-1200x1797.jpg 1200w, https:\/\/marcinkrokowski.com\/wp-content\/uploads\/2022\/04\/fotograf-na-otwarcie-galerii-tymczasowa-30.jpg 1282w\" sizes=\"auto, (max-width: 450px) 100vw, 450px\" \/><\/a><\/figure>\n\n\n\n<figure class=\"wp-block-image size-thumbnail\"><a href=\"https:\/\/marcinkrokowski.com\/wp-content\/uploads\/2022\/04\/fotograf-na-otwarcie-galerii-tymczasowa-43-450x674.jpg\"><img loading=\"lazy\" decoding=\"async\" width=\"450\" height=\"674\" data-id=\"2758\" src=\"https:\/\/marcinkrokowski.com\/wp-content\/uploads\/2022\/04\/fotograf-na-otwarcie-galerii-tymczasowa-43-450x674.jpg\" alt=\"Ein Mann bestaunt eine Ausstellung von Steinen in einer Kunstgalerie\" class=\"wp-image-2758\" title=\"\" srcset=\"https:\/\/marcinkrokowski.com\/wp-content\/uploads\/2022\/04\/fotograf-na-otwarcie-galerii-tymczasowa-43-450x674.jpg 450w, https:\/\/marcinkrokowski.com\/wp-content\/uploads\/2022\/04\/fotograf-na-otwarcie-galerii-tymczasowa-43-900x1348.jpg 900w, https:\/\/marcinkrokowski.com\/wp-content\/uploads\/2022\/04\/fotograf-na-otwarcie-galerii-tymczasowa-43-1200x1797.jpg 1200w, https:\/\/marcinkrokowski.com\/wp-content\/uploads\/2022\/04\/fotograf-na-otwarcie-galerii-tymczasowa-43.jpg 1282w\" sizes=\"auto, (max-width: 450px) 100vw, 450px\" \/><\/a><\/figure>\n<\/figure>\n\n<figure class=\"wp-block-gallery has-nested-images columns-1 wp-block-gallery-7 is-layout-flex wp-block-gallery-is-layout-flex\">\n<figure class=\"wp-block-image size-medium\"><img loading=\"lazy\" decoding=\"async\" width=\"900\" height=\"600\" data-id=\"2746\" src=\"https:\/\/marcinkrokowski.com\/wp-content\/uploads\/2022\/04\/fotograf-na-otwarcie-galerii-tymczasowa-31-900x600.jpg\" alt=\"Fotograf f&#xFC;r die Er&#xF6;ffnung der Kunstgalerie in Warschau\" class=\"wp-image-2746\" title=\"\" srcset=\"https:\/\/marcinkrokowski.com\/wp-content\/uploads\/2022\/04\/fotograf-na-otwarcie-galerii-tymczasowa-31-900x600.jpg 900w, https:\/\/marcinkrokowski.com\/wp-content\/uploads\/2022\/04\/fotograf-na-otwarcie-galerii-tymczasowa-31-1200x801.jpg 1200w, https:\/\/marcinkrokowski.com\/wp-content\/uploads\/2022\/04\/fotograf-na-otwarcie-galerii-tymczasowa-31-450x300.jpg 450w, https:\/\/marcinkrokowski.com\/wp-content\/uploads\/2022\/04\/fotograf-na-otwarcie-galerii-tymczasowa-31.jpg 1920w\" sizes=\"auto, (max-width: 900px) 100vw, 900px\" \/><\/figure>\n\n\n\n<figure class=\"wp-block-image size-medium\"><img loading=\"lazy\" decoding=\"async\" width=\"900\" height=\"601\" data-id=\"2747\" src=\"https:\/\/marcinkrokowski.com\/wp-content\/uploads\/2022\/04\/fotograf-na-otwarcie-galerii-tymczasowa-32-900x601.jpg\" alt=\"Ein Mann spielt diese Trompete und hinter ihm steht ein DJ mit einem Apple-Laptop\" class=\"wp-image-2747\" title=\"\" srcset=\"https:\/\/marcinkrokowski.com\/wp-content\/uploads\/2022\/04\/fotograf-na-otwarcie-galerii-tymczasowa-32-900x601.jpg 900w, https:\/\/marcinkrokowski.com\/wp-content\/uploads\/2022\/04\/fotograf-na-otwarcie-galerii-tymczasowa-32-1200x801.jpg 1200w, https:\/\/marcinkrokowski.com\/wp-content\/uploads\/2022\/04\/fotograf-na-otwarcie-galerii-tymczasowa-32-450x300.jpg 450w, https:\/\/marcinkrokowski.com\/wp-content\/uploads\/2022\/04\/fotograf-na-otwarcie-galerii-tymczasowa-32.jpg 1920w\" sizes=\"auto, (max-width: 900px) 100vw, 900px\" \/><\/figure>\n\n\n\n<figure class=\"wp-block-image size-medium\"><img loading=\"lazy\" decoding=\"async\" width=\"900\" height=\"601\" data-id=\"2748\" src=\"https:\/\/marcinkrokowski.com\/wp-content\/uploads\/2022\/04\/fotograf-na-otwarcie-galerii-tymczasowa-33-900x601.jpg\" alt=\"Fotograf f&#xFC;r die Er&#xF6;ffnung der Kunstgalerie in Warschau\" class=\"wp-image-2748\" title=\"\" srcset=\"https:\/\/marcinkrokowski.com\/wp-content\/uploads\/2022\/04\/fotograf-na-otwarcie-galerii-tymczasowa-33-900x601.jpg 900w, https:\/\/marcinkrokowski.com\/wp-content\/uploads\/2022\/04\/fotograf-na-otwarcie-galerii-tymczasowa-33-1200x801.jpg 1200w, https:\/\/marcinkrokowski.com\/wp-content\/uploads\/2022\/04\/fotograf-na-otwarcie-galerii-tymczasowa-33-450x300.jpg 450w, https:\/\/marcinkrokowski.com\/wp-content\/uploads\/2022\/04\/fotograf-na-otwarcie-galerii-tymczasowa-33.jpg 1920w\" sizes=\"auto, (max-width: 900px) 100vw, 900px\" \/><\/figure>\n\n\n\n<figure class=\"wp-block-image size-medium\"><img loading=\"lazy\" decoding=\"async\" width=\"900\" height=\"601\" data-id=\"2749\" src=\"https:\/\/marcinkrokowski.com\/wp-content\/uploads\/2022\/04\/fotograf-na-otwarcie-galerii-tymczasowa-34-900x601.jpg\" alt=\"Gem&#xE4;lde in einer Galerie bewundern\" class=\"wp-image-2749\" title=\"\" srcset=\"https:\/\/marcinkrokowski.com\/wp-content\/uploads\/2022\/04\/fotograf-na-otwarcie-galerii-tymczasowa-34-900x601.jpg 900w, https:\/\/marcinkrokowski.com\/wp-content\/uploads\/2022\/04\/fotograf-na-otwarcie-galerii-tymczasowa-34-1200x801.jpg 1200w, https:\/\/marcinkrokowski.com\/wp-content\/uploads\/2022\/04\/fotograf-na-otwarcie-galerii-tymczasowa-34-450x300.jpg 450w, https:\/\/marcinkrokowski.com\/wp-content\/uploads\/2022\/04\/fotograf-na-otwarcie-galerii-tymczasowa-34.jpg 1920w\" sizes=\"auto, (max-width: 900px) 100vw, 900px\" \/><\/figure>\n\n\n\n<figure class=\"wp-block-image size-medium\"><img loading=\"lazy\" decoding=\"async\" width=\"900\" height=\"601\" data-id=\"2750\" src=\"https:\/\/marcinkrokowski.com\/wp-content\/uploads\/2022\/04\/fotograf-na-otwarcie-galerii-tymczasowa-35-900x601.jpg\" alt=\"Ein Bild, das aus mehreren Bildern besteht\" class=\"wp-image-2750\" title=\"\" srcset=\"https:\/\/marcinkrokowski.com\/wp-content\/uploads\/2022\/04\/fotograf-na-otwarcie-galerii-tymczasowa-35-900x601.jpg 900w, https:\/\/marcinkrokowski.com\/wp-content\/uploads\/2022\/04\/fotograf-na-otwarcie-galerii-tymczasowa-35-1200x801.jpg 1200w, https:\/\/marcinkrokowski.com\/wp-content\/uploads\/2022\/04\/fotograf-na-otwarcie-galerii-tymczasowa-35-450x300.jpg 450w, https:\/\/marcinkrokowski.com\/wp-content\/uploads\/2022\/04\/fotograf-na-otwarcie-galerii-tymczasowa-35.jpg 1920w\" sizes=\"auto, (max-width: 900px) 100vw, 900px\" \/><\/figure>\n\n\n\n<figure class=\"wp-block-image size-medium\"><img loading=\"lazy\" decoding=\"async\" width=\"900\" height=\"600\" data-id=\"2751\" src=\"https:\/\/marcinkrokowski.com\/wp-content\/uploads\/2022\/04\/fotograf-na-otwarcie-galerii-tymczasowa-36-900x600.jpg\" alt=\"Mann spielt die Trompete\" class=\"wp-image-2751\" title=\"\" srcset=\"https:\/\/marcinkrokowski.com\/wp-content\/uploads\/2022\/04\/fotograf-na-otwarcie-galerii-tymczasowa-36-900x600.jpg 900w, https:\/\/marcinkrokowski.com\/wp-content\/uploads\/2022\/04\/fotograf-na-otwarcie-galerii-tymczasowa-36-1200x801.jpg 1200w, https:\/\/marcinkrokowski.com\/wp-content\/uploads\/2022\/04\/fotograf-na-otwarcie-galerii-tymczasowa-36-450x300.jpg 450w, https:\/\/marcinkrokowski.com\/wp-content\/uploads\/2022\/04\/fotograf-na-otwarcie-galerii-tymczasowa-36.jpg 1920w\" sizes=\"auto, (max-width: 900px) 100vw, 900px\" \/><\/figure>\n\n\n\n<figure class=\"wp-block-image size-medium\"><img loading=\"lazy\" decoding=\"async\" width=\"900\" height=\"600\" data-id=\"2752\" src=\"https:\/\/marcinkrokowski.com\/wp-content\/uploads\/2022\/04\/fotograf-na-otwarcie-galerii-tymczasowa-37-900x600.jpg\" alt=\"Fotograf f&#xFC;r die Er&#xF6;ffnung der Kunstgalerie in Warschau\" class=\"wp-image-2752\" title=\"\" srcset=\"https:\/\/marcinkrokowski.com\/wp-content\/uploads\/2022\/04\/fotograf-na-otwarcie-galerii-tymczasowa-37-900x600.jpg 900w, https:\/\/marcinkrokowski.com\/wp-content\/uploads\/2022\/04\/fotograf-na-otwarcie-galerii-tymczasowa-37-1200x801.jpg 1200w, https:\/\/marcinkrokowski.com\/wp-content\/uploads\/2022\/04\/fotograf-na-otwarcie-galerii-tymczasowa-37-450x300.jpg 450w, https:\/\/marcinkrokowski.com\/wp-content\/uploads\/2022\/04\/fotograf-na-otwarcie-galerii-tymczasowa-37.jpg 1920w\" sizes=\"auto, (max-width: 900px) 100vw, 900px\" \/><\/figure>\n\n\n\n<figure class=\"wp-block-image size-medium\"><img loading=\"lazy\" decoding=\"async\" width=\"900\" height=\"600\" data-id=\"2754\" src=\"https:\/\/marcinkrokowski.com\/wp-content\/uploads\/2022\/04\/fotograf-na-otwarcie-galerii-tymczasowa-39-900x600.jpg\" alt=\"Fotograf f&#xFC;r die Er&#xF6;ffnung der Kunstgalerie in Warschau\" class=\"wp-image-2754\" title=\"\" srcset=\"https:\/\/marcinkrokowski.com\/wp-content\/uploads\/2022\/04\/fotograf-na-otwarcie-galerii-tymczasowa-39-900x600.jpg 900w, https:\/\/marcinkrokowski.com\/wp-content\/uploads\/2022\/04\/fotograf-na-otwarcie-galerii-tymczasowa-39-1200x801.jpg 1200w, https:\/\/marcinkrokowski.com\/wp-content\/uploads\/2022\/04\/fotograf-na-otwarcie-galerii-tymczasowa-39-450x300.jpg 450w, https:\/\/marcinkrokowski.com\/wp-content\/uploads\/2022\/04\/fotograf-na-otwarcie-galerii-tymczasowa-39.jpg 1920w\" sizes=\"auto, (max-width: 900px) 100vw, 900px\" \/><\/figure>\n\n\n\n<figure class=\"wp-block-image size-medium\"><img loading=\"lazy\" decoding=\"async\" width=\"900\" height=\"599\" data-id=\"2776\" src=\"https:\/\/marcinkrokowski.com\/wp-content\/uploads\/2022\/04\/fotograf-na-otwarcie-galerii-tymczasowa-61-900x599.jpg\" alt=\"Tempor&#xE4;re Galerieer&#xF6;ffnung im Business Garden Warschau - Tempor&#xE4;re Galerie\" class=\"wp-image-2776\" title=\"\" srcset=\"https:\/\/marcinkrokowski.com\/wp-content\/uploads\/2022\/04\/fotograf-na-otwarcie-galerii-tymczasowa-61-900x599.jpg 900w, https:\/\/marcinkrokowski.com\/wp-content\/uploads\/2022\/04\/fotograf-na-otwarcie-galerii-tymczasowa-61-1200x798.jpg 1200w, https:\/\/marcinkrokowski.com\/wp-content\/uploads\/2022\/04\/fotograf-na-otwarcie-galerii-tymczasowa-61-450x299.jpg 450w, https:\/\/marcinkrokowski.com\/wp-content\/uploads\/2022\/04\/fotograf-na-otwarcie-galerii-tymczasowa-61.jpg 1920w\" sizes=\"auto, (max-width: 900px) 100vw, 900px\" \/><\/figure>\n\n\n\n<figure class=\"wp-block-image size-medium\"><img loading=\"lazy\" decoding=\"async\" width=\"900\" height=\"600\" data-id=\"2755\" src=\"https:\/\/marcinkrokowski.com\/wp-content\/uploads\/2022\/04\/fotograf-na-otwarcie-galerii-tymczasowa-40-900x600.jpg\" alt=\"Tempor&#xE4;re Galerieer&#xF6;ffnung im Business Garden Warschau\" class=\"wp-image-2755\" title=\"\" srcset=\"https:\/\/marcinkrokowski.com\/wp-content\/uploads\/2022\/04\/fotograf-na-otwarcie-galerii-tymczasowa-40-900x600.jpg 900w, https:\/\/marcinkrokowski.com\/wp-content\/uploads\/2022\/04\/fotograf-na-otwarcie-galerii-tymczasowa-40-1200x801.jpg 1200w, https:\/\/marcinkrokowski.com\/wp-content\/uploads\/2022\/04\/fotograf-na-otwarcie-galerii-tymczasowa-40-450x300.jpg 450w, https:\/\/marcinkrokowski.com\/wp-content\/uploads\/2022\/04\/fotograf-na-otwarcie-galerii-tymczasowa-40.jpg 1920w\" sizes=\"auto, (max-width: 900px) 100vw, 900px\" \/><\/figure>\n\n\n\n<figure class=\"wp-block-image size-medium\"><img loading=\"lazy\" decoding=\"async\" width=\"900\" height=\"600\" data-id=\"2756\" src=\"https:\/\/marcinkrokowski.com\/wp-content\/uploads\/2022\/04\/fotograf-na-otwarcie-galerii-tymczasowa-41-900x600.jpg\" alt=\"G&#xE4;ste klatschen\" class=\"wp-image-2756\" title=\"\" srcset=\"https:\/\/marcinkrokowski.com\/wp-content\/uploads\/2022\/04\/fotograf-na-otwarcie-galerii-tymczasowa-41-900x600.jpg 900w, https:\/\/marcinkrokowski.com\/wp-content\/uploads\/2022\/04\/fotograf-na-otwarcie-galerii-tymczasowa-41-1200x801.jpg 1200w, https:\/\/marcinkrokowski.com\/wp-content\/uploads\/2022\/04\/fotograf-na-otwarcie-galerii-tymczasowa-41-450x300.jpg 450w, https:\/\/marcinkrokowski.com\/wp-content\/uploads\/2022\/04\/fotograf-na-otwarcie-galerii-tymczasowa-41.jpg 1920w\" sizes=\"auto, (max-width: 900px) 100vw, 900px\" \/><\/figure>\n\n\n\n<figure class=\"wp-block-image size-medium\"><img loading=\"lazy\" decoding=\"async\" width=\"900\" height=\"600\" data-id=\"2757\" src=\"https:\/\/marcinkrokowski.com\/wp-content\/uploads\/2022\/04\/fotograf-na-otwarcie-galerii-tymczasowa-42-900x600.jpg\" alt=\"Frauen sprechen auf der B&#xFC;hne bei der Er&#xF6;ffnung einer Kunstgalerie\" class=\"wp-image-2757\" title=\"\" srcset=\"https:\/\/marcinkrokowski.com\/wp-content\/uploads\/2022\/04\/fotograf-na-otwarcie-galerii-tymczasowa-42-900x600.jpg 900w, https:\/\/marcinkrokowski.com\/wp-content\/uploads\/2022\/04\/fotograf-na-otwarcie-galerii-tymczasowa-42-1200x801.jpg 1200w, https:\/\/marcinkrokowski.com\/wp-content\/uploads\/2022\/04\/fotograf-na-otwarcie-galerii-tymczasowa-42-450x300.jpg 450w, https:\/\/marcinkrokowski.com\/wp-content\/uploads\/2022\/04\/fotograf-na-otwarcie-galerii-tymczasowa-42.jpg 1920w\" sizes=\"auto, (max-width: 900px) 100vw, 900px\" \/><\/figure>\n\n\n\n<figure class=\"wp-block-image size-medium\"><img loading=\"lazy\" decoding=\"async\" width=\"900\" height=\"600\" data-id=\"2759\" src=\"https:\/\/marcinkrokowski.com\/wp-content\/uploads\/2022\/04\/fotograf-na-otwarcie-galerii-tymczasowa-44-900x600.jpg\" alt=\"Ausstellung von Exponaten in der Kunstgalerie\" class=\"wp-image-2759\" title=\"\" srcset=\"https:\/\/marcinkrokowski.com\/wp-content\/uploads\/2022\/04\/fotograf-na-otwarcie-galerii-tymczasowa-44-900x600.jpg 900w, https:\/\/marcinkrokowski.com\/wp-content\/uploads\/2022\/04\/fotograf-na-otwarcie-galerii-tymczasowa-44-1200x801.jpg 1200w, https:\/\/marcinkrokowski.com\/wp-content\/uploads\/2022\/04\/fotograf-na-otwarcie-galerii-tymczasowa-44-450x300.jpg 450w, https:\/\/marcinkrokowski.com\/wp-content\/uploads\/2022\/04\/fotograf-na-otwarcie-galerii-tymczasowa-44.jpg 1920w\" sizes=\"auto, (max-width: 900px) 100vw, 900px\" \/><\/figure>\n\n\n\n<figure class=\"wp-block-image size-medium\"><img loading=\"lazy\" decoding=\"async\" width=\"900\" height=\"600\" data-id=\"2760\" src=\"https:\/\/marcinkrokowski.com\/wp-content\/uploads\/2022\/04\/fotograf-na-otwarcie-galerii-tymczasowa-45-900x600.jpg\" alt=\"Konversationen in der Kunstgalerie\" class=\"wp-image-2760\" title=\"\" srcset=\"https:\/\/marcinkrokowski.com\/wp-content\/uploads\/2022\/04\/fotograf-na-otwarcie-galerii-tymczasowa-45-900x600.jpg 900w, https:\/\/marcinkrokowski.com\/wp-content\/uploads\/2022\/04\/fotograf-na-otwarcie-galerii-tymczasowa-45-1200x801.jpg 1200w, https:\/\/marcinkrokowski.com\/wp-content\/uploads\/2022\/04\/fotograf-na-otwarcie-galerii-tymczasowa-45-450x300.jpg 450w, https:\/\/marcinkrokowski.com\/wp-content\/uploads\/2022\/04\/fotograf-na-otwarcie-galerii-tymczasowa-45.jpg 1920w\" sizes=\"auto, (max-width: 900px) 100vw, 900px\" \/><\/figure>\n\n\n\n<figure class=\"wp-block-image size-medium\"><img loading=\"lazy\" decoding=\"async\" width=\"900\" height=\"600\" data-id=\"2761\" src=\"https:\/\/marcinkrokowski.com\/wp-content\/uploads\/2022\/04\/fotograf-na-otwarcie-galerii-tymczasowa-46-900x600.jpg\" alt=\"Tempor&#xE4;re Galerieer&#xF6;ffnung im Business Garden Warschau\" class=\"wp-image-2761\" title=\"\" srcset=\"https:\/\/marcinkrokowski.com\/wp-content\/uploads\/2022\/04\/fotograf-na-otwarcie-galerii-tymczasowa-46-900x600.jpg 900w, https:\/\/marcinkrokowski.com\/wp-content\/uploads\/2022\/04\/fotograf-na-otwarcie-galerii-tymczasowa-46-1200x801.jpg 1200w, https:\/\/marcinkrokowski.com\/wp-content\/uploads\/2022\/04\/fotograf-na-otwarcie-galerii-tymczasowa-46-450x300.jpg 450w, https:\/\/marcinkrokowski.com\/wp-content\/uploads\/2022\/04\/fotograf-na-otwarcie-galerii-tymczasowa-46.jpg 1920w\" sizes=\"auto, (max-width: 900px) 100vw, 900px\" \/><\/figure>\n\n\n\n<figure class=\"wp-block-image size-medium\"><img loading=\"lazy\" decoding=\"async\" width=\"900\" height=\"600\" data-id=\"2762\" src=\"https:\/\/marcinkrokowski.com\/wp-content\/uploads\/2022\/04\/fotograf-na-otwarcie-galerii-tymczasowa-47-900x600.jpg\" alt=\"Kellner servieren Erfrischungen in einer Kunstgalerie\" class=\"wp-image-2762\" title=\"\" srcset=\"https:\/\/marcinkrokowski.com\/wp-content\/uploads\/2022\/04\/fotograf-na-otwarcie-galerii-tymczasowa-47-900x600.jpg 900w, https:\/\/marcinkrokowski.com\/wp-content\/uploads\/2022\/04\/fotograf-na-otwarcie-galerii-tymczasowa-47-1200x801.jpg 1200w, https:\/\/marcinkrokowski.com\/wp-content\/uploads\/2022\/04\/fotograf-na-otwarcie-galerii-tymczasowa-47-450x300.jpg 450w, https:\/\/marcinkrokowski.com\/wp-content\/uploads\/2022\/04\/fotograf-na-otwarcie-galerii-tymczasowa-47.jpg 1920w\" sizes=\"auto, (max-width: 900px) 100vw, 900px\" \/><\/figure>\n\n\n\n<figure class=\"wp-block-image size-medium\"><img loading=\"lazy\" decoding=\"async\" width=\"900\" height=\"600\" data-id=\"2763\" src=\"https:\/\/marcinkrokowski.com\/wp-content\/uploads\/2022\/04\/fotograf-na-otwarcie-galerii-tymczasowa-48-900x600.jpg\" alt=\"Mann spricht mit Frauen in Kunstgalerie\" class=\"wp-image-2763\" title=\"\" srcset=\"https:\/\/marcinkrokowski.com\/wp-content\/uploads\/2022\/04\/fotograf-na-otwarcie-galerii-tymczasowa-48-900x600.jpg 900w, https:\/\/marcinkrokowski.com\/wp-content\/uploads\/2022\/04\/fotograf-na-otwarcie-galerii-tymczasowa-48-1200x801.jpg 1200w, https:\/\/marcinkrokowski.com\/wp-content\/uploads\/2022\/04\/fotograf-na-otwarcie-galerii-tymczasowa-48-450x300.jpg 450w, https:\/\/marcinkrokowski.com\/wp-content\/uploads\/2022\/04\/fotograf-na-otwarcie-galerii-tymczasowa-48.jpg 1920w\" sizes=\"auto, (max-width: 900px) 100vw, 900px\" \/><\/figure>\n\n\n\n<figure class=\"wp-block-image size-medium\"><img loading=\"lazy\" decoding=\"async\" width=\"900\" height=\"599\" data-id=\"2764\" src=\"https:\/\/marcinkrokowski.com\/wp-content\/uploads\/2022\/04\/fotograf-na-otwarcie-galerii-tymczasowa-49-900x599.jpg\" alt=\"Frauen reden und lachen in einer Kunstgalerie in Warschau\" class=\"wp-image-2764\" title=\"\" srcset=\"https:\/\/marcinkrokowski.com\/wp-content\/uploads\/2022\/04\/fotograf-na-otwarcie-galerii-tymczasowa-49-900x599.jpg 900w, https:\/\/marcinkrokowski.com\/wp-content\/uploads\/2022\/04\/fotograf-na-otwarcie-galerii-tymczasowa-49-1200x798.jpg 1200w, https:\/\/marcinkrokowski.com\/wp-content\/uploads\/2022\/04\/fotograf-na-otwarcie-galerii-tymczasowa-49-450x299.jpg 450w, https:\/\/marcinkrokowski.com\/wp-content\/uploads\/2022\/04\/fotograf-na-otwarcie-galerii-tymczasowa-49.jpg 1920w\" sizes=\"auto, (max-width: 900px) 100vw, 900px\" \/><\/figure>\n\n\n\n<figure class=\"wp-block-image size-medium\"><img loading=\"lazy\" decoding=\"async\" width=\"900\" height=\"599\" data-id=\"2766\" src=\"https:\/\/marcinkrokowski.com\/wp-content\/uploads\/2022\/04\/fotograf-na-otwarcie-galerii-tymczasowa-51-900x599.jpg\" alt=\"Kellner mit Champagnergl&#xE4;sern in Kunstgalerie vor&#xFC;bergehend\" class=\"wp-image-2766\" title=\"\" srcset=\"https:\/\/marcinkrokowski.com\/wp-content\/uploads\/2022\/04\/fotograf-na-otwarcie-galerii-tymczasowa-51-900x599.jpg 900w, https:\/\/marcinkrokowski.com\/wp-content\/uploads\/2022\/04\/fotograf-na-otwarcie-galerii-tymczasowa-51-1200x798.jpg 1200w, https:\/\/marcinkrokowski.com\/wp-content\/uploads\/2022\/04\/fotograf-na-otwarcie-galerii-tymczasowa-51-450x299.jpg 450w, https:\/\/marcinkrokowski.com\/wp-content\/uploads\/2022\/04\/fotograf-na-otwarcie-galerii-tymczasowa-51.jpg 1920w\" sizes=\"auto, (max-width: 900px) 100vw, 900px\" \/><\/figure>\n\n\n\n<figure class=\"wp-block-image size-medium\"><img loading=\"lazy\" decoding=\"async\" width=\"900\" height=\"599\" data-id=\"2767\" src=\"https:\/\/marcinkrokowski.com\/wp-content\/uploads\/2022\/04\/fotograf-na-otwarcie-galerii-tymczasowa-52-900x599.jpg\" alt=\"Tempor&#xE4;re Galerieer&#xF6;ffnung im Business Garden Warschau\" class=\"wp-image-2767\" title=\"\" srcset=\"https:\/\/marcinkrokowski.com\/wp-content\/uploads\/2022\/04\/fotograf-na-otwarcie-galerii-tymczasowa-52-900x599.jpg 900w, https:\/\/marcinkrokowski.com\/wp-content\/uploads\/2022\/04\/fotograf-na-otwarcie-galerii-tymczasowa-52-1200x798.jpg 1200w, https:\/\/marcinkrokowski.com\/wp-content\/uploads\/2022\/04\/fotograf-na-otwarcie-galerii-tymczasowa-52-450x299.jpg 450w, https:\/\/marcinkrokowski.com\/wp-content\/uploads\/2022\/04\/fotograf-na-otwarcie-galerii-tymczasowa-52.jpg 1920w\" sizes=\"auto, (max-width: 900px) 100vw, 900px\" \/><\/figure>\n\n\n\n<figure class=\"wp-block-image size-medium\"><img loading=\"lazy\" decoding=\"async\" width=\"900\" height=\"599\" data-id=\"2768\" src=\"https:\/\/marcinkrokowski.com\/wp-content\/uploads\/2022\/04\/fotograf-na-otwarcie-galerii-tymczasowa-53-900x599.jpg\" alt=\"Tempor&#xE4;re Galerieer&#xF6;ffnung im Business Garden Warschau\" class=\"wp-image-2768\" title=\"\" srcset=\"https:\/\/marcinkrokowski.com\/wp-content\/uploads\/2022\/04\/fotograf-na-otwarcie-galerii-tymczasowa-53-900x599.jpg 900w, https:\/\/marcinkrokowski.com\/wp-content\/uploads\/2022\/04\/fotograf-na-otwarcie-galerii-tymczasowa-53-1200x798.jpg 1200w, https:\/\/marcinkrokowski.com\/wp-content\/uploads\/2022\/04\/fotograf-na-otwarcie-galerii-tymczasowa-53-450x299.jpg 450w, https:\/\/marcinkrokowski.com\/wp-content\/uploads\/2022\/04\/fotograf-na-otwarcie-galerii-tymczasowa-53.jpg 1920w\" sizes=\"auto, (max-width: 900px) 100vw, 900px\" \/><\/figure>\n\n\n\n<figure class=\"wp-block-image size-medium\"><img loading=\"lazy\" decoding=\"async\" width=\"900\" height=\"599\" data-id=\"2769\" src=\"https:\/\/marcinkrokowski.com\/wp-content\/uploads\/2022\/04\/fotograf-na-otwarcie-galerii-tymczasowa-54-900x599.jpg\" alt=\"Champagnergl&#xE4;ser, gehalten von einem Kellner in der schreienden Galerie\" class=\"wp-image-2769\" title=\"\" srcset=\"https:\/\/marcinkrokowski.com\/wp-content\/uploads\/2022\/04\/fotograf-na-otwarcie-galerii-tymczasowa-54-900x599.jpg 900w, https:\/\/marcinkrokowski.com\/wp-content\/uploads\/2022\/04\/fotograf-na-otwarcie-galerii-tymczasowa-54-1200x798.jpg 1200w, https:\/\/marcinkrokowski.com\/wp-content\/uploads\/2022\/04\/fotograf-na-otwarcie-galerii-tymczasowa-54-450x299.jpg 450w, https:\/\/marcinkrokowski.com\/wp-content\/uploads\/2022\/04\/fotograf-na-otwarcie-galerii-tymczasowa-54.jpg 1920w\" sizes=\"auto, (max-width: 900px) 100vw, 900px\" \/><\/figure>\n\n\n\n<figure class=\"wp-block-image size-medium\"><img loading=\"lazy\" decoding=\"async\" width=\"900\" height=\"599\" data-id=\"2772\" src=\"https:\/\/marcinkrokowski.com\/wp-content\/uploads\/2022\/04\/fotograf-na-otwarcie-galerii-tymczasowa-57-900x599.jpg\" alt=\"Tempor&#xE4;re Galerieer&#xF6;ffnung im Business Garden Warschau\" class=\"wp-image-2772\" title=\"\" srcset=\"https:\/\/marcinkrokowski.com\/wp-content\/uploads\/2022\/04\/fotograf-na-otwarcie-galerii-tymczasowa-57-900x599.jpg 900w, https:\/\/marcinkrokowski.com\/wp-content\/uploads\/2022\/04\/fotograf-na-otwarcie-galerii-tymczasowa-57-1200x798.jpg 1200w, https:\/\/marcinkrokowski.com\/wp-content\/uploads\/2022\/04\/fotograf-na-otwarcie-galerii-tymczasowa-57-450x299.jpg 450w, https:\/\/marcinkrokowski.com\/wp-content\/uploads\/2022\/04\/fotograf-na-otwarcie-galerii-tymczasowa-57.jpg 1920w\" sizes=\"auto, (max-width: 900px) 100vw, 900px\" \/><\/figure>\n\n\n\n<figure class=\"wp-block-image size-medium\"><img loading=\"lazy\" decoding=\"async\" width=\"900\" height=\"599\" data-id=\"2773\" src=\"https:\/\/marcinkrokowski.com\/wp-content\/uploads\/2022\/04\/fotograf-na-otwarcie-galerii-tymczasowa-58-900x599.jpg\" alt=\"Tempor&#xE4;re Galerieer&#xF6;ffnung im Business Garden Warschau\" class=\"wp-image-2773\" title=\"\" srcset=\"https:\/\/marcinkrokowski.com\/wp-content\/uploads\/2022\/04\/fotograf-na-otwarcie-galerii-tymczasowa-58-900x599.jpg 900w, https:\/\/marcinkrokowski.com\/wp-content\/uploads\/2022\/04\/fotograf-na-otwarcie-galerii-tymczasowa-58-1200x798.jpg 1200w, https:\/\/marcinkrokowski.com\/wp-content\/uploads\/2022\/04\/fotograf-na-otwarcie-galerii-tymczasowa-58-450x299.jpg 450w, https:\/\/marcinkrokowski.com\/wp-content\/uploads\/2022\/04\/fotograf-na-otwarcie-galerii-tymczasowa-58.jpg 1920w\" sizes=\"auto, (max-width: 900px) 100vw, 900px\" \/><\/figure>\n\n\n\n<figure class=\"wp-block-image size-medium\"><img loading=\"lazy\" decoding=\"async\" width=\"900\" height=\"599\" data-id=\"2777\" src=\"https:\/\/marcinkrokowski.com\/wp-content\/uploads\/2022\/04\/fotograf-na-otwarcie-galerii-tymczasowa-62-900x599.jpg\" alt=\"Tempor&#xE4;re Galerieer&#xF6;ffnung im Business Garden Warschau\" class=\"wp-image-2777\" title=\"\" srcset=\"https:\/\/marcinkrokowski.com\/wp-content\/uploads\/2022\/04\/fotograf-na-otwarcie-galerii-tymczasowa-62-900x599.jpg 900w, https:\/\/marcinkrokowski.com\/wp-content\/uploads\/2022\/04\/fotograf-na-otwarcie-galerii-tymczasowa-62-1200x798.jpg 1200w, https:\/\/marcinkrokowski.com\/wp-content\/uploads\/2022\/04\/fotograf-na-otwarcie-galerii-tymczasowa-62-450x299.jpg 450w, https:\/\/marcinkrokowski.com\/wp-content\/uploads\/2022\/04\/fotograf-na-otwarcie-galerii-tymczasowa-62.jpg 1920w\" sizes=\"auto, (max-width: 900px) 100vw, 900px\" \/><\/figure>\n\n\n\n<figure class=\"wp-block-image size-medium\"><img loading=\"lazy\" decoding=\"async\" width=\"900\" height=\"599\" data-id=\"2778\" src=\"https:\/\/marcinkrokowski.com\/wp-content\/uploads\/2022\/04\/fotograf-na-otwarcie-galerii-tymczasowa-63-900x599.jpg\" alt=\"Wandgem&#xE4;lde in der Galerie\" class=\"wp-image-2778\" title=\"\" srcset=\"https:\/\/marcinkrokowski.com\/wp-content\/uploads\/2022\/04\/fotograf-na-otwarcie-galerii-tymczasowa-63-900x599.jpg 900w, https:\/\/marcinkrokowski.com\/wp-content\/uploads\/2022\/04\/fotograf-na-otwarcie-galerii-tymczasowa-63-1200x798.jpg 1200w, https:\/\/marcinkrokowski.com\/wp-content\/uploads\/2022\/04\/fotograf-na-otwarcie-galerii-tymczasowa-63-450x299.jpg 450w, https:\/\/marcinkrokowski.com\/wp-content\/uploads\/2022\/04\/fotograf-na-otwarcie-galerii-tymczasowa-63.jpg 1920w\" sizes=\"auto, (max-width: 900px) 100vw, 900px\" \/><\/figure>\n\n\n\n<figure class=\"wp-block-image size-medium\"><img loading=\"lazy\" decoding=\"async\" width=\"900\" height=\"599\" data-id=\"2779\" src=\"https:\/\/marcinkrokowski.com\/wp-content\/uploads\/2022\/04\/fotograf-na-otwarcie-galerii-tymczasowa-64-900x599.jpg\" alt=\"Kellner geht durch die Kunstgalerie\" class=\"wp-image-2779\" title=\"\" srcset=\"https:\/\/marcinkrokowski.com\/wp-content\/uploads\/2022\/04\/fotograf-na-otwarcie-galerii-tymczasowa-64-900x599.jpg 900w, https:\/\/marcinkrokowski.com\/wp-content\/uploads\/2022\/04\/fotograf-na-otwarcie-galerii-tymczasowa-64-1200x798.jpg 1200w, https:\/\/marcinkrokowski.com\/wp-content\/uploads\/2022\/04\/fotograf-na-otwarcie-galerii-tymczasowa-64-450x299.jpg 450w, https:\/\/marcinkrokowski.com\/wp-content\/uploads\/2022\/04\/fotograf-na-otwarcie-galerii-tymczasowa-64.jpg 1920w\" sizes=\"auto, (max-width: 900px) 100vw, 900px\" \/><\/figure>\n\n\n\n<figure class=\"wp-block-image size-medium\"><img loading=\"lazy\" decoding=\"async\" width=\"900\" height=\"600\" data-id=\"2753\" src=\"https:\/\/marcinkrokowski.com\/wp-content\/uploads\/2022\/04\/fotograf-na-otwarcie-galerii-tymczasowa-38-900x600.jpg\" alt=\"Fotograf f&#xFC;r die Er&#xF6;ffnung der Kunstgalerie in Warschau\" class=\"wp-image-2753\" title=\"\" srcset=\"https:\/\/marcinkrokowski.com\/wp-content\/uploads\/2022\/04\/fotograf-na-otwarcie-galerii-tymczasowa-38-900x600.jpg 900w, https:\/\/marcinkrokowski.com\/wp-content\/uploads\/2022\/04\/fotograf-na-otwarcie-galerii-tymczasowa-38-1200x801.jpg 1200w, https:\/\/marcinkrokowski.com\/wp-content\/uploads\/2022\/04\/fotograf-na-otwarcie-galerii-tymczasowa-38-450x300.jpg 450w, https:\/\/marcinkrokowski.com\/wp-content\/uploads\/2022\/04\/fotograf-na-otwarcie-galerii-tymczasowa-38.jpg 1920w\" sizes=\"auto, (max-width: 900px) 100vw, 900px\" \/><\/figure>\n<\/figure>\n","protected":false},"excerpt":{"rendered":"<p>Fotoreportage von der Er\u00f6ffnung der Kunstgalerie &#8218;Temporary&#8216; im Business Garden in Warschau. Der Name der Galerie bezieht sich direkt auf ihren Charakter. <\/p>\n","protected":false},"author":1,"featured_media":20140,"parent":0,"comment_status":"open","ping_status":"closed","template":"","kategoria_portfolio":[60],"class_list":["post-20135","portfolio","type-portfolio","status-publish","has-post-thumbnail","hentry","kategoria_portfolio-kultur-und-kunst","infinite-scroll-item","generate-columns","tablet-grid-50","mobile-grid-100","grid-parent","grid-33"],"featured_image_urls_v2":{"full":["https:\/\/marcinkrokowski.com\/wp-content\/uploads\/2022\/04\/fotograf-na-otwarcie-galerii-tymczasowa-3.jpg",1920,1281,false],"thumbnail":["https:\/\/marcinkrokowski.com\/wp-content\/uploads\/2022\/04\/fotograf-na-otwarcie-galerii-tymczasowa-3-450x300.jpg",450,300,true],"medium":["https:\/\/marcinkrokowski.com\/wp-content\/uploads\/2022\/04\/fotograf-na-otwarcie-galerii-tymczasowa-3-900x600.jpg",900,600,true],"medium_large":["https:\/\/marcinkrokowski.com\/wp-content\/uploads\/2022\/04\/fotograf-na-otwarcie-galerii-tymczasowa-3.jpg",768,512,false],"large":["https:\/\/marcinkrokowski.com\/wp-content\/uploads\/2022\/04\/fotograf-na-otwarcie-galerii-tymczasowa-3-1200x801.jpg",1200,801,true],"1536x1536":["https:\/\/marcinkrokowski.com\/wp-content\/uploads\/2022\/04\/fotograf-na-otwarcie-galerii-tymczasowa-3.jpg",1536,1025,false],"2048x2048":["https:\/\/marcinkrokowski.com\/wp-content\/uploads\/2022\/04\/fotograf-na-otwarcie-galerii-tymczasowa-3.jpg",1920,1281,false],"gform-image-choice-sm":["https:\/\/marcinkrokowski.com\/wp-content\/uploads\/2022\/04\/fotograf-na-otwarcie-galerii-tymczasowa-3.jpg",300,200,false],"gform-image-choice-md":["https:\/\/marcinkrokowski.com\/wp-content\/uploads\/2022\/04\/fotograf-na-otwarcie-galerii-tymczasowa-3.jpg",400,267,false],"gform-image-choice-lg":["https:\/\/marcinkrokowski.com\/wp-content\/uploads\/2022\/04\/fotograf-na-otwarcie-galerii-tymczasowa-3.jpg",600,400,false]},"post_excerpt_stackable_v2":"<p>Fotoreportage von der Er\u00f6ffnung der Kunstgalerie &#8218;Temporary&#8216; im Business Garden in Warschau. Der Name der Galerie bezieht sich direkt auf ihren Charakter. <\/p>\n","category_list_v2":"","author_info_v2":{"name":"Marcin","url":"https:\/\/marcinkrokowski.com\/de\/author\/marcinkompele_k2gxbthi\/"},"comments_num_v2":"0 comments","_links":{"self":[{"href":"https:\/\/marcinkrokowski.com\/de\/wp-json\/wp\/v2\/portfolio\/20135","targetHints":{"allow":["GET"]}}],"collection":[{"href":"https:\/\/marcinkrokowski.com\/de\/wp-json\/wp\/v2\/portfolio"}],"about":[{"href":"https:\/\/marcinkrokowski.com\/de\/wp-json\/wp\/v2\/types\/portfolio"}],"author":[{"embeddable":true,"href":"https:\/\/marcinkrokowski.com\/de\/wp-json\/wp\/v2\/users\/1"}],"replies":[{"embeddable":true,"href":"https:\/\/marcinkrokowski.com\/de\/wp-json\/wp\/v2\/comments?post=20135"}],"version-history":[{"count":1,"href":"https:\/\/marcinkrokowski.com\/de\/wp-json\/wp\/v2\/portfolio\/20135\/revisions"}],"predecessor-version":[{"id":20200,"href":"https:\/\/marcinkrokowski.com\/de\/wp-json\/wp\/v2\/portfolio\/20135\/revisions\/20200"}],"wp:featuredmedia":[{"embeddable":true,"href":"https:\/\/marcinkrokowski.com\/de\/wp-json\/wp\/v2\/media\/20140"}],"wp:attachment":[{"href":"https:\/\/marcinkrokowski.com\/de\/wp-json\/wp\/v2\/media?parent=20135"}],"wp:term":[{"taxonomy":"kategoria_portfolio","embeddable":true,"href":"https:\/\/marcinkrokowski.com\/de\/wp-json\/wp\/v2\/kategoria_portfolio?post=20135"}],"curies":[{"name":"wp","href":"https:\/\/api.w.org\/{rel}","templated":true}]}}