{"id":18756,"date":"2018-01-21T13:38:00","date_gmt":"2018-01-21T12:38:00","guid":{"rendered":"https:\/\/marcinkrokowski.com\/portfolio\/handtaschenmesse-bei-friends-of-friends\/"},"modified":"2025-09-04T17:48:52","modified_gmt":"2025-09-04T15:48:52","slug":"handtaschenmesse-bei-friends-of-friends","status":"publish","type":"portfolio","link":"https:\/\/marcinkrokowski.com\/de\/portfolio\/handtaschenmesse-bei-friends-of-friends\/","title":{"rendered":"Handtaschenmesse bei Friends of Friends"},"content":{"rendered":"\n<p>Ich habe die Handtaschenmesse 2018 im Club besucht <strong><a href=\"http:\/\/znajomiznajomych.waw.pl\/\" target=\"_blank\" rel=\"noopener\">Znajomi Znajomych<\/a><\/strong> in Warschau besucht und ich muss sagen, dass es eine wirklich erstaunliche Erfahrung als <a href=\"https:\/\/marcinkrokowski.com\/de\/angebot\/\" data-type=\"page\" data-id=\"40\">Event-Fotograf war.<\/a><\/p>\n\n<figure class=\"wp-block-gallery alignwide has-nested-images columns-default is-cropped wp-block-gallery-1 is-layout-flex wp-block-gallery-is-layout-flex\">\n<figure class=\"wp-block-image size-medium\"><img loading=\"lazy\" decoding=\"async\" width=\"900\" height=\"1348\" data-id=\"5126\" src=\"https:\/\/marcinkrokowski.com\/wp-content\/uploads\/2023\/01\/fotorelacja-targi-torebek-znajomi-znajomych-warszawa-34-900x1348.jpg\" alt=\"Eintritt in den Club der Freunde der Freunde\" class=\"wp-image-5126\" title=\"\" srcset=\"https:\/\/marcinkrokowski.com\/wp-content\/uploads\/2023\/01\/fotorelacja-targi-torebek-znajomi-znajomych-warszawa-34-900x1348.jpg 900w, https:\/\/marcinkrokowski.com\/wp-content\/uploads\/2023\/01\/fotorelacja-targi-torebek-znajomi-znajomych-warszawa-34-1200x1797.jpg 1200w, https:\/\/marcinkrokowski.com\/wp-content\/uploads\/2023\/01\/fotorelacja-targi-torebek-znajomi-znajomych-warszawa-34-450x674.jpg 450w, https:\/\/marcinkrokowski.com\/wp-content\/uploads\/2023\/01\/fotorelacja-targi-torebek-znajomi-znajomych-warszawa-34.jpg 1282w\" sizes=\"auto, (max-width: 900px) 100vw, 900px\" \/><\/figure>\n\n\n\n<figure class=\"wp-block-image size-medium\"><img loading=\"lazy\" decoding=\"async\" width=\"900\" height=\"1349\" data-id=\"5131\" src=\"https:\/\/marcinkrokowski.com\/wp-content\/uploads\/2023\/01\/fotorelacja-targi-torebek-znajomi-znajomych-warszawa-29-900x1349.jpg\" alt=\"Zielinski BAGS\" class=\"wp-image-5131\" title=\"\" srcset=\"https:\/\/marcinkrokowski.com\/wp-content\/uploads\/2023\/01\/fotorelacja-targi-torebek-znajomi-znajomych-warszawa-29-900x1349.jpg 900w, https:\/\/marcinkrokowski.com\/wp-content\/uploads\/2023\/01\/fotorelacja-targi-torebek-znajomi-znajomych-warszawa-29-1200x1799.jpg 1200w, https:\/\/marcinkrokowski.com\/wp-content\/uploads\/2023\/01\/fotorelacja-targi-torebek-znajomi-znajomych-warszawa-29-450x674.jpg 450w, https:\/\/marcinkrokowski.com\/wp-content\/uploads\/2023\/01\/fotorelacja-targi-torebek-znajomi-znajomych-warszawa-29.jpg 1281w\" sizes=\"auto, (max-width: 900px) 100vw, 900px\" \/><\/figure>\n<\/figure>\n\n<h2 class=\"wp-block-heading\">Die Sch\u00f6nheit und Originalit\u00e4t von Handtaschen einfangen<\/h2>\n\n<p>Ich hatte die Gelegenheit, nicht nur die sch\u00f6nen handgefertigten Taschen, sondern auch die Atmosph\u00e4re dieser besonderen Veranstaltung in Bildern festzuhalten. <a href=\"https:\/\/marcinkrokowski.com\/portfolio\/targi\/\" data-type=\"category\" data-id=\"10\">Die Messe<\/a> war voll von bunten und originellen Taschen, die von verschiedenen Designern entworfen wurden.<\/p>\n\n<figure class=\"wp-block-gallery alignwide has-nested-images columns-default is-cropped wp-block-gallery-2 is-layout-flex wp-block-gallery-is-layout-flex\">\n<figure class=\"wp-block-image size-large\"><img loading=\"lazy\" decoding=\"async\" width=\"1200\" height=\"801\" data-id=\"5125\" src=\"https:\/\/marcinkrokowski.com\/wp-content\/uploads\/2023\/01\/fotorelacja-targi-torebek-znajomi-znajomych-warszawa-35-1200x801.jpg\" alt=\"Kleiderb&#xFC;gel\" class=\"wp-image-5125\" title=\"\" srcset=\"https:\/\/marcinkrokowski.com\/wp-content\/uploads\/2023\/01\/fotorelacja-targi-torebek-znajomi-znajomych-warszawa-35-1200x801.jpg 1200w, https:\/\/marcinkrokowski.com\/wp-content\/uploads\/2023\/01\/fotorelacja-targi-torebek-znajomi-znajomych-warszawa-35-900x600.jpg 900w, https:\/\/marcinkrokowski.com\/wp-content\/uploads\/2023\/01\/fotorelacja-targi-torebek-znajomi-znajomych-warszawa-35-450x300.jpg 450w, https:\/\/marcinkrokowski.com\/wp-content\/uploads\/2023\/01\/fotorelacja-targi-torebek-znajomi-znajomych-warszawa-35.jpg 1920w\" sizes=\"auto, (max-width: 1200px) 100vw, 1200px\" \/><\/figure>\n\n\n\n<figure class=\"wp-block-image size-large\"><img loading=\"lazy\" decoding=\"async\" width=\"1200\" height=\"801\" data-id=\"5127\" src=\"https:\/\/marcinkrokowski.com\/wp-content\/uploads\/2023\/01\/fotorelacja-targi-torebek-znajomi-znajomych-warszawa-33-1200x801.jpg\" alt=\"eine Frau &#xFC;bergibt ein Armband\" class=\"wp-image-5127\" title=\"\" srcset=\"https:\/\/marcinkrokowski.com\/wp-content\/uploads\/2023\/01\/fotorelacja-targi-torebek-znajomi-znajomych-warszawa-33-1200x801.jpg 1200w, https:\/\/marcinkrokowski.com\/wp-content\/uploads\/2023\/01\/fotorelacja-targi-torebek-znajomi-znajomych-warszawa-33-900x600.jpg 900w, https:\/\/marcinkrokowski.com\/wp-content\/uploads\/2023\/01\/fotorelacja-targi-torebek-znajomi-znajomych-warszawa-33-450x300.jpg 450w, https:\/\/marcinkrokowski.com\/wp-content\/uploads\/2023\/01\/fotorelacja-targi-torebek-znajomi-znajomych-warszawa-33.jpg 1920w\" sizes=\"auto, (max-width: 1200px) 100vw, 1200px\" \/><\/figure>\n\n\n\n<figure class=\"wp-block-image size-large\"><img loading=\"lazy\" decoding=\"async\" width=\"1200\" height=\"801\" data-id=\"5129\" src=\"https:\/\/marcinkrokowski.com\/wp-content\/uploads\/2023\/01\/fotorelacja-targi-torebek-znajomi-znajomych-warszawa-31-1200x801.jpg\" alt=\"Fotograf f&#xFC;r Modemessen\" class=\"wp-image-5129\" title=\"\" srcset=\"https:\/\/marcinkrokowski.com\/wp-content\/uploads\/2023\/01\/fotorelacja-targi-torebek-znajomi-znajomych-warszawa-31-1200x801.jpg 1200w, https:\/\/marcinkrokowski.com\/wp-content\/uploads\/2023\/01\/fotorelacja-targi-torebek-znajomi-znajomych-warszawa-31-900x600.jpg 900w, https:\/\/marcinkrokowski.com\/wp-content\/uploads\/2023\/01\/fotorelacja-targi-torebek-znajomi-znajomych-warszawa-31-450x300.jpg 450w, https:\/\/marcinkrokowski.com\/wp-content\/uploads\/2023\/01\/fotorelacja-targi-torebek-znajomi-znajomych-warszawa-31.jpg 1920w\" sizes=\"auto, (max-width: 1200px) 100vw, 1200px\" \/><\/figure>\n\n\n\n<figure class=\"wp-block-image size-large\"><img loading=\"lazy\" decoding=\"async\" width=\"1200\" height=\"801\" data-id=\"5128\" src=\"https:\/\/marcinkrokowski.com\/wp-content\/uploads\/2023\/01\/fotorelacja-targi-torebek-znajomi-znajomych-warszawa-32-1200x801.jpg\" alt=\"Fotoreportage Handtaschenmesse\" class=\"wp-image-5128\" title=\"\" srcset=\"https:\/\/marcinkrokowski.com\/wp-content\/uploads\/2023\/01\/fotorelacja-targi-torebek-znajomi-znajomych-warszawa-32-1200x801.jpg 1200w, https:\/\/marcinkrokowski.com\/wp-content\/uploads\/2023\/01\/fotorelacja-targi-torebek-znajomi-znajomych-warszawa-32-900x600.jpg 900w, https:\/\/marcinkrokowski.com\/wp-content\/uploads\/2023\/01\/fotorelacja-targi-torebek-znajomi-znajomych-warszawa-32-450x300.jpg 450w, https:\/\/marcinkrokowski.com\/wp-content\/uploads\/2023\/01\/fotorelacja-targi-torebek-znajomi-znajomych-warszawa-32.jpg 1920w\" sizes=\"auto, (max-width: 1200px) 100vw, 1200px\" \/><\/figure>\n<\/figure>\n\n<h2 class=\"wp-block-heading\">Treffen Sie interessante Designer und K\u00fcnstler<\/h2>\n\n<p>Nicht nur die Taschen selbst waren beeindruckend, sondern auch die Menschen, die sie hergestellt haben. Ich habe viele interessante Designer und K\u00fcnstler getroffen, die bereit waren, \u00fcber ihre Arbeit und ihre Inspirationen zu sprechen. F\u00fcr mich als Fotografin auf der Messe war es eine \u00e4u\u00dferst inspirierende Erfahrung.  <\/p>\n\n<figure class=\"wp-block-gallery alignwide has-nested-images columns-1 is-cropped wp-block-gallery-3 is-layout-flex wp-block-gallery-is-layout-flex\">\n<figure class=\"wp-block-image size-large\"><img loading=\"lazy\" decoding=\"async\" width=\"1200\" height=\"801\" data-id=\"5132\" src=\"https:\/\/marcinkrokowski.com\/wp-content\/uploads\/2023\/01\/fotorelacja-targi-torebek-znajomi-znajomych-warszawa-28-1200x801.jpg\" alt=\"Handgefertigte Lederhoseng&#xFC;rtel\" class=\"wp-image-5132\" title=\"\" srcset=\"https:\/\/marcinkrokowski.com\/wp-content\/uploads\/2023\/01\/fotorelacja-targi-torebek-znajomi-znajomych-warszawa-28-1200x801.jpg 1200w, https:\/\/marcinkrokowski.com\/wp-content\/uploads\/2023\/01\/fotorelacja-targi-torebek-znajomi-znajomych-warszawa-28-900x600.jpg 900w, https:\/\/marcinkrokowski.com\/wp-content\/uploads\/2023\/01\/fotorelacja-targi-torebek-znajomi-znajomych-warszawa-28-450x300.jpg 450w, https:\/\/marcinkrokowski.com\/wp-content\/uploads\/2023\/01\/fotorelacja-targi-torebek-znajomi-znajomych-warszawa-28.jpg 1920w\" sizes=\"auto, (max-width: 1200px) 100vw, 1200px\" \/><\/figure>\n\n\n\n<figure class=\"wp-block-image size-large\"><img loading=\"lazy\" decoding=\"async\" width=\"1200\" height=\"801\" data-id=\"5133\" src=\"https:\/\/marcinkrokowski.com\/wp-content\/uploads\/2023\/01\/fotorelacja-targi-torebek-znajomi-znajomych-warszawa-27-1200x801.jpg\" alt=\"Lederschuhe f&#xFC;r Damen von polnischen Designern\" class=\"wp-image-5133\" title=\"\" srcset=\"https:\/\/marcinkrokowski.com\/wp-content\/uploads\/2023\/01\/fotorelacja-targi-torebek-znajomi-znajomych-warszawa-27-1200x801.jpg 1200w, https:\/\/marcinkrokowski.com\/wp-content\/uploads\/2023\/01\/fotorelacja-targi-torebek-znajomi-znajomych-warszawa-27-900x601.jpg 900w, https:\/\/marcinkrokowski.com\/wp-content\/uploads\/2023\/01\/fotorelacja-targi-torebek-znajomi-znajomych-warszawa-27-450x300.jpg 450w, https:\/\/marcinkrokowski.com\/wp-content\/uploads\/2023\/01\/fotorelacja-targi-torebek-znajomi-znajomych-warszawa-27.jpg 1920w\" sizes=\"auto, (max-width: 1200px) 100vw, 1200px\" \/><\/figure>\n\n\n\n<figure class=\"wp-block-image size-large\"><img loading=\"lazy\" decoding=\"async\" width=\"1200\" height=\"801\" data-id=\"5135\" src=\"https:\/\/marcinkrokowski.com\/wp-content\/uploads\/2023\/01\/fotorelacja-targi-torebek-znajomi-znajomych-warszawa-25-1200x801.jpg\" alt=\"Frau am CollarMe-Stand\" class=\"wp-image-5135\" title=\"\" srcset=\"https:\/\/marcinkrokowski.com\/wp-content\/uploads\/2023\/01\/fotorelacja-targi-torebek-znajomi-znajomych-warszawa-25-1200x801.jpg 1200w, https:\/\/marcinkrokowski.com\/wp-content\/uploads\/2023\/01\/fotorelacja-targi-torebek-znajomi-znajomych-warszawa-25-900x600.jpg 900w, https:\/\/marcinkrokowski.com\/wp-content\/uploads\/2023\/01\/fotorelacja-targi-torebek-znajomi-znajomych-warszawa-25-450x300.jpg 450w, https:\/\/marcinkrokowski.com\/wp-content\/uploads\/2023\/01\/fotorelacja-targi-torebek-znajomi-znajomych-warszawa-25.jpg 1920w\" sizes=\"auto, (max-width: 1200px) 100vw, 1200px\" \/><\/figure>\n<\/figure>\n\n<figure class=\"wp-block-gallery alignwide has-nested-images columns-default is-cropped wp-block-gallery-4 is-layout-flex wp-block-gallery-is-layout-flex\">\n<figure class=\"wp-block-image size-large\"><img loading=\"lazy\" decoding=\"async\" width=\"1200\" height=\"1799\" data-id=\"5130\" src=\"https:\/\/marcinkrokowski.com\/wp-content\/uploads\/2023\/01\/fotorelacja-targi-torebek-znajomi-znajomych-warszawa-30-1200x1799.jpg\" alt=\"Taschen mit dicken Schn&#xFC;ren in bunten Mustern\" class=\"wp-image-5130\" title=\"\" srcset=\"https:\/\/marcinkrokowski.com\/wp-content\/uploads\/2023\/01\/fotorelacja-targi-torebek-znajomi-znajomych-warszawa-30-1200x1799.jpg 1200w, https:\/\/marcinkrokowski.com\/wp-content\/uploads\/2023\/01\/fotorelacja-targi-torebek-znajomi-znajomych-warszawa-30-900x1349.jpg 900w, https:\/\/marcinkrokowski.com\/wp-content\/uploads\/2023\/01\/fotorelacja-targi-torebek-znajomi-znajomych-warszawa-30-450x674.jpg 450w, https:\/\/marcinkrokowski.com\/wp-content\/uploads\/2023\/01\/fotorelacja-targi-torebek-znajomi-znajomych-warszawa-30.jpg 1281w\" sizes=\"auto, (max-width: 1200px) 100vw, 1200px\" \/><\/figure>\n\n\n\n<figure class=\"wp-block-image size-large\"><img loading=\"lazy\" decoding=\"async\" width=\"1200\" height=\"1797\" data-id=\"5134\" src=\"https:\/\/marcinkrokowski.com\/wp-content\/uploads\/2023\/01\/fotorelacja-targi-torebek-znajomi-znajomych-warszawa-26-1200x1797.jpg\" alt=\"Lederschuhe von polnischen Designern\" class=\"wp-image-5134\" title=\"\" srcset=\"https:\/\/marcinkrokowski.com\/wp-content\/uploads\/2023\/01\/fotorelacja-targi-torebek-znajomi-znajomych-warszawa-26-1200x1797.jpg 1200w, https:\/\/marcinkrokowski.com\/wp-content\/uploads\/2023\/01\/fotorelacja-targi-torebek-znajomi-znajomych-warszawa-26-900x1348.jpg 900w, https:\/\/marcinkrokowski.com\/wp-content\/uploads\/2023\/01\/fotorelacja-targi-torebek-znajomi-znajomych-warszawa-26-450x674.jpg 450w, https:\/\/marcinkrokowski.com\/wp-content\/uploads\/2023\/01\/fotorelacja-targi-torebek-znajomi-znajomych-warszawa-26.jpg 1282w\" sizes=\"auto, (max-width: 1200px) 100vw, 1200px\" \/><\/figure>\n<\/figure>\n\n<figure class=\"wp-block-gallery alignwide has-nested-images columns-1 is-cropped wp-block-gallery-5 is-layout-flex wp-block-gallery-is-layout-flex\">\n<figure class=\"wp-block-image size-large\"><img loading=\"lazy\" decoding=\"async\" width=\"1200\" height=\"801\" data-id=\"5137\" src=\"https:\/\/marcinkrokowski.com\/wp-content\/uploads\/2023\/01\/fotorelacja-targi-torebek-znajomi-znajomych-warszawa-23-1200x801.jpg\" alt=\"Frau verkauft Schmuck\" class=\"wp-image-5137\" title=\"\" srcset=\"https:\/\/marcinkrokowski.com\/wp-content\/uploads\/2023\/01\/fotorelacja-targi-torebek-znajomi-znajomych-warszawa-23-1200x801.jpg 1200w, https:\/\/marcinkrokowski.com\/wp-content\/uploads\/2023\/01\/fotorelacja-targi-torebek-znajomi-znajomych-warszawa-23-900x600.jpg 900w, https:\/\/marcinkrokowski.com\/wp-content\/uploads\/2023\/01\/fotorelacja-targi-torebek-znajomi-znajomych-warszawa-23-450x300.jpg 450w, https:\/\/marcinkrokowski.com\/wp-content\/uploads\/2023\/01\/fotorelacja-targi-torebek-znajomi-znajomych-warszawa-23.jpg 1920w\" sizes=\"auto, (max-width: 1200px) 100vw, 1200px\" \/><\/figure>\n\n\n\n<figure class=\"wp-block-image size-large\"><img loading=\"lazy\" decoding=\"async\" width=\"1200\" height=\"801\" data-id=\"5138\" src=\"https:\/\/marcinkrokowski.com\/wp-content\/uploads\/2023\/01\/fotorelacja-targi-torebek-znajomi-znajomych-warszawa-22-1200x801.jpg\" alt=\"Lederhandtaschen f&#xFC;r &#xA3;400\" class=\"wp-image-5138\" title=\"\" srcset=\"https:\/\/marcinkrokowski.com\/wp-content\/uploads\/2023\/01\/fotorelacja-targi-torebek-znajomi-znajomych-warszawa-22-1200x801.jpg 1200w, https:\/\/marcinkrokowski.com\/wp-content\/uploads\/2023\/01\/fotorelacja-targi-torebek-znajomi-znajomych-warszawa-22-900x600.jpg 900w, https:\/\/marcinkrokowski.com\/wp-content\/uploads\/2023\/01\/fotorelacja-targi-torebek-znajomi-znajomych-warszawa-22-450x300.jpg 450w, https:\/\/marcinkrokowski.com\/wp-content\/uploads\/2023\/01\/fotorelacja-targi-torebek-znajomi-znajomych-warszawa-22.jpg 1920w\" sizes=\"auto, (max-width: 1200px) 100vw, 1200px\" \/><\/figure>\n<\/figure>\n\n<h2 class=\"wp-block-heading\">Freundliche und gastfreundliche Atmosph\u00e4re<\/h2>\n\n<p>Die Atmosph\u00e4re auf der Messe war sehr freundlich und einladend. Die Besucher konnten in aller Ruhe Handtaschen anschauen und anprobieren und mit den Designern sprechen. <\/p>\n\n<figure class=\"wp-block-image size-large\"><img loading=\"lazy\" decoding=\"async\" width=\"1200\" height=\"801\" src=\"https:\/\/marcinkrokowski.com\/wp-content\/uploads\/2023\/01\/fotorelacja-targi-torebek-znajomi-znajomych-warszawa-21-1200x801.jpg\" alt=\"Handtaschen-Designer im Gespr&#xE4;ch mit Kunden\" class=\"wp-image-5139\" title=\"\" srcset=\"https:\/\/marcinkrokowski.com\/wp-content\/uploads\/2023\/01\/fotorelacja-targi-torebek-znajomi-znajomych-warszawa-21-1200x801.jpg 1200w, https:\/\/marcinkrokowski.com\/wp-content\/uploads\/2023\/01\/fotorelacja-targi-torebek-znajomi-znajomych-warszawa-21-900x600.jpg 900w, https:\/\/marcinkrokowski.com\/wp-content\/uploads\/2023\/01\/fotorelacja-targi-torebek-znajomi-znajomych-warszawa-21-450x300.jpg 450w, https:\/\/marcinkrokowski.com\/wp-content\/uploads\/2023\/01\/fotorelacja-targi-torebek-znajomi-znajomych-warszawa-21.jpg 1920w\" sizes=\"auto, (max-width: 1200px) 100vw, 1200px\" \/><\/figure>\n\n<figure class=\"wp-block-gallery has-nested-images columns-default is-cropped wp-block-gallery-6 is-layout-flex wp-block-gallery-is-layout-flex\">\n<figure class=\"wp-block-image size-large\"><img loading=\"lazy\" decoding=\"async\" width=\"1200\" height=\"1799\" data-id=\"5136\" src=\"https:\/\/marcinkrokowski.com\/wp-content\/uploads\/2023\/01\/fotorelacja-targi-torebek-znajomi-znajomych-warszawa-24-1200x1799.jpg\" alt=\"Armb&#xE4;nder und Ohrringe von Dyndad&#x142;o\" class=\"wp-image-5136\" title=\"\" srcset=\"https:\/\/marcinkrokowski.com\/wp-content\/uploads\/2023\/01\/fotorelacja-targi-torebek-znajomi-znajomych-warszawa-24-1200x1799.jpg 1200w, https:\/\/marcinkrokowski.com\/wp-content\/uploads\/2023\/01\/fotorelacja-targi-torebek-znajomi-znajomych-warszawa-24-900x1349.jpg 900w, https:\/\/marcinkrokowski.com\/wp-content\/uploads\/2023\/01\/fotorelacja-targi-torebek-znajomi-znajomych-warszawa-24-450x674.jpg 450w, https:\/\/marcinkrokowski.com\/wp-content\/uploads\/2023\/01\/fotorelacja-targi-torebek-znajomi-znajomych-warszawa-24.jpg 1281w\" sizes=\"auto, (max-width: 1200px) 100vw, 1200px\" \/><\/figure>\n\n\n\n<figure class=\"wp-block-image size-large\"><img loading=\"lazy\" decoding=\"async\" width=\"1200\" height=\"1799\" data-id=\"5140\" src=\"https:\/\/marcinkrokowski.com\/wp-content\/uploads\/2023\/01\/fotorelacja-targi-torebek-znajomi-znajomych-warszawa-20-1200x1799.jpg\" alt=\"Kraft Ornamente\" class=\"wp-image-5140\" title=\"\" srcset=\"https:\/\/marcinkrokowski.com\/wp-content\/uploads\/2023\/01\/fotorelacja-targi-torebek-znajomi-znajomych-warszawa-20-1200x1799.jpg 1200w, https:\/\/marcinkrokowski.com\/wp-content\/uploads\/2023\/01\/fotorelacja-targi-torebek-znajomi-znajomych-warszawa-20-900x1349.jpg 900w, https:\/\/marcinkrokowski.com\/wp-content\/uploads\/2023\/01\/fotorelacja-targi-torebek-znajomi-znajomych-warszawa-20-450x674.jpg 450w, https:\/\/marcinkrokowski.com\/wp-content\/uploads\/2023\/01\/fotorelacja-targi-torebek-znajomi-znajomych-warszawa-20.jpg 1281w\" sizes=\"auto, (max-width: 1200px) 100vw, 1200px\" \/><\/figure>\n<\/figure>\n\n<h2 class=\"wp-block-heading\">Zufriedenheit mit dem Ergebnis der Arbeit<\/h2>\n\n<p>Als Eventfotograf bin ich sehr zufrieden mit dem Ergebnis meiner Arbeit bei dieser Veranstaltung. Die Fotos, die ich machen konnte, fangen die Sch\u00f6nheit und Originalit\u00e4t der Taschen sowie die Freude und Begeisterung der Teilnehmer ein. <\/p>\n\n<figure class=\"wp-block-gallery has-nested-images columns-default is-cropped wp-block-gallery-7 is-layout-flex wp-block-gallery-is-layout-flex\">\n<figure class=\"wp-block-image size-large\"><img loading=\"lazy\" decoding=\"async\" width=\"1200\" height=\"801\" data-id=\"5141\" src=\"https:\/\/marcinkrokowski.com\/wp-content\/uploads\/2023\/01\/fotorelacja-targi-torebek-znajomi-znajomych-warszawa-19-1200x801.jpg\" alt=\"Handgefertigte Produkte\" class=\"wp-image-5141\" title=\"\" srcset=\"https:\/\/marcinkrokowski.com\/wp-content\/uploads\/2023\/01\/fotorelacja-targi-torebek-znajomi-znajomych-warszawa-19-1200x801.jpg 1200w, https:\/\/marcinkrokowski.com\/wp-content\/uploads\/2023\/01\/fotorelacja-targi-torebek-znajomi-znajomych-warszawa-19-900x600.jpg 900w, https:\/\/marcinkrokowski.com\/wp-content\/uploads\/2023\/01\/fotorelacja-targi-torebek-znajomi-znajomych-warszawa-19-450x300.jpg 450w, https:\/\/marcinkrokowski.com\/wp-content\/uploads\/2023\/01\/fotorelacja-targi-torebek-znajomi-znajomych-warszawa-19.jpg 1920w\" sizes=\"auto, (max-width: 1200px) 100vw, 1200px\" \/><\/figure>\n<\/figure>\n\n<figure class=\"wp-block-gallery has-nested-images columns-default is-cropped wp-block-gallery-8 is-layout-flex wp-block-gallery-is-layout-flex\">\n<figure class=\"wp-block-image size-large\"><img loading=\"lazy\" decoding=\"async\" width=\"1200\" height=\"1799\" data-id=\"5142\" src=\"https:\/\/marcinkrokowski.com\/wp-content\/uploads\/2023\/01\/fotorelacja-targi-torebek-znajomi-znajomych-warszawa-18-1200x1799.jpg\" alt=\"Handtaschen auf Kleiderb&#xFC;geln\" class=\"wp-image-5142\" title=\"\" srcset=\"https:\/\/marcinkrokowski.com\/wp-content\/uploads\/2023\/01\/fotorelacja-targi-torebek-znajomi-znajomych-warszawa-18-1200x1799.jpg 1200w, https:\/\/marcinkrokowski.com\/wp-content\/uploads\/2023\/01\/fotorelacja-targi-torebek-znajomi-znajomych-warszawa-18-900x1349.jpg 900w, https:\/\/marcinkrokowski.com\/wp-content\/uploads\/2023\/01\/fotorelacja-targi-torebek-znajomi-znajomych-warszawa-18-450x674.jpg 450w, https:\/\/marcinkrokowski.com\/wp-content\/uploads\/2023\/01\/fotorelacja-targi-torebek-znajomi-znajomych-warszawa-18.jpg 1281w\" sizes=\"auto, (max-width: 1200px) 100vw, 1200px\" \/><\/figure>\n\n\n\n<figure class=\"wp-block-image size-large\"><img loading=\"lazy\" decoding=\"async\" width=\"1200\" height=\"1799\" data-id=\"5144\" src=\"https:\/\/marcinkrokowski.com\/wp-content\/uploads\/2023\/01\/fotorelacja-targi-torebek-znajomi-znajomych-warszawa-16-1200x1799.jpg\" alt=\"Schwarze Tasche mit einem im Kreis eingeschriebenen Stern\" class=\"wp-image-5144\" title=\"\" srcset=\"https:\/\/marcinkrokowski.com\/wp-content\/uploads\/2023\/01\/fotorelacja-targi-torebek-znajomi-znajomych-warszawa-16-1200x1799.jpg 1200w, https:\/\/marcinkrokowski.com\/wp-content\/uploads\/2023\/01\/fotorelacja-targi-torebek-znajomi-znajomych-warszawa-16-900x1349.jpg 900w, https:\/\/marcinkrokowski.com\/wp-content\/uploads\/2023\/01\/fotorelacja-targi-torebek-znajomi-znajomych-warszawa-16-450x674.jpg 450w, https:\/\/marcinkrokowski.com\/wp-content\/uploads\/2023\/01\/fotorelacja-targi-torebek-znajomi-znajomych-warszawa-16.jpg 1281w\" sizes=\"auto, (max-width: 1200px) 100vw, 1200px\" \/><\/figure>\n<\/figure>\n\n<figure class=\"wp-block-gallery has-nested-images columns-default is-cropped wp-block-gallery-9 is-layout-flex wp-block-gallery-is-layout-flex\">\n<figure class=\"wp-block-image size-large\"><img loading=\"lazy\" decoding=\"async\" width=\"1200\" height=\"801\" data-id=\"5145\" src=\"https:\/\/marcinkrokowski.com\/wp-content\/uploads\/2023\/01\/fotorelacja-targi-torebek-znajomi-znajomych-warszawa-15-1200x801.jpg\" alt=\"Schwarze Tasche mit Braille-Alphabet\" class=\"wp-image-5145\" title=\"\" srcset=\"https:\/\/marcinkrokowski.com\/wp-content\/uploads\/2023\/01\/fotorelacja-targi-torebek-znajomi-znajomych-warszawa-15-1200x801.jpg 1200w, https:\/\/marcinkrokowski.com\/wp-content\/uploads\/2023\/01\/fotorelacja-targi-torebek-znajomi-znajomych-warszawa-15-900x600.jpg 900w, https:\/\/marcinkrokowski.com\/wp-content\/uploads\/2023\/01\/fotorelacja-targi-torebek-znajomi-znajomych-warszawa-15-450x300.jpg 450w, https:\/\/marcinkrokowski.com\/wp-content\/uploads\/2023\/01\/fotorelacja-targi-torebek-znajomi-znajomych-warszawa-15.jpg 1920w\" sizes=\"auto, (max-width: 1200px) 100vw, 1200px\" \/><\/figure>\n<\/figure>\n\n<h2 class=\"wp-block-heading\">Fotoreportage Handtaschenmesse<\/h2>\n\n<figure class=\"wp-block-gallery alignwide has-nested-images columns-default is-cropped wp-block-gallery-10 is-layout-flex wp-block-gallery-is-layout-flex\">\n<figure class=\"wp-block-image size-thumbnail\"><a href=\"https:\/\/marcinkrokowski.com\/wp-content\/uploads\/2023\/01\/fotorelacja-targi-torebek-znajomi-znajomych-warszawa-14-450x300.jpg\"><img loading=\"lazy\" decoding=\"async\" width=\"450\" height=\"300\" data-id=\"5146\" src=\"https:\/\/marcinkrokowski.com\/wp-content\/uploads\/2023\/01\/fotorelacja-targi-torebek-znajomi-znajomych-warszawa-14-450x300.jpg\" alt=\"Frau st&#xF6;bert in Handtaschen auf Kleiderb&#xFC;geln\" class=\"wp-image-5146\" title=\"\" srcset=\"https:\/\/marcinkrokowski.com\/wp-content\/uploads\/2023\/01\/fotorelacja-targi-torebek-znajomi-znajomych-warszawa-14-450x300.jpg 450w, https:\/\/marcinkrokowski.com\/wp-content\/uploads\/2023\/01\/fotorelacja-targi-torebek-znajomi-znajomych-warszawa-14-900x600.jpg 900w, https:\/\/marcinkrokowski.com\/wp-content\/uploads\/2023\/01\/fotorelacja-targi-torebek-znajomi-znajomych-warszawa-14-1200x801.jpg 1200w, https:\/\/marcinkrokowski.com\/wp-content\/uploads\/2023\/01\/fotorelacja-targi-torebek-znajomi-znajomych-warszawa-14.jpg 1920w\" sizes=\"auto, (max-width: 450px) 100vw, 450px\" \/><\/a><\/figure>\n\n\n\n<figure class=\"wp-block-image size-thumbnail\"><a href=\"https:\/\/marcinkrokowski.com\/wp-content\/uploads\/2023\/01\/fotorelacja-targi-torebek-znajomi-znajomych-warszawa-13-450x300.jpg\"><img loading=\"lazy\" decoding=\"async\" width=\"450\" height=\"300\" data-id=\"5147\" src=\"https:\/\/marcinkrokowski.com\/wp-content\/uploads\/2023\/01\/fotorelacja-targi-torebek-znajomi-znajomych-warszawa-13-450x300.jpg\" alt=\"Fotoreportage von der Messe\" class=\"wp-image-5147\" title=\"\" srcset=\"https:\/\/marcinkrokowski.com\/wp-content\/uploads\/2023\/01\/fotorelacja-targi-torebek-znajomi-znajomych-warszawa-13-450x300.jpg 450w, https:\/\/marcinkrokowski.com\/wp-content\/uploads\/2023\/01\/fotorelacja-targi-torebek-znajomi-znajomych-warszawa-13-900x600.jpg 900w, https:\/\/marcinkrokowski.com\/wp-content\/uploads\/2023\/01\/fotorelacja-targi-torebek-znajomi-znajomych-warszawa-13-1200x801.jpg 1200w, https:\/\/marcinkrokowski.com\/wp-content\/uploads\/2023\/01\/fotorelacja-targi-torebek-znajomi-znajomych-warszawa-13.jpg 1920w\" sizes=\"auto, (max-width: 450px) 100vw, 450px\" \/><\/a><\/figure>\n\n\n\n<figure class=\"wp-block-image size-thumbnail\"><a href=\"https:\/\/marcinkrokowski.com\/wp-content\/uploads\/2023\/01\/fotorelacja-targi-torebek-znajomi-znajomych-warszawa-12-450x300.jpg\"><img loading=\"lazy\" decoding=\"async\" width=\"450\" height=\"300\" data-id=\"5148\" src=\"https:\/\/marcinkrokowski.com\/wp-content\/uploads\/2023\/01\/fotorelacja-targi-torebek-znajomi-znajomych-warszawa-12-450x300.jpg\" alt=\"Lederhandtasche auf einem B&#xFC;gel\" class=\"wp-image-5148\" title=\"\" srcset=\"https:\/\/marcinkrokowski.com\/wp-content\/uploads\/2023\/01\/fotorelacja-targi-torebek-znajomi-znajomych-warszawa-12-450x300.jpg 450w, https:\/\/marcinkrokowski.com\/wp-content\/uploads\/2023\/01\/fotorelacja-targi-torebek-znajomi-znajomych-warszawa-12-900x600.jpg 900w, https:\/\/marcinkrokowski.com\/wp-content\/uploads\/2023\/01\/fotorelacja-targi-torebek-znajomi-znajomych-warszawa-12-1200x801.jpg 1200w, https:\/\/marcinkrokowski.com\/wp-content\/uploads\/2023\/01\/fotorelacja-targi-torebek-znajomi-znajomych-warszawa-12.jpg 1920w\" sizes=\"auto, (max-width: 450px) 100vw, 450px\" \/><\/a><\/figure>\n\n\n\n<figure class=\"wp-block-image size-thumbnail\"><a href=\"https:\/\/marcinkrokowski.com\/wp-content\/uploads\/2023\/01\/fotorelacja-targi-torebek-znajomi-znajomych-warszawa-11-450x300.jpg\"><img loading=\"lazy\" decoding=\"async\" width=\"450\" height=\"300\" data-id=\"5149\" src=\"https:\/\/marcinkrokowski.com\/wp-content\/uploads\/2023\/01\/fotorelacja-targi-torebek-znajomi-znajomych-warszawa-11-450x300.jpg\" alt=\"Handtasche mit Palmen und Flamingos\" class=\"wp-image-5149\" title=\"\" srcset=\"https:\/\/marcinkrokowski.com\/wp-content\/uploads\/2023\/01\/fotorelacja-targi-torebek-znajomi-znajomych-warszawa-11-450x300.jpg 450w, https:\/\/marcinkrokowski.com\/wp-content\/uploads\/2023\/01\/fotorelacja-targi-torebek-znajomi-znajomych-warszawa-11-900x600.jpg 900w, https:\/\/marcinkrokowski.com\/wp-content\/uploads\/2023\/01\/fotorelacja-targi-torebek-znajomi-znajomych-warszawa-11-1200x801.jpg 1200w, https:\/\/marcinkrokowski.com\/wp-content\/uploads\/2023\/01\/fotorelacja-targi-torebek-znajomi-znajomych-warszawa-11.jpg 1920w\" sizes=\"auto, (max-width: 450px) 100vw, 450px\" \/><\/a><\/figure>\n\n\n\n<figure class=\"wp-block-image size-thumbnail\"><a href=\"https:\/\/marcinkrokowski.com\/wp-content\/uploads\/2023\/01\/fotorelacja-targi-torebek-znajomi-znajomych-warszawa-9-450x300.jpg\"><img loading=\"lazy\" decoding=\"async\" width=\"450\" height=\"300\" data-id=\"5151\" src=\"https:\/\/marcinkrokowski.com\/wp-content\/uploads\/2023\/01\/fotorelacja-targi-torebek-znajomi-znajomych-warszawa-9-450x300.jpg\" alt=\"Gepunktete Tasche\" class=\"wp-image-5151\" title=\"\" srcset=\"https:\/\/marcinkrokowski.com\/wp-content\/uploads\/2023\/01\/fotorelacja-targi-torebek-znajomi-znajomych-warszawa-9-450x300.jpg 450w, https:\/\/marcinkrokowski.com\/wp-content\/uploads\/2023\/01\/fotorelacja-targi-torebek-znajomi-znajomych-warszawa-9-900x601.jpg 900w, https:\/\/marcinkrokowski.com\/wp-content\/uploads\/2023\/01\/fotorelacja-targi-torebek-znajomi-znajomych-warszawa-9-1200x801.jpg 1200w, https:\/\/marcinkrokowski.com\/wp-content\/uploads\/2023\/01\/fotorelacja-targi-torebek-znajomi-znajomych-warszawa-9.jpg 1920w\" sizes=\"auto, (max-width: 450px) 100vw, 450px\" \/><\/a><\/figure>\n\n\n\n<figure class=\"wp-block-image size-thumbnail\"><a href=\"https:\/\/marcinkrokowski.com\/wp-content\/uploads\/2023\/01\/fotorelacja-targi-torebek-znajomi-znajomych-warszawa-8-450x300.jpg\"><img loading=\"lazy\" decoding=\"async\" width=\"450\" height=\"300\" data-id=\"5152\" src=\"https:\/\/marcinkrokowski.com\/wp-content\/uploads\/2023\/01\/fotorelacja-targi-torebek-znajomi-znajomych-warszawa-8-450x300.jpg\" alt=\"Handtaschen mit Geb&#xE4;rdensprachgeb&#xE4;rden\" class=\"wp-image-5152\" title=\"\" srcset=\"https:\/\/marcinkrokowski.com\/wp-content\/uploads\/2023\/01\/fotorelacja-targi-torebek-znajomi-znajomych-warszawa-8-450x300.jpg 450w, https:\/\/marcinkrokowski.com\/wp-content\/uploads\/2023\/01\/fotorelacja-targi-torebek-znajomi-znajomych-warszawa-8-900x600.jpg 900w, https:\/\/marcinkrokowski.com\/wp-content\/uploads\/2023\/01\/fotorelacja-targi-torebek-znajomi-znajomych-warszawa-8-1200x801.jpg 1200w, https:\/\/marcinkrokowski.com\/wp-content\/uploads\/2023\/01\/fotorelacja-targi-torebek-znajomi-znajomych-warszawa-8.jpg 1920w\" sizes=\"auto, (max-width: 450px) 100vw, 450px\" \/><\/a><\/figure>\n<\/figure>\n\n<figure class=\"wp-block-image alignwide size-large\"><img loading=\"lazy\" decoding=\"async\" width=\"1200\" height=\"801\" src=\"https:\/\/marcinkrokowski.com\/wp-content\/uploads\/2023\/01\/fotorelacja-targi-torebek-znajomi-znajomych-warszawa-7-1200x801.jpg\" alt=\"Farbiger Rei&#xDF;verschlussbeutel\" class=\"wp-image-5153\" title=\"\" srcset=\"https:\/\/marcinkrokowski.com\/wp-content\/uploads\/2023\/01\/fotorelacja-targi-torebek-znajomi-znajomych-warszawa-7-1200x801.jpg 1200w, https:\/\/marcinkrokowski.com\/wp-content\/uploads\/2023\/01\/fotorelacja-targi-torebek-znajomi-znajomych-warszawa-7-900x600.jpg 900w, https:\/\/marcinkrokowski.com\/wp-content\/uploads\/2023\/01\/fotorelacja-targi-torebek-znajomi-znajomych-warszawa-7-450x300.jpg 450w, https:\/\/marcinkrokowski.com\/wp-content\/uploads\/2023\/01\/fotorelacja-targi-torebek-znajomi-znajomych-warszawa-7.jpg 1920w\" sizes=\"auto, (max-width: 1200px) 100vw, 1200px\" \/><\/figure>\n\n<figure class=\"wp-block-gallery alignwide has-nested-images columns-default is-cropped wp-block-gallery-11 is-layout-flex wp-block-gallery-is-layout-flex\">\n<figure class=\"wp-block-image size-thumbnail\"><a href=\"https:\/\/marcinkrokowski.com\/wp-content\/uploads\/2023\/01\/fotorelacja-targi-torebek-znajomi-znajomych-warszawa-10-450x674.jpg\"><img loading=\"lazy\" decoding=\"async\" width=\"450\" height=\"674\" data-id=\"5150\" src=\"https:\/\/marcinkrokowski.com\/wp-content\/uploads\/2023\/01\/fotorelacja-targi-torebek-znajomi-znajomych-warszawa-10-450x674.jpg\" alt=\"Handtaschen-Messe\" class=\"wp-image-5150\" title=\"\" srcset=\"https:\/\/marcinkrokowski.com\/wp-content\/uploads\/2023\/01\/fotorelacja-targi-torebek-znajomi-znajomych-warszawa-10-450x674.jpg 450w, https:\/\/marcinkrokowski.com\/wp-content\/uploads\/2023\/01\/fotorelacja-targi-torebek-znajomi-znajomych-warszawa-10-900x1349.jpg 900w, https:\/\/marcinkrokowski.com\/wp-content\/uploads\/2023\/01\/fotorelacja-targi-torebek-znajomi-znajomych-warszawa-10-1200x1799.jpg 1200w, https:\/\/marcinkrokowski.com\/wp-content\/uploads\/2023\/01\/fotorelacja-targi-torebek-znajomi-znajomych-warszawa-10.jpg 1281w\" sizes=\"auto, (max-width: 450px) 100vw, 450px\" \/><\/a><\/figure>\n\n\n\n<figure class=\"wp-block-image size-thumbnail\"><a href=\"https:\/\/marcinkrokowski.com\/wp-content\/uploads\/2023\/01\/fotorelacja-targi-torebek-znajomi-znajomych-warszawa-6-450x674.jpg\"><img loading=\"lazy\" decoding=\"async\" width=\"450\" height=\"674\" data-id=\"5154\" src=\"https:\/\/marcinkrokowski.com\/wp-content\/uploads\/2023\/01\/fotorelacja-targi-torebek-znajomi-znajomych-warszawa-6-450x674.jpg\" alt=\"Handgen&#xE4;hte Daunenjacken\" class=\"wp-image-5154\" title=\"\" srcset=\"https:\/\/marcinkrokowski.com\/wp-content\/uploads\/2023\/01\/fotorelacja-targi-torebek-znajomi-znajomych-warszawa-6-450x674.jpg 450w, https:\/\/marcinkrokowski.com\/wp-content\/uploads\/2023\/01\/fotorelacja-targi-torebek-znajomi-znajomych-warszawa-6-900x1349.jpg 900w, https:\/\/marcinkrokowski.com\/wp-content\/uploads\/2023\/01\/fotorelacja-targi-torebek-znajomi-znajomych-warszawa-6-1200x1799.jpg 1200w, https:\/\/marcinkrokowski.com\/wp-content\/uploads\/2023\/01\/fotorelacja-targi-torebek-znajomi-znajomych-warszawa-6.jpg 1281w\" sizes=\"auto, (max-width: 450px) 100vw, 450px\" \/><\/a><\/figure>\n\n\n\n<figure class=\"wp-block-image size-thumbnail\"><a href=\"https:\/\/marcinkrokowski.com\/wp-content\/uploads\/2023\/01\/fotorelacja-targi-torebek-znajomi-znajomych-warszawa-1-450x674.jpg\"><img loading=\"lazy\" decoding=\"async\" width=\"450\" height=\"674\" data-id=\"5159\" src=\"https:\/\/marcinkrokowski.com\/wp-content\/uploads\/2023\/01\/fotorelacja-targi-torebek-znajomi-znajomych-warszawa-1-450x674.jpg\" alt=\"Handgefertigter Ringst&#xE4;nder\" class=\"wp-image-5159\" title=\"\" srcset=\"https:\/\/marcinkrokowski.com\/wp-content\/uploads\/2023\/01\/fotorelacja-targi-torebek-znajomi-znajomych-warszawa-1-450x674.jpg 450w, https:\/\/marcinkrokowski.com\/wp-content\/uploads\/2023\/01\/fotorelacja-targi-torebek-znajomi-znajomych-warszawa-1-900x1348.jpg 900w, https:\/\/marcinkrokowski.com\/wp-content\/uploads\/2023\/01\/fotorelacja-targi-torebek-znajomi-znajomych-warszawa-1-1200x1797.jpg 1200w, https:\/\/marcinkrokowski.com\/wp-content\/uploads\/2023\/01\/fotorelacja-targi-torebek-znajomi-znajomych-warszawa-1.jpg 1282w\" sizes=\"auto, (max-width: 450px) 100vw, 450px\" \/><\/a><\/figure>\n<\/figure>\n\n<figure class=\"wp-block-gallery alignwide has-nested-images columns-default is-cropped wp-block-gallery-12 is-layout-flex wp-block-gallery-is-layout-flex\">\n<figure class=\"wp-block-image size-large\"><img loading=\"lazy\" decoding=\"async\" width=\"1200\" height=\"801\" data-id=\"5157\" src=\"https:\/\/marcinkrokowski.com\/wp-content\/uploads\/2023\/01\/fotorelacja-targi-torebek-znajomi-znajomych-warszawa-3-1200x801.jpg\" alt=\"Handgefertigte Ohrringe\" class=\"wp-image-5157\" title=\"\" srcset=\"https:\/\/marcinkrokowski.com\/wp-content\/uploads\/2023\/01\/fotorelacja-targi-torebek-znajomi-znajomych-warszawa-3-1200x801.jpg 1200w, https:\/\/marcinkrokowski.com\/wp-content\/uploads\/2023\/01\/fotorelacja-targi-torebek-znajomi-znajomych-warszawa-3-900x600.jpg 900w, https:\/\/marcinkrokowski.com\/wp-content\/uploads\/2023\/01\/fotorelacja-targi-torebek-znajomi-znajomych-warszawa-3-450x300.jpg 450w, https:\/\/marcinkrokowski.com\/wp-content\/uploads\/2023\/01\/fotorelacja-targi-torebek-znajomi-znajomych-warszawa-3.jpg 1920w\" sizes=\"auto, (max-width: 1200px) 100vw, 1200px\" \/><\/figure>\n<\/figure>\n\n<figure class=\"wp-block-gallery alignwide has-nested-images columns-default is-cropped wp-block-gallery-13 is-layout-flex wp-block-gallery-is-layout-flex\">\n<figure class=\"wp-block-image size-medium\"><a href=\"https:\/\/marcinkrokowski.com\/wp-content\/uploads\/2023\/01\/fotorelacja-targi-torebek-znajomi-znajomych-warszawa-5-900x1349.jpg\"><img loading=\"lazy\" decoding=\"async\" width=\"900\" height=\"1349\" data-id=\"5155\" src=\"https:\/\/marcinkrokowski.com\/wp-content\/uploads\/2023\/01\/fotorelacja-targi-torebek-znajomi-znajomych-warszawa-5-900x1349.jpg\" alt=\"T-Shirt Sch&#xF6;nheit\" class=\"wp-image-5155\" title=\"\" srcset=\"https:\/\/marcinkrokowski.com\/wp-content\/uploads\/2023\/01\/fotorelacja-targi-torebek-znajomi-znajomych-warszawa-5-900x1349.jpg 900w, https:\/\/marcinkrokowski.com\/wp-content\/uploads\/2023\/01\/fotorelacja-targi-torebek-znajomi-znajomych-warszawa-5-1200x1799.jpg 1200w, https:\/\/marcinkrokowski.com\/wp-content\/uploads\/2023\/01\/fotorelacja-targi-torebek-znajomi-znajomych-warszawa-5-450x674.jpg 450w, https:\/\/marcinkrokowski.com\/wp-content\/uploads\/2023\/01\/fotorelacja-targi-torebek-znajomi-znajomych-warszawa-5.jpg 1281w\" sizes=\"auto, (max-width: 900px) 100vw, 900px\" \/><\/a><\/figure>\n\n\n\n<figure class=\"wp-block-image size-medium\"><a href=\"https:\/\/marcinkrokowski.com\/wp-content\/uploads\/2023\/01\/fotorelacja-targi-torebek-znajomi-znajomych-warszawa-6-450x674.jpg\"><img loading=\"lazy\" decoding=\"async\" width=\"900\" height=\"1349\" data-id=\"5154\" src=\"https:\/\/marcinkrokowski.com\/wp-content\/uploads\/2023\/01\/fotorelacja-targi-torebek-znajomi-znajomych-warszawa-6-900x1349.jpg\" alt=\"Handgen&#xE4;hte Daunenjacken\" class=\"wp-image-5154\" title=\"\" srcset=\"https:\/\/marcinkrokowski.com\/wp-content\/uploads\/2023\/01\/fotorelacja-targi-torebek-znajomi-znajomych-warszawa-6-900x1349.jpg 900w, https:\/\/marcinkrokowski.com\/wp-content\/uploads\/2023\/01\/fotorelacja-targi-torebek-znajomi-znajomych-warszawa-6-1200x1799.jpg 1200w, https:\/\/marcinkrokowski.com\/wp-content\/uploads\/2023\/01\/fotorelacja-targi-torebek-znajomi-znajomych-warszawa-6-450x674.jpg 450w, https:\/\/marcinkrokowski.com\/wp-content\/uploads\/2023\/01\/fotorelacja-targi-torebek-znajomi-znajomych-warszawa-6.jpg 1281w\" sizes=\"auto, (max-width: 900px) 100vw, 900px\" \/><\/a><\/figure>\n<\/figure>\n\n<figure class=\"wp-block-image alignwide size-large\"><img loading=\"lazy\" decoding=\"async\" width=\"1200\" height=\"801\" src=\"https:\/\/marcinkrokowski.com\/wp-content\/uploads\/2023\/01\/fotorelacja-targi-torebek-znajomi-znajomych-warszawa-2-1200x801.jpg\" alt=\"Kahlk&#xF6;pfiger Mann blickt zwischen den Taschen hindurch\" class=\"wp-image-5158\" title=\"\" srcset=\"https:\/\/marcinkrokowski.com\/wp-content\/uploads\/2023\/01\/fotorelacja-targi-torebek-znajomi-znajomych-warszawa-2-1200x801.jpg 1200w, https:\/\/marcinkrokowski.com\/wp-content\/uploads\/2023\/01\/fotorelacja-targi-torebek-znajomi-znajomych-warszawa-2-900x600.jpg 900w, https:\/\/marcinkrokowski.com\/wp-content\/uploads\/2023\/01\/fotorelacja-targi-torebek-znajomi-znajomych-warszawa-2-450x300.jpg 450w, https:\/\/marcinkrokowski.com\/wp-content\/uploads\/2023\/01\/fotorelacja-targi-torebek-znajomi-znajomych-warszawa-2.jpg 1920w\" sizes=\"auto, (max-width: 1200px) 100vw, 1200px\" \/><\/figure>\n","protected":false},"excerpt":{"rendered":"<p>Fotobericht von der Handtaschenmesse, die im Club Znajomi Znajomych stattfand. Fotos von der Messe, vorbereitet f\u00fcr Fashion in Warsaw. <\/p>\n","protected":false},"author":1,"featured_media":18770,"parent":0,"comment_status":"open","ping_status":"closed","template":"","kategoria_portfolio":[63],"class_list":["post-18756","portfolio","type-portfolio","status-publish","has-post-thumbnail","hentry","kategoria_portfolio-messe","infinite-scroll-item","generate-columns","tablet-grid-50","mobile-grid-100","grid-parent","grid-33"],"featured_image_urls_v2":{"full":["https:\/\/marcinkrokowski.com\/wp-content\/uploads\/2023\/01\/fotorelacja-targi-torebek-znajomi-znajomych-warszawa-23.jpg",1920,1281,false],"thumbnail":["https:\/\/marcinkrokowski.com\/wp-content\/uploads\/2023\/01\/fotorelacja-targi-torebek-znajomi-znajomych-warszawa-23-450x300.jpg",450,300,true],"medium":["https:\/\/marcinkrokowski.com\/wp-content\/uploads\/2023\/01\/fotorelacja-targi-torebek-znajomi-znajomych-warszawa-23-900x600.jpg",900,600,true],"medium_large":["https:\/\/marcinkrokowski.com\/wp-content\/uploads\/2023\/01\/fotorelacja-targi-torebek-znajomi-znajomych-warszawa-23.jpg",768,512,false],"large":["https:\/\/marcinkrokowski.com\/wp-content\/uploads\/2023\/01\/fotorelacja-targi-torebek-znajomi-znajomych-warszawa-23-1200x801.jpg",1200,801,true],"1536x1536":["https:\/\/marcinkrokowski.com\/wp-content\/uploads\/2023\/01\/fotorelacja-targi-torebek-znajomi-znajomych-warszawa-23.jpg",1536,1025,false],"2048x2048":["https:\/\/marcinkrokowski.com\/wp-content\/uploads\/2023\/01\/fotorelacja-targi-torebek-znajomi-znajomych-warszawa-23.jpg",1920,1281,false],"gform-image-choice-sm":["https:\/\/marcinkrokowski.com\/wp-content\/uploads\/2023\/01\/fotorelacja-targi-torebek-znajomi-znajomych-warszawa-23.jpg",300,200,false],"gform-image-choice-md":["https:\/\/marcinkrokowski.com\/wp-content\/uploads\/2023\/01\/fotorelacja-targi-torebek-znajomi-znajomych-warszawa-23.jpg",400,267,false],"gform-image-choice-lg":["https:\/\/marcinkrokowski.com\/wp-content\/uploads\/2023\/01\/fotorelacja-targi-torebek-znajomi-znajomych-warszawa-23.jpg",600,400,false]},"post_excerpt_stackable_v2":"<p>Fotobericht von der Handtaschenmesse, die im Club Znajomi Znajomych stattfand. Fotos von der Messe, vorbereitet f\u00fcr Fashion in Warsaw. <\/p>\n","category_list_v2":"","author_info_v2":{"name":"Marcin","url":"https:\/\/marcinkrokowski.com\/de\/author\/marcinkompele_k2gxbthi\/"},"comments_num_v2":"0 comments","_links":{"self":[{"href":"https:\/\/marcinkrokowski.com\/de\/wp-json\/wp\/v2\/portfolio\/18756","targetHints":{"allow":["GET"]}}],"collection":[{"href":"https:\/\/marcinkrokowski.com\/de\/wp-json\/wp\/v2\/portfolio"}],"about":[{"href":"https:\/\/marcinkrokowski.com\/de\/wp-json\/wp\/v2\/types\/portfolio"}],"author":[{"embeddable":true,"href":"https:\/\/marcinkrokowski.com\/de\/wp-json\/wp\/v2\/users\/1"}],"replies":[{"embeddable":true,"href":"https:\/\/marcinkrokowski.com\/de\/wp-json\/wp\/v2\/comments?post=18756"}],"version-history":[{"count":1,"href":"https:\/\/marcinkrokowski.com\/de\/wp-json\/wp\/v2\/portfolio\/18756\/revisions"}],"predecessor-version":[{"id":18794,"href":"https:\/\/marcinkrokowski.com\/de\/wp-json\/wp\/v2\/portfolio\/18756\/revisions\/18794"}],"wp:featuredmedia":[{"embeddable":true,"href":"https:\/\/marcinkrokowski.com\/de\/wp-json\/wp\/v2\/media\/18770"}],"wp:attachment":[{"href":"https:\/\/marcinkrokowski.com\/de\/wp-json\/wp\/v2\/media?parent=18756"}],"wp:term":[{"taxonomy":"kategoria_portfolio","embeddable":true,"href":"https:\/\/marcinkrokowski.com\/de\/wp-json\/wp\/v2\/kategoria_portfolio?post=18756"}],"curies":[{"name":"wp","href":"https:\/\/api.w.org\/{rel}","templated":true}]}}